{"version":"1.0","provider_name":"Museu Ol\u00edmpic i de l&#039;Esport","provider_url":"https:\/\/www.museuolimpicbcn.cat\/ca\/","author_name":"useradmin","author_url":"https:\/\/www.museuolimpicbcn.cat\/ca\/author\/useradmin\/","title":"Javier del Arco, mestre del motor - Museu Ol\u00edmpic i de l&#039;Esport","type":"rich","width":600,"height":338,"html":"<blockquote class=\"wp-embedded-content\" data-secret=\"5fnNQ2k9i3\"><a href=\"https:\/\/www.museuolimpicbcn.cat\/ca\/exposicions\/javier-del-arco-mestre-del-motor\/\">Javier del Arco, mestre del motor<\/a><\/blockquote><iframe sandbox=\"allow-scripts\" security=\"restricted\" src=\"https:\/\/www.museuolimpicbcn.cat\/ca\/exposicions\/javier-del-arco-mestre-del-motor\/embed\/#?secret=5fnNQ2k9i3\" width=\"600\" height=\"338\" title=\"&#8220;Javier del Arco, mestre del motor&#8221; &#8212; Museu Ol\u00edmpic i de l&#039;Esport\" data-secret=\"5fnNQ2k9i3\" frameborder=\"0\" marginwidth=\"0\" marginheight=\"0\" scrolling=\"no\" class=\"wp-embedded-content\"><\/iframe><script type=\"text\/javascript\">\n\/* <![CDATA[ *\/\n\/*! This file is auto-generated *\/\n!function(d,l){\"use strict\";l.querySelector&&d.addEventListener&&\"undefined\"!=typeof URL&&(d.wp=d.wp||{},d.wp.receiveEmbedMessage||(d.wp.receiveEmbedMessage=function(e){var t=e.data;if((t||t.secret||t.message||t.value)&&!\/[^a-zA-Z0-9]\/.test(t.secret)){for(var s,r,n,a=l.querySelectorAll('iframe[data-secret=\"'+t.secret+'\"]'),o=l.querySelectorAll('blockquote[data-secret=\"'+t.secret+'\"]'),c=new RegExp(\"^https?:$\",\"i\"),i=0;i<o.length;i++)o[i].style.display=\"none\";for(i=0;i<a.length;i++)s=a[i],e.source===s.contentWindow&&(s.removeAttribute(\"style\"),\"height\"===t.message?(1e3<(r=parseInt(t.value,10))?r=1e3:~~r<200&&(r=200),s.height=r):\"link\"===t.message&&(r=new URL(s.getAttribute(\"src\")),n=new URL(t.value),c.test(n.protocol))&&n.host===r.host&&l.activeElement===s&&(d.top.location.href=t.value))}},d.addEventListener(\"message\",d.wp.receiveEmbedMessage,!1),l.addEventListener(\"DOMContentLoaded\",function(){for(var e,t,s=l.querySelectorAll(\"iframe.wp-embedded-content\"),r=0;r<s.length;r++)(t=(e=s[r]).getAttribute(\"data-secret\"))||(t=Math.random().toString(36).substring(2,12),e.src+=\"#?secret=\"+t,e.setAttribute(\"data-secret\",t)),e.contentWindow.postMessage({message:\"ready\",secret:t},\"*\")},!1)))}(window,document);\n\/* ]]> *\/\n<\/script>\n","description":"Javier del Arco de Izco va n\u00e9ixer a Barcelona l\u2019any 1946. Aficionat, des de ben petit, al m\u00f3n de l'automobilisme, es va llicenciar primer en enginyeria industrial (1970) i despr\u00e9s en ci\u00e8ncies de la informaci\u00f3 (1979). Va saber convertir la seva passi\u00f3 en la seva professi\u00f3 i amb el temps esdevindria un dels m\u00e0xims referents del periodisme del motor al nostre pa\u00eds."}