{"id":16085,"date":"2021-05-03T12:57:01","date_gmt":"2021-05-03T10:57:01","guid":{"rendered":"https:\/\/dev.museuolimpicbcn.cat\/casals-destiu\/"},"modified":"2026-03-24T17:55:46","modified_gmt":"2026-03-24T16:55:46","slug":"activitats-de-vacances","status":"publish","type":"page","link":"https:\/\/www.museuolimpicbcn.cat\/ca\/activitats-de-vacances\/","title":{"rendered":"Activitats de vacances"},"content":{"rendered":"\t\t<div data-elementor-type=\"wp-post\" data-elementor-id=\"16085\" class=\"elementor elementor-16085 elementor-16080\" data-elementor-post-type=\"page\">\n\t\t\t\t\t\t<section class=\"elementor-section elementor-top-section elementor-element elementor-element-beb6339 moe-heading-30 elementor-section-boxed elementor-section-height-default elementor-section-height-default\" data-id=\"beb6339\" data-element_type=\"section\">\n\t\t\t\t\t\t<div class=\"elementor-container elementor-column-gap-default\">\n\t\t\t\t\t<div class=\"elementor-column elementor-col-50 elementor-top-column elementor-element elementor-element-6083c6c\" data-id=\"6083c6c\" data-element_type=\"column\">\n\t\t\t<div class=\"elementor-widget-wrap elementor-element-populated\">\n\t\t\t\t\t\t<div class=\"elementor-element elementor-element-673d06ca elementor-widget elementor-widget-breadcrumbs\" data-id=\"673d06ca\" data-element_type=\"widget\" data-widget_type=\"breadcrumbs.default\">\n\t\t\t\t<div class=\"elementor-widget-container\">\n\t\t\t\t\t<ol class=\"moe-breadcrumbs\" itemscope itemtype=\"https:\/\/schema.org\/BreadcrumbList\"><li itemprop=\"itemListElement\" itemscope itemtype=\"https:\/\/schema.org\/ListItem\"><a href=\"\/ca\/\" title=\"Inici\"><span itemprop=\"name\">Inici<\/span><\/a><meta itemprop=\"position\" content=\"1\" \/><\/li><\/ol>\t\t\t\t<\/div>\n\t\t\t\t<\/div>\n\t\t\t\t<section class=\"elementor-section elementor-inner-section elementor-element elementor-element-579e690 elementor-section-boxed elementor-section-height-default elementor-section-height-default\" data-id=\"579e690\" data-element_type=\"section\">\n\t\t\t\t\t\t<div class=\"elementor-container elementor-column-gap-default\">\n\t\t\t\t\t<div class=\"elementor-column elementor-col-100 elementor-inner-column elementor-element elementor-element-4da9959\" data-id=\"4da9959\" data-element_type=\"column\">\n\t\t\t<div class=\"elementor-widget-wrap elementor-element-populated\">\n\t\t\t\t\t\t<div class=\"elementor-element elementor-element-5b8b2ff elementor-widget elementor-widget-heading\" data-id=\"5b8b2ff\" data-element_type=\"widget\" data-widget_type=\"heading.default\">\n\t\t\t\t<div class=\"elementor-widget-container\">\n\t\t\t\t\t<h1 class=\"elementor-heading-title elementor-size-default\">Activitats de vacances<\/h1>\t\t\t\t<\/div>\n\t\t\t\t<\/div>\n\t\t\t\t\t<\/div>\n\t\t<\/div>\n\t\t\t\t\t<\/div>\n\t\t<\/section>\n\t\t\t\t<div class=\"elementor-element elementor-element-dddbe19 elementor-widget elementor-widget-text-editor\" data-id=\"dddbe19\" data-element_type=\"widget\" data-widget_type=\"text-editor.default\">\n\t\t\t\t<div class=\"elementor-widget-container\">\n\t\t\t\t\t\t\t\t\t<p><strong>Aquest estiu, veniu a descobrir l\u2019univers esportiu amb el casal!<\/strong><\/p>\n<p data-start=\"66\" data-end=\"558\">Els valors de l\u2019esport s\u00f3n el punt de partida de les activitats del Museu Ol\u00edmpic i de l\u2019Esport Joan Antoni Samaranch, gestionat per la Fundaci\u00f3 Barcelona Ol\u00edmpica. I les vacances d\u2019estiu s\u00f3n una oportunitat per oferir una experi\u00e8ncia significativa a infants i joves, treballant a partir del di\u00e0leg, el descobriment, el joc i la reflexi\u00f3 per promoure valors de respecte, cooperaci\u00f3, col\u00b7laboraci\u00f3, comprom\u00eds i empatia envers els altres. Valors que encarna la pr\u00e0ctica esportiva i l\u2019olimpisme.<\/p>\n<p>&nbsp;<\/p>\n<p data-start=\"560\" data-end=\"653\" data-is-last-node=\"\" data-is-only-node=\"\">A continuaci\u00f3 podeu veure el programa d\u2019activitats diferenciat per edats i tipus d\u2019activitat.<\/p>\n\t\t\t\t\t\t\t\t<\/div>\n\t\t\t\t<\/div>\n\t\t\t\t\t<\/div>\n\t\t<\/div>\n\t\t\t\t<div class=\"elementor-column elementor-col-50 elementor-top-column elementor-element elementor-element-8235049\" data-id=\"8235049\" data-element_type=\"column\">\n\t\t\t<div class=\"elementor-widget-wrap elementor-element-populated\">\n\t\t\t\t\t\t<section class=\"elementor-section elementor-inner-section elementor-element elementor-element-d6e0a53 elementor-section-boxed elementor-section-height-default elementor-section-height-default\" data-id=\"d6e0a53\" data-element_type=\"section\">\n\t\t\t\t\t\t<div class=\"elementor-container elementor-column-gap-default\">\n\t\t\t\t\t<div class=\"elementor-column elementor-col-100 elementor-inner-column elementor-element elementor-element-9dc1460\" data-id=\"9dc1460\" data-element_type=\"column\">\n\t\t\t<div class=\"elementor-widget-wrap elementor-element-populated\">\n\t\t\t\t\t\t<div class=\"elementor-element elementor-element-634dcb9 moe-figcaption elementor-widget elementor-widget-text-editor\" data-id=\"634dcb9\" data-element_type=\"widget\" data-widget_type=\"text-editor.default\">\n\t\t\t\t<div class=\"elementor-widget-container\">\n\t\t\t\t\t\t\t\t\t<p><strong>Sabatilles de Michael Jordan<\/strong><br \/>Anys 90<\/p>\n\t\t\t\t\t\t\t\t<\/div>\n\t\t\t\t<\/div>\n\t\t\t\t<div class=\"elementor-element elementor-element-ca88de4 elementor-widget elementor-widget-image\" data-id=\"ca88de4\" data-element_type=\"widget\" data-widget_type=\"image.default\">\n\t\t\t\t<div class=\"elementor-widget-container\">\n\t\t\t\t\t\t\t\t\t\t\t\t<figure class=\"wp-caption\">\n\t\t\t\t\t\t\t\t\t\t<img fetchpriority=\"high\" decoding=\"async\" width=\"480\" height=\"291\" src=\"https:\/\/www.museuolimpicbcn.cat\/wp-content\/uploads\/sites\/2\/2019\/04\/header_img_jordan-2.jpg\" class=\"attachment-large size-large wp-image-17622\" alt=\"\" srcset=\"https:\/\/www.museuolimpicbcn.cat\/wp-content\/uploads\/sites\/2\/2019\/04\/header_img_jordan-2.jpg 480w, https:\/\/www.museuolimpicbcn.cat\/wp-content\/uploads\/sites\/2\/2019\/04\/header_img_jordan-2-300x182.jpg 300w\" sizes=\"(max-width: 480px) 100vw, 480px\" \/>\t\t\t\t\t\t\t\t\t\t\t<figcaption class=\"widget-image-caption wp-caption-text\"><\/figcaption>\n\t\t\t\t\t\t\t\t\t\t<\/figure>\n\t\t\t\t\t\t\t\t\t<\/div>\n\t\t\t\t<\/div>\n\t\t\t\t\t<\/div>\n\t\t<\/div>\n\t\t\t\t\t<\/div>\n\t\t<\/section>\n\t\t\t\t\t<\/div>\n\t\t<\/div>\n\t\t\t\t\t<\/div>\n\t\t<\/section>\n\t\t\t\t<section class=\"elementor-section elementor-top-section elementor-element elementor-element-1c0fe0be moe-bg-grey_regular l-margin--bottom l-padding elementor-section-boxed elementor-section-height-default elementor-section-height-default\" data-id=\"1c0fe0be\" data-element_type=\"section\">\n\t\t\t\t\t\t<div class=\"elementor-container elementor-column-gap-default\">\n\t\t\t\t\t<div class=\"elementor-column elementor-col-66 elementor-top-column elementor-element elementor-element-6edbc887\" data-id=\"6edbc887\" data-element_type=\"column\">\n\t\t\t<div class=\"elementor-widget-wrap elementor-element-populated\">\n\t\t\t\t\t\t<div class=\"elementor-element elementor-element-65fade1f elementor-widget elementor-widget-text-editor\" data-id=\"65fade1f\" data-element_type=\"widget\" data-widget_type=\"text-editor.default\">\n\t\t\t\t<div class=\"elementor-widget-container\">\n\t\t\t\t\t\t\t\t\t<p>Durant les vacances d\u2019estiu (juny, juliol i setembre) el Museu programa activitats especials.<\/p>\n<p>Reserva una activitat conduida per l&#8217;equip d&#8217;educaci\u00f3 o una visita lliure que us permetr\u00e0 conduir els vostres estudiants a trav\u00e9s del museu.<\/p>\n<p>Si teniu qualsevol dubte, poseu-vos en contacte amb nosaltres per\u00a0<strong><a href=\"mailto:RESERVES@FBOLIMPICA.ES\">correu electr\u00f2nic<\/a><\/strong>.<\/p>\n<p>Si busqueu una visita, un horari o un idioma diferents, truqueu-nos al\u00a0<strong>+34 932 92 53 79\u00a0<\/strong>o feu-nos arribar la vostra petici\u00f3 per\u00a0<strong><a href=\"mailto:RESERVES@FBOLIMPICA.ES\">correu electr\u00f2nic<\/a><\/strong>.<\/p>\n\t\t\t\t\t\t\t\t<\/div>\n\t\t\t\t<\/div>\n\t\t\t\t<div class=\"elementor-element elementor-element-fa8ba04 elementor-widget elementor-widget-image\" data-id=\"fa8ba04\" data-element_type=\"widget\" data-widget_type=\"image.default\">\n\t\t\t\t<div class=\"elementor-widget-container\">\n\t\t\t\t\t\t\t\t\t\t\t\t\t\t\t<img decoding=\"async\" width=\"150\" height=\"150\" src=\"https:\/\/www.museuolimpicbcn.cat\/wp-content\/uploads\/sites\/2\/2022\/09\/LOGO-COLOR-150x150.jpg\" class=\"attachment-thumbnail size-thumbnail wp-image-34522\" alt=\"\" srcset=\"https:\/\/www.museuolimpicbcn.cat\/wp-content\/uploads\/sites\/2\/2022\/09\/elementor\/thumbs\/LOGO-COLOR-pugdq0dricwn3yvguj4einjcman8unqwosciypmrto.jpg 150w, https:\/\/www.museuolimpicbcn.cat\/wp-content\/uploads\/sites\/2\/2022\/09\/LOGO-COLOR-300x300.jpg 300w, https:\/\/www.museuolimpicbcn.cat\/wp-content\/uploads\/sites\/2\/2022\/09\/LOGO-COLOR-768x768.jpg 768w, https:\/\/www.museuolimpicbcn.cat\/wp-content\/uploads\/sites\/2\/2022\/09\/LOGO-COLOR-600x600.jpg 600w, https:\/\/www.museuolimpicbcn.cat\/wp-content\/uploads\/sites\/2\/2022\/09\/LOGO-COLOR-100x100.jpg 100w, https:\/\/www.museuolimpicbcn.cat\/wp-content\/uploads\/sites\/2\/2022\/09\/LOGO-COLOR.jpg 827w\" sizes=\"(max-width: 150px) 100vw, 150px\" \/>\t\t\t\t\t\t\t\t\t\t\t\t\t\t\t<\/div>\n\t\t\t\t<\/div>\n\t\t\t\t\t<\/div>\n\t\t<\/div>\n\t\t\t\t<div class=\"elementor-column elementor-col-33 elementor-top-column elementor-element elementor-element-2219d8b6\" data-id=\"2219d8b6\" data-element_type=\"column\">\n\t\t\t<div class=\"elementor-widget-wrap elementor-element-populated\">\n\t\t\t\t\t\t<section class=\"elementor-section elementor-inner-section elementor-element elementor-element-c80f533 moe-bg-white elementor-section-boxed elementor-section-height-default elementor-section-height-default\" data-id=\"c80f533\" data-element_type=\"section\">\n\t\t\t\t\t\t<div class=\"elementor-container elementor-column-gap-default\">\n\t\t\t\t\t<div class=\"elementor-column elementor-col-100 elementor-inner-column elementor-element elementor-element-80023a8\" data-id=\"80023a8\" data-element_type=\"column\">\n\t\t\t<div class=\"elementor-widget-wrap elementor-element-populated\">\n\t\t\t\t\t\t<div class=\"elementor-element elementor-element-1e99dcd elementor-widget elementor-widget-text-editor\" data-id=\"1e99dcd\" data-element_type=\"widget\" data-widget_type=\"text-editor.default\">\n\t\t\t\t<div class=\"elementor-widget-container\">\n\t\t\t\t\t\t\t\t\t<p><strong>Per a la primera reserva dona\u2019t d\u2019alta:<\/strong><\/p>\n\t\t\t\t\t\t\t\t<\/div>\n\t\t\t\t<\/div>\n\t\t\t\t<div class=\"elementor-element elementor-element-d9f1124 elementor-align-center btn btn--primary elementor-widget elementor-widget-global elementor-global-24525 elementor-global-24514 elementor-widget-button\" data-id=\"d9f1124\" data-element_type=\"widget\" data-widget_type=\"button.default\">\n\t\t\t\t<div class=\"elementor-widget-container\">\n\t\t\t\t\t\t\t\t\t<div class=\"elementor-button-wrapper\">\n\t\t\t\t\t<a class=\"elementor-button elementor-button-link elementor-size-sm\" href=\"https:\/\/www.museuolimpicbcn.cat\/ca\/reserva-visita-per-escoles\/\">\n\t\t\t\t\t\t<span class=\"elementor-button-content-wrapper\">\n\t\t\t\t\t\t\t\t\t<span class=\"elementor-button-text\">Dona't d'alta<\/span>\n\t\t\t\t\t<\/span>\n\t\t\t\t\t<\/a>\n\t\t\t\t<\/div>\n\t\t\t\t\t\t\t\t<\/div>\n\t\t\t\t<\/div>\n\t\t\t\t<div class=\"elementor-element elementor-element-4adbafe elementor-widget elementor-widget-text-editor\" data-id=\"4adbafe\" data-element_type=\"widget\" data-widget_type=\"text-editor.default\">\n\t\t\t\t<div class=\"elementor-widget-container\">\n\t\t\t\t\t\t\t\t\t<p><strong>Per a la primera reserva dona\u2019t d\u2019alta:<\/strong><\/p>\n\t\t\t\t\t\t\t\t<\/div>\n\t\t\t\t<\/div>\n\t\t\t\t<div class=\"elementor-element elementor-element-4e8bbc3 elementor-widget elementor-widget-text-editor\" data-id=\"4e8bbc3\" data-element_type=\"widget\" data-widget_type=\"text-editor.default\">\n\t\t\t\t<div class=\"elementor-widget-container\">\n\t\t\t\t\t\t\t\t\t<p class=\"moe-acotacion\" style=\"text-align: left\">Per accedir al teu usuari \u00e9s necessari el tel\u00e8fon i el CP de l\u2019entitat\/centre amb qu\u00e8 et vas donar d\u2019alta*<\/p>\n\t\t\t\t\t\t\t\t<\/div>\n\t\t\t\t<\/div>\n\t\t\t\t<div class=\"elementor-element elementor-element-ad866c1 elementor-align-center btn btn--primary elementor-widget elementor-widget-button\" data-id=\"ad866c1\" data-element_type=\"widget\" data-widget_type=\"button.default\">\n\t\t\t\t<div class=\"elementor-widget-container\">\n\t\t\t\t\t\t\t\t\t<div class=\"elementor-button-wrapper\">\n\t\t\t\t\t<a class=\"elementor-button elementor-button-link elementor-size-sm\" href=\"https:\/\/reserves.museuolimpicbcn.cat\/muslink\/reserves\/identificacio.jsp?lang=1&#038;nom_cache=MUSEU&#038;property=MUSEU\">\n\t\t\t\t\t\t<span class=\"elementor-button-content-wrapper\">\n\t\t\t\t\t\t\t\t\t<span class=\"elementor-button-text\">Fes la teva reseva!<\/span>\n\t\t\t\t\t<\/span>\n\t\t\t\t\t<\/a>\n\t\t\t\t<\/div>\n\t\t\t\t\t\t\t\t<\/div>\n\t\t\t\t<\/div>\n\t\t\t\t<div class=\"elementor-element elementor-element-81166eb elementor-widget elementor-widget-text-editor\" data-id=\"81166eb\" data-element_type=\"widget\" data-widget_type=\"text-editor.default\">\n\t\t\t\t<div class=\"elementor-widget-container\">\n\t\t\t\t\t\t\t\t\t<p><strong>Tingues en compte que la reserva pr\u00e8via \u00e9s obligat\u00f2ria per a tots els grups.<\/strong><\/p>\n\t\t\t\t\t\t\t\t<\/div>\n\t\t\t\t<\/div>\n\t\t\t\t\t<\/div>\n\t\t<\/div>\n\t\t\t\t\t<\/div>\n\t\t<\/section>\n\t\t\t\t\t<\/div>\n\t\t<\/div>\n\t\t\t\t\t<\/div>\n\t\t<\/section>\n\t\t\t\t<section class=\"elementor-section elementor-top-section elementor-element elementor-element-3ace921e l-padding elementor-section-boxed elementor-section-height-default elementor-section-height-default\" data-id=\"3ace921e\" data-element_type=\"section\" data-settings=\"{&quot;background_background&quot;:&quot;classic&quot;}\">\n\t\t\t\t\t\t<div class=\"elementor-container elementor-column-gap-default\">\n\t\t\t\t\t<div class=\"elementor-column elementor-col-100 elementor-top-column elementor-element elementor-element-40c31dc6\" data-id=\"40c31dc6\" data-element_type=\"column\">\n\t\t\t<div class=\"elementor-widget-wrap elementor-element-populated\">\n\t\t\t\t\t\t<div class=\"elementor-element elementor-element-8b2c362 elementor-widget elementor-widget-heading\" data-id=\"8b2c362\" data-element_type=\"widget\" data-widget_type=\"heading.default\">\n\t\t\t\t<div class=\"elementor-widget-container\">\n\t\t\t\t\t<h2 class=\"elementor-heading-title elementor-size-default\">Visites guiades i activitats complement\u00e0ries<\/h2>\t\t\t\t<\/div>\n\t\t\t\t<\/div>\n\t\t\t\t<div class=\"elementor-element elementor-element-22505d31 moe-titulo-seccion__padding-top moe-bg__left elementor-widget elementor-widget-text-editor\" data-id=\"22505d31\" data-element_type=\"widget\" data-widget_type=\"text-editor.default\">\n\t\t\t\t<div class=\"elementor-widget-container\">\n\t\t\t\t\t\t\t\t\t<p>El Museu Ol\u00edmpic i de l&#8217;Esport disposa de diferents activitats de grup per a complementar la vostra visita.<\/p>\n\t\t\t\t\t\t\t\t<\/div>\n\t\t\t\t<\/div>\n\t\t\t\t<section class=\"elementor-section elementor-inner-section elementor-element elementor-element-3d0b3df l-padding--bottom elementor-section-boxed elementor-section-height-default elementor-section-height-default\" data-id=\"3d0b3df\" data-element_type=\"section\">\n\t\t\t\t\t\t<div class=\"elementor-container elementor-column-gap-default\">\n\t\t\t\t\t<div class=\"elementor-column elementor-col-100 elementor-inner-column elementor-element elementor-element-2ae1e6c\" data-id=\"2ae1e6c\" data-element_type=\"column\">\n\t\t\t<div class=\"elementor-widget-wrap elementor-element-populated\">\n\t\t\t\t\t\t<div class=\"elementor-element elementor-element-6842eeb elementor-align-center btn btn--border elementor-widget elementor-widget-button\" data-id=\"6842eeb\" data-element_type=\"widget\" data-widget_type=\"button.default\">\n\t\t\t\t<div class=\"elementor-widget-container\">\n\t\t\t\t\t\t\t\t\t<div class=\"elementor-button-wrapper\">\n\t\t\t\t\t<a class=\"elementor-button elementor-button-link elementor-size-sm\" href=\"https:\/\/www.museuolimpicbcn.cat\/wp-content\/uploads\/sites\/2\/2026\/03\/Dossier-vacances_CAT_WEB-2.pdf\">\n\t\t\t\t\t\t<span class=\"elementor-button-content-wrapper\">\n\t\t\t\t\t\t\t\t\t<span class=\"elementor-button-text\">DESCARREGA'T EL DOSSIER D'ACTIVITATS DE VACANCES<\/span>\n\t\t\t\t\t<\/span>\n\t\t\t\t\t<\/a>\n\t\t\t\t<\/div>\n\t\t\t\t\t\t\t\t<\/div>\n\t\t\t\t<\/div>\n\t\t\t\t\t<\/div>\n\t\t<\/div>\n\t\t\t\t\t<\/div>\n\t\t<\/section>\n\t\t\t\t<section class=\"elementor-section elementor-inner-section elementor-element elementor-element-60df1042 moe-list-activitats elementor-section-boxed elementor-section-height-default elementor-section-height-default\" data-id=\"60df1042\" data-element_type=\"section\">\n\t\t\t\t\t\t<div class=\"elementor-container elementor-column-gap-default\">\n\t\t\t\t\t<div class=\"elementor-column elementor-col-50 elementor-inner-column elementor-element elementor-element-37e6f3eb\" data-id=\"37e6f3eb\" data-element_type=\"column\">\n\t\t\t<div class=\"elementor-widget-wrap elementor-element-populated\">\n\t\t\t\t\t\t<div class=\"elementor-element elementor-element-6462f880 elementor-widget elementor-widget-heading\" data-id=\"6462f880\" data-element_type=\"widget\" data-widget_type=\"heading.default\">\n\t\t\t\t<div class=\"elementor-widget-container\">\n\t\t\t\t\t<h3 class=\"elementor-heading-title elementor-size-default\">Les vacances al museu<\/h3>\t\t\t\t<\/div>\n\t\t\t\t<\/div>\n\t\t\t\t<div class=\"elementor-element elementor-element-216721df elementor-widget elementor-widget-text-editor\" data-id=\"216721df\" data-element_type=\"widget\" data-widget_type=\"text-editor.default\">\n\t\t\t\t<div class=\"elementor-widget-container\">\n\t\t\t\t\t\t\t\t\t<p>\u00c9s una activitat especial que es duu a terme exclusivament durant les vacances escolars, per a casals i campus.<\/p>\n<p>Podreu assistir a una sessi\u00f3 de cinema del BCN Sports Film Festival, gaudint d\u2019una selecci\u00f3 d\u2019audiovisuals de tem\u00e0tica esportiva amb diferents sessions adaptades per franges d\u2019edat. Al finalitzar podreu visitar el museu de manera lliure.<\/p>\n<p><strong class=\"moe-marker\">Indispensable reserva previa<\/strong><\/p>\n<p>&nbsp;<\/p>\n\t\t\t\t\t\t\t\t<\/div>\n\t\t\t\t<\/div>\n\t\t\t\t\t<\/div>\n\t\t<\/div>\n\t\t\t\t<div class=\"elementor-column elementor-col-50 elementor-inner-column elementor-element elementor-element-fef6341\" data-id=\"fef6341\" data-element_type=\"column\">\n\t\t\t<div class=\"elementor-widget-wrap elementor-element-populated\">\n\t\t\t\t\t\t<div class=\"elementor-element elementor-element-5689b0d5 moe-bg-blue_light l-gutter elementor-widget elementor-widget-text-editor\" data-id=\"5689b0d5\" data-element_type=\"widget\" data-widget_type=\"text-editor.default\">\n\t\t\t\t<div class=\"elementor-widget-container\">\n\t\t\t\t\t\t\t\t\t<ul class=\"moe-list\">\n<li>Grups a partir de 10 estudiants<\/li>\n<li>Adre\u00e7at a: 6 a 18 anys<\/li>\n<li>Preu per estudiant: 4,50\u20ac<\/li>\n<li>Durada aproximada: 45&#8242; cinema + 1h visita lliure al museu<\/li>\n<li>De dimarts a divendres<\/li>\n<li>Idiomes: subt\u00edtols en catal\u00e0 o casell\u00e0.<\/li>\n<\/ul>\n\t\t\t\t\t\t\t\t<\/div>\n\t\t\t\t<\/div>\n\t\t\t\t\t<\/div>\n\t\t<\/div>\n\t\t\t\t\t<\/div>\n\t\t<\/section>\n\t\t\t\t<section class=\"elementor-section elementor-inner-section elementor-element elementor-element-4334ed5 moe-list-activitats elementor-section-boxed elementor-section-height-default elementor-section-height-default\" data-id=\"4334ed5\" data-element_type=\"section\">\n\t\t\t\t\t\t<div class=\"elementor-container elementor-column-gap-default\">\n\t\t\t\t\t<div class=\"elementor-column elementor-col-50 elementor-inner-column elementor-element elementor-element-31c2d74f\" data-id=\"31c2d74f\" data-element_type=\"column\">\n\t\t\t<div class=\"elementor-widget-wrap elementor-element-populated\">\n\t\t\t\t\t\t<div class=\"elementor-element elementor-element-5019a1de elementor-widget elementor-widget-heading\" data-id=\"5019a1de\" data-element_type=\"widget\" data-widget_type=\"heading.default\">\n\t\t\t\t<div class=\"elementor-widget-container\">\n\t\t\t\t\t<h3 class=\"elementor-heading-title elementor-size-default\">Descobreix els amics d\u2019en Cobi<\/h3>\t\t\t\t<\/div>\n\t\t\t\t<\/div>\n\t\t\t\t<div class=\"elementor-element elementor-element-672cbaa elementor-widget elementor-widget-text-editor\" data-id=\"672cbaa\" data-element_type=\"widget\" data-widget_type=\"text-editor.default\">\n\t\t\t\t<div class=\"elementor-widget-container\">\n\t\t\t\t\t\t\t\t\t<p>\u00c9s una activitat dinamitzada a trav\u00e9s del Cobi, la mascota dels Jocs Ol\u00edmpics de Barcelona\u201992 com a fil conductor. Al llarg de la visita us anireu trobant altres mascotes d\u2019esdeveniments esportius, que ens ajudaran a rec\u00f3rrer el museu i descobrir la hist\u00f2ria de l\u2019esport i l\u2019olimpisme, i les diferents disciplines esportives<\/p>\n<p><strong class=\"moe-marker\">Indispensable reserva pr\u00e8via<\/strong><\/p>\n\t\t\t\t\t\t\t\t<\/div>\n\t\t\t\t<\/div>\n\t\t\t\t\t<\/div>\n\t\t<\/div>\n\t\t\t\t<div class=\"elementor-column elementor-col-50 elementor-inner-column elementor-element elementor-element-f315ef2\" data-id=\"f315ef2\" data-element_type=\"column\">\n\t\t\t<div class=\"elementor-widget-wrap elementor-element-populated\">\n\t\t\t\t\t\t<div class=\"elementor-element elementor-element-3d069309 moe-bg-blue_light l-gutter elementor-widget elementor-widget-text-editor\" data-id=\"3d069309\" data-element_type=\"widget\" data-widget_type=\"text-editor.default\">\n\t\t\t\t<div class=\"elementor-widget-container\">\n\t\t\t\t\t\t\t\t\t<ul class=\"moe-list\">\n<li>De 10 a 25 estudiants (a cada grup 25 estudiants)<\/li>\n<li>Adre\u00e7at a: 3 a 5 anys<\/li>\n<li>Preu per estudiant: 5\u20ac<\/li>\n<li>Durada aproximada: 1 hora<\/li>\n<li>De dimarts a divendres<\/li>\n<li>Idiomes: catal\u00e0, castell\u00e0 angl\u00e8s i franc\u00e8s<\/li>\n<\/ul>\n\t\t\t\t\t\t\t\t<\/div>\n\t\t\t\t<\/div>\n\t\t\t\t\t<\/div>\n\t\t<\/div>\n\t\t\t\t\t<\/div>\n\t\t<\/section>\n\t\t\t\t<section class=\"elementor-section elementor-inner-section elementor-element elementor-element-4f450835 moe-list-activitats elementor-section-boxed elementor-section-height-default elementor-section-height-default\" data-id=\"4f450835\" data-element_type=\"section\">\n\t\t\t\t\t\t<div class=\"elementor-container elementor-column-gap-default\">\n\t\t\t\t\t<div class=\"elementor-column elementor-col-50 elementor-inner-column elementor-element elementor-element-2d953574\" data-id=\"2d953574\" data-element_type=\"column\">\n\t\t\t<div class=\"elementor-widget-wrap elementor-element-populated\">\n\t\t\t\t\t\t<div class=\"elementor-element elementor-element-6082a9ac elementor-widget elementor-widget-heading\" data-id=\"6082a9ac\" data-element_type=\"widget\" data-widget_type=\"heading.default\">\n\t\t\t\t<div class=\"elementor-widget-container\">\n\t\t\t\t\t<h3 class=\"elementor-heading-title elementor-size-default\">Sense L\u00edmits \u2013 Endinsa\u2019t en el m\u00f3n de la discapacitat i l\u2019esport<\/h3>\t\t\t\t<\/div>\n\t\t\t\t<\/div>\n\t\t\t\t<div class=\"elementor-element elementor-element-79b98df elementor-widget elementor-widget-text-editor\" data-id=\"79b98df\" data-element_type=\"widget\" data-widget_type=\"text-editor.default\">\n\t\t\t\t<div class=\"elementor-widget-container\">\n\t\t\t\t\t\t\t\t\t<p>Activitat per descobrir i practicar l\u2019esport adaptat. Primer coneixereu l\u2019esport adaptat i despr\u00e9s podreu provar algunes disciplines esportives incloses al programa paral\u00edmpic: boccia, golbol o voleibol asseguts. Per \u00faltim podreu visitar de manera lliure el museu.<\/p>\n<p>&nbsp;<\/p>\n<p><strong class=\"moe-marker\">Indispensable reserva pr\u00e8via<\/strong><\/p>\n\t\t\t\t\t\t\t\t<\/div>\n\t\t\t\t<\/div>\n\t\t\t\t\t<\/div>\n\t\t<\/div>\n\t\t\t\t<div class=\"elementor-column elementor-col-50 elementor-inner-column elementor-element elementor-element-3f139411\" data-id=\"3f139411\" data-element_type=\"column\">\n\t\t\t<div class=\"elementor-widget-wrap elementor-element-populated\">\n\t\t\t\t\t\t<div class=\"elementor-element elementor-element-322693dc moe-bg-blue_light l-gutter elementor-widget elementor-widget-text-editor\" data-id=\"322693dc\" data-element_type=\"widget\" data-widget_type=\"text-editor.default\">\n\t\t\t\t<div class=\"elementor-widget-container\">\n\t\t\t\t\t\t\t\t\t<ul class=\"moe-list\">\n<li>De 10 a 25 estudiants (a cada grup 25 estudiants)<\/li>\n<li>Adre\u00e7at a: 6 a 18 anys<\/li>\n<li>Preu per grup: 140\u20ac<\/li>\n<li>Durada aproximada: 1 hora de taller + 1 hora de visita lliure al museu<\/li>\n<li>De dimarts a divendres<\/li>\n<li>Idiomes: catal\u00e0, castell\u00e0, angl\u00e8s i franc\u00e8s<\/li>\n<\/ul>\n\t\t\t\t\t\t\t\t<\/div>\n\t\t\t\t<\/div>\n\t\t\t\t\t<\/div>\n\t\t<\/div>\n\t\t\t\t\t<\/div>\n\t\t<\/section>\n\t\t\t\t<section class=\"elementor-section elementor-inner-section elementor-element elementor-element-56052bd moe-list-activitats elementor-section-boxed elementor-section-height-default elementor-section-height-default\" data-id=\"56052bd\" data-element_type=\"section\">\n\t\t\t\t\t\t<div class=\"elementor-container elementor-column-gap-default\">\n\t\t\t\t\t<div class=\"elementor-column elementor-col-50 elementor-inner-column elementor-element elementor-element-61cd00e\" data-id=\"61cd00e\" data-element_type=\"column\">\n\t\t\t<div class=\"elementor-widget-wrap elementor-element-populated\">\n\t\t\t\t\t\t<div class=\"elementor-element elementor-element-e6e85b8 elementor-widget elementor-widget-heading\" data-id=\"e6e85b8\" data-element_type=\"widget\" data-widget_type=\"heading.default\">\n\t\t\t\t<div class=\"elementor-widget-container\">\n\t\t\t\t\t<h3 class=\"elementor-heading-title elementor-size-default\">Sense G\u00e8nere \u2013 L\u2019esport no t\u00e9 g\u00e8nere<\/h3>\t\t\t\t<\/div>\n\t\t\t\t<\/div>\n\t\t\t\t<div class=\"elementor-element elementor-element-fe544c9 elementor-widget elementor-widget-text-editor\" data-id=\"fe544c9\" data-element_type=\"widget\" data-widget_type=\"text-editor.default\">\n\t\t\t\t<div class=\"elementor-widget-container\">\n\t\t\t\t\t\t\t\t\t<div class=\"col-izq\">\n<div class=\"col-izq\">El format del taller \u00e9s un hall escape, i les persones participants han d\u2019anar resolent proves per descubrir la hist\u00f2ria de cinc esportistes<br \/>\nCada esportista posa sobre la taula hist\u00f2ries de tem\u00e0tiques, abordant la diversitat de g\u00e8nere i sexualitat a trav\u00e9s de l\u2019eix tem\u00e0tic de l\u2019esport, per descobrir les discriminacions, i les resist\u00e8ncies, en el m\u00f3n esportiu<br \/>\n<strong class=\"moe-marker\">Amb reserva pr\u00e8via<\/strong><\/p>\n<\/div>\n<p><\/div>\n\t\t\t\t\t\t\t\t<\/div>\n\t\t\t\t<\/div>\n\t\t\t\t\t<\/div>\n\t\t<\/div>\n\t\t\t\t<div class=\"elementor-column elementor-col-50 elementor-inner-column elementor-element elementor-element-52d44d7\" data-id=\"52d44d7\" data-element_type=\"column\">\n\t\t\t<div class=\"elementor-widget-wrap elementor-element-populated\">\n\t\t\t\t\t\t<div class=\"elementor-element elementor-element-6a653f9 moe-bg-blue_light l-gutter elementor-widget elementor-widget-text-editor\" data-id=\"6a653f9\" data-element_type=\"widget\" data-widget_type=\"text-editor.default\">\n\t\t\t\t<div class=\"elementor-widget-container\">\n\t\t\t\t\t\t\t\t\t<div class=\"col-dcha\">\n<div class=\"box-blue\">\n<div class=\"col-dcha\">\n<div class=\"box-blue\">\n<ul class=\"moe-list\">\n<li>De 10 a 25 estudiants (a cada grup 25 estudiants)<\/li>\n<li>Adre\u00e7at a: De 12 a 18 anys<\/li>\n<li>Preu per grup: 140\u20ac<\/li>\n<li>Durada aproximada: 1h 30&#8242; de taller + 1h de visita libre<\/li>\n<li>De dimarts a divendres<\/li>\n<li>Idiomes: catal\u00e0<\/li>\n<\/ul>\n<\/div>\n<p><\/div>\n<p><\/div>\n<p><\/div>\n\t\t\t\t\t\t\t\t<\/div>\n\t\t\t\t<\/div>\n\t\t\t\t\t<\/div>\n\t\t<\/div>\n\t\t\t\t\t<\/div>\n\t\t<\/section>\n\t\t\t\t<section class=\"elementor-section elementor-inner-section elementor-element elementor-element-158d176 moe-list-activitats elementor-section-boxed elementor-section-height-default elementor-section-height-default\" data-id=\"158d176\" data-element_type=\"section\">\n\t\t\t\t\t\t<div class=\"elementor-container elementor-column-gap-default\">\n\t\t\t\t\t<div class=\"elementor-column elementor-col-50 elementor-inner-column elementor-element elementor-element-43557a0\" data-id=\"43557a0\" data-element_type=\"column\">\n\t\t\t<div class=\"elementor-widget-wrap elementor-element-populated\">\n\t\t\t\t\t\t<div class=\"elementor-element elementor-element-8480ea7 elementor-widget elementor-widget-heading\" data-id=\"8480ea7\" data-element_type=\"widget\" data-widget_type=\"heading.default\">\n\t\t\t\t<div class=\"elementor-widget-container\">\n\t\t\t\t\t<h3 class=\"elementor-heading-title elementor-size-default\">Descobrint  Barcelona '92 <\/h3>\t\t\t\t<\/div>\n\t\t\t\t<\/div>\n\t\t\t\t<div class=\"elementor-element elementor-element-46a6157 elementor-widget elementor-widget-text-editor\" data-id=\"46a6157\" data-element_type=\"widget\" data-widget_type=\"text-editor.default\">\n\t\t\t\t<div class=\"elementor-widget-container\">\n\t\t\t\t\t\t\t\t\t<div class=\"col-izq\">En aquesta activitat descobrireu diferents elements que es van utilitzar per als Jocs de Barcelona\u201992 (mascota ol\u00edmpica i paral\u00edmpica, emblemes, cerim\u00f2nies, voluntariat, etc.) i coneixereu com va canviar la ciutat per acollir els Jocs.<br \/>\nA l\u2019acabar, en funci\u00f3 del nivell educatiu, haureu de crear un cartell o mascota d\u2019uns Jocs en base al que heu descobert.<br \/>\n<strong class=\"moe-marker\">Amb reserva pr\u00e8via<\/strong><\/p>\n<\/div>\n\t\t\t\t\t\t\t\t<\/div>\n\t\t\t\t<\/div>\n\t\t\t\t\t<\/div>\n\t\t<\/div>\n\t\t\t\t<div class=\"elementor-column elementor-col-50 elementor-inner-column elementor-element elementor-element-fd93434\" data-id=\"fd93434\" data-element_type=\"column\">\n\t\t\t<div class=\"elementor-widget-wrap elementor-element-populated\">\n\t\t\t\t\t\t<div class=\"elementor-element elementor-element-f71837e moe-bg-blue_light l-gutter elementor-widget elementor-widget-text-editor\" data-id=\"f71837e\" data-element_type=\"widget\" data-widget_type=\"text-editor.default\">\n\t\t\t\t<div class=\"elementor-widget-container\">\n\t\t\t\t\t\t\t\t\t<div class=\"col-dcha\">\n<div class=\"box-blue\">\n<ul class=\"moe-list\">\n<li>De 10 a 25 estudiants (a cada grup 25 estudiants)<\/li>\n<li>Adre\u00e7at a: de 6 a 12 anys<\/li>\n<li>Preu per grup: 140\u20ac<\/li>\n<li>Durada aproximada: 2h activitat + 1h visita lliure al museu<\/li>\n<li>De dimarts a divendres<\/li>\n<li>Idiomes: catal\u00e0 i castell\u00e0<\/li>\n<\/ul>\n<\/div>\n<p><\/div>\n\t\t\t\t\t\t\t\t<\/div>\n\t\t\t\t<\/div>\n\t\t\t\t\t<\/div>\n\t\t<\/div>\n\t\t\t\t\t<\/div>\n\t\t<\/section>\n\t\t\t\t<section class=\"elementor-section elementor-inner-section elementor-element elementor-element-012ae8c moe-list-activitats elementor-section-boxed elementor-section-height-default elementor-section-height-default\" data-id=\"012ae8c\" data-element_type=\"section\">\n\t\t\t\t\t\t<div class=\"elementor-container elementor-column-gap-default\">\n\t\t\t\t\t<div class=\"elementor-column elementor-col-50 elementor-inner-column elementor-element elementor-element-5985a47\" data-id=\"5985a47\" data-element_type=\"column\">\n\t\t\t<div class=\"elementor-widget-wrap elementor-element-populated\">\n\t\t\t\t\t\t<div class=\"elementor-element elementor-element-3e8bb6b elementor-widget elementor-widget-heading\" data-id=\"3e8bb6b\" data-element_type=\"widget\" data-widget_type=\"heading.default\">\n\t\t\t\t<div class=\"elementor-widget-container\">\n\t\t\t\t\t<h3 class=\"elementor-heading-title elementor-size-default\">Sense Fronteres<\/h3>\t\t\t\t<\/div>\n\t\t\t\t<\/div>\n\t\t\t\t<div class=\"elementor-element elementor-element-a988599 elementor-widget elementor-widget-text-editor\" data-id=\"a988599\" data-element_type=\"widget\" data-widget_type=\"text-editor.default\">\n\t\t\t\t<div class=\"elementor-widget-container\">\n\t\t\t\t\t\t\t\t\t<div class=\"col-izq\">A qu\u00e8 jugaven els nostres avis i \u00e0vies? A qu\u00e8 juguen infants d\u2019altres indrets del m\u00f3n? En aquest taller descobrirem els continents que participen als Jocs Ol\u00edmpics i algun joc tradicional de cadascun d\u2019ells.<br \/>\nUn cop acabat el taller, el grup pot accedir al museu de manera lliure.<br \/>\n<strong class=\"moe-marker\">Amb reserva pr\u00e8via<\/strong><\/p>\n<\/div>\n\t\t\t\t\t\t\t\t<\/div>\n\t\t\t\t<\/div>\n\t\t\t\t\t<\/div>\n\t\t<\/div>\n\t\t\t\t<div class=\"elementor-column elementor-col-50 elementor-inner-column elementor-element elementor-element-bb516f2\" data-id=\"bb516f2\" data-element_type=\"column\">\n\t\t\t<div class=\"elementor-widget-wrap elementor-element-populated\">\n\t\t\t\t\t\t<div class=\"elementor-element elementor-element-c137ef6 moe-bg-blue_light l-gutter elementor-widget elementor-widget-text-editor\" data-id=\"c137ef6\" data-element_type=\"widget\" data-widget_type=\"text-editor.default\">\n\t\t\t\t<div class=\"elementor-widget-container\">\n\t\t\t\t\t\t\t\t\t<div class=\"col-dcha\">\n<div class=\"box-blue\">\n<ul class=\"moe-list\">\n<li>De 10 a 25 estudiants (25 estudiants aprox.)<\/li>\n<li>Adre\u00e7at a: de 6 a 9 anys<\/li>\n<li>\u00a0Preu per grup: 140\u20ac<\/li>\n<li>Durada aproximada: 1h 30&#8242; activitat + 1h visita lliure museu<\/li>\n<li>\u00a0De dimarts a divendres<\/li>\n<li>\u00a0Idiomes: catal\u00e0 y castell\u00e0<\/li>\n<\/ul>\n<\/div>\n<p><\/div>\n\t\t\t\t\t\t\t\t<\/div>\n\t\t\t\t<\/div>\n\t\t\t\t\t<\/div>\n\t\t<\/div>\n\t\t\t\t\t<\/div>\n\t\t<\/section>\n\t\t\t\t<section class=\"elementor-section elementor-inner-section elementor-element elementor-element-60380aa moe-list-activitats elementor-section-boxed elementor-section-height-default elementor-section-height-default\" data-id=\"60380aa\" data-element_type=\"section\">\n\t\t\t\t\t\t<div class=\"elementor-container elementor-column-gap-default\">\n\t\t\t\t\t<div class=\"elementor-column elementor-col-50 elementor-inner-column elementor-element elementor-element-fe7d35e\" data-id=\"fe7d35e\" data-element_type=\"column\">\n\t\t\t<div class=\"elementor-widget-wrap elementor-element-populated\">\n\t\t\t\t\t\t<div class=\"elementor-element elementor-element-0400ff3 elementor-widget elementor-widget-heading\" data-id=\"0400ff3\" data-element_type=\"widget\" data-widget_type=\"heading.default\">\n\t\t\t\t<div class=\"elementor-widget-container\">\n\t\t\t\t\t<h3 class=\"elementor-heading-title elementor-size-default\">Visita lliure al museu<\/h3>\t\t\t\t<\/div>\n\t\t\t\t<\/div>\n\t\t\t\t<div class=\"elementor-element elementor-element-b154ce9 elementor-widget elementor-widget-text-editor\" data-id=\"b154ce9\" data-element_type=\"widget\" data-widget_type=\"text-editor.default\">\n\t\t\t\t<div class=\"elementor-widget-container\">\n\t\t\t\t\t\t\t\t\t<p>La visita lliure \u00e9s una visita al museu sense mediaci\u00f3\u00a0 de l\u2019equip d\u2019educadors del museu. Al llarg de la visita podreu con\u00e8ixer els or\u00edgens de l\u2019olimpisme, la hist\u00f2ria de la pr\u00e0ctica esportiva a Catalunya, la celebraci\u00f3 dels Jocs de Barcelona\u201992 aix\u00ed com el gran ventalld\u2019esports que es practiquen a tot el m\u00f3n.<\/p>\n<p><strong class=\"moe-marker\">Indispensable reserva pr\u00e8via<\/strong><\/p>\n\t\t\t\t\t\t\t\t<\/div>\n\t\t\t\t<\/div>\n\t\t\t\t\t<\/div>\n\t\t<\/div>\n\t\t\t\t<div class=\"elementor-column elementor-col-50 elementor-inner-column elementor-element elementor-element-57e70dc\" data-id=\"57e70dc\" data-element_type=\"column\">\n\t\t\t<div class=\"elementor-widget-wrap elementor-element-populated\">\n\t\t\t\t\t\t<div class=\"elementor-element elementor-element-1a3e89f moe-bg-blue_light l-gutter elementor-widget elementor-widget-text-editor\" data-id=\"1a3e89f\" data-element_type=\"widget\" data-widget_type=\"text-editor.default\">\n\t\t\t\t<div class=\"elementor-widget-container\">\n\t\t\t\t\t\t\t\t\t<ul class=\"moe-list\">\n<li>M\u00ednim 10 estudiants (m\u00e9s de 40 estudiants, es fan 2 grups amb un interval de 10 minuts)<\/li>\n<li>Adre\u00e7at a: tots els nivells educatius<\/li>\n<li>Preu per estudiant: 3,30\u20ac<\/li>\n<li>Durada aproximada: 1 hora<\/li>\n<li>De dimarts a diumenge<\/li>\n<\/ul>\n\t\t\t\t\t\t\t\t<\/div>\n\t\t\t\t<\/div>\n\t\t\t\t\t<\/div>\n\t\t<\/div>\n\t\t\t\t\t<\/div>\n\t\t<\/section>\n\t\t\t\t<section class=\"elementor-section elementor-inner-section elementor-element elementor-element-3f5423b moe-list-activitats elementor-section-boxed elementor-section-height-default elementor-section-height-default\" data-id=\"3f5423b\" data-element_type=\"section\">\n\t\t\t\t\t\t<div class=\"elementor-container elementor-column-gap-default\">\n\t\t\t\t\t<div class=\"elementor-column elementor-col-50 elementor-inner-column elementor-element elementor-element-8187472\" data-id=\"8187472\" data-element_type=\"column\">\n\t\t\t<div class=\"elementor-widget-wrap elementor-element-populated\">\n\t\t\t\t\t\t<div class=\"elementor-element elementor-element-c11842f elementor-widget elementor-widget-heading\" data-id=\"c11842f\" data-element_type=\"widget\" data-widget_type=\"heading.default\">\n\t\t\t\t<div class=\"elementor-widget-container\">\n\t\t\t\t\t<h3 class=\"elementor-heading-title elementor-size-default\">Visita guiada al museu<\/h3>\t\t\t\t<\/div>\n\t\t\t\t<\/div>\n\t\t\t\t<div class=\"elementor-element elementor-element-ab55e7d elementor-widget elementor-widget-text-editor\" data-id=\"ab55e7d\" data-element_type=\"widget\" data-widget_type=\"text-editor.default\">\n\t\t\t\t<div class=\"elementor-widget-container\">\n\t\t\t\t\t\t\t\t\t<p>La visita lliure \u00e9s una visita al museu sense mediaci\u00f3 de l\u2019equip d\u2019educadors del museu. Al llarg de la visita podreu con\u00e8ixer els or\u00edgens de l\u2019olimpisme, la hist\u00f2ria de la pr\u00e0ctica esportiva a Catalunya, la celebraci\u00f3 dels Jocs de Barcelona\u201992 aix\u00ed com el gran ventalld\u2019esports que es practiquen a tot el m\u00f3n.<\/p>\n<p><strong class=\"moe-marker\">Indispensable reserva pr\u00e8via<\/strong><\/p>\n\t\t\t\t\t\t\t\t<\/div>\n\t\t\t\t<\/div>\n\t\t\t\t\t<\/div>\n\t\t<\/div>\n\t\t\t\t<div class=\"elementor-column elementor-col-50 elementor-inner-column elementor-element elementor-element-2abade8\" data-id=\"2abade8\" data-element_type=\"column\">\n\t\t\t<div class=\"elementor-widget-wrap elementor-element-populated\">\n\t\t\t\t\t\t<div class=\"elementor-element elementor-element-bfc0847 moe-bg-blue_light l-gutter elementor-widget elementor-widget-text-editor\" data-id=\"bfc0847\" data-element_type=\"widget\" data-widget_type=\"text-editor.default\">\n\t\t\t\t<div class=\"elementor-widget-container\">\n\t\t\t\t\t\t\t\t\t<ul class=\"moe-list\">\n<li>De 10 a 25 estudiants (a cada grup 25 estudiants)<\/li>\n<li>Adre\u00e7at a: tots els nivells educatius a partir d\u2019Educaci\u00f3 Prim\u00e0ria<\/li>\n<li>Preu per estudiant: 5\u20ac<\/li>\n<li>Durada aproximada: 1 hora<\/li>\n<li>De dimarts a divendres<\/li>\n<li>Idiomes: catal\u00e0, castell\u00e0, angl\u00e8s i franc\u00e8s<\/li>\n<\/ul>\n\t\t\t\t\t\t\t\t<\/div>\n\t\t\t\t<\/div>\n\t\t\t\t\t<\/div>\n\t\t<\/div>\n\t\t\t\t\t<\/div>\n\t\t<\/section>\n\t\t\t\t<section class=\"elementor-section elementor-inner-section elementor-element elementor-element-9b54772 moe-list-activitats elementor-section-boxed elementor-section-height-default elementor-section-height-default\" data-id=\"9b54772\" data-element_type=\"section\">\n\t\t\t\t\t\t<div class=\"elementor-container elementor-column-gap-default\">\n\t\t\t\t\t<div class=\"elementor-column elementor-col-50 elementor-inner-column elementor-element elementor-element-d4fb31f\" data-id=\"d4fb31f\" data-element_type=\"column\">\n\t\t\t<div class=\"elementor-widget-wrap elementor-element-populated\">\n\t\t\t\t\t\t<div class=\"elementor-element elementor-element-b1812df elementor-widget elementor-widget-heading\" data-id=\"b1812df\" data-element_type=\"widget\" data-widget_type=\"heading.default\">\n\t\t\t\t<div class=\"elementor-widget-container\">\n\t\t\t\t\t<h3 class=\"elementor-heading-title elementor-size-default\">Un Estadi, cent hist\u00f2ries (activitat complement\u00e0ria)<\/h3>\t\t\t\t<\/div>\n\t\t\t\t<\/div>\n\t\t\t\t<div class=\"elementor-element elementor-element-5143186 elementor-widget elementor-widget-text-editor\" data-id=\"5143186\" data-element_type=\"widget\" data-widget_type=\"text-editor.default\">\n\t\t\t\t<div class=\"elementor-widget-container\">\n\t\t\t\t\t\t\t\t\t<p>A trav\u00e9s d\u2019un conte descobrireu la hist\u00f2ria de l\u2019estadi.<\/p>\n<p>Despr\u00e9s hi ha una part vehiculada des del joc i la descoberta de diferents esports amb el Cobi i la Petra, mascotes de Barcelona\u201992.<\/p>\n<p>*Important: No accedirem a l\u2019estadi i es duu a terme a la porta principal d\u2019aquesta instal\u00b7laci\u00f3.<\/p>\n<p><strong class=\"moe-marker\">Amb reserva pr\u00e8via<\/strong><\/p>\n\t\t\t\t\t\t\t\t<\/div>\n\t\t\t\t<\/div>\n\t\t\t\t\t<\/div>\n\t\t<\/div>\n\t\t\t\t<div class=\"elementor-column elementor-col-50 elementor-inner-column elementor-element elementor-element-a174648\" data-id=\"a174648\" data-element_type=\"column\">\n\t\t\t<div class=\"elementor-widget-wrap elementor-element-populated\">\n\t\t\t\t\t\t<div class=\"elementor-element elementor-element-0507a9e moe-bg-blue_light l-gutter elementor-widget elementor-widget-text-editor\" data-id=\"0507a9e\" data-element_type=\"widget\" data-widget_type=\"text-editor.default\">\n\t\t\t\t<div class=\"elementor-widget-container\">\n\t\t\t\t\t\t\t\t\t<ul class=\"moe-list\">\n<li>De 10 a 25 estudiants (a cada grup 25 estudiants)<\/li>\n<li>Adre\u00e7at a: 3 a 5 anys<\/li>\n<li>Preu per grup: 55\u20ac<\/li>\n<li>Durada aproximada: 1 hora<\/li>\n<li>De dimarts a divendres<\/li>\n<li>Idiomes: catal\u00e0, castell\u00e0, angl\u00e8s i franc\u00e8s<\/li>\n<\/ul>\n\t\t\t\t\t\t\t\t<\/div>\n\t\t\t\t<\/div>\n\t\t\t\t\t<\/div>\n\t\t<\/div>\n\t\t\t\t\t<\/div>\n\t\t<\/section>\n\t\t\t\t<section class=\"elementor-section elementor-inner-section elementor-element elementor-element-610777b moe-list-activitats elementor-section-boxed elementor-section-height-default elementor-section-height-default\" data-id=\"610777b\" data-element_type=\"section\">\n\t\t\t\t\t\t<div class=\"elementor-container elementor-column-gap-default\">\n\t\t\t\t\t<div class=\"elementor-column elementor-col-50 elementor-inner-column elementor-element elementor-element-4758c62\" data-id=\"4758c62\" data-element_type=\"column\">\n\t\t\t<div class=\"elementor-widget-wrap elementor-element-populated\">\n\t\t\t\t\t\t<div class=\"elementor-element elementor-element-88749cd elementor-widget elementor-widget-heading\" data-id=\"88749cd\" data-element_type=\"widget\" data-widget_type=\"heading.default\">\n\t\t\t\t<div class=\"elementor-widget-container\">\n\t\t\t\t\t<h3 class=\"elementor-heading-title elementor-size-default\">Un estadi per a la hist\u00f2ria (activitat complement\u00e0ria)<\/h3>\t\t\t\t<\/div>\n\t\t\t\t<\/div>\n\t\t\t\t<div class=\"elementor-element elementor-element-1db5424 elementor-widget elementor-widget-text-editor\" data-id=\"1db5424\" data-element_type=\"widget\" data-widget_type=\"text-editor.default\">\n\t\t\t\t<div class=\"elementor-widget-container\">\n\t\t\t\t\t\t\t\t\t<p>L\u2019objectiu d\u2019aquesta activitat \u00e9s que l\u2019alumnat, a trav\u00e9s de la descoberta, la cooperaci\u00f3 i el joc, descobreixi la hist\u00f2ria de l\u2019estadi i el gran ventall d\u2019esdeveniments esportius que ha acollit aquest instal\u00b7laci\u00f3.<\/p>\n<p>Important: No s\u2019accedeix a l\u2019estadi i es du a terme a la porta principal d\u2019aquesta instal\u00b7laci\u00f3.<\/p>\n<p><strong class=\"moe-marker\">Amb reserva pr\u00e8via<\/strong><\/p>\n\t\t\t\t\t\t\t\t<\/div>\n\t\t\t\t<\/div>\n\t\t\t\t\t<\/div>\n\t\t<\/div>\n\t\t\t\t<div class=\"elementor-column elementor-col-50 elementor-inner-column elementor-element elementor-element-24f2cfe\" data-id=\"24f2cfe\" data-element_type=\"column\">\n\t\t\t<div class=\"elementor-widget-wrap elementor-element-populated\">\n\t\t\t\t\t\t<div class=\"elementor-element elementor-element-1e42e34 moe-bg-blue_light l-gutter elementor-widget elementor-widget-text-editor\" data-id=\"1e42e34\" data-element_type=\"widget\" data-widget_type=\"text-editor.default\">\n\t\t\t\t<div class=\"elementor-widget-container\">\n\t\t\t\t\t\t\t\t\t<ul class=\"moe-list\">\n<li>De 10 a 25 estudiants (25 estudiants aprox.) <\/li>\n<li>Dirigit a: Prim\u00e0ria i Secund\u00e0ria<\/li>\n<li>Preu per grup: 55\u20ac<\/li>\n<li>Durada aproximada: 1 hora<\/li>\n<li>De dimarts a divendres<\/li>\n<li>Idiomes: catal\u00e0, castell\u00e0, angl\u00e8s i franc\u00e8s<\/li>\n<\/ul>\n\t\t\t\t\t\t\t\t<\/div>\n\t\t\t\t<\/div>\n\t\t\t\t\t<\/div>\n\t\t<\/div>\n\t\t\t\t\t<\/div>\n\t\t<\/section>\n\t\t\t\t<div class=\"elementor-element elementor-element-c754def elementor-align-center btn btn--border elementor-widget elementor-widget-button\" data-id=\"c754def\" data-element_type=\"widget\" data-widget_type=\"button.default\">\n\t\t\t\t<div class=\"elementor-widget-container\">\n\t\t\t\t\t\t\t\t\t<div class=\"elementor-button-wrapper\">\n\t\t\t\t\t<a class=\"elementor-button elementor-button-link elementor-size-sm\" href=\"https:\/\/www.museuolimpicbcn.cat\/wp-content\/uploads\/sites\/2\/2026\/03\/Dossier-vacances_CAT_WEB-2.pdf\">\n\t\t\t\t\t\t<span class=\"elementor-button-content-wrapper\">\n\t\t\t\t\t\t\t\t\t<span class=\"elementor-button-text\">DESCARREGA'T EL DOSSIER D'ACTIVITATS DE VACANCES<\/span>\n\t\t\t\t\t<\/span>\n\t\t\t\t\t<\/a>\n\t\t\t\t<\/div>\n\t\t\t\t\t\t\t\t<\/div>\n\t\t\t\t<\/div>\n\t\t\t\t\t<\/div>\n\t\t<\/div>\n\t\t\t\t\t<\/div>\n\t\t<\/section>\n\t\t\t\t<section class=\"elementor-section elementor-top-section elementor-element elementor-element-42a703f moe-bg-grey_regular l-padding moe-50-download l-margin--bottom elementor-section-boxed elementor-section-height-default elementor-section-height-default\" data-id=\"42a703f\" data-element_type=\"section\" data-settings=\"{&quot;background_background&quot;:&quot;classic&quot;}\">\n\t\t\t\t\t\t<div class=\"elementor-container elementor-column-gap-no\">\n\t\t\t\t\t<div class=\"elementor-column elementor-col-100 elementor-top-column elementor-element elementor-element-6e0eb9b\" data-id=\"6e0eb9b\" data-element_type=\"column\">\n\t\t\t<div class=\"elementor-widget-wrap elementor-element-populated\">\n\t\t\t\t\t\t<div class=\"elementor-element elementor-element-f934e5a elementor-widget elementor-widget-text-editor\" data-id=\"f934e5a\" data-element_type=\"widget\" data-widget_type=\"text-editor.default\">\n\t\t\t\t<div class=\"elementor-widget-container\">\n\t\t\t\t\t\t\t\t\t<h2>Per preparar la visita<\/h2><br>Feu clic en aquests enlla\u00e7os per poder descarregar-vos el material de refer\u00e8ncia i preparar la vostra visita.\t\t\t\t\t\t\t\t<\/div>\n\t\t\t\t<\/div>\n\t\t\t\t<section class=\"elementor-section elementor-inner-section elementor-element elementor-element-f915c0d elementor-section-boxed elementor-section-height-default elementor-section-height-default\" data-id=\"f915c0d\" data-element_type=\"section\">\n\t\t\t\t\t\t<div class=\"elementor-container elementor-column-gap-default\">\n\t\t\t\t\t<div class=\"elementor-column elementor-col-50 elementor-inner-column elementor-element elementor-element-f1a0d5e\" data-id=\"f1a0d5e\" data-element_type=\"column\">\n\t\t\t<div class=\"elementor-widget-wrap elementor-element-populated\">\n\t\t\t\t\t\t<div class=\"elementor-element elementor-element-26d2fa5 elementor-widget elementor-widget-text-editor\" data-id=\"26d2fa5\" data-element_type=\"widget\" data-widget_type=\"text-editor.default\">\n\t\t\t\t<div class=\"elementor-widget-container\">\n\t\t\t\t\t\t\t\t\t<a class=\"download-button\" href=\"https:\/\/dev.museuolimpicbcn.cat\/wp-content\/uploads\/sites\/2\/2019\/03\/MOE_Els_grans-_temes_olimpics.pdf\">Guia per a professors. Els grans temes ol\u00edmpics<\/a><br><br>8 MB. Format PDF. Catal\u00e0\t\t\t\t\t\t\t\t<\/div>\n\t\t\t\t<\/div>\n\t\t\t\t\t<\/div>\n\t\t<\/div>\n\t\t\t\t<div class=\"elementor-column elementor-col-50 elementor-inner-column elementor-element elementor-element-41a3032\" data-id=\"41a3032\" data-element_type=\"column\">\n\t\t\t<div class=\"elementor-widget-wrap elementor-element-populated\">\n\t\t\t\t\t\t<div class=\"elementor-element elementor-element-1680b0e elementor-widget elementor-widget-text-editor\" data-id=\"1680b0e\" data-element_type=\"widget\" data-widget_type=\"text-editor.default\">\n\t\t\t\t<div class=\"elementor-widget-container\">\n\t\t\t\t\t\t\t\t\t<p><a class=\"download-button\" href=\"https:\/\/dev.museuolimpicbcn.cat\/wp-content\/uploads\/sites\/2\/2019\/03\/MOE_Que_en_saps_dels_JJOO.pdf\">Qu\u00e8 en saps dels Jocs Ol\u00edmpics?<\/a><\/p>\n<p>3Mb. Format PDF. Catal\u00e0<\/p>\n\t\t\t\t\t\t\t\t<\/div>\n\t\t\t\t<\/div>\n\t\t\t\t\t<\/div>\n\t\t<\/div>\n\t\t\t\t\t<\/div>\n\t\t<\/section>\n\t\t\t\t\t<\/div>\n\t\t<\/div>\n\t\t\t\t\t<\/div>\n\t\t<\/section>\n\t\t\t\t<section class=\"elementor-section elementor-top-section elementor-element elementor-element-84f65f5 elementor-section-full_width l-margin--bottom elementor-section-height-default elementor-section-height-default\" data-id=\"84f65f5\" data-element_type=\"section\">\n\t\t\t\t\t\t<div class=\"elementor-container elementor-column-gap-no\">\n\t\t\t\t\t<div class=\"elementor-column elementor-col-100 elementor-top-column elementor-element elementor-element-efe75a3\" data-id=\"efe75a3\" data-element_type=\"column\">\n\t\t\t<div class=\"elementor-widget-wrap elementor-element-populated\">\n\t\t\t\t\t\t<div class=\"elementor-element elementor-element-52a50c7 elementor-widget elementor-widget-template\" data-id=\"52a50c7\" data-element_type=\"widget\" data-widget_type=\"template.default\">\n\t\t\t\t<div class=\"elementor-widget-container\">\n\t\t\t\t\t\t\t<div class=\"elementor-template\">\n\t\t\t\t\t<div data-elementor-type=\"page\" data-elementor-id=\"5137\" class=\"elementor elementor-5137 elementor-5128\" data-elementor-post-type=\"elementor_library\">\n\t\t\t\t\t\t<section class=\"elementor-section elementor-top-section elementor-element elementor-element-4d7bac2 elementor-section-boxed elementor-section-height-default elementor-section-height-default\" data-id=\"4d7bac2\" data-element_type=\"section\">\n\t\t\t\t\t\t<div class=\"elementor-container elementor-column-gap-default\">\n\t\t\t\t\t<div class=\"elementor-column elementor-col-100 elementor-top-column elementor-element elementor-element-1faf72c\" data-id=\"1faf72c\" data-element_type=\"column\">\n\t\t\t<div class=\"elementor-widget-wrap elementor-element-populated\">\n\t\t\t\t\t\t<div class=\"elementor-element elementor-element-d0b67fe moe-titulo-seccion__padding-top elementor-widget elementor-widget-text-editor\" data-id=\"d0b67fe\" data-element_type=\"widget\" data-widget_type=\"text-editor.default\">\n\t\t\t\t<div class=\"elementor-widget-container\">\n\t\t\t\t\t\t\t\t\t<h2>Com arribar-hi<\/h2>\n<p>Ens trobem a la muntanya de Montju\u00efc, al costat de l\u2019Estadi Ol\u00edmpic.<\/p>\n\t\t\t\t\t\t\t\t<\/div>\n\t\t\t\t<\/div>\n\t\t\t\t<div class=\"elementor-element elementor-element-45bf2b6 moe-bg-cream elementor-widget elementor-widget-text-editor\" data-id=\"45bf2b6\" data-element_type=\"widget\" data-widget_type=\"text-editor.default\">\n\t\t\t\t<div class=\"elementor-widget-container\">\n\t\t\t\t\t\t\t\t\t<p>Avinguda de l&#8217;Estadi, 60, Barcelona<\/p>\n<p><a class=\"lnk\" href=\"https:\/\/goo.gl\/maps\/RXJ2GBGaY352\" target=\"_blank\" rel=\"noopener\">MOSTRA A GOOGLE MAPS<\/a><\/p>\n\t\t\t\t\t\t\t\t<\/div>\n\t\t\t\t<\/div>\n\t\t\t\t\t<\/div>\n\t\t<\/div>\n\t\t\t\t\t<\/div>\n\t\t<\/section>\n\t\t\t\t<section class=\"elementor-section elementor-top-section elementor-element elementor-element-43cdc45 elementor-section-full_width moe-g-maps-como-llegar elementor-section-height-default elementor-section-height-default\" data-id=\"43cdc45\" data-element_type=\"section\">\n\t\t\t\t\t\t<div class=\"elementor-container elementor-column-gap-no\">\n\t\t\t\t\t<div class=\"elementor-column elementor-col-100 elementor-top-column elementor-element elementor-element-80266fb\" data-id=\"80266fb\" data-element_type=\"column\">\n\t\t\t<div class=\"elementor-widget-wrap elementor-element-populated\">\n\t\t\t\t\t\t<div class=\"elementor-element elementor-element-d431e81 elementor-widget elementor-widget-google_maps\" data-id=\"d431e81\" data-element_type=\"widget\" data-widget_type=\"google_maps.default\">\n\t\t\t\t<div class=\"elementor-widget-container\">\n\t\t\t\t\t\t\t<div class=\"elementor-custom-embed\">\n\t\t\t<iframe loading=\"lazy\"\n\t\t\t\t\tsrc=\"https:\/\/maps.google.com\/maps?q=avinguda%20de%20l%27estadi%2060%20barcelona&#038;t=m&#038;z=17&#038;output=embed&#038;iwloc=near\"\n\t\t\t\t\ttitle=\"avinguda de l&#039;estadi 60 barcelona\"\n\t\t\t\t\taria-label=\"avinguda de l&#039;estadi 60 barcelona\"\n\t\t\t><\/iframe>\n\t\t<\/div>\n\t\t\t\t\t\t<\/div>\n\t\t\t\t<\/div>\n\t\t\t\t<div class=\"elementor-element elementor-element-c602538 elementor-widget elementor-widget-text-editor\" data-id=\"c602538\" data-element_type=\"widget\" data-widget_type=\"text-editor.default\">\n\t\t\t\t<div class=\"elementor-widget-container\">\n\t\t\t\t\t\t\t\t\t<p><em><strong>Metro<\/strong><\/em><\/p>\n<p><strong><img decoding=\"async\" class=\"alignnone size-full wp-image-233\" src=\"https:\/\/www.museuolimpicbcn.cat\/wp-content\/uploads\/sites\/2\/2018\/12\/ico_L1-1.png\" alt=\"\" width=\"24\" height=\"24\" \/><img loading=\"lazy\" decoding=\"async\" class=\"alignnone size-full wp-image-236\" src=\"https:\/\/www.museuolimpicbcn.cat\/wp-content\/uploads\/sites\/2\/2018\/12\/ico_L3-1.png\" alt=\"\" width=\"24\" height=\"24\" \/><\/strong><strong>Parada Pl. Espanya<\/strong><\/p>\n<hr \/>\n<p><em><strong>Bus<br \/>\n<\/strong><\/em><strong>L\u00ednies 55, 150<\/strong> a 400m del museu<\/p>\n<hr \/>\n<p><em><strong>Bus tur\u00edstic<br \/>\n<\/strong><\/em><strong>Ruta Vermella <\/strong>a 25m del museu<\/p>\n<hr \/>\n<p><em><strong>Bus tur\u00edstic Montju\u00efc<br \/>\n<\/strong><\/em><strong>Parada 5 <\/strong>a 120m del museu<\/p>\n<hr \/>\n<p><em><strong>Funicular de Montju\u00efc<br \/>\n<\/strong><\/em><\/p>\n<p><a class=\"lnk\" href=\"https:\/\/www.tmb.cat\" target=\"_blank\" rel=\"noopener\">M\u00c9S INFORMACI\u00d3 A TMB<\/a><\/p>\n\t\t\t\t\t\t\t\t<\/div>\n\t\t\t\t<\/div>\n\t\t\t\t\t<\/div>\n\t\t<\/div>\n\t\t\t\t\t<\/div>\n\t\t<\/section>\n\t\t\t\t<\/div>\n\t\t\t\t<\/div>\n\t\t\t\t\t\t<\/div>\n\t\t\t\t<\/div>\n\t\t\t\t\t<\/div>\n\t\t<\/div>\n\t\t\t\t\t<\/div>\n\t\t<\/section>\n\t\t\t\t<section class=\"elementor-section elementor-top-section elementor-element elementor-element-1c3f4c10 elementor-section-full_width elementor-section-height-default elementor-section-height-default\" data-id=\"1c3f4c10\" data-element_type=\"section\">\n\t\t\t\t\t\t<div class=\"elementor-container elementor-column-gap-no\">\n\t\t\t\t\t<div class=\"elementor-column elementor-col-100 elementor-top-column elementor-element elementor-element-530f019f\" data-id=\"530f019f\" data-element_type=\"column\">\n\t\t\t<div class=\"elementor-widget-wrap elementor-element-populated\">\n\t\t\t\t\t\t<div class=\"elementor-element elementor-element-297ab3e3 elementor-widget elementor-widget-template\" data-id=\"297ab3e3\" data-element_type=\"widget\" data-widget_type=\"template.default\">\n\t\t\t\t<div class=\"elementor-widget-container\">\n\t\t\t\t\t\t\t<div class=\"elementor-template\">\n\t\t\t\t\t<div data-elementor-type=\"section\" data-elementor-id=\"16073\" class=\"elementor elementor-16073 elementor-16069\" data-elementor-post-type=\"elementor_library\">\n\t\t\t\t\t<section class=\"elementor-section elementor-top-section elementor-element elementor-element-8e2af1c moe-bg--consejos l-margin--bottom elementor-section-boxed elementor-section-height-default elementor-section-height-default\" data-id=\"8e2af1c\" data-element_type=\"section\">\n\t\t\t\t\t\t<div class=\"elementor-container elementor-column-gap-default\">\n\t\t\t\t\t<div class=\"elementor-column elementor-col-100 elementor-top-column elementor-element elementor-element-1a93de7\" data-id=\"1a93de7\" data-element_type=\"column\">\n\t\t\t<div class=\"elementor-widget-wrap elementor-element-populated\">\n\t\t\t\t\t\t<div class=\"elementor-element elementor-element-2d3eeca moe-titulo-seccion__padding-top elementor-widget elementor-widget-text-editor\" data-id=\"2d3eeca\" data-element_type=\"widget\" data-widget_type=\"text-editor.default\">\n\t\t\t\t<div class=\"elementor-widget-container\">\n\t\t\t\t\t\t\t\t\t<h2>Consells i bones pr\u00e0ctiques<\/h2>\n<p>A continuaci\u00f3 us detallem una s\u00e8rie de recomanacions perqu\u00e8 gaudiu de la vostra visita.<\/p>\n\t\t\t\t\t\t\t\t<\/div>\n\t\t\t\t<\/div>\n\t\t\t\t<section class=\"elementor-section elementor-inner-section elementor-element elementor-element-340b820 moe-33-border l-gutter elementor-section-boxed elementor-section-height-default elementor-section-height-default\" data-id=\"340b820\" data-element_type=\"section\">\n\t\t\t\t\t\t<div class=\"elementor-container elementor-column-gap-default\">\n\t\t\t\t\t<div class=\"elementor-column elementor-col-33 elementor-inner-column elementor-element elementor-element-6b9012e\" data-id=\"6b9012e\" data-element_type=\"column\">\n\t\t\t<div class=\"elementor-widget-wrap elementor-element-populated\">\n\t\t\t\t\t\t<div class=\"elementor-element elementor-element-a62dabf elementor-widget elementor-widget-text-editor\" data-id=\"a62dabf\" data-element_type=\"widget\" data-widget_type=\"text-editor.default\">\n\t\t\t\t<div class=\"elementor-widget-container\">\n\t\t\t\t\t\t\t\t\t<h3 class=\"h4\">Puntualitat<\/h3>\n<p>Arribeu 10 minuts abans de l\u2019hora de la visita, ja que si l\u2019activitat comen\u00e7a tard, \u00e9s possible que s\u2019escurci.<\/p>\n\t\t\t\t\t\t\t\t<\/div>\n\t\t\t\t<\/div>\n\t\t\t\t\t<\/div>\n\t\t<\/div>\n\t\t\t\t<div class=\"elementor-column elementor-col-33 elementor-inner-column elementor-element elementor-element-a0c576d\" data-id=\"a0c576d\" data-element_type=\"column\">\n\t\t\t<div class=\"elementor-widget-wrap elementor-element-populated\">\n\t\t\t\t\t\t<div class=\"elementor-element elementor-element-1734502 elementor-widget elementor-widget-text-editor\" data-id=\"1734502\" data-element_type=\"widget\" data-widget_type=\"text-editor.default\">\n\t\t\t\t<div class=\"elementor-widget-container\">\n\t\t\t\t\t\t\t\t\t<h3 class=\"h4\">Punt de trobada<\/h3>\n<p>En qualsevol tipus de visita, el punt de trobada \u00e9s la recepci\u00f3 del museu. Nom\u00e9s haur\u00e0 d\u2019entrar el responsable del grup i despr\u00e9s comen\u00e7areu la visita.<\/p>\n\t\t\t\t\t\t\t\t<\/div>\n\t\t\t\t<\/div>\n\t\t\t\t\t<\/div>\n\t\t<\/div>\n\t\t\t\t<div class=\"elementor-column elementor-col-33 elementor-inner-column elementor-element elementor-element-0648916\" data-id=\"0648916\" data-element_type=\"column\">\n\t\t\t<div class=\"elementor-widget-wrap elementor-element-populated\">\n\t\t\t\t\t\t<div class=\"elementor-element elementor-element-07cf062 elementor-widget elementor-widget-text-editor\" data-id=\"07cf062\" data-element_type=\"widget\" data-widget_type=\"text-editor.default\">\n\t\t\t\t<div class=\"elementor-widget-container\">\n\t\t\t\t\t\t\t\t\t<h3 class=\"h4\">Consignes<\/h3>\n<p>\u00c9s necessari deixar motxilles i equipatge a les consignes que faciliti l\u2019equip de recepci\u00f3 del museu.<\/p>\n\t\t\t\t\t\t\t\t<\/div>\n\t\t\t\t<\/div>\n\t\t\t\t\t<\/div>\n\t\t<\/div>\n\t\t\t\t\t<\/div>\n\t\t<\/section>\n\t\t\t\t<section class=\"elementor-section elementor-inner-section elementor-element elementor-element-fa4637f moe-33-border l-gutter elementor-section-boxed elementor-section-height-default elementor-section-height-default\" data-id=\"fa4637f\" data-element_type=\"section\">\n\t\t\t\t\t\t<div class=\"elementor-container elementor-column-gap-default\">\n\t\t\t\t\t<div class=\"elementor-column elementor-col-33 elementor-inner-column elementor-element elementor-element-dc3a2e4\" data-id=\"dc3a2e4\" data-element_type=\"column\">\n\t\t\t<div class=\"elementor-widget-wrap elementor-element-populated\">\n\t\t\t\t\t\t<div class=\"elementor-element elementor-element-ad7a211 elementor-widget elementor-widget-text-editor\" data-id=\"ad7a211\" data-element_type=\"widget\" data-widget_type=\"text-editor.default\">\n\t\t\t\t<div class=\"elementor-widget-container\">\n\t\t\t\t\t\t\t\t\t<h3 class=\"h4\">Wi-Fi<\/h3>\n<p>El museu compta amb Wi-Fi a totes les sales.<\/p>\n\t\t\t\t\t\t\t\t<\/div>\n\t\t\t\t<\/div>\n\t\t\t\t\t<\/div>\n\t\t<\/div>\n\t\t\t\t<div class=\"elementor-column elementor-col-33 elementor-inner-column elementor-element elementor-element-2ee24eb\" data-id=\"2ee24eb\" data-element_type=\"column\">\n\t\t\t<div class=\"elementor-widget-wrap elementor-element-populated\">\n\t\t\t\t\t\t<div class=\"elementor-element elementor-element-e6bb6ec elementor-widget elementor-widget-text-editor\" data-id=\"e6bb6ec\" data-element_type=\"widget\" data-widget_type=\"text-editor.default\">\n\t\t\t\t<div class=\"elementor-widget-container\">\n\t\t\t\t\t\t\t\t\t<h3 class=\"h4\">Begudes i menjar<\/h3>\n<p>No es permet entrar amb begudes o menjar.<\/p>\n\t\t\t\t\t\t\t\t<\/div>\n\t\t\t\t<\/div>\n\t\t\t\t\t<\/div>\n\t\t<\/div>\n\t\t\t\t<div class=\"elementor-column elementor-col-33 elementor-inner-column elementor-element elementor-element-f7cc087\" data-id=\"f7cc087\" data-element_type=\"column\">\n\t\t\t<div class=\"elementor-widget-wrap elementor-element-populated\">\n\t\t\t\t\t\t<div class=\"elementor-element elementor-element-b7d36f4 elementor-widget elementor-widget-text-editor\" data-id=\"b7d36f4\" data-element_type=\"widget\" data-widget_type=\"text-editor.default\">\n\t\t\t\t<div class=\"elementor-widget-container\">\n\t\t\t\t\t\t\t\t\t<h3 class=\"h4\">Professorat<\/h3>\n<p>Haureu de vetllar per la seguretat i el control del grup al llarg de la visita.<\/p>\n\t\t\t\t\t\t\t\t<\/div>\n\t\t\t\t<\/div>\n\t\t\t\t\t<\/div>\n\t\t<\/div>\n\t\t\t\t\t<\/div>\n\t\t<\/section>\n\t\t\t\t<section class=\"elementor-section elementor-inner-section elementor-element elementor-element-8aca239 moe-33-border l-gutter elementor-section-boxed elementor-section-height-default elementor-section-height-default\" data-id=\"8aca239\" data-element_type=\"section\">\n\t\t\t\t\t\t<div class=\"elementor-container elementor-column-gap-default\">\n\t\t\t\t\t<div class=\"elementor-column elementor-col-33 elementor-inner-column elementor-element elementor-element-1defee4\" data-id=\"1defee4\" data-element_type=\"column\">\n\t\t\t<div class=\"elementor-widget-wrap elementor-element-populated\">\n\t\t\t\t\t\t<div class=\"elementor-element elementor-element-356c334 elementor-widget elementor-widget-text-editor\" data-id=\"356c334\" data-element_type=\"widget\" data-widget_type=\"text-editor.default\">\n\t\t\t\t<div class=\"elementor-widget-container\">\n\t\t\t\t\t\t\t\t\t<h3 class=\"h4\">Comportament<\/h3>\n<p>No es permet c\u00f3rrer, fer soroll o tocar el material exposat al museu.<\/p>\n\t\t\t\t\t\t\t\t<\/div>\n\t\t\t\t<\/div>\n\t\t\t\t\t<\/div>\n\t\t<\/div>\n\t\t\t\t<div class=\"elementor-column elementor-col-33 elementor-inner-column elementor-element elementor-element-1921546\" data-id=\"1921546\" data-element_type=\"column\">\n\t\t\t<div class=\"elementor-widget-wrap elementor-element-populated\">\n\t\t\t\t\t\t<div class=\"elementor-element elementor-element-1acef26 elementor-widget elementor-widget-text-editor\" data-id=\"1acef26\" data-element_type=\"widget\" data-widget_type=\"text-editor.default\">\n\t\t\t\t<div class=\"elementor-widget-container\">\n\t\t\t\t\t\t\t\t\t<h3 class=\"h4\">Necessitats especials<\/h3>\n<p>En el cas que hi hagi algun alumne amb necessitats especials, ens ho haureu de comunicar amb antelaci\u00f3.<\/p>\n\t\t\t\t\t\t\t\t<\/div>\n\t\t\t\t<\/div>\n\t\t\t\t\t<\/div>\n\t\t<\/div>\n\t\t\t\t<div class=\"elementor-column elementor-col-33 elementor-inner-column elementor-element elementor-element-1eb3983\" data-id=\"1eb3983\" data-element_type=\"column\">\n\t\t\t<div class=\"elementor-widget-wrap elementor-element-populated\">\n\t\t\t\t\t\t<div class=\"elementor-element elementor-element-33adfc6 elementor-widget elementor-widget-text-editor\" data-id=\"33adfc6\" data-element_type=\"widget\" data-widget_type=\"text-editor.default\">\n\t\t\t\t<div class=\"elementor-widget-container\">\n\t\t\t\t\t\t\t\t\t<h3 class=\"h4\">Acc\u00e9s amb animals<\/h3>\n<p>No es permet accedir amb animals al museu, excepte els gossos pigall.<\/p>\n\t\t\t\t\t\t\t\t<\/div>\n\t\t\t\t<\/div>\n\t\t\t\t\t<\/div>\n\t\t<\/div>\n\t\t\t\t\t<\/div>\n\t\t<\/section>\n\t\t\t\t<section class=\"elementor-section elementor-inner-section elementor-element elementor-element-bba7d32 moe-33-border l-gutter elementor-section-boxed elementor-section-height-default elementor-section-height-default\" data-id=\"bba7d32\" data-element_type=\"section\">\n\t\t\t\t\t\t<div class=\"elementor-container elementor-column-gap-default\">\n\t\t\t\t\t<div class=\"elementor-column elementor-col-33 elementor-inner-column elementor-element elementor-element-d2c07eb\" data-id=\"d2c07eb\" data-element_type=\"column\">\n\t\t\t<div class=\"elementor-widget-wrap elementor-element-populated\">\n\t\t\t\t\t\t<div class=\"elementor-element elementor-element-ed1d250 elementor-widget elementor-widget-text-editor\" data-id=\"ed1d250\" data-element_type=\"widget\" data-widget_type=\"text-editor.default\">\n\t\t\t\t<div class=\"elementor-widget-container\">\n\t\t\t\t\t\t\t\t\t<h3 class=\"h4\">Accessibilitat<\/h3>\n<p>El museu \u00e9s totalment accessible i disposa de cadira de rodes per als visitants que ho requereixin.<\/p>\n\t\t\t\t\t\t\t\t<\/div>\n\t\t\t\t<\/div>\n\t\t\t\t\t<\/div>\n\t\t<\/div>\n\t\t\t\t<div class=\"elementor-column elementor-col-33 elementor-inner-column elementor-element elementor-element-ae6f932\" data-id=\"ae6f932\" data-element_type=\"column\">\n\t\t\t<div class=\"elementor-widget-wrap elementor-element-populated\">\n\t\t\t\t\t\t<div class=\"elementor-element elementor-element-2bbee0d elementor-widget elementor-widget-text-editor\" data-id=\"2bbee0d\" data-element_type=\"widget\" data-widget_type=\"text-editor.default\">\n\t\t\t\t<div class=\"elementor-widget-container\">\n\t\t\t\t\t\t\t\t\t<h3 class=\"h4\">Fotografies<\/h3>\n<p>Es permet l\u2019\u00fas de c\u00e0meres a les sales del museu.<\/p>\n\t\t\t\t\t\t\t\t<\/div>\n\t\t\t\t<\/div>\n\t\t\t\t\t<\/div>\n\t\t<\/div>\n\t\t\t\t<div class=\"elementor-column elementor-col-33 elementor-inner-column elementor-element elementor-element-005f490\" data-id=\"005f490\" data-element_type=\"column\">\n\t\t\t<div class=\"elementor-widget-wrap elementor-element-populated\">\n\t\t\t\t\t\t<div class=\"elementor-element elementor-element-5e6ad0e elementor-widget elementor-widget-text-editor\" data-id=\"5e6ad0e\" data-element_type=\"widget\" data-widget_type=\"text-editor.default\">\n\t\t\t\t<div class=\"elementor-widget-container\">\n\t\t\t\t\t\t\t\t\t<h3 class=\"h4\">Autocars<\/h3>\n<p>Els autocars tenen zones d\u2019estacionament al Passeig Ol\u00edmpic, 16.<\/p>\n\t\t\t\t\t\t\t\t<\/div>\n\t\t\t\t<\/div>\n\t\t\t\t\t<\/div>\n\t\t<\/div>\n\t\t\t\t\t<\/div>\n\t\t<\/section>\n\t\t\t\t\t<\/div>\n\t\t<\/div>\n\t\t\t\t\t<\/div>\n\t\t<\/section>\n\t\t\t\t<\/div>\n\t\t\t\t<\/div>\n\t\t\t\t\t\t<\/div>\n\t\t\t\t<\/div>\n\t\t\t\t\t<\/div>\n\t\t<\/div>\n\t\t\t\t\t<\/div>\n\t\t<\/section>\n\t\t\t\t<section class=\"elementor-section elementor-top-section elementor-element elementor-element-1059a893 elementor-section-full_width elementor-section-height-default elementor-section-height-default\" data-id=\"1059a893\" data-element_type=\"section\">\n\t\t\t\t\t\t<div class=\"elementor-container elementor-column-gap-no\">\n\t\t\t\t\t<div class=\"elementor-column elementor-col-100 elementor-top-column elementor-element elementor-element-18567eee\" data-id=\"18567eee\" data-element_type=\"column\">\n\t\t\t<div class=\"elementor-widget-wrap elementor-element-populated\">\n\t\t\t\t\t\t<div class=\"elementor-element elementor-element-7e06720d elementor-widget elementor-widget-template\" data-id=\"7e06720d\" data-element_type=\"widget\" data-widget_type=\"template.default\">\n\t\t\t\t<div class=\"elementor-widget-container\">\n\t\t\t\t\t\t\t<div class=\"elementor-template\">\n\t\t\t\t\t<div data-elementor-type=\"section\" data-elementor-id=\"15992\" class=\"elementor elementor-15992 elementor-738\" data-elementor-post-type=\"elementor_library\">\n\t\t\t\t\t<section class=\"elementor-section elementor-top-section elementor-element elementor-element-dee07e5 elementor-section-full_width moe-ven moe-bg-green l-padding inv elementor-section-height-default elementor-section-height-default\" data-id=\"dee07e5\" data-element_type=\"section\" data-settings=\"{&quot;background_background&quot;:&quot;classic&quot;}\">\n\t\t\t\t\t\t<div class=\"elementor-container elementor-column-gap-no\">\n\t\t\t\t\t<div class=\"elementor-column elementor-col-100 elementor-top-column elementor-element elementor-element-2b6f7418\" data-id=\"2b6f7418\" data-element_type=\"column\">\n\t\t\t<div class=\"elementor-widget-wrap elementor-element-populated\">\n\t\t\t\t\t\t<div class=\"elementor-element elementor-element-52451c67 elementor-widget elementor-widget-heading\" data-id=\"52451c67\" data-element_type=\"widget\" data-widget_type=\"heading.default\">\n\t\t\t\t<div class=\"elementor-widget-container\">\n\t\t\t\t\t<h2 class=\"elementor-heading-title elementor-size-default\">Veniu al museu<\/h2>\t\t\t\t<\/div>\n\t\t\t\t<\/div>\n\t\t\t\t<section class=\"elementor-section elementor-inner-section elementor-element elementor-element-f7219c1 elementor-section-boxed elementor-section-height-default elementor-section-height-default\" data-id=\"f7219c1\" data-element_type=\"section\">\n\t\t\t\t\t\t<div class=\"elementor-container elementor-column-gap-default\">\n\t\t\t\t\t<div class=\"elementor-column elementor-col-100 elementor-inner-column elementor-element elementor-element-3b7d3b5c\" data-id=\"3b7d3b5c\" data-element_type=\"column\">\n\t\t\t<div class=\"elementor-widget-wrap elementor-element-populated\">\n\t\t\t\t\t\t<div class=\"elementor-element elementor-element-221b28b7 elementor-widget elementor-widget-text-editor\" data-id=\"221b28b7\" data-element_type=\"widget\" data-widget_type=\"text-editor.default\">\n\t\t\t\t<div class=\"elementor-widget-container\">\n\t\t\t\t\t\t\t\t\t<p>Us esperem amb un munt de propostes educatives relacionades amb l&#8217;esport.<\/p>\n\t\t\t\t\t\t\t\t<\/div>\n\t\t\t\t<\/div>\n\t\t\t\t\t<\/div>\n\t\t<\/div>\n\t\t\t\t\t<\/div>\n\t\t<\/section>\n\t\t\t\t<div class=\"elementor-element elementor-element-32c9b62 elementor-align-center btn btn--border elementor-widget elementor-widget-button\" data-id=\"32c9b62\" data-element_type=\"widget\" data-widget_type=\"button.default\">\n\t\t\t\t<div class=\"elementor-widget-container\">\n\t\t\t\t\t\t\t\t\t<div class=\"elementor-button-wrapper\">\n\t\t\t\t\t<a class=\"elementor-button elementor-button-link elementor-size-sm\" href=\"https:\/\/www.museuolimpicbcn.cat\/ca\/reserva-visita-per-escoles\/\">\n\t\t\t\t\t\t<span class=\"elementor-button-content-wrapper\">\n\t\t\t\t\t\t\t\t\t<span class=\"elementor-button-text\">RESERVA UNA VISITA AL MUSEU<\/span>\n\t\t\t\t\t<\/span>\n\t\t\t\t\t<\/a>\n\t\t\t\t<\/div>\n\t\t\t\t\t\t\t\t<\/div>\n\t\t\t\t<\/div>\n\t\t\t\t<section class=\"elementor-section elementor-inner-section elementor-element elementor-element-c9612b9 elementor-section-boxed elementor-section-height-default elementor-section-height-default\" data-id=\"c9612b9\" data-element_type=\"section\">\n\t\t\t\t\t\t<div class=\"elementor-container elementor-column-gap-default\">\n\t\t\t\t\t<div class=\"elementor-column elementor-col-100 elementor-inner-column elementor-element elementor-element-5390f68\" data-id=\"5390f68\" data-element_type=\"column\">\n\t\t\t<div class=\"elementor-widget-wrap elementor-element-populated\">\n\t\t\t\t\t\t<div class=\"elementor-element elementor-element-84615c3 elementor-widget elementor-widget-text-editor\" data-id=\"84615c3\" data-element_type=\"widget\" data-widget_type=\"text-editor.default\">\n\t\t\t\t<div class=\"elementor-widget-container\">\n\t\t\t\t\t\t\t\t\t<p>Tingueu en compte que <strong>les reserves s\u00f3n obligat\u00f2ries<\/strong> per a tots els grups escolars que visitin el museu.<\/p>\n\t\t\t\t\t\t\t\t<\/div>\n\t\t\t\t<\/div>\n\t\t\t\t\t<\/div>\n\t\t<\/div>\n\t\t\t\t\t<\/div>\n\t\t<\/section>\n\t\t\t\t\t<\/div>\n\t\t<\/div>\n\t\t\t\t\t<\/div>\n\t\t<\/section>\n\t\t\t\t<\/div>\n\t\t\t\t<\/div>\n\t\t\t\t\t\t<\/div>\n\t\t\t\t<\/div>\n\t\t\t\t\t<\/div>\n\t\t<\/div>\n\t\t\t\t\t<\/div>\n\t\t<\/section>\n\t\t\t\t<\/div>\n\t\t","protected":false},"excerpt":{"rendered":"<p>Activitats de vacances Aquest estiu, veniu a descobrir l\u2019univers esportiu amb el casal! Els valors de l\u2019esport s\u00f3n el punt de partida de les activitats del Museu Ol\u00edmpic i de l\u2019Esport Joan Antoni Samaranch, gestionat per la Fundaci\u00f3 Barcelona Ol\u00edmpica. I les vacances d\u2019estiu s\u00f3n una oportunitat per oferir una experi\u00e8ncia significativa a infants i [&hellip;]<\/p>\n","protected":false},"author":6,"featured_media":0,"parent":0,"menu_order":0,"comment_status":"closed","ping_status":"closed","template":"","meta":{"_acf_changed":false,"_price":"","_stock":"","_tribe_ticket_header":"","_tribe_default_ticket_provider":"Tribe__Tickets_Plus__Commerce__WooCommerce__Main","_tribe_ticket_capacity":"0","_ticket_start_date":"","_ticket_end_date":"","_tribe_ticket_show_description":"","_tribe_ticket_show_not_going":false,"_tribe_ticket_use_global_stock":"","_tribe_ticket_global_stock_level":"","_global_stock_mode":"","_global_stock_cap":"","_tribe_rsvp_for_event":"","_tribe_ticket_going_count":"","_tribe_ticket_not_going_count":"","_tribe_tickets_list":"[]","_tribe_ticket_has_attendee_info_fields":false,"footnotes":"","_tec_slr_enabled":"","_tec_slr_layout":""},"class_list":["post-16085","page","type-page","status-publish","hentry"],"acf":[],"yoast_head":"<!-- This site is optimized with the Yoast SEO plugin v23.7 - https:\/\/yoast.com\/wordpress\/plugins\/seo\/ -->\n<title>Activitats de vacances - Museu Ol\u00edmpic i de l&#039;Esport<\/title>\n<meta name=\"robots\" content=\"index, follow, max-snippet:-1, max-image-preview:large, max-video-preview:-1\" \/>\n<link rel=\"canonical\" href=\"https:\/\/www.museuolimpicbcn.cat\/es\/actividades-de-vacaciones\/\" \/>\n<meta property=\"og:locale\" content=\"ca_ES\" \/>\n<meta property=\"og:type\" content=\"article\" \/>\n<meta property=\"og:title\" content=\"Activitats de vacances - Museu Ol\u00edmpic i de l&#039;Esport\" \/>\n<meta property=\"og:description\" content=\"Activitats de vacances Aquest estiu, veniu a descobrir l\u2019univers esportiu amb el casal! Els valors de l\u2019esport s\u00f3n el punt de partida de les activitats del Museu Ol\u00edmpic i de l\u2019Esport Joan Antoni Samaranch, gestionat per la Fundaci\u00f3 Barcelona Ol\u00edmpica. I les vacances d\u2019estiu s\u00f3n una oportunitat per oferir una experi\u00e8ncia significativa a infants i [&hellip;]\" \/>\n<meta property=\"og:url\" content=\"https:\/\/www.museuolimpicbcn.cat\/es\/actividades-de-vacaciones\/\" \/>\n<meta property=\"og:site_name\" content=\"Museu Ol\u00edmpic i de l&#039;Esport\" \/>\n<meta property=\"article:modified_time\" content=\"2026-03-24T16:55:46+00:00\" \/>\n<meta property=\"og:image\" content=\"https:\/\/www.museuolimpicbcn.cat\/wp-content\/uploads\/sites\/2\/2019\/04\/header_img_jordan-2.jpg\" \/>\n<meta name=\"twitter:card\" content=\"summary_large_image\" \/>\n<meta name=\"twitter:label1\" content=\"Temps estimat de lectura\" \/>\n\t<meta name=\"twitter:data1\" content=\"10 minuts\" \/>\n<script type=\"application\/ld+json\" class=\"yoast-schema-graph\">{\"@context\":\"https:\/\/schema.org\",\"@graph\":[{\"@type\":\"WebPage\",\"@id\":\"https:\/\/www.museuolimpicbcn.cat\/es\/actividades-de-vacaciones\/\",\"url\":\"https:\/\/www.museuolimpicbcn.cat\/es\/actividades-de-vacaciones\/\",\"name\":\"Activitats de vacances - Museu Ol\u00edmpic i de l&#039;Esport\",\"isPartOf\":{\"@id\":\"https:\/\/www.museuolimpicbcn.cat\/ca\/#website\"},\"primaryImageOfPage\":{\"@id\":\"https:\/\/www.museuolimpicbcn.cat\/es\/actividades-de-vacaciones\/#primaryimage\"},\"image\":{\"@id\":\"https:\/\/www.museuolimpicbcn.cat\/es\/actividades-de-vacaciones\/#primaryimage\"},\"thumbnailUrl\":\"https:\/\/www.museuolimpicbcn.cat\/wp-content\/uploads\/sites\/2\/2019\/04\/header_img_jordan-2.jpg\",\"datePublished\":\"2021-05-03T10:57:01+00:00\",\"dateModified\":\"2026-03-24T16:55:46+00:00\",\"breadcrumb\":{\"@id\":\"https:\/\/www.museuolimpicbcn.cat\/es\/actividades-de-vacaciones\/#breadcrumb\"},\"inLanguage\":\"ca\",\"potentialAction\":[{\"@type\":\"ReadAction\",\"target\":[\"https:\/\/www.museuolimpicbcn.cat\/es\/actividades-de-vacaciones\/\"]}]},{\"@type\":\"ImageObject\",\"inLanguage\":\"ca\",\"@id\":\"https:\/\/www.museuolimpicbcn.cat\/es\/actividades-de-vacaciones\/#primaryimage\",\"url\":\"https:\/\/www.museuolimpicbcn.cat\/wp-content\/uploads\/sites\/2\/2019\/04\/header_img_jordan-2.jpg\",\"contentUrl\":\"https:\/\/www.museuolimpicbcn.cat\/wp-content\/uploads\/sites\/2\/2019\/04\/header_img_jordan-2.jpg\"},{\"@type\":\"BreadcrumbList\",\"@id\":\"https:\/\/www.museuolimpicbcn.cat\/es\/actividades-de-vacaciones\/#breadcrumb\",\"itemListElement\":[{\"@type\":\"ListItem\",\"position\":1,\"name\":\"Inici\",\"item\":\"https:\/\/www.museuolimpicbcn.cat\/es\/\"},{\"@type\":\"ListItem\",\"position\":2,\"name\":\"Activitats de vacances\"}]},{\"@type\":\"WebSite\",\"@id\":\"https:\/\/www.museuolimpicbcn.cat\/ca\/#website\",\"url\":\"https:\/\/www.museuolimpicbcn.cat\/ca\/\",\"name\":\"Museu Ol\u00edmpic i de l&#039;Esport\",\"description\":\"Altre lloc Web del Museu Ol\u00edmpic i de l&#039;Esport llocs\",\"publisher\":{\"@id\":\"https:\/\/www.museuolimpicbcn.cat\/ca\/#organization\"},\"potentialAction\":[{\"@type\":\"SearchAction\",\"target\":{\"@type\":\"EntryPoint\",\"urlTemplate\":\"https:\/\/www.museuolimpicbcn.cat\/ca\/?s={search_term_string}\"},\"query-input\":{\"@type\":\"PropertyValueSpecification\",\"valueRequired\":true,\"valueName\":\"search_term_string\"}}],\"inLanguage\":\"ca\"},{\"@type\":\"Organization\",\"@id\":\"https:\/\/www.museuolimpicbcn.cat\/ca\/#organization\",\"name\":\"Museu Ol\u00edmpic i de l&#039;Esport\",\"url\":\"https:\/\/www.museuolimpicbcn.cat\/ca\/\",\"logo\":{\"@type\":\"ImageObject\",\"inLanguage\":\"ca\",\"@id\":\"https:\/\/www.museuolimpicbcn.cat\/ca\/#\/schema\/logo\/image\/\",\"url\":\"https:\/\/www.museuolimpicbcn.cat\/wp-content\/uploads\/sites\/2\/2018\/12\/logo-moe-header.svg\",\"contentUrl\":\"https:\/\/www.museuolimpicbcn.cat\/wp-content\/uploads\/sites\/2\/2018\/12\/logo-moe-header.svg\",\"caption\":\"Museu Ol\u00edmpic i de l&#039;Esport\"},\"image\":{\"@id\":\"https:\/\/www.museuolimpicbcn.cat\/ca\/#\/schema\/logo\/image\/\"}}]}<\/script>\n<!-- \/ Yoast SEO plugin. -->","yoast_head_json":{"title":"Activitats de vacances - Museu Ol\u00edmpic i de l&#039;Esport","robots":{"index":"index","follow":"follow","max-snippet":"max-snippet:-1","max-image-preview":"max-image-preview:large","max-video-preview":"max-video-preview:-1"},"canonical":"https:\/\/www.museuolimpicbcn.cat\/es\/actividades-de-vacaciones\/","og_locale":"ca_ES","og_type":"article","og_title":"Activitats de vacances - Museu Ol\u00edmpic i de l&#039;Esport","og_description":"Activitats de vacances Aquest estiu, veniu a descobrir l\u2019univers esportiu amb el casal! Els valors de l\u2019esport s\u00f3n el punt de partida de les activitats del Museu Ol\u00edmpic i de l\u2019Esport Joan Antoni Samaranch, gestionat per la Fundaci\u00f3 Barcelona Ol\u00edmpica. I les vacances d\u2019estiu s\u00f3n una oportunitat per oferir una experi\u00e8ncia significativa a infants i [&hellip;]","og_url":"https:\/\/www.museuolimpicbcn.cat\/es\/actividades-de-vacaciones\/","og_site_name":"Museu Ol\u00edmpic i de l&#039;Esport","article_modified_time":"2026-03-24T16:55:46+00:00","og_image":[{"url":"https:\/\/www.museuolimpicbcn.cat\/wp-content\/uploads\/sites\/2\/2019\/04\/header_img_jordan-2.jpg"}],"twitter_card":"summary_large_image","twitter_misc":{"Temps estimat de lectura":"10 minuts"},"schema":{"@context":"https:\/\/schema.org","@graph":[{"@type":"WebPage","@id":"https:\/\/www.museuolimpicbcn.cat\/es\/actividades-de-vacaciones\/","url":"https:\/\/www.museuolimpicbcn.cat\/es\/actividades-de-vacaciones\/","name":"Activitats de vacances - Museu Ol\u00edmpic i de l&#039;Esport","isPartOf":{"@id":"https:\/\/www.museuolimpicbcn.cat\/ca\/#website"},"primaryImageOfPage":{"@id":"https:\/\/www.museuolimpicbcn.cat\/es\/actividades-de-vacaciones\/#primaryimage"},"image":{"@id":"https:\/\/www.museuolimpicbcn.cat\/es\/actividades-de-vacaciones\/#primaryimage"},"thumbnailUrl":"https:\/\/www.museuolimpicbcn.cat\/wp-content\/uploads\/sites\/2\/2019\/04\/header_img_jordan-2.jpg","datePublished":"2021-05-03T10:57:01+00:00","dateModified":"2026-03-24T16:55:46+00:00","breadcrumb":{"@id":"https:\/\/www.museuolimpicbcn.cat\/es\/actividades-de-vacaciones\/#breadcrumb"},"inLanguage":"ca","potentialAction":[{"@type":"ReadAction","target":["https:\/\/www.museuolimpicbcn.cat\/es\/actividades-de-vacaciones\/"]}]},{"@type":"ImageObject","inLanguage":"ca","@id":"https:\/\/www.museuolimpicbcn.cat\/es\/actividades-de-vacaciones\/#primaryimage","url":"https:\/\/www.museuolimpicbcn.cat\/wp-content\/uploads\/sites\/2\/2019\/04\/header_img_jordan-2.jpg","contentUrl":"https:\/\/www.museuolimpicbcn.cat\/wp-content\/uploads\/sites\/2\/2019\/04\/header_img_jordan-2.jpg"},{"@type":"BreadcrumbList","@id":"https:\/\/www.museuolimpicbcn.cat\/es\/actividades-de-vacaciones\/#breadcrumb","itemListElement":[{"@type":"ListItem","position":1,"name":"Inici","item":"https:\/\/www.museuolimpicbcn.cat\/es\/"},{"@type":"ListItem","position":2,"name":"Activitats de vacances"}]},{"@type":"WebSite","@id":"https:\/\/www.museuolimpicbcn.cat\/ca\/#website","url":"https:\/\/www.museuolimpicbcn.cat\/ca\/","name":"Museu Ol\u00edmpic i de l&#039;Esport","description":"Altre lloc Web del Museu Ol\u00edmpic i de l&#039;Esport llocs","publisher":{"@id":"https:\/\/www.museuolimpicbcn.cat\/ca\/#organization"},"potentialAction":[{"@type":"SearchAction","target":{"@type":"EntryPoint","urlTemplate":"https:\/\/www.museuolimpicbcn.cat\/ca\/?s={search_term_string}"},"query-input":{"@type":"PropertyValueSpecification","valueRequired":true,"valueName":"search_term_string"}}],"inLanguage":"ca"},{"@type":"Organization","@id":"https:\/\/www.museuolimpicbcn.cat\/ca\/#organization","name":"Museu Ol\u00edmpic i de l&#039;Esport","url":"https:\/\/www.museuolimpicbcn.cat\/ca\/","logo":{"@type":"ImageObject","inLanguage":"ca","@id":"https:\/\/www.museuolimpicbcn.cat\/ca\/#\/schema\/logo\/image\/","url":"https:\/\/www.museuolimpicbcn.cat\/wp-content\/uploads\/sites\/2\/2018\/12\/logo-moe-header.svg","contentUrl":"https:\/\/www.museuolimpicbcn.cat\/wp-content\/uploads\/sites\/2\/2018\/12\/logo-moe-header.svg","caption":"Museu Ol\u00edmpic i de l&#039;Esport"},"image":{"@id":"https:\/\/www.museuolimpicbcn.cat\/ca\/#\/schema\/logo\/image\/"}}]}},"ticketed":false,"_links":{"self":[{"href":"https:\/\/www.museuolimpicbcn.cat\/ca\/wp-json\/wp\/v2\/pages\/16085"}],"collection":[{"href":"https:\/\/www.museuolimpicbcn.cat\/ca\/wp-json\/wp\/v2\/pages"}],"about":[{"href":"https:\/\/www.museuolimpicbcn.cat\/ca\/wp-json\/wp\/v2\/types\/page"}],"author":[{"embeddable":true,"href":"https:\/\/www.museuolimpicbcn.cat\/ca\/wp-json\/wp\/v2\/users\/6"}],"replies":[{"embeddable":true,"href":"https:\/\/www.museuolimpicbcn.cat\/ca\/wp-json\/wp\/v2\/comments?post=16085"}],"version-history":[{"count":133,"href":"https:\/\/www.museuolimpicbcn.cat\/ca\/wp-json\/wp\/v2\/pages\/16085\/revisions"}],"predecessor-version":[{"id":49069,"href":"https:\/\/www.museuolimpicbcn.cat\/ca\/wp-json\/wp\/v2\/pages\/16085\/revisions\/49069"}],"wp:attachment":[{"href":"https:\/\/www.museuolimpicbcn.cat\/ca\/wp-json\/wp\/v2\/media?parent=16085"}],"curies":[{"name":"wp","href":"https:\/\/api.w.org\/{rel}","templated":true}]}}