{"id":16380,"date":"2019-03-19T12:05:45","date_gmt":"2019-03-19T11:05:45","guid":{"rendered":"https:\/\/dev.museuolimpicbcn.cat\/lloguer-despais\/"},"modified":"2020-01-09T14:36:16","modified_gmt":"2020-01-09T13:36:16","slug":"lloguer-espais","status":"publish","type":"page","link":"https:\/\/www.museuolimpicbcn.cat\/ca\/lloguer-espais\/","title":{"rendered":"Lloguer d&#8217;espais"},"content":{"rendered":"\t\t<div data-elementor-type=\"wp-post\" data-elementor-id=\"16380\" class=\"elementor elementor-16380 elementor-874\" data-elementor-post-type=\"page\">\n\t\t\t\t\t\t<section class=\"elementor-section elementor-top-section elementor-element elementor-element-4dcb2296 l-padding--top elementor-section-boxed elementor-section-height-default elementor-section-height-default\" data-id=\"4dcb2296\" data-element_type=\"section\">\n\t\t\t\t\t\t<div class=\"elementor-container elementor-column-gap-default\">\n\t\t\t\t\t<div class=\"elementor-column elementor-col-100 elementor-top-column elementor-element elementor-element-52f80153\" data-id=\"52f80153\" data-element_type=\"column\">\n\t\t\t<div class=\"elementor-widget-wrap elementor-element-populated\">\n\t\t\t\t\t\t<div class=\"elementor-element elementor-element-8f22da3 elementor-widget elementor-widget-text-editor\" data-id=\"8f22da3\" data-element_type=\"widget\" data-widget_type=\"text-editor.default\">\n\t\t\t\t<div class=\"elementor-widget-container\">\n\t\t\t\t\t\t\t\t\t<h1>Lloguer d&#8217;espais<\/h1>\n\t\t\t\t\t\t\t\t<\/div>\n\t\t\t\t<\/div>\n\t\t\t\t\t<\/div>\n\t\t<\/div>\n\t\t\t\t\t<\/div>\n\t\t<\/section>\n\t\t\t\t<section class=\"elementor-section elementor-top-section elementor-element elementor-element-70ce536 moe-slides elementor-section-boxed elementor-section-height-default elementor-section-height-default\" data-id=\"70ce536\" data-element_type=\"section\">\n\t\t\t\t\t\t<div class=\"elementor-container elementor-column-gap-no\">\n\t\t\t\t\t<div class=\"elementor-column elementor-col-100 elementor-top-column elementor-element elementor-element-152f8ef\" data-id=\"152f8ef\" data-element_type=\"column\">\n\t\t\t<div class=\"elementor-widget-wrap elementor-element-populated\">\n\t\t\t\t\t\t<div class=\"elementor-element elementor-element-d6d56c5 elementor--h-position-center elementor--v-position-middle elementor-arrows-position-inside elementor-widget elementor-widget-slides\" data-id=\"d6d56c5\" data-element_type=\"widget\" data-settings=\"{&quot;navigation&quot;:&quot;arrows&quot;,&quot;infinite&quot;:&quot;yes&quot;,&quot;transition&quot;:&quot;slide&quot;,&quot;transition_speed&quot;:500}\" data-widget_type=\"slides.default\">\n\t\t\t\t<div class=\"elementor-widget-container\">\n\t\t\t\t\t\t\t\t\t<div class=\"elementor-swiper\">\n\t\t\t\t\t<div class=\"elementor-slides-wrapper elementor-main-swiper swiper\" role=\"region\" aria-roledescription=\"carousel\" aria-label=\"Diapositives\" dir=\"ltr\" data-animation=\"\">\n\t\t\t\t<div class=\"swiper-wrapper elementor-slides\">\n\t\t\t\t\t\t\t\t\t\t<div class=\"elementor-repeater-item-bed0d25 swiper-slide\" role=\"group\" aria-roledescription=\"slide\"><div class=\"swiper-slide-bg elementor-ken-burns elementor-ken-burns--in\" role=\"img\"><\/div><a class=\"swiper-slide-inner\" href=\"#\"><div class=\"swiper-slide-contents\"><div class=\"elementor-slide-heading\">Recepci\u00f3 BCN Sports Film Festival<\/div><\/div><\/a><\/div><div class=\"elementor-repeater-item-4247cb8 swiper-slide\" role=\"group\" aria-roledescription=\"slide\"><div class=\"swiper-slide-bg elementor-ken-burns elementor-ken-burns--in\" role=\"img\"><\/div><a class=\"swiper-slide-inner\" href=\"#\"><div class=\"swiper-slide-contents\"><div class=\"elementor-slide-heading\">Pitching internacional<\/div><\/div><\/a><\/div><div class=\"elementor-repeater-item-99000bf swiper-slide\" role=\"group\" aria-roledescription=\"slide\"><div class=\"swiper-slide-bg elementor-ken-burns elementor-ken-burns--in\" role=\"img\"><\/div><a class=\"swiper-slide-inner\" href=\"#\"><div class=\"swiper-slide-contents\"><div class=\"elementor-slide-heading\">Confer\u00e8ncies: El valor de l'esport al segle XXI<\/div><\/div><\/a><\/div><div class=\"elementor-repeater-item-65a0397 swiper-slide\" role=\"group\" aria-roledescription=\"slide\"><div class=\"swiper-slide-bg elementor-ken-burns elementor-ken-burns--in\" role=\"img\"><\/div><a class=\"swiper-slide-inner\" href=\"#\"><div class=\"swiper-slide-contents\"><div class=\"elementor-slide-heading\">Cocktail BCN Sports Film Festival<\/div><\/div><\/a><\/div><div class=\"elementor-repeater-item-6cd58ad swiper-slide\" role=\"group\" aria-roledescription=\"slide\"><div class=\"swiper-slide-bg\" role=\"img\"><\/div><div class=\"swiper-slide-inner\" ><div class=\"swiper-slide-contents\"><div class=\"elementor-slide-heading\">Presentaci\u00f3 Canal Esport3 de TV3<\/div><\/div><\/div><\/div><div class=\"elementor-repeater-item-fe48ef0 swiper-slide\" role=\"group\" aria-roledescription=\"slide\"><div class=\"swiper-slide-bg elementor-ken-burns elementor-ken-burns--in\" role=\"img\"><\/div><a class=\"swiper-slide-inner\" href=\"#\"><div class=\"swiper-slide-contents\"><div class=\"elementor-slide-heading\">Jornades Cruyff Institute<\/div><\/div><\/a><\/div>\t\t\t\t<\/div>\n\t\t\t\t\t\t\t\t\t\t\t\t\t\t\t<div class=\"elementor-swiper-button elementor-swiper-button-prev\" role=\"button\" tabindex=\"0\" aria-label=\"Previous slide\">\n\t\t\t\t\t\t\t<i aria-hidden=\"true\" class=\"eicon-chevron-left\"><\/i>\t\t\t\t\t\t<\/div>\n\t\t\t\t\t\t<div class=\"elementor-swiper-button elementor-swiper-button-next\" role=\"button\" tabindex=\"0\" aria-label=\"Next slide\">\n\t\t\t\t\t\t\t<i aria-hidden=\"true\" class=\"eicon-chevron-right\"><\/i>\t\t\t\t\t\t<\/div>\n\t\t\t\t\t\t\t\t\t\t\t\t\t\t\t\t\t<\/div>\n\t\t\t\t<\/div>\n\t\t\t\t\t\t\t\t<\/div>\n\t\t\t\t<\/div>\n\t\t\t\t\t<\/div>\n\t\t<\/div>\n\t\t\t\t\t<\/div>\n\t\t<\/section>\n\t\t\t\t<section class=\"elementor-section elementor-top-section elementor-element elementor-element-a7ac364 l-padding--bottom elementor-section-boxed elementor-section-height-default elementor-section-height-default\" data-id=\"a7ac364\" data-element_type=\"section\">\n\t\t\t\t\t\t<div class=\"elementor-container elementor-column-gap-default\">\n\t\t\t\t\t<div class=\"elementor-column elementor-col-100 elementor-top-column elementor-element elementor-element-77d7630\" data-id=\"77d7630\" data-element_type=\"column\">\n\t\t\t<div class=\"elementor-widget-wrap elementor-element-populated\">\n\t\t\t\t\t\t<section class=\"elementor-section elementor-inner-section elementor-element elementor-element-fe10c25 elementor-section-full_width l-padding--top elementor-section-height-default elementor-section-height-default\" data-id=\"fe10c25\" data-element_type=\"section\">\n\t\t\t\t\t\t<div class=\"elementor-container elementor-column-gap-default\">\n\t\t\t\t\t<div class=\"elementor-column elementor-col-100 elementor-inner-column elementor-element elementor-element-9621863\" data-id=\"9621863\" data-element_type=\"column\">\n\t\t\t<div class=\"elementor-widget-wrap elementor-element-populated\">\n\t\t\t\t\t\t<div class=\"elementor-element elementor-element-a3f0cb9 elementor-widget elementor-widget-text-editor\" data-id=\"a3f0cb9\" data-element_type=\"widget\" data-widget_type=\"text-editor.default\">\n\t\t\t\t<div class=\"elementor-widget-container\">\n\t\t\t\t\t\t\t\t\t<p class=\"intro\">El museu disposa de diversos espais vers\u00e0tils i segregables amb caracter\u00edstiques id\u00f2nies per acollir diferents tipus d&#8217;esdeveniments: confer\u00e8ncies, assemblees, rodes de premsa, festes, etc.<\/p>\n\t\t\t\t\t\t\t\t<\/div>\n\t\t\t\t<\/div>\n\t\t\t\t\t<\/div>\n\t\t<\/div>\n\t\t\t\t\t<\/div>\n\t\t<\/section>\n\t\t\t\t<section class=\"elementor-section elementor-inner-section elementor-element elementor-element-7658c04 elementor-section-full_width moe-50-50-img-text l-gutter l-padding--top elementor-section-height-default elementor-section-height-default\" data-id=\"7658c04\" data-element_type=\"section\">\n\t\t\t\t\t\t<div class=\"elementor-container elementor-column-gap-default\">\n\t\t\t\t\t<div class=\"elementor-column elementor-col-50 elementor-inner-column elementor-element elementor-element-2e74ee9\" data-id=\"2e74ee9\" data-element_type=\"column\">\n\t\t\t<div class=\"elementor-widget-wrap elementor-element-populated\">\n\t\t\t\t\t\t<div class=\"elementor-element elementor-element-785a0db elementor-widget elementor-widget-image\" data-id=\"785a0db\" data-element_type=\"widget\" data-widget_type=\"image.default\">\n\t\t\t\t<div class=\"elementor-widget-container\">\n\t\t\t\t\t\t\t\t\t\t\t\t\t\t\t<img fetchpriority=\"high\" decoding=\"async\" width=\"900\" height=\"600\" src=\"https:\/\/www.museuolimpicbcn.cat\/wp-content\/uploads\/sites\/2\/2019\/03\/museu-olimpic-bcn-alquiler-espacios-03.jpg\" class=\"attachment-full size-full wp-image-16612\" alt=\"\" srcset=\"https:\/\/www.museuolimpicbcn.cat\/wp-content\/uploads\/sites\/2\/2019\/03\/museu-olimpic-bcn-alquiler-espacios-03.jpg 900w, https:\/\/www.museuolimpicbcn.cat\/wp-content\/uploads\/sites\/2\/2019\/03\/museu-olimpic-bcn-alquiler-espacios-03-300x200.jpg 300w, https:\/\/www.museuolimpicbcn.cat\/wp-content\/uploads\/sites\/2\/2019\/03\/museu-olimpic-bcn-alquiler-espacios-03-768x512.jpg 768w\" sizes=\"(max-width: 900px) 100vw, 900px\" \/>\t\t\t\t\t\t\t\t\t\t\t\t\t\t\t<\/div>\n\t\t\t\t<\/div>\n\t\t\t\t\t<\/div>\n\t\t<\/div>\n\t\t\t\t<div class=\"elementor-column elementor-col-50 elementor-inner-column elementor-element elementor-element-a2372d3 l-margin--mob\" data-id=\"a2372d3\" data-element_type=\"column\">\n\t\t\t<div class=\"elementor-widget-wrap elementor-element-populated\">\n\t\t\t\t\t\t<div class=\"elementor-element elementor-element-99ab7cd elementor-widget elementor-widget-heading\" data-id=\"99ab7cd\" data-element_type=\"widget\" data-widget_type=\"heading.default\">\n\t\t\t\t<div class=\"elementor-widget-container\">\n\t\t\t\t\t<h3 class=\"elementor-heading-title elementor-size-default\">Sala Polivalent<\/h3>\t\t\t\t<\/div>\n\t\t\t\t<\/div>\n\t\t\t\t<div class=\"elementor-element elementor-element-23edaba elementor-widget elementor-widget-text-editor\" data-id=\"23edaba\" data-element_type=\"widget\" data-widget_type=\"text-editor.default\">\n\t\t\t\t<div class=\"elementor-widget-container\">\n\t\t\t\t\t\t\t\t\t<p>Espai polivalent idoni per a la celebraci\u00f3 de c\u00f2ctels, presentacions i recepcions. La seva versatilitat permet al client la possibilitat de personalitzar l&#8217;espai amb la seva marca, missatge corporatiu o campanya.<\/p>\n<ul class=\"moe-list\">\n<li>Superf\u00edcie: 350 m<sup>2<\/sup><\/li>\n<li>Al\u00e7ada: 5 m<\/li>\n<li>300 pax. (c\u00f2ctels i recepcions)<\/li>\n<li>150 pax. (banquets de petit format)<\/li>\n<li>Servei de restauraci\u00f3 en exclusivitat<\/li>\n<\/ul>\n\t\t\t\t\t\t\t\t<\/div>\n\t\t\t\t<\/div>\n\t\t\t\t<div class=\"elementor-element elementor-element-466d993 elementor-widget elementor-widget-text-editor\" data-id=\"466d993\" data-element_type=\"widget\" data-widget_type=\"text-editor.default\">\n\t\t\t\t<div class=\"elementor-widget-container\">\n\t\t\t\t\t\t\t\t\t<p><a class=\"lnk\" href=\"https:\/\/www.museuolimpicbcn.cat\/ca\/lloguer-espais\/sala-polivalent\/\">M\u00e9s detalls<\/a><\/p>\n\t\t\t\t\t\t\t\t<\/div>\n\t\t\t\t<\/div>\n\t\t\t\t\t<\/div>\n\t\t<\/div>\n\t\t\t\t\t<\/div>\n\t\t<\/section>\n\t\t\t\t<section class=\"elementor-section elementor-inner-section elementor-element elementor-element-7a8cd9a elementor-section-full_width moe-50-50-img-text l-gutter l-padding--top elementor-section-height-default elementor-section-height-default\" data-id=\"7a8cd9a\" data-element_type=\"section\">\n\t\t\t\t\t\t<div class=\"elementor-container elementor-column-gap-default\">\n\t\t\t\t\t<div class=\"elementor-column elementor-col-50 elementor-inner-column elementor-element elementor-element-50c0a8c\" data-id=\"50c0a8c\" data-element_type=\"column\">\n\t\t\t<div class=\"elementor-widget-wrap elementor-element-populated\">\n\t\t\t\t\t\t<div class=\"elementor-element elementor-element-dcce827 elementor-widget elementor-widget-image\" data-id=\"dcce827\" data-element_type=\"widget\" data-widget_type=\"image.default\">\n\t\t\t\t<div class=\"elementor-widget-container\">\n\t\t\t\t\t\t\t\t\t\t\t\t\t\t\t<img decoding=\"async\" width=\"1200\" height=\"800\" src=\"https:\/\/www.museuolimpicbcn.cat\/wp-content\/uploads\/sites\/2\/2019\/03\/museu-olimpic-bcn-auditori_03-1.jpg\" class=\"attachment-full size-full wp-image-16615\" alt=\"\" srcset=\"https:\/\/www.museuolimpicbcn.cat\/wp-content\/uploads\/sites\/2\/2019\/03\/museu-olimpic-bcn-auditori_03-1.jpg 1200w, https:\/\/www.museuolimpicbcn.cat\/wp-content\/uploads\/sites\/2\/2019\/03\/museu-olimpic-bcn-auditori_03-1-300x200.jpg 300w, https:\/\/www.museuolimpicbcn.cat\/wp-content\/uploads\/sites\/2\/2019\/03\/museu-olimpic-bcn-auditori_03-1-768x512.jpg 768w, https:\/\/www.museuolimpicbcn.cat\/wp-content\/uploads\/sites\/2\/2019\/03\/museu-olimpic-bcn-auditori_03-1-1024x683.jpg 1024w\" sizes=\"(max-width: 1200px) 100vw, 1200px\" \/>\t\t\t\t\t\t\t\t\t\t\t\t\t\t\t<\/div>\n\t\t\t\t<\/div>\n\t\t\t\t\t<\/div>\n\t\t<\/div>\n\t\t\t\t<div class=\"elementor-column elementor-col-50 elementor-inner-column elementor-element elementor-element-27c297d l-margin--mob\" data-id=\"27c297d\" data-element_type=\"column\">\n\t\t\t<div class=\"elementor-widget-wrap elementor-element-populated\">\n\t\t\t\t\t\t<div class=\"elementor-element elementor-element-9e58818 elementor-widget elementor-widget-heading\" data-id=\"9e58818\" data-element_type=\"widget\" data-widget_type=\"heading.default\">\n\t\t\t\t<div class=\"elementor-widget-container\">\n\t\t\t\t\t<h3 class=\"elementor-heading-title elementor-size-default\">Auditori<\/h3>\t\t\t\t<\/div>\n\t\t\t\t<\/div>\n\t\t\t\t<div class=\"elementor-element elementor-element-41fdcd1 elementor-widget elementor-widget-text-editor\" data-id=\"41fdcd1\" data-element_type=\"widget\" data-widget_type=\"text-editor.default\">\n\t\t\t\t<div class=\"elementor-widget-container\">\n\t\t\t\t\t\t\t\t\t<p>Amb capacitat per a 120 persones assegudes, l&#8217;auditori gran del Museu Ol\u00edmpic \u00e9s l&#8217;espai perfecte per a projeccions, presentacions, confer\u00e8ncies i lliuraments de premis.<\/p>\n<ul class=\"moe-list\">\n<li>Superf\u00edcie: 160m<sup>2<\/sup><\/li>\n<li>Escenari de 8 x 2,17 m<\/li>\n<li>Pantalla de 5 m de llarg per 3,75 m<\/li>\n<li>Cabina d&#8217;audiovisuals<\/li>\n<\/ul>\n\t\t\t\t\t\t\t\t<\/div>\n\t\t\t\t<\/div>\n\t\t\t\t<div class=\"elementor-element elementor-element-c43e201 elementor-widget elementor-widget-text-editor\" data-id=\"c43e201\" data-element_type=\"widget\" data-widget_type=\"text-editor.default\">\n\t\t\t\t<div class=\"elementor-widget-container\">\n\t\t\t\t\t\t\t\t\t<p><a class=\"lnk\" href=\"https:\/\/www.museuolimpicbcn.cat\/ca\/lloguer-espais\/auditori\/\">M\u00e9s detalls<\/a><\/p>\n\t\t\t\t\t\t\t\t<\/div>\n\t\t\t\t<\/div>\n\t\t\t\t\t<\/div>\n\t\t<\/div>\n\t\t\t\t\t<\/div>\n\t\t<\/section>\n\t\t\t\t<section class=\"elementor-section elementor-inner-section elementor-element elementor-element-ca52804 elementor-section-full_width moe-50-50-img-text l-gutter l-padding--top elementor-section-height-default elementor-section-height-default\" data-id=\"ca52804\" data-element_type=\"section\">\n\t\t\t\t\t\t<div class=\"elementor-container elementor-column-gap-default\">\n\t\t\t\t\t<div class=\"elementor-column elementor-col-50 elementor-inner-column elementor-element elementor-element-3b9d0fd\" data-id=\"3b9d0fd\" data-element_type=\"column\">\n\t\t\t<div class=\"elementor-widget-wrap elementor-element-populated\">\n\t\t\t\t\t\t<div class=\"elementor-element elementor-element-d44e196 elementor-widget elementor-widget-image\" data-id=\"d44e196\" data-element_type=\"widget\" data-widget_type=\"image.default\">\n\t\t\t\t<div class=\"elementor-widget-container\">\n\t\t\t\t\t\t\t\t\t\t\t\t\t\t\t<img decoding=\"async\" width=\"1099\" height=\"733\" src=\"https:\/\/www.museuolimpicbcn.cat\/wp-content\/uploads\/sites\/2\/2019\/03\/museu-olimpic-bcn-auditori-b_03-1.jpg\" class=\"attachment-full size-full wp-image-16618\" alt=\"\" srcset=\"https:\/\/www.museuolimpicbcn.cat\/wp-content\/uploads\/sites\/2\/2019\/03\/museu-olimpic-bcn-auditori-b_03-1.jpg 1099w, https:\/\/www.museuolimpicbcn.cat\/wp-content\/uploads\/sites\/2\/2019\/03\/museu-olimpic-bcn-auditori-b_03-1-300x200.jpg 300w, https:\/\/www.museuolimpicbcn.cat\/wp-content\/uploads\/sites\/2\/2019\/03\/museu-olimpic-bcn-auditori-b_03-1-768x512.jpg 768w, https:\/\/www.museuolimpicbcn.cat\/wp-content\/uploads\/sites\/2\/2019\/03\/museu-olimpic-bcn-auditori-b_03-1-1024x683.jpg 1024w\" sizes=\"(max-width: 1099px) 100vw, 1099px\" \/>\t\t\t\t\t\t\t\t\t\t\t\t\t\t\t<\/div>\n\t\t\t\t<\/div>\n\t\t\t\t\t<\/div>\n\t\t<\/div>\n\t\t\t\t<div class=\"elementor-column elementor-col-50 elementor-inner-column elementor-element elementor-element-0542578 l-margin--mob\" data-id=\"0542578\" data-element_type=\"column\">\n\t\t\t<div class=\"elementor-widget-wrap elementor-element-populated\">\n\t\t\t\t\t\t<div class=\"elementor-element elementor-element-25cbfff elementor-widget elementor-widget-heading\" data-id=\"25cbfff\" data-element_type=\"widget\" data-widget_type=\"heading.default\">\n\t\t\t\t<div class=\"elementor-widget-container\">\n\t\t\t\t\t<h3 class=\"elementor-heading-title elementor-size-default\">Auditori B<\/h3>\t\t\t\t<\/div>\n\t\t\t\t<\/div>\n\t\t\t\t<div class=\"elementor-element elementor-element-fbf2698 elementor-widget elementor-widget-text-editor\" data-id=\"fbf2698\" data-element_type=\"widget\" data-widget_type=\"text-editor.default\">\n\t\t\t\t<div class=\"elementor-widget-container\">\n\t\t\t\t\t\t\t\t\t<p>Amb capacitat per a 50 persones assegudes, l&#8217;auditori petit \u00e9s un espai acollidor de gran calidesa per a petits actes i presentacions.<\/p>\n<ul class=\"moe-list\">\n<li>Superf\u00edcie: 96 m<sup>2<\/sup><\/li>\n<li>Pantalla<\/li>\n<li>Cabina d&#8217;audiovisuals<\/li>\n<li>So<\/li>\n<\/ul>\n\t\t\t\t\t\t\t\t<\/div>\n\t\t\t\t<\/div>\n\t\t\t\t<div class=\"elementor-element elementor-element-b02c2ee elementor-widget elementor-widget-text-editor\" data-id=\"b02c2ee\" data-element_type=\"widget\" data-widget_type=\"text-editor.default\">\n\t\t\t\t<div class=\"elementor-widget-container\">\n\t\t\t\t\t\t\t\t\t<p><a class=\"lnk\" href=\"https:\/\/www.museuolimpicbcn.cat\/ca\/lloguer-espais\/auditori-b\/\">M\u00e9s detalls<\/a><\/p>\n\t\t\t\t\t\t\t\t<\/div>\n\t\t\t\t<\/div>\n\t\t\t\t\t<\/div>\n\t\t<\/div>\n\t\t\t\t\t<\/div>\n\t\t<\/section>\n\t\t\t\t<section class=\"elementor-section elementor-inner-section elementor-element elementor-element-81f6d7a elementor-section-full_width moe-50-50-img-text l-gutter l-padding--top elementor-section-height-default elementor-section-height-default\" data-id=\"81f6d7a\" data-element_type=\"section\">\n\t\t\t\t\t\t<div class=\"elementor-container elementor-column-gap-default\">\n\t\t\t\t\t<div class=\"elementor-column elementor-col-50 elementor-inner-column elementor-element elementor-element-568f3e4\" data-id=\"568f3e4\" data-element_type=\"column\">\n\t\t\t<div class=\"elementor-widget-wrap elementor-element-populated\">\n\t\t\t\t\t\t<div class=\"elementor-element elementor-element-0b0ff39 elementor-widget elementor-widget-image\" data-id=\"0b0ff39\" data-element_type=\"widget\" data-widget_type=\"image.default\">\n\t\t\t\t<div class=\"elementor-widget-container\">\n\t\t\t\t\t\t\t\t\t\t\t\t\t\t\t<img loading=\"lazy\" decoding=\"async\" width=\"1024\" height=\"683\" src=\"https:\/\/www.museuolimpicbcn.cat\/wp-content\/uploads\/sites\/2\/2019\/03\/museu-olimpic-bcn-cafeteria_02-1-1024x683.jpg\" class=\"attachment-large size-large wp-image-16621\" alt=\"\" srcset=\"https:\/\/www.museuolimpicbcn.cat\/wp-content\/uploads\/sites\/2\/2019\/03\/museu-olimpic-bcn-cafeteria_02-1-1024x683.jpg 1024w, https:\/\/www.museuolimpicbcn.cat\/wp-content\/uploads\/sites\/2\/2019\/03\/museu-olimpic-bcn-cafeteria_02-1-300x200.jpg 300w, https:\/\/www.museuolimpicbcn.cat\/wp-content\/uploads\/sites\/2\/2019\/03\/museu-olimpic-bcn-cafeteria_02-1-768x512.jpg 768w, https:\/\/www.museuolimpicbcn.cat\/wp-content\/uploads\/sites\/2\/2019\/03\/museu-olimpic-bcn-cafeteria_02-1.jpg 1200w\" sizes=\"(max-width: 1024px) 100vw, 1024px\" \/>\t\t\t\t\t\t\t\t\t\t\t\t\t\t\t<\/div>\n\t\t\t\t<\/div>\n\t\t\t\t\t<\/div>\n\t\t<\/div>\n\t\t\t\t<div class=\"elementor-column elementor-col-50 elementor-inner-column elementor-element elementor-element-61707aa l-margin--mob\" data-id=\"61707aa\" data-element_type=\"column\">\n\t\t\t<div class=\"elementor-widget-wrap elementor-element-populated\">\n\t\t\t\t\t\t<div class=\"elementor-element elementor-element-2dd06ab elementor-widget elementor-widget-heading\" data-id=\"2dd06ab\" data-element_type=\"widget\" data-widget_type=\"heading.default\">\n\t\t\t\t<div class=\"elementor-widget-container\">\n\t\t\t\t\t<h3 class=\"elementor-heading-title elementor-size-default\">Caf\u00e8 del Museu<\/h3>\t\t\t\t<\/div>\n\t\t\t\t<\/div>\n\t\t\t\t<div class=\"elementor-element elementor-element-bcf209f elementor-widget elementor-widget-text-editor\" data-id=\"bcf209f\" data-element_type=\"widget\" data-widget_type=\"text-editor.default\">\n\t\t\t\t<div class=\"elementor-widget-container\">\n\t\t\t\t\t\t\t\t\t<p>El restaurant cafeteria es troba al primer pis del Museu Ol\u00edmpic i de l&#8217;Esport Joan Antoni Samaranch, en un espai agradable amb vistes a l\u2019interior del museu i terrassa a l\u2019aire lliure.<\/p>\n<ul class=\"moe-list\">\n<li>Superf\u00edcie: 96 m<sup>2<\/sup><\/li>\n<\/ul>\n\t\t\t\t\t\t\t\t<\/div>\n\t\t\t\t<\/div>\n\t\t\t\t<div class=\"elementor-element elementor-element-1739ef3 elementor-widget elementor-widget-text-editor\" data-id=\"1739ef3\" data-element_type=\"widget\" data-widget_type=\"text-editor.default\">\n\t\t\t\t<div class=\"elementor-widget-container\">\n\t\t\t\t\t\t\t\t\t<p><a class=\"lnk\" href=\"https:\/\/www.museuolimpicbcn.cat\/ca\/cafe-del-museu\/\">M\u00e9s detalls<\/a><\/p>\n\t\t\t\t\t\t\t\t<\/div>\n\t\t\t\t<\/div>\n\t\t\t\t\t<\/div>\n\t\t<\/div>\n\t\t\t\t\t<\/div>\n\t\t<\/section>\n\t\t\t\t<section class=\"elementor-section elementor-inner-section elementor-element elementor-element-d6b3725 elementor-section-full_width moe-50-50-img-text l-gutter l-padding--top elementor-section-height-default elementor-section-height-default\" data-id=\"d6b3725\" data-element_type=\"section\">\n\t\t\t\t\t\t<div class=\"elementor-container elementor-column-gap-default\">\n\t\t\t\t\t<div class=\"elementor-column elementor-col-50 elementor-inner-column elementor-element elementor-element-516827f\" data-id=\"516827f\" data-element_type=\"column\">\n\t\t\t<div class=\"elementor-widget-wrap elementor-element-populated\">\n\t\t\t\t\t\t<div class=\"elementor-element elementor-element-ac37730 elementor-widget elementor-widget-image\" data-id=\"ac37730\" data-element_type=\"widget\" data-widget_type=\"image.default\">\n\t\t\t\t<div class=\"elementor-widget-container\">\n\t\t\t\t\t\t\t\t\t\t\t\t\t\t\t<img loading=\"lazy\" decoding=\"async\" width=\"900\" height=\"600\" src=\"https:\/\/www.museuolimpicbcn.cat\/wp-content\/uploads\/sites\/2\/2019\/02\/museu-olimpic-bcn-hall.jpg\" class=\"attachment-large size-large wp-image-4081\" alt=\"\" srcset=\"https:\/\/www.museuolimpicbcn.cat\/wp-content\/uploads\/sites\/2\/2019\/02\/museu-olimpic-bcn-hall.jpg 900w, https:\/\/www.museuolimpicbcn.cat\/wp-content\/uploads\/sites\/2\/2019\/02\/museu-olimpic-bcn-hall-300x200.jpg 300w, https:\/\/www.museuolimpicbcn.cat\/wp-content\/uploads\/sites\/2\/2019\/02\/museu-olimpic-bcn-hall-768x512.jpg 768w\" sizes=\"(max-width: 900px) 100vw, 900px\" \/>\t\t\t\t\t\t\t\t\t\t\t\t\t\t\t<\/div>\n\t\t\t\t<\/div>\n\t\t\t\t\t<\/div>\n\t\t<\/div>\n\t\t\t\t<div class=\"elementor-column elementor-col-50 elementor-inner-column elementor-element elementor-element-57ebab0 l-margin--mob\" data-id=\"57ebab0\" data-element_type=\"column\">\n\t\t\t<div class=\"elementor-widget-wrap elementor-element-populated\">\n\t\t\t\t\t\t<div class=\"elementor-element elementor-element-39c5477 elementor-widget elementor-widget-heading\" data-id=\"39c5477\" data-element_type=\"widget\" data-widget_type=\"heading.default\">\n\t\t\t\t<div class=\"elementor-widget-container\">\n\t\t\t\t\t<h3 class=\"elementor-heading-title elementor-size-default\">Entrada<\/h3>\t\t\t\t<\/div>\n\t\t\t\t<\/div>\n\t\t\t\t<div class=\"elementor-element elementor-element-6cd8965 elementor-widget elementor-widget-text-editor\" data-id=\"6cd8965\" data-element_type=\"widget\" data-widget_type=\"text-editor.default\">\n\t\t\t\t<div class=\"elementor-widget-container\">\n\t\t\t\t\t\t\t\t\t<p>Situada a l\u2019entrada del museu, \u00e9s el punt de trobada dels visitants..<\/p>\n<ul class=\"moe-list\">\n<li>Superficie: 50 m<sup>2<\/sup><\/li>\n<\/ul>\n\t\t\t\t\t\t\t\t<\/div>\n\t\t\t\t<\/div>\n\t\t\t\t<div class=\"elementor-element elementor-element-703cbc5 elementor-widget elementor-widget-text-editor\" data-id=\"703cbc5\" data-element_type=\"widget\" data-widget_type=\"text-editor.default\">\n\t\t\t\t<div class=\"elementor-widget-container\">\n\t\t\t\t\t\t\t\t\t<p><a class=\"lnk\" href=\"https:\/\/www.museuolimpicbcn.cat\/ca\/entrada\/\">M\u00e9s detalls<\/a><\/p>\n\t\t\t\t\t\t\t\t<\/div>\n\t\t\t\t<\/div>\n\t\t\t\t\t<\/div>\n\t\t<\/div>\n\t\t\t\t\t<\/div>\n\t\t<\/section>\n\t\t\t\t\t<\/div>\n\t\t<\/div>\n\t\t\t\t\t<\/div>\n\t\t<\/section>\n\t\t\t\t<section class=\"elementor-section elementor-top-section elementor-element elementor-element-ac003d3 elementor-section-full_width elementor-section-height-default elementor-section-height-default\" data-id=\"ac003d3\" data-element_type=\"section\">\n\t\t\t\t\t\t<div class=\"elementor-container elementor-column-gap-no\">\n\t\t\t\t\t<div class=\"elementor-column elementor-col-100 elementor-top-column elementor-element elementor-element-a2efa2e\" data-id=\"a2efa2e\" data-element_type=\"column\">\n\t\t\t<div class=\"elementor-widget-wrap elementor-element-populated\">\n\t\t\t\t\t\t<div class=\"elementor-element elementor-element-b68bdb7 elementor-widget elementor-widget-template\" data-id=\"b68bdb7\" data-element_type=\"widget\" data-widget_type=\"template.default\">\n\t\t\t\t<div class=\"elementor-widget-container\">\n\t\t\t\t\t\t\t<div class=\"elementor-template\">\n\t\t\t\t\t<div data-elementor-type=\"section\" data-elementor-id=\"4202\" class=\"elementor elementor-4202 elementor-510\" data-elementor-post-type=\"elementor_library\">\n\t\t\t\t\t<section class=\"elementor-section elementor-top-section elementor-element elementor-element-652bac6 elementor-section-full_width moe-bg-blue_dark moe-bg l-padding elementor-section-height-default elementor-section-height-default\" data-id=\"652bac6\" data-element_type=\"section\" data-settings=\"{&quot;background_background&quot;:&quot;classic&quot;}\">\n\t\t\t\t\t\t<div class=\"elementor-container elementor-column-gap-no\">\n\t\t\t\t\t<div class=\"elementor-column elementor-col-100 elementor-top-column elementor-element elementor-element-bc4733a\" data-id=\"bc4733a\" data-element_type=\"column\" data-settings=\"{&quot;background_background&quot;:&quot;classic&quot;}\">\n\t\t\t<div class=\"elementor-widget-wrap elementor-element-populated\">\n\t\t\t\t\t\t<div class=\"elementor-element elementor-element-dae454a elementor-widget elementor-widget-heading\" data-id=\"dae454a\" data-element_type=\"widget\" data-widget_type=\"heading.default\">\n\t\t\t\t<div class=\"elementor-widget-container\">\n\t\t\t\t\t<h2 class=\"elementor-heading-title elementor-size-default\">Vols organitzar un esdeveniment?<\/h2>\t\t\t\t<\/div>\n\t\t\t\t<\/div>\n\t\t\t\t<section class=\"elementor-section elementor-inner-section elementor-element elementor-element-d6bed4a elementor-section-boxed elementor-section-height-default elementor-section-height-default\" data-id=\"d6bed4a\" data-element_type=\"section\">\n\t\t\t\t\t\t<div class=\"elementor-container elementor-column-gap-default\">\n\t\t\t\t\t<div class=\"elementor-column elementor-col-100 elementor-inner-column elementor-element elementor-element-83d198e\" data-id=\"83d198e\" data-element_type=\"column\">\n\t\t\t<div class=\"elementor-widget-wrap elementor-element-populated\">\n\t\t\t\t\t\t<div class=\"elementor-element elementor-element-8ee1de2 elementor-widget elementor-widget-text-editor\" data-id=\"8ee1de2\" data-element_type=\"widget\" data-widget_type=\"text-editor.default\">\n\t\t\t\t<div class=\"elementor-widget-container\">\n\t\t\t\t\t\t\t\t\t<p>El museu disposa de diversos espais vers\u00e0tils i segregables per acollir diferents tipus d&#8217;esdeveniments (confer\u00e8ncies, assemblees, rodes de premsa, festes, etc.)<\/p>\n\t\t\t\t\t\t\t\t<\/div>\n\t\t\t\t<\/div>\n\t\t\t\t\t<\/div>\n\t\t<\/div>\n\t\t\t\t\t<\/div>\n\t\t<\/section>\n\t\t\t\t<div class=\"elementor-element elementor-element-dfb453b elementor-align-center btn btn--inv elementor-widget elementor-widget-button\" data-id=\"dfb453b\" data-element_type=\"widget\" data-widget_type=\"button.default\">\n\t\t\t\t<div class=\"elementor-widget-container\">\n\t\t\t\t\t\t\t\t\t<div class=\"elementor-button-wrapper\">\n\t\t\t\t\t<a class=\"elementor-button elementor-button-link elementor-size-sm\" href=\"https:\/\/www.museuolimpicbcn.cat\/ca\/reserva-del-espais\/\">\n\t\t\t\t\t\t<span class=\"elementor-button-content-wrapper\">\n\t\t\t\t\t\t\t\t\t<span class=\"elementor-button-text\">Informa-te'n<\/span>\n\t\t\t\t\t<\/span>\n\t\t\t\t\t<\/a>\n\t\t\t\t<\/div>\n\t\t\t\t\t\t\t\t<\/div>\n\t\t\t\t<\/div>\n\t\t\t\t\t<\/div>\n\t\t<\/div>\n\t\t\t\t\t<\/div>\n\t\t<\/section>\n\t\t\t\t<\/div>\n\t\t\t\t<\/div>\n\t\t\t\t\t\t<\/div>\n\t\t\t\t<\/div>\n\t\t\t\t\t<\/div>\n\t\t<\/div>\n\t\t\t\t\t<\/div>\n\t\t<\/section>\n\t\t\t\t<\/div>\n\t\t","protected":false},"excerpt":{"rendered":"<p>Lloguer d&#8217;espais Recepci\u00f3 BCN Sports Film FestivalPitching internacionalConfer\u00e8ncies: El valor de l&#8217;esport al segle XXICocktail BCN Sports Film FestivalPresentaci\u00f3 Canal Esport3 de TV3Jornades Cruyff Institute El museu disposa de diversos espais vers\u00e0tils i segregables amb caracter\u00edstiques id\u00f2nies per acollir diferents tipus d&#8217;esdeveniments: confer\u00e8ncies, assemblees, rodes de premsa, festes, etc. Sala Polivalent Espai polivalent idoni per [&hellip;]<\/p>\n","protected":false},"author":4,"featured_media":0,"parent":0,"menu_order":0,"comment_status":"closed","ping_status":"closed","template":"","meta":{"_acf_changed":false,"_price":"","_stock":"","_tribe_ticket_header":"","_tribe_default_ticket_provider":"","_tribe_ticket_capacity":"0","_ticket_start_date":"","_ticket_end_date":"","_tribe_ticket_show_description":"","_tribe_ticket_show_not_going":false,"_tribe_ticket_use_global_stock":"","_tribe_ticket_global_stock_level":"","_global_stock_mode":"","_global_stock_cap":"","_tribe_rsvp_for_event":"","_tribe_ticket_going_count":"","_tribe_ticket_not_going_count":"","_tribe_tickets_list":"[]","_tribe_ticket_has_attendee_info_fields":false,"footnotes":"","_tec_slr_enabled":"","_tec_slr_layout":""},"class_list":["post-16380","page","type-page","status-publish","hentry"],"acf":[],"yoast_head":"<!-- This site is optimized with the Yoast SEO plugin v23.7 - https:\/\/yoast.com\/wordpress\/plugins\/seo\/ -->\n<title>Lloguer d&#039;espais - Museu Ol\u00edmpic i de l&#039;Esport<\/title>\n<meta name=\"robots\" content=\"index, follow, max-snippet:-1, max-image-preview:large, max-video-preview:-1\" \/>\n<link rel=\"canonical\" href=\"https:\/\/www.museuolimpicbcn.cat\/ca\/lloguer-espais\/\" \/>\n<meta property=\"og:locale\" content=\"ca_ES\" \/>\n<meta property=\"og:type\" content=\"article\" \/>\n<meta property=\"og:title\" content=\"Lloguer d&#039;espais - Museu Ol\u00edmpic i de l&#039;Esport\" \/>\n<meta property=\"og:description\" content=\"Lloguer d&#8217;espais Recepci\u00f3 BCN Sports Film FestivalPitching internacionalConfer\u00e8ncies: El valor de l&#8217;esport al segle XXICocktail BCN Sports Film FestivalPresentaci\u00f3 Canal Esport3 de TV3Jornades Cruyff Institute El museu disposa de diversos espais vers\u00e0tils i segregables amb caracter\u00edstiques id\u00f2nies per acollir diferents tipus d&#8217;esdeveniments: confer\u00e8ncies, assemblees, rodes de premsa, festes, etc. Sala Polivalent Espai polivalent idoni per [&hellip;]\" \/>\n<meta property=\"og:url\" content=\"https:\/\/www.museuolimpicbcn.cat\/ca\/lloguer-espais\/\" \/>\n<meta property=\"og:site_name\" content=\"Museu Ol\u00edmpic i de l&#039;Esport\" \/>\n<meta property=\"article:modified_time\" content=\"2020-01-09T13:36:16+00:00\" \/>\n<meta property=\"og:image\" content=\"https:\/\/www.museuolimpicbcn.cat\/wp-content\/uploads\/sites\/2\/2019\/03\/museu-olimpic-bcn-alquiler-espacios-03.jpg\" \/>\n<meta name=\"twitter:card\" content=\"summary_large_image\" \/>\n<meta name=\"twitter:label1\" content=\"Temps estimat de lectura\" \/>\n\t<meta name=\"twitter:data1\" content=\"1 minut\" \/>\n<script type=\"application\/ld+json\" class=\"yoast-schema-graph\">{\"@context\":\"https:\/\/schema.org\",\"@graph\":[{\"@type\":\"WebPage\",\"@id\":\"https:\/\/www.museuolimpicbcn.cat\/ca\/lloguer-espais\/\",\"url\":\"https:\/\/www.museuolimpicbcn.cat\/ca\/lloguer-espais\/\",\"name\":\"Lloguer d'espais - Museu Ol\u00edmpic i de l&#039;Esport\",\"isPartOf\":{\"@id\":\"https:\/\/www.museuolimpicbcn.cat\/ca\/#website\"},\"primaryImageOfPage\":{\"@id\":\"https:\/\/www.museuolimpicbcn.cat\/ca\/lloguer-espais\/#primaryimage\"},\"image\":{\"@id\":\"https:\/\/www.museuolimpicbcn.cat\/ca\/lloguer-espais\/#primaryimage\"},\"thumbnailUrl\":\"https:\/\/www.museuolimpicbcn.cat\/wp-content\/uploads\/sites\/2\/2019\/03\/museu-olimpic-bcn-alquiler-espacios-03.jpg\",\"datePublished\":\"2019-03-19T11:05:45+00:00\",\"dateModified\":\"2020-01-09T13:36:16+00:00\",\"breadcrumb\":{\"@id\":\"https:\/\/www.museuolimpicbcn.cat\/ca\/lloguer-espais\/#breadcrumb\"},\"inLanguage\":\"ca\",\"potentialAction\":[{\"@type\":\"ReadAction\",\"target\":[\"https:\/\/www.museuolimpicbcn.cat\/ca\/lloguer-espais\/\"]}]},{\"@type\":\"ImageObject\",\"inLanguage\":\"ca\",\"@id\":\"https:\/\/www.museuolimpicbcn.cat\/ca\/lloguer-espais\/#primaryimage\",\"url\":\"https:\/\/www.museuolimpicbcn.cat\/wp-content\/uploads\/sites\/2\/2019\/03\/museu-olimpic-bcn-alquiler-espacios-03.jpg\",\"contentUrl\":\"https:\/\/www.museuolimpicbcn.cat\/wp-content\/uploads\/sites\/2\/2019\/03\/museu-olimpic-bcn-alquiler-espacios-03.jpg\"},{\"@type\":\"BreadcrumbList\",\"@id\":\"https:\/\/www.museuolimpicbcn.cat\/ca\/lloguer-espais\/#breadcrumb\",\"itemListElement\":[{\"@type\":\"ListItem\",\"position\":1,\"name\":\"Inici\",\"item\":\"https:\/\/www.museuolimpicbcn.cat\/es\/\"},{\"@type\":\"ListItem\",\"position\":2,\"name\":\"Lloguer d&#8217;espais\"}]},{\"@type\":\"WebSite\",\"@id\":\"https:\/\/www.museuolimpicbcn.cat\/ca\/#website\",\"url\":\"https:\/\/www.museuolimpicbcn.cat\/ca\/\",\"name\":\"Museu Ol\u00edmpic i de l&#039;Esport\",\"description\":\"Altre lloc Web del Museu Ol\u00edmpic i de l&#039;Esport llocs\",\"publisher\":{\"@id\":\"https:\/\/www.museuolimpicbcn.cat\/ca\/#organization\"},\"potentialAction\":[{\"@type\":\"SearchAction\",\"target\":{\"@type\":\"EntryPoint\",\"urlTemplate\":\"https:\/\/www.museuolimpicbcn.cat\/ca\/?s={search_term_string}\"},\"query-input\":{\"@type\":\"PropertyValueSpecification\",\"valueRequired\":true,\"valueName\":\"search_term_string\"}}],\"inLanguage\":\"ca\"},{\"@type\":\"Organization\",\"@id\":\"https:\/\/www.museuolimpicbcn.cat\/ca\/#organization\",\"name\":\"Museu Ol\u00edmpic i de l&#039;Esport\",\"url\":\"https:\/\/www.museuolimpicbcn.cat\/ca\/\",\"logo\":{\"@type\":\"ImageObject\",\"inLanguage\":\"ca\",\"@id\":\"https:\/\/www.museuolimpicbcn.cat\/ca\/#\/schema\/logo\/image\/\",\"url\":\"https:\/\/www.museuolimpicbcn.cat\/wp-content\/uploads\/sites\/2\/2018\/12\/logo-moe-header.svg\",\"contentUrl\":\"https:\/\/www.museuolimpicbcn.cat\/wp-content\/uploads\/sites\/2\/2018\/12\/logo-moe-header.svg\",\"caption\":\"Museu Ol\u00edmpic i de l&#039;Esport\"},\"image\":{\"@id\":\"https:\/\/www.museuolimpicbcn.cat\/ca\/#\/schema\/logo\/image\/\"}}]}<\/script>\n<!-- \/ Yoast SEO plugin. -->","yoast_head_json":{"title":"Lloguer d'espais - Museu Ol\u00edmpic i de l&#039;Esport","robots":{"index":"index","follow":"follow","max-snippet":"max-snippet:-1","max-image-preview":"max-image-preview:large","max-video-preview":"max-video-preview:-1"},"canonical":"https:\/\/www.museuolimpicbcn.cat\/ca\/lloguer-espais\/","og_locale":"ca_ES","og_type":"article","og_title":"Lloguer d'espais - Museu Ol\u00edmpic i de l&#039;Esport","og_description":"Lloguer d&#8217;espais Recepci\u00f3 BCN Sports Film FestivalPitching internacionalConfer\u00e8ncies: El valor de l&#8217;esport al segle XXICocktail BCN Sports Film FestivalPresentaci\u00f3 Canal Esport3 de TV3Jornades Cruyff Institute El museu disposa de diversos espais vers\u00e0tils i segregables amb caracter\u00edstiques id\u00f2nies per acollir diferents tipus d&#8217;esdeveniments: confer\u00e8ncies, assemblees, rodes de premsa, festes, etc. Sala Polivalent Espai polivalent idoni per [&hellip;]","og_url":"https:\/\/www.museuolimpicbcn.cat\/ca\/lloguer-espais\/","og_site_name":"Museu Ol\u00edmpic i de l&#039;Esport","article_modified_time":"2020-01-09T13:36:16+00:00","og_image":[{"url":"https:\/\/www.museuolimpicbcn.cat\/wp-content\/uploads\/sites\/2\/2019\/03\/museu-olimpic-bcn-alquiler-espacios-03.jpg"}],"twitter_card":"summary_large_image","twitter_misc":{"Temps estimat de lectura":"1 minut"},"schema":{"@context":"https:\/\/schema.org","@graph":[{"@type":"WebPage","@id":"https:\/\/www.museuolimpicbcn.cat\/ca\/lloguer-espais\/","url":"https:\/\/www.museuolimpicbcn.cat\/ca\/lloguer-espais\/","name":"Lloguer d'espais - Museu Ol\u00edmpic i de l&#039;Esport","isPartOf":{"@id":"https:\/\/www.museuolimpicbcn.cat\/ca\/#website"},"primaryImageOfPage":{"@id":"https:\/\/www.museuolimpicbcn.cat\/ca\/lloguer-espais\/#primaryimage"},"image":{"@id":"https:\/\/www.museuolimpicbcn.cat\/ca\/lloguer-espais\/#primaryimage"},"thumbnailUrl":"https:\/\/www.museuolimpicbcn.cat\/wp-content\/uploads\/sites\/2\/2019\/03\/museu-olimpic-bcn-alquiler-espacios-03.jpg","datePublished":"2019-03-19T11:05:45+00:00","dateModified":"2020-01-09T13:36:16+00:00","breadcrumb":{"@id":"https:\/\/www.museuolimpicbcn.cat\/ca\/lloguer-espais\/#breadcrumb"},"inLanguage":"ca","potentialAction":[{"@type":"ReadAction","target":["https:\/\/www.museuolimpicbcn.cat\/ca\/lloguer-espais\/"]}]},{"@type":"ImageObject","inLanguage":"ca","@id":"https:\/\/www.museuolimpicbcn.cat\/ca\/lloguer-espais\/#primaryimage","url":"https:\/\/www.museuolimpicbcn.cat\/wp-content\/uploads\/sites\/2\/2019\/03\/museu-olimpic-bcn-alquiler-espacios-03.jpg","contentUrl":"https:\/\/www.museuolimpicbcn.cat\/wp-content\/uploads\/sites\/2\/2019\/03\/museu-olimpic-bcn-alquiler-espacios-03.jpg"},{"@type":"BreadcrumbList","@id":"https:\/\/www.museuolimpicbcn.cat\/ca\/lloguer-espais\/#breadcrumb","itemListElement":[{"@type":"ListItem","position":1,"name":"Inici","item":"https:\/\/www.museuolimpicbcn.cat\/es\/"},{"@type":"ListItem","position":2,"name":"Lloguer d&#8217;espais"}]},{"@type":"WebSite","@id":"https:\/\/www.museuolimpicbcn.cat\/ca\/#website","url":"https:\/\/www.museuolimpicbcn.cat\/ca\/","name":"Museu Ol\u00edmpic i de l&#039;Esport","description":"Altre lloc Web del Museu Ol\u00edmpic i de l&#039;Esport llocs","publisher":{"@id":"https:\/\/www.museuolimpicbcn.cat\/ca\/#organization"},"potentialAction":[{"@type":"SearchAction","target":{"@type":"EntryPoint","urlTemplate":"https:\/\/www.museuolimpicbcn.cat\/ca\/?s={search_term_string}"},"query-input":{"@type":"PropertyValueSpecification","valueRequired":true,"valueName":"search_term_string"}}],"inLanguage":"ca"},{"@type":"Organization","@id":"https:\/\/www.museuolimpicbcn.cat\/ca\/#organization","name":"Museu Ol\u00edmpic i de l&#039;Esport","url":"https:\/\/www.museuolimpicbcn.cat\/ca\/","logo":{"@type":"ImageObject","inLanguage":"ca","@id":"https:\/\/www.museuolimpicbcn.cat\/ca\/#\/schema\/logo\/image\/","url":"https:\/\/www.museuolimpicbcn.cat\/wp-content\/uploads\/sites\/2\/2018\/12\/logo-moe-header.svg","contentUrl":"https:\/\/www.museuolimpicbcn.cat\/wp-content\/uploads\/sites\/2\/2018\/12\/logo-moe-header.svg","caption":"Museu Ol\u00edmpic i de l&#039;Esport"},"image":{"@id":"https:\/\/www.museuolimpicbcn.cat\/ca\/#\/schema\/logo\/image\/"}}]}},"ticketed":false,"_links":{"self":[{"href":"https:\/\/www.museuolimpicbcn.cat\/ca\/wp-json\/wp\/v2\/pages\/16380"}],"collection":[{"href":"https:\/\/www.museuolimpicbcn.cat\/ca\/wp-json\/wp\/v2\/pages"}],"about":[{"href":"https:\/\/www.museuolimpicbcn.cat\/ca\/wp-json\/wp\/v2\/types\/page"}],"author":[{"embeddable":true,"href":"https:\/\/www.museuolimpicbcn.cat\/ca\/wp-json\/wp\/v2\/users\/4"}],"replies":[{"embeddable":true,"href":"https:\/\/www.museuolimpicbcn.cat\/ca\/wp-json\/wp\/v2\/comments?post=16380"}],"version-history":[{"count":40,"href":"https:\/\/www.museuolimpicbcn.cat\/ca\/wp-json\/wp\/v2\/pages\/16380\/revisions"}],"predecessor-version":[{"id":24365,"href":"https:\/\/www.museuolimpicbcn.cat\/ca\/wp-json\/wp\/v2\/pages\/16380\/revisions\/24365"}],"wp:attachment":[{"href":"https:\/\/www.museuolimpicbcn.cat\/ca\/wp-json\/wp\/v2\/media?parent=16380"}],"curies":[{"name":"wp","href":"https:\/\/api.w.org\/{rel}","templated":true}]}}