{"id":16642,"date":"2019-03-21T10:19:20","date_gmt":"2019-03-21T09:19:20","guid":{"rendered":"https:\/\/dev.museuolimpicbcn.cat\/politica-de-privacitat-i-proteccio-de-dades\/"},"modified":"2019-04-08T09:32:05","modified_gmt":"2019-04-08T07:32:05","slug":"politica-de-privacitat-i-proteccio-de-dades","status":"publish","type":"page","link":"https:\/\/www.museuolimpicbcn.cat\/ca\/politica-de-privacitat-i-proteccio-de-dades\/","title":{"rendered":"Pol\u00edtica de privacitat i protecci\u00f3 de dades"},"content":{"rendered":"\t\t<div data-elementor-type=\"wp-post\" data-elementor-id=\"16642\" class=\"elementor elementor-16642 elementor-4372\" data-elementor-post-type=\"page\">\n\t\t\t\t\t\t<section class=\"elementor-section elementor-top-section elementor-element elementor-element-6bb602e l-padding elementor-section-boxed elementor-section-height-default elementor-section-height-default\" data-id=\"6bb602e\" data-element_type=\"section\">\n\t\t\t\t\t\t<div class=\"elementor-container elementor-column-gap-default\">\n\t\t\t\t\t<div class=\"elementor-column elementor-col-100 elementor-top-column elementor-element elementor-element-ed6328b\" data-id=\"ed6328b\" data-element_type=\"column\">\n\t\t\t<div class=\"elementor-widget-wrap elementor-element-populated\">\n\t\t\t\t\t\t<section class=\"elementor-section elementor-inner-section elementor-element elementor-element-f0b0e5d elementor-section-boxed elementor-section-height-default elementor-section-height-default\" data-id=\"f0b0e5d\" data-element_type=\"section\">\n\t\t\t\t\t\t<div class=\"elementor-container elementor-column-gap-default\">\n\t\t\t\t\t<div class=\"elementor-column elementor-col-100 elementor-inner-column elementor-element elementor-element-7ec85ed\" data-id=\"7ec85ed\" data-element_type=\"column\">\n\t\t\t<div class=\"elementor-widget-wrap elementor-element-populated\">\n\t\t\t\t\t\t<div class=\"elementor-element elementor-element-efa29cb elementor-widget elementor-widget-text-editor\" data-id=\"efa29cb\" data-element_type=\"widget\" data-widget_type=\"text-editor.default\">\n\t\t\t\t<div class=\"elementor-widget-container\">\n\t\t\t\t\t\t\t\t\t<h2>Pol\u00edtica de privacitat i protecci\u00f3 de dades<\/h2>\n<h3>Responsable del tractament:<\/h3>\n<p>Raz\u00f3 Social: Fundaci\u00f3 Barcelona Ol\u00edmpica<br \/>\nDomicili Social: Avinguda de l\u2019Estadi, 60 &#8211; Barcelona 08038<br \/>\nCorreu electr\u00f2nic: <a href=\"mailto:protecciodades@fbolimpica.es\" target=\"_blank\" rel=\"noopener\">protecciodades@fbolimpica.es<\/a><br \/>\nNIF: G-60309655<\/p>\n<p>A trav\u00e9s del present av\u00eds, la Fundaci\u00f3 informa als usuaris del lloc web que, en compliment del Reglament (UE) 2016\/679 del Parlament Europeu i del Consell de 27 d\u2019abril de 2016 relatiu a la Protecci\u00f3 de les Persones F\u00edsiques respecte al tractament de dades personals i a la lliure circulaci\u00f3 de dades (en endavant, RGPD) i la Llei Org\u00e0nica 3\/2018, de 5 de desembre, de protecci\u00f3 de dades de car\u00e0cter personal i garantia dels drets digitals (LOPDGDD), les dades personals facilitades seran incorporades al nostre fitxer titularitat de la Fundaci\u00f3 Barcelona Ol\u00edmpica amb domicili a l\u2019Avinguda de l\u2019Estadi, 60 de Barcelona 08038.<\/p>\n<p>L\u2019acc\u00e9s al nostre espai Web no exigeix que l\u2019usuari realitzi un registre previ. Tanmateix, l\u2019acc\u00e9s i navegaci\u00f3 a trav\u00e9s d\u2019aquest espai Web suposa que l\u2019usuari accepta en la seva totalitat la present pol\u00edtica de privacitat i la de cookies.<\/p>\n<h4>I. Legitimaci\u00f3 del tractament<\/h4>\n<p>La legitimaci\u00f3 per dur a terme el tractament de les dades dels usuaris es troba en el consentiment de l\u2019interessat, sol\u00b7licitat pel cas concret.<br \/>\nPer la seva banda, la gesti\u00f3 de la contractaci\u00f3 de serveis, pagament, facturaci\u00f3 i enviaments corresponents, est\u00e0 legitimada per la pr\u00f2pia execuci\u00f3 del contracte.<\/p>\n<p>El tractament de les dades amb la finalitat de remetre butlletins electr\u00f2nics sobre serveis, esdeveniments, i not\u00edcies relacionades amb la nostra activitat professional, es basa en l\u2019inter\u00e8s leg\u00edtim de la Fundaci\u00f3 per dur a terme aquests tractaments d\u2019acord amb la normativa vigent i el consentiment prestat pels interessats.<\/p>\n<p>En relaci\u00f3 amb la remissi\u00f3 del seu Curr\u00edculum Vitae i inscripcions a ofertes professionals que puguem publicar, la legitimaci\u00f3 del seu tractament es basa en el consentiment de l\u2019usuari que remet les seves dades, el qual pot retirar en qualsevol moment, tot i que aix\u00f2 faria que la seva candidatura no pogu\u00e9s ser tinguda en compte en els nostres processos de selecci\u00f3 de personal. No obstant aix\u00f2, la retirada del seu consentiment no afectar\u00e0 la licitud dels tractaments efectuats amb anterioritat.<\/p>\n<p>Igualment, es podr\u00e0 utilitzar la informaci\u00f3 de l\u2019usuari per al compliment de les diferents obligacions legals de la Fundaci\u00f3.<\/p>\n<h4>II. Finalitat del tractament<\/h4>\n<p>L\u2019informem que es recullen exclusivament aquelles dades necess\u00e0ries pel correcte desenvolupament de la relaci\u00f3 existent entre les parts, i en concret, per alguna\/es de les seg\u00fcents finalitats:<\/p>\n<ul>\n<li>&#8211; Gestionar la contractaci\u00f3 de serveis i aquelles gestions administratives pr\u00f2pies de la relaci\u00f3 comercial existent.<\/li>\n<li>&#8211; Gestionar l\u2019\u00fas de qualsevol d\u2019aquelles funcionalitats que es posa a la seva disposici\u00f3 en aquest espai web, incloent, de forma enunciativa i per tant, no limitativa, la subscripci\u00f3 als butlletins informatius, les consultes o sol\u00b7licituds d\u2019informaci\u00f3 i la subscripci\u00f3 a concursos, esdeveniments.<\/li>\n<li>&#8211; Gestionar la remesa del seu Curr\u00edculum Vitae a trav\u00e9s del formulari habilitat o a trav\u00e9s d\u2019altres mitjans.<\/li>\n<li>&#8211; Als actes celebrats o promoguts per la Fundaci\u00f3 a les instal\u00b7lacions del Museu Ol\u00edmpic i de l&#8217;Esport Joan Antoni Samaranch o qualsevol altre ubicaci\u00f3 que s\u2019hagi considerat oportuna es realitzaran fotografies i v\u00eddeos que seran utilitzats per a la difusi\u00f3 i\/o promoci\u00f3 de les activitats de la Fundaci\u00f3, de manera que tots els assistents autoritzen l\u2019\u00fas i reproducci\u00f3 de les seves imatges o veu mitjan\u00e7ant la pres\u00e8ncia en el propi esdeveniment.<\/li>\n<\/ul>\n<p>L\u2019usuari garanteix l\u2019autenticitat de les dades comunicades i ser\u00e0 l\u2019\u00fanic responsable de les manifestacions falses o inexactes. Les dades de car\u00e0cter personal que ens faciliti seran sempre tractades de conformitat amb el RGPD.<\/p>\n<p>Li comuniquem que la Fundaci\u00f3 \u00e9s el destinatari final d\u2019aquestes dades i \u00e9s qui decideix sobre la finalitat, el contingut i l\u2019\u00fas del tractament de les dades de car\u00e0cter personal que ens facilitin els usuaris.<\/p>\n<h4>III. Comunicaci\u00f3 de dades<\/h4>\n<p>Li recordem que no es realitzaran cessions a tercers, excepte en cas de necessitat per al compliment d\u2019un contracte o prestaci\u00f3 o d\u2019obligaci\u00f3 legal.<\/p>\n<h4>IV. Mesures de seguretat<\/h4>\n<p>D\u2019acord amb la normativa vigent, la Fundaci\u00f3 garanteix que ha adoptat totes les mesures t\u00e8cniques i organitzatives necess\u00e0ries per mantenir el nivell de seguretat requerit en atenci\u00f3 a la naturalesa de les dades personals tractades.<\/p>\n<p>La Fundaci\u00f3 fa pal\u00e8s el seu comprom\u00eds amb la protecci\u00f3 de les dades personals i la privacitat dels usuaris, i porta a terme les mesures de seguretat t\u00e8cniques necess\u00e0ries per tal d\u2019evitar la seva p\u00e8rdua, manipulaci\u00f3, difusi\u00f3 o alteraci\u00f3.<\/p>\n<h4>V. Per\u00edode de conservaci\u00f3 de les dades<\/h4>\n<p>L\u2019informem que les seves dades seran suprimides en el moment que revoqui el seu consentiment, procedint a la seva destrucci\u00f3, excepte en el cas que existeixi una norma legal que requereixi la seva conservaci\u00f3, procedint, en aquest cas, al bloqueig de les dades fins que transcorri el termini de conservaci\u00f3.<\/p>\n<h4>VI. Drets dels usuaris<\/h4>\n<p>Per \u00faltim, tamb\u00e9 l\u2019informem que en qualsevol moment pot exercir els drets d\u2019acc\u00e9s, rectificaci\u00f3, supressi\u00f3, limitaci\u00f3, portabilitat i oposici\u00f3 respecte a les seves dades de car\u00e0cter personal previstos a la normativa en mat\u00e8ria de protecci\u00f3 de dades, enviant un escrit acompanyat d\u2019una fotoc\u00f2pia del document d\u2019identitat al correu electr\u00f2nic de la Fundaci\u00f3\u00a0<a href=\"mailto:protecciodades@fbolimpica.es\" target=\"_blank\" rel=\"noopener\">protecciodades@fbolimpica.es<\/a><\/p>\n<p>En concret pot exercir els drets que es desenvolupen a continuaci\u00f3:<\/p>\n<ul>\n<li>Revocar els consentiments atorgats.<\/li>\n<li>Obtenir confirmaci\u00f3 sobre si la Fundaci\u00f3 est\u00e0 tractant dades personals que li concerneixen o no.<\/li>\n<li>Accedir a les seves dades personals.<\/li>\n<li>Rectificar les dades inexactes o incompletes.<\/li>\n<li>Sol\u00b7licitar la supressi\u00f3 de les seves dades quan, entre altres motius, les dades ja no siguin necess\u00e0ries per a les finalitats per les quals van ser recollides.<\/li>\n<li>Exercir la limitaci\u00f3 del tractament de les dades quan es compleixi alguna de les condicions previstes en la normativa de protecci\u00f3 de dades.<\/li>\n<li>En determinades circumst\u00e0ncies i per motius relacionats amb la seva situaci\u00f3 particular al tractament de les seves dades, els interessats podran oposar-se al tractament de les seves dades. La Fundaci\u00f3 deixar\u00e0 de tractar les dades, excepte per motius leg\u00edtims imperiosos, o l\u2019exercici o la defensa de possibles reclamacions.<\/li>\n<li>Obtenir intervenci\u00f3 humana, a expressar el seu punt de vista i a impugnar les decisions automatitzades adoptades per part de la Fundaci\u00f3, si s\u2019escau.<\/li>\n<li>Sol\u00b7licitar la portabilitat de les seves dades.<\/li>\n<\/ul>\n<p>Aquest lloc web pot contenir enlla\u00e7os a p\u00e0gines externes, la Fundaci\u00f3 no assumeix cap responsabilitat sobre els continguts ni sobre qualsevol altre aspecte relacionat amb aquestes p\u00e0gines o llocs web.<\/p>\n<p>La Fundaci\u00f3 es reserva el dret de modificar la present pol\u00edtica de privacitat d\u2019acord amb al seu propi criteri, o motivat per un canvi legal, jurisprudencial, o doctrinal de l\u2019Ag\u00e8ncia Espanyola de Protecci\u00f3 de Dades. L\u2019\u00fas de la web despr\u00e9s dels canvis, implicar\u00e0 l\u2019acceptaci\u00f3 dels mateixos.<\/p>\n<p>En cas de disconformitat en relaci\u00f3 a la tramitaci\u00f3 de les seves dades pot presentar una reclamaci\u00f3 davant l\u2019Ag\u00e8ncia Espanyola de Protecci\u00f3 de Dades, organisme que ostenta l\u2019autoritat de control en la mat\u00e8ria, ubicada al C\/ Jorge Juan, 6 de Madrid (CP 28001).<\/p>\n\t\t\t\t\t\t\t\t<\/div>\n\t\t\t\t<\/div>\n\t\t\t\t\t<\/div>\n\t\t<\/div>\n\t\t\t\t\t<\/div>\n\t\t<\/section>\n\t\t\t\t\t<\/div>\n\t\t<\/div>\n\t\t\t\t\t<\/div>\n\t\t<\/section>\n\t\t\t\t<\/div>\n\t\t","protected":false},"excerpt":{"rendered":"<p>Pol\u00edtica de privacitat i protecci\u00f3 de dades Responsable del tractament: Raz\u00f3 Social: Fundaci\u00f3 Barcelona Ol\u00edmpica Domicili Social: Avinguda de l\u2019Estadi, 60 &#8211; Barcelona 08038 Correu electr\u00f2nic: protecciodades@fbolimpica.es NIF: G-60309655 A trav\u00e9s del present av\u00eds, la Fundaci\u00f3 informa als usuaris del lloc web que, en compliment del Reglament (UE) 2016\/679 del Parlament Europeu i del Consell [&hellip;]<\/p>\n","protected":false},"author":6,"featured_media":0,"parent":0,"menu_order":0,"comment_status":"closed","ping_status":"closed","template":"","meta":{"_acf_changed":false,"_price":"","_stock":"","_tribe_ticket_header":"","_tribe_default_ticket_provider":"","_tribe_ticket_capacity":"0","_ticket_start_date":"","_ticket_end_date":"","_tribe_ticket_show_description":"","_tribe_ticket_show_not_going":false,"_tribe_ticket_use_global_stock":"","_tribe_ticket_global_stock_level":"","_global_stock_mode":"","_global_stock_cap":"","_tribe_rsvp_for_event":"","_tribe_ticket_going_count":"","_tribe_ticket_not_going_count":"","_tribe_tickets_list":"[]","_tribe_ticket_has_attendee_info_fields":false,"footnotes":"","_tec_slr_enabled":"","_tec_slr_layout":""},"class_list":["post-16642","page","type-page","status-publish","hentry"],"acf":[],"yoast_head":"<!-- This site is optimized with the Yoast SEO plugin v23.7 - https:\/\/yoast.com\/wordpress\/plugins\/seo\/ -->\n<title>Pol\u00edtica de privacitat i protecci\u00f3 de dades - Museu Ol\u00edmpic i de l&#039;Esport<\/title>\n<meta name=\"robots\" content=\"index, follow, max-snippet:-1, max-image-preview:large, max-video-preview:-1\" \/>\n<link rel=\"canonical\" href=\"https:\/\/www.museuolimpicbcn.cat\/ca\/politica-de-privacitat-i-proteccio-de-dades\/\" \/>\n<meta property=\"og:locale\" content=\"ca_ES\" \/>\n<meta property=\"og:type\" content=\"article\" \/>\n<meta property=\"og:title\" content=\"Pol\u00edtica de privacitat i protecci\u00f3 de dades - Museu Ol\u00edmpic i de l&#039;Esport\" \/>\n<meta property=\"og:description\" content=\"Pol\u00edtica de privacitat i protecci\u00f3 de dades Responsable del tractament: Raz\u00f3 Social: Fundaci\u00f3 Barcelona Ol\u00edmpica Domicili Social: Avinguda de l\u2019Estadi, 60 &#8211; Barcelona 08038 Correu electr\u00f2nic: protecciodades@fbolimpica.es NIF: G-60309655 A trav\u00e9s del present av\u00eds, la Fundaci\u00f3 informa als usuaris del lloc web que, en compliment del Reglament (UE) 2016\/679 del Parlament Europeu i del Consell [&hellip;]\" \/>\n<meta property=\"og:url\" content=\"https:\/\/www.museuolimpicbcn.cat\/ca\/politica-de-privacitat-i-proteccio-de-dades\/\" \/>\n<meta property=\"og:site_name\" content=\"Museu Ol\u00edmpic i de l&#039;Esport\" \/>\n<meta property=\"article:modified_time\" content=\"2019-04-08T07:32:05+00:00\" \/>\n<meta name=\"twitter:card\" content=\"summary_large_image\" \/>\n<meta name=\"twitter:label1\" content=\"Temps estimat de lectura\" \/>\n\t<meta name=\"twitter:data1\" content=\"6 minuts\" \/>\n<script type=\"application\/ld+json\" class=\"yoast-schema-graph\">{\"@context\":\"https:\/\/schema.org\",\"@graph\":[{\"@type\":\"WebPage\",\"@id\":\"https:\/\/www.museuolimpicbcn.cat\/ca\/politica-de-privacitat-i-proteccio-de-dades\/\",\"url\":\"https:\/\/www.museuolimpicbcn.cat\/ca\/politica-de-privacitat-i-proteccio-de-dades\/\",\"name\":\"Pol\u00edtica de privacitat i protecci\u00f3 de dades - Museu Ol\u00edmpic i de l&#039;Esport\",\"isPartOf\":{\"@id\":\"https:\/\/www.museuolimpicbcn.cat\/ca\/#website\"},\"datePublished\":\"2019-03-21T09:19:20+00:00\",\"dateModified\":\"2019-04-08T07:32:05+00:00\",\"breadcrumb\":{\"@id\":\"https:\/\/www.museuolimpicbcn.cat\/ca\/politica-de-privacitat-i-proteccio-de-dades\/#breadcrumb\"},\"inLanguage\":\"ca\",\"potentialAction\":[{\"@type\":\"ReadAction\",\"target\":[\"https:\/\/www.museuolimpicbcn.cat\/ca\/politica-de-privacitat-i-proteccio-de-dades\/\"]}]},{\"@type\":\"BreadcrumbList\",\"@id\":\"https:\/\/www.museuolimpicbcn.cat\/ca\/politica-de-privacitat-i-proteccio-de-dades\/#breadcrumb\",\"itemListElement\":[{\"@type\":\"ListItem\",\"position\":1,\"name\":\"Inici\",\"item\":\"https:\/\/www.museuolimpicbcn.cat\/es\/\"},{\"@type\":\"ListItem\",\"position\":2,\"name\":\"Pol\u00edtica de privacitat i protecci\u00f3 de dades\"}]},{\"@type\":\"WebSite\",\"@id\":\"https:\/\/www.museuolimpicbcn.cat\/ca\/#website\",\"url\":\"https:\/\/www.museuolimpicbcn.cat\/ca\/\",\"name\":\"Museu Ol\u00edmpic i de l&#039;Esport\",\"description\":\"Altre lloc Web del Museu Ol\u00edmpic i de l&#039;Esport llocs\",\"publisher\":{\"@id\":\"https:\/\/www.museuolimpicbcn.cat\/ca\/#organization\"},\"potentialAction\":[{\"@type\":\"SearchAction\",\"target\":{\"@type\":\"EntryPoint\",\"urlTemplate\":\"https:\/\/www.museuolimpicbcn.cat\/ca\/?s={search_term_string}\"},\"query-input\":{\"@type\":\"PropertyValueSpecification\",\"valueRequired\":true,\"valueName\":\"search_term_string\"}}],\"inLanguage\":\"ca\"},{\"@type\":\"Organization\",\"@id\":\"https:\/\/www.museuolimpicbcn.cat\/ca\/#organization\",\"name\":\"Museu Ol\u00edmpic i de l&#039;Esport\",\"url\":\"https:\/\/www.museuolimpicbcn.cat\/ca\/\",\"logo\":{\"@type\":\"ImageObject\",\"inLanguage\":\"ca\",\"@id\":\"https:\/\/www.museuolimpicbcn.cat\/ca\/#\/schema\/logo\/image\/\",\"url\":\"https:\/\/www.museuolimpicbcn.cat\/wp-content\/uploads\/sites\/2\/2018\/12\/logo-moe-header.svg\",\"contentUrl\":\"https:\/\/www.museuolimpicbcn.cat\/wp-content\/uploads\/sites\/2\/2018\/12\/logo-moe-header.svg\",\"caption\":\"Museu Ol\u00edmpic i de l&#039;Esport\"},\"image\":{\"@id\":\"https:\/\/www.museuolimpicbcn.cat\/ca\/#\/schema\/logo\/image\/\"}}]}<\/script>\n<!-- \/ Yoast SEO plugin. -->","yoast_head_json":{"title":"Pol\u00edtica de privacitat i protecci\u00f3 de dades - Museu Ol\u00edmpic i de l&#039;Esport","robots":{"index":"index","follow":"follow","max-snippet":"max-snippet:-1","max-image-preview":"max-image-preview:large","max-video-preview":"max-video-preview:-1"},"canonical":"https:\/\/www.museuolimpicbcn.cat\/ca\/politica-de-privacitat-i-proteccio-de-dades\/","og_locale":"ca_ES","og_type":"article","og_title":"Pol\u00edtica de privacitat i protecci\u00f3 de dades - Museu Ol\u00edmpic i de l&#039;Esport","og_description":"Pol\u00edtica de privacitat i protecci\u00f3 de dades Responsable del tractament: Raz\u00f3 Social: Fundaci\u00f3 Barcelona Ol\u00edmpica Domicili Social: Avinguda de l\u2019Estadi, 60 &#8211; Barcelona 08038 Correu electr\u00f2nic: protecciodades@fbolimpica.es NIF: G-60309655 A trav\u00e9s del present av\u00eds, la Fundaci\u00f3 informa als usuaris del lloc web que, en compliment del Reglament (UE) 2016\/679 del Parlament Europeu i del Consell [&hellip;]","og_url":"https:\/\/www.museuolimpicbcn.cat\/ca\/politica-de-privacitat-i-proteccio-de-dades\/","og_site_name":"Museu Ol\u00edmpic i de l&#039;Esport","article_modified_time":"2019-04-08T07:32:05+00:00","twitter_card":"summary_large_image","twitter_misc":{"Temps estimat de lectura":"6 minuts"},"schema":{"@context":"https:\/\/schema.org","@graph":[{"@type":"WebPage","@id":"https:\/\/www.museuolimpicbcn.cat\/ca\/politica-de-privacitat-i-proteccio-de-dades\/","url":"https:\/\/www.museuolimpicbcn.cat\/ca\/politica-de-privacitat-i-proteccio-de-dades\/","name":"Pol\u00edtica de privacitat i protecci\u00f3 de dades - Museu Ol\u00edmpic i de l&#039;Esport","isPartOf":{"@id":"https:\/\/www.museuolimpicbcn.cat\/ca\/#website"},"datePublished":"2019-03-21T09:19:20+00:00","dateModified":"2019-04-08T07:32:05+00:00","breadcrumb":{"@id":"https:\/\/www.museuolimpicbcn.cat\/ca\/politica-de-privacitat-i-proteccio-de-dades\/#breadcrumb"},"inLanguage":"ca","potentialAction":[{"@type":"ReadAction","target":["https:\/\/www.museuolimpicbcn.cat\/ca\/politica-de-privacitat-i-proteccio-de-dades\/"]}]},{"@type":"BreadcrumbList","@id":"https:\/\/www.museuolimpicbcn.cat\/ca\/politica-de-privacitat-i-proteccio-de-dades\/#breadcrumb","itemListElement":[{"@type":"ListItem","position":1,"name":"Inici","item":"https:\/\/www.museuolimpicbcn.cat\/es\/"},{"@type":"ListItem","position":2,"name":"Pol\u00edtica de privacitat i protecci\u00f3 de dades"}]},{"@type":"WebSite","@id":"https:\/\/www.museuolimpicbcn.cat\/ca\/#website","url":"https:\/\/www.museuolimpicbcn.cat\/ca\/","name":"Museu Ol\u00edmpic i de l&#039;Esport","description":"Altre lloc Web del Museu Ol\u00edmpic i de l&#039;Esport llocs","publisher":{"@id":"https:\/\/www.museuolimpicbcn.cat\/ca\/#organization"},"potentialAction":[{"@type":"SearchAction","target":{"@type":"EntryPoint","urlTemplate":"https:\/\/www.museuolimpicbcn.cat\/ca\/?s={search_term_string}"},"query-input":{"@type":"PropertyValueSpecification","valueRequired":true,"valueName":"search_term_string"}}],"inLanguage":"ca"},{"@type":"Organization","@id":"https:\/\/www.museuolimpicbcn.cat\/ca\/#organization","name":"Museu Ol\u00edmpic i de l&#039;Esport","url":"https:\/\/www.museuolimpicbcn.cat\/ca\/","logo":{"@type":"ImageObject","inLanguage":"ca","@id":"https:\/\/www.museuolimpicbcn.cat\/ca\/#\/schema\/logo\/image\/","url":"https:\/\/www.museuolimpicbcn.cat\/wp-content\/uploads\/sites\/2\/2018\/12\/logo-moe-header.svg","contentUrl":"https:\/\/www.museuolimpicbcn.cat\/wp-content\/uploads\/sites\/2\/2018\/12\/logo-moe-header.svg","caption":"Museu Ol\u00edmpic i de l&#039;Esport"},"image":{"@id":"https:\/\/www.museuolimpicbcn.cat\/ca\/#\/schema\/logo\/image\/"}}]}},"ticketed":false,"_links":{"self":[{"href":"https:\/\/www.museuolimpicbcn.cat\/ca\/wp-json\/wp\/v2\/pages\/16642"}],"collection":[{"href":"https:\/\/www.museuolimpicbcn.cat\/ca\/wp-json\/wp\/v2\/pages"}],"about":[{"href":"https:\/\/www.museuolimpicbcn.cat\/ca\/wp-json\/wp\/v2\/types\/page"}],"author":[{"embeddable":true,"href":"https:\/\/www.museuolimpicbcn.cat\/ca\/wp-json\/wp\/v2\/users\/6"}],"replies":[{"embeddable":true,"href":"https:\/\/www.museuolimpicbcn.cat\/ca\/wp-json\/wp\/v2\/comments?post=16642"}],"version-history":[{"count":5,"href":"https:\/\/www.museuolimpicbcn.cat\/ca\/wp-json\/wp\/v2\/pages\/16642\/revisions"}],"predecessor-version":[{"id":21364,"href":"https:\/\/www.museuolimpicbcn.cat\/ca\/wp-json\/wp\/v2\/pages\/16642\/revisions\/21364"}],"wp:attachment":[{"href":"https:\/\/www.museuolimpicbcn.cat\/ca\/wp-json\/wp\/v2\/media?parent=16642"}],"curies":[{"name":"wp","href":"https:\/\/api.w.org\/{rel}","templated":true}]}}