{"id":16698,"date":"2019-03-21T12:46:33","date_gmt":"2019-03-21T11:46:33","guid":{"rendered":"https:\/\/dev.museuolimpicbcn.cat\/fons\/"},"modified":"2019-07-10T16:39:51","modified_gmt":"2019-07-10T14:39:51","slug":"fons","status":"publish","type":"page","link":"https:\/\/www.museuolimpicbcn.cat\/ca\/fons\/","title":{"rendered":"Fons"},"content":{"rendered":"\t\t<div data-elementor-type=\"wp-post\" data-elementor-id=\"16698\" class=\"elementor elementor-16698 elementor-16676\" data-elementor-post-type=\"page\">\n\t\t\t\t\t\t<section class=\"elementor-section elementor-top-section elementor-element elementor-element-0332ecc moe-heading-30 elementor-section-boxed elementor-section-height-default elementor-section-height-default\" data-id=\"0332ecc\" data-element_type=\"section\">\n\t\t\t\t\t\t<div class=\"elementor-container elementor-column-gap-default\">\n\t\t\t\t\t<div class=\"elementor-column elementor-col-50 elementor-top-column elementor-element elementor-element-9a12e7e\" data-id=\"9a12e7e\" data-element_type=\"column\">\n\t\t\t<div class=\"elementor-widget-wrap elementor-element-populated\">\n\t\t\t\t\t\t<section class=\"elementor-section elementor-inner-section elementor-element elementor-element-04c523a elementor-section-boxed elementor-section-height-default elementor-section-height-default\" data-id=\"04c523a\" data-element_type=\"section\">\n\t\t\t\t\t\t<div class=\"elementor-container elementor-column-gap-default\">\n\t\t\t\t\t<div class=\"elementor-column elementor-col-100 elementor-inner-column elementor-element elementor-element-6f6f662\" data-id=\"6f6f662\" data-element_type=\"column\">\n\t\t\t<div class=\"elementor-widget-wrap elementor-element-populated\">\n\t\t\t\t\t\t<div class=\"elementor-element elementor-element-35faf73e elementor-widget elementor-widget-breadcrumbs\" data-id=\"35faf73e\" data-element_type=\"widget\" data-widget_type=\"breadcrumbs.default\">\n\t\t\t\t<div class=\"elementor-widget-container\">\n\t\t\t\t\t<ol class=\"moe-breadcrumbs\" itemscope itemtype=\"https:\/\/schema.org\/BreadcrumbList\"><li itemprop=\"itemListElement\" itemscope itemtype=\"https:\/\/schema.org\/ListItem\"><a href=\"\/ca\/\" title=\"Inici\"><span itemprop=\"name\">Inici<\/span><\/a><meta itemprop=\"position\" content=\"1\" \/><\/li><\/ol>\t\t\t\t<\/div>\n\t\t\t\t<\/div>\n\t\t\t\t<div class=\"elementor-element elementor-element-402267f elementor-widget elementor-widget-heading\" data-id=\"402267f\" data-element_type=\"widget\" data-widget_type=\"heading.default\">\n\t\t\t\t<div class=\"elementor-widget-container\">\n\t\t\t\t\t<h1 class=\"elementor-heading-title elementor-size-default\">Fons<\/h1>\t\t\t\t<\/div>\n\t\t\t\t<\/div>\n\t\t\t\t\t<\/div>\n\t\t<\/div>\n\t\t\t\t\t<\/div>\n\t\t<\/section>\n\t\t\t\t<div class=\"elementor-element elementor-element-7f1fada elementor-widget elementor-widget-text-editor\" data-id=\"7f1fada\" data-element_type=\"widget\" data-widget_type=\"text-editor.default\">\n\t\t\t\t<div class=\"elementor-widget-container\">\n\t\t\t\t\t\t\t\t\t<p>Objectes, documents, publicacions, dossiers i material audiovisual vinculats al m\u00f3n de l&#8217;esport i\/o a la ciutat de Barcelona.<\/p>\n<p>\n\t\t\t\t\t\t\t\t<\/div>\n\t\t\t\t<\/div>\n\t\t\t\t\t<\/div>\n\t\t<\/div>\n\t\t\t\t<div class=\"elementor-column elementor-col-50 elementor-top-column elementor-element elementor-element-3aef240\" data-id=\"3aef240\" data-element_type=\"column\">\n\t\t\t<div class=\"elementor-widget-wrap elementor-element-populated\">\n\t\t\t\t\t\t<section class=\"elementor-section elementor-inner-section elementor-element elementor-element-0b33218 elementor-section-boxed elementor-section-height-default elementor-section-height-default\" data-id=\"0b33218\" data-element_type=\"section\">\n\t\t\t\t\t\t<div class=\"elementor-container elementor-column-gap-default\">\n\t\t\t\t\t<div class=\"elementor-column elementor-col-100 elementor-inner-column elementor-element elementor-element-d4daaa3\" data-id=\"d4daaa3\" data-element_type=\"column\">\n\t\t\t<div class=\"elementor-widget-wrap elementor-element-populated\">\n\t\t\t\t\t\t<div class=\"elementor-element elementor-element-085345e moe-figcaption elementor-widget elementor-widget-text-editor\" data-id=\"085345e\" data-element_type=\"widget\" data-widget_type=\"text-editor.default\">\n\t\t\t\t<div class=\"elementor-widget-container\">\n\t\t\t\t\t\t\t\t\t<p><strong>Guants de boxa antics<\/strong><br \/>\nAnys 50<\/p>\n\t\t\t\t\t\t\t\t<\/div>\n\t\t\t\t<\/div>\n\t\t\t\t<div class=\"elementor-element elementor-element-4386feb elementor-widget elementor-widget-image\" data-id=\"4386feb\" data-element_type=\"widget\" data-widget_type=\"image.default\">\n\t\t\t\t<div class=\"elementor-widget-container\">\n\t\t\t\t\t\t\t\t\t\t\t\t<figure class=\"wp-caption\">\n\t\t\t\t\t\t\t\t\t\t<img fetchpriority=\"high\" decoding=\"async\" width=\"480\" height=\"291\" src=\"https:\/\/www.museuolimpicbcn.cat\/wp-content\/uploads\/sites\/2\/2019\/04\/header_img_guantes-2.jpg\" class=\"attachment-large size-large wp-image-17589\" alt=\"\" srcset=\"https:\/\/www.museuolimpicbcn.cat\/wp-content\/uploads\/sites\/2\/2019\/04\/header_img_guantes-2.jpg 480w, https:\/\/www.museuolimpicbcn.cat\/wp-content\/uploads\/sites\/2\/2019\/04\/header_img_guantes-2-300x182.jpg 300w\" sizes=\"(max-width: 480px) 100vw, 480px\" \/>\t\t\t\t\t\t\t\t\t\t\t<figcaption class=\"widget-image-caption wp-caption-text\"><\/figcaption>\n\t\t\t\t\t\t\t\t\t\t<\/figure>\n\t\t\t\t\t\t\t\t\t<\/div>\n\t\t\t\t<\/div>\n\t\t\t\t\t<\/div>\n\t\t<\/div>\n\t\t\t\t\t<\/div>\n\t\t<\/section>\n\t\t\t\t\t<\/div>\n\t\t<\/div>\n\t\t\t\t\t<\/div>\n\t\t<\/section>\n\t\t\t\t<section class=\"elementor-section elementor-top-section elementor-element elementor-element-632b6bee l-padding--bottom elementor-section-boxed elementor-section-height-default elementor-section-height-default\" data-id=\"632b6bee\" data-element_type=\"section\" data-settings=\"{&quot;background_background&quot;:&quot;classic&quot;}\">\n\t\t\t\t\t\t<div class=\"elementor-container elementor-column-gap-default\">\n\t\t\t\t\t<div class=\"elementor-column elementor-col-100 elementor-top-column elementor-element elementor-element-5da4fb6c\" data-id=\"5da4fb6c\" data-element_type=\"column\">\n\t\t\t<div class=\"elementor-widget-wrap elementor-element-populated\">\n\t\t\t\t\t\t<div class=\"elementor-element elementor-element-c71e444 elementor-widget elementor-widget-spacer\" data-id=\"c71e444\" data-element_type=\"widget\" data-widget_type=\"spacer.default\">\n\t\t\t\t<div class=\"elementor-widget-container\">\n\t\t\t\t\t\t\t<div class=\"elementor-spacer\">\n\t\t\t<div class=\"elementor-spacer-inner\"><\/div>\n\t\t<\/div>\n\t\t\t\t\t\t<\/div>\n\t\t\t\t<\/div>\n\t\t\t\t<div class=\"elementor-element elementor-element-fa3cf09 elementor-widget elementor-widget-text-editor\" data-id=\"fa3cf09\" data-element_type=\"widget\" data-widget_type=\"text-editor.default\">\n\t\t\t\t<div class=\"elementor-widget-container\">\n\t\t\t\t\t\t\t\t\t<p class=\"intro\">El Museu Ol\u00edmpic compta amb diversos fons gestionats per la Fundaci\u00f3 Barcelona Ol\u00edmpica. La gesti\u00f3 d&#8217;aquests fons t\u00e9 com a objecte posar-los a disposici\u00f3 de l&#8217;usuari amb la finalitat de promoure i donar suport a projectes de recerca, debats, grups de discussi\u00f3, publicacions i activitats en general.<\/p>\n<p>Els llibres i documents solament es podran consultar en les instal\u00b7lacions del Centre d&#8217;Estudis Ol\u00edmpics Joan Antoni Samaranch.<\/p>\n\t\t\t\t\t\t\t\t<\/div>\n\t\t\t\t<\/div>\n\t\t\t\t<div class=\"elementor-element elementor-element-381c250 elementor-widget elementor-widget-shortcode\" data-id=\"381c250\" data-element_type=\"widget\" data-widget_type=\"shortcode.default\">\n\t\t\t\t<div class=\"elementor-widget-container\">\n\t\t\t\t\t\t\t<div class=\"elementor-shortcode\">  <div class=\"cpt-grid cpt-grid--doccol\" >\n          \n                  <div class=\"cpt-grid-item cpt-grid-item--doccol\">\n  <div class=\"cpt-grid-item__inside\">\n    <div class=\"cpt-grid-item__content\">\n      <h3><a href=\"https:\/\/www.museuolimpicbcn.cat\/ca\/fons\/enric-truno\/\">Enric Tru\u00f1\u00f3<\/a><\/h3>\n            <div class=\"cpt-grid-item__excerpt\">\n        <p>Enric Tru\u00f1\u00f3 va ser regidor d&#8217;Esports de l&#8217;Ajuntament de Barcelona entre 1981 i 1995 i, per tant, m\u00e0xim responsable municipal de l&#8217;\u00e0mbit esportiu durant l&#8217;organitzaci\u00f3 de Barcelona&#8217;92.<\/p>\n      <\/div><!-- \/.cpt-grid-item__excerpt -->\n            <a href=\"https:\/\/www.museuolimpicbcn.cat\/ca\/fons\/enric-truno\/\" class=\"b-arrow b-arrow--border b-arrow--right\">Enric Tru\u00f1\u00f3<\/a>\n    <\/div><!-- \/.cpt-grid-item__content -->\n  <\/div><!-- \/.cpt-grid-item__inside -->\n<\/div><!-- \/.cpt-grid-item -->                  <div class=\"cpt-grid-item cpt-grid-item--doccol\">\n  <div class=\"cpt-grid-item__inside\">\n    <div class=\"cpt-grid-item__content\">\n      <h3><a href=\"https:\/\/www.museuolimpicbcn.cat\/ca\/fons\/rctb-1899\/\">RCTB-1899<\/a><\/h3>\n            <div class=\"cpt-grid-item__excerpt\">\n        <p>El seu fons bibliogr\u00e0fic, d\u2019objectes i documental \u00e9s un tresor que cont\u00e9 m\u00e9s d&#8217;un segle d&#8217;hist\u00f2ria d&#8217;aquest esport emblem\u00e0tic.<\/p>\n      <\/div><!-- \/.cpt-grid-item__excerpt -->\n            <a href=\"https:\/\/www.museuolimpicbcn.cat\/ca\/fons\/rctb-1899\/\" class=\"b-arrow b-arrow--border b-arrow--right\">RCTB-1899<\/a>\n    <\/div><!-- \/.cpt-grid-item__content -->\n  <\/div><!-- \/.cpt-grid-item__inside -->\n<\/div><!-- \/.cpt-grid-item -->                  <div class=\"cpt-grid-item cpt-grid-item--doccol\">\n  <div class=\"cpt-grid-item__inside\">\n    <div class=\"cpt-grid-item__content\">\n      <h3><a href=\"https:\/\/www.museuolimpicbcn.cat\/ca\/fons\/pedro-hernandez\/\">Pedro Hern\u00e1ndez<\/a><\/h3>\n            <div class=\"cpt-grid-item__excerpt\">\n        <p>Col\u00b7lecci\u00f3 privada de Pedro Hern\u00e1ndez que durant la seva trajectoria profesional com membre del staff de la Federaci\u00f3 Espanyola de Tennis ha recopilat objetes i documents amb un gran valor hist\u00f2ric al m\u00f3n del tennis.<\/p>\n      <\/div><!-- \/.cpt-grid-item__excerpt -->\n            <a href=\"https:\/\/www.museuolimpicbcn.cat\/ca\/fons\/pedro-hernandez\/\" class=\"b-arrow b-arrow--border b-arrow--right\">Pedro Hern\u00e1ndez<\/a>\n    <\/div><!-- \/.cpt-grid-item__content -->\n  <\/div><!-- \/.cpt-grid-item__inside -->\n<\/div><!-- \/.cpt-grid-item -->                  <div class=\"cpt-grid-item cpt-grid-item--doccol\">\n  <div class=\"cpt-grid-item__inside\">\n    <div class=\"cpt-grid-item__content\">\n      <h3><a href=\"https:\/\/www.museuolimpicbcn.cat\/ca\/fons\/ruben-peris\/\">Rub\u00e8n Peris<\/a><\/h3>\n            <div class=\"cpt-grid-item__excerpt\">\n        <p>Rub\u00e8n Peris va ser el responsable de la competici\u00f3 de ciclisme de Barcelona&#8217;92. Despr\u00e9s, ha col\u00b7laborat amb l&#8217;equip espanyol que ha competit en mundials i Jocs Ol\u00edmpics.<\/p>\n      <\/div><!-- \/.cpt-grid-item__excerpt -->\n            <a href=\"https:\/\/www.museuolimpicbcn.cat\/ca\/fons\/ruben-peris\/\" class=\"b-arrow b-arrow--border b-arrow--right\">Rub\u00e8n Peris<\/a>\n    <\/div><!-- \/.cpt-grid-item__content -->\n  <\/div><!-- \/.cpt-grid-item__inside -->\n<\/div><!-- \/.cpt-grid-item -->                  <div class=\"cpt-grid-item cpt-grid-item--doccol\">\n  <div class=\"cpt-grid-item__inside\">\n    <div class=\"cpt-grid-item__content\">\n      <h3><a href=\"https:\/\/www.museuolimpicbcn.cat\/ca\/fons\/jordi-alcover\/\">Jordi Alcover<\/a><\/h3>\n            <div class=\"cpt-grid-item__excerpt\">\n        <p>Jugador, \u00e0rbitre i dirigent d\u2019hoquei sobre herba \u00e9s fam\u00edlia pol\u00edtica del llegendari dirigent esportiu Pau Negre.<\/p>\n      <\/div><!-- \/.cpt-grid-item__excerpt -->\n            <a href=\"https:\/\/www.museuolimpicbcn.cat\/ca\/fons\/jordi-alcover\/\" class=\"b-arrow b-arrow--border b-arrow--right\">Jordi Alcover<\/a>\n    <\/div><!-- \/.cpt-grid-item__content -->\n  <\/div><!-- \/.cpt-grid-item__inside -->\n<\/div><!-- \/.cpt-grid-item -->                  <div class=\"cpt-grid-item cpt-grid-item--doccol\">\n  <div class=\"cpt-grid-item__inside\">\n    <div class=\"cpt-grid-item__content\">\n      <h3><a href=\"https:\/\/www.museuolimpicbcn.cat\/ca\/fons\/lluis-melendez\/\">Llu\u00eds Mel\u00e9ndez<\/a><\/h3>\n            <div class=\"cpt-grid-item__excerpt\">\n        <p>Llu\u00eds Mel\u00e9ndez i Garde\u00f1as va ser l&#8217;impulsor de la marxa atl\u00e8tica a l\u2019Estat espanyol. Va participar en els Jocs Ol\u00edmpics d\u2019Anvers de 1920.<\/p>\n      <\/div><!-- \/.cpt-grid-item__excerpt -->\n            <a href=\"https:\/\/www.museuolimpicbcn.cat\/ca\/fons\/lluis-melendez\/\" class=\"b-arrow b-arrow--border b-arrow--right\">Llu\u00eds Mel\u00e9ndez<\/a>\n    <\/div><!-- \/.cpt-grid-item__content -->\n  <\/div><!-- \/.cpt-grid-item__inside -->\n<\/div><!-- \/.cpt-grid-item -->                  <div class=\"cpt-grid-item cpt-grid-item--doccol\">\n  <div class=\"cpt-grid-item__inside\">\n    <div class=\"cpt-grid-item__content\">\n      <h3><a href=\"https:\/\/www.museuolimpicbcn.cat\/ca\/fons\/barcelona-92\/\">Barcelona&#8217;92<\/a><\/h3>\n            <div class=\"cpt-grid-item__excerpt\">\n        <p>El fons de Barcelona&#8217;92 contempla tota la documentaci\u00f3 relativa a la candidatura, desenvolupament i clausura dels Jocs Ol\u00edmpics de Barcelona. <\/p>\n      <\/div><!-- \/.cpt-grid-item__excerpt -->\n            <a href=\"https:\/\/www.museuolimpicbcn.cat\/ca\/fons\/barcelona-92\/\" class=\"b-arrow b-arrow--border b-arrow--right\">Barcelona&#8217;92<\/a>\n    <\/div><!-- \/.cpt-grid-item__content -->\n  <\/div><!-- \/.cpt-grid-item__inside -->\n<\/div><!-- \/.cpt-grid-item -->                  <div class=\"cpt-grid-item cpt-grid-item--doccol\">\n  <div class=\"cpt-grid-item__inside\">\n    <div class=\"cpt-grid-item__content\">\n      <h3><a href=\"https:\/\/www.museuolimpicbcn.cat\/ca\/fons\/j-a-samaranch\/\">J.A. Samaranch<\/a><\/h3>\n            <div class=\"cpt-grid-item__excerpt\">\n        <p>L\u2019enriquidor fons patrimonial i documental, donat per la seva fam\u00edlia a la Fundaci\u00f3 Barcelona Ol\u00edmpica, recull  la seva traject\u00f2ria com a dirigent de l\u2019esport.<\/p>\n      <\/div><!-- \/.cpt-grid-item__excerpt -->\n            <a href=\"https:\/\/www.museuolimpicbcn.cat\/ca\/fons\/j-a-samaranch\/\" class=\"b-arrow b-arrow--border b-arrow--right\">J.A. Samaranch<\/a>\n    <\/div><!-- \/.cpt-grid-item__content -->\n  <\/div><!-- \/.cpt-grid-item__inside -->\n<\/div><!-- \/.cpt-grid-item -->                  <div class=\"cpt-grid-item cpt-grid-item--doccol\">\n  <div class=\"cpt-grid-item__inside\">\n    <div class=\"cpt-grid-item__content\">\n      <h3><a href=\"https:\/\/www.museuolimpicbcn.cat\/ca\/fons\/javier-del-arco\/\">Javier del Arco<\/a><\/h3>\n            <div class=\"cpt-grid-item__excerpt\">\n        <p>Javier del Arco va saber convertir la seva passi\u00f3 en la seva professi\u00f3 i amb el temps esdevindria un dels m\u00e0xims referents del periodisme del motor al nostre pa\u00eds.<\/p>\n      <\/div><!-- \/.cpt-grid-item__excerpt -->\n            <a href=\"https:\/\/www.museuolimpicbcn.cat\/ca\/fons\/javier-del-arco\/\" class=\"b-arrow b-arrow--border b-arrow--right\">Javier del Arco<\/a>\n    <\/div><!-- \/.cpt-grid-item__content -->\n  <\/div><!-- \/.cpt-grid-item__inside -->\n<\/div><!-- \/.cpt-grid-item -->                  <div class=\"cpt-grid-item cpt-grid-item--doccol\">\n  <div class=\"cpt-grid-item__inside\">\n    <div class=\"cpt-grid-item__content\">\n      <h3><a href=\"https:\/\/www.museuolimpicbcn.cat\/ca\/fons\/real-federacion-espanola-de-deportes-de-invierno\/\">Real Federaci\u00f3n Espa\u00f1ola de Deportes de Invierno<\/a><\/h3>\n            <div class=\"cpt-grid-item__excerpt\">\n        <p>Fons hist\u00f2ric fotogr\u00e0fic, audiovisual i d\u2019hemeroteca de la R.F.E. de Deportes de Invierno que data des dels inicis de l\u2019esqu\u00ed a Espanya, als anys 40, fins a la d\u00e8cada dels \u201990.<\/p>\n      <\/div><!-- \/.cpt-grid-item__excerpt -->\n            <a href=\"https:\/\/www.museuolimpicbcn.cat\/ca\/fons\/real-federacion-espanola-de-deportes-de-invierno\/\" class=\"b-arrow b-arrow--border b-arrow--right\">Real Federaci\u00f3n Espa\u00f1ola de Deportes de Invierno<\/a>\n    <\/div><!-- \/.cpt-grid-item__content -->\n  <\/div><!-- \/.cpt-grid-item__inside -->\n<\/div><!-- \/.cpt-grid-item -->                  <div class=\"cpt-grid-item cpt-grid-item--doccol\">\n  <div class=\"cpt-grid-item__inside\">\n    <div class=\"cpt-grid-item__content\">\n      <h3><a href=\"https:\/\/www.museuolimpicbcn.cat\/ca\/fons\/reial-moto-club-de-catalunya\/\">Reial Moto Club de Catalunya<\/a><\/h3>\n            <div class=\"cpt-grid-item__excerpt\">\n        <p>El RMCC fou un dels pioners, principals impulsors i puntals del motociclisme i de l&#8217;automobilisme a Catalunya.<\/p>\n      <\/div><!-- \/.cpt-grid-item__excerpt -->\n            <a href=\"https:\/\/www.museuolimpicbcn.cat\/ca\/fons\/reial-moto-club-de-catalunya\/\" class=\"b-arrow b-arrow--border b-arrow--right\">Reial Moto Club de Catalunya<\/a>\n    <\/div><!-- \/.cpt-grid-item__content -->\n  <\/div><!-- \/.cpt-grid-item__inside -->\n<\/div><!-- \/.cpt-grid-item -->        \n                \t\t<div data-elementor-type=\"section\" data-elementor-id=\"17027\" class=\"elementor elementor-17027 elementor-17024\" data-elementor-post-type=\"elementor_library\">\n\t\t\t\t\t<section class=\"elementor-section elementor-inner-section elementor-element elementor-element-28abfb3 moe-bg-blue_regular moe-contact elementor-section-boxed elementor-section-height-default elementor-section-height-default\" data-id=\"28abfb3\" data-element_type=\"section\">\n\t\t\t\t\t\t<div class=\"elementor-container elementor-column-gap-default\">\n\t\t\t\t\t<div class=\"elementor-column elementor-col-100 elementor-inner-column elementor-element elementor-element-b4b072e\" data-id=\"b4b072e\" data-element_type=\"column\">\n\t\t\t<div class=\"elementor-widget-wrap elementor-element-populated\">\n\t\t\t\t\t\t<div class=\"elementor-element elementor-element-9543dd9 elementor-widget elementor-widget-text-editor\" data-id=\"9543dd9\" data-element_type=\"widget\" data-widget_type=\"text-editor.default\">\n\t\t\t\t<div class=\"elementor-widget-container\">\n\t\t\t\t\t\t\t\t\t<h4>Per consultar o utilitzar el fons<\/h4>\n<p>Poseu-vos en contacte amb nosaltres per a m\u00e9s detalls.<\/p>\n\t\t\t\t\t\t\t\t<\/div>\n\t\t\t\t<\/div>\n\t\t\t\t<div class=\"elementor-element elementor-element-a8d89b3 btn btn--border elementor-align-center elementor-widget elementor-widget-button\" data-id=\"a8d89b3\" data-element_type=\"widget\" data-widget_type=\"button.default\">\n\t\t\t\t<div class=\"elementor-widget-container\">\n\t\t\t\t\t\t\t\t\t<div class=\"elementor-button-wrapper\">\n\t\t\t\t\t<a class=\"elementor-button elementor-button-link elementor-size-sm\" href=\"#\">\n\t\t\t\t\t\t<span class=\"elementor-button-content-wrapper\">\n\t\t\t\t\t\t\t\t\t<span class=\"elementor-button-text\">Contacta<\/span>\n\t\t\t\t\t<\/span>\n\t\t\t\t\t<\/a>\n\t\t\t\t<\/div>\n\t\t\t\t\t\t\t\t<\/div>\n\t\t\t\t<\/div>\n\t\t\t\t\t<\/div>\n\t\t<\/div>\n\t\t\t\t\t<\/div>\n\t\t<\/section>\n\t\t\t\t<\/div>\n\t\t\n            <\/div><!-- .cpt-grid -->\n<\/div>\n\t\t\t\t\t\t<\/div>\n\t\t\t\t<\/div>\n\t\t\t\t\t<\/div>\n\t\t<\/div>\n\t\t\t\t\t<\/div>\n\t\t<\/section>\n\t\t\t\t<section class=\"elementor-section elementor-top-section elementor-element elementor-element-4efb695 elementor-section-full_width elementor-section-height-default elementor-section-height-default\" data-id=\"4efb695\" data-element_type=\"section\">\n\t\t\t\t\t\t<div class=\"elementor-container elementor-column-gap-no\">\n\t\t\t\t\t<div class=\"elementor-column elementor-col-100 elementor-top-column elementor-element elementor-element-970cf8b\" data-id=\"970cf8b\" data-element_type=\"column\">\n\t\t\t<div class=\"elementor-widget-wrap elementor-element-populated\">\n\t\t\t\t\t\t<div class=\"elementor-element elementor-element-6c20316 elementor-widget elementor-widget-template\" data-id=\"6c20316\" data-element_type=\"widget\" data-widget_type=\"template.default\">\n\t\t\t\t<div class=\"elementor-widget-container\">\n\t\t\t\t\t\t\t<div class=\"elementor-template\">\n\t\t\t\t\t<div data-elementor-type=\"section\" data-elementor-id=\"16692\" class=\"elementor elementor-16692 elementor-16685\" data-elementor-post-type=\"elementor_library\">\n\t\t\t\t\t<section class=\"elementor-section elementor-top-section elementor-element elementor-element-2d13e8b0 elementor-section-full_width  moe-bg l-padding  moe-bg--fondo elementor-section-height-default elementor-section-height-default\" data-id=\"2d13e8b0\" data-element_type=\"section\" data-settings=\"{&quot;background_background&quot;:&quot;classic&quot;}\">\n\t\t\t\t\t\t<div class=\"elementor-container elementor-column-gap-no\">\n\t\t\t\t\t<div class=\"elementor-column elementor-col-100 elementor-top-column elementor-element elementor-element-d14aad6\" data-id=\"d14aad6\" data-element_type=\"column\" data-settings=\"{&quot;background_background&quot;:&quot;classic&quot;}\">\n\t\t\t<div class=\"elementor-widget-wrap elementor-element-populated\">\n\t\t\t\t\t\t<div class=\"elementor-element elementor-element-79b1994a elementor-widget elementor-widget-heading\" data-id=\"79b1994a\" data-element_type=\"widget\" data-widget_type=\"heading.default\">\n\t\t\t\t<div class=\"elementor-widget-container\">\n\t\t\t\t\t<h2 class=\"elementor-heading-title elementor-size-default\">Per consultar o fer servir el fons<\/h2>\t\t\t\t<\/div>\n\t\t\t\t<\/div>\n\t\t\t\t<div class=\"elementor-element elementor-element-7d9080d8 elementor-align-center btn btn--inv elementor-widget elementor-widget-button\" data-id=\"7d9080d8\" data-element_type=\"widget\" data-widget_type=\"button.default\">\n\t\t\t\t<div class=\"elementor-widget-container\">\n\t\t\t\t\t\t\t\t\t<div class=\"elementor-button-wrapper\">\n\t\t\t\t\t<a class=\"elementor-button elementor-button-link elementor-size-sm\" href=\"https:\/\/www.museuolimpicbcn.cat\/ca\/contacte\/#formulario-contacto\">\n\t\t\t\t\t\t<span class=\"elementor-button-content-wrapper\">\n\t\t\t\t\t\t\t\t\t<span class=\"elementor-button-text\">Contacta amb nosaltres<\/span>\n\t\t\t\t\t<\/span>\n\t\t\t\t\t<\/a>\n\t\t\t\t<\/div>\n\t\t\t\t\t\t\t\t<\/div>\n\t\t\t\t<\/div>\n\t\t\t\t\t<\/div>\n\t\t<\/div>\n\t\t\t\t\t<\/div>\n\t\t<\/section>\n\t\t\t\t<\/div>\n\t\t\t\t<\/div>\n\t\t\t\t\t\t<\/div>\n\t\t\t\t<\/div>\n\t\t\t\t\t<\/div>\n\t\t<\/div>\n\t\t\t\t\t<\/div>\n\t\t<\/section>\n\t\t\t\t<\/div>\n\t\t","protected":false},"excerpt":{"rendered":"<p>Fons Objectes, documents, publicacions, dossiers i material audiovisual vinculats al m\u00f3n de l&#8217;esport i\/o a la ciutat de Barcelona. Guants de boxa antics Anys 50 El Museu Ol\u00edmpic compta amb diversos fons gestionats per la Fundaci\u00f3 Barcelona Ol\u00edmpica. La gesti\u00f3 d&#8217;aquests fons t\u00e9 com a objecte posar-los a disposici\u00f3 de l&#8217;usuari amb la finalitat de [&hellip;]<\/p>\n","protected":false},"author":3,"featured_media":0,"parent":0,"menu_order":0,"comment_status":"closed","ping_status":"closed","template":"","meta":{"_acf_changed":false,"_price":"","_stock":"","_tribe_ticket_header":"","_tribe_default_ticket_provider":"","_tribe_ticket_capacity":"0","_ticket_start_date":"","_ticket_end_date":"","_tribe_ticket_show_description":"","_tribe_ticket_show_not_going":false,"_tribe_ticket_use_global_stock":"","_tribe_ticket_global_stock_level":"","_global_stock_mode":"","_global_stock_cap":"","_tribe_rsvp_for_event":"","_tribe_ticket_going_count":"","_tribe_ticket_not_going_count":"","_tribe_tickets_list":"[]","_tribe_ticket_has_attendee_info_fields":false,"footnotes":"","_tec_slr_enabled":"","_tec_slr_layout":""},"class_list":["post-16698","page","type-page","status-publish","hentry"],"acf":[],"yoast_head":"<!-- This site is optimized with the Yoast SEO plugin v23.7 - https:\/\/yoast.com\/wordpress\/plugins\/seo\/ -->\n<title>Fons - Museu Ol\u00edmpic i de l&#039;Esport<\/title>\n<meta name=\"robots\" content=\"index, follow, max-snippet:-1, max-image-preview:large, max-video-preview:-1\" \/>\n<link rel=\"canonical\" href=\"https:\/\/www.museuolimpicbcn.cat\/ca\/fons\/\" \/>\n<meta property=\"og:locale\" content=\"ca_ES\" \/>\n<meta property=\"og:type\" content=\"article\" \/>\n<meta property=\"og:title\" content=\"Fons - Museu Ol\u00edmpic i de l&#039;Esport\" \/>\n<meta property=\"og:description\" content=\"Fons Objectes, documents, publicacions, dossiers i material audiovisual vinculats al m\u00f3n de l&#8217;esport i\/o a la ciutat de Barcelona. Guants de boxa antics Anys 50 El Museu Ol\u00edmpic compta amb diversos fons gestionats per la Fundaci\u00f3 Barcelona Ol\u00edmpica. La gesti\u00f3 d&#8217;aquests fons t\u00e9 com a objecte posar-los a disposici\u00f3 de l&#8217;usuari amb la finalitat de [&hellip;]\" \/>\n<meta property=\"og:url\" content=\"https:\/\/www.museuolimpicbcn.cat\/ca\/fons\/\" \/>\n<meta property=\"og:site_name\" content=\"Museu Ol\u00edmpic i de l&#039;Esport\" \/>\n<meta property=\"article:modified_time\" content=\"2019-07-10T14:39:51+00:00\" \/>\n<meta property=\"og:image\" content=\"https:\/\/dev.museuolimpicbcn.cat\/wp-content\/uploads\/sites\/2\/2019\/04\/header_img_guantes-2.jpg\" \/>\n<meta name=\"twitter:card\" content=\"summary_large_image\" \/>\n<meta name=\"twitter:label1\" content=\"Temps estimat de lectura\" \/>\n\t<meta name=\"twitter:data1\" content=\"1 minut\" \/>\n<script type=\"application\/ld+json\" class=\"yoast-schema-graph\">{\"@context\":\"https:\/\/schema.org\",\"@graph\":[{\"@type\":\"WebPage\",\"@id\":\"https:\/\/www.museuolimpicbcn.cat\/ca\/fons\/\",\"url\":\"https:\/\/www.museuolimpicbcn.cat\/ca\/fons\/\",\"name\":\"Fons - Museu Ol\u00edmpic i de l&#039;Esport\",\"isPartOf\":{\"@id\":\"https:\/\/www.museuolimpicbcn.cat\/ca\/#website\"},\"primaryImageOfPage\":{\"@id\":\"https:\/\/www.museuolimpicbcn.cat\/ca\/fons\/#primaryimage\"},\"image\":{\"@id\":\"https:\/\/www.museuolimpicbcn.cat\/ca\/fons\/#primaryimage\"},\"thumbnailUrl\":\"https:\/\/dev.museuolimpicbcn.cat\/wp-content\/uploads\/sites\/2\/2019\/04\/header_img_guantes-2.jpg\",\"datePublished\":\"2019-03-21T11:46:33+00:00\",\"dateModified\":\"2019-07-10T14:39:51+00:00\",\"breadcrumb\":{\"@id\":\"https:\/\/www.museuolimpicbcn.cat\/ca\/fons\/#breadcrumb\"},\"inLanguage\":\"ca\",\"potentialAction\":[{\"@type\":\"ReadAction\",\"target\":[\"https:\/\/www.museuolimpicbcn.cat\/ca\/fons\/\"]}]},{\"@type\":\"ImageObject\",\"inLanguage\":\"ca\",\"@id\":\"https:\/\/www.museuolimpicbcn.cat\/ca\/fons\/#primaryimage\",\"url\":\"https:\/\/dev.museuolimpicbcn.cat\/wp-content\/uploads\/sites\/2\/2019\/04\/header_img_guantes-2.jpg\",\"contentUrl\":\"https:\/\/dev.museuolimpicbcn.cat\/wp-content\/uploads\/sites\/2\/2019\/04\/header_img_guantes-2.jpg\"},{\"@type\":\"BreadcrumbList\",\"@id\":\"https:\/\/www.museuolimpicbcn.cat\/ca\/fons\/#breadcrumb\",\"itemListElement\":[{\"@type\":\"ListItem\",\"position\":1,\"name\":\"Inici\",\"item\":\"https:\/\/www.museuolimpicbcn.cat\/es\/\"},{\"@type\":\"ListItem\",\"position\":2,\"name\":\"Fons\"}]},{\"@type\":\"WebSite\",\"@id\":\"https:\/\/www.museuolimpicbcn.cat\/ca\/#website\",\"url\":\"https:\/\/www.museuolimpicbcn.cat\/ca\/\",\"name\":\"Museu Ol\u00edmpic i de l&#039;Esport\",\"description\":\"Altre lloc Web del Museu Ol\u00edmpic i de l&#039;Esport llocs\",\"publisher\":{\"@id\":\"https:\/\/www.museuolimpicbcn.cat\/ca\/#organization\"},\"potentialAction\":[{\"@type\":\"SearchAction\",\"target\":{\"@type\":\"EntryPoint\",\"urlTemplate\":\"https:\/\/www.museuolimpicbcn.cat\/ca\/?s={search_term_string}\"},\"query-input\":{\"@type\":\"PropertyValueSpecification\",\"valueRequired\":true,\"valueName\":\"search_term_string\"}}],\"inLanguage\":\"ca\"},{\"@type\":\"Organization\",\"@id\":\"https:\/\/www.museuolimpicbcn.cat\/ca\/#organization\",\"name\":\"Museu Ol\u00edmpic i de l&#039;Esport\",\"url\":\"https:\/\/www.museuolimpicbcn.cat\/ca\/\",\"logo\":{\"@type\":\"ImageObject\",\"inLanguage\":\"ca\",\"@id\":\"https:\/\/www.museuolimpicbcn.cat\/ca\/#\/schema\/logo\/image\/\",\"url\":\"https:\/\/www.museuolimpicbcn.cat\/wp-content\/uploads\/sites\/2\/2018\/12\/logo-moe-header.svg\",\"contentUrl\":\"https:\/\/www.museuolimpicbcn.cat\/wp-content\/uploads\/sites\/2\/2018\/12\/logo-moe-header.svg\",\"caption\":\"Museu Ol\u00edmpic i de l&#039;Esport\"},\"image\":{\"@id\":\"https:\/\/www.museuolimpicbcn.cat\/ca\/#\/schema\/logo\/image\/\"}}]}<\/script>\n<!-- \/ Yoast SEO plugin. -->","yoast_head_json":{"title":"Fons - Museu Ol\u00edmpic i de l&#039;Esport","robots":{"index":"index","follow":"follow","max-snippet":"max-snippet:-1","max-image-preview":"max-image-preview:large","max-video-preview":"max-video-preview:-1"},"canonical":"https:\/\/www.museuolimpicbcn.cat\/ca\/fons\/","og_locale":"ca_ES","og_type":"article","og_title":"Fons - Museu Ol\u00edmpic i de l&#039;Esport","og_description":"Fons Objectes, documents, publicacions, dossiers i material audiovisual vinculats al m\u00f3n de l&#8217;esport i\/o a la ciutat de Barcelona. Guants de boxa antics Anys 50 El Museu Ol\u00edmpic compta amb diversos fons gestionats per la Fundaci\u00f3 Barcelona Ol\u00edmpica. La gesti\u00f3 d&#8217;aquests fons t\u00e9 com a objecte posar-los a disposici\u00f3 de l&#8217;usuari amb la finalitat de [&hellip;]","og_url":"https:\/\/www.museuolimpicbcn.cat\/ca\/fons\/","og_site_name":"Museu Ol\u00edmpic i de l&#039;Esport","article_modified_time":"2019-07-10T14:39:51+00:00","og_image":[{"url":"https:\/\/dev.museuolimpicbcn.cat\/wp-content\/uploads\/sites\/2\/2019\/04\/header_img_guantes-2.jpg"}],"twitter_card":"summary_large_image","twitter_misc":{"Temps estimat de lectura":"1 minut"},"schema":{"@context":"https:\/\/schema.org","@graph":[{"@type":"WebPage","@id":"https:\/\/www.museuolimpicbcn.cat\/ca\/fons\/","url":"https:\/\/www.museuolimpicbcn.cat\/ca\/fons\/","name":"Fons - Museu Ol\u00edmpic i de l&#039;Esport","isPartOf":{"@id":"https:\/\/www.museuolimpicbcn.cat\/ca\/#website"},"primaryImageOfPage":{"@id":"https:\/\/www.museuolimpicbcn.cat\/ca\/fons\/#primaryimage"},"image":{"@id":"https:\/\/www.museuolimpicbcn.cat\/ca\/fons\/#primaryimage"},"thumbnailUrl":"https:\/\/dev.museuolimpicbcn.cat\/wp-content\/uploads\/sites\/2\/2019\/04\/header_img_guantes-2.jpg","datePublished":"2019-03-21T11:46:33+00:00","dateModified":"2019-07-10T14:39:51+00:00","breadcrumb":{"@id":"https:\/\/www.museuolimpicbcn.cat\/ca\/fons\/#breadcrumb"},"inLanguage":"ca","potentialAction":[{"@type":"ReadAction","target":["https:\/\/www.museuolimpicbcn.cat\/ca\/fons\/"]}]},{"@type":"ImageObject","inLanguage":"ca","@id":"https:\/\/www.museuolimpicbcn.cat\/ca\/fons\/#primaryimage","url":"https:\/\/dev.museuolimpicbcn.cat\/wp-content\/uploads\/sites\/2\/2019\/04\/header_img_guantes-2.jpg","contentUrl":"https:\/\/dev.museuolimpicbcn.cat\/wp-content\/uploads\/sites\/2\/2019\/04\/header_img_guantes-2.jpg"},{"@type":"BreadcrumbList","@id":"https:\/\/www.museuolimpicbcn.cat\/ca\/fons\/#breadcrumb","itemListElement":[{"@type":"ListItem","position":1,"name":"Inici","item":"https:\/\/www.museuolimpicbcn.cat\/es\/"},{"@type":"ListItem","position":2,"name":"Fons"}]},{"@type":"WebSite","@id":"https:\/\/www.museuolimpicbcn.cat\/ca\/#website","url":"https:\/\/www.museuolimpicbcn.cat\/ca\/","name":"Museu Ol\u00edmpic i de l&#039;Esport","description":"Altre lloc Web del Museu Ol\u00edmpic i de l&#039;Esport llocs","publisher":{"@id":"https:\/\/www.museuolimpicbcn.cat\/ca\/#organization"},"potentialAction":[{"@type":"SearchAction","target":{"@type":"EntryPoint","urlTemplate":"https:\/\/www.museuolimpicbcn.cat\/ca\/?s={search_term_string}"},"query-input":{"@type":"PropertyValueSpecification","valueRequired":true,"valueName":"search_term_string"}}],"inLanguage":"ca"},{"@type":"Organization","@id":"https:\/\/www.museuolimpicbcn.cat\/ca\/#organization","name":"Museu Ol\u00edmpic i de l&#039;Esport","url":"https:\/\/www.museuolimpicbcn.cat\/ca\/","logo":{"@type":"ImageObject","inLanguage":"ca","@id":"https:\/\/www.museuolimpicbcn.cat\/ca\/#\/schema\/logo\/image\/","url":"https:\/\/www.museuolimpicbcn.cat\/wp-content\/uploads\/sites\/2\/2018\/12\/logo-moe-header.svg","contentUrl":"https:\/\/www.museuolimpicbcn.cat\/wp-content\/uploads\/sites\/2\/2018\/12\/logo-moe-header.svg","caption":"Museu Ol\u00edmpic i de l&#039;Esport"},"image":{"@id":"https:\/\/www.museuolimpicbcn.cat\/ca\/#\/schema\/logo\/image\/"}}]}},"ticketed":false,"_links":{"self":[{"href":"https:\/\/www.museuolimpicbcn.cat\/ca\/wp-json\/wp\/v2\/pages\/16698"}],"collection":[{"href":"https:\/\/www.museuolimpicbcn.cat\/ca\/wp-json\/wp\/v2\/pages"}],"about":[{"href":"https:\/\/www.museuolimpicbcn.cat\/ca\/wp-json\/wp\/v2\/types\/page"}],"author":[{"embeddable":true,"href":"https:\/\/www.museuolimpicbcn.cat\/ca\/wp-json\/wp\/v2\/users\/3"}],"replies":[{"embeddable":true,"href":"https:\/\/www.museuolimpicbcn.cat\/ca\/wp-json\/wp\/v2\/comments?post=16698"}],"version-history":[{"count":11,"href":"https:\/\/www.museuolimpicbcn.cat\/ca\/wp-json\/wp\/v2\/pages\/16698\/revisions"}],"predecessor-version":[{"id":21944,"href":"https:\/\/www.museuolimpicbcn.cat\/ca\/wp-json\/wp\/v2\/pages\/16698\/revisions\/21944"}],"wp:attachment":[{"href":"https:\/\/www.museuolimpicbcn.cat\/ca\/wp-json\/wp\/v2\/media?parent=16698"}],"curies":[{"name":"wp","href":"https:\/\/api.w.org\/{rel}","templated":true}]}}