{"id":17390,"date":"2019-04-03T10:17:14","date_gmt":"2019-04-03T08:17:14","guid":{"rendered":"https:\/\/dev.museuolimpicbcn.cat\/col%c2%b7leccio-permanent\/"},"modified":"2021-04-12T13:23:29","modified_gmt":"2021-04-12T11:23:29","slug":"colleccio-permanent","status":"publish","type":"page","link":"https:\/\/www.museuolimpicbcn.cat\/ca\/colleccio-permanent\/","title":{"rendered":"Col\u00b7lecci\u00f3 permanent"},"content":{"rendered":"\t\t<div data-elementor-type=\"wp-post\" data-elementor-id=\"17390\" class=\"elementor elementor-17390 elementor-17010\" data-elementor-post-type=\"page\">\n\t\t\t\t\t\t<section class=\"elementor-section elementor-top-section elementor-element elementor-element-329d8c2 moe-heading-30 elementor-section-boxed elementor-section-height-default elementor-section-height-default\" data-id=\"329d8c2\" data-element_type=\"section\">\n\t\t\t\t\t\t<div class=\"elementor-container elementor-column-gap-no\">\n\t\t\t\t\t<div class=\"elementor-column elementor-col-50 elementor-top-column elementor-element elementor-element-4374686\" data-id=\"4374686\" data-element_type=\"column\">\n\t\t\t<div class=\"elementor-widget-wrap elementor-element-populated\">\n\t\t\t\t\t\t<section class=\"elementor-section elementor-inner-section elementor-element elementor-element-0afa9af elementor-section-boxed elementor-section-height-default elementor-section-height-default\" data-id=\"0afa9af\" data-element_type=\"section\">\n\t\t\t\t\t\t<div class=\"elementor-container elementor-column-gap-no\">\n\t\t\t\t\t<div class=\"elementor-column elementor-col-100 elementor-inner-column elementor-element elementor-element-e5f9655\" data-id=\"e5f9655\" data-element_type=\"column\">\n\t\t\t<div class=\"elementor-widget-wrap elementor-element-populated\">\n\t\t\t\t\t\t<div class=\"elementor-element elementor-element-d791947 elementor-widget elementor-widget-breadcrumbs\" data-id=\"d791947\" data-element_type=\"widget\" data-widget_type=\"breadcrumbs.default\">\n\t\t\t\t<div class=\"elementor-widget-container\">\n\t\t\t\t\t<ol class=\"moe-breadcrumbs\" itemscope itemtype=\"https:\/\/schema.org\/BreadcrumbList\"><li itemprop=\"itemListElement\" itemscope itemtype=\"https:\/\/schema.org\/ListItem\"><a href=\"\/ca\/\" title=\"Inici\"><span itemprop=\"name\">Inici<\/span><\/a><meta itemprop=\"position\" content=\"1\" \/><\/li><\/ol>\t\t\t\t<\/div>\n\t\t\t\t<\/div>\n\t\t\t\t<div class=\"elementor-element elementor-element-d99affd elementor-widget elementor-widget-heading\" data-id=\"d99affd\" data-element_type=\"widget\" data-widget_type=\"heading.default\">\n\t\t\t\t<div class=\"elementor-widget-container\">\n\t\t\t\t\t<h1 class=\"elementor-heading-title elementor-size-default\">Col\u00b7lecci\u00f3 permanent<\/h1>\t\t\t\t<\/div>\n\t\t\t\t<\/div>\n\t\t\t\t\t<\/div>\n\t\t<\/div>\n\t\t\t\t\t<\/div>\n\t\t<\/section>\n\t\t\t\t<div class=\"elementor-element elementor-element-d7955db elementor-widget elementor-widget-text-editor\" data-id=\"d7955db\" data-element_type=\"widget\" data-widget_type=\"text-editor.default\">\n\t\t\t\t<div class=\"elementor-widget-container\">\n\t\t\t\t\t\t\t\t\t<p>M\u00e9s de 5.000 peces exposades dels esportistes i esdeveniments esportius que formen part de la hist\u00f2ria de l\u2019esport mundial. Destaquem aquelles peces exclusives dels Jocs Ol\u00edmpics de Barcelona \u201992 pertanyents a la Fundaci\u00f3 Barcelona Ol\u00edmpica.<\/p>\n\t\t\t\t\t\t\t\t<\/div>\n\t\t\t\t<\/div>\n\t\t\t\t\t<\/div>\n\t\t<\/div>\n\t\t\t\t<div class=\"elementor-column elementor-col-50 elementor-top-column elementor-element elementor-element-cf747d8\" data-id=\"cf747d8\" data-element_type=\"column\">\n\t\t\t<div class=\"elementor-widget-wrap elementor-element-populated\">\n\t\t\t\t\t\t<section class=\"elementor-section elementor-inner-section elementor-element elementor-element-508ad69 elementor-section-boxed elementor-section-height-default elementor-section-height-default\" data-id=\"508ad69\" data-element_type=\"section\">\n\t\t\t\t\t\t<div class=\"elementor-container elementor-column-gap-default\">\n\t\t\t\t\t<div class=\"elementor-column elementor-col-100 elementor-inner-column elementor-element elementor-element-bf7de24\" data-id=\"bf7de24\" data-element_type=\"column\">\n\t\t\t<div class=\"elementor-widget-wrap elementor-element-populated\">\n\t\t\t\t\t\t\t<\/div>\n\t\t<\/div>\n\t\t\t\t\t<\/div>\n\t\t<\/section>\n\t\t\t\t\t<\/div>\n\t\t<\/div>\n\t\t\t\t\t<\/div>\n\t\t<\/section>\n\t\t\t\t<section class=\"elementor-section elementor-top-section elementor-element elementor-element-10113ba l-padding elementor-section-boxed elementor-section-height-default elementor-section-height-default\" data-id=\"10113ba\" data-element_type=\"section\">\n\t\t\t\t\t\t<div class=\"elementor-container elementor-column-gap-default\">\n\t\t\t\t\t<div class=\"elementor-column elementor-col-100 elementor-top-column elementor-element elementor-element-849e6f6\" data-id=\"849e6f6\" data-element_type=\"column\">\n\t\t\t<div class=\"elementor-widget-wrap elementor-element-populated\">\n\t\t\t\t\t\t<div class=\"elementor-element elementor-element-8484709 elementor-widget elementor-widget-heading\" data-id=\"8484709\" data-element_type=\"widget\" data-widget_type=\"heading.default\">\n\t\t\t\t<div class=\"elementor-widget-container\">\n\t\t\t\t\t<h3 class=\"elementor-heading-title elementor-size-default\">Peces destacades de la col\u00b7lecci\u00f3<\/h3>\t\t\t\t<\/div>\n\t\t\t\t<\/div>\n\t\t\t\t<div class=\"elementor-element elementor-element-1dbb2dc elementor-widget elementor-widget-shortcode\" data-id=\"1dbb2dc\" data-element_type=\"widget\" data-widget_type=\"shortcode.default\">\n\t\t\t\t<div class=\"elementor-widget-container\">\n\t\t\t\t\t\t\t<div class=\"elementor-shortcode\">  <div class=\"cpt-grid cpt-grid--collection\"  data-layout=\"masonry\">\n          \n                  <a href=\"https:\/\/www.museuolimpicbcn.cat\/ca\/colleccio-permanent\/banyador-dali-paola-tirados\/\" class=\"cpt-grid-item cpt-grid-item--collection\">\n  <div class=\"cpt-grid-item__inside\">\n        <div class=\"cpt-grid-item__pic\">\n      <img fetchpriority=\"high\" decoding=\"async\" width=\"3262\" height=\"4887\" src=\"https:\/\/www.museuolimpicbcn.cat\/wp-content\/uploads\/sites\/2\/2019\/03\/Museu-Olimpic-Barcelona-_banyador_Paula_Tirado.jpg\" class=\"attachment-full size-full\" alt=\"Museu Olimpic Barcelona Banyador Paula Tirado\" srcset=\"https:\/\/www.museuolimpicbcn.cat\/wp-content\/uploads\/sites\/2\/2019\/03\/Museu-Olimpic-Barcelona-_banyador_Paula_Tirado.jpg 3262w, https:\/\/www.museuolimpicbcn.cat\/wp-content\/uploads\/sites\/2\/2019\/03\/Museu-Olimpic-Barcelona-_banyador_Paula_Tirado-200x300.jpg 200w, https:\/\/www.museuolimpicbcn.cat\/wp-content\/uploads\/sites\/2\/2019\/03\/Museu-Olimpic-Barcelona-_banyador_Paula_Tirado-768x1151.jpg 768w, https:\/\/www.museuolimpicbcn.cat\/wp-content\/uploads\/sites\/2\/2019\/03\/Museu-Olimpic-Barcelona-_banyador_Paula_Tirado-684x1024.jpg 684w, https:\/\/www.museuolimpicbcn.cat\/wp-content\/uploads\/sites\/2\/2019\/03\/Museu-Olimpic-Barcelona-_banyador_Paula_Tirado-1320x1978.jpg 1320w\" sizes=\"(max-width: 3262px) 100vw, 3262px\" \/>    <\/div><!-- \/.cpt-grid-item__pic -->\n        <div class=\"cpt-grid-item__content\">\n      <h3>Banyador Dal\u00ed &#8211; Paola Tirados<\/h3>\n          <\/div><!-- \/.cpt-grid-item__content -->\n  <\/div><!-- \/.cpt-grid-item__inside -->\n<\/a><!-- \/.cpt-grid-item -->                  <a href=\"https:\/\/www.museuolimpicbcn.cat\/ca\/colleccio-permanent\/esquis-blanca-fernandez-ochoa\/\" class=\"cpt-grid-item cpt-grid-item--collection\">\n  <div class=\"cpt-grid-item__inside\">\n        <div class=\"cpt-grid-item__pic\">\n      <img decoding=\"async\" width=\"4016\" height=\"6016\" src=\"https:\/\/www.museuolimpicbcn.cat\/wp-content\/uploads\/sites\/2\/2019\/03\/Museu-Olimpic-Barcelona-_esquis_Blanca_Fdez.jpg\" class=\"attachment-full size-full\" alt=\"Museu Olimpic Barcelona Esquis Blanca Fdez\" srcset=\"https:\/\/www.museuolimpicbcn.cat\/wp-content\/uploads\/sites\/2\/2019\/03\/Museu-Olimpic-Barcelona-_esquis_Blanca_Fdez.jpg 4016w, https:\/\/www.museuolimpicbcn.cat\/wp-content\/uploads\/sites\/2\/2019\/03\/Museu-Olimpic-Barcelona-_esquis_Blanca_Fdez-200x300.jpg 200w, https:\/\/www.museuolimpicbcn.cat\/wp-content\/uploads\/sites\/2\/2019\/03\/Museu-Olimpic-Barcelona-_esquis_Blanca_Fdez-768x1150.jpg 768w, https:\/\/www.museuolimpicbcn.cat\/wp-content\/uploads\/sites\/2\/2019\/03\/Museu-Olimpic-Barcelona-_esquis_Blanca_Fdez-684x1024.jpg 684w, https:\/\/www.museuolimpicbcn.cat\/wp-content\/uploads\/sites\/2\/2019\/03\/Museu-Olimpic-Barcelona-_esquis_Blanca_Fdez-1320x1977.jpg 1320w\" sizes=\"(max-width: 4016px) 100vw, 4016px\" \/>    <\/div><!-- \/.cpt-grid-item__pic -->\n        <div class=\"cpt-grid-item__content\">\n      <h3>Esqu\u00eds Blanca Fern\u00e1ndez Ochoa<\/h3>\n          <\/div><!-- \/.cpt-grid-item__content -->\n  <\/div><!-- \/.cpt-grid-item__inside -->\n<\/a><!-- \/.cpt-grid-item -->                  <a href=\"https:\/\/www.museuolimpicbcn.cat\/ca\/colleccio-permanent\/sabatilles-carolina-marin\/\" class=\"cpt-grid-item cpt-grid-item--collection\">\n  <div class=\"cpt-grid-item__inside\">\n        <div class=\"cpt-grid-item__pic\">\n      <img decoding=\"async\" width=\"4496\" height=\"3001\" src=\"https:\/\/www.museuolimpicbcn.cat\/wp-content\/uploads\/sites\/2\/2019\/03\/Museu-Olimpic-Barcelona-_Carolina_Marin.jpg\" class=\"attachment-full size-full\" alt=\"Museu Olimpic Barcelona Carolina Marin\" srcset=\"https:\/\/www.museuolimpicbcn.cat\/wp-content\/uploads\/sites\/2\/2019\/03\/Museu-Olimpic-Barcelona-_Carolina_Marin.jpg 4496w, https:\/\/www.museuolimpicbcn.cat\/wp-content\/uploads\/sites\/2\/2019\/03\/Museu-Olimpic-Barcelona-_Carolina_Marin-300x200.jpg 300w, https:\/\/www.museuolimpicbcn.cat\/wp-content\/uploads\/sites\/2\/2019\/03\/Museu-Olimpic-Barcelona-_Carolina_Marin-768x513.jpg 768w, https:\/\/www.museuolimpicbcn.cat\/wp-content\/uploads\/sites\/2\/2019\/03\/Museu-Olimpic-Barcelona-_Carolina_Marin-1024x684.jpg 1024w, https:\/\/www.museuolimpicbcn.cat\/wp-content\/uploads\/sites\/2\/2019\/03\/Museu-Olimpic-Barcelona-_Carolina_Marin-1320x881.jpg 1320w\" sizes=\"(max-width: 4496px) 100vw, 4496px\" \/>    <\/div><!-- \/.cpt-grid-item__pic -->\n        <div class=\"cpt-grid-item__content\">\n      <h3>Sabatilles Carolina Mar\u00edn<\/h3>\n          <\/div><!-- \/.cpt-grid-item__content -->\n  <\/div><!-- \/.cpt-grid-item__inside -->\n<\/a><!-- \/.cpt-grid-item -->                  <a href=\"https:\/\/www.museuolimpicbcn.cat\/ca\/colleccio-permanent\/granota-marc-marquez\/\" class=\"cpt-grid-item cpt-grid-item--collection\">\n  <div class=\"cpt-grid-item__inside\">\n        <div class=\"cpt-grid-item__pic\">\n      <img loading=\"lazy\" decoding=\"async\" width=\"4016\" height=\"6016\" src=\"https:\/\/www.museuolimpicbcn.cat\/wp-content\/uploads\/sites\/2\/2019\/03\/Museu-Olimpic-Barcelona-granota-Marc_Marquez.jpg\" class=\"attachment-full size-full\" alt=\"Museu Olimpic Barcelona Granota Marc Marquez\" srcset=\"https:\/\/www.museuolimpicbcn.cat\/wp-content\/uploads\/sites\/2\/2019\/03\/Museu-Olimpic-Barcelona-granota-Marc_Marquez.jpg 4016w, https:\/\/www.museuolimpicbcn.cat\/wp-content\/uploads\/sites\/2\/2019\/03\/Museu-Olimpic-Barcelona-granota-Marc_Marquez-200x300.jpg 200w, https:\/\/www.museuolimpicbcn.cat\/wp-content\/uploads\/sites\/2\/2019\/03\/Museu-Olimpic-Barcelona-granota-Marc_Marquez-768x1150.jpg 768w, https:\/\/www.museuolimpicbcn.cat\/wp-content\/uploads\/sites\/2\/2019\/03\/Museu-Olimpic-Barcelona-granota-Marc_Marquez-684x1024.jpg 684w, https:\/\/www.museuolimpicbcn.cat\/wp-content\/uploads\/sites\/2\/2019\/03\/Museu-Olimpic-Barcelona-granota-Marc_Marquez-1320x1977.jpg 1320w\" sizes=\"(max-width: 4016px) 100vw, 4016px\" \/>    <\/div><!-- \/.cpt-grid-item__pic -->\n        <div class=\"cpt-grid-item__content\">\n      <h3>Granota Marc M\u00e1rquez<\/h3>\n          <\/div><!-- \/.cpt-grid-item__content -->\n  <\/div><!-- \/.cpt-grid-item__inside -->\n<\/a><!-- \/.cpt-grid-item -->                  <a href=\"https:\/\/www.museuolimpicbcn.cat\/ca\/colleccio-permanent\/cartell-olimpiada-popular-1936\/\" class=\"cpt-grid-item cpt-grid-item--collection\">\n  <div class=\"cpt-grid-item__inside\">\n        <div class=\"cpt-grid-item__pic\">\n      <img loading=\"lazy\" decoding=\"async\" width=\"5503\" height=\"3674\" src=\"https:\/\/www.museuolimpicbcn.cat\/wp-content\/uploads\/sites\/2\/2019\/01\/Museu-Olimpic-Barcelona-olimpiada-popular_1936.jpg\" class=\"attachment-full size-full\" alt=\"Museu Olimpic Barcelona  - Olimpiada Popular 1936\" srcset=\"https:\/\/www.museuolimpicbcn.cat\/wp-content\/uploads\/sites\/2\/2019\/01\/Museu-Olimpic-Barcelona-olimpiada-popular_1936.jpg 5503w, https:\/\/www.museuolimpicbcn.cat\/wp-content\/uploads\/sites\/2\/2019\/01\/Museu-Olimpic-Barcelona-olimpiada-popular_1936-300x200.jpg 300w, https:\/\/www.museuolimpicbcn.cat\/wp-content\/uploads\/sites\/2\/2019\/01\/Museu-Olimpic-Barcelona-olimpiada-popular_1936-768x513.jpg 768w, https:\/\/www.museuolimpicbcn.cat\/wp-content\/uploads\/sites\/2\/2019\/01\/Museu-Olimpic-Barcelona-olimpiada-popular_1936-1024x684.jpg 1024w, https:\/\/www.museuolimpicbcn.cat\/wp-content\/uploads\/sites\/2\/2019\/01\/Museu-Olimpic-Barcelona-olimpiada-popular_1936-1320x881.jpg 1320w\" sizes=\"(max-width: 5503px) 100vw, 5503px\" \/>    <\/div><!-- \/.cpt-grid-item__pic -->\n        <div class=\"cpt-grid-item__content\">\n      <h3>Cartell Olimp\u00edada Popular 1936<\/h3>\n          <\/div><!-- \/.cpt-grid-item__content -->\n  <\/div><!-- \/.cpt-grid-item__inside -->\n<\/a><!-- \/.cpt-grid-item -->                  <a href=\"https:\/\/www.museuolimpicbcn.cat\/ca\/colleccio-permanent\/caixa-candidatura-caixa-magica\/\" class=\"cpt-grid-item cpt-grid-item--collection\">\n  <div class=\"cpt-grid-item__inside\">\n        <div class=\"cpt-grid-item__pic\">\n      <img loading=\"lazy\" decoding=\"async\" width=\"6016\" height=\"4016\" src=\"https:\/\/www.museuolimpicbcn.cat\/wp-content\/uploads\/sites\/2\/2019\/03\/Museu-Olimpic-Barcelona-caixa_candidatura_Barcelona_92_01.jpg\" class=\"attachment-full size-full\" alt=\"Museu Olimpic Barcelona Caixa Candidatura Barcelona 92 01\" srcset=\"https:\/\/www.museuolimpicbcn.cat\/wp-content\/uploads\/sites\/2\/2019\/03\/Museu-Olimpic-Barcelona-caixa_candidatura_Barcelona_92_01.jpg 6016w, https:\/\/www.museuolimpicbcn.cat\/wp-content\/uploads\/sites\/2\/2019\/03\/Museu-Olimpic-Barcelona-caixa_candidatura_Barcelona_92_01-300x200.jpg 300w, https:\/\/www.museuolimpicbcn.cat\/wp-content\/uploads\/sites\/2\/2019\/03\/Museu-Olimpic-Barcelona-caixa_candidatura_Barcelona_92_01-768x513.jpg 768w, https:\/\/www.museuolimpicbcn.cat\/wp-content\/uploads\/sites\/2\/2019\/03\/Museu-Olimpic-Barcelona-caixa_candidatura_Barcelona_92_01-1024x684.jpg 1024w, https:\/\/www.museuolimpicbcn.cat\/wp-content\/uploads\/sites\/2\/2019\/03\/Museu-Olimpic-Barcelona-caixa_candidatura_Barcelona_92_01-1320x881.jpg 1320w\" sizes=\"(max-width: 6016px) 100vw, 6016px\" \/>    <\/div><!-- \/.cpt-grid-item__pic -->\n        <div class=\"cpt-grid-item__content\">\n      <h3>Caixa Candidatura \u201cCaixa M\u00e0gica\u201d<\/h3>\n          <\/div><!-- \/.cpt-grid-item__content -->\n  <\/div><!-- \/.cpt-grid-item__inside -->\n<\/a><!-- \/.cpt-grid-item -->                  <a href=\"https:\/\/www.museuolimpicbcn.cat\/ca\/colleccio-permanent\/trofeu-castanya-samaranch\/\" class=\"cpt-grid-item cpt-grid-item--collection\">\n  <div class=\"cpt-grid-item__inside\">\n        <div class=\"cpt-grid-item__pic\">\n      <img loading=\"lazy\" decoding=\"async\" width=\"3000\" height=\"2003\" src=\"https:\/\/www.museuolimpicbcn.cat\/wp-content\/uploads\/sites\/2\/2019\/03\/Museu-Olimpic-Barcelona-trofeu-Casta\u00f1a.jpg\" class=\"attachment-full size-full\" alt=\"Museu Olimpic Barcelona Trofeu Casta\u00f1a\" srcset=\"https:\/\/www.museuolimpicbcn.cat\/wp-content\/uploads\/sites\/2\/2019\/03\/Museu-Olimpic-Barcelona-trofeu-Casta\u00f1a.jpg 3000w, https:\/\/www.museuolimpicbcn.cat\/wp-content\/uploads\/sites\/2\/2019\/03\/Museu-Olimpic-Barcelona-trofeu-Casta\u00f1a-300x200.jpg 300w, https:\/\/www.museuolimpicbcn.cat\/wp-content\/uploads\/sites\/2\/2019\/03\/Museu-Olimpic-Barcelona-trofeu-Casta\u00f1a-768x513.jpg 768w, https:\/\/www.museuolimpicbcn.cat\/wp-content\/uploads\/sites\/2\/2019\/03\/Museu-Olimpic-Barcelona-trofeu-Casta\u00f1a-1024x684.jpg 1024w, https:\/\/www.museuolimpicbcn.cat\/wp-content\/uploads\/sites\/2\/2019\/03\/Museu-Olimpic-Barcelona-trofeu-Casta\u00f1a-1320x881.jpg 1320w\" sizes=\"(max-width: 3000px) 100vw, 3000px\" \/>    <\/div><!-- \/.cpt-grid-item__pic -->\n        <div class=\"cpt-grid-item__content\">\n      <h3>Trofeu Castanya Samaranch<\/h3>\n          <\/div><!-- \/.cpt-grid-item__content -->\n  <\/div><!-- \/.cpt-grid-item__inside -->\n<\/a><!-- \/.cpt-grid-item -->                  <a href=\"https:\/\/www.museuolimpicbcn.cat\/ca\/colleccio-permanent\/escultura-el-campio\/\" class=\"cpt-grid-item cpt-grid-item--collection\">\n  <div class=\"cpt-grid-item__inside\">\n        <div class=\"cpt-grid-item__pic\">\n      <img loading=\"lazy\" decoding=\"async\" width=\"3728\" height=\"5584\" src=\"https:\/\/www.museuolimpicbcn.cat\/wp-content\/uploads\/sites\/2\/2019\/03\/Museu-Olimpic-Barcelona-el-campio.jpg\" class=\"attachment-full size-full\" alt=\"Museu Olimpic Barcelona El Campio\" srcset=\"https:\/\/www.museuolimpicbcn.cat\/wp-content\/uploads\/sites\/2\/2019\/03\/Museu-Olimpic-Barcelona-el-campio.jpg 3728w, https:\/\/www.museuolimpicbcn.cat\/wp-content\/uploads\/sites\/2\/2019\/03\/Museu-Olimpic-Barcelona-el-campio-200x300.jpg 200w, https:\/\/www.museuolimpicbcn.cat\/wp-content\/uploads\/sites\/2\/2019\/03\/Museu-Olimpic-Barcelona-el-campio-768x1150.jpg 768w, https:\/\/www.museuolimpicbcn.cat\/wp-content\/uploads\/sites\/2\/2019\/03\/Museu-Olimpic-Barcelona-el-campio-684x1024.jpg 684w, https:\/\/www.museuolimpicbcn.cat\/wp-content\/uploads\/sites\/2\/2019\/03\/Museu-Olimpic-Barcelona-el-campio-1320x1977.jpg 1320w\" sizes=\"(max-width: 3728px) 100vw, 3728px\" \/>    <\/div><!-- \/.cpt-grid-item__pic -->\n        <div class=\"cpt-grid-item__content\">\n      <h3>Escultura &#8220;El Campi\u00f3&#8221;<\/h3>\n            <div class=\"cpt-grid-item__meta\">\n        <span class=\"author\">Lluci\u00e0 Osl\u00e9.<\/span>                      <\/div><!-- \/.cpt-grid-item__meta -->\n          <\/div><!-- \/.cpt-grid-item__content -->\n  <\/div><!-- \/.cpt-grid-item__inside -->\n<\/a><!-- \/.cpt-grid-item -->                  <a href=\"https:\/\/www.museuolimpicbcn.cat\/ca\/colleccio-permanent\/petra-de-resina\/\" class=\"cpt-grid-item cpt-grid-item--collection\">\n  <div class=\"cpt-grid-item__inside\">\n        <div class=\"cpt-grid-item__pic\">\n      <img loading=\"lazy\" decoding=\"async\" width=\"6016\" height=\"4016\" src=\"https:\/\/www.museuolimpicbcn.cat\/wp-content\/uploads\/sites\/2\/2019\/03\/Museu-Olimpic-Barcelona-_petra.jpg\" class=\"attachment-full size-full\" alt=\"Museu Olimpic Barcelona Petra\" srcset=\"https:\/\/www.museuolimpicbcn.cat\/wp-content\/uploads\/sites\/2\/2019\/03\/Museu-Olimpic-Barcelona-_petra.jpg 6016w, https:\/\/www.museuolimpicbcn.cat\/wp-content\/uploads\/sites\/2\/2019\/03\/Museu-Olimpic-Barcelona-_petra-300x200.jpg 300w, https:\/\/www.museuolimpicbcn.cat\/wp-content\/uploads\/sites\/2\/2019\/03\/Museu-Olimpic-Barcelona-_petra-768x513.jpg 768w, https:\/\/www.museuolimpicbcn.cat\/wp-content\/uploads\/sites\/2\/2019\/03\/Museu-Olimpic-Barcelona-_petra-1024x684.jpg 1024w, https:\/\/www.museuolimpicbcn.cat\/wp-content\/uploads\/sites\/2\/2019\/03\/Museu-Olimpic-Barcelona-_petra-1320x881.jpg 1320w\" sizes=\"(max-width: 6016px) 100vw, 6016px\" \/>    <\/div><!-- \/.cpt-grid-item__pic -->\n        <div class=\"cpt-grid-item__content\">\n      <h3>Petra de resina<\/h3>\n          <\/div><!-- \/.cpt-grid-item__content -->\n  <\/div><!-- \/.cpt-grid-item__inside -->\n<\/a><!-- \/.cpt-grid-item -->                  <a href=\"https:\/\/www.museuolimpicbcn.cat\/ca\/colleccio-permanent\/copa-macaya\/\" class=\"cpt-grid-item cpt-grid-item--collection\">\n  <div class=\"cpt-grid-item__inside\">\n        <div class=\"cpt-grid-item__pic\">\n      <img loading=\"lazy\" decoding=\"async\" width=\"3772\" height=\"5651\" src=\"https:\/\/www.museuolimpicbcn.cat\/wp-content\/uploads\/sites\/2\/2019\/03\/Museu-Olimpic-Barcelona-copa-Macaya.jpg\" class=\"attachment-full size-full\" alt=\"Museu Olimpic Barcelona Copa Macaya\" srcset=\"https:\/\/www.museuolimpicbcn.cat\/wp-content\/uploads\/sites\/2\/2019\/03\/Museu-Olimpic-Barcelona-copa-Macaya.jpg 3772w, https:\/\/www.museuolimpicbcn.cat\/wp-content\/uploads\/sites\/2\/2019\/03\/Museu-Olimpic-Barcelona-copa-Macaya-200x300.jpg 200w, https:\/\/www.museuolimpicbcn.cat\/wp-content\/uploads\/sites\/2\/2019\/03\/Museu-Olimpic-Barcelona-copa-Macaya-768x1151.jpg 768w, https:\/\/www.museuolimpicbcn.cat\/wp-content\/uploads\/sites\/2\/2019\/03\/Museu-Olimpic-Barcelona-copa-Macaya-684x1024.jpg 684w, https:\/\/www.museuolimpicbcn.cat\/wp-content\/uploads\/sites\/2\/2019\/03\/Museu-Olimpic-Barcelona-copa-Macaya-1320x1978.jpg 1320w\" sizes=\"(max-width: 3772px) 100vw, 3772px\" \/>    <\/div><!-- \/.cpt-grid-item__pic -->\n        <div class=\"cpt-grid-item__content\">\n      <h3>Copa Macaya<\/h3>\n          <\/div><!-- \/.cpt-grid-item__content -->\n  <\/div><!-- \/.cpt-grid-item__inside -->\n<\/a><!-- \/.cpt-grid-item -->        \n        <div class=\"cpt-grid-sizer\"><\/div>        \n            <\/div><!-- .cpt-grid -->\n<\/div>\n\t\t\t\t\t\t<\/div>\n\t\t\t\t<\/div>\n\t\t\t\t\t<\/div>\n\t\t<\/div>\n\t\t\t\t\t<\/div>\n\t\t<\/section>\n\t\t\t\t<\/div>\n\t\t","protected":false},"excerpt":{"rendered":"<p>Col\u00b7lecci\u00f3 permanent M\u00e9s de 5.000 peces exposades dels esportistes i esdeveniments esportius que formen part de la hist\u00f2ria de l\u2019esport mundial. Destaquem aquelles peces exclusives dels Jocs Ol\u00edmpics de Barcelona \u201992 pertanyents a la Fundaci\u00f3 Barcelona Ol\u00edmpica. Peces destacades de la col\u00b7lecci\u00f3<\/p>\n","protected":false},"author":2,"featured_media":0,"parent":0,"menu_order":0,"comment_status":"closed","ping_status":"closed","template":"","meta":{"_acf_changed":false,"_price":"","_stock":"","_tribe_ticket_header":"","_tribe_default_ticket_provider":"","_tribe_ticket_capacity":"0","_ticket_start_date":"","_ticket_end_date":"","_tribe_ticket_show_description":"","_tribe_ticket_show_not_going":false,"_tribe_ticket_use_global_stock":"","_tribe_ticket_global_stock_level":"","_global_stock_mode":"","_global_stock_cap":"","_tribe_rsvp_for_event":"","_tribe_ticket_going_count":"","_tribe_ticket_not_going_count":"","_tribe_tickets_list":"[]","_tribe_ticket_has_attendee_info_fields":false,"footnotes":"","_tec_slr_enabled":"","_tec_slr_layout":""},"class_list":["post-17390","page","type-page","status-publish","hentry"],"acf":[],"yoast_head":"<!-- This site is optimized with the Yoast SEO plugin v23.7 - https:\/\/yoast.com\/wordpress\/plugins\/seo\/ -->\n<title>Col\u00b7lecci\u00f3 permanent - Museu Ol\u00edmpic i de l&#039;Esport<\/title>\n<meta name=\"robots\" content=\"index, follow, max-snippet:-1, max-image-preview:large, max-video-preview:-1\" \/>\n<link rel=\"canonical\" href=\"https:\/\/www.museuolimpicbcn.cat\/ca\/colleccio-permanent\/\" \/>\n<meta property=\"og:locale\" content=\"ca_ES\" \/>\n<meta property=\"og:type\" content=\"article\" \/>\n<meta property=\"og:title\" content=\"Col\u00b7lecci\u00f3 permanent - Museu Ol\u00edmpic i de l&#039;Esport\" \/>\n<meta property=\"og:description\" content=\"Col\u00b7lecci\u00f3 permanent M\u00e9s de 5.000 peces exposades dels esportistes i esdeveniments esportius que formen part de la hist\u00f2ria de l\u2019esport mundial. Destaquem aquelles peces exclusives dels Jocs Ol\u00edmpics de Barcelona \u201992 pertanyents a la Fundaci\u00f3 Barcelona Ol\u00edmpica. Peces destacades de la col\u00b7lecci\u00f3\" \/>\n<meta property=\"og:url\" content=\"https:\/\/www.museuolimpicbcn.cat\/ca\/colleccio-permanent\/\" \/>\n<meta property=\"og:site_name\" content=\"Museu Ol\u00edmpic i de l&#039;Esport\" \/>\n<meta property=\"article:modified_time\" content=\"2021-04-12T11:23:29+00:00\" \/>\n<meta name=\"twitter:card\" content=\"summary_large_image\" \/>\n<script type=\"application\/ld+json\" class=\"yoast-schema-graph\">{\"@context\":\"https:\/\/schema.org\",\"@graph\":[{\"@type\":\"WebPage\",\"@id\":\"https:\/\/www.museuolimpicbcn.cat\/ca\/colleccio-permanent\/\",\"url\":\"https:\/\/www.museuolimpicbcn.cat\/ca\/colleccio-permanent\/\",\"name\":\"Col\u00b7lecci\u00f3 permanent - Museu Ol\u00edmpic i de l&#039;Esport\",\"isPartOf\":{\"@id\":\"https:\/\/www.museuolimpicbcn.cat\/ca\/#website\"},\"datePublished\":\"2019-04-03T08:17:14+00:00\",\"dateModified\":\"2021-04-12T11:23:29+00:00\",\"breadcrumb\":{\"@id\":\"https:\/\/www.museuolimpicbcn.cat\/ca\/colleccio-permanent\/#breadcrumb\"},\"inLanguage\":\"ca\",\"potentialAction\":[{\"@type\":\"ReadAction\",\"target\":[\"https:\/\/www.museuolimpicbcn.cat\/ca\/colleccio-permanent\/\"]}]},{\"@type\":\"BreadcrumbList\",\"@id\":\"https:\/\/www.museuolimpicbcn.cat\/ca\/colleccio-permanent\/#breadcrumb\",\"itemListElement\":[{\"@type\":\"ListItem\",\"position\":1,\"name\":\"Inici\",\"item\":\"https:\/\/www.museuolimpicbcn.cat\/es\/\"},{\"@type\":\"ListItem\",\"position\":2,\"name\":\"Col\u00b7lecci\u00f3 permanent\"}]},{\"@type\":\"WebSite\",\"@id\":\"https:\/\/www.museuolimpicbcn.cat\/ca\/#website\",\"url\":\"https:\/\/www.museuolimpicbcn.cat\/ca\/\",\"name\":\"Museu Ol\u00edmpic i de l&#039;Esport\",\"description\":\"Altre lloc Web del Museu Ol\u00edmpic i de l&#039;Esport llocs\",\"publisher\":{\"@id\":\"https:\/\/www.museuolimpicbcn.cat\/ca\/#organization\"},\"potentialAction\":[{\"@type\":\"SearchAction\",\"target\":{\"@type\":\"EntryPoint\",\"urlTemplate\":\"https:\/\/www.museuolimpicbcn.cat\/ca\/?s={search_term_string}\"},\"query-input\":{\"@type\":\"PropertyValueSpecification\",\"valueRequired\":true,\"valueName\":\"search_term_string\"}}],\"inLanguage\":\"ca\"},{\"@type\":\"Organization\",\"@id\":\"https:\/\/www.museuolimpicbcn.cat\/ca\/#organization\",\"name\":\"Museu Ol\u00edmpic i de l&#039;Esport\",\"url\":\"https:\/\/www.museuolimpicbcn.cat\/ca\/\",\"logo\":{\"@type\":\"ImageObject\",\"inLanguage\":\"ca\",\"@id\":\"https:\/\/www.museuolimpicbcn.cat\/ca\/#\/schema\/logo\/image\/\",\"url\":\"https:\/\/www.museuolimpicbcn.cat\/wp-content\/uploads\/sites\/2\/2018\/12\/logo-moe-header.svg\",\"contentUrl\":\"https:\/\/www.museuolimpicbcn.cat\/wp-content\/uploads\/sites\/2\/2018\/12\/logo-moe-header.svg\",\"caption\":\"Museu Ol\u00edmpic i de l&#039;Esport\"},\"image\":{\"@id\":\"https:\/\/www.museuolimpicbcn.cat\/ca\/#\/schema\/logo\/image\/\"}}]}<\/script>\n<!-- \/ Yoast SEO plugin. -->","yoast_head_json":{"title":"Col\u00b7lecci\u00f3 permanent - Museu Ol\u00edmpic i de l&#039;Esport","robots":{"index":"index","follow":"follow","max-snippet":"max-snippet:-1","max-image-preview":"max-image-preview:large","max-video-preview":"max-video-preview:-1"},"canonical":"https:\/\/www.museuolimpicbcn.cat\/ca\/colleccio-permanent\/","og_locale":"ca_ES","og_type":"article","og_title":"Col\u00b7lecci\u00f3 permanent - Museu Ol\u00edmpic i de l&#039;Esport","og_description":"Col\u00b7lecci\u00f3 permanent M\u00e9s de 5.000 peces exposades dels esportistes i esdeveniments esportius que formen part de la hist\u00f2ria de l\u2019esport mundial. Destaquem aquelles peces exclusives dels Jocs Ol\u00edmpics de Barcelona \u201992 pertanyents a la Fundaci\u00f3 Barcelona Ol\u00edmpica. Peces destacades de la col\u00b7lecci\u00f3","og_url":"https:\/\/www.museuolimpicbcn.cat\/ca\/colleccio-permanent\/","og_site_name":"Museu Ol\u00edmpic i de l&#039;Esport","article_modified_time":"2021-04-12T11:23:29+00:00","twitter_card":"summary_large_image","schema":{"@context":"https:\/\/schema.org","@graph":[{"@type":"WebPage","@id":"https:\/\/www.museuolimpicbcn.cat\/ca\/colleccio-permanent\/","url":"https:\/\/www.museuolimpicbcn.cat\/ca\/colleccio-permanent\/","name":"Col\u00b7lecci\u00f3 permanent - Museu Ol\u00edmpic i de l&#039;Esport","isPartOf":{"@id":"https:\/\/www.museuolimpicbcn.cat\/ca\/#website"},"datePublished":"2019-04-03T08:17:14+00:00","dateModified":"2021-04-12T11:23:29+00:00","breadcrumb":{"@id":"https:\/\/www.museuolimpicbcn.cat\/ca\/colleccio-permanent\/#breadcrumb"},"inLanguage":"ca","potentialAction":[{"@type":"ReadAction","target":["https:\/\/www.museuolimpicbcn.cat\/ca\/colleccio-permanent\/"]}]},{"@type":"BreadcrumbList","@id":"https:\/\/www.museuolimpicbcn.cat\/ca\/colleccio-permanent\/#breadcrumb","itemListElement":[{"@type":"ListItem","position":1,"name":"Inici","item":"https:\/\/www.museuolimpicbcn.cat\/es\/"},{"@type":"ListItem","position":2,"name":"Col\u00b7lecci\u00f3 permanent"}]},{"@type":"WebSite","@id":"https:\/\/www.museuolimpicbcn.cat\/ca\/#website","url":"https:\/\/www.museuolimpicbcn.cat\/ca\/","name":"Museu Ol\u00edmpic i de l&#039;Esport","description":"Altre lloc Web del Museu Ol\u00edmpic i de l&#039;Esport llocs","publisher":{"@id":"https:\/\/www.museuolimpicbcn.cat\/ca\/#organization"},"potentialAction":[{"@type":"SearchAction","target":{"@type":"EntryPoint","urlTemplate":"https:\/\/www.museuolimpicbcn.cat\/ca\/?s={search_term_string}"},"query-input":{"@type":"PropertyValueSpecification","valueRequired":true,"valueName":"search_term_string"}}],"inLanguage":"ca"},{"@type":"Organization","@id":"https:\/\/www.museuolimpicbcn.cat\/ca\/#organization","name":"Museu Ol\u00edmpic i de l&#039;Esport","url":"https:\/\/www.museuolimpicbcn.cat\/ca\/","logo":{"@type":"ImageObject","inLanguage":"ca","@id":"https:\/\/www.museuolimpicbcn.cat\/ca\/#\/schema\/logo\/image\/","url":"https:\/\/www.museuolimpicbcn.cat\/wp-content\/uploads\/sites\/2\/2018\/12\/logo-moe-header.svg","contentUrl":"https:\/\/www.museuolimpicbcn.cat\/wp-content\/uploads\/sites\/2\/2018\/12\/logo-moe-header.svg","caption":"Museu Ol\u00edmpic i de l&#039;Esport"},"image":{"@id":"https:\/\/www.museuolimpicbcn.cat\/ca\/#\/schema\/logo\/image\/"}}]}},"ticketed":false,"_links":{"self":[{"href":"https:\/\/www.museuolimpicbcn.cat\/ca\/wp-json\/wp\/v2\/pages\/17390"}],"collection":[{"href":"https:\/\/www.museuolimpicbcn.cat\/ca\/wp-json\/wp\/v2\/pages"}],"about":[{"href":"https:\/\/www.museuolimpicbcn.cat\/ca\/wp-json\/wp\/v2\/types\/page"}],"author":[{"embeddable":true,"href":"https:\/\/www.museuolimpicbcn.cat\/ca\/wp-json\/wp\/v2\/users\/2"}],"replies":[{"embeddable":true,"href":"https:\/\/www.museuolimpicbcn.cat\/ca\/wp-json\/wp\/v2\/comments?post=17390"}],"version-history":[{"count":9,"href":"https:\/\/www.museuolimpicbcn.cat\/ca\/wp-json\/wp\/v2\/pages\/17390\/revisions"}],"predecessor-version":[{"id":21693,"href":"https:\/\/www.museuolimpicbcn.cat\/ca\/wp-json\/wp\/v2\/pages\/17390\/revisions\/21693"}],"wp:attachment":[{"href":"https:\/\/www.museuolimpicbcn.cat\/ca\/wp-json\/wp\/v2\/media?parent=17390"}],"curies":[{"name":"wp","href":"https:\/\/api.w.org\/{rel}","templated":true}]}}