{"id":17634,"date":"2019-04-08T13:35:17","date_gmt":"2019-04-08T11:35:17","guid":{"rendered":"https:\/\/dev.museuolimpicbcn.cat\/exposicions\/"},"modified":"2019-08-01T17:17:27","modified_gmt":"2019-08-01T15:17:27","slug":"exposicions","status":"publish","type":"page","link":"https:\/\/www.museuolimpicbcn.cat\/ca\/exposicions\/","title":{"rendered":"Exposicions"},"content":{"rendered":"\t\t<div data-elementor-type=\"wp-post\" data-elementor-id=\"17634\" class=\"elementor elementor-17634 elementor-17627\" data-elementor-post-type=\"page\">\n\t\t\t\t\t\t<section class=\"elementor-section elementor-top-section elementor-element elementor-element-504def0e moe-heading-30 elementor-section-boxed elementor-section-height-default elementor-section-height-default\" data-id=\"504def0e\" data-element_type=\"section\">\n\t\t\t\t\t\t<div class=\"elementor-container elementor-column-gap-default\">\n\t\t\t\t\t<div class=\"elementor-column elementor-col-50 elementor-top-column elementor-element elementor-element-1c202282\" data-id=\"1c202282\" data-element_type=\"column\">\n\t\t\t<div class=\"elementor-widget-wrap elementor-element-populated\">\n\t\t\t\t\t\t<div class=\"elementor-element elementor-element-6d55183 elementor-widget elementor-widget-breadcrumbs\" data-id=\"6d55183\" data-element_type=\"widget\" data-widget_type=\"breadcrumbs.default\">\n\t\t\t\t<div class=\"elementor-widget-container\">\n\t\t\t\t\t<ol class=\"moe-breadcrumbs\" itemscope itemtype=\"https:\/\/schema.org\/BreadcrumbList\"><li itemprop=\"itemListElement\" itemscope itemtype=\"https:\/\/schema.org\/ListItem\"><a href=\"\/ca\/\" title=\"Inici\"><span itemprop=\"name\">Inici<\/span><\/a><meta itemprop=\"position\" content=\"1\" \/><\/li><\/ol>\t\t\t\t<\/div>\n\t\t\t\t<\/div>\n\t\t\t\t<section class=\"elementor-section elementor-inner-section elementor-element elementor-element-2fb174a7 elementor-section-boxed elementor-section-height-default elementor-section-height-default\" data-id=\"2fb174a7\" data-element_type=\"section\">\n\t\t\t\t\t\t<div class=\"elementor-container elementor-column-gap-default\">\n\t\t\t\t\t<div class=\"elementor-column elementor-col-100 elementor-inner-column elementor-element elementor-element-edc2c9c\" data-id=\"edc2c9c\" data-element_type=\"column\">\n\t\t\t<div class=\"elementor-widget-wrap elementor-element-populated\">\n\t\t\t\t\t\t<div class=\"elementor-element elementor-element-2c9fbb14 elementor-widget elementor-widget-heading\" data-id=\"2c9fbb14\" data-element_type=\"widget\" data-widget_type=\"heading.default\">\n\t\t\t\t<div class=\"elementor-widget-container\">\n\t\t\t\t\t<h1 class=\"elementor-heading-title elementor-size-default\">Exposicions<\/h1>\t\t\t\t<\/div>\n\t\t\t\t<\/div>\n\t\t\t\t\t<\/div>\n\t\t<\/div>\n\t\t\t\t\t<\/div>\n\t\t<\/section>\n\t\t\t\t<div class=\"elementor-element elementor-element-1bc91186 elementor-widget elementor-widget-text-editor\" data-id=\"1bc91186\" data-element_type=\"widget\" data-widget_type=\"text-editor.default\">\n\t\t\t\t<div class=\"elementor-widget-container\">\n\t\t\t\t\t\t\t\t\t<p>M\u00e9s enll\u00e0 de l&#8217;exposici\u00f3 permanent, el Museu Ol\u00edmpic mostra anualment una s\u00e8rie d&#8217;exposicions temporals vinculades amb el m\u00f3n de l&#8217;esport. Olimpisme, entitats esportives destacades, art i fotografia s\u00f3n algunes de les tem\u00e0tiques que podeu trobar en aquest espai tan singular.<\/p>\n\t\t\t\t\t\t\t\t<\/div>\n\t\t\t\t<\/div>\n\t\t\t\t\t<\/div>\n\t\t<\/div>\n\t\t\t\t<div class=\"elementor-column elementor-col-50 elementor-top-column elementor-element elementor-element-5022ef9b\" data-id=\"5022ef9b\" data-element_type=\"column\">\n\t\t\t<div class=\"elementor-widget-wrap elementor-element-populated\">\n\t\t\t\t\t\t<section class=\"elementor-section elementor-inner-section elementor-element elementor-element-572fff2e elementor-section-boxed elementor-section-height-default elementor-section-height-default\" data-id=\"572fff2e\" data-element_type=\"section\">\n\t\t\t\t\t\t<div class=\"elementor-container elementor-column-gap-default\">\n\t\t\t\t\t<div class=\"elementor-column elementor-col-100 elementor-inner-column elementor-element elementor-element-3fd075b5\" data-id=\"3fd075b5\" data-element_type=\"column\">\n\t\t\t<div class=\"elementor-widget-wrap elementor-element-populated\">\n\t\t\t\t\t\t<div class=\"elementor-element elementor-element-28e6e4a2 moe-figcaption elementor-widget elementor-widget-text-editor\" data-id=\"28e6e4a2\" data-element_type=\"widget\" data-widget_type=\"text-editor.default\">\n\t\t\t\t<div class=\"elementor-widget-container\">\n\t\t\t\t\t\t\t\t\t<p><strong>Joc d&#8217;anelles de Joaquim Blume<\/strong><br \/>\nAnys 50<\/p>\n\t\t\t\t\t\t\t\t<\/div>\n\t\t\t\t<\/div>\n\t\t\t\t<div class=\"elementor-element elementor-element-56a85e64 elementor-widget elementor-widget-image\" data-id=\"56a85e64\" data-element_type=\"widget\" data-widget_type=\"image.default\">\n\t\t\t\t<div class=\"elementor-widget-container\">\n\t\t\t\t\t\t\t\t\t\t\t\t<figure class=\"wp-caption\">\n\t\t\t\t\t\t\t\t\t\t<img fetchpriority=\"high\" decoding=\"async\" width=\"480\" height=\"291\" src=\"https:\/\/www.museuolimpicbcn.cat\/wp-content\/uploads\/sites\/2\/2019\/04\/header_img_anillas-1.jpg\" class=\"attachment-large size-large wp-image-17611\" alt=\"\" srcset=\"https:\/\/www.museuolimpicbcn.cat\/wp-content\/uploads\/sites\/2\/2019\/04\/header_img_anillas-1.jpg 480w, https:\/\/www.museuolimpicbcn.cat\/wp-content\/uploads\/sites\/2\/2019\/04\/header_img_anillas-1-300x182.jpg 300w\" sizes=\"(max-width: 480px) 100vw, 480px\" \/>\t\t\t\t\t\t\t\t\t\t\t<figcaption class=\"widget-image-caption wp-caption-text\"><\/figcaption>\n\t\t\t\t\t\t\t\t\t\t<\/figure>\n\t\t\t\t\t\t\t\t\t<\/div>\n\t\t\t\t<\/div>\n\t\t\t\t\t<\/div>\n\t\t<\/div>\n\t\t\t\t\t<\/div>\n\t\t<\/section>\n\t\t\t\t\t<\/div>\n\t\t<\/div>\n\t\t\t\t\t<\/div>\n\t\t<\/section>\n\t\t\t\t<section class=\"elementor-section elementor-top-section elementor-element elementor-element-e458abc l-padding elementor-section-boxed elementor-section-height-default elementor-section-height-default\" data-id=\"e458abc\" data-element_type=\"section\">\n\t\t\t\t\t\t<div class=\"elementor-container elementor-column-gap-default\">\n\t\t\t\t\t<div class=\"elementor-column elementor-col-100 elementor-top-column elementor-element elementor-element-eab2e95\" data-id=\"eab2e95\" data-element_type=\"column\">\n\t\t\t<div class=\"elementor-widget-wrap elementor-element-populated\">\n\t\t\t\t\t\t<div class=\"elementor-element elementor-element-ae6f28c elementor-widget elementor-widget-shortcode\" data-id=\"ae6f28c\" data-element_type=\"widget\" data-widget_type=\"shortcode.default\">\n\t\t\t\t<div class=\"elementor-widget-container\">\n\t\t\t\t\t\t\t<div class=\"elementor-shortcode\"><div class=\"elementor-element elementor-element-exhibitions-list elementor-widget elementor-widget-toggle\" data-element_type=\"widget\" data-id=\"exhibitions-list\" data-widget_type=\"toggle.default\">\n\t<div class=\"elementor-widget-container\">\n    <div class=\"elementor-toggle\" role=\"tablist\">\n                              <div class=\"elementor-toggle-item\">\n          <h4 aria-controls=\"elementor-tab-content-2026\" class=\"elementor-tab-title elementor-active\" data-tab=\"0\" id=\"elementor-tab-title-2026\" role=\"tab\">\n            <a href=\"\">2026<\/a>\n          <\/h4><!-- \/.elementor-tab-title -->\n          <div aria-labelledby=\"elementor-tab-title-2026\" class=\"elementor-tab-content elementor-clearfix elementor-active\" data-tab=\"0\" id=\"elementor-tab-content-2026\" role=\"tabpanel\" style=\"display: block;\">\n            <div class=\"cpt-grid cpt-grid--exhibition\">\n                              \n<a href=\"https:\/\/www.museuolimpicbcn.cat\/ca\/exposicions\/its-your-vibe-jocs-olimpics-dhivern-de-milano-cortina-2026\/\" class=\"cpt-grid-item cpt-grid-item--exhibition\">\n  <div class=\"cpt-grid-item__inside\">\n        <div class=\"cpt-grid-item__pic\">\n      <img decoding=\"async\" width=\"1200\" height=\"1201\" src=\"https:\/\/www.museuolimpicbcn.cat\/wp-content\/uploads\/sites\/2\/2026\/03\/1200x1200_BMICO26temp_MOE_.png\" class=\"attachment-full size-full\" alt=\"\" srcset=\"https:\/\/www.museuolimpicbcn.cat\/wp-content\/uploads\/sites\/2\/2026\/03\/1200x1200_BMICO26temp_MOE_.png 1200w, https:\/\/www.museuolimpicbcn.cat\/wp-content\/uploads\/sites\/2\/2026\/03\/1200x1200_BMICO26temp_MOE_-300x300.png 300w, https:\/\/www.museuolimpicbcn.cat\/wp-content\/uploads\/sites\/2\/2026\/03\/1200x1200_BMICO26temp_MOE_-1024x1024.png 1024w, https:\/\/www.museuolimpicbcn.cat\/wp-content\/uploads\/sites\/2\/2026\/03\/1200x1200_BMICO26temp_MOE_-150x150.png 150w, https:\/\/www.museuolimpicbcn.cat\/wp-content\/uploads\/sites\/2\/2026\/03\/1200x1200_BMICO26temp_MOE_-768x769.png 768w, https:\/\/www.museuolimpicbcn.cat\/wp-content\/uploads\/sites\/2\/2026\/03\/1200x1200_BMICO26temp_MOE_-600x601.png 600w, https:\/\/www.museuolimpicbcn.cat\/wp-content\/uploads\/sites\/2\/2026\/03\/1200x1200_BMICO26temp_MOE_-100x100.png 100w\" sizes=\"(max-width: 1200px) 100vw, 1200px\" \/>    <\/div><!-- \/.cpt-grid-item__pic -->\n        <div class=\"cpt-grid-item__content\">\n            <h3>It&#8217;s your vibe. Jocs Ol\u00edmpics d&#8217;Hivern de Milano Cortina 2026<\/h3>\n            <div class=\"cpt-grid-item__meta\">\n        <span class=\"startDate\">Del 24\/03\/2026<\/span>        <span class=\"endDate\"> al 04\/10\/2026<\/span>      <\/div><!-- \/.cpt-grid-item__meta -->\n          <\/div><!-- \/.cpt-grid-item__content -->\n  <\/div><!-- \/.cpt-grid-item__inside -->\n<\/a><!-- \/.cpt-grid-item -->\n                              \n<a href=\"https:\/\/www.museuolimpicbcn.cat\/ca\/exposicions\/barcelona-i-el-tour-un-bon-tandem\/\" class=\"cpt-grid-item cpt-grid-item--exhibition\">\n  <div class=\"cpt-grid-item__inside\">\n        <div class=\"cpt-grid-item__pic\">\n      <img decoding=\"async\" width=\"400\" height=\"400\" src=\"https:\/\/www.museuolimpicbcn.cat\/wp-content\/uploads\/sites\/2\/2026\/02\/Foto-WEb.jpg\" class=\"attachment-full size-full\" alt=\"\" srcset=\"https:\/\/www.museuolimpicbcn.cat\/wp-content\/uploads\/sites\/2\/2026\/02\/Foto-WEb.jpg 400w, https:\/\/www.museuolimpicbcn.cat\/wp-content\/uploads\/sites\/2\/2026\/02\/Foto-WEb-300x300.jpg 300w, https:\/\/www.museuolimpicbcn.cat\/wp-content\/uploads\/sites\/2\/2026\/02\/Foto-WEb-150x150.jpg 150w, https:\/\/www.museuolimpicbcn.cat\/wp-content\/uploads\/sites\/2\/2026\/02\/Foto-WEb-100x100.jpg 100w\" sizes=\"(max-width: 400px) 100vw, 400px\" \/>    <\/div><!-- \/.cpt-grid-item__pic -->\n        <div class=\"cpt-grid-item__content\">\n              <span class=\"label label--travelling\">\n          <span>Exposici\u00f3n itinerante<\/span>\n          <span>L\u00b4esport en imatges. Planta -2<\/span>        <\/span>\n            <h3>Barcelona i el Tour, un bon t\u00e0ndem.<\/h3>\n            <div class=\"cpt-grid-item__meta\">\n        <span class=\"startDate\">Del 03\/02\/2026<\/span>        <span class=\"endDate\"> al 10\/03\/2026<\/span>      <\/div><!-- \/.cpt-grid-item__meta -->\n          <\/div><!-- \/.cpt-grid-item__content -->\n  <\/div><!-- \/.cpt-grid-item__inside -->\n<\/a><!-- \/.cpt-grid-item -->\n                                  <\/div><!-- .cpt-grid -->\n          <\/div><!-- \/.elementor-tab-content -->\n        <\/div><!-- \/.elementor-toggle-item -->\n                <div class=\"elementor-toggle-item\">\n          <h4 aria-controls=\"elementor-tab-content-2025\" class=\"elementor-tab-title\" data-tab=\"2\" id=\"elementor-tab-title-2025\" role=\"tab\">\n            <a href=\"\">2025<\/a>\n          <\/h4><!-- \/.elementor-tab-title -->\n          <div aria-labelledby=\"elementor-tab-title-2025\" class=\"elementor-tab-content elementor-clearfix elementor-active\" data-tab=\"2\" id=\"elementor-tab-content-2025\" role=\"tabpanel\" >\n            <div class=\"cpt-grid cpt-grid--exhibition\">\n                              \n<a href=\"https:\/\/www.museuolimpicbcn.cat\/ca\/exposicions\/club-centenari-ce-jupiter\/\" class=\"cpt-grid-item cpt-grid-item--exhibition\">\n  <div class=\"cpt-grid-item__inside\">\n        <div class=\"cpt-grid-item__pic\">\n      <img loading=\"lazy\" decoding=\"async\" width=\"401\" height=\"400\" src=\"https:\/\/www.museuolimpicbcn.cat\/wp-content\/uploads\/sites\/2\/2025\/10\/MOE_400x400_cejupiter-A.png\" class=\"attachment-full size-full\" alt=\"\" srcset=\"https:\/\/www.museuolimpicbcn.cat\/wp-content\/uploads\/sites\/2\/2025\/10\/MOE_400x400_cejupiter-A.png 401w, https:\/\/www.museuolimpicbcn.cat\/wp-content\/uploads\/sites\/2\/2025\/10\/MOE_400x400_cejupiter-A-300x300.png 300w, https:\/\/www.museuolimpicbcn.cat\/wp-content\/uploads\/sites\/2\/2025\/10\/MOE_400x400_cejupiter-A-150x150.png 150w, https:\/\/www.museuolimpicbcn.cat\/wp-content\/uploads\/sites\/2\/2025\/10\/MOE_400x400_cejupiter-A-100x100.png 100w\" sizes=\"(max-width: 401px) 100vw, 401px\" \/>    <\/div><!-- \/.cpt-grid-item__pic -->\n        <div class=\"cpt-grid-item__content\">\n            <h3>CLUB CENTENARI: CE J\u00daPITER<\/h3>\n            <div class=\"cpt-grid-item__meta\">\n        <span class=\"startDate\">Del 25\/11\/2025<\/span>        <span class=\"endDate\"> al 07\/06\/2026<\/span>      <\/div><!-- \/.cpt-grid-item__meta -->\n          <\/div><!-- \/.cpt-grid-item__content -->\n  <\/div><!-- \/.cpt-grid-item__inside -->\n<\/a><!-- \/.cpt-grid-item -->\n                              \n<a href=\"https:\/\/www.museuolimpicbcn.cat\/ca\/exposicions\/valors-i-emocions-concurs-fotografic-coplefc\/\" class=\"cpt-grid-item cpt-grid-item--exhibition\">\n  <div class=\"cpt-grid-item__inside\">\n        <div class=\"cpt-grid-item__pic\">\n      <img loading=\"lazy\" decoding=\"async\" width=\"1200\" height=\"1201\" src=\"https:\/\/www.museuolimpicbcn.cat\/wp-content\/uploads\/sites\/2\/2025\/06\/valorsemocions_1200x1200_B.png\" class=\"attachment-full size-full\" alt=\"\" srcset=\"https:\/\/www.museuolimpicbcn.cat\/wp-content\/uploads\/sites\/2\/2025\/06\/valorsemocions_1200x1200_B.png 1200w, https:\/\/www.museuolimpicbcn.cat\/wp-content\/uploads\/sites\/2\/2025\/06\/valorsemocions_1200x1200_B-300x300.png 300w, https:\/\/www.museuolimpicbcn.cat\/wp-content\/uploads\/sites\/2\/2025\/06\/valorsemocions_1200x1200_B-1024x1024.png 1024w, https:\/\/www.museuolimpicbcn.cat\/wp-content\/uploads\/sites\/2\/2025\/06\/valorsemocions_1200x1200_B-150x150.png 150w, https:\/\/www.museuolimpicbcn.cat\/wp-content\/uploads\/sites\/2\/2025\/06\/valorsemocions_1200x1200_B-768x769.png 768w, https:\/\/www.museuolimpicbcn.cat\/wp-content\/uploads\/sites\/2\/2025\/06\/valorsemocions_1200x1200_B-600x601.png 600w, https:\/\/www.museuolimpicbcn.cat\/wp-content\/uploads\/sites\/2\/2025\/06\/valorsemocions_1200x1200_B-100x100.png 100w\" sizes=\"(max-width: 1200px) 100vw, 1200px\" \/>    <\/div><!-- \/.cpt-grid-item__pic -->\n        <div class=\"cpt-grid-item__content\">\n            <h3>&#8220;Valors i emocions&#8221; Concurs Fotogr\u00e0fic COPLEFC<\/h3>\n            <div class=\"cpt-grid-item__meta\">\n        <span class=\"startDate\">Del 02\/07\/2025<\/span>        <span class=\"endDate\"> al 25\/01\/2026<\/span>      <\/div><!-- \/.cpt-grid-item__meta -->\n          <\/div><!-- \/.cpt-grid-item__content -->\n  <\/div><!-- \/.cpt-grid-item__inside -->\n<\/a><!-- \/.cpt-grid-item -->\n                              \n<a href=\"https:\/\/www.museuolimpicbcn.cat\/ca\/exposicions\/xii-premi-internacional-art-sobre-paper-fundacio-barcelona-olimpica\/\" class=\"cpt-grid-item cpt-grid-item--exhibition\">\n  <div class=\"cpt-grid-item__inside\">\n        <div class=\"cpt-grid-item__pic\">\n      <img loading=\"lazy\" decoding=\"async\" width=\"400\" height=\"400\" src=\"https:\/\/www.museuolimpicbcn.cat\/wp-content\/uploads\/sites\/2\/2025\/02\/ASP25_bannerwebMOE-A.png\" class=\"attachment-full size-full\" alt=\"\" srcset=\"https:\/\/www.museuolimpicbcn.cat\/wp-content\/uploads\/sites\/2\/2025\/02\/ASP25_bannerwebMOE-A.png 400w, https:\/\/www.museuolimpicbcn.cat\/wp-content\/uploads\/sites\/2\/2025\/02\/ASP25_bannerwebMOE-A-300x300.png 300w, https:\/\/www.museuolimpicbcn.cat\/wp-content\/uploads\/sites\/2\/2025\/02\/ASP25_bannerwebMOE-A-150x150.png 150w, https:\/\/www.museuolimpicbcn.cat\/wp-content\/uploads\/sites\/2\/2025\/02\/ASP25_bannerwebMOE-A-100x100.png 100w\" sizes=\"(max-width: 400px) 100vw, 400px\" \/>    <\/div><!-- \/.cpt-grid-item__pic -->\n        <div class=\"cpt-grid-item__content\">\n            <h3>XII Premi Internacional Art sobre paper Fundaci\u00f3 Barcelona Ol\u00edmpica<\/h3>\n            <div class=\"cpt-grid-item__meta\">\n        <span class=\"startDate\">Del 17\/03\/2025<\/span>        <span class=\"endDate\"> al 09\/11\/2025<\/span>      <\/div><!-- \/.cpt-grid-item__meta -->\n          <\/div><!-- \/.cpt-grid-item__content -->\n  <\/div><!-- \/.cpt-grid-item__inside -->\n<\/a><!-- \/.cpt-grid-item -->\n                                  <\/div><!-- .cpt-grid -->\n          <\/div><!-- \/.elementor-tab-content -->\n        <\/div><!-- \/.elementor-toggle-item -->\n                <div class=\"elementor-toggle-item\">\n          <h4 aria-controls=\"elementor-tab-content-2024\" class=\"elementor-tab-title\" data-tab=\"5\" id=\"elementor-tab-title-2024\" role=\"tab\">\n            <a href=\"\">2024<\/a>\n          <\/h4><!-- \/.elementor-tab-title -->\n          <div aria-labelledby=\"elementor-tab-title-2024\" class=\"elementor-tab-content elementor-clearfix elementor-active\" data-tab=\"5\" id=\"elementor-tab-content-2024\" role=\"tabpanel\" >\n            <div class=\"cpt-grid cpt-grid--exhibition\">\n                              \n<a href=\"https:\/\/www.museuolimpicbcn.cat\/ca\/exposicions\/francisco-godia\/\" class=\"cpt-grid-item cpt-grid-item--exhibition\">\n  <div class=\"cpt-grid-item__inside\">\n        <div class=\"cpt-grid-item__pic\">\n      <img loading=\"lazy\" decoding=\"async\" width=\"534\" height=\"534\" src=\"https:\/\/www.museuolimpicbcn.cat\/wp-content\/uploads\/sites\/2\/2024\/11\/MOE_400x400_A-expotemGODIA.png\" class=\"attachment-full size-full\" alt=\"\" srcset=\"https:\/\/www.museuolimpicbcn.cat\/wp-content\/uploads\/sites\/2\/2024\/11\/MOE_400x400_A-expotemGODIA.png 534w, https:\/\/www.museuolimpicbcn.cat\/wp-content\/uploads\/sites\/2\/2024\/11\/MOE_400x400_A-expotemGODIA-300x300.png 300w, https:\/\/www.museuolimpicbcn.cat\/wp-content\/uploads\/sites\/2\/2024\/11\/MOE_400x400_A-expotemGODIA-150x150.png 150w, https:\/\/www.museuolimpicbcn.cat\/wp-content\/uploads\/sites\/2\/2024\/11\/MOE_400x400_A-expotemGODIA-100x100.png 100w\" sizes=\"(max-width: 534px) 100vw, 534px\" \/>    <\/div><!-- \/.cpt-grid-item__pic -->\n        <div class=\"cpt-grid-item__content\">\n            <h3>Francisco Godia Sales, un gentleman driver<\/h3>\n            <div class=\"cpt-grid-item__meta\">\n        <span class=\"startDate\">Del 13\/11\/2024<\/span>        <span class=\"endDate\"> al 01\/07\/2025<\/span>      <\/div><!-- \/.cpt-grid-item__meta -->\n          <\/div><!-- \/.cpt-grid-item__content -->\n  <\/div><!-- \/.cpt-grid-item__inside -->\n<\/a><!-- \/.cpt-grid-item -->\n                              \n<a href=\"https:\/\/www.museuolimpicbcn.cat\/ca\/exposicions\/paris-2024-games-wide-open\/\" class=\"cpt-grid-item cpt-grid-item--exhibition\">\n  <div class=\"cpt-grid-item__inside\">\n        <div class=\"cpt-grid-item__pic\">\n      <img loading=\"lazy\" decoding=\"async\" width=\"834\" height=\"834\" src=\"https:\/\/www.museuolimpicbcn.cat\/wp-content\/uploads\/sites\/2\/2024\/04\/webMOE-paris2024-v2_MOE_400x400_PARIS2024_A.png\" class=\"attachment-full size-full\" alt=\"\" srcset=\"https:\/\/www.museuolimpicbcn.cat\/wp-content\/uploads\/sites\/2\/2024\/04\/webMOE-paris2024-v2_MOE_400x400_PARIS2024_A.png 834w, https:\/\/www.museuolimpicbcn.cat\/wp-content\/uploads\/sites\/2\/2024\/04\/webMOE-paris2024-v2_MOE_400x400_PARIS2024_A-300x300.png 300w, https:\/\/www.museuolimpicbcn.cat\/wp-content\/uploads\/sites\/2\/2024\/04\/webMOE-paris2024-v2_MOE_400x400_PARIS2024_A-150x150.png 150w, https:\/\/www.museuolimpicbcn.cat\/wp-content\/uploads\/sites\/2\/2024\/04\/webMOE-paris2024-v2_MOE_400x400_PARIS2024_A-768x768.png 768w, https:\/\/www.museuolimpicbcn.cat\/wp-content\/uploads\/sites\/2\/2024\/04\/webMOE-paris2024-v2_MOE_400x400_PARIS2024_A-600x600.png 600w, https:\/\/www.museuolimpicbcn.cat\/wp-content\/uploads\/sites\/2\/2024\/04\/webMOE-paris2024-v2_MOE_400x400_PARIS2024_A-100x100.png 100w\" sizes=\"(max-width: 834px) 100vw, 834px\" \/>    <\/div><!-- \/.cpt-grid-item__pic -->\n        <div class=\"cpt-grid-item__content\">\n            <h3>Paris 2024. Games Wide Open<\/h3>\n            <div class=\"cpt-grid-item__meta\">\n        <span class=\"startDate\">Del 14\/05\/2024<\/span>        <span class=\"endDate\"> al 09\/03\/2025<\/span>      <\/div><!-- \/.cpt-grid-item__meta -->\n          <\/div><!-- \/.cpt-grid-item__content -->\n  <\/div><!-- \/.cpt-grid-item__inside -->\n<\/a><!-- \/.cpt-grid-item -->\n                                  <\/div><!-- .cpt-grid -->\n          <\/div><!-- \/.elementor-tab-content -->\n        <\/div><!-- \/.elementor-toggle-item -->\n                <div class=\"elementor-toggle-item\">\n          <h4 aria-controls=\"elementor-tab-content-2023\" class=\"elementor-tab-title\" data-tab=\"7\" id=\"elementor-tab-title-2023\" role=\"tab\">\n            <a href=\"\">2023<\/a>\n          <\/h4><!-- \/.elementor-tab-title -->\n          <div aria-labelledby=\"elementor-tab-title-2023\" class=\"elementor-tab-content elementor-clearfix elementor-active\" data-tab=\"7\" id=\"elementor-tab-content-2023\" role=\"tabpanel\" >\n            <div class=\"cpt-grid cpt-grid--exhibition\">\n                              \n<a href=\"https:\/\/www.museuolimpicbcn.cat\/ca\/exposicions\/club-centenari-unio-atletica-dhorta\/\" class=\"cpt-grid-item cpt-grid-item--exhibition\">\n  <div class=\"cpt-grid-item__inside\">\n        <div class=\"cpt-grid-item__pic\">\n      <img loading=\"lazy\" decoding=\"async\" width=\"401\" height=\"400\" src=\"https:\/\/www.museuolimpicbcn.cat\/wp-content\/uploads\/sites\/2\/2023\/06\/MOE_400x400_A.png\" class=\"attachment-full size-full\" alt=\"\" srcset=\"https:\/\/www.museuolimpicbcn.cat\/wp-content\/uploads\/sites\/2\/2023\/06\/MOE_400x400_A.png 401w, https:\/\/www.museuolimpicbcn.cat\/wp-content\/uploads\/sites\/2\/2023\/06\/MOE_400x400_A-300x300.png 300w, https:\/\/www.museuolimpicbcn.cat\/wp-content\/uploads\/sites\/2\/2023\/06\/MOE_400x400_A-150x150.png 150w, https:\/\/www.museuolimpicbcn.cat\/wp-content\/uploads\/sites\/2\/2023\/06\/MOE_400x400_A-100x100.png 100w\" sizes=\"(max-width: 401px) 100vw, 401px\" \/>    <\/div><!-- \/.cpt-grid-item__pic -->\n        <div class=\"cpt-grid-item__content\">\n            <h3>Club Centenari: UNI\u00d3 ATL\u00c8TICA D\u2019HORTA<\/h3>\n            <div class=\"cpt-grid-item__meta\">\n        <span class=\"startDate\">Del 11\/07\/2023<\/span>        <span class=\"endDate\"> al 22\/04\/2024<\/span>      <\/div><!-- \/.cpt-grid-item__meta -->\n          <\/div><!-- \/.cpt-grid-item__content -->\n  <\/div><!-- \/.cpt-grid-item__inside -->\n<\/a><!-- \/.cpt-grid-item -->\n                              \n<a href=\"https:\/\/www.museuolimpicbcn.cat\/ca\/exposicions\/fotosport-2022-%c2%b7-xxvii-biennal-internacional-de-fotografia-de-lesport\/\" class=\"cpt-grid-item cpt-grid-item--exhibition\">\n  <div class=\"cpt-grid-item__inside\">\n        <div class=\"cpt-grid-item__pic\">\n      <img loading=\"lazy\" decoding=\"async\" width=\"400\" height=\"400\" src=\"https:\/\/www.museuolimpicbcn.cat\/wp-content\/uploads\/sites\/2\/2023\/06\/espai-2_webMOE-fotosport2023_MOE_400x400_A.png\" class=\"attachment-full size-full\" alt=\"\" srcset=\"https:\/\/www.museuolimpicbcn.cat\/wp-content\/uploads\/sites\/2\/2023\/06\/espai-2_webMOE-fotosport2023_MOE_400x400_A.png 400w, https:\/\/www.museuolimpicbcn.cat\/wp-content\/uploads\/sites\/2\/2023\/06\/espai-2_webMOE-fotosport2023_MOE_400x400_A-300x300.png 300w, https:\/\/www.museuolimpicbcn.cat\/wp-content\/uploads\/sites\/2\/2023\/06\/espai-2_webMOE-fotosport2023_MOE_400x400_A-150x150.png 150w, https:\/\/www.museuolimpicbcn.cat\/wp-content\/uploads\/sites\/2\/2023\/06\/espai-2_webMOE-fotosport2023_MOE_400x400_A-100x100.png 100w\" sizes=\"(max-width: 400px) 100vw, 400px\" \/>    <\/div><!-- \/.cpt-grid-item__pic -->\n        <div class=\"cpt-grid-item__content\">\n            <h3>FOTOSPORT 2022 \u00b7 XXVII Biennal Internacional de Fotografia de l\u2019Esport<\/h3>\n            <div class=\"cpt-grid-item__meta\">\n        <span class=\"startDate\">Del 07\/06\/2023<\/span>        <span class=\"endDate\"> al 06\/06\/2025<\/span>      <\/div><!-- \/.cpt-grid-item__meta -->\n          <\/div><!-- \/.cpt-grid-item__content -->\n  <\/div><!-- \/.cpt-grid-item__inside -->\n<\/a><!-- \/.cpt-grid-item -->\n                              \n<a href=\"https:\/\/www.museuolimpicbcn.cat\/ca\/exposicions\/juntos-por-un-futuro-compartido\/\" class=\"cpt-grid-item cpt-grid-item--exhibition\">\n  <div class=\"cpt-grid-item__inside\">\n        <div class=\"cpt-grid-item__pic\">\n      <img loading=\"lazy\" decoding=\"async\" width=\"400\" height=\"400\" src=\"https:\/\/www.museuolimpicbcn.cat\/wp-content\/uploads\/sites\/2\/2023\/06\/espai-2_webMOE-juntsperbeijing22_MOE_400x400_A.png\" class=\"attachment-full size-full\" alt=\"\" srcset=\"https:\/\/www.museuolimpicbcn.cat\/wp-content\/uploads\/sites\/2\/2023\/06\/espai-2_webMOE-juntsperbeijing22_MOE_400x400_A.png 400w, https:\/\/www.museuolimpicbcn.cat\/wp-content\/uploads\/sites\/2\/2023\/06\/espai-2_webMOE-juntsperbeijing22_MOE_400x400_A-300x300.png 300w, https:\/\/www.museuolimpicbcn.cat\/wp-content\/uploads\/sites\/2\/2023\/06\/espai-2_webMOE-juntsperbeijing22_MOE_400x400_A-150x150.png 150w, https:\/\/www.museuolimpicbcn.cat\/wp-content\/uploads\/sites\/2\/2023\/06\/espai-2_webMOE-juntsperbeijing22_MOE_400x400_A-100x100.png 100w\" sizes=\"(max-width: 400px) 100vw, 400px\" \/>    <\/div><!-- \/.cpt-grid-item__pic -->\n        <div class=\"cpt-grid-item__content\">\n            <h3>Junts per un futur compartit<\/h3>\n            <div class=\"cpt-grid-item__meta\">\n        <span class=\"startDate\">Del 06\/06\/2023<\/span>        <span class=\"endDate\"> al 28\/01\/2024<\/span>      <\/div><!-- \/.cpt-grid-item__meta -->\n          <\/div><!-- \/.cpt-grid-item__content -->\n  <\/div><!-- \/.cpt-grid-item__inside -->\n<\/a><!-- \/.cpt-grid-item -->\n                              \n<a href=\"https:\/\/www.museuolimpicbcn.cat\/ca\/exposicions\/xi-premi-internacional-dart-sobre-paper-fundacio-barcelona-olimpica\/\" class=\"cpt-grid-item cpt-grid-item--exhibition\">\n  <div class=\"cpt-grid-item__inside\">\n        <div class=\"cpt-grid-item__pic\">\n      <img loading=\"lazy\" decoding=\"async\" width=\"401\" height=\"401\" src=\"https:\/\/www.museuolimpicbcn.cat\/wp-content\/uploads\/sites\/2\/2023\/01\/ASP23_bannerwebMOE-A.png\" class=\"attachment-full size-full\" alt=\"\" srcset=\"https:\/\/www.museuolimpicbcn.cat\/wp-content\/uploads\/sites\/2\/2023\/01\/ASP23_bannerwebMOE-A.png 401w, https:\/\/www.museuolimpicbcn.cat\/wp-content\/uploads\/sites\/2\/2023\/01\/ASP23_bannerwebMOE-A-300x300.png 300w, https:\/\/www.museuolimpicbcn.cat\/wp-content\/uploads\/sites\/2\/2023\/01\/ASP23_bannerwebMOE-A-150x150.png 150w, https:\/\/www.museuolimpicbcn.cat\/wp-content\/uploads\/sites\/2\/2023\/01\/ASP23_bannerwebMOE-A-100x100.png 100w\" sizes=\"(max-width: 401px) 100vw, 401px\" \/>    <\/div><!-- \/.cpt-grid-item__pic -->\n        <div class=\"cpt-grid-item__content\">\n            <h3>XI Premi Internacional d\u2019Art sobre paper Fundaci\u00f3 Barcelona Ol\u00edmpica<\/h3>\n            <div class=\"cpt-grid-item__meta\">\n        <span class=\"startDate\">Del 23\/01\/2023<\/span>        <span class=\"endDate\"> al 02\/07\/2023<\/span>      <\/div><!-- \/.cpt-grid-item__meta -->\n          <\/div><!-- \/.cpt-grid-item__content -->\n  <\/div><!-- \/.cpt-grid-item__inside -->\n<\/a><!-- \/.cpt-grid-item -->\n                                  <\/div><!-- .cpt-grid -->\n          <\/div><!-- \/.elementor-tab-content -->\n        <\/div><!-- \/.elementor-toggle-item -->\n                <div class=\"elementor-toggle-item\">\n          <h4 aria-controls=\"elementor-tab-content-2022\" class=\"elementor-tab-title\" data-tab=\"11\" id=\"elementor-tab-title-2022\" role=\"tab\">\n            <a href=\"\">2022<\/a>\n          <\/h4><!-- \/.elementor-tab-title -->\n          <div aria-labelledby=\"elementor-tab-title-2022\" class=\"elementor-tab-content elementor-clearfix elementor-active\" data-tab=\"11\" id=\"elementor-tab-content-2022\" role=\"tabpanel\" >\n            <div class=\"cpt-grid cpt-grid--exhibition\">\n                              \n<a href=\"https:\/\/www.museuolimpicbcn.cat\/ca\/exposicions\/buscant-linstant-decisiu\/\" class=\"cpt-grid-item cpt-grid-item--exhibition\">\n  <div class=\"cpt-grid-item__inside\">\n        <div class=\"cpt-grid-item__pic\">\n      <img loading=\"lazy\" decoding=\"async\" width=\"401\" height=\"400\" src=\"https:\/\/www.museuolimpicbcn.cat\/wp-content\/uploads\/sites\/2\/2022\/10\/MOE_400x400_A.png\" class=\"attachment-full size-full\" alt=\"\" srcset=\"https:\/\/www.museuolimpicbcn.cat\/wp-content\/uploads\/sites\/2\/2022\/10\/MOE_400x400_A.png 401w, https:\/\/www.museuolimpicbcn.cat\/wp-content\/uploads\/sites\/2\/2022\/10\/MOE_400x400_A-300x300.png 300w, https:\/\/www.museuolimpicbcn.cat\/wp-content\/uploads\/sites\/2\/2022\/10\/MOE_400x400_A-150x150.png 150w, https:\/\/www.museuolimpicbcn.cat\/wp-content\/uploads\/sites\/2\/2022\/10\/MOE_400x400_A-100x100.png 100w\" sizes=\"(max-width: 401px) 100vw, 401px\" \/>    <\/div><!-- \/.cpt-grid-item__pic -->\n        <div class=\"cpt-grid-item__content\">\n              <span class=\"label label--travelling\">\n          <span>Exposici\u00f3n itinerante<\/span>\n          <span>-2 Museu ol\u00edmpic i de l'Esport JA Samaranch<\/span>        <\/span>\n            <h3>Buscant l&#8217;instant decisiu<\/h3>\n            <div class=\"cpt-grid-item__meta\">\n        <span class=\"startDate\">Del 01\/11\/2022<\/span>        <span class=\"endDate\"> al 02\/06\/2023<\/span>      <\/div><!-- \/.cpt-grid-item__meta -->\n          <\/div><!-- \/.cpt-grid-item__content -->\n  <\/div><!-- \/.cpt-grid-item__inside -->\n<\/a><!-- \/.cpt-grid-item -->\n                              \n<a href=\"https:\/\/www.museuolimpicbcn.cat\/ca\/exposicions\/olimpiada-cultural-un-esclat-artistic-per-a-barcelona\/\" class=\"cpt-grid-item cpt-grid-item--exhibition\">\n  <div class=\"cpt-grid-item__inside\">\n        <div class=\"cpt-grid-item__pic\">\n      <img loading=\"lazy\" decoding=\"async\" width=\"401\" height=\"400\" src=\"https:\/\/www.museuolimpicbcn.cat\/wp-content\/uploads\/sites\/2\/2022\/06\/OCSA_MOE_400x400_A.png\" class=\"attachment-full size-full\" alt=\"\" srcset=\"https:\/\/www.museuolimpicbcn.cat\/wp-content\/uploads\/sites\/2\/2022\/06\/OCSA_MOE_400x400_A.png 401w, https:\/\/www.museuolimpicbcn.cat\/wp-content\/uploads\/sites\/2\/2022\/06\/OCSA_MOE_400x400_A-300x300.png 300w, https:\/\/www.museuolimpicbcn.cat\/wp-content\/uploads\/sites\/2\/2022\/06\/OCSA_MOE_400x400_A-150x150.png 150w, https:\/\/www.museuolimpicbcn.cat\/wp-content\/uploads\/sites\/2\/2022\/06\/OCSA_MOE_400x400_A-100x100.png 100w\" sizes=\"(max-width: 401px) 100vw, 401px\" \/>    <\/div><!-- \/.cpt-grid-item__pic -->\n        <div class=\"cpt-grid-item__content\">\n            <h3>Olimp\u00edada Cultural. Un esclat art\u00edstic per a Barcelona.<\/h3>\n            <div class=\"cpt-grid-item__meta\">\n        <span class=\"startDate\">Del 12\/07\/2022<\/span>        <span class=\"endDate\"> al 15\/01\/2023<\/span>      <\/div><!-- \/.cpt-grid-item__meta -->\n          <\/div><!-- \/.cpt-grid-item__content -->\n  <\/div><!-- \/.cpt-grid-item__inside -->\n<\/a><!-- \/.cpt-grid-item -->\n                              \n<a href=\"https:\/\/www.museuolimpicbcn.cat\/ca\/exposicions\/beijing-2022-junts-per-un-futur-compartit\/\" class=\"cpt-grid-item cpt-grid-item--exhibition\">\n  <div class=\"cpt-grid-item__inside\">\n        <div class=\"cpt-grid-item__pic\">\n      <img loading=\"lazy\" decoding=\"async\" width=\"401\" height=\"400\" src=\"https:\/\/www.museuolimpicbcn.cat\/wp-content\/uploads\/sites\/2\/2021\/11\/PEK22_MOE_400x400_A.png\" class=\"attachment-full size-full\" alt=\"\" srcset=\"https:\/\/www.museuolimpicbcn.cat\/wp-content\/uploads\/sites\/2\/2021\/11\/PEK22_MOE_400x400_A.png 401w, https:\/\/www.museuolimpicbcn.cat\/wp-content\/uploads\/sites\/2\/2021\/11\/PEK22_MOE_400x400_A-300x300.png 300w, https:\/\/www.museuolimpicbcn.cat\/wp-content\/uploads\/sites\/2\/2021\/11\/PEK22_MOE_400x400_A-150x150.png 150w, https:\/\/www.museuolimpicbcn.cat\/wp-content\/uploads\/sites\/2\/2021\/11\/PEK22_MOE_400x400_A-100x100.png 100w\" sizes=\"(max-width: 401px) 100vw, 401px\" \/>    <\/div><!-- \/.cpt-grid-item__pic -->\n        <div class=\"cpt-grid-item__content\">\n            <h3>Beijing 2022. junts per un futur compartit<\/h3>\n            <div class=\"cpt-grid-item__meta\">\n        <span class=\"startDate\">Del 25\/01\/2022<\/span>        <span class=\"endDate\"> al 10\/07\/2022<\/span>      <\/div><!-- \/.cpt-grid-item__meta -->\n          <\/div><!-- \/.cpt-grid-item__content -->\n  <\/div><!-- \/.cpt-grid-item__inside -->\n<\/a><!-- \/.cpt-grid-item -->\n                                  <\/div><!-- .cpt-grid -->\n          <\/div><!-- \/.elementor-tab-content -->\n        <\/div><!-- \/.elementor-toggle-item -->\n                <div class=\"elementor-toggle-item\">\n          <h4 aria-controls=\"elementor-tab-content-2021\" class=\"elementor-tab-title\" data-tab=\"14\" id=\"elementor-tab-title-2021\" role=\"tab\">\n            <a href=\"\">2021<\/a>\n          <\/h4><!-- \/.elementor-tab-title -->\n          <div aria-labelledby=\"elementor-tab-title-2021\" class=\"elementor-tab-content elementor-clearfix elementor-active\" data-tab=\"14\" id=\"elementor-tab-content-2021\" role=\"tabpanel\" >\n            <div class=\"cpt-grid cpt-grid--exhibition\">\n                              \n<a href=\"https:\/\/www.museuolimpicbcn.cat\/ca\/exposicions\/lesport-en-imatges-la-historia-dels-esports-de-neu-a-espanya\/\" class=\"cpt-grid-item cpt-grid-item--exhibition\">\n  <div class=\"cpt-grid-item__inside\">\n        <div class=\"cpt-grid-item__pic\">\n      <img loading=\"lazy\" decoding=\"async\" width=\"2560\" height=\"1635\" src=\"https:\/\/www.museuolimpicbcn.cat\/wp-content\/uploads\/sites\/2\/2021\/11\/HISTORIA-NIEVE-ESP-Musue-Oli\u0301mpic_26-scaled.jpg\" class=\"attachment-full size-full\" alt=\"\" srcset=\"https:\/\/www.museuolimpicbcn.cat\/wp-content\/uploads\/sites\/2\/2021\/11\/HISTORIA-NIEVE-ESP-Musue-Oli\u0301mpic_26-scaled.jpg 2560w, https:\/\/www.museuolimpicbcn.cat\/wp-content\/uploads\/sites\/2\/2021\/11\/HISTORIA-NIEVE-ESP-Musue-Oli\u0301mpic_26-300x192.jpg 300w, https:\/\/www.museuolimpicbcn.cat\/wp-content\/uploads\/sites\/2\/2021\/11\/HISTORIA-NIEVE-ESP-Musue-Oli\u0301mpic_26-1024x654.jpg 1024w, https:\/\/www.museuolimpicbcn.cat\/wp-content\/uploads\/sites\/2\/2021\/11\/HISTORIA-NIEVE-ESP-Musue-Oli\u0301mpic_26-768x490.jpg 768w, https:\/\/www.museuolimpicbcn.cat\/wp-content\/uploads\/sites\/2\/2021\/11\/HISTORIA-NIEVE-ESP-Musue-Oli\u0301mpic_26-1536x981.jpg 1536w, https:\/\/www.museuolimpicbcn.cat\/wp-content\/uploads\/sites\/2\/2021\/11\/HISTORIA-NIEVE-ESP-Musue-Oli\u0301mpic_26-2048x1308.jpg 2048w, https:\/\/www.museuolimpicbcn.cat\/wp-content\/uploads\/sites\/2\/2021\/11\/HISTORIA-NIEVE-ESP-Musue-Oli\u0301mpic_26-1320x843.jpg 1320w, https:\/\/www.museuolimpicbcn.cat\/wp-content\/uploads\/sites\/2\/2021\/11\/HISTORIA-NIEVE-ESP-Musue-Oli\u0301mpic_26-600x383.jpg 600w\" sizes=\"(max-width: 2560px) 100vw, 2560px\" \/>    <\/div><!-- \/.cpt-grid-item__pic -->\n        <div class=\"cpt-grid-item__content\">\n            <h3>L\u2019esport en imatges: \u201dLa hist\u00f2ria dels esports de neu a Espanya&#8221;<\/h3>\n            <div class=\"cpt-grid-item__meta\">\n        <span class=\"startDate\">Del 09\/11\/2021<\/span>        <span class=\"endDate\"> al 30\/12\/2022<\/span>      <\/div><!-- \/.cpt-grid-item__meta -->\n          <\/div><!-- \/.cpt-grid-item__content -->\n  <\/div><!-- \/.cpt-grid-item__inside -->\n<\/a><!-- \/.cpt-grid-item -->\n                              \n<a href=\"https:\/\/www.museuolimpicbcn.cat\/ca\/exposicions\/tokyo-2020-lesport-com-a-eina-per-canviar-el-mon\/\" class=\"cpt-grid-item cpt-grid-item--exhibition\">\n  <div class=\"cpt-grid-item__inside\">\n        <div class=\"cpt-grid-item__pic\">\n      <img loading=\"lazy\" decoding=\"async\" width=\"401\" height=\"400\" src=\"https:\/\/www.museuolimpicbcn.cat\/wp-content\/uploads\/sites\/2\/2021\/04\/TOKYO2020_moeweb_400x400.png\" class=\"attachment-full size-full\" alt=\"\" srcset=\"https:\/\/www.museuolimpicbcn.cat\/wp-content\/uploads\/sites\/2\/2021\/04\/TOKYO2020_moeweb_400x400.png 401w, https:\/\/www.museuolimpicbcn.cat\/wp-content\/uploads\/sites\/2\/2021\/04\/TOKYO2020_moeweb_400x400-300x300.png 300w, https:\/\/www.museuolimpicbcn.cat\/wp-content\/uploads\/sites\/2\/2021\/04\/TOKYO2020_moeweb_400x400-150x150.png 150w, https:\/\/www.museuolimpicbcn.cat\/wp-content\/uploads\/sites\/2\/2021\/04\/TOKYO2020_moeweb_400x400-100x100.png 100w\" sizes=\"(max-width: 401px) 100vw, 401px\" \/>    <\/div><!-- \/.cpt-grid-item__pic -->\n        <div class=\"cpt-grid-item__content\">\n            <h3>TOKYO 2020. L\u2019esport com a eina per canviar el m\u00f3n.<\/h3>\n            <div class=\"cpt-grid-item__meta\">\n        <span class=\"startDate\">Del 01\/06\/2021<\/span>        <span class=\"endDate\"> al 16\/01\/2022<\/span>      <\/div><!-- \/.cpt-grid-item__meta -->\n          <\/div><!-- \/.cpt-grid-item__content -->\n  <\/div><!-- \/.cpt-grid-item__inside -->\n<\/a><!-- \/.cpt-grid-item -->\n                              \n<a href=\"https:\/\/www.museuolimpicbcn.cat\/ca\/exposicions\/art-sobre-paper-premio-internacional-fbo\/\" class=\"cpt-grid-item cpt-grid-item--exhibition\">\n  <div class=\"cpt-grid-item__inside\">\n        <div class=\"cpt-grid-item__pic\">\n      <img loading=\"lazy\" decoding=\"async\" width=\"400\" height=\"400\" src=\"https:\/\/www.museuolimpicbcn.cat\/wp-content\/uploads\/sites\/2\/2021\/01\/ASP21_bannerwebMOE-A.png\" class=\"attachment-full size-full\" alt=\"\" srcset=\"https:\/\/www.museuolimpicbcn.cat\/wp-content\/uploads\/sites\/2\/2021\/01\/ASP21_bannerwebMOE-A.png 400w, https:\/\/www.museuolimpicbcn.cat\/wp-content\/uploads\/sites\/2\/2021\/01\/ASP21_bannerwebMOE-A-150x150.png 150w, https:\/\/www.museuolimpicbcn.cat\/wp-content\/uploads\/sites\/2\/2021\/01\/ASP21_bannerwebMOE-A-300x300.png 300w, https:\/\/www.museuolimpicbcn.cat\/wp-content\/uploads\/sites\/2\/2021\/01\/ASP21_bannerwebMOE-A-100x100.png 100w\" sizes=\"(max-width: 400px) 100vw, 400px\" \/>    <\/div><!-- \/.cpt-grid-item__pic -->\n        <div class=\"cpt-grid-item__content\">\n            <h3>Art sobre paper. Premi internacional FBO<\/h3>\n            <div class=\"cpt-grid-item__meta\">\n        <span class=\"startDate\">Del 02\/02\/2021<\/span>        <span class=\"endDate\"> al 30\/05\/2021<\/span>      <\/div><!-- \/.cpt-grid-item__meta -->\n          <\/div><!-- \/.cpt-grid-item__content -->\n  <\/div><!-- \/.cpt-grid-item__inside -->\n<\/a><!-- \/.cpt-grid-item -->\n                              \n<a href=\"https:\/\/www.museuolimpicbcn.cat\/ca\/exposicions\/olimpiada-en-el-cor-del-juvenil\/\" class=\"cpt-grid-item cpt-grid-item--exhibition\">\n  <div class=\"cpt-grid-item__inside\">\n        <div class=\"cpt-grid-item__pic\">\n      <img loading=\"lazy\" decoding=\"async\" width=\"1070\" height=\"626\" src=\"https:\/\/www.museuolimpicbcn.cat\/wp-content\/uploads\/sites\/2\/2021\/01\/CREATIVIDAD-1.png\" class=\"attachment-full size-full\" alt=\"\" srcset=\"https:\/\/www.museuolimpicbcn.cat\/wp-content\/uploads\/sites\/2\/2021\/01\/CREATIVIDAD-1.png 1070w, https:\/\/www.museuolimpicbcn.cat\/wp-content\/uploads\/sites\/2\/2021\/01\/CREATIVIDAD-1-300x176.png 300w, https:\/\/www.museuolimpicbcn.cat\/wp-content\/uploads\/sites\/2\/2021\/01\/CREATIVIDAD-1-768x449.png 768w, https:\/\/www.museuolimpicbcn.cat\/wp-content\/uploads\/sites\/2\/2021\/01\/CREATIVIDAD-1-1024x599.png 1024w, https:\/\/www.museuolimpicbcn.cat\/wp-content\/uploads\/sites\/2\/2021\/01\/CREATIVIDAD-1-600x351.png 600w\" sizes=\"(max-width: 1070px) 100vw, 1070px\" \/>    <\/div><!-- \/.cpt-grid-item__pic -->\n        <div class=\"cpt-grid-item__content\">\n            <h3>Olimp\u00edada en el Cor del Juvenil<\/h3>\n            <div class=\"cpt-grid-item__meta\">\n        <span class=\"startDate\">Del 01\/02\/2021<\/span>        <span class=\"endDate\"> al 30\/05\/2021<\/span>      <\/div><!-- \/.cpt-grid-item__meta -->\n          <\/div><!-- \/.cpt-grid-item__content -->\n  <\/div><!-- \/.cpt-grid-item__inside -->\n<\/a><!-- \/.cpt-grid-item -->\n                                  <\/div><!-- .cpt-grid -->\n          <\/div><!-- \/.elementor-tab-content -->\n        <\/div><!-- \/.elementor-toggle-item -->\n                <div class=\"elementor-toggle-item\">\n          <h4 aria-controls=\"elementor-tab-content-2020\" class=\"elementor-tab-title\" data-tab=\"18\" id=\"elementor-tab-title-2020\" role=\"tab\">\n            <a href=\"\">2020<\/a>\n          <\/h4><!-- \/.elementor-tab-title -->\n          <div aria-labelledby=\"elementor-tab-title-2020\" class=\"elementor-tab-content elementor-clearfix elementor-active\" data-tab=\"18\" id=\"elementor-tab-content-2020\" role=\"tabpanel\" >\n            <div class=\"cpt-grid cpt-grid--exhibition\">\n                              \n<a href=\"https:\/\/www.museuolimpicbcn.cat\/ca\/exposicions\/el-club-junior-fc\/\" class=\"cpt-grid-item cpt-grid-item--exhibition\">\n  <div class=\"cpt-grid-item__inside\">\n        <div class=\"cpt-grid-item__pic\">\n      <img loading=\"lazy\" decoding=\"async\" width=\"401\" height=\"400\" src=\"https:\/\/www.museuolimpicbcn.cat\/wp-content\/uploads\/sites\/2\/2020\/05\/expoJFC-400x400.jpg\" class=\"attachment-full size-full\" alt=\"\" srcset=\"https:\/\/www.museuolimpicbcn.cat\/wp-content\/uploads\/sites\/2\/2020\/05\/expoJFC-400x400.jpg 401w, https:\/\/www.museuolimpicbcn.cat\/wp-content\/uploads\/sites\/2\/2020\/05\/expoJFC-400x400-150x150.jpg 150w, https:\/\/www.museuolimpicbcn.cat\/wp-content\/uploads\/sites\/2\/2020\/05\/expoJFC-400x400-300x300.jpg 300w, https:\/\/www.museuolimpicbcn.cat\/wp-content\/uploads\/sites\/2\/2020\/05\/expoJFC-400x400-100x100.jpg 100w\" sizes=\"(max-width: 401px) 100vw, 401px\" \/>    <\/div><!-- \/.cpt-grid-item__pic -->\n        <div class=\"cpt-grid-item__content\">\n            <h3>EL CLUB: JUNIOR FC<\/h3>\n            <div class=\"cpt-grid-item__meta\">\n        <span class=\"startDate\">Del 09\/06\/2020<\/span>        <span class=\"endDate\"> al 24\/01\/2021<\/span>      <\/div><!-- \/.cpt-grid-item__meta -->\n          <\/div><!-- \/.cpt-grid-item__content -->\n  <\/div><!-- \/.cpt-grid-item__inside -->\n<\/a><!-- \/.cpt-grid-item -->\n                                  <\/div><!-- .cpt-grid -->\n          <\/div><!-- \/.elementor-tab-content -->\n        <\/div><!-- \/.elementor-toggle-item -->\n                <div class=\"elementor-toggle-item\">\n          <h4 aria-controls=\"elementor-tab-content-2019\" class=\"elementor-tab-title\" data-tab=\"19\" id=\"elementor-tab-title-2019\" role=\"tab\">\n            <a href=\"\">2019<\/a>\n          <\/h4><!-- \/.elementor-tab-title -->\n          <div aria-labelledby=\"elementor-tab-title-2019\" class=\"elementor-tab-content elementor-clearfix elementor-active\" data-tab=\"19\" id=\"elementor-tab-content-2019\" role=\"tabpanel\" >\n            <div class=\"cpt-grid cpt-grid--exhibition\">\n                              \n<a href=\"https:\/\/www.museuolimpicbcn.cat\/ca\/exposicions\/olimpics\/\" class=\"cpt-grid-item cpt-grid-item--exhibition\">\n  <div class=\"cpt-grid-item__inside\">\n        <div class=\"cpt-grid-item__pic\">\n      <img loading=\"lazy\" decoding=\"async\" width=\"400\" height=\"400\" src=\"https:\/\/www.museuolimpicbcn.cat\/wp-content\/uploads\/sites\/2\/2019\/12\/expo_olimpics-webMOE-04.png\" class=\"attachment-full size-full\" alt=\"\" srcset=\"https:\/\/www.museuolimpicbcn.cat\/wp-content\/uploads\/sites\/2\/2019\/12\/expo_olimpics-webMOE-04.png 400w, https:\/\/www.museuolimpicbcn.cat\/wp-content\/uploads\/sites\/2\/2019\/12\/expo_olimpics-webMOE-04-150x150.png 150w, https:\/\/www.museuolimpicbcn.cat\/wp-content\/uploads\/sites\/2\/2019\/12\/expo_olimpics-webMOE-04-300x300.png 300w, https:\/\/www.museuolimpicbcn.cat\/wp-content\/uploads\/sites\/2\/2019\/12\/expo_olimpics-webMOE-04-100x100.png 100w\" sizes=\"(max-width: 400px) 100vw, 400px\" \/>    <\/div><!-- \/.cpt-grid-item__pic -->\n        <div class=\"cpt-grid-item__content\">\n            <h3>Ol\u00edmpics<\/h3>\n            <div class=\"cpt-grid-item__meta\">\n        <span class=\"startDate\">Del 17\/12\/2019<\/span>        <span class=\"endDate\"> al 07\/06\/2020<\/span>      <\/div><!-- \/.cpt-grid-item__meta -->\n          <\/div><!-- \/.cpt-grid-item__content -->\n  <\/div><!-- \/.cpt-grid-item__inside -->\n<\/a><!-- \/.cpt-grid-item -->\n                              \n<a href=\"https:\/\/www.museuolimpicbcn.cat\/ca\/exposicions\/tu-i-jo-som-amigues-dialegs-entre-dues-ciutats-olimpiques\/\" class=\"cpt-grid-item cpt-grid-item--exhibition\">\n  <div class=\"cpt-grid-item__inside\">\n        <div class=\"cpt-grid-item__pic\">\n      <img loading=\"lazy\" decoding=\"async\" width=\"1190\" height=\"421\" src=\"https:\/\/www.museuolimpicbcn.cat\/wp-content\/uploads\/sites\/2\/2019\/10\/Web-MOE1190x420px.jpg\" class=\"attachment-full size-full\" alt=\"\" srcset=\"https:\/\/www.museuolimpicbcn.cat\/wp-content\/uploads\/sites\/2\/2019\/10\/Web-MOE1190x420px.jpg 1190w, https:\/\/www.museuolimpicbcn.cat\/wp-content\/uploads\/sites\/2\/2019\/10\/Web-MOE1190x420px-300x106.jpg 300w, https:\/\/www.museuolimpicbcn.cat\/wp-content\/uploads\/sites\/2\/2019\/10\/Web-MOE1190x420px-768x272.jpg 768w, https:\/\/www.museuolimpicbcn.cat\/wp-content\/uploads\/sites\/2\/2019\/10\/Web-MOE1190x420px-1024x362.jpg 1024w, https:\/\/www.museuolimpicbcn.cat\/wp-content\/uploads\/sites\/2\/2019\/10\/Web-MOE1190x420px-600x212.jpg 600w\" sizes=\"(max-width: 1190px) 100vw, 1190px\" \/>    <\/div><!-- \/.cpt-grid-item__pic -->\n        <div class=\"cpt-grid-item__content\">\n            <h3>Tu i jo som amigues: di\u00e0legs entre dues ciutats ol\u00edmpiques.<\/h3>\n            <div class=\"cpt-grid-item__meta\">\n        <span class=\"startDate\">Del 22\/10\/2019<\/span>        <span class=\"endDate\"> al 15\/12\/2019<\/span>      <\/div><!-- \/.cpt-grid-item__meta -->\n          <\/div><!-- \/.cpt-grid-item__content -->\n  <\/div><!-- \/.cpt-grid-item__inside -->\n<\/a><!-- \/.cpt-grid-item -->\n                              \n<a href=\"https:\/\/www.museuolimpicbcn.cat\/ca\/exposicions\/esportclick\/\" class=\"cpt-grid-item cpt-grid-item--exhibition\">\n  <div class=\"cpt-grid-item__inside\">\n        <div class=\"cpt-grid-item__pic\">\n      <img loading=\"lazy\" decoding=\"async\" width=\"400\" height=\"400\" src=\"https:\/\/www.museuolimpicbcn.cat\/wp-content\/uploads\/sites\/2\/2019\/07\/webnova_moe_400x400px-1.png\" class=\"attachment-full size-full\" alt=\"\" srcset=\"https:\/\/www.museuolimpicbcn.cat\/wp-content\/uploads\/sites\/2\/2019\/07\/webnova_moe_400x400px-1.png 400w, https:\/\/www.museuolimpicbcn.cat\/wp-content\/uploads\/sites\/2\/2019\/07\/webnova_moe_400x400px-1-150x150.png 150w, https:\/\/www.museuolimpicbcn.cat\/wp-content\/uploads\/sites\/2\/2019\/07\/webnova_moe_400x400px-1-300x300.png 300w, https:\/\/www.museuolimpicbcn.cat\/wp-content\/uploads\/sites\/2\/2019\/07\/webnova_moe_400x400px-1-100x100.png 100w\" sizes=\"(max-width: 400px) 100vw, 400px\" \/>    <\/div><!-- \/.cpt-grid-item__pic -->\n        <div class=\"cpt-grid-item__content\">\n            <h3>#Esportclick<\/h3>\n            <div class=\"cpt-grid-item__meta\">\n        <span class=\"startDate\">Del 14\/07\/2019<\/span>        <span class=\"endDate\"> al 19\/10\/2019<\/span>      <\/div><!-- \/.cpt-grid-item__meta -->\n          <\/div><!-- \/.cpt-grid-item__content -->\n  <\/div><!-- \/.cpt-grid-item__inside -->\n<\/a><!-- \/.cpt-grid-item -->\n                              \n<a href=\"https:\/\/www.museuolimpicbcn.cat\/ca\/exposicions\/club-centenari-futbol-club-martinenc\/\" class=\"cpt-grid-item cpt-grid-item--exhibition\">\n  <div class=\"cpt-grid-item__inside\">\n        <div class=\"cpt-grid-item__pic\">\n      <img loading=\"lazy\" decoding=\"async\" width=\"400\" height=\"400\" src=\"https:\/\/www.museuolimpicbcn.cat\/wp-content\/uploads\/sites\/2\/2019\/04\/Expo-Art-sobre-paper-2019-thumb.jpg\" class=\"attachment-full size-full\" alt=\"Expo Art Sobre Paper 2019 Thumb\" srcset=\"https:\/\/www.museuolimpicbcn.cat\/wp-content\/uploads\/sites\/2\/2019\/04\/Expo-Art-sobre-paper-2019-thumb.jpg 400w, https:\/\/www.museuolimpicbcn.cat\/wp-content\/uploads\/sites\/2\/2019\/04\/Expo-Art-sobre-paper-2019-thumb-150x150.jpg 150w, https:\/\/www.museuolimpicbcn.cat\/wp-content\/uploads\/sites\/2\/2019\/04\/Expo-Art-sobre-paper-2019-thumb-300x300.jpg 300w, https:\/\/www.museuolimpicbcn.cat\/wp-content\/uploads\/sites\/2\/2019\/04\/Expo-Art-sobre-paper-2019-thumb-100x100.jpg 100w\" sizes=\"(max-width: 400px) 100vw, 400px\" \/>    <\/div><!-- \/.cpt-grid-item__pic -->\n        <div class=\"cpt-grid-item__content\">\n            <h3>Club Centenari: Futbol Club Martinenc<\/h3>\n            <div class=\"cpt-grid-item__meta\">\n        <span class=\"startDate\">Del 30\/04\/2019<\/span>        <span class=\"endDate\"> al 23\/06\/2019<\/span>      <\/div><!-- \/.cpt-grid-item__meta -->\n          <\/div><!-- \/.cpt-grid-item__content -->\n  <\/div><!-- \/.cpt-grid-item__inside -->\n<\/a><!-- \/.cpt-grid-item -->\n                              \n<a href=\"https:\/\/www.museuolimpicbcn.cat\/ca\/exposicions\/art-sobre-paper-ix-edicio\/\" class=\"cpt-grid-item cpt-grid-item--exhibition\">\n  <div class=\"cpt-grid-item__inside\">\n        <div class=\"cpt-grid-item__pic\">\n      <img loading=\"lazy\" decoding=\"async\" width=\"400\" height=\"400\" src=\"https:\/\/www.museuolimpicbcn.cat\/wp-content\/uploads\/sites\/2\/2019\/04\/Expo-Art-sobre-paper-2019.jpg\" class=\"attachment-full size-full\" alt=\"Expo Art Sobre Paper 2019 thumbnail\" srcset=\"https:\/\/www.museuolimpicbcn.cat\/wp-content\/uploads\/sites\/2\/2019\/04\/Expo-Art-sobre-paper-2019.jpg 400w, https:\/\/www.museuolimpicbcn.cat\/wp-content\/uploads\/sites\/2\/2019\/04\/Expo-Art-sobre-paper-2019-150x150.jpg 150w, https:\/\/www.museuolimpicbcn.cat\/wp-content\/uploads\/sites\/2\/2019\/04\/Expo-Art-sobre-paper-2019-300x300.jpg 300w, https:\/\/www.museuolimpicbcn.cat\/wp-content\/uploads\/sites\/2\/2019\/04\/Expo-Art-sobre-paper-2019-100x100.jpg 100w\" sizes=\"(max-width: 400px) 100vw, 400px\" \/>    <\/div><!-- \/.cpt-grid-item__pic -->\n        <div class=\"cpt-grid-item__content\">\n            <h3>Premi Internacional Fundaci\u00f3 Barcelona Ol\u00edmpica Art sobre paper IX Edici\u00f3<\/h3>\n            <div class=\"cpt-grid-item__meta\">\n        <span class=\"startDate\">Del 12\/03\/2019<\/span>        <span class=\"endDate\"> al 28\/04\/2019<\/span>      <\/div><!-- \/.cpt-grid-item__meta -->\n          <\/div><!-- \/.cpt-grid-item__content -->\n  <\/div><!-- \/.cpt-grid-item__inside -->\n<\/a><!-- \/.cpt-grid-item -->\n                                  <\/div><!-- .cpt-grid -->\n          <\/div><!-- \/.elementor-tab-content -->\n        <\/div><!-- \/.elementor-toggle-item -->\n                <div class=\"elementor-toggle-item\">\n          <h4 aria-controls=\"elementor-tab-content-2018\" class=\"elementor-tab-title\" data-tab=\"24\" id=\"elementor-tab-title-2018\" role=\"tab\">\n            <a href=\"\">2018<\/a>\n          <\/h4><!-- \/.elementor-tab-title -->\n          <div aria-labelledby=\"elementor-tab-title-2018\" class=\"elementor-tab-content elementor-clearfix elementor-active\" data-tab=\"24\" id=\"elementor-tab-content-2018\" role=\"tabpanel\" >\n            <div class=\"cpt-grid cpt-grid--exhibition\">\n                              \n<a href=\"https:\/\/www.museuolimpicbcn.cat\/ca\/exposicions\/ara-fa-40-anys-linici-de-la-politica-esportiva-a-barcelona\/\" class=\"cpt-grid-item cpt-grid-item--exhibition\">\n  <div class=\"cpt-grid-item__inside\">\n        <div class=\"cpt-grid-item__content\">\n            <h3>Ara fa 40 anys. L\u2019inici de la pol\u00edtica esportiva a Barcelona<\/h3>\n            <div class=\"cpt-grid-item__meta\">\n        <span class=\"startDate\">Del 11\/12\/2018<\/span>        <span class=\"endDate\"> al 03\/03\/2019<\/span>      <\/div><!-- \/.cpt-grid-item__meta -->\n          <\/div><!-- \/.cpt-grid-item__content -->\n  <\/div><!-- \/.cpt-grid-item__inside -->\n<\/a><!-- \/.cpt-grid-item -->\n                              \n<a href=\"https:\/\/www.museuolimpicbcn.cat\/ca\/exposicions\/club-centenari-club-natacio-barcelona\/\" class=\"cpt-grid-item cpt-grid-item--exhibition\">\n  <div class=\"cpt-grid-item__inside\">\n        <div class=\"cpt-grid-item__content\">\n            <h3>Club centenari: Club Nataci\u00f3 Barcelona<\/h3>\n            <div class=\"cpt-grid-item__meta\">\n        <span class=\"startDate\">Del 18\/09\/2018<\/span>        <span class=\"endDate\"> al 02\/12\/2018<\/span>      <\/div><!-- \/.cpt-grid-item__meta -->\n          <\/div><!-- \/.cpt-grid-item__content -->\n  <\/div><!-- \/.cpt-grid-item__inside -->\n<\/a><!-- \/.cpt-grid-item -->\n                              \n<a href=\"https:\/\/www.museuolimpicbcn.cat\/ca\/exposicions\/esportclick-especial-jocs-olimpics-dhivern\/\" class=\"cpt-grid-item cpt-grid-item--exhibition\">\n  <div class=\"cpt-grid-item__inside\">\n        <div class=\"cpt-grid-item__content\">\n            <h3>ESPORTCLICK: Especial Jocs Ol\u00edmpics d&#8217;hivern<\/h3>\n            <div class=\"cpt-grid-item__meta\">\n        <span class=\"startDate\">Del 08\/07\/2018<\/span>        <span class=\"endDate\"> al 07\/10\/2018<\/span>      <\/div><!-- \/.cpt-grid-item__meta -->\n          <\/div><!-- \/.cpt-grid-item__content -->\n  <\/div><!-- \/.cpt-grid-item__inside -->\n<\/a><!-- \/.cpt-grid-item -->\n                              \n<a href=\"https:\/\/www.museuolimpicbcn.cat\/ca\/exposicions\/club-centenari-reial-club-de-polo-de-barcelona\/\" class=\"cpt-grid-item cpt-grid-item--exhibition\">\n  <div class=\"cpt-grid-item__inside\">\n        <div class=\"cpt-grid-item__content\">\n            <h3>Club Centenari: Reial Club de Polo de Barcelona<\/h3>\n            <div class=\"cpt-grid-item__meta\">\n        <span class=\"startDate\">Del 05\/06\/2018<\/span>        <span class=\"endDate\"> al 16\/09\/2018<\/span>      <\/div><!-- \/.cpt-grid-item__meta -->\n          <\/div><!-- \/.cpt-grid-item__content -->\n  <\/div><!-- \/.cpt-grid-item__inside -->\n<\/a><!-- \/.cpt-grid-item -->\n                              \n<a href=\"https:\/\/www.museuolimpicbcn.cat\/ca\/exposicions\/ciutat-de-neu-i-gel-beijing\/\" class=\"cpt-grid-item cpt-grid-item--exhibition\">\n  <div class=\"cpt-grid-item__inside\">\n        <div class=\"cpt-grid-item__content\">\n            <h3>Ciutat de neu i gel. Beijing<\/h3>\n            <div class=\"cpt-grid-item__meta\">\n        <span class=\"startDate\">Del 27\/02\/2018<\/span>        <span class=\"endDate\"> al 03\/06\/2018<\/span>      <\/div><!-- \/.cpt-grid-item__meta -->\n          <\/div><!-- \/.cpt-grid-item__content -->\n  <\/div><!-- \/.cpt-grid-item__inside -->\n<\/a><!-- \/.cpt-grid-item -->\n                                  <\/div><!-- .cpt-grid -->\n          <\/div><!-- \/.elementor-tab-content -->\n        <\/div><!-- \/.elementor-toggle-item -->\n                <div class=\"elementor-toggle-item\">\n          <h4 aria-controls=\"elementor-tab-content-2017\" class=\"elementor-tab-title\" data-tab=\"29\" id=\"elementor-tab-title-2017\" role=\"tab\">\n            <a href=\"\">2017<\/a>\n          <\/h4><!-- \/.elementor-tab-title -->\n          <div aria-labelledby=\"elementor-tab-title-2017\" class=\"elementor-tab-content elementor-clearfix elementor-active\" data-tab=\"29\" id=\"elementor-tab-content-2017\" role=\"tabpanel\" >\n            <div class=\"cpt-grid cpt-grid--exhibition\">\n                              \n<a href=\"https:\/\/www.museuolimpicbcn.cat\/ca\/exposicions\/aquell-estiu-del-92-exposicio-a-viladecans\/\" class=\"cpt-grid-item cpt-grid-item--exhibition\">\n  <div class=\"cpt-grid-item__inside\">\n        <div class=\"cpt-grid-item__content\">\n            <h3>AQUELL ESTIU DEL \u201892  (exposici\u00f3 a Viladecans)<\/h3>\n            <div class=\"cpt-grid-item__meta\">\n        <span class=\"startDate\">Del 16\/10\/2017<\/span>        <span class=\"endDate\"> al 29\/12\/2017<\/span>      <\/div><!-- \/.cpt-grid-item__meta -->\n          <\/div><!-- \/.cpt-grid-item__content -->\n  <\/div><!-- \/.cpt-grid-item__inside -->\n<\/a><!-- \/.cpt-grid-item -->\n                              \n<a href=\"https:\/\/www.museuolimpicbcn.cat\/ca\/exposicions\/esportclick-especial-25-anys-de-barcelona-1992\/\" class=\"cpt-grid-item cpt-grid-item--exhibition\">\n  <div class=\"cpt-grid-item__inside\">\n        <div class=\"cpt-grid-item__content\">\n            <h3>ESPORTCLICK: Especial 25 anys de Barcelona 1992<\/h3>\n            <div class=\"cpt-grid-item__meta\">\n        <span class=\"startDate\">Del 18\/07\/2017<\/span>        <span class=\"endDate\"> al 01\/10\/2017<\/span>      <\/div><!-- \/.cpt-grid-item__meta -->\n          <\/div><!-- \/.cpt-grid-item__content -->\n  <\/div><!-- \/.cpt-grid-item__inside -->\n<\/a><!-- \/.cpt-grid-item -->\n                              \n<a href=\"https:\/\/www.museuolimpicbcn.cat\/ca\/exposicions\/aquell-estiu-del-92\/\" class=\"cpt-grid-item cpt-grid-item--exhibition\">\n  <div class=\"cpt-grid-item__inside\">\n        <div class=\"cpt-grid-item__content\">\n            <h3>AQUELL ESTIU DEL \u201892<\/h3>\n            <div class=\"cpt-grid-item__meta\">\n        <span class=\"startDate\">Del 25\/04\/2017<\/span>        <span class=\"endDate\"> al 01\/10\/2017<\/span>      <\/div><!-- \/.cpt-grid-item__meta -->\n          <\/div><!-- \/.cpt-grid-item__content -->\n  <\/div><!-- \/.cpt-grid-item__inside -->\n<\/a><!-- \/.cpt-grid-item -->\n                                  <\/div><!-- .cpt-grid -->\n          <\/div><!-- \/.elementor-tab-content -->\n        <\/div><!-- \/.elementor-toggle-item -->\n                <div class=\"elementor-toggle-item\">\n          <h4 aria-controls=\"elementor-tab-content-2016\" class=\"elementor-tab-title\" data-tab=\"32\" id=\"elementor-tab-title-2016\" role=\"tab\">\n            <a href=\"\">2016<\/a>\n          <\/h4><!-- \/.elementor-tab-title -->\n          <div aria-labelledby=\"elementor-tab-title-2016\" class=\"elementor-tab-content elementor-clearfix elementor-active\" data-tab=\"32\" id=\"elementor-tab-content-2016\" role=\"tabpanel\" >\n            <div class=\"cpt-grid cpt-grid--exhibition\">\n                              \n<a href=\"https:\/\/www.museuolimpicbcn.cat\/ca\/exposicions\/javier-del-arco-mestre-del-motor\/\" class=\"cpt-grid-item cpt-grid-item--exhibition\">\n  <div class=\"cpt-grid-item__inside\">\n        <div class=\"cpt-grid-item__content\">\n            <h3>Javier del Arco, mestre del motor<\/h3>\n            <div class=\"cpt-grid-item__meta\">\n        <span class=\"startDate\">Del 20\/12\/2016<\/span>        <span class=\"endDate\"> al 24\/04\/2017<\/span>      <\/div><!-- \/.cpt-grid-item__meta -->\n          <\/div><!-- \/.cpt-grid-item__content -->\n  <\/div><!-- \/.cpt-grid-item__inside -->\n<\/a><!-- \/.cpt-grid-item -->\n                              \n<a href=\"https:\/\/www.museuolimpicbcn.cat\/ca\/exposicions\/vii-premi-internacional-fundacio-barcelona-olimpica-%c2%b7-art-sobre-paper\/\" class=\"cpt-grid-item cpt-grid-item--exhibition\">\n  <div class=\"cpt-grid-item__inside\">\n        <div class=\"cpt-grid-item__content\">\n            <h3>VII Premi Internacional Fundaci\u00f3 Barcelona Ol\u00edmpica \u00b7 Art sobre Paper<\/h3>\n            <div class=\"cpt-grid-item__meta\">\n        <span class=\"startDate\">Del 26\/09\/2016<\/span>        <span class=\"endDate\"> al 18\/12\/2016<\/span>      <\/div><!-- \/.cpt-grid-item__meta -->\n          <\/div><!-- \/.cpt-grid-item__content -->\n  <\/div><!-- \/.cpt-grid-item__inside -->\n<\/a><!-- \/.cpt-grid-item -->\n                              \n<a href=\"https:\/\/www.museuolimpicbcn.cat\/ca\/exposicions\/els-clicks-esportistes-es-concentren-en-el-museu-olimpic-i-de-lesport\/\" class=\"cpt-grid-item cpt-grid-item--exhibition\">\n  <div class=\"cpt-grid-item__inside\">\n        <div class=\"cpt-grid-item__content\">\n            <h3>Els CLicks esportistes es concentren en el Museu Ol\u00edmpic i de l\u2019Esport<\/h3>\n            <div class=\"cpt-grid-item__meta\">\n        <span class=\"startDate\">Del 12\/07\/2016<\/span>        <span class=\"endDate\"> al 02\/10\/2016<\/span>      <\/div><!-- \/.cpt-grid-item__meta -->\n          <\/div><!-- \/.cpt-grid-item__content -->\n  <\/div><!-- \/.cpt-grid-item__inside -->\n<\/a><!-- \/.cpt-grid-item -->\n                              \n<a href=\"https:\/\/www.museuolimpicbcn.cat\/ca\/exposicions\/3-2-1-rio\/\" class=\"cpt-grid-item cpt-grid-item--exhibition\">\n  <div class=\"cpt-grid-item__inside\">\n        <div class=\"cpt-grid-item__content\">\n            <h3>3, 2, 1&#8230; RIO<\/h3>\n            <div class=\"cpt-grid-item__meta\">\n        <span class=\"startDate\">Del 03\/05\/2016<\/span>        <span class=\"endDate\"> al 26\/09\/2016<\/span>      <\/div><!-- \/.cpt-grid-item__meta -->\n          <\/div><!-- \/.cpt-grid-item__content -->\n  <\/div><!-- \/.cpt-grid-item__inside -->\n<\/a><!-- \/.cpt-grid-item -->\n                              \n<a href=\"https:\/\/www.museuolimpicbcn.cat\/ca\/exposicions\/josep-maria-co-i-de-triola-retrats-de-lesport-duna-epoca\/\" class=\"cpt-grid-item cpt-grid-item--exhibition\">\n  <div class=\"cpt-grid-item__inside\">\n        <div class=\"cpt-grid-item__content\">\n            <h3>Josep Maria Co i de Triola, Retrats de l\u2019esport d\u2019una \u00e8poca<\/h3>\n            <div class=\"cpt-grid-item__meta\">\n        <span class=\"startDate\">Del 16\/02\/2016<\/span>        <span class=\"endDate\"> al 01\/05\/2016<\/span>      <\/div><!-- \/.cpt-grid-item__meta -->\n          <\/div><!-- \/.cpt-grid-item__content -->\n  <\/div><!-- \/.cpt-grid-item__inside -->\n<\/a><!-- \/.cpt-grid-item -->\n                                  <\/div><!-- .cpt-grid -->\n          <\/div><!-- \/.elementor-tab-content -->\n        <\/div><!-- \/.elementor-toggle-item -->\n                <div class=\"elementor-toggle-item\">\n          <h4 aria-controls=\"elementor-tab-content-2015\" class=\"elementor-tab-title\" data-tab=\"37\" id=\"elementor-tab-title-2015\" role=\"tab\">\n            <a href=\"\">2015<\/a>\n          <\/h4><!-- \/.elementor-tab-title -->\n          <div aria-labelledby=\"elementor-tab-title-2015\" class=\"elementor-tab-content elementor-clearfix elementor-active\" data-tab=\"37\" id=\"elementor-tab-content-2015\" role=\"tabpanel\" >\n            <div class=\"cpt-grid cpt-grid--exhibition\">\n                              \n<a href=\"https:\/\/www.museuolimpicbcn.cat\/ca\/exposicions\/xxiii-biennal-internacional-de-fotografia-de-lesport-fotosport-2014\/\" class=\"cpt-grid-item cpt-grid-item--exhibition\">\n  <div class=\"cpt-grid-item__inside\">\n        <div class=\"cpt-grid-item__content\">\n            <h3>XXIII Biennal Internacional de Fotografia de l\u2019Esport: FOTOSPORT 2014<\/h3>\n            <div class=\"cpt-grid-item__meta\">\n        <span class=\"startDate\">Del 16\/12\/2015<\/span>        <span class=\"endDate\"> al 14\/02\/2016<\/span>      <\/div><!-- \/.cpt-grid-item__meta -->\n          <\/div><!-- \/.cpt-grid-item__content -->\n  <\/div><!-- \/.cpt-grid-item__inside -->\n<\/a><!-- \/.cpt-grid-item -->\n                              \n<a href=\"https:\/\/www.museuolimpicbcn.cat\/ca\/exposicions\/100-1915-2015-anys-de-la-federacio-catalana-datletisme\/\" class=\"cpt-grid-item cpt-grid-item--exhibition\">\n  <div class=\"cpt-grid-item__inside\">\n        <div class=\"cpt-grid-item__content\">\n            <h3>100 (1915-2015) anys de la Federaci\u00f3 catalana d&#8217;atletisme<\/h3>\n            <div class=\"cpt-grid-item__meta\">\n        <span class=\"startDate\">Del 04\/11\/2015<\/span>        <span class=\"endDate\"> al 15\/11\/2015<\/span>      <\/div><!-- \/.cpt-grid-item__meta -->\n          <\/div><!-- \/.cpt-grid-item__content -->\n  <\/div><!-- \/.cpt-grid-item__inside -->\n<\/a><!-- \/.cpt-grid-item -->\n                              \n<a href=\"https:\/\/www.museuolimpicbcn.cat\/ca\/exposicions\/v-concurs-internacional-dhumor-grafic-esportiu\/\" class=\"cpt-grid-item cpt-grid-item--exhibition\">\n  <div class=\"cpt-grid-item__inside\">\n        <div class=\"cpt-grid-item__content\">\n            <h3>V Concurs Internacional d&#8217;Humor Gr\u00e0fic Esportiu<\/h3>\n            <div class=\"cpt-grid-item__meta\">\n        <span class=\"startDate\">Del 01\/10\/2015<\/span>        <span class=\"endDate\"> al 01\/11\/2015<\/span>      <\/div><!-- \/.cpt-grid-item__meta -->\n          <\/div><!-- \/.cpt-grid-item__content -->\n  <\/div><!-- \/.cpt-grid-item__inside -->\n<\/a><!-- \/.cpt-grid-item -->\n                              \n<a href=\"https:\/\/www.museuolimpicbcn.cat\/ca\/exposicions\/vi-premi-internacional-fundacio-barcelona-olimpica-%c2%b7-art-sobre-paper\/\" class=\"cpt-grid-item cpt-grid-item--exhibition\">\n  <div class=\"cpt-grid-item__inside\">\n        <div class=\"cpt-grid-item__content\">\n            <h3>VI Premi Internacional Fundaci\u00f3 Barcelona Ol\u00edmpica \u00b7 Art sobre paper<\/h3>\n            <div class=\"cpt-grid-item__meta\">\n        <span class=\"startDate\">Del 28\/07\/2015<\/span>        <span class=\"endDate\"> al 27\/09\/2015<\/span>      <\/div><!-- \/.cpt-grid-item__meta -->\n          <\/div><!-- \/.cpt-grid-item__content -->\n  <\/div><!-- \/.cpt-grid-item__inside -->\n<\/a><!-- \/.cpt-grid-item -->\n                              \n<a href=\"https:\/\/www.museuolimpicbcn.cat\/ca\/exposicions\/summits-of-my-life-by-kilian-jornet\/\" class=\"cpt-grid-item cpt-grid-item--exhibition\">\n  <div class=\"cpt-grid-item__inside\">\n        <div class=\"cpt-grid-item__content\">\n            <h3>&#8216;Summits of my life by Kilian Jornet&#8217;<\/h3>\n            <div class=\"cpt-grid-item__meta\">\n        <span class=\"startDate\">Del 29\/04\/2015<\/span>        <span class=\"endDate\"> al 26\/07\/2015<\/span>      <\/div><!-- \/.cpt-grid-item__meta -->\n          <\/div><!-- \/.cpt-grid-item__content -->\n  <\/div><!-- \/.cpt-grid-item__inside -->\n<\/a><!-- \/.cpt-grid-item -->\n                              \n<a href=\"https:\/\/www.museuolimpicbcn.cat\/ca\/exposicions\/calcio-storico-quan-lhonor-esta-en-joc\/\" class=\"cpt-grid-item cpt-grid-item--exhibition\">\n  <div class=\"cpt-grid-item__inside\">\n        <div class=\"cpt-grid-item__content\">\n            <h3>CALCIO STORICO Quan l\u2019honor est\u00e0 en joc<\/h3>\n            <div class=\"cpt-grid-item__meta\">\n        <span class=\"startDate\">Del 17\/02\/2015<\/span>        <span class=\"endDate\"> al 26\/04\/2015<\/span>      <\/div><!-- \/.cpt-grid-item__meta -->\n          <\/div><!-- \/.cpt-grid-item__content -->\n  <\/div><!-- \/.cpt-grid-item__inside -->\n<\/a><!-- \/.cpt-grid-item -->\n                                  <\/div><!-- .cpt-grid -->\n          <\/div><!-- \/.elementor-tab-content -->\n        <\/div><!-- \/.elementor-toggle-item -->\n                <div class=\"elementor-toggle-item\">\n          <h4 aria-controls=\"elementor-tab-content-2014\" class=\"elementor-tab-title\" data-tab=\"43\" id=\"elementor-tab-title-2014\" role=\"tab\">\n            <a href=\"\">2014<\/a>\n          <\/h4><!-- \/.elementor-tab-title -->\n          <div aria-labelledby=\"elementor-tab-title-2014\" class=\"elementor-tab-content elementor-clearfix elementor-active\" data-tab=\"43\" id=\"elementor-tab-content-2014\" role=\"tabpanel\" >\n            <div class=\"cpt-grid cpt-grid--exhibition\">\n                              \n<a href=\"https:\/\/www.museuolimpicbcn.cat\/ca\/exposicions\/darrere-les-passes-dartur-osona-el-montseny-dels-primers-excursionistes-i-turistes\/\" class=\"cpt-grid-item cpt-grid-item--exhibition\">\n  <div class=\"cpt-grid-item__inside\">\n        <div class=\"cpt-grid-item__content\">\n            <h3>Darrere les passes d&#8217;Artur Osona. El Montseny dels primers excursionistes i turistes<\/h3>\n            <div class=\"cpt-grid-item__meta\">\n        <span class=\"startDate\">Del 11\/11\/2014<\/span>        <span class=\"endDate\"> al 15\/02\/2015<\/span>      <\/div><!-- \/.cpt-grid-item__meta -->\n          <\/div><!-- \/.cpt-grid-item__content -->\n  <\/div><!-- \/.cpt-grid-item__inside -->\n<\/a><!-- \/.cpt-grid-item -->\n                              \n<a href=\"https:\/\/www.museuolimpicbcn.cat\/ca\/exposicions\/premi-internacional-fundacio-barcelona-olimpica-art-sobre-paper\/\" class=\"cpt-grid-item cpt-grid-item--exhibition\">\n  <div class=\"cpt-grid-item__inside\">\n        <div class=\"cpt-grid-item__content\">\n            <h3>Premi Internacional Fundaci\u00f3 Barcelona Ol\u00edmpica: Art Sobre Paper<\/h3>\n            <div class=\"cpt-grid-item__meta\">\n        <span class=\"startDate\">Del 01\/09\/2014<\/span>        <span class=\"endDate\"> al 10\/11\/2014<\/span>      <\/div><!-- \/.cpt-grid-item__meta -->\n          <\/div><!-- \/.cpt-grid-item__content -->\n  <\/div><!-- \/.cpt-grid-item__inside -->\n<\/a><!-- \/.cpt-grid-item -->\n                              \n<a href=\"https:\/\/www.museuolimpicbcn.cat\/ca\/exposicions\/spain-2014-fiba-basketball-world-cup-construim-un-somni\/\" class=\"cpt-grid-item cpt-grid-item--exhibition\">\n  <div class=\"cpt-grid-item__inside\">\n        <div class=\"cpt-grid-item__content\">\n            <h3>SPAIN 2014 FIBA BASKETBALL WORLD CUP Constru\u00efm un somni<\/h3>\n            <div class=\"cpt-grid-item__meta\">\n        <span class=\"startDate\">Del 30\/07\/2014<\/span>        <span class=\"endDate\"> al 14\/09\/2014<\/span>      <\/div><!-- \/.cpt-grid-item__meta -->\n          <\/div><!-- \/.cpt-grid-item__content -->\n  <\/div><!-- \/.cpt-grid-item__inside -->\n<\/a><!-- \/.cpt-grid-item -->\n                              \n<a href=\"https:\/\/www.museuolimpicbcn.cat\/ca\/exposicions\/barcelona-capital-del-waterpolo\/\" class=\"cpt-grid-item cpt-grid-item--exhibition\">\n  <div class=\"cpt-grid-item__inside\">\n        <div class=\"cpt-grid-item__content\">\n            <h3>Barcelona, capital del waterpolo<\/h3>\n            <div class=\"cpt-grid-item__meta\">\n        <span class=\"startDate\">Del 27\/05\/2014<\/span>        <span class=\"endDate\"> al 28\/07\/2014<\/span>      <\/div><!-- \/.cpt-grid-item__meta -->\n          <\/div><!-- \/.cpt-grid-item__content -->\n  <\/div><!-- \/.cpt-grid-item__inside -->\n<\/a><!-- \/.cpt-grid-item -->\n                              \n<a href=\"https:\/\/www.museuolimpicbcn.cat\/ca\/exposicions\/mirades-per-avelino-pi\/\" class=\"cpt-grid-item cpt-grid-item--exhibition\">\n  <div class=\"cpt-grid-item__inside\">\n        <div class=\"cpt-grid-item__content\">\n            <h3>Mirades per Avelino Pi<\/h3>\n            <div class=\"cpt-grid-item__meta\">\n        <span class=\"startDate\">Del 08\/04\/2014<\/span>        <span class=\"endDate\"> al 23\/05\/2014<\/span>      <\/div><!-- \/.cpt-grid-item__meta -->\n          <\/div><!-- \/.cpt-grid-item__content -->\n  <\/div><!-- \/.cpt-grid-item__inside -->\n<\/a><!-- \/.cpt-grid-item -->\n                              \n<a href=\"https:\/\/www.museuolimpicbcn.cat\/ca\/exposicions\/records-de-miquel-poblet\/\" class=\"cpt-grid-item cpt-grid-item--exhibition\">\n  <div class=\"cpt-grid-item__inside\">\n        <div class=\"cpt-grid-item__content\">\n            <h3>Records de Miquel Poblet<\/h3>\n            <div class=\"cpt-grid-item__meta\">\n        <span class=\"startDate\">Del 20\/03\/2014<\/span>        <span class=\"endDate\"> al 04\/04\/2014<\/span>      <\/div><!-- \/.cpt-grid-item__meta -->\n          <\/div><!-- \/.cpt-grid-item__content -->\n  <\/div><!-- \/.cpt-grid-item__inside -->\n<\/a><!-- \/.cpt-grid-item -->\n                              \n<a href=\"https:\/\/www.museuolimpicbcn.cat\/ca\/exposicions\/merletti-i-lesport-al-primer-terc-del-segle-xx\/\" class=\"cpt-grid-item cpt-grid-item--exhibition\">\n  <div class=\"cpt-grid-item__inside\">\n        <div class=\"cpt-grid-item__content\">\n            <h3>Merletti i l\u2019esport al primer ter\u00e7 del segle XX<\/h3>\n            <div class=\"cpt-grid-item__meta\">\n        <span class=\"startDate\">Del 25\/02\/2014<\/span>        <span class=\"endDate\"> al 16\/03\/2014<\/span>      <\/div><!-- \/.cpt-grid-item__meta -->\n          <\/div><!-- \/.cpt-grid-item__content -->\n  <\/div><!-- \/.cpt-grid-item__inside -->\n<\/a><!-- \/.cpt-grid-item -->\n                              \n<a href=\"https:\/\/www.museuolimpicbcn.cat\/ca\/exposicions\/tennis-i-els-jocs-olimpics\/\" class=\"cpt-grid-item cpt-grid-item--exhibition\">\n  <div class=\"cpt-grid-item__inside\">\n        <div class=\"cpt-grid-item__content\">\n            <h3>Tennis i els Jocs Ol\u00edmpics<\/h3>\n            <div class=\"cpt-grid-item__meta\">\n        <span class=\"startDate\">Del 09\/01\/2014<\/span>        <span class=\"endDate\"> al 30\/04\/2014<\/span>      <\/div><!-- \/.cpt-grid-item__meta -->\n          <\/div><!-- \/.cpt-grid-item__content -->\n  <\/div><!-- \/.cpt-grid-item__inside -->\n<\/a><!-- \/.cpt-grid-item -->\n                                  <\/div><!-- .cpt-grid -->\n          <\/div><!-- \/.elementor-tab-content -->\n        <\/div><!-- \/.elementor-toggle-item -->\n                <div class=\"elementor-toggle-item\">\n          <h4 aria-controls=\"elementor-tab-content-2013\" class=\"elementor-tab-title\" data-tab=\"51\" id=\"elementor-tab-title-2013\" role=\"tab\">\n            <a href=\"\">2013<\/a>\n          <\/h4><!-- \/.elementor-tab-title -->\n          <div aria-labelledby=\"elementor-tab-title-2013\" class=\"elementor-tab-content elementor-clearfix elementor-active\" data-tab=\"51\" id=\"elementor-tab-content-2013\" role=\"tabpanel\" >\n            <div class=\"cpt-grid cpt-grid--exhibition\">\n                              \n<a href=\"https:\/\/www.museuolimpicbcn.cat\/ca\/exposicions\/fotosport-2012-xxii-biennal-internacional-de-fotografia-de-lesport\/\" class=\"cpt-grid-item cpt-grid-item--exhibition\">\n  <div class=\"cpt-grid-item__inside\">\n        <div class=\"cpt-grid-item__content\">\n            <h3>FOTOSPORT 2012: XXII Biennal Internacional de Fotografia de l\u2019Esport<\/h3>\n            <div class=\"cpt-grid-item__meta\">\n        <span class=\"startDate\">Del 03\/12\/2013<\/span>        <span class=\"endDate\"> al 23\/02\/2014<\/span>      <\/div><!-- \/.cpt-grid-item__meta -->\n          <\/div><!-- \/.cpt-grid-item__content -->\n  <\/div><!-- \/.cpt-grid-item__inside -->\n<\/a><!-- \/.cpt-grid-item -->\n                              \n<a href=\"https:\/\/www.museuolimpicbcn.cat\/ca\/exposicions\/rememorar-la-gloria-seleccio-de-fotografies-de-wanquan-sha-de-lestadi-niu-docell\/\" class=\"cpt-grid-item cpt-grid-item--exhibition\">\n  <div class=\"cpt-grid-item__inside\">\n        <div class=\"cpt-grid-item__content\">\n            <h3>\u201cRememorar la gl\u00f2ria\u201d Selecci\u00f3 de fotografies de Wanquan Sha de l\u2019estadi Niu d\u2019Ocell<\/h3>\n            <div class=\"cpt-grid-item__meta\">\n        <span class=\"startDate\">Del 21\/11\/2013<\/span>        <span class=\"endDate\"> al 30\/11\/2013<\/span>      <\/div><!-- \/.cpt-grid-item__meta -->\n          <\/div><!-- \/.cpt-grid-item__content -->\n  <\/div><!-- \/.cpt-grid-item__inside -->\n<\/a><!-- \/.cpt-grid-item -->\n                              \n<a href=\"https:\/\/www.museuolimpicbcn.cat\/ca\/exposicions\/iv-premi-internacional-fundacio-barcelona-olimpica-%c2%b7-art-sobre-paper\/\" class=\"cpt-grid-item cpt-grid-item--exhibition\">\n  <div class=\"cpt-grid-item__inside\">\n        <div class=\"cpt-grid-item__content\">\n            <h3>IV Premi Internacional Fundaci\u00f3 Barcelona Ol\u00edmpica \u00b7 Art sobre paper<\/h3>\n            <div class=\"cpt-grid-item__meta\">\n        <span class=\"startDate\">Del 12\/09\/2013<\/span>        <span class=\"endDate\"> al 10\/11\/2013<\/span>      <\/div><!-- \/.cpt-grid-item__meta -->\n          <\/div><!-- \/.cpt-grid-item__content -->\n  <\/div><!-- \/.cpt-grid-item__inside -->\n<\/a><!-- \/.cpt-grid-item -->\n                              \n<a href=\"https:\/\/www.museuolimpicbcn.cat\/ca\/exposicions\/els-banyadors-dels-exits-de-la-sincro-espanyola\/\" class=\"cpt-grid-item cpt-grid-item--exhibition\">\n  <div class=\"cpt-grid-item__inside\">\n        <div class=\"cpt-grid-item__content\">\n            <h3>Els banyadors dels \u00e8xits de la sincro espanyola<\/h3>\n            <div class=\"cpt-grid-item__meta\">\n        <span class=\"startDate\">Del 18\/06\/2013<\/span>        <span class=\"endDate\"> al 09\/09\/2013<\/span>      <\/div><!-- \/.cpt-grid-item__meta -->\n          <\/div><!-- \/.cpt-grid-item__content -->\n  <\/div><!-- \/.cpt-grid-item__inside -->\n<\/a><!-- \/.cpt-grid-item -->\n                              \n<a href=\"https:\/\/www.museuolimpicbcn.cat\/ca\/exposicions\/lesport-i-la-ciutat\/\" class=\"cpt-grid-item cpt-grid-item--exhibition\">\n  <div class=\"cpt-grid-item__inside\">\n        <div class=\"cpt-grid-item__content\">\n            <h3>L\u2019esport i la ciutat<\/h3>\n            <div class=\"cpt-grid-item__meta\">\n        <span class=\"startDate\">Del 09\/04\/2013<\/span>        <span class=\"endDate\"> al 16\/06\/2013<\/span>      <\/div><!-- \/.cpt-grid-item__meta -->\n          <\/div><!-- \/.cpt-grid-item__content -->\n  <\/div><!-- \/.cpt-grid-item__inside -->\n<\/a><!-- \/.cpt-grid-item -->\n                              \n<a href=\"https:\/\/www.museuolimpicbcn.cat\/ca\/exposicions\/100-years-of-basketball-in-catalonia-del-pati-al-parquet\/\" class=\"cpt-grid-item cpt-grid-item--exhibition\">\n  <div class=\"cpt-grid-item__inside\">\n        <div class=\"cpt-grid-item__content\">\n            <h3>100 Years of basketball in Catalonia, del pati al parquet<\/h3>\n            <div class=\"cpt-grid-item__meta\">\n        <span class=\"startDate\">Del 15\/01\/2013<\/span>        <span class=\"endDate\"> al 31\/03\/2013<\/span>      <\/div><!-- \/.cpt-grid-item__meta -->\n          <\/div><!-- \/.cpt-grid-item__content -->\n  <\/div><!-- \/.cpt-grid-item__inside -->\n<\/a><!-- \/.cpt-grid-item -->\n                                  <\/div><!-- .cpt-grid -->\n          <\/div><!-- \/.elementor-tab-content -->\n        <\/div><!-- \/.elementor-toggle-item -->\n                <div class=\"elementor-toggle-item\">\n          <h4 aria-controls=\"elementor-tab-content-2012\" class=\"elementor-tab-title\" data-tab=\"57\" id=\"elementor-tab-title-2012\" role=\"tab\">\n            <a href=\"\">2012<\/a>\n          <\/h4><!-- \/.elementor-tab-title -->\n          <div aria-labelledby=\"elementor-tab-title-2012\" class=\"elementor-tab-content elementor-clearfix elementor-active\" data-tab=\"57\" id=\"elementor-tab-content-2012\" role=\"tabpanel\" >\n            <div class=\"cpt-grid cpt-grid--exhibition\">\n                              \n<a href=\"https:\/\/www.museuolimpicbcn.cat\/ca\/exposicions\/exposicio-fotografica-de-lintermon-oxfam-trailwalker\/\" class=\"cpt-grid-item cpt-grid-item--exhibition\">\n  <div class=\"cpt-grid-item__inside\">\n        <div class=\"cpt-grid-item__content\">\n            <h3>Exposici\u00f3 fotogr\u00e0fica de l&#8217;Interm\u00f3n Oxfam Trailwalker<\/h3>\n            <div class=\"cpt-grid-item__meta\">\n        <span class=\"startDate\">Del 05\/12\/2012<\/span>        <span class=\"endDate\"> al 31\/12\/2012<\/span>      <\/div><!-- \/.cpt-grid-item__meta -->\n          <\/div><!-- \/.cpt-grid-item__content -->\n  <\/div><!-- \/.cpt-grid-item__inside -->\n<\/a><!-- \/.cpt-grid-item -->\n                              \n<a href=\"https:\/\/www.museuolimpicbcn.cat\/ca\/exposicions\/exposicio-temporal-de-les-obres-finalistes-i-guanyadores-del-iii-premi-internacional-daquarel%c2%b7la-i-altres-tecniques-sobre-paper-tematica-esportiva\/\" class=\"cpt-grid-item cpt-grid-item--exhibition\">\n  <div class=\"cpt-grid-item__inside\">\n        <div class=\"cpt-grid-item__content\">\n            <h3>Exposici\u00f3 temporal de les obres finalistes i guanyadores del III Premi Internacional d\u2019Aquarel\u00b7la i altres T\u00e8cniques sobre paper. Tem\u00e0tica esportiva.<\/h3>\n            <div class=\"cpt-grid-item__meta\">\n        <span class=\"startDate\">Del 05\/10\/2012<\/span>        <span class=\"endDate\"> al 30\/11\/2012<\/span>      <\/div><!-- \/.cpt-grid-item__meta -->\n          <\/div><!-- \/.cpt-grid-item__content -->\n  <\/div><!-- \/.cpt-grid-item__inside -->\n<\/a><!-- \/.cpt-grid-item -->\n                              \n<a href=\"https:\/\/www.museuolimpicbcn.cat\/ca\/exposicions\/cobi-ara-que-tinc-20-anys\/\" class=\"cpt-grid-item cpt-grid-item--exhibition\">\n  <div class=\"cpt-grid-item__inside\">\n        <div class=\"cpt-grid-item__content\">\n            <h3>Cobi: Ara que tinc 20 anys<\/h3>\n            <div class=\"cpt-grid-item__meta\">\n        <span class=\"startDate\">Del 24\/05\/2012<\/span>        <span class=\"endDate\"> al 30\/09\/2012<\/span>      <\/div><!-- \/.cpt-grid-item__meta -->\n          <\/div><!-- \/.cpt-grid-item__content -->\n  <\/div><!-- \/.cpt-grid-item__inside -->\n<\/a><!-- \/.cpt-grid-item -->\n                              \n<a href=\"https:\/\/www.museuolimpicbcn.cat\/ca\/exposicions\/barcelona-els-jocs-del-mediterranis-1955\/\" class=\"cpt-grid-item cpt-grid-item--exhibition\">\n  <div class=\"cpt-grid-item__inside\">\n        <div class=\"cpt-grid-item__content\">\n            <h3>Barcelona  els Jocs del Mediterranis 1955<\/h3>\n            <div class=\"cpt-grid-item__meta\">\n        <span class=\"startDate\">Del 09\/02\/2012<\/span>        <span class=\"endDate\"> al 29\/04\/2012<\/span>      <\/div><!-- \/.cpt-grid-item__meta -->\n          <\/div><!-- \/.cpt-grid-item__content -->\n  <\/div><!-- \/.cpt-grid-item__inside -->\n<\/a><!-- \/.cpt-grid-item -->\n                                  <\/div><!-- .cpt-grid -->\n          <\/div><!-- \/.elementor-tab-content -->\n        <\/div><!-- \/.elementor-toggle-item -->\n                <div class=\"elementor-toggle-item\">\n          <h4 aria-controls=\"elementor-tab-content-2011\" class=\"elementor-tab-title\" data-tab=\"61\" id=\"elementor-tab-title-2011\" role=\"tab\">\n            <a href=\"\">2011<\/a>\n          <\/h4><!-- \/.elementor-tab-title -->\n          <div aria-labelledby=\"elementor-tab-title-2011\" class=\"elementor-tab-content elementor-clearfix elementor-active\" data-tab=\"61\" id=\"elementor-tab-content-2011\" role=\"tabpanel\" >\n            <div class=\"cpt-grid cpt-grid--exhibition\">\n                              \n<a href=\"https:\/\/www.museuolimpicbcn.cat\/ca\/exposicions\/la-llum-que-captaura-lesport\/\" class=\"cpt-grid-item cpt-grid-item--exhibition\">\n  <div class=\"cpt-grid-item__inside\">\n        <div class=\"cpt-grid-item__content\">\n            <h3>La llum que captaura l&#8217;esport<\/h3>\n            <div class=\"cpt-grid-item__meta\">\n        <span class=\"startDate\">Del 15\/11\/2011<\/span>        <span class=\"endDate\"> al 10\/01\/2012<\/span>      <\/div><!-- \/.cpt-grid-item__meta -->\n          <\/div><!-- \/.cpt-grid-item__content -->\n  <\/div><!-- \/.cpt-grid-item__inside -->\n<\/a><!-- \/.cpt-grid-item -->\n                              \n<a href=\"https:\/\/www.museuolimpicbcn.cat\/ca\/exposicions\/la-volta-de-la-nostra-memoria\/\" class=\"cpt-grid-item cpt-grid-item--exhibition\">\n  <div class=\"cpt-grid-item__inside\">\n        <div class=\"cpt-grid-item__content\">\n            <h3>La &#8216;Volta&#8217; de la nostra mem\u00f2ria<\/h3>\n            <div class=\"cpt-grid-item__meta\">\n        <span class=\"startDate\">Del 27\/09\/2011<\/span>        <span class=\"endDate\"> al 15\/11\/2011<\/span>      <\/div><!-- \/.cpt-grid-item__meta -->\n          <\/div><!-- \/.cpt-grid-item__content -->\n  <\/div><!-- \/.cpt-grid-item__inside -->\n<\/a><!-- \/.cpt-grid-item -->\n                              \n<a href=\"https:\/\/www.museuolimpicbcn.cat\/ca\/exposicions\/exposicio-temporal-de-les-obres-finalistes-i-guanyadores-del-ii-premi-internacional-daquarel%c2%b7la-i-altres-tecniques-sobre-paper-tematica-esportiva\/\" class=\"cpt-grid-item cpt-grid-item--exhibition\">\n  <div class=\"cpt-grid-item__inside\">\n        <div class=\"cpt-grid-item__content\">\n            <h3>Exposici\u00f3 temporal de les obres finalistes i guanyadores del II Premi Internacional d\u2019Aquarel\u00b7la i altres T\u00e8cniques sobre paper. Tem\u00e0tica esportiva.<\/h3>\n            <div class=\"cpt-grid-item__meta\">\n        <span class=\"startDate\">Del 11\/06\/2011<\/span>        <span class=\"endDate\"> al 26\/09\/2011<\/span>      <\/div><!-- \/.cpt-grid-item__meta -->\n          <\/div><!-- \/.cpt-grid-item__content -->\n  <\/div><!-- \/.cpt-grid-item__inside -->\n<\/a><!-- \/.cpt-grid-item -->\n                              \n<a href=\"https:\/\/www.museuolimpicbcn.cat\/ca\/exposicions\/godo-molt-mes-que-tennis\/\" class=\"cpt-grid-item cpt-grid-item--exhibition\">\n  <div class=\"cpt-grid-item__inside\">\n        <div class=\"cpt-grid-item__content\">\n            <h3>God\u00f3: molt m\u00e8s que tennis<\/h3>\n            <div class=\"cpt-grid-item__meta\">\n        <span class=\"startDate\">Del 15\/03\/2011<\/span>        <span class=\"endDate\"> al 12\/06\/2011<\/span>      <\/div><!-- \/.cpt-grid-item__meta -->\n          <\/div><!-- \/.cpt-grid-item__content -->\n  <\/div><!-- \/.cpt-grid-item__inside -->\n<\/a><!-- \/.cpt-grid-item -->\n                              \n<a href=\"https:\/\/www.museuolimpicbcn.cat\/ca\/exposicions\/xxi-biennal-internacional-de-fotografia-de-lesport-fotosport-2010\/\" class=\"cpt-grid-item cpt-grid-item--exhibition\">\n  <div class=\"cpt-grid-item__inside\">\n        <div class=\"cpt-grid-item__content\">\n            <h3>XXI BIENNAL INTERNACIONAL DE FOTOGRAFIA DE L\u2019ESPORT FOTOSPORT 2010<\/h3>\n            <div class=\"cpt-grid-item__meta\">\n        <span class=\"startDate\">Del 11\/01\/2011<\/span>        <span class=\"endDate\"> al 13\/03\/2011<\/span>      <\/div><!-- \/.cpt-grid-item__meta -->\n          <\/div><!-- \/.cpt-grid-item__content -->\n  <\/div><!-- \/.cpt-grid-item__inside -->\n<\/a><!-- \/.cpt-grid-item -->\n                                  <\/div><!-- .cpt-grid -->\n          <\/div><!-- \/.elementor-tab-content -->\n        <\/div><!-- \/.elementor-toggle-item -->\n                <div class=\"elementor-toggle-item\">\n          <h4 aria-controls=\"elementor-tab-content-2010\" class=\"elementor-tab-title\" data-tab=\"66\" id=\"elementor-tab-title-2010\" role=\"tab\">\n            <a href=\"\">2010<\/a>\n          <\/h4><!-- \/.elementor-tab-title -->\n          <div aria-labelledby=\"elementor-tab-title-2010\" class=\"elementor-tab-content elementor-clearfix elementor-active\" data-tab=\"66\" id=\"elementor-tab-content-2010\" role=\"tabpanel\" >\n            <div class=\"cpt-grid cpt-grid--exhibition\">\n                              \n<a href=\"https:\/\/www.museuolimpicbcn.cat\/ca\/exposicions\/vies-verdes\/\" class=\"cpt-grid-item cpt-grid-item--exhibition\">\n  <div class=\"cpt-grid-item__inside\">\n        <div class=\"cpt-grid-item__content\">\n            <h3>V\u00edes Verdes<\/h3>\n            <div class=\"cpt-grid-item__meta\">\n        <span class=\"startDate\">Del 02\/11\/2010<\/span>        <span class=\"endDate\"> al 10\/01\/2011<\/span>      <\/div><!-- \/.cpt-grid-item__meta -->\n          <\/div><!-- \/.cpt-grid-item__content -->\n  <\/div><!-- \/.cpt-grid-item__inside -->\n<\/a><!-- \/.cpt-grid-item -->\n                              \n<a href=\"https:\/\/www.museuolimpicbcn.cat\/ca\/exposicions\/lesport-es-il%c2%b7lusio\/\" class=\"cpt-grid-item cpt-grid-item--exhibition\">\n  <div class=\"cpt-grid-item__inside\">\n        <div class=\"cpt-grid-item__content\">\n            <h3>L&#8217;Esport \u00e9s Il\u00b7lusi\u00f3<\/h3>\n            <div class=\"cpt-grid-item__meta\">\n        <span class=\"startDate\">Del 02\/09\/2010<\/span>        <span class=\"endDate\"> al 31\/10\/2010<\/span>      <\/div><!-- \/.cpt-grid-item__meta -->\n          <\/div><!-- \/.cpt-grid-item__content -->\n  <\/div><!-- \/.cpt-grid-item__inside -->\n<\/a><!-- \/.cpt-grid-item -->\n                              \n<a href=\"https:\/\/www.museuolimpicbcn.cat\/ca\/exposicions\/i-premi-internacional-daquarel%c2%b7la-esportiva\/\" class=\"cpt-grid-item cpt-grid-item--exhibition\">\n  <div class=\"cpt-grid-item__inside\">\n        <div class=\"cpt-grid-item__content\">\n            <h3>I Premi Internacional d\u2019Aquarel\u00b7la Esportiva<\/h3>\n            <div class=\"cpt-grid-item__meta\">\n        <span class=\"startDate\">Del 29\/06\/2010<\/span>        <span class=\"endDate\"> al 01\/09\/2010<\/span>      <\/div><!-- \/.cpt-grid-item__meta -->\n          <\/div><!-- \/.cpt-grid-item__content -->\n  <\/div><!-- \/.cpt-grid-item__inside -->\n<\/a><!-- \/.cpt-grid-item -->\n                              \n<a href=\"https:\/\/www.museuolimpicbcn.cat\/ca\/exposicions\/els-origens-del-baseball-a-espanya\/\" class=\"cpt-grid-item cpt-grid-item--exhibition\">\n  <div class=\"cpt-grid-item__inside\">\n        <div class=\"cpt-grid-item__content\">\n            <h3>Els or\u00edgens del Baseball a Espanya<\/h3>\n            <div class=\"cpt-grid-item__meta\">\n        <span class=\"startDate\">Del 30\/03\/2010<\/span>        <span class=\"endDate\"> al 28\/06\/2010<\/span>      <\/div><!-- \/.cpt-grid-item__meta -->\n          <\/div><!-- \/.cpt-grid-item__content -->\n  <\/div><!-- \/.cpt-grid-item__inside -->\n<\/a><!-- \/.cpt-grid-item -->\n                              \n<a href=\"https:\/\/www.museuolimpicbcn.cat\/ca\/exposicions\/passio-pel-futbol\/\" class=\"cpt-grid-item cpt-grid-item--exhibition\">\n  <div class=\"cpt-grid-item__inside\">\n        <div class=\"cpt-grid-item__content\">\n            <h3>Passi\u00f3 pel futbol<\/h3>\n            <div class=\"cpt-grid-item__meta\">\n        <span class=\"startDate\">Del 04\/02\/2010<\/span>        <span class=\"endDate\"> al 30\/03\/2010<\/span>      <\/div><!-- \/.cpt-grid-item__meta -->\n          <\/div><!-- \/.cpt-grid-item__content -->\n  <\/div><!-- \/.cpt-grid-item__inside -->\n<\/a><!-- \/.cpt-grid-item -->\n                                  <\/div><!-- .cpt-grid -->\n          <\/div><!-- \/.elementor-tab-content -->\n        <\/div><!-- \/.elementor-toggle-item -->\n                <div class=\"elementor-toggle-item\">\n          <h4 aria-controls=\"elementor-tab-content-2009\" class=\"elementor-tab-title\" data-tab=\"71\" id=\"elementor-tab-title-2009\" role=\"tab\">\n            <a href=\"\">2009<\/a>\n          <\/h4><!-- \/.elementor-tab-title -->\n          <div aria-labelledby=\"elementor-tab-title-2009\" class=\"elementor-tab-content elementor-clearfix elementor-active\" data-tab=\"71\" id=\"elementor-tab-content-2009\" role=\"tabpanel\" >\n            <div class=\"cpt-grid cpt-grid--exhibition\">\n                              \n<a href=\"https:\/\/www.museuolimpicbcn.cat\/ca\/exposicions\/la-ciutat-de-lesport-barcelona-1979-2009\/\" class=\"cpt-grid-item cpt-grid-item--exhibition\">\n  <div class=\"cpt-grid-item__inside\">\n        <div class=\"cpt-grid-item__content\">\n            <h3>La Ciutat de l\u2019Esport: Barcelona 1979-2009<\/h3>\n            <div class=\"cpt-grid-item__meta\">\n        <span class=\"startDate\">Del 08\/10\/2009<\/span>        <span class=\"endDate\"> al 01\/10\/2010<\/span>      <\/div><!-- \/.cpt-grid-item__meta -->\n          <\/div><!-- \/.cpt-grid-item__content -->\n  <\/div><!-- \/.cpt-grid-item__inside -->\n<\/a><!-- \/.cpt-grid-item -->\n                              \n<a href=\"https:\/\/www.museuolimpicbcn.cat\/ca\/exposicions\/tots-guanyem-lesport-adaptat-a-la-diversitat\/\" class=\"cpt-grid-item cpt-grid-item--exhibition\">\n  <div class=\"cpt-grid-item__inside\">\n        <div class=\"cpt-grid-item__content\">\n            <h3>Tots guanyem. L&#8217;esport adaptat a la diversitat<\/h3>\n            <div class=\"cpt-grid-item__meta\">\n        <span class=\"startDate\">Del 06\/10\/2009<\/span>        <span class=\"endDate\"> al 30\/09\/2009<\/span>      <\/div><!-- \/.cpt-grid-item__meta -->\n          <\/div><!-- \/.cpt-grid-item__content -->\n  <\/div><!-- \/.cpt-grid-item__inside -->\n<\/a><!-- \/.cpt-grid-item -->\n                              \n<a href=\"https:\/\/www.museuolimpicbcn.cat\/ca\/exposicions\/exposicio-dels-50-anys-de-competicions-europees-de-basquet-a-barcelona\/\" class=\"cpt-grid-item cpt-grid-item--exhibition\">\n  <div class=\"cpt-grid-item__inside\">\n        <div class=\"cpt-grid-item__content\">\n            <h3>Exposici\u00f3 dels 50 anys de Competicions Europees de B\u00e0squet a Barcelona<\/h3>\n            <div class=\"cpt-grid-item__meta\">\n        <span class=\"startDate\">Del 19\/01\/2009<\/span>        <span class=\"endDate\"> al 20\/02\/2009<\/span>      <\/div><!-- \/.cpt-grid-item__meta -->\n          <\/div><!-- \/.cpt-grid-item__content -->\n  <\/div><!-- \/.cpt-grid-item__inside -->\n<\/a><!-- \/.cpt-grid-item -->\n         <\/div><!-- \/.elementor-toggle -->\n  <\/div><!-- \/.elementor-widget-container -->\n<\/div><!-- \/.elementor-element -->\n<\/div>\n\t\t\t\t\t\t<\/div>\n\t\t\t\t<\/div>\n\t\t\t\t\t<\/div>\n\t\t<\/div>\n\t\t\t\t\t<\/div>\n\t\t<\/section>\n\t\t\t\t<section class=\"elementor-section elementor-top-section elementor-element elementor-element-5f741335 elementor-section-full_width moe-bg-red inv moe-bg l-padding elementor-section-height-default elementor-section-height-default\" data-id=\"5f741335\" data-element_type=\"section\" data-settings=\"{&quot;background_background&quot;:&quot;classic&quot;}\">\n\t\t\t\t\t\t<div class=\"elementor-container elementor-column-gap-no\">\n\t\t\t\t\t<div class=\"elementor-column elementor-col-100 elementor-top-column elementor-element elementor-element-16ca0640\" data-id=\"16ca0640\" data-element_type=\"column\" data-settings=\"{&quot;background_background&quot;:&quot;classic&quot;}\">\n\t\t\t<div class=\"elementor-widget-wrap elementor-element-populated\">\n\t\t\t\t\t\t<div class=\"elementor-element elementor-element-4cea9ede elementor-widget elementor-widget-heading\" data-id=\"4cea9ede\" data-element_type=\"widget\" data-widget_type=\"heading.default\">\n\t\t\t\t<div class=\"elementor-widget-container\">\n\t\t\t\t\t<h2 class=\"elementor-heading-title elementor-size-default\">No et perdis les nostres exposicions<\/h2>\t\t\t\t<\/div>\n\t\t\t\t<\/div>\n\t\t\t\t<section class=\"elementor-section elementor-inner-section elementor-element elementor-element-2b8e2e8f elementor-section-boxed elementor-section-height-default elementor-section-height-default\" data-id=\"2b8e2e8f\" data-element_type=\"section\">\n\t\t\t\t\t\t<div class=\"elementor-container elementor-column-gap-default\">\n\t\t\t\t\t<div class=\"elementor-column elementor-col-100 elementor-inner-column elementor-element elementor-element-35ce52e7\" data-id=\"35ce52e7\" data-element_type=\"column\">\n\t\t\t<div class=\"elementor-widget-wrap elementor-element-populated\">\n\t\t\t\t\t\t<div class=\"elementor-element elementor-element-38ee5843 elementor-widget elementor-widget-text-editor\" data-id=\"38ee5843\" data-element_type=\"widget\" data-widget_type=\"text-editor.default\">\n\t\t\t\t<div class=\"elementor-widget-container\">\n\t\t\t\t\t\t\t\t\t<p>Rebr\u00e0s not\u00edcies sobre la col-lecci\u00f3, exposicions, esdeveniments i molt m\u00e9s.<\/p>\n\t\t\t\t\t\t\t\t<\/div>\n\t\t\t\t<\/div>\n\t\t\t\t\t<\/div>\n\t\t<\/div>\n\t\t\t\t\t<\/div>\n\t\t<\/section>\n\t\t\t\t<div class=\"elementor-element elementor-element-71de6fd elementor-align-center btn btn--inv elementor-widget elementor-widget-button\" data-id=\"71de6fd\" data-element_type=\"widget\" data-widget_type=\"button.default\">\n\t\t\t\t<div class=\"elementor-widget-container\">\n\t\t\t\t\t\t\t\t\t<div class=\"elementor-button-wrapper\">\n\t\t\t\t\t<a class=\"elementor-button elementor-button-link elementor-size-sm\" href=\"https:\/\/dev.museuolimpicbcn.cat\/ca\/contacte\/#formulario-contacto\">\n\t\t\t\t\t\t<span class=\"elementor-button-content-wrapper\">\n\t\t\t\t\t\t\t\t\t<span class=\"elementor-button-text\">M\u2019hi subscric<\/span>\n\t\t\t\t\t<\/span>\n\t\t\t\t\t<\/a>\n\t\t\t\t<\/div>\n\t\t\t\t\t\t\t\t<\/div>\n\t\t\t\t<\/div>\n\t\t\t\t\t<\/div>\n\t\t<\/div>\n\t\t\t\t\t<\/div>\n\t\t<\/section>\n\t\t\t\t<\/div>\n\t\t","protected":false},"excerpt":{"rendered":"<p>Exposicions M\u00e9s enll\u00e0 de l&#8217;exposici\u00f3 permanent, el Museu Ol\u00edmpic mostra anualment una s\u00e8rie d&#8217;exposicions temporals vinculades amb el m\u00f3n de l&#8217;esport. Olimpisme, entitats esportives destacades, art i fotografia s\u00f3n algunes de les tem\u00e0tiques que podeu trobar en aquest espai tan singular. Joc d&#8217;anelles de Joaquim Blume Anys 50 No et perdis les nostres exposicions Rebr\u00e0s [&hellip;]<\/p>\n","protected":false},"author":6,"featured_media":0,"parent":0,"menu_order":0,"comment_status":"closed","ping_status":"closed","template":"","meta":{"_acf_changed":false,"_price":"","_stock":"","_tribe_ticket_header":"","_tribe_default_ticket_provider":"","_tribe_ticket_capacity":"0","_ticket_start_date":"","_ticket_end_date":"","_tribe_ticket_show_description":"","_tribe_ticket_show_not_going":false,"_tribe_ticket_use_global_stock":"","_tribe_ticket_global_stock_level":"","_global_stock_mode":"","_global_stock_cap":"","_tribe_rsvp_for_event":"","_tribe_ticket_going_count":"","_tribe_ticket_not_going_count":"","_tribe_tickets_list":"[]","_tribe_ticket_has_attendee_info_fields":false,"footnotes":"","_tec_slr_enabled":"","_tec_slr_layout":""},"class_list":["post-17634","page","type-page","status-publish","hentry"],"acf":[],"yoast_head":"<!-- This site is optimized with the Yoast SEO plugin v23.7 - https:\/\/yoast.com\/wordpress\/plugins\/seo\/ -->\n<title>Exposicions - Museu Ol\u00edmpic i de l&#039;Esport<\/title>\n<meta name=\"robots\" content=\"index, follow, max-snippet:-1, max-image-preview:large, max-video-preview:-1\" \/>\n<link rel=\"canonical\" href=\"https:\/\/www.museuolimpicbcn.cat\/ca\/exposicions\/\" \/>\n<meta property=\"og:locale\" content=\"ca_ES\" \/>\n<meta property=\"og:type\" content=\"article\" \/>\n<meta property=\"og:title\" content=\"Exposicions - Museu Ol\u00edmpic i de l&#039;Esport\" \/>\n<meta property=\"og:description\" content=\"Exposicions M\u00e9s enll\u00e0 de l&#8217;exposici\u00f3 permanent, el Museu Ol\u00edmpic mostra anualment una s\u00e8rie d&#8217;exposicions temporals vinculades amb el m\u00f3n de l&#8217;esport. Olimpisme, entitats esportives destacades, art i fotografia s\u00f3n algunes de les tem\u00e0tiques que podeu trobar en aquest espai tan singular. Joc d&#8217;anelles de Joaquim Blume Anys 50 No et perdis les nostres exposicions Rebr\u00e0s [&hellip;]\" \/>\n<meta property=\"og:url\" content=\"https:\/\/www.museuolimpicbcn.cat\/ca\/exposicions\/\" \/>\n<meta property=\"og:site_name\" content=\"Museu Ol\u00edmpic i de l&#039;Esport\" \/>\n<meta property=\"article:modified_time\" content=\"2019-08-01T15:17:27+00:00\" \/>\n<meta property=\"og:image\" content=\"https:\/\/www.museuolimpicbcn.cat\/wp-content\/uploads\/sites\/2\/2019\/04\/header_img_anillas-1.jpg\" \/>\n<meta name=\"twitter:card\" content=\"summary_large_image\" \/>\n<script type=\"application\/ld+json\" class=\"yoast-schema-graph\">{\"@context\":\"https:\/\/schema.org\",\"@graph\":[{\"@type\":\"WebPage\",\"@id\":\"https:\/\/www.museuolimpicbcn.cat\/ca\/exposicions\/\",\"url\":\"https:\/\/www.museuolimpicbcn.cat\/ca\/exposicions\/\",\"name\":\"Exposicions - Museu Ol\u00edmpic i de l&#039;Esport\",\"isPartOf\":{\"@id\":\"https:\/\/www.museuolimpicbcn.cat\/ca\/#website\"},\"primaryImageOfPage\":{\"@id\":\"https:\/\/www.museuolimpicbcn.cat\/ca\/exposicions\/#primaryimage\"},\"image\":{\"@id\":\"https:\/\/www.museuolimpicbcn.cat\/ca\/exposicions\/#primaryimage\"},\"thumbnailUrl\":\"https:\/\/www.museuolimpicbcn.cat\/wp-content\/uploads\/sites\/2\/2019\/04\/header_img_anillas-1.jpg\",\"datePublished\":\"2019-04-08T11:35:17+00:00\",\"dateModified\":\"2019-08-01T15:17:27+00:00\",\"breadcrumb\":{\"@id\":\"https:\/\/www.museuolimpicbcn.cat\/ca\/exposicions\/#breadcrumb\"},\"inLanguage\":\"ca\",\"potentialAction\":[{\"@type\":\"ReadAction\",\"target\":[\"https:\/\/www.museuolimpicbcn.cat\/ca\/exposicions\/\"]}]},{\"@type\":\"ImageObject\",\"inLanguage\":\"ca\",\"@id\":\"https:\/\/www.museuolimpicbcn.cat\/ca\/exposicions\/#primaryimage\",\"url\":\"https:\/\/www.museuolimpicbcn.cat\/wp-content\/uploads\/sites\/2\/2019\/04\/header_img_anillas-1.jpg\",\"contentUrl\":\"https:\/\/www.museuolimpicbcn.cat\/wp-content\/uploads\/sites\/2\/2019\/04\/header_img_anillas-1.jpg\"},{\"@type\":\"BreadcrumbList\",\"@id\":\"https:\/\/www.museuolimpicbcn.cat\/ca\/exposicions\/#breadcrumb\",\"itemListElement\":[{\"@type\":\"ListItem\",\"position\":1,\"name\":\"Inici\",\"item\":\"https:\/\/www.museuolimpicbcn.cat\/es\/\"},{\"@type\":\"ListItem\",\"position\":2,\"name\":\"Exposicions\"}]},{\"@type\":\"WebSite\",\"@id\":\"https:\/\/www.museuolimpicbcn.cat\/ca\/#website\",\"url\":\"https:\/\/www.museuolimpicbcn.cat\/ca\/\",\"name\":\"Museu Ol\u00edmpic i de l&#039;Esport\",\"description\":\"Altre lloc Web del Museu Ol\u00edmpic i de l&#039;Esport llocs\",\"publisher\":{\"@id\":\"https:\/\/www.museuolimpicbcn.cat\/ca\/#organization\"},\"potentialAction\":[{\"@type\":\"SearchAction\",\"target\":{\"@type\":\"EntryPoint\",\"urlTemplate\":\"https:\/\/www.museuolimpicbcn.cat\/ca\/?s={search_term_string}\"},\"query-input\":{\"@type\":\"PropertyValueSpecification\",\"valueRequired\":true,\"valueName\":\"search_term_string\"}}],\"inLanguage\":\"ca\"},{\"@type\":\"Organization\",\"@id\":\"https:\/\/www.museuolimpicbcn.cat\/ca\/#organization\",\"name\":\"Museu Ol\u00edmpic i de l&#039;Esport\",\"url\":\"https:\/\/www.museuolimpicbcn.cat\/ca\/\",\"logo\":{\"@type\":\"ImageObject\",\"inLanguage\":\"ca\",\"@id\":\"https:\/\/www.museuolimpicbcn.cat\/ca\/#\/schema\/logo\/image\/\",\"url\":\"https:\/\/www.museuolimpicbcn.cat\/wp-content\/uploads\/sites\/2\/2018\/12\/logo-moe-header.svg\",\"contentUrl\":\"https:\/\/www.museuolimpicbcn.cat\/wp-content\/uploads\/sites\/2\/2018\/12\/logo-moe-header.svg\",\"caption\":\"Museu Ol\u00edmpic i de l&#039;Esport\"},\"image\":{\"@id\":\"https:\/\/www.museuolimpicbcn.cat\/ca\/#\/schema\/logo\/image\/\"}}]}<\/script>\n<!-- \/ Yoast SEO plugin. -->","yoast_head_json":{"title":"Exposicions - Museu Ol\u00edmpic i de l&#039;Esport","robots":{"index":"index","follow":"follow","max-snippet":"max-snippet:-1","max-image-preview":"max-image-preview:large","max-video-preview":"max-video-preview:-1"},"canonical":"https:\/\/www.museuolimpicbcn.cat\/ca\/exposicions\/","og_locale":"ca_ES","og_type":"article","og_title":"Exposicions - Museu Ol\u00edmpic i de l&#039;Esport","og_description":"Exposicions M\u00e9s enll\u00e0 de l&#8217;exposici\u00f3 permanent, el Museu Ol\u00edmpic mostra anualment una s\u00e8rie d&#8217;exposicions temporals vinculades amb el m\u00f3n de l&#8217;esport. Olimpisme, entitats esportives destacades, art i fotografia s\u00f3n algunes de les tem\u00e0tiques que podeu trobar en aquest espai tan singular. Joc d&#8217;anelles de Joaquim Blume Anys 50 No et perdis les nostres exposicions Rebr\u00e0s [&hellip;]","og_url":"https:\/\/www.museuolimpicbcn.cat\/ca\/exposicions\/","og_site_name":"Museu Ol\u00edmpic i de l&#039;Esport","article_modified_time":"2019-08-01T15:17:27+00:00","og_image":[{"url":"https:\/\/www.museuolimpicbcn.cat\/wp-content\/uploads\/sites\/2\/2019\/04\/header_img_anillas-1.jpg"}],"twitter_card":"summary_large_image","schema":{"@context":"https:\/\/schema.org","@graph":[{"@type":"WebPage","@id":"https:\/\/www.museuolimpicbcn.cat\/ca\/exposicions\/","url":"https:\/\/www.museuolimpicbcn.cat\/ca\/exposicions\/","name":"Exposicions - Museu Ol\u00edmpic i de l&#039;Esport","isPartOf":{"@id":"https:\/\/www.museuolimpicbcn.cat\/ca\/#website"},"primaryImageOfPage":{"@id":"https:\/\/www.museuolimpicbcn.cat\/ca\/exposicions\/#primaryimage"},"image":{"@id":"https:\/\/www.museuolimpicbcn.cat\/ca\/exposicions\/#primaryimage"},"thumbnailUrl":"https:\/\/www.museuolimpicbcn.cat\/wp-content\/uploads\/sites\/2\/2019\/04\/header_img_anillas-1.jpg","datePublished":"2019-04-08T11:35:17+00:00","dateModified":"2019-08-01T15:17:27+00:00","breadcrumb":{"@id":"https:\/\/www.museuolimpicbcn.cat\/ca\/exposicions\/#breadcrumb"},"inLanguage":"ca","potentialAction":[{"@type":"ReadAction","target":["https:\/\/www.museuolimpicbcn.cat\/ca\/exposicions\/"]}]},{"@type":"ImageObject","inLanguage":"ca","@id":"https:\/\/www.museuolimpicbcn.cat\/ca\/exposicions\/#primaryimage","url":"https:\/\/www.museuolimpicbcn.cat\/wp-content\/uploads\/sites\/2\/2019\/04\/header_img_anillas-1.jpg","contentUrl":"https:\/\/www.museuolimpicbcn.cat\/wp-content\/uploads\/sites\/2\/2019\/04\/header_img_anillas-1.jpg"},{"@type":"BreadcrumbList","@id":"https:\/\/www.museuolimpicbcn.cat\/ca\/exposicions\/#breadcrumb","itemListElement":[{"@type":"ListItem","position":1,"name":"Inici","item":"https:\/\/www.museuolimpicbcn.cat\/es\/"},{"@type":"ListItem","position":2,"name":"Exposicions"}]},{"@type":"WebSite","@id":"https:\/\/www.museuolimpicbcn.cat\/ca\/#website","url":"https:\/\/www.museuolimpicbcn.cat\/ca\/","name":"Museu Ol\u00edmpic i de l&#039;Esport","description":"Altre lloc Web del Museu Ol\u00edmpic i de l&#039;Esport llocs","publisher":{"@id":"https:\/\/www.museuolimpicbcn.cat\/ca\/#organization"},"potentialAction":[{"@type":"SearchAction","target":{"@type":"EntryPoint","urlTemplate":"https:\/\/www.museuolimpicbcn.cat\/ca\/?s={search_term_string}"},"query-input":{"@type":"PropertyValueSpecification","valueRequired":true,"valueName":"search_term_string"}}],"inLanguage":"ca"},{"@type":"Organization","@id":"https:\/\/www.museuolimpicbcn.cat\/ca\/#organization","name":"Museu Ol\u00edmpic i de l&#039;Esport","url":"https:\/\/www.museuolimpicbcn.cat\/ca\/","logo":{"@type":"ImageObject","inLanguage":"ca","@id":"https:\/\/www.museuolimpicbcn.cat\/ca\/#\/schema\/logo\/image\/","url":"https:\/\/www.museuolimpicbcn.cat\/wp-content\/uploads\/sites\/2\/2018\/12\/logo-moe-header.svg","contentUrl":"https:\/\/www.museuolimpicbcn.cat\/wp-content\/uploads\/sites\/2\/2018\/12\/logo-moe-header.svg","caption":"Museu Ol\u00edmpic i de l&#039;Esport"},"image":{"@id":"https:\/\/www.museuolimpicbcn.cat\/ca\/#\/schema\/logo\/image\/"}}]}},"ticketed":false,"_links":{"self":[{"href":"https:\/\/www.museuolimpicbcn.cat\/ca\/wp-json\/wp\/v2\/pages\/17634"}],"collection":[{"href":"https:\/\/www.museuolimpicbcn.cat\/ca\/wp-json\/wp\/v2\/pages"}],"about":[{"href":"https:\/\/www.museuolimpicbcn.cat\/ca\/wp-json\/wp\/v2\/types\/page"}],"author":[{"embeddable":true,"href":"https:\/\/www.museuolimpicbcn.cat\/ca\/wp-json\/wp\/v2\/users\/6"}],"replies":[{"embeddable":true,"href":"https:\/\/www.museuolimpicbcn.cat\/ca\/wp-json\/wp\/v2\/comments?post=17634"}],"version-history":[{"count":11,"href":"https:\/\/www.museuolimpicbcn.cat\/ca\/wp-json\/wp\/v2\/pages\/17634\/revisions"}],"predecessor-version":[{"id":22755,"href":"https:\/\/www.museuolimpicbcn.cat\/ca\/wp-json\/wp\/v2\/pages\/17634\/revisions\/22755"}],"wp:attachment":[{"href":"https:\/\/www.museuolimpicbcn.cat\/ca\/wp-json\/wp\/v2\/media?parent=17634"}],"curies":[{"name":"wp","href":"https:\/\/api.w.org\/{rel}","templated":true}]}}