{"id":21502,"date":"2019-07-03T16:15:31","date_gmt":"2019-07-03T14:15:31","guid":{"rendered":"https:\/\/dev.museuolimpicbcn.cat\/noticias\/"},"modified":"2020-01-09T12:15:17","modified_gmt":"2020-01-09T11:15:17","slug":"noticies","status":"publish","type":"page","link":"https:\/\/www.museuolimpicbcn.cat\/ca\/noticies\/","title":{"rendered":"Not\u00edcies"},"content":{"rendered":"\t\t<div data-elementor-type=\"wp-post\" data-elementor-id=\"21502\" class=\"elementor elementor-21502 elementor-1065\" data-elementor-post-type=\"page\">\n\t\t\t\t\t\t<section class=\"elementor-section elementor-top-section elementor-element elementor-element-ed3f0ae l-padding--top elementor-section-boxed elementor-section-height-default elementor-section-height-default\" data-id=\"ed3f0ae\" data-element_type=\"section\">\n\t\t\t\t\t\t<div class=\"elementor-container elementor-column-gap-default\">\n\t\t\t\t\t<div class=\"elementor-column elementor-col-100 elementor-top-column elementor-element elementor-element-6780ff3d\" data-id=\"6780ff3d\" data-element_type=\"column\">\n\t\t\t<div class=\"elementor-widget-wrap elementor-element-populated\">\n\t\t\t\t\t\t<div class=\"elementor-element elementor-element-e63e2f6 elementor-widget elementor-widget-breadcrumbs\" data-id=\"e63e2f6\" data-element_type=\"widget\" data-widget_type=\"breadcrumbs.default\">\n\t\t\t\t<div class=\"elementor-widget-container\">\n\t\t\t\t\t<ol class=\"moe-breadcrumbs\" itemscope itemtype=\"https:\/\/schema.org\/BreadcrumbList\"><li itemprop=\"itemListElement\" itemscope itemtype=\"https:\/\/schema.org\/ListItem\"><a href=\"\/ca\/\" title=\"Inici\"><span itemprop=\"name\">Inici<\/span><\/a><meta itemprop=\"position\" content=\"1\" \/><\/li><\/ol>\t\t\t\t<\/div>\n\t\t\t\t<\/div>\n\t\t\t\t<div class=\"elementor-element elementor-element-29b8a00f elementor-widget elementor-widget-text-editor\" data-id=\"29b8a00f\" data-element_type=\"widget\" data-widget_type=\"text-editor.default\">\n\t\t\t\t<div class=\"elementor-widget-container\">\n\t\t\t\t\t\t\t\t\t<h1>Not\u00edcies<\/h1>\n\t\t\t\t\t\t\t\t<\/div>\n\t\t\t\t<\/div>\n\t\t\t\t<div class=\"elementor-element elementor-element-88448ed elementor-widget elementor-widget-shortcode\" data-id=\"88448ed\" data-element_type=\"widget\" data-widget_type=\"shortcode.default\">\n\t\t\t\t<div class=\"elementor-widget-container\">\n\t\t\t\t\t\t\t<div class=\"elementor-shortcode\">\n<div id=\"ajax-filters-search\" class=\"ajax-filter-search\" data-target=\".moe-actualidad .elementor-grid\" data-posts-per-page=\"9\">\n  <form method=\"get\" autocomplete=\"off\">\n    <input type=\"hidden\" id=\"search-post-type\" value=\"post\" \/>\n    <input type=\"hidden\" id=\"wpml_lang\" value=\"ca\" \/>\n    <div class=\"form-group form-group--select\">\n      <label for=\"search-year\" class=\"sr-only\">Any<\/label>\n      <select class=\"form-control\" name=\"search-year\" id=\"search-year\">\n        <option placeholder>Tots els anys<\/option>\n        <option value=\"2026\">Any 2026<\/option><option value=\"2025\">Any 2025<\/option><option value=\"2024\">Any 2024<\/option><option value=\"2023\">Any 2023<\/option><option value=\"2022\">Any 2022<\/option><option value=\"2021\">Any 2021<\/option><option value=\"2020\">Any 2020<\/option><option value=\"2019\">Any 2019<\/option><option value=\"2018\">Any 2018<\/option><option value=\"2017\">Any 2017<\/option><option value=\"2016\">Any 2016<\/option><option value=\"2015\">Any 2015<\/option><option value=\"2014\">Any 2014<\/option><option value=\"2013\">Any 2013<\/option><option value=\"2012\">Any 2012<\/option><option value=\"2011\">Any 2011<\/option><option value=\"2010\">Any 2010<\/option><option value=\"2009\">Any 2009<\/option>      <\/select>\n    <\/div>\n    <div class=\"form-group form-group--text\">\n      <label for=\"search-text\" class=\"sr-only\"><\/label>\n      <input class=\"form-control\" name=\"search-text\" id=\"search-text\" type=\"text\" \/>\n    <\/div>\n    <button type=\"reset\">\n      <svg class=\"icon icon-cancel\"><use xlink:href=\"#icon-cancel\"><\/use><\/svg>\n      <span class=\"sr-only\">Reinicia<\/span>\n    <\/button>\n    <button type=\"submit\">\n      <svg class=\"icon icon-search\"><use xlink:href=\"#icon-search\"><\/use><\/svg>\n      <span class=\"sr-only\">Cerca<\/span>\n    <\/button>\n  <\/form>\n<\/div><!-- .ajax-filter-search -->\n\n<script type=\"text\/javascript\">\n    var ajax_url = \"https:\/\/www.museuolimpicbcn.cat\/wp-admin\/admin-ajax.php\";\n<\/script>\n\n<\/div>\n\t\t\t\t\t\t<\/div>\n\t\t\t\t<\/div>\n\t\t\t\t\t<\/div>\n\t\t<\/div>\n\t\t\t\t\t<\/div>\n\t\t<\/section>\n\t\t\t\t<section class=\"elementor-section elementor-top-section elementor-element elementor-element-d3701bc moe-actualidad moe-bg-grey_regular l-padding l-nomargin elementor-section-boxed elementor-section-height-default elementor-section-height-default\" data-id=\"d3701bc\" data-element_type=\"section\">\n\t\t\t\t\t\t<div class=\"elementor-container elementor-column-gap-default\">\n\t\t\t\t\t<div class=\"elementor-column elementor-col-100 elementor-top-column elementor-element elementor-element-f43f7d6\" data-id=\"f43f7d6\" data-element_type=\"column\">\n\t\t\t<div class=\"elementor-widget-wrap elementor-element-populated\">\n\t\t\t\t\t\t<div class=\"elementor-element elementor-element-632ca68 elementor-grid-3 elementor-grid-tablet-2 elementor-grid-mobile-1 elementor-posts--thumbnail-top elementor-card-shadow-yes elementor-posts__hover-gradient elementor-widget elementor-widget-posts\" data-id=\"632ca68\" data-element_type=\"widget\" data-settings=\"{&quot;cards_masonry&quot;:&quot;yes&quot;,&quot;cards_columns&quot;:&quot;3&quot;,&quot;cards_columns_tablet&quot;:&quot;2&quot;,&quot;cards_columns_mobile&quot;:&quot;1&quot;,&quot;cards_row_gap&quot;:{&quot;unit&quot;:&quot;px&quot;,&quot;size&quot;:35,&quot;sizes&quot;:[]},&quot;cards_row_gap_tablet&quot;:{&quot;unit&quot;:&quot;px&quot;,&quot;size&quot;:&quot;&quot;,&quot;sizes&quot;:[]},&quot;cards_row_gap_mobile&quot;:{&quot;unit&quot;:&quot;px&quot;,&quot;size&quot;:&quot;&quot;,&quot;sizes&quot;:[]}}\" data-widget_type=\"posts.cards\">\n\t\t\t\t<div class=\"elementor-widget-container\">\n\t\t\t\t\t\t\t<div class=\"elementor-posts-container elementor-posts elementor-posts--skin-cards elementor-grid\">\n\t\t\t\t<article class=\"elementor-post elementor-grid-item post-49187 post type-post status-publish format-standard has-post-thumbnail hentry category-uncategorized-ca\">\n\t\t\t<div class=\"elementor-post__card\">\n\t\t\t\t<a class=\"elementor-post__thumbnail__link\" href=\"https:\/\/www.museuolimpicbcn.cat\/ca\/el-museu-olimpic-renova-per-sise-any-consecutiu-la-certificacio-de-sostenibilitat-turistica\/\" tabindex=\"-1\" ><div class=\"elementor-post__thumbnail\"><img fetchpriority=\"high\" decoding=\"async\" width=\"1024\" height=\"1024\" src=\"https:\/\/www.museuolimpicbcn.cat\/wp-content\/uploads\/sites\/2\/2026\/03\/placa_certified_2026_ca-3-1024x1024.jpg\" class=\"attachment-large size-large wp-image-49185\" alt=\"\" srcset=\"https:\/\/www.museuolimpicbcn.cat\/wp-content\/uploads\/sites\/2\/2026\/03\/placa_certified_2026_ca-3-1024x1024.jpg 1024w, https:\/\/www.museuolimpicbcn.cat\/wp-content\/uploads\/sites\/2\/2026\/03\/placa_certified_2026_ca-3-300x300.jpg 300w, https:\/\/www.museuolimpicbcn.cat\/wp-content\/uploads\/sites\/2\/2026\/03\/placa_certified_2026_ca-3-150x150.jpg 150w, https:\/\/www.museuolimpicbcn.cat\/wp-content\/uploads\/sites\/2\/2026\/03\/placa_certified_2026_ca-3-768x768.jpg 768w, https:\/\/www.museuolimpicbcn.cat\/wp-content\/uploads\/sites\/2\/2026\/03\/placa_certified_2026_ca-3-1536x1536.jpg 1536w, https:\/\/www.museuolimpicbcn.cat\/wp-content\/uploads\/sites\/2\/2026\/03\/placa_certified_2026_ca-3-2048x2048.jpg 2048w, https:\/\/www.museuolimpicbcn.cat\/wp-content\/uploads\/sites\/2\/2026\/03\/placa_certified_2026_ca-3-1320x1320.jpg 1320w, https:\/\/www.museuolimpicbcn.cat\/wp-content\/uploads\/sites\/2\/2026\/03\/placa_certified_2026_ca-3-600x600.jpg 600w, https:\/\/www.museuolimpicbcn.cat\/wp-content\/uploads\/sites\/2\/2026\/03\/placa_certified_2026_ca-3-100x100.jpg 100w\" sizes=\"(max-width: 1024px) 100vw, 1024px\" \/><\/div><\/a>\n\t\t\t\t<div class=\"elementor-post__text\">\n\t\t\t\t<h3 class=\"elementor-post__title\">\n\t\t\t<a href=\"https:\/\/www.museuolimpicbcn.cat\/ca\/el-museu-olimpic-renova-per-sise-any-consecutiu-la-certificacio-de-sostenibilitat-turistica\/\" >\n\t\t\t\tEl Museu Ol\u00edmpic renova per sis\u00e8 any consecutiu la certificaci\u00f3 de sostenibilitat tur\u00edstica\t\t\t<\/a>\n\t\t<\/h3>\n\t\t\t\t<\/div>\n\t\t\t\t<div class=\"elementor-post__meta-data\">\n\t\t\t\t\t<span class=\"elementor-post-date\">\n\t\t\tDt, 31 mar\u00e7 2026\t\t<\/span>\n\t\t\t\t<\/div>\n\t\t\t\t\t<\/div>\n\t\t<\/article>\n\t\t\t\t<article class=\"elementor-post elementor-grid-item post-48937 post type-post status-publish format-standard has-post-thumbnail hentry category-uncategorized-ca\">\n\t\t\t<div class=\"elementor-post__card\">\n\t\t\t\t<a class=\"elementor-post__thumbnail__link\" href=\"https:\/\/www.museuolimpicbcn.cat\/ca\/el-museu-olimpic-acull-la-presentacio-del-mundial-mtb-eliminator-barcelona-2026\/\" tabindex=\"-1\" ><div class=\"elementor-post__thumbnail\"><img decoding=\"async\" width=\"1024\" height=\"754\" src=\"https:\/\/www.museuolimpicbcn.cat\/wp-content\/uploads\/sites\/2\/2026\/03\/Trial_10-1024x754.jpg\" class=\"attachment-large size-large wp-image-48922\" alt=\"\" srcset=\"https:\/\/www.museuolimpicbcn.cat\/wp-content\/uploads\/sites\/2\/2026\/03\/Trial_10-1024x754.jpg 1024w, https:\/\/www.museuolimpicbcn.cat\/wp-content\/uploads\/sites\/2\/2026\/03\/Trial_10-300x221.jpg 300w, https:\/\/www.museuolimpicbcn.cat\/wp-content\/uploads\/sites\/2\/2026\/03\/Trial_10-768x566.jpg 768w, https:\/\/www.museuolimpicbcn.cat\/wp-content\/uploads\/sites\/2\/2026\/03\/Trial_10-1536x1131.jpg 1536w, https:\/\/www.museuolimpicbcn.cat\/wp-content\/uploads\/sites\/2\/2026\/03\/Trial_10-2048x1508.jpg 2048w, https:\/\/www.museuolimpicbcn.cat\/wp-content\/uploads\/sites\/2\/2026\/03\/Trial_10-1320x972.jpg 1320w, https:\/\/www.museuolimpicbcn.cat\/wp-content\/uploads\/sites\/2\/2026\/03\/Trial_10-600x442.jpg 600w\" sizes=\"(max-width: 1024px) 100vw, 1024px\" \/><\/div><\/a>\n\t\t\t\t<div class=\"elementor-post__text\">\n\t\t\t\t<h3 class=\"elementor-post__title\">\n\t\t\t<a href=\"https:\/\/www.museuolimpicbcn.cat\/ca\/el-museu-olimpic-acull-la-presentacio-del-mundial-mtb-eliminator-barcelona-2026\/\" >\n\t\t\t\tEl Museu Ol\u00edmpic acull la presentaci\u00f3 del Mundial MTB Eliminator Barcelona 2026\t\t\t<\/a>\n\t\t<\/h3>\n\t\t\t\t<\/div>\n\t\t\t\t<div class=\"elementor-post__meta-data\">\n\t\t\t\t\t<span class=\"elementor-post-date\">\n\t\t\tDv, 20 mar\u00e7 2026\t\t<\/span>\n\t\t\t\t<\/div>\n\t\t\t\t\t<\/div>\n\t\t<\/article>\n\t\t\t\t<article class=\"elementor-post elementor-grid-item post-48917 post type-post status-publish format-standard has-post-thumbnail hentry category-uncategorized-ca\">\n\t\t\t<div class=\"elementor-post__card\">\n\t\t\t\t<a class=\"elementor-post__thumbnail__link\" href=\"https:\/\/www.museuolimpicbcn.cat\/ca\/el-club-de-lectura-literatura-i-esports-arriba-al-museu-olimpic-i-anima-a-sumar-se-a-les-proximes-sessions\/\" tabindex=\"-1\" ><div class=\"elementor-post__thumbnail\"><img decoding=\"async\" width=\"1024\" height=\"683\" src=\"https:\/\/www.museuolimpicbcn.cat\/wp-content\/uploads\/sites\/2\/2026\/03\/Club-de-lectura_2-1024x683.jpg\" class=\"attachment-large size-large wp-image-48914\" alt=\"\" srcset=\"https:\/\/www.museuolimpicbcn.cat\/wp-content\/uploads\/sites\/2\/2026\/03\/Club-de-lectura_2-1024x683.jpg 1024w, https:\/\/www.museuolimpicbcn.cat\/wp-content\/uploads\/sites\/2\/2026\/03\/Club-de-lectura_2-300x200.jpg 300w, https:\/\/www.museuolimpicbcn.cat\/wp-content\/uploads\/sites\/2\/2026\/03\/Club-de-lectura_2-768x512.jpg 768w, https:\/\/www.museuolimpicbcn.cat\/wp-content\/uploads\/sites\/2\/2026\/03\/Club-de-lectura_2-1536x1024.jpg 1536w, https:\/\/www.museuolimpicbcn.cat\/wp-content\/uploads\/sites\/2\/2026\/03\/Club-de-lectura_2-2048x1365.jpg 2048w, https:\/\/www.museuolimpicbcn.cat\/wp-content\/uploads\/sites\/2\/2026\/03\/Club-de-lectura_2-1320x880.jpg 1320w, https:\/\/www.museuolimpicbcn.cat\/wp-content\/uploads\/sites\/2\/2026\/03\/Club-de-lectura_2-600x400.jpg 600w\" sizes=\"(max-width: 1024px) 100vw, 1024px\" \/><\/div><\/a>\n\t\t\t\t<div class=\"elementor-post__text\">\n\t\t\t\t<h3 class=\"elementor-post__title\">\n\t\t\t<a href=\"https:\/\/www.museuolimpicbcn.cat\/ca\/el-club-de-lectura-literatura-i-esports-arriba-al-museu-olimpic-i-anima-a-sumar-se-a-les-proximes-sessions\/\" >\n\t\t\t\tEl club de lectura \u201cLiteratura i esports\u201d arriba al Museu Ol\u00edmpic i anima a sumar-se a les pr\u00f2ximes sessions\t\t\t<\/a>\n\t\t<\/h3>\n\t\t\t\t<\/div>\n\t\t\t\t<div class=\"elementor-post__meta-data\">\n\t\t\t\t\t<span class=\"elementor-post-date\">\n\t\t\tDv, 20 mar\u00e7 2026\t\t<\/span>\n\t\t\t\t<\/div>\n\t\t\t\t\t<\/div>\n\t\t<\/article>\n\t\t\t\t<article class=\"elementor-post elementor-grid-item post-48910 post type-post status-publish format-standard has-post-thumbnail hentry category-uncategorized-ca\">\n\t\t\t<div class=\"elementor-post__card\">\n\t\t\t\t<a class=\"elementor-post__thumbnail__link\" href=\"https:\/\/www.museuolimpicbcn.cat\/ca\/ingeni-olimpic-sabatilles-autofabricades-amb-ratlladors-arriben-al-museu-olimpic\/\" tabindex=\"-1\" ><div class=\"elementor-post__thumbnail\"><img loading=\"lazy\" decoding=\"async\" width=\"1024\" height=\"683\" src=\"https:\/\/www.museuolimpicbcn.cat\/wp-content\/uploads\/sites\/2\/2026\/03\/Ander-Miranbel_7-1024x683.jpg\" class=\"attachment-large size-large wp-image-48907\" alt=\"\" srcset=\"https:\/\/www.museuolimpicbcn.cat\/wp-content\/uploads\/sites\/2\/2026\/03\/Ander-Miranbel_7-1024x683.jpg 1024w, https:\/\/www.museuolimpicbcn.cat\/wp-content\/uploads\/sites\/2\/2026\/03\/Ander-Miranbel_7-300x200.jpg 300w, https:\/\/www.museuolimpicbcn.cat\/wp-content\/uploads\/sites\/2\/2026\/03\/Ander-Miranbel_7-768x512.jpg 768w, https:\/\/www.museuolimpicbcn.cat\/wp-content\/uploads\/sites\/2\/2026\/03\/Ander-Miranbel_7-1536x1024.jpg 1536w, https:\/\/www.museuolimpicbcn.cat\/wp-content\/uploads\/sites\/2\/2026\/03\/Ander-Miranbel_7-2048x1365.jpg 2048w, https:\/\/www.museuolimpicbcn.cat\/wp-content\/uploads\/sites\/2\/2026\/03\/Ander-Miranbel_7-1320x880.jpg 1320w, https:\/\/www.museuolimpicbcn.cat\/wp-content\/uploads\/sites\/2\/2026\/03\/Ander-Miranbel_7-600x400.jpg 600w\" sizes=\"(max-width: 1024px) 100vw, 1024px\" \/><\/div><\/a>\n\t\t\t\t<div class=\"elementor-post__text\">\n\t\t\t\t<h3 class=\"elementor-post__title\">\n\t\t\t<a href=\"https:\/\/www.museuolimpicbcn.cat\/ca\/ingeni-olimpic-sabatilles-autofabricades-amb-ratlladors-arriben-al-museu-olimpic\/\" >\n\t\t\t\tIngeni ol\u00edmpic: sabatilles \u201cautofabricades\u201d amb ratlladors arriben al Museu Ol\u00edmpic\t\t\t<\/a>\n\t\t<\/h3>\n\t\t\t\t<\/div>\n\t\t\t\t<div class=\"elementor-post__meta-data\">\n\t\t\t\t\t<span class=\"elementor-post-date\">\n\t\t\tDv, 20 mar\u00e7 2026\t\t<\/span>\n\t\t\t\t<\/div>\n\t\t\t\t\t<\/div>\n\t\t<\/article>\n\t\t\t\t<article class=\"elementor-post elementor-grid-item post-48898 post type-post status-publish format-standard has-post-thumbnail hentry category-uncategorized-ca\">\n\t\t\t<div class=\"elementor-post__card\">\n\t\t\t\t<a class=\"elementor-post__thumbnail__link\" href=\"https:\/\/www.museuolimpicbcn.cat\/ca\/las-voces-del-despenadero-guanyadora-de-la-16a-edicio-del-bcn-sports-film-festival\/\" tabindex=\"-1\" ><div class=\"elementor-post__thumbnail\"><img loading=\"lazy\" decoding=\"async\" width=\"1024\" height=\"683\" src=\"https:\/\/www.museuolimpicbcn.cat\/wp-content\/uploads\/sites\/2\/2026\/03\/mobcn260302_124-1024x683.jpg\" class=\"attachment-large size-large wp-image-48895\" alt=\"\" srcset=\"https:\/\/www.museuolimpicbcn.cat\/wp-content\/uploads\/sites\/2\/2026\/03\/mobcn260302_124-1024x683.jpg 1024w, https:\/\/www.museuolimpicbcn.cat\/wp-content\/uploads\/sites\/2\/2026\/03\/mobcn260302_124-300x200.jpg 300w, https:\/\/www.museuolimpicbcn.cat\/wp-content\/uploads\/sites\/2\/2026\/03\/mobcn260302_124-768x512.jpg 768w, https:\/\/www.museuolimpicbcn.cat\/wp-content\/uploads\/sites\/2\/2026\/03\/mobcn260302_124-1536x1024.jpg 1536w, https:\/\/www.museuolimpicbcn.cat\/wp-content\/uploads\/sites\/2\/2026\/03\/mobcn260302_124-2048x1365.jpg 2048w, https:\/\/www.museuolimpicbcn.cat\/wp-content\/uploads\/sites\/2\/2026\/03\/mobcn260302_124-1320x880.jpg 1320w, https:\/\/www.museuolimpicbcn.cat\/wp-content\/uploads\/sites\/2\/2026\/03\/mobcn260302_124-600x400.jpg 600w\" sizes=\"(max-width: 1024px) 100vw, 1024px\" \/><\/div><\/a>\n\t\t\t\t<div class=\"elementor-post__text\">\n\t\t\t\t<h3 class=\"elementor-post__title\">\n\t\t\t<a href=\"https:\/\/www.museuolimpicbcn.cat\/ca\/las-voces-del-despenadero-guanyadora-de-la-16a-edicio-del-bcn-sports-film-festival\/\" >\n\t\t\t\t\u201cLas voces del despe\u00f1adero\u201d, guanyadora de la 16a edici\u00f3 del BCN Sports Film Festival\t\t\t<\/a>\n\t\t<\/h3>\n\t\t\t\t<\/div>\n\t\t\t\t<div class=\"elementor-post__meta-data\">\n\t\t\t\t\t<span class=\"elementor-post-date\">\n\t\t\tDv, 20 mar\u00e7 2026\t\t<\/span>\n\t\t\t\t<\/div>\n\t\t\t\t\t<\/div>\n\t\t<\/article>\n\t\t\t\t<article class=\"elementor-post elementor-grid-item post-48749 post type-post status-publish format-standard has-post-thumbnail hentry category-uncategorized-ca\">\n\t\t\t<div class=\"elementor-post__card\">\n\t\t\t\t<a class=\"elementor-post__thumbnail__link\" href=\"https:\/\/www.museuolimpicbcn.cat\/ca\/el-museu-olimpic-redueix-el-consum-denergia-aigua-i-emissions-durant-la-xi-marato-re-m\/\" tabindex=\"-1\" ><div class=\"elementor-post__thumbnail\"><img loading=\"lazy\" decoding=\"async\" width=\"1024\" height=\"603\" src=\"https:\/\/www.museuolimpicbcn.cat\/wp-content\/uploads\/sites\/2\/2026\/03\/Maraton-energia_1-1024x603.jpg\" class=\"attachment-large size-large wp-image-48745\" alt=\"\" srcset=\"https:\/\/www.museuolimpicbcn.cat\/wp-content\/uploads\/sites\/2\/2026\/03\/Maraton-energia_1-1024x603.jpg 1024w, https:\/\/www.museuolimpicbcn.cat\/wp-content\/uploads\/sites\/2\/2026\/03\/Maraton-energia_1-300x177.jpg 300w, https:\/\/www.museuolimpicbcn.cat\/wp-content\/uploads\/sites\/2\/2026\/03\/Maraton-energia_1-768x452.jpg 768w, https:\/\/www.museuolimpicbcn.cat\/wp-content\/uploads\/sites\/2\/2026\/03\/Maraton-energia_1-1536x905.jpg 1536w, https:\/\/www.museuolimpicbcn.cat\/wp-content\/uploads\/sites\/2\/2026\/03\/Maraton-energia_1-2048x1206.jpg 2048w, https:\/\/www.museuolimpicbcn.cat\/wp-content\/uploads\/sites\/2\/2026\/03\/Maraton-energia_1-1320x777.jpg 1320w, https:\/\/www.museuolimpicbcn.cat\/wp-content\/uploads\/sites\/2\/2026\/03\/Maraton-energia_1-600x353.jpg 600w\" sizes=\"(max-width: 1024px) 100vw, 1024px\" \/><\/div><\/a>\n\t\t\t\t<div class=\"elementor-post__text\">\n\t\t\t\t<h3 class=\"elementor-post__title\">\n\t\t\t<a href=\"https:\/\/www.museuolimpicbcn.cat\/ca\/el-museu-olimpic-redueix-el-consum-denergia-aigua-i-emissions-durant-la-xi-marato-re-m\/\" >\n\t\t\t\tEl Museu Ol\u00edmpic redueix el consum d\u2019energia, aigua i emissions durant la XI Marat\u00f3 RE-M\t\t\t<\/a>\n\t\t<\/h3>\n\t\t\t\t<\/div>\n\t\t\t\t<div class=\"elementor-post__meta-data\">\n\t\t\t\t\t<span class=\"elementor-post-date\">\n\t\t\tDj, 12 mar\u00e7 2026\t\t<\/span>\n\t\t\t\t<\/div>\n\t\t\t\t\t<\/div>\n\t\t<\/article>\n\t\t\t\t<article class=\"elementor-post elementor-grid-item post-43892 post type-post status-publish format-standard has-post-thumbnail hentry category-uncategorized-ca\">\n\t\t\t<div class=\"elementor-post__card\">\n\t\t\t\t<a class=\"elementor-post__thumbnail__link\" href=\"https:\/\/www.museuolimpicbcn.cat\/ca\/petites-histories-grans-dones-2\/\" tabindex=\"-1\" ><div class=\"elementor-post__thumbnail\"><img loading=\"lazy\" decoding=\"async\" width=\"1024\" height=\"1024\" src=\"https:\/\/www.museuolimpicbcn.cat\/wp-content\/uploads\/sites\/2\/2025\/02\/1080x1080-1024x1024.jpg\" class=\"attachment-large size-large wp-image-43901\" alt=\"\" srcset=\"https:\/\/www.museuolimpicbcn.cat\/wp-content\/uploads\/sites\/2\/2025\/02\/1080x1080-1024x1024.jpg 1024w, https:\/\/www.museuolimpicbcn.cat\/wp-content\/uploads\/sites\/2\/2025\/02\/1080x1080-300x300.jpg 300w, https:\/\/www.museuolimpicbcn.cat\/wp-content\/uploads\/sites\/2\/2025\/02\/1080x1080-150x150.jpg 150w, https:\/\/www.museuolimpicbcn.cat\/wp-content\/uploads\/sites\/2\/2025\/02\/1080x1080-768x768.jpg 768w, https:\/\/www.museuolimpicbcn.cat\/wp-content\/uploads\/sites\/2\/2025\/02\/1080x1080-600x600.jpg 600w, https:\/\/www.museuolimpicbcn.cat\/wp-content\/uploads\/sites\/2\/2025\/02\/1080x1080-100x100.jpg 100w, https:\/\/www.museuolimpicbcn.cat\/wp-content\/uploads\/sites\/2\/2025\/02\/1080x1080.jpg 1080w\" sizes=\"(max-width: 1024px) 100vw, 1024px\" \/><\/div><\/a>\n\t\t\t\t<div class=\"elementor-post__text\">\n\t\t\t\t<h3 class=\"elementor-post__title\">\n\t\t\t<a href=\"https:\/\/www.museuolimpicbcn.cat\/ca\/petites-histories-grans-dones-2\/\" >\n\t\t\t\tDescobreix, en fam\u00edlia, la hist\u00f2ria de PAULA BLASI, protagonista de &#8220;Petites hist\u00f2ries, grans dones&#8221;\t\t\t<\/a>\n\t\t<\/h3>\n\t\t\t\t<\/div>\n\t\t\t\t<div class=\"elementor-post__meta-data\">\n\t\t\t\t\t<span class=\"elementor-post-date\">\n\t\t\tDt, 24 febrer 2026\t\t<\/span>\n\t\t\t\t<\/div>\n\t\t\t\t\t<\/div>\n\t\t<\/article>\n\t\t\t\t<article class=\"elementor-post elementor-grid-item post-48187 post type-post status-publish format-standard has-post-thumbnail hentry category-uncategorized-ca\">\n\t\t\t<div class=\"elementor-post__card\">\n\t\t\t\t<a class=\"elementor-post__thumbnail__link\" href=\"https:\/\/www.museuolimpicbcn.cat\/ca\/la-ment-clau-del-rendiment-en-lesport-delit-en-la-segona-jornada-del-xvi-forum-olimpic\/\" tabindex=\"-1\" ><div class=\"elementor-post__thumbnail\"><img loading=\"lazy\" decoding=\"async\" width=\"1024\" height=\"683\" src=\"https:\/\/www.museuolimpicbcn.cat\/wp-content\/uploads\/sites\/2\/2026\/01\/FORUM-OLIMPIC-2026-H-2Jornada-1024x683.jpg\" class=\"attachment-large size-large wp-image-48184\" alt=\"\" srcset=\"https:\/\/www.museuolimpicbcn.cat\/wp-content\/uploads\/sites\/2\/2026\/01\/FORUM-OLIMPIC-2026-H-2Jornada-1024x683.jpg 1024w, https:\/\/www.museuolimpicbcn.cat\/wp-content\/uploads\/sites\/2\/2026\/01\/FORUM-OLIMPIC-2026-H-2Jornada-300x200.jpg 300w, https:\/\/www.museuolimpicbcn.cat\/wp-content\/uploads\/sites\/2\/2026\/01\/FORUM-OLIMPIC-2026-H-2Jornada-768x512.jpg 768w, https:\/\/www.museuolimpicbcn.cat\/wp-content\/uploads\/sites\/2\/2026\/01\/FORUM-OLIMPIC-2026-H-2Jornada-1536x1024.jpg 1536w, https:\/\/www.museuolimpicbcn.cat\/wp-content\/uploads\/sites\/2\/2026\/01\/FORUM-OLIMPIC-2026-H-2Jornada-2048x1365.jpg 2048w, https:\/\/www.museuolimpicbcn.cat\/wp-content\/uploads\/sites\/2\/2026\/01\/FORUM-OLIMPIC-2026-H-2Jornada-1320x880.jpg 1320w, https:\/\/www.museuolimpicbcn.cat\/wp-content\/uploads\/sites\/2\/2026\/01\/FORUM-OLIMPIC-2026-H-2Jornada-600x400.jpg 600w\" sizes=\"(max-width: 1024px) 100vw, 1024px\" \/><\/div><\/a>\n\t\t\t\t<div class=\"elementor-post__text\">\n\t\t\t\t<h3 class=\"elementor-post__title\">\n\t\t\t<a href=\"https:\/\/www.museuolimpicbcn.cat\/ca\/la-ment-clau-del-rendiment-en-lesport-delit-en-la-segona-jornada-del-xvi-forum-olimpic\/\" >\n\t\t\t\tLa ment, clau del rendiment en l\u2019esport d\u2019elit en la segona jornada del XVI F\u00f2rum Ol\u00edmpic\t\t\t<\/a>\n\t\t<\/h3>\n\t\t\t\t<\/div>\n\t\t\t\t<div class=\"elementor-post__meta-data\">\n\t\t\t\t\t<span class=\"elementor-post-date\">\n\t\t\tDj, 15 gener 2026\t\t<\/span>\n\t\t\t\t<\/div>\n\t\t\t\t\t<\/div>\n\t\t<\/article>\n\t\t\t\t<article class=\"elementor-post elementor-grid-item post-48080 post type-post status-publish format-standard has-post-thumbnail hentry category-uncategorized-ca\">\n\t\t\t<div class=\"elementor-post__card\">\n\t\t\t\t<a class=\"elementor-post__thumbnail__link\" href=\"https:\/\/www.museuolimpicbcn.cat\/ca\/el-xvi-forum-olimpic-memorial-roma-cuyas-inaugura-la-seva-primera-jornada-centrada-en-el-futur-de-lolimpisme-i-els-grans-esdeveniments-esportius\/\" tabindex=\"-1\" ><div class=\"elementor-post__thumbnail\"><img loading=\"lazy\" decoding=\"async\" width=\"1024\" height=\"683\" src=\"https:\/\/www.museuolimpicbcn.cat\/wp-content\/uploads\/sites\/2\/2026\/01\/FORUM-OLIMPIC-2026-H-DAVID-ESCUDE-1024x683.jpg\" class=\"attachment-large size-large wp-image-48131\" alt=\"\" srcset=\"https:\/\/www.museuolimpicbcn.cat\/wp-content\/uploads\/sites\/2\/2026\/01\/FORUM-OLIMPIC-2026-H-DAVID-ESCUDE-1024x683.jpg 1024w, https:\/\/www.museuolimpicbcn.cat\/wp-content\/uploads\/sites\/2\/2026\/01\/FORUM-OLIMPIC-2026-H-DAVID-ESCUDE-300x200.jpg 300w, https:\/\/www.museuolimpicbcn.cat\/wp-content\/uploads\/sites\/2\/2026\/01\/FORUM-OLIMPIC-2026-H-DAVID-ESCUDE-768x512.jpg 768w, https:\/\/www.museuolimpicbcn.cat\/wp-content\/uploads\/sites\/2\/2026\/01\/FORUM-OLIMPIC-2026-H-DAVID-ESCUDE-1536x1024.jpg 1536w, https:\/\/www.museuolimpicbcn.cat\/wp-content\/uploads\/sites\/2\/2026\/01\/FORUM-OLIMPIC-2026-H-DAVID-ESCUDE-1320x880.jpg 1320w, https:\/\/www.museuolimpicbcn.cat\/wp-content\/uploads\/sites\/2\/2026\/01\/FORUM-OLIMPIC-2026-H-DAVID-ESCUDE-600x400.jpg 600w, https:\/\/www.museuolimpicbcn.cat\/wp-content\/uploads\/sites\/2\/2026\/01\/FORUM-OLIMPIC-2026-H-DAVID-ESCUDE.jpg 2016w\" sizes=\"(max-width: 1024px) 100vw, 1024px\" \/><\/div><\/a>\n\t\t\t\t<div class=\"elementor-post__text\">\n\t\t\t\t<h3 class=\"elementor-post__title\">\n\t\t\t<a href=\"https:\/\/www.museuolimpicbcn.cat\/ca\/el-xvi-forum-olimpic-memorial-roma-cuyas-inaugura-la-seva-primera-jornada-centrada-en-el-futur-de-lolimpisme-i-els-grans-esdeveniments-esportius\/\" >\n\t\t\t\tEl XVI F\u00f2rum Ol\u00edmpic \u2013 Memorial Rom\u00e0 Cuy\u00e0s inaugura la seva primera jornada centrada en el futur de l\u2019olimpisme i els grans esdeveniments esportius\t\t\t<\/a>\n\t\t<\/h3>\n\t\t\t\t<\/div>\n\t\t\t\t<div class=\"elementor-post__meta-data\">\n\t\t\t\t\t<span class=\"elementor-post-date\">\n\t\t\tDc, 14 gener 2026\t\t<\/span>\n\t\t\t\t<\/div>\n\t\t\t\t\t<\/div>\n\t\t<\/article>\n\t\t\t\t<\/div>\n\t\t\n\t\t\t\t\t\t<\/div>\n\t\t\t\t<\/div>\n\t\t\t\t\t<\/div>\n\t\t<\/div>\n\t\t\t\t\t<\/div>\n\t\t<\/section>\n\t\t\t\t<\/div>\n\t\t","protected":false},"excerpt":{"rendered":"<p>Not\u00edcies<\/p>\n","protected":false},"author":4,"featured_media":0,"parent":0,"menu_order":0,"comment_status":"closed","ping_status":"closed","template":"","meta":{"_acf_changed":false,"_price":"","_stock":"","_tribe_ticket_header":"","_tribe_default_ticket_provider":"","_tribe_ticket_capacity":"0","_ticket_start_date":"","_ticket_end_date":"","_tribe_ticket_show_description":"","_tribe_ticket_show_not_going":false,"_tribe_ticket_use_global_stock":"","_tribe_ticket_global_stock_level":"","_global_stock_mode":"","_global_stock_cap":"","_tribe_rsvp_for_event":"","_tribe_ticket_going_count":"","_tribe_ticket_not_going_count":"","_tribe_tickets_list":"[]","_tribe_ticket_has_attendee_info_fields":false,"footnotes":"","_tec_slr_enabled":"","_tec_slr_layout":""},"class_list":["post-21502","page","type-page","status-publish","hentry"],"acf":[],"yoast_head":"<!-- This site is optimized with the Yoast SEO plugin v23.7 - https:\/\/yoast.com\/wordpress\/plugins\/seo\/ -->\n<title>Not\u00edcies - Museu Ol\u00edmpic i de l&#039;Esport<\/title>\n<meta name=\"robots\" content=\"index, follow, max-snippet:-1, max-image-preview:large, max-video-preview:-1\" \/>\n<link rel=\"canonical\" href=\"https:\/\/www.museuolimpicbcn.cat\/ca\/noticies\/\" \/>\n<meta property=\"og:locale\" content=\"ca_ES\" \/>\n<meta property=\"og:type\" content=\"article\" \/>\n<meta property=\"og:title\" content=\"Not\u00edcies - Museu Ol\u00edmpic i de l&#039;Esport\" \/>\n<meta property=\"og:description\" content=\"Not\u00edcies\" \/>\n<meta property=\"og:url\" content=\"https:\/\/www.museuolimpicbcn.cat\/ca\/noticies\/\" \/>\n<meta property=\"og:site_name\" content=\"Museu Ol\u00edmpic i de l&#039;Esport\" \/>\n<meta property=\"article:modified_time\" content=\"2020-01-09T11:15:17+00:00\" \/>\n<meta name=\"twitter:card\" content=\"summary_large_image\" \/>\n<script type=\"application\/ld+json\" class=\"yoast-schema-graph\">{\"@context\":\"https:\/\/schema.org\",\"@graph\":[{\"@type\":\"WebPage\",\"@id\":\"https:\/\/www.museuolimpicbcn.cat\/ca\/noticies\/\",\"url\":\"https:\/\/www.museuolimpicbcn.cat\/ca\/noticies\/\",\"name\":\"Not\u00edcies - Museu Ol\u00edmpic i de l&#039;Esport\",\"isPartOf\":{\"@id\":\"https:\/\/www.museuolimpicbcn.cat\/ca\/#website\"},\"datePublished\":\"2019-07-03T14:15:31+00:00\",\"dateModified\":\"2020-01-09T11:15:17+00:00\",\"breadcrumb\":{\"@id\":\"https:\/\/www.museuolimpicbcn.cat\/ca\/noticies\/#breadcrumb\"},\"inLanguage\":\"ca\",\"potentialAction\":[{\"@type\":\"ReadAction\",\"target\":[\"https:\/\/www.museuolimpicbcn.cat\/ca\/noticies\/\"]}]},{\"@type\":\"BreadcrumbList\",\"@id\":\"https:\/\/www.museuolimpicbcn.cat\/ca\/noticies\/#breadcrumb\",\"itemListElement\":[{\"@type\":\"ListItem\",\"position\":1,\"name\":\"Inici\",\"item\":\"https:\/\/www.museuolimpicbcn.cat\/es\/\"},{\"@type\":\"ListItem\",\"position\":2,\"name\":\"Not\u00edcies\"}]},{\"@type\":\"WebSite\",\"@id\":\"https:\/\/www.museuolimpicbcn.cat\/ca\/#website\",\"url\":\"https:\/\/www.museuolimpicbcn.cat\/ca\/\",\"name\":\"Museu Ol\u00edmpic i de l&#039;Esport\",\"description\":\"Altre lloc Web del Museu Ol\u00edmpic i de l&#039;Esport llocs\",\"publisher\":{\"@id\":\"https:\/\/www.museuolimpicbcn.cat\/ca\/#organization\"},\"potentialAction\":[{\"@type\":\"SearchAction\",\"target\":{\"@type\":\"EntryPoint\",\"urlTemplate\":\"https:\/\/www.museuolimpicbcn.cat\/ca\/?s={search_term_string}\"},\"query-input\":{\"@type\":\"PropertyValueSpecification\",\"valueRequired\":true,\"valueName\":\"search_term_string\"}}],\"inLanguage\":\"ca\"},{\"@type\":\"Organization\",\"@id\":\"https:\/\/www.museuolimpicbcn.cat\/ca\/#organization\",\"name\":\"Museu Ol\u00edmpic i de l&#039;Esport\",\"url\":\"https:\/\/www.museuolimpicbcn.cat\/ca\/\",\"logo\":{\"@type\":\"ImageObject\",\"inLanguage\":\"ca\",\"@id\":\"https:\/\/www.museuolimpicbcn.cat\/ca\/#\/schema\/logo\/image\/\",\"url\":\"https:\/\/www.museuolimpicbcn.cat\/wp-content\/uploads\/sites\/2\/2018\/12\/logo-moe-header.svg\",\"contentUrl\":\"https:\/\/www.museuolimpicbcn.cat\/wp-content\/uploads\/sites\/2\/2018\/12\/logo-moe-header.svg\",\"caption\":\"Museu Ol\u00edmpic i de l&#039;Esport\"},\"image\":{\"@id\":\"https:\/\/www.museuolimpicbcn.cat\/ca\/#\/schema\/logo\/image\/\"}}]}<\/script>\n<!-- \/ Yoast SEO plugin. -->","yoast_head_json":{"title":"Not\u00edcies - Museu Ol\u00edmpic i de l&#039;Esport","robots":{"index":"index","follow":"follow","max-snippet":"max-snippet:-1","max-image-preview":"max-image-preview:large","max-video-preview":"max-video-preview:-1"},"canonical":"https:\/\/www.museuolimpicbcn.cat\/ca\/noticies\/","og_locale":"ca_ES","og_type":"article","og_title":"Not\u00edcies - Museu Ol\u00edmpic i de l&#039;Esport","og_description":"Not\u00edcies","og_url":"https:\/\/www.museuolimpicbcn.cat\/ca\/noticies\/","og_site_name":"Museu Ol\u00edmpic i de l&#039;Esport","article_modified_time":"2020-01-09T11:15:17+00:00","twitter_card":"summary_large_image","schema":{"@context":"https:\/\/schema.org","@graph":[{"@type":"WebPage","@id":"https:\/\/www.museuolimpicbcn.cat\/ca\/noticies\/","url":"https:\/\/www.museuolimpicbcn.cat\/ca\/noticies\/","name":"Not\u00edcies - Museu Ol\u00edmpic i de l&#039;Esport","isPartOf":{"@id":"https:\/\/www.museuolimpicbcn.cat\/ca\/#website"},"datePublished":"2019-07-03T14:15:31+00:00","dateModified":"2020-01-09T11:15:17+00:00","breadcrumb":{"@id":"https:\/\/www.museuolimpicbcn.cat\/ca\/noticies\/#breadcrumb"},"inLanguage":"ca","potentialAction":[{"@type":"ReadAction","target":["https:\/\/www.museuolimpicbcn.cat\/ca\/noticies\/"]}]},{"@type":"BreadcrumbList","@id":"https:\/\/www.museuolimpicbcn.cat\/ca\/noticies\/#breadcrumb","itemListElement":[{"@type":"ListItem","position":1,"name":"Inici","item":"https:\/\/www.museuolimpicbcn.cat\/es\/"},{"@type":"ListItem","position":2,"name":"Not\u00edcies"}]},{"@type":"WebSite","@id":"https:\/\/www.museuolimpicbcn.cat\/ca\/#website","url":"https:\/\/www.museuolimpicbcn.cat\/ca\/","name":"Museu Ol\u00edmpic i de l&#039;Esport","description":"Altre lloc Web del Museu Ol\u00edmpic i de l&#039;Esport llocs","publisher":{"@id":"https:\/\/www.museuolimpicbcn.cat\/ca\/#organization"},"potentialAction":[{"@type":"SearchAction","target":{"@type":"EntryPoint","urlTemplate":"https:\/\/www.museuolimpicbcn.cat\/ca\/?s={search_term_string}"},"query-input":{"@type":"PropertyValueSpecification","valueRequired":true,"valueName":"search_term_string"}}],"inLanguage":"ca"},{"@type":"Organization","@id":"https:\/\/www.museuolimpicbcn.cat\/ca\/#organization","name":"Museu Ol\u00edmpic i de l&#039;Esport","url":"https:\/\/www.museuolimpicbcn.cat\/ca\/","logo":{"@type":"ImageObject","inLanguage":"ca","@id":"https:\/\/www.museuolimpicbcn.cat\/ca\/#\/schema\/logo\/image\/","url":"https:\/\/www.museuolimpicbcn.cat\/wp-content\/uploads\/sites\/2\/2018\/12\/logo-moe-header.svg","contentUrl":"https:\/\/www.museuolimpicbcn.cat\/wp-content\/uploads\/sites\/2\/2018\/12\/logo-moe-header.svg","caption":"Museu Ol\u00edmpic i de l&#039;Esport"},"image":{"@id":"https:\/\/www.museuolimpicbcn.cat\/ca\/#\/schema\/logo\/image\/"}}]}},"ticketed":false,"_links":{"self":[{"href":"https:\/\/www.museuolimpicbcn.cat\/ca\/wp-json\/wp\/v2\/pages\/21502"}],"collection":[{"href":"https:\/\/www.museuolimpicbcn.cat\/ca\/wp-json\/wp\/v2\/pages"}],"about":[{"href":"https:\/\/www.museuolimpicbcn.cat\/ca\/wp-json\/wp\/v2\/types\/page"}],"author":[{"embeddable":true,"href":"https:\/\/www.museuolimpicbcn.cat\/ca\/wp-json\/wp\/v2\/users\/4"}],"replies":[{"embeddable":true,"href":"https:\/\/www.museuolimpicbcn.cat\/ca\/wp-json\/wp\/v2\/comments?post=21502"}],"version-history":[{"count":3,"href":"https:\/\/www.museuolimpicbcn.cat\/ca\/wp-json\/wp\/v2\/pages\/21502\/revisions"}],"predecessor-version":[{"id":21505,"href":"https:\/\/www.museuolimpicbcn.cat\/ca\/wp-json\/wp\/v2\/pages\/21502\/revisions\/21505"}],"wp:attachment":[{"href":"https:\/\/www.museuolimpicbcn.cat\/ca\/wp-json\/wp\/v2\/media?parent=21502"}],"curies":[{"name":"wp","href":"https:\/\/api.w.org\/{rel}","templated":true}]}}