{"id":27059,"date":"2021-03-04T14:12:24","date_gmt":"2021-03-04T13:12:24","guid":{"rendered":"https:\/\/www.museuolimpicbcn.cat\/?page_id=27059"},"modified":"2021-05-12T14:37:44","modified_gmt":"2021-05-12T12:37:44","slug":"ods","status":"publish","type":"page","link":"https:\/\/www.museuolimpicbcn.cat\/ca\/ods\/","title":{"rendered":"ODS"},"content":{"rendered":"\t\t<div data-elementor-type=\"wp-post\" data-elementor-id=\"27059\" class=\"elementor elementor-27059 elementor-27058\" data-elementor-post-type=\"page\">\n\t\t\t\t\t\t<section class=\"elementor-section elementor-top-section elementor-element elementor-element-7033d74f l-padding--top elementor-section-boxed elementor-section-height-default elementor-section-height-default\" data-id=\"7033d74f\" data-element_type=\"section\">\n\t\t\t\t\t\t<div class=\"elementor-container elementor-column-gap-default\">\n\t\t\t\t\t<div class=\"elementor-column elementor-col-100 elementor-top-column elementor-element elementor-element-2434256\" data-id=\"2434256\" data-element_type=\"column\">\n\t\t\t<div class=\"elementor-widget-wrap elementor-element-populated\">\n\t\t\t\t\t\t<div class=\"elementor-element elementor-element-647d081 elementor-widget elementor-widget-breadcrumbs\" data-id=\"647d081\" data-element_type=\"widget\" data-widget_type=\"breadcrumbs.default\">\n\t\t\t\t<div class=\"elementor-widget-container\">\n\t\t\t\t\t<ol class=\"moe-breadcrumbs\" itemscope itemtype=\"https:\/\/schema.org\/BreadcrumbList\"><li itemprop=\"itemListElement\" itemscope itemtype=\"https:\/\/schema.org\/ListItem\"><a href=\"\/ca\/\" title=\"Inici\"><span itemprop=\"name\">Inici<\/span><\/a><meta itemprop=\"position\" content=\"1\" \/><\/li><\/ol>\t\t\t\t<\/div>\n\t\t\t\t<\/div>\n\t\t\t\t<div class=\"elementor-element elementor-element-17edac22 elementor-widget elementor-widget-text-editor\" data-id=\"17edac22\" data-element_type=\"widget\" data-widget_type=\"text-editor.default\">\n\t\t\t\t<div class=\"elementor-widget-container\">\n\t\t\t\t\t\t\t\t\t<h1>Objectius de Desenvolupament Sostenible (ODS)<\/h1>\n\t\t\t\t\t\t\t\t<\/div>\n\t\t\t\t<\/div>\n\t\t\t\t\t<\/div>\n\t\t<\/div>\n\t\t\t\t\t<\/div>\n\t\t<\/section>\n\t\t\t\t<section class=\"elementor-section elementor-top-section elementor-element elementor-element-757ad90 moe-about--museu elementor-section-boxed elementor-section-height-default elementor-section-height-default\" data-id=\"757ad90\" data-element_type=\"section\">\n\t\t\t\t\t\t<div class=\"elementor-container elementor-column-gap-no\">\n\t\t\t\t\t<div class=\"elementor-column elementor-col-100 elementor-top-column elementor-element elementor-element-a2b8639\" data-id=\"a2b8639\" data-element_type=\"column\">\n\t\t\t<div class=\"elementor-widget-wrap elementor-element-populated\">\n\t\t\t\t\t\t<div class=\"elementor-element elementor-element-589f6b1 elementor-widget elementor-widget-image\" data-id=\"589f6b1\" data-element_type=\"widget\" data-widget_type=\"image.default\">\n\t\t\t\t<div class=\"elementor-widget-container\">\n\t\t\t\t\t\t\t\t\t\t\t\t\t\t\t<img fetchpriority=\"high\" decoding=\"async\" width=\"2448\" height=\"1584\" src=\"https:\/\/www.museuolimpicbcn.cat\/wp-content\/uploads\/sites\/2\/2021\/05\/Mesa-de-trabajo-1-copia-2-2.png\" class=\"attachment-full size-full wp-image-28398\" alt=\"\" srcset=\"https:\/\/www.museuolimpicbcn.cat\/wp-content\/uploads\/sites\/2\/2021\/05\/Mesa-de-trabajo-1-copia-2-2.png 2448w, https:\/\/www.museuolimpicbcn.cat\/wp-content\/uploads\/sites\/2\/2021\/05\/Mesa-de-trabajo-1-copia-2-2-300x194.png 300w, https:\/\/www.museuolimpicbcn.cat\/wp-content\/uploads\/sites\/2\/2021\/05\/Mesa-de-trabajo-1-copia-2-2-1024x663.png 1024w, https:\/\/www.museuolimpicbcn.cat\/wp-content\/uploads\/sites\/2\/2021\/05\/Mesa-de-trabajo-1-copia-2-2-768x497.png 768w, https:\/\/www.museuolimpicbcn.cat\/wp-content\/uploads\/sites\/2\/2021\/05\/Mesa-de-trabajo-1-copia-2-2-1536x994.png 1536w, https:\/\/www.museuolimpicbcn.cat\/wp-content\/uploads\/sites\/2\/2021\/05\/Mesa-de-trabajo-1-copia-2-2-2048x1325.png 2048w, https:\/\/www.museuolimpicbcn.cat\/wp-content\/uploads\/sites\/2\/2021\/05\/Mesa-de-trabajo-1-copia-2-2-1320x854.png 1320w, https:\/\/www.museuolimpicbcn.cat\/wp-content\/uploads\/sites\/2\/2021\/05\/Mesa-de-trabajo-1-copia-2-2-600x388.png 600w\" sizes=\"(max-width: 2448px) 100vw, 2448px\" \/>\t\t\t\t\t\t\t\t\t\t\t\t\t\t\t<\/div>\n\t\t\t\t<\/div>\n\t\t\t\t<section class=\"elementor-section elementor-inner-section elementor-element elementor-element-1d6290f l-padding elementor-section-boxed elementor-section-height-default elementor-section-height-default\" data-id=\"1d6290f\" data-element_type=\"section\">\n\t\t\t\t\t\t<div class=\"elementor-container elementor-column-gap-no\">\n\t\t\t\t\t<div class=\"elementor-column elementor-col-100 elementor-inner-column elementor-element elementor-element-41552f5\" data-id=\"41552f5\" data-element_type=\"column\">\n\t\t\t<div class=\"elementor-widget-wrap elementor-element-populated\">\n\t\t\t\t\t\t<div class=\"elementor-element elementor-element-5912bd1 elementor-widget elementor-widget-text-editor\" data-id=\"5912bd1\" data-element_type=\"widget\" data-widget_type=\"text-editor.default\">\n\t\t\t\t<div class=\"elementor-widget-container\">\n\t\t\t\t\t\t\t\t\t<p><strong>El Museu Ol\u00edmpic i de l\u2019Esport Joan Antoni Samaranch<\/strong> ha dissenyat un programa educatiu destinat a estudiants d&#8217;Educaci\u00f3 Prim\u00e0ria, Educaci\u00f3 Secund\u00e0ria i Batxillerat, amb la finalitat de formar en els Objectius de Desenvolupament Sostenible (ODS) a trav\u00e9s d&#8217;eines que permeti a docents i estudiants un aprenentatge did\u00e0ctic i participatiu. Tamb\u00e9 es desenvolupar\u00e0 un programa similar de formaci\u00f3 en ODS per a estudiants de Formaci\u00f3 Professional i Universitaris, per a educar a futurs professionals amb una visi\u00f3 global i inclusiva.<\/p>\n<p>L&#8217;esport ofereix aprenentatge permanent i educaci\u00f3 alternativa a escolars. En participar en les activitats\/tallers organitzats en el Museu Ol\u00edmpic i de l\u2019Esport JA Samaranch, els estudiants estan exposats a valors esportius fonamentals, entre ells el treball en equip, el joc net, el respecte de les normes i dels altres, la cooperaci\u00f3, la disciplina i la toler\u00e0ncia. Aquestes aptituds s\u00f3n essencials per a la futura participaci\u00f3 en activitats grupals i en la vida professional i poden estimular la cohesi\u00f3 social dins de les comunitats i societats. Aquestes activitats tenen com a objectiu el desenvolupament personal i social, la participaci\u00f3, la integraci\u00f3 i el desenvolupament d&#8217;un pensament cr\u00edtic constructiu en docents i estudiants.<\/p>\n<p>Els tallers ofereixen oportunitats d&#8217;interacci\u00f3 social i amistat, que poden sensibilitzar als seus participants sobre els papers assignats al g\u00e8nere.<\/p>\n<p>En la seva contribuci\u00f3 a la pau, els tallers ofereixen entorns segurs a nivell comunitari i de base, en els quals els participants s&#8217;uneixen en la cerca d&#8217;objectius i interessos comuns, aprenen els valors del respecte, la toler\u00e0ncia i el joc net, i desenvolupen compet\u00e8ncies socials. Com a denominador com\u00fa i passi\u00f3 compartida, les nostres activitats, igual que l&#8217;esport, poden bastir ponts entre comunitats independentment de les seves difer\u00e8ncies culturals o divisions pol\u00edtiques. En \u00e8poca de conflicte o inestabilitat, les activitats esportives poden oferir als participants un sentit de normalitat.<\/p>\n<p>Animem al personal docent al fet que formin, als seus estudiants, en els Objectius de Desenvolupament Sostenible (ODS) a trav\u00e9s del programa que hem desenvolupat en el Museu Ol\u00edmpic i de l\u2019Esport JA Samaranch.<\/p>\n\t\t\t\t\t\t\t\t<\/div>\n\t\t\t\t<\/div>\n\t\t\t\t<div class=\"elementor-element elementor-element-58b7667 moe-video-centered elementor-widget elementor-widget-video\" data-id=\"58b7667\" data-element_type=\"widget\" data-settings=\"{&quot;youtube_url&quot;:&quot;https:\\\/\\\/youtu.be\\\/uUwgEH5jUDc&quot;,&quot;show_image_overlay&quot;:&quot;yes&quot;,&quot;image_overlay&quot;:{&quot;url&quot;:&quot;https:\\\/\\\/www.museuolimpicbcn.cat\\\/wp-content\\\/uploads\\\/sites\\\/2\\\/2019\\\/03\\\/museu-olimpic-bcn-hall-of-fame_07.jpg&quot;,&quot;id&quot;:&quot;4785&quot;,&quot;size&quot;:&quot;&quot;},&quot;loop&quot;:&quot;yes&quot;,&quot;video_type&quot;:&quot;youtube&quot;,&quot;controls&quot;:&quot;yes&quot;}\" data-widget_type=\"video.default\">\n\t\t\t\t<div class=\"elementor-widget-container\">\n\t\t\t\t\t\t\t<div class=\"elementor-wrapper elementor-open-inline\">\n\t\t\t<div class=\"elementor-video\"><\/div>\t\t\t\t<div class=\"elementor-custom-embed-image-overlay\" style=\"background-image: url(https:\/\/www.museuolimpicbcn.cat\/wp-content\/uploads\/sites\/2\/2019\/03\/museu-olimpic-bcn-hall-of-fame_07.jpg);\">\n\t\t\t\t\t\t\t\t\t\t\t\t\t\t\t\t<div class=\"elementor-custom-embed-play\" role=\"button\" aria-label=\"Reprodueix v\u00eddeo\" tabindex=\"0\">\n\t\t\t\t\t\t\t<i aria-hidden=\"true\" class=\"eicon-play\"><\/i>\t\t\t\t\t\t<\/div>\n\t\t\t\t\t\t\t\t\t<\/div>\n\t\t\t\t\t<\/div>\n\t\t\t\t\t\t<\/div>\n\t\t\t\t<\/div>\n\t\t\t\t\t<\/div>\n\t\t<\/div>\n\t\t\t\t\t<\/div>\n\t\t<\/section>\n\t\t\t\t\t<\/div>\n\t\t<\/div>\n\t\t\t\t\t<\/div>\n\t\t<\/section>\n\t\t\t\t<section class=\"elementor-section elementor-top-section elementor-element elementor-element-fb8b1a9 moe-table-objectius l-padding--bottom l-gutter elementor-section-boxed elementor-section-height-default elementor-section-height-default\" data-id=\"fb8b1a9\" data-element_type=\"section\" data-settings=\"{&quot;background_background&quot;:&quot;classic&quot;}\">\n\t\t\t\t\t\t<div class=\"elementor-container elementor-column-gap-default\">\n\t\t\t\t\t<div class=\"elementor-column elementor-col-100 elementor-top-column elementor-element elementor-element-0d8d922\" data-id=\"0d8d922\" data-element_type=\"column\">\n\t\t\t<div class=\"elementor-widget-wrap elementor-element-populated\">\n\t\t\t\t\t\t<div class=\"elementor-element elementor-element-3130b21 elementor-widget elementor-widget-heading\" data-id=\"3130b21\" data-element_type=\"widget\" data-widget_type=\"heading.default\">\n\t\t\t\t<div class=\"elementor-widget-container\">\n\t\t\t\t\t<h3 class=\"elementor-heading-title elementor-size-default\">Els nostres objectius<\/h3>\t\t\t\t<\/div>\n\t\t\t\t<\/div>\n\t\t\t\t<section class=\"elementor-section elementor-inner-section elementor-element elementor-element-0cf6adc   elementor-section-boxed elementor-section-height-default elementor-section-height-default\" data-id=\"0cf6adc\" data-element_type=\"section\">\n\t\t\t\t\t\t<div class=\"elementor-container elementor-column-gap-default\">\n\t\t\t\t\t<div class=\"elementor-column elementor-col-50 elementor-inner-column elementor-element elementor-element-ebb97e3\" data-id=\"ebb97e3\" data-element_type=\"column\" data-settings=\"{&quot;background_background&quot;:&quot;classic&quot;}\">\n\t\t\t<div class=\"elementor-widget-wrap elementor-element-populated\">\n\t\t\t\t\t\t<div class=\"elementor-element elementor-element-1439062 elementor-widget elementor-widget-heading\" data-id=\"1439062\" data-element_type=\"widget\" data-widget_type=\"heading.default\">\n\t\t\t\t<div class=\"elementor-widget-container\">\n\t\t\t\t\t<h4 class=\"elementor-heading-title elementor-size-default\">Promoure valors<\/h4>\t\t\t\t<\/div>\n\t\t\t\t<\/div>\n\t\t\t\t<div class=\"elementor-element elementor-element-396a9b8 elementor-widget elementor-widget-text-editor\" data-id=\"396a9b8\" data-element_type=\"widget\" data-widget_type=\"text-editor.default\">\n\t\t\t\t<div class=\"elementor-widget-container\">\n\t\t\t\t\t\t\t\t\t<p>La manera d\u2019apropar-se tant a l\u2019esport com al moviment ol\u00edmpic s\u2019ha fet tractant els valors positius que transmet la pr\u00e0ctica esportiva, com el joc en equip, el treball o la const\u00e0ncia.<\/p>\n\t\t\t\t\t\t\t\t<\/div>\n\t\t\t\t<\/div>\n\t\t\t\t\t<\/div>\n\t\t<\/div>\n\t\t\t\t<div class=\"elementor-column elementor-col-50 elementor-inner-column elementor-element elementor-element-50cc0ac\" data-id=\"50cc0ac\" data-element_type=\"column\" data-settings=\"{&quot;background_background&quot;:&quot;classic&quot;}\">\n\t\t\t<div class=\"elementor-widget-wrap elementor-element-populated\">\n\t\t\t\t\t\t<div class=\"elementor-element elementor-element-4478dc6 elementor-widget elementor-widget-heading\" data-id=\"4478dc6\" data-element_type=\"widget\" data-widget_type=\"heading.default\">\n\t\t\t\t<div class=\"elementor-widget-container\">\n\t\t\t\t\t<h4 class=\"elementor-heading-title elementor-size-default\">Educar<\/h4>\t\t\t\t<\/div>\n\t\t\t\t<\/div>\n\t\t\t\t<div class=\"elementor-element elementor-element-b38f6b4 elementor-widget elementor-widget-text-editor\" data-id=\"b38f6b4\" data-element_type=\"widget\" data-widget_type=\"text-editor.default\">\n\t\t\t\t<div class=\"elementor-widget-container\">\n\t\t\t\t\t\t\t\t\t<p>El museu vol ser un lloc on portar nens i escoles per tal que visquin una experi\u00e8ncia divertida i alhora did\u00e0ctica.<\/p>\n\t\t\t\t\t\t\t\t<\/div>\n\t\t\t\t<\/div>\n\t\t\t\t\t<\/div>\n\t\t<\/div>\n\t\t\t\t\t<\/div>\n\t\t<\/section>\n\t\t\t\t<section class=\"elementor-section elementor-inner-section elementor-element elementor-element-e3b4dc6 elementor-section-boxed elementor-section-height-default elementor-section-height-default\" data-id=\"e3b4dc6\" data-element_type=\"section\">\n\t\t\t\t\t\t<div class=\"elementor-container elementor-column-gap-default\">\n\t\t\t\t\t<div class=\"elementor-column elementor-col-50 elementor-inner-column elementor-element elementor-element-d90a2fd\" data-id=\"d90a2fd\" data-element_type=\"column\" data-settings=\"{&quot;background_background&quot;:&quot;classic&quot;}\">\n\t\t\t<div class=\"elementor-widget-wrap elementor-element-populated\">\n\t\t\t\t\t\t<div class=\"elementor-element elementor-element-a8500d1 elementor-widget elementor-widget-heading\" data-id=\"a8500d1\" data-element_type=\"widget\" data-widget_type=\"heading.default\">\n\t\t\t\t<div class=\"elementor-widget-container\">\n\t\t\t\t\t<h4 class=\"elementor-heading-title elementor-size-default\">Innovar<\/h4>\t\t\t\t<\/div>\n\t\t\t\t<\/div>\n\t\t\t\t<div class=\"elementor-element elementor-element-d7b17d4 elementor-widget elementor-widget-text-editor\" data-id=\"d7b17d4\" data-element_type=\"widget\" data-widget_type=\"text-editor.default\">\n\t\t\t\t<div class=\"elementor-widget-container\">\n\t\t\t\t\t\t\t\t\t<p>S\u2019acosta l\u2019esport al ciutad\u00e0 d\u2019una manera m\u00e9s propera a trav\u00e9s d\u2019instal\u00b7lacions audiovisuals i multim\u00e8dia. Una de les particularitats \u00e9s que es tracta d\u2019un museu on la interactivitat \u00e9s molt present, amb la intenci\u00f3 que el visitant tingui una experi\u00e8ncia que el porti a la reflexi\u00f3.<\/p>\n\t\t\t\t\t\t\t\t<\/div>\n\t\t\t\t<\/div>\n\t\t\t\t\t<\/div>\n\t\t<\/div>\n\t\t\t\t<div class=\"elementor-column elementor-col-50 elementor-inner-column elementor-element elementor-element-b9b182d\" data-id=\"b9b182d\" data-element_type=\"column\" data-settings=\"{&quot;background_background&quot;:&quot;classic&quot;}\">\n\t\t\t<div class=\"elementor-widget-wrap elementor-element-populated\">\n\t\t\t\t\t\t<div class=\"elementor-element elementor-element-bf8df87 elementor-widget elementor-widget-heading\" data-id=\"bf8df87\" data-element_type=\"widget\" data-widget_type=\"heading.default\">\n\t\t\t\t<div class=\"elementor-widget-container\">\n\t\t\t\t\t<h4 class=\"elementor-heading-title elementor-size-default\">Renovar<\/h4>\t\t\t\t<\/div>\n\t\t\t\t<\/div>\n\t\t\t\t<div class=\"elementor-element elementor-element-cdd5259 elementor-widget elementor-widget-text-editor\" data-id=\"cdd5259\" data-element_type=\"widget\" data-widget_type=\"text-editor.default\">\n\t\t\t\t<div class=\"elementor-widget-container\">\n\t\t\t\t\t\t\t\t\t<p>L\u2019oferta i la programaci\u00f3 s\u2019aniran renovant constantment amb nous continguts i noves aportacions, ja que els formats expositius permeten adequacions constants.<\/p>\n\t\t\t\t\t\t\t\t<\/div>\n\t\t\t\t<\/div>\n\t\t\t\t\t<\/div>\n\t\t<\/div>\n\t\t\t\t\t<\/div>\n\t\t<\/section>\n\t\t\t\t\t<\/div>\n\t\t<\/div>\n\t\t\t\t\t<\/div>\n\t\t<\/section>\n\t\t\t\t<\/div>\n\t\t","protected":false},"excerpt":{"rendered":"<p>Objectius de Desenvolupament Sostenible (ODS) El Museu Ol\u00edmpic i de l\u2019Esport Joan Antoni Samaranch ha dissenyat un programa educatiu destinat a estudiants d&#8217;Educaci\u00f3 Prim\u00e0ria, Educaci\u00f3 Secund\u00e0ria i Batxillerat, amb la finalitat de formar en els Objectius de Desenvolupament Sostenible (ODS) a trav\u00e9s d&#8217;eines que permeti a docents i estudiants un aprenentatge did\u00e0ctic i participatiu. Tamb\u00e9 [&hellip;]<\/p>\n","protected":false},"author":11,"featured_media":0,"parent":0,"menu_order":0,"comment_status":"closed","ping_status":"closed","template":"","meta":{"_acf_changed":false,"_price":"","_stock":"","_tribe_ticket_header":"","_tribe_default_ticket_provider":"Tribe__Tickets_Plus__Commerce__WooCommerce__Main","_tribe_ticket_capacity":"0","_ticket_start_date":"","_ticket_end_date":"","_tribe_ticket_show_description":"","_tribe_ticket_show_not_going":false,"_tribe_ticket_use_global_stock":"","_tribe_ticket_global_stock_level":"","_global_stock_mode":"","_global_stock_cap":"","_tribe_rsvp_for_event":"","_tribe_ticket_going_count":"","_tribe_ticket_not_going_count":"","_tribe_tickets_list":"[]","_tribe_ticket_has_attendee_info_fields":false,"footnotes":"","_tec_slr_enabled":"","_tec_slr_layout":""},"class_list":["post-27059","page","type-page","status-publish","hentry"],"acf":[],"yoast_head":"<!-- This site is optimized with the Yoast SEO plugin v23.7 - https:\/\/yoast.com\/wordpress\/plugins\/seo\/ -->\n<title>ODS - Museu Ol\u00edmpic i de l&#039;Esport<\/title>\n<meta name=\"robots\" content=\"index, follow, max-snippet:-1, max-image-preview:large, max-video-preview:-1\" \/>\n<link rel=\"canonical\" href=\"https:\/\/www.museuolimpicbcn.cat\/ca\/ods\/\" \/>\n<meta property=\"og:locale\" content=\"ca_ES\" \/>\n<meta property=\"og:type\" content=\"article\" \/>\n<meta property=\"og:title\" content=\"ODS - Museu Ol\u00edmpic i de l&#039;Esport\" \/>\n<meta property=\"og:description\" content=\"Objectius de Desenvolupament Sostenible (ODS) El Museu Ol\u00edmpic i de l\u2019Esport Joan Antoni Samaranch ha dissenyat un programa educatiu destinat a estudiants d&#8217;Educaci\u00f3 Prim\u00e0ria, Educaci\u00f3 Secund\u00e0ria i Batxillerat, amb la finalitat de formar en els Objectius de Desenvolupament Sostenible (ODS) a trav\u00e9s d&#8217;eines que permeti a docents i estudiants un aprenentatge did\u00e0ctic i participatiu. Tamb\u00e9 [&hellip;]\" \/>\n<meta property=\"og:url\" content=\"https:\/\/www.museuolimpicbcn.cat\/ca\/ods\/\" \/>\n<meta property=\"og:site_name\" content=\"Museu Ol\u00edmpic i de l&#039;Esport\" \/>\n<meta property=\"article:modified_time\" content=\"2021-05-12T12:37:44+00:00\" \/>\n<meta property=\"og:image\" content=\"https:\/\/www.museuolimpicbcn.cat\/wp-content\/uploads\/sites\/2\/2021\/05\/Mesa-de-trabajo-1-copia-2-2.png\" \/>\n<meta name=\"twitter:card\" content=\"summary_large_image\" \/>\n<meta name=\"twitter:label1\" content=\"Temps estimat de lectura\" \/>\n\t<meta name=\"twitter:data1\" content=\"3 minuts\" \/>\n<script type=\"application\/ld+json\" class=\"yoast-schema-graph\">{\"@context\":\"https:\/\/schema.org\",\"@graph\":[{\"@type\":\"WebPage\",\"@id\":\"https:\/\/www.museuolimpicbcn.cat\/ca\/ods\/\",\"url\":\"https:\/\/www.museuolimpicbcn.cat\/ca\/ods\/\",\"name\":\"ODS - Museu Ol\u00edmpic i de l&#039;Esport\",\"isPartOf\":{\"@id\":\"https:\/\/www.museuolimpicbcn.cat\/ca\/#website\"},\"primaryImageOfPage\":{\"@id\":\"https:\/\/www.museuolimpicbcn.cat\/ca\/ods\/#primaryimage\"},\"image\":{\"@id\":\"https:\/\/www.museuolimpicbcn.cat\/ca\/ods\/#primaryimage\"},\"thumbnailUrl\":\"https:\/\/www.museuolimpicbcn.cat\/wp-content\/uploads\/sites\/2\/2021\/05\/Mesa-de-trabajo-1-copia-2-2.png\",\"datePublished\":\"2021-03-04T13:12:24+00:00\",\"dateModified\":\"2021-05-12T12:37:44+00:00\",\"breadcrumb\":{\"@id\":\"https:\/\/www.museuolimpicbcn.cat\/ca\/ods\/#breadcrumb\"},\"inLanguage\":\"ca\",\"potentialAction\":[{\"@type\":\"ReadAction\",\"target\":[\"https:\/\/www.museuolimpicbcn.cat\/ca\/ods\/\"]}]},{\"@type\":\"ImageObject\",\"inLanguage\":\"ca\",\"@id\":\"https:\/\/www.museuolimpicbcn.cat\/ca\/ods\/#primaryimage\",\"url\":\"https:\/\/www.museuolimpicbcn.cat\/wp-content\/uploads\/sites\/2\/2021\/05\/Mesa-de-trabajo-1-copia-2-2.png\",\"contentUrl\":\"https:\/\/www.museuolimpicbcn.cat\/wp-content\/uploads\/sites\/2\/2021\/05\/Mesa-de-trabajo-1-copia-2-2.png\"},{\"@type\":\"BreadcrumbList\",\"@id\":\"https:\/\/www.museuolimpicbcn.cat\/ca\/ods\/#breadcrumb\",\"itemListElement\":[{\"@type\":\"ListItem\",\"position\":1,\"name\":\"Inici\",\"item\":\"https:\/\/www.museuolimpicbcn.cat\/es\/\"},{\"@type\":\"ListItem\",\"position\":2,\"name\":\"ODS\"}]},{\"@type\":\"WebSite\",\"@id\":\"https:\/\/www.museuolimpicbcn.cat\/ca\/#website\",\"url\":\"https:\/\/www.museuolimpicbcn.cat\/ca\/\",\"name\":\"Museu Ol\u00edmpic i de l&#039;Esport\",\"description\":\"Altre lloc Web del Museu Ol\u00edmpic i de l&#039;Esport llocs\",\"publisher\":{\"@id\":\"https:\/\/www.museuolimpicbcn.cat\/ca\/#organization\"},\"potentialAction\":[{\"@type\":\"SearchAction\",\"target\":{\"@type\":\"EntryPoint\",\"urlTemplate\":\"https:\/\/www.museuolimpicbcn.cat\/ca\/?s={search_term_string}\"},\"query-input\":{\"@type\":\"PropertyValueSpecification\",\"valueRequired\":true,\"valueName\":\"search_term_string\"}}],\"inLanguage\":\"ca\"},{\"@type\":\"Organization\",\"@id\":\"https:\/\/www.museuolimpicbcn.cat\/ca\/#organization\",\"name\":\"Museu Ol\u00edmpic i de l&#039;Esport\",\"url\":\"https:\/\/www.museuolimpicbcn.cat\/ca\/\",\"logo\":{\"@type\":\"ImageObject\",\"inLanguage\":\"ca\",\"@id\":\"https:\/\/www.museuolimpicbcn.cat\/ca\/#\/schema\/logo\/image\/\",\"url\":\"https:\/\/www.museuolimpicbcn.cat\/wp-content\/uploads\/sites\/2\/2018\/12\/logo-moe-header.svg\",\"contentUrl\":\"https:\/\/www.museuolimpicbcn.cat\/wp-content\/uploads\/sites\/2\/2018\/12\/logo-moe-header.svg\",\"caption\":\"Museu Ol\u00edmpic i de l&#039;Esport\"},\"image\":{\"@id\":\"https:\/\/www.museuolimpicbcn.cat\/ca\/#\/schema\/logo\/image\/\"}}]}<\/script>\n<!-- \/ Yoast SEO plugin. -->","yoast_head_json":{"title":"ODS - Museu Ol\u00edmpic i de l&#039;Esport","robots":{"index":"index","follow":"follow","max-snippet":"max-snippet:-1","max-image-preview":"max-image-preview:large","max-video-preview":"max-video-preview:-1"},"canonical":"https:\/\/www.museuolimpicbcn.cat\/ca\/ods\/","og_locale":"ca_ES","og_type":"article","og_title":"ODS - Museu Ol\u00edmpic i de l&#039;Esport","og_description":"Objectius de Desenvolupament Sostenible (ODS) El Museu Ol\u00edmpic i de l\u2019Esport Joan Antoni Samaranch ha dissenyat un programa educatiu destinat a estudiants d&#8217;Educaci\u00f3 Prim\u00e0ria, Educaci\u00f3 Secund\u00e0ria i Batxillerat, amb la finalitat de formar en els Objectius de Desenvolupament Sostenible (ODS) a trav\u00e9s d&#8217;eines que permeti a docents i estudiants un aprenentatge did\u00e0ctic i participatiu. Tamb\u00e9 [&hellip;]","og_url":"https:\/\/www.museuolimpicbcn.cat\/ca\/ods\/","og_site_name":"Museu Ol\u00edmpic i de l&#039;Esport","article_modified_time":"2021-05-12T12:37:44+00:00","og_image":[{"url":"https:\/\/www.museuolimpicbcn.cat\/wp-content\/uploads\/sites\/2\/2021\/05\/Mesa-de-trabajo-1-copia-2-2.png"}],"twitter_card":"summary_large_image","twitter_misc":{"Temps estimat de lectura":"3 minuts"},"schema":{"@context":"https:\/\/schema.org","@graph":[{"@type":"WebPage","@id":"https:\/\/www.museuolimpicbcn.cat\/ca\/ods\/","url":"https:\/\/www.museuolimpicbcn.cat\/ca\/ods\/","name":"ODS - Museu Ol\u00edmpic i de l&#039;Esport","isPartOf":{"@id":"https:\/\/www.museuolimpicbcn.cat\/ca\/#website"},"primaryImageOfPage":{"@id":"https:\/\/www.museuolimpicbcn.cat\/ca\/ods\/#primaryimage"},"image":{"@id":"https:\/\/www.museuolimpicbcn.cat\/ca\/ods\/#primaryimage"},"thumbnailUrl":"https:\/\/www.museuolimpicbcn.cat\/wp-content\/uploads\/sites\/2\/2021\/05\/Mesa-de-trabajo-1-copia-2-2.png","datePublished":"2021-03-04T13:12:24+00:00","dateModified":"2021-05-12T12:37:44+00:00","breadcrumb":{"@id":"https:\/\/www.museuolimpicbcn.cat\/ca\/ods\/#breadcrumb"},"inLanguage":"ca","potentialAction":[{"@type":"ReadAction","target":["https:\/\/www.museuolimpicbcn.cat\/ca\/ods\/"]}]},{"@type":"ImageObject","inLanguage":"ca","@id":"https:\/\/www.museuolimpicbcn.cat\/ca\/ods\/#primaryimage","url":"https:\/\/www.museuolimpicbcn.cat\/wp-content\/uploads\/sites\/2\/2021\/05\/Mesa-de-trabajo-1-copia-2-2.png","contentUrl":"https:\/\/www.museuolimpicbcn.cat\/wp-content\/uploads\/sites\/2\/2021\/05\/Mesa-de-trabajo-1-copia-2-2.png"},{"@type":"BreadcrumbList","@id":"https:\/\/www.museuolimpicbcn.cat\/ca\/ods\/#breadcrumb","itemListElement":[{"@type":"ListItem","position":1,"name":"Inici","item":"https:\/\/www.museuolimpicbcn.cat\/es\/"},{"@type":"ListItem","position":2,"name":"ODS"}]},{"@type":"WebSite","@id":"https:\/\/www.museuolimpicbcn.cat\/ca\/#website","url":"https:\/\/www.museuolimpicbcn.cat\/ca\/","name":"Museu Ol\u00edmpic i de l&#039;Esport","description":"Altre lloc Web del Museu Ol\u00edmpic i de l&#039;Esport llocs","publisher":{"@id":"https:\/\/www.museuolimpicbcn.cat\/ca\/#organization"},"potentialAction":[{"@type":"SearchAction","target":{"@type":"EntryPoint","urlTemplate":"https:\/\/www.museuolimpicbcn.cat\/ca\/?s={search_term_string}"},"query-input":{"@type":"PropertyValueSpecification","valueRequired":true,"valueName":"search_term_string"}}],"inLanguage":"ca"},{"@type":"Organization","@id":"https:\/\/www.museuolimpicbcn.cat\/ca\/#organization","name":"Museu Ol\u00edmpic i de l&#039;Esport","url":"https:\/\/www.museuolimpicbcn.cat\/ca\/","logo":{"@type":"ImageObject","inLanguage":"ca","@id":"https:\/\/www.museuolimpicbcn.cat\/ca\/#\/schema\/logo\/image\/","url":"https:\/\/www.museuolimpicbcn.cat\/wp-content\/uploads\/sites\/2\/2018\/12\/logo-moe-header.svg","contentUrl":"https:\/\/www.museuolimpicbcn.cat\/wp-content\/uploads\/sites\/2\/2018\/12\/logo-moe-header.svg","caption":"Museu Ol\u00edmpic i de l&#039;Esport"},"image":{"@id":"https:\/\/www.museuolimpicbcn.cat\/ca\/#\/schema\/logo\/image\/"}}]}},"ticketed":false,"_links":{"self":[{"href":"https:\/\/www.museuolimpicbcn.cat\/ca\/wp-json\/wp\/v2\/pages\/27059"}],"collection":[{"href":"https:\/\/www.museuolimpicbcn.cat\/ca\/wp-json\/wp\/v2\/pages"}],"about":[{"href":"https:\/\/www.museuolimpicbcn.cat\/ca\/wp-json\/wp\/v2\/types\/page"}],"author":[{"embeddable":true,"href":"https:\/\/www.museuolimpicbcn.cat\/ca\/wp-json\/wp\/v2\/users\/11"}],"replies":[{"embeddable":true,"href":"https:\/\/www.museuolimpicbcn.cat\/ca\/wp-json\/wp\/v2\/comments?post=27059"}],"version-history":[{"count":9,"href":"https:\/\/www.museuolimpicbcn.cat\/ca\/wp-json\/wp\/v2\/pages\/27059\/revisions"}],"predecessor-version":[{"id":28425,"href":"https:\/\/www.museuolimpicbcn.cat\/ca\/wp-json\/wp\/v2\/pages\/27059\/revisions\/28425"}],"wp:attachment":[{"href":"https:\/\/www.museuolimpicbcn.cat\/ca\/wp-json\/wp\/v2\/media?parent=27059"}],"curies":[{"name":"wp","href":"https:\/\/api.w.org\/{rel}","templated":true}]}}