{"id":5252,"date":"2025-06-04T18:13:43","date_gmt":"2025-06-04T16:13:43","guid":{"rendered":"https:\/\/dev.museuolimpicbcn.cat\/escuelas\/"},"modified":"2026-03-24T17:28:31","modified_gmt":"2026-03-24T16:28:31","slug":"escoles","status":"publish","type":"page","link":"https:\/\/www.museuolimpicbcn.cat\/ca\/escoles\/","title":{"rendered":"Escoles"},"content":{"rendered":"\t\t<div data-elementor-type=\"wp-post\" data-elementor-id=\"5252\" class=\"elementor elementor-5252 elementor-617\" data-elementor-post-type=\"page\">\n\t\t\t\t\t\t<section class=\"elementor-section elementor-top-section elementor-element elementor-element-8dfd2ee moe-heading-30 elementor-section-boxed elementor-section-height-default elementor-section-height-default\" data-id=\"8dfd2ee\" data-element_type=\"section\">\n\t\t\t\t\t\t<div class=\"elementor-container elementor-column-gap-default\">\n\t\t\t\t\t<div class=\"elementor-column elementor-col-50 elementor-top-column elementor-element elementor-element-5d60959\" data-id=\"5d60959\" data-element_type=\"column\">\n\t\t\t<div class=\"elementor-widget-wrap elementor-element-populated\">\n\t\t\t\t\t\t<section class=\"elementor-section elementor-inner-section elementor-element elementor-element-1ecfb1a elementor-section-boxed elementor-section-height-default elementor-section-height-default\" data-id=\"1ecfb1a\" data-element_type=\"section\">\n\t\t\t\t\t\t<div class=\"elementor-container elementor-column-gap-default\">\n\t\t\t\t\t<div class=\"elementor-column elementor-col-100 elementor-inner-column elementor-element elementor-element-f414995\" data-id=\"f414995\" data-element_type=\"column\">\n\t\t\t<div class=\"elementor-widget-wrap elementor-element-populated\">\n\t\t\t\t\t\t<div class=\"elementor-element elementor-element-4efe0bd elementor-widget elementor-widget-breadcrumbs\" data-id=\"4efe0bd\" data-element_type=\"widget\" data-widget_type=\"breadcrumbs.default\">\n\t\t\t\t<div class=\"elementor-widget-container\">\n\t\t\t\t\t<ol class=\"moe-breadcrumbs\" itemscope itemtype=\"https:\/\/schema.org\/BreadcrumbList\"><li itemprop=\"itemListElement\" itemscope itemtype=\"https:\/\/schema.org\/ListItem\"><a href=\"\/ca\/\" title=\"Inici\"><span itemprop=\"name\">Inici<\/span><\/a><meta itemprop=\"position\" content=\"1\" \/><\/li><\/ol>\t\t\t\t<\/div>\n\t\t\t\t<\/div>\n\t\t\t\t<div class=\"elementor-element elementor-element-8ed231a elementor-widget elementor-widget-heading\" data-id=\"8ed231a\" data-element_type=\"widget\" data-widget_type=\"heading.default\">\n\t\t\t\t<div class=\"elementor-widget-container\">\n\t\t\t\t\t<h1 class=\"elementor-heading-title elementor-size-default\">Escoles<\/h1>\t\t\t\t<\/div>\n\t\t\t\t<\/div>\n\t\t\t\t\t<\/div>\n\t\t<\/div>\n\t\t\t\t\t<\/div>\n\t\t<\/section>\n\t\t\t\t<div class=\"elementor-element elementor-element-ddc1e3f elementor-widget elementor-widget-text-editor\" data-id=\"ddc1e3f\" data-element_type=\"widget\" data-widget_type=\"text-editor.default\">\n\t\t\t\t<div class=\"elementor-widget-container\">\n\t\t\t\t\t\t\t\t\t<p>L&#8217;esport \u00e9s l&#8217;instrument perfecte per a l&#8217;educaci\u00f3 en valors. L&#8217;oferta educativa que oferim al Museu Ol\u00edmpic engloba des de l&#8217;educaci\u00f3 infantil fins a graus universitaris.<\/p>\n\t\t\t\t\t\t\t\t<\/div>\n\t\t\t\t<\/div>\n\t\t\t\t\t<\/div>\n\t\t<\/div>\n\t\t\t\t<div class=\"elementor-column elementor-col-50 elementor-top-column elementor-element elementor-element-21d83d0\" data-id=\"21d83d0\" data-element_type=\"column\">\n\t\t\t<div class=\"elementor-widget-wrap elementor-element-populated\">\n\t\t\t\t\t\t<section class=\"elementor-section elementor-inner-section elementor-element elementor-element-1bfb0c8 elementor-section-boxed elementor-section-height-default elementor-section-height-default\" data-id=\"1bfb0c8\" data-element_type=\"section\">\n\t\t\t\t\t\t<div class=\"elementor-container elementor-column-gap-default\">\n\t\t\t\t\t<div class=\"elementor-column elementor-col-100 elementor-inner-column elementor-element elementor-element-b8d6aa3\" data-id=\"b8d6aa3\" data-element_type=\"column\">\n\t\t\t<div class=\"elementor-widget-wrap elementor-element-populated\">\n\t\t\t\t\t\t<div class=\"elementor-element elementor-element-56f9a0b moe-figcaption elementor-widget elementor-widget-text-editor\" data-id=\"56f9a0b\" data-element_type=\"widget\" data-widget_type=\"text-editor.default\">\n\t\t\t\t<div class=\"elementor-widget-container\">\n\t\t\t\t\t\t\t\t\t<p><strong>Petra<\/strong><br \/>Javier Mariscal. 1992<\/p>\n\t\t\t\t\t\t\t\t<\/div>\n\t\t\t\t<\/div>\n\t\t\t\t<div class=\"elementor-element elementor-element-144bf8b elementor-widget elementor-widget-image\" data-id=\"144bf8b\" data-element_type=\"widget\" data-widget_type=\"image.default\">\n\t\t\t\t<div class=\"elementor-widget-container\">\n\t\t\t\t\t\t\t\t\t\t\t\t<figure class=\"wp-caption\">\n\t\t\t\t\t\t\t\t\t\t<img fetchpriority=\"high\" decoding=\"async\" width=\"480\" height=\"291\" src=\"https:\/\/www.museuolimpicbcn.cat\/wp-content\/uploads\/sites\/2\/2019\/04\/header_img_petra.jpg\" class=\"attachment-large size-large wp-image-17598\" alt=\"\" srcset=\"https:\/\/www.museuolimpicbcn.cat\/wp-content\/uploads\/sites\/2\/2019\/04\/header_img_petra.jpg 480w, https:\/\/www.museuolimpicbcn.cat\/wp-content\/uploads\/sites\/2\/2019\/04\/header_img_petra-300x182.jpg 300w\" sizes=\"(max-width: 480px) 100vw, 480px\" \/>\t\t\t\t\t\t\t\t\t\t\t<figcaption class=\"widget-image-caption wp-caption-text\"><\/figcaption>\n\t\t\t\t\t\t\t\t\t\t<\/figure>\n\t\t\t\t\t\t\t\t\t<\/div>\n\t\t\t\t<\/div>\n\t\t\t\t\t<\/div>\n\t\t<\/div>\n\t\t\t\t\t<\/div>\n\t\t<\/section>\n\t\t\t\t\t<\/div>\n\t\t<\/div>\n\t\t\t\t\t<\/div>\n\t\t<\/section>\n\t\t\t\t<section class=\"elementor-section elementor-top-section elementor-element elementor-element-a4169c0 moe-bg-grey_regular l-padding l-margin--bottom elementor-section-boxed elementor-section-height-default elementor-section-height-default\" data-id=\"a4169c0\" data-element_type=\"section\">\n\t\t\t\t\t\t<div class=\"elementor-container elementor-column-gap-default\">\n\t\t\t\t\t<div class=\"elementor-column elementor-col-66 elementor-top-column elementor-element elementor-element-1878cb6\" data-id=\"1878cb6\" data-element_type=\"column\">\n\t\t\t<div class=\"elementor-widget-wrap elementor-element-populated\">\n\t\t\t\t\t\t<div class=\"elementor-element elementor-element-5235c7e elementor-widget elementor-widget-text-editor\" data-id=\"5235c7e\" data-element_type=\"widget\" data-widget_type=\"text-editor.default\">\n\t\t\t\t<div class=\"elementor-widget-container\">\n\t\t\t\t\t\t\t\t\t<p>Us convidem a sol\u00b7licitar una visita guiada, dirigida per educadors\/es i personal del museu, o una visita lliure que us permetr\u00e0 conduir als\/a les alumnes a trav\u00e9s del museu.<\/p>\n<p>Si teniu qualsevol dubte, poseu-vos en contacte amb nosaltres per\u00a0<strong><a href=\"mailto:RESERVES@FBOLIMPICA.ES\">correu electr\u00f2nic<\/a><\/strong>.<\/p>\n<h4>Per fer una visita a mida<\/h4>\n<p>Si busqueu una visita, un horari o un idioma diferents, truqueu-nos al\u00a0<strong>+34 932 92 53 79\u00a0<\/strong>o feu-nos arribar la vostra petici\u00f3 per\u00a0<strong><a href=\"mailto:RESERVES@FBOLIMPICA.ES\">correu electr\u00f2nic<\/a><\/strong>.<\/p>\n\t\t\t\t\t\t\t\t<\/div>\n\t\t\t\t<\/div>\n\t\t\t\t<div class=\"elementor-element elementor-element-fc95c94 elementor-widget elementor-widget-image\" data-id=\"fc95c94\" data-element_type=\"widget\" data-widget_type=\"image.default\">\n\t\t\t\t<div class=\"elementor-widget-container\">\n\t\t\t\t\t\t\t\t\t\t\t\t\t\t\t\t<a href=\"https:\/\/ajuntament.barcelona.cat\/educacio\/es\/quienes-somos\/espacios-de-participacion\/consejo-de-innovacion-pedagogica\">\n\t\t\t\t\t\t\t<img decoding=\"async\" src=\"https:\/\/www.museuolimpicbcn.cat\/wp-content\/uploads\/sites\/2\/elementor\/thumbs\/LOGO-COLOR-pugdq0dricwn3yvguj4einjcman8unqwosciypmrto.jpg\" title=\"LOGO COLOR\" alt=\"LOGO COLOR\" loading=\"lazy\" \/>\t\t\t\t\t\t\t\t<\/a>\n\t\t\t\t\t\t\t\t\t\t\t\t\t\t\t<\/div>\n\t\t\t\t<\/div>\n\t\t\t\t\t<\/div>\n\t\t<\/div>\n\t\t\t\t<div class=\"elementor-column elementor-col-33 elementor-top-column elementor-element elementor-element-be4f779\" data-id=\"be4f779\" data-element_type=\"column\">\n\t\t\t<div class=\"elementor-widget-wrap elementor-element-populated\">\n\t\t\t\t\t\t<section class=\"elementor-section elementor-inner-section elementor-element elementor-element-dc7629d moe-bg-white elementor-section-boxed elementor-section-height-default elementor-section-height-default\" data-id=\"dc7629d\" data-element_type=\"section\">\n\t\t\t\t\t\t<div class=\"elementor-container elementor-column-gap-default\">\n\t\t\t\t\t<div class=\"elementor-column elementor-col-100 elementor-inner-column elementor-element elementor-element-39e9665\" data-id=\"39e9665\" data-element_type=\"column\">\n\t\t\t<div class=\"elementor-widget-wrap elementor-element-populated\">\n\t\t\t\t\t\t<div class=\"elementor-element elementor-element-ae25bb2 elementor-widget elementor-widget-text-editor\" data-id=\"ae25bb2\" data-element_type=\"widget\" data-widget_type=\"text-editor.default\">\n\t\t\t\t<div class=\"elementor-widget-container\">\n\t\t\t\t\t\t\t\t\t<p><strong>Per a la primera reserva dona\u2019t d\u2019alta:<\/strong><\/p>\n\t\t\t\t\t\t\t\t<\/div>\n\t\t\t\t<\/div>\n\t\t\t\t<div class=\"elementor-element elementor-element-eb43984 elementor-align-center btn btn--primary elementor-widget elementor-widget-global elementor-global-24525 elementor-global-24514 elementor-widget-button\" data-id=\"eb43984\" data-element_type=\"widget\" data-widget_type=\"button.default\">\n\t\t\t\t<div class=\"elementor-widget-container\">\n\t\t\t\t\t\t\t\t\t<div class=\"elementor-button-wrapper\">\n\t\t\t\t\t<a class=\"elementor-button elementor-button-link elementor-size-sm\" href=\"https:\/\/www.museuolimpicbcn.cat\/ca\/reserva-visita-per-escoles\/\">\n\t\t\t\t\t\t<span class=\"elementor-button-content-wrapper\">\n\t\t\t\t\t\t\t\t\t<span class=\"elementor-button-text\">Dona't d'alta<\/span>\n\t\t\t\t\t<\/span>\n\t\t\t\t\t<\/a>\n\t\t\t\t<\/div>\n\t\t\t\t\t\t\t\t<\/div>\n\t\t\t\t<\/div>\n\t\t\t\t<div class=\"elementor-element elementor-element-c499aa1 elementor-widget elementor-widget-text-editor\" data-id=\"c499aa1\" data-element_type=\"widget\" data-widget_type=\"text-editor.default\">\n\t\t\t\t<div class=\"elementor-widget-container\">\n\t\t\t\t\t\t\t\t\t<p><strong>Si ja est\u00e0s donat d\u2019alta com a centre\/entitat\/ag\u00e8ncia.<\/strong><\/p>\n\t\t\t\t\t\t\t\t<\/div>\n\t\t\t\t<\/div>\n\t\t\t\t<div class=\"elementor-element elementor-element-da9d7d0 elementor-widget elementor-widget-text-editor\" data-id=\"da9d7d0\" data-element_type=\"widget\" data-widget_type=\"text-editor.default\">\n\t\t\t\t<div class=\"elementor-widget-container\">\n\t\t\t\t\t\t\t\t\t<p class=\"moe-acotacion\" style=\"text-align: left;\">Per accedir al teu usuari \u00e9s necessari el tel\u00e8fon i el CP de l\u2019entitat\/centre amb qu\u00e8 et vas donar d\u2019alta*<\/p>\n\t\t\t\t\t\t\t\t<\/div>\n\t\t\t\t<\/div>\n\t\t\t\t<div class=\"elementor-element elementor-element-9d803c0 elementor-align-center btn btn--primary elementor-widget elementor-widget-button\" data-id=\"9d803c0\" data-element_type=\"widget\" data-widget_type=\"button.default\">\n\t\t\t\t<div class=\"elementor-widget-container\">\n\t\t\t\t\t\t\t\t\t<div class=\"elementor-button-wrapper\">\n\t\t\t\t\t<a class=\"elementor-button elementor-button-link elementor-size-sm\" href=\"https:\/\/reserves.museuolimpicbcn.cat\/muslink\/reserves\/identificacio.jsp?lang=1&#038;nom_cache=MUSEU&#038;property=MUSEU\">\n\t\t\t\t\t\t<span class=\"elementor-button-content-wrapper\">\n\t\t\t\t\t\t\t\t\t<span class=\"elementor-button-text\">Fes la teva reserva!<\/span>\n\t\t\t\t\t<\/span>\n\t\t\t\t\t<\/a>\n\t\t\t\t<\/div>\n\t\t\t\t\t\t\t\t<\/div>\n\t\t\t\t<\/div>\n\t\t\t\t<div class=\"elementor-element elementor-element-923557d elementor-widget elementor-widget-text-editor\" data-id=\"923557d\" data-element_type=\"widget\" data-widget_type=\"text-editor.default\">\n\t\t\t\t<div class=\"elementor-widget-container\">\n\t\t\t\t\t\t\t\t\t<p><strong>Tingues en compte que la reserva pr\u00e8via \u00e9s obligat\u00f2ria per a tots els grups.<\/strong><\/p>\n\t\t\t\t\t\t\t\t<\/div>\n\t\t\t\t<\/div>\n\t\t\t\t\t<\/div>\n\t\t<\/div>\n\t\t\t\t\t<\/div>\n\t\t<\/section>\n\t\t\t\t\t<\/div>\n\t\t<\/div>\n\t\t\t\t\t<\/div>\n\t\t<\/section>\n\t\t\t\t<section class=\"elementor-section elementor-top-section elementor-element elementor-element-4423b3e7 moe-actividades l-margin--bottom elementor-section-boxed elementor-section-height-default elementor-section-height-default\" data-id=\"4423b3e7\" data-element_type=\"section\">\n\t\t\t\t\t\t<div class=\"elementor-container elementor-column-gap-default\">\n\t\t\t\t\t<div class=\"elementor-column elementor-col-100 elementor-top-column elementor-element elementor-element-33adc75d\" data-id=\"33adc75d\" data-element_type=\"column\">\n\t\t\t<div class=\"elementor-widget-wrap elementor-element-populated\">\n\t\t\t\t\t\t<div class=\"elementor-element elementor-element-243ca5a5 moe-titulo-seccion__padding-top elementor-widget elementor-widget-heading\" data-id=\"243ca5a5\" data-element_type=\"widget\" data-widget_type=\"heading.default\">\n\t\t\t\t<div class=\"elementor-widget-container\">\n\t\t\t\t\t<h2 class=\"elementor-heading-title elementor-size-default\">Activitats educatives<\/h2>\t\t\t\t<\/div>\n\t\t\t\t<\/div>\n\t\t\t\t<div class=\"elementor-element elementor-element-4fbc7850 elementor-widget elementor-widget-text-editor\" data-id=\"4fbc7850\" data-element_type=\"widget\" data-widget_type=\"text-editor.default\">\n\t\t\t\t<div class=\"elementor-widget-container\">\n\t\t\t\t\t\t\t\t\t<p>Us oferim visites guiades al museu i a les instal\u00b7lacions ol\u00edmpiques, a m\u00e9s d&#8217;un gran ventall d&#8217;activitats educatives per a totes les edats. <strong>Trieu una etapa!<\/strong><\/p>\n\t\t\t\t\t\t\t\t<\/div>\n\t\t\t\t<\/div>\n\t\t\t\t<section class=\"elementor-section elementor-inner-section elementor-element elementor-element-0820cbe l-padding--bottom elementor-section-boxed elementor-section-height-default elementor-section-height-default\" data-id=\"0820cbe\" data-element_type=\"section\">\n\t\t\t\t\t\t<div class=\"elementor-container elementor-column-gap-default\">\n\t\t\t\t\t<div class=\"elementor-column elementor-col-100 elementor-inner-column elementor-element elementor-element-5beedb3\" data-id=\"5beedb3\" data-element_type=\"column\">\n\t\t\t<div class=\"elementor-widget-wrap elementor-element-populated\">\n\t\t\t\t\t\t<div class=\"elementor-element elementor-element-2fa4494 elementor-align-center btn btn--border elementor-widget elementor-widget-global elementor-global-27922 elementor-global-27900 elementor-widget-button\" data-id=\"2fa4494\" data-element_type=\"widget\" data-widget_type=\"button.default\">\n\t\t\t\t<div class=\"elementor-widget-container\">\n\t\t\t\t\t\t\t\t\t<div class=\"elementor-button-wrapper\">\n\t\t\t\t\t<a class=\"elementor-button elementor-button-link elementor-size-sm\" href=\"https:\/\/www.museuolimpicbcn.cat\/wp-content\/uploads\/sites\/2\/2025\/06\/Oferta-educativa-CAT-25_26.pdf\">\n\t\t\t\t\t\t<span class=\"elementor-button-content-wrapper\">\n\t\t\t\t\t\t\t\t\t<span class=\"elementor-button-text\">DESCARREGA'T EL DOSSIER D'ACTIVITATS<\/span>\n\t\t\t\t\t<\/span>\n\t\t\t\t\t<\/a>\n\t\t\t\t<\/div>\n\t\t\t\t\t\t\t\t<\/div>\n\t\t\t\t<\/div>\n\t\t\t\t\t<\/div>\n\t\t<\/div>\n\t\t\t\t\t<\/div>\n\t\t<\/section>\n\t\t\t\t<div class=\"elementor-element elementor-element-7985d41f elementor-tabs-view-horizontal elementor-widget elementor-widget-tabs\" data-id=\"7985d41f\" data-element_type=\"widget\" data-widget_type=\"tabs.default\">\n\t\t\t\t<div class=\"elementor-widget-container\">\n\t\t\t\t\t\t\t<div class=\"elementor-tabs\">\n\t\t\t<div class=\"elementor-tabs-wrapper\" role=\"tablist\" >\n\t\t\t\t\t\t\t\t\t<div id=\"elementor-tab-title-2031\" class=\"elementor-tab-title elementor-tab-desktop-title\" aria-selected=\"true\" data-tab=\"1\" role=\"tab\" tabindex=\"0\" aria-controls=\"elementor-tab-content-2031\" aria-expanded=\"false\">Infantil<\/div>\n\t\t\t\t\t\t\t\t\t<div id=\"elementor-tab-title-2032\" class=\"elementor-tab-title elementor-tab-desktop-title\" aria-selected=\"false\" data-tab=\"2\" role=\"tab\" tabindex=\"-1\" aria-controls=\"elementor-tab-content-2032\" aria-expanded=\"false\">Prim\u00e0ria<\/div>\n\t\t\t\t\t\t\t\t\t<div id=\"elementor-tab-title-2033\" class=\"elementor-tab-title elementor-tab-desktop-title\" aria-selected=\"false\" data-tab=\"3\" role=\"tab\" tabindex=\"-1\" aria-controls=\"elementor-tab-content-2033\" aria-expanded=\"false\">Secund\u00e0ria<\/div>\n\t\t\t\t\t\t\t\t\t<div id=\"elementor-tab-title-2034\" class=\"elementor-tab-title elementor-tab-desktop-title\" aria-selected=\"false\" data-tab=\"4\" role=\"tab\" tabindex=\"-1\" aria-controls=\"elementor-tab-content-2034\" aria-expanded=\"false\">Batxillerat i cicles<\/div>\n\t\t\t\t\t\t\t<\/div>\n\t\t\t<div class=\"elementor-tabs-content-wrapper\" role=\"tablist\" aria-orientation=\"vertical\">\n\t\t\t\t\t\t\t\t\t<div class=\"elementor-tab-title elementor-tab-mobile-title\" aria-selected=\"true\" data-tab=\"1\" role=\"tab\" tabindex=\"0\" aria-controls=\"elementor-tab-content-2031\" aria-expanded=\"false\">Infantil<\/div>\n\t\t\t\t\t<div id=\"elementor-tab-content-2031\" class=\"elementor-tab-content elementor-clearfix\" data-tab=\"1\" role=\"tabpanel\" aria-labelledby=\"elementor-tab-title-2031\" tabindex=\"0\" hidden=\"false\">\t\t<div data-elementor-type=\"section\" data-elementor-id=\"15945\" class=\"elementor elementor-15945 elementor-5374\" data-elementor-post-type=\"elementor_library\">\n\t\t\t\t\t<section class=\"elementor-section elementor-top-section elementor-element elementor-element-f94c709 moe-acordeon elementor-section-boxed elementor-section-height-default elementor-section-height-default\" data-id=\"f94c709\" data-element_type=\"section\">\n\t\t\t\t\t\t<div class=\"elementor-container elementor-column-gap-no\">\n\t\t\t\t\t<div class=\"elementor-column elementor-col-100 elementor-top-column elementor-element elementor-element-c1f1278\" data-id=\"c1f1278\" data-element_type=\"column\">\n\t\t\t<div class=\"elementor-widget-wrap elementor-element-populated\">\n\t\t\t\t\t\t<div class=\"elementor-element elementor-element-b7125b8 elementor-widget elementor-widget-accordion\" data-id=\"b7125b8\" data-element_type=\"widget\" data-widget_type=\"accordion.default\">\n\t\t\t\t<div class=\"elementor-widget-container\">\n\t\t\t\t\t\t\t<div class=\"elementor-accordion\">\n\t\t\t\t\t\t\t<div class=\"elementor-accordion-item\">\n\t\t\t\t\t<h3 id=\"elementor-tab-title-1911\" class=\"elementor-tab-title\" data-tab=\"1\" role=\"button\" aria-controls=\"elementor-tab-content-1911\" aria-expanded=\"false\">\n\t\t\t\t\t\t\t\t\t\t\t\t\t<span class=\"elementor-accordion-icon elementor-accordion-icon-right\" aria-hidden=\"true\">\n\t\t\t\t\t\t\t\t\t\t\t\t\t\t\t<span class=\"elementor-accordion-icon-closed\"><svg xmlns=\"http:\/\/www.w3.org\/2000\/svg\" xmlns:xlink=\"http:\/\/www.w3.org\/1999\/xlink\" id=\"Layer_1\" viewBox=\"0 0 100 100\" xml:space=\"preserve\"><polygon fill=\"#010101\" points=\"80.2,51.6 51.4,51.6 51.4,22.6 48.9,22.6 48.9,51.6 19.9,51.6 19.9,54.1 48.9,54.1 48.9,83.1   51.4,83.1 51.4,54.1 80.4,54.1 80.4,51.6 \"><\/polygon><\/svg><\/span>\n\t\t\t\t\t\t\t\t<span class=\"elementor-accordion-icon-opened\"><svg xmlns=\"http:\/\/www.w3.org\/2000\/svg\" xmlns:xlink=\"http:\/\/www.w3.org\/1999\/xlink\" id=\"Layer_1\" viewBox=\"0 0 100 100\" xml:space=\"preserve\"><rect fill=\"#010101\" height=\"2.5\" width=\"60\" x=\"21.5\" y=\"51.6\"><\/rect><\/svg><\/span>\n\t\t\t\t\t\t\t\t\t\t\t\t\t\t<\/span>\n\t\t\t\t\t\t\t\t\t\t\t\t<a class=\"elementor-accordion-title\" tabindex=\"0\">Visita lliure al museu<\/a>\n\t\t\t\t\t<\/h3>\n\t\t\t\t\t<div id=\"elementor-tab-content-1911\" class=\"elementor-tab-content elementor-clearfix\" data-tab=\"1\" role=\"region\" aria-labelledby=\"elementor-tab-title-1911\"><section class=\"moe-section--tab\">\n<div class=\"col-izq\">\n<p>Descobriu la hist\u00f2ria i evoluci\u00f3 dels Jocs Ol\u00edmpics, la hist\u00f2ria de la pr\u00e0ctica esportiva a Catalunya i la celebraci\u00f3 dels Jocs de Barcelona\u201992, aix\u00ed com el gran ventall d\u2019esports que es practiquen a tot el m\u00f3n a trav\u00e9s d\u2019objectes, imatges, textos, audiovisuals i pantalles interactives.<\/p>\n<p>Es pot complementar amb l\u2019activitat: &#8220;Un estadi, cent hist\u00f2ries&#8221;.<\/p>\n<p><strong class=\"moe-marker\">Amb reserva pr\u00e8via<\/strong><\/p>\n<\/div>\n<div class=\"col-dcha\">\n<div class=\"box-blue\">\n<ul class=\"moe-list\">\n<li>M\u00ednim 10 estudiants (m\u00e9s de 40 estudiants, es fan 2 grups amb un interval de 10 minuts)<\/li>\n<li>Preu per estudiant: 3,30\u20ac<\/li>\n<li>Durada aproximada: 1 hora<\/li>\n<li>De dimarts a diumenge<\/li>\n<\/ul>\n<\/div>\n<\/div>\n<\/section>\n<\/div>\n\t\t\t\t<\/div>\n\t\t\t\t\t\t\t<div class=\"elementor-accordion-item\">\n\t\t\t\t\t<h3 id=\"elementor-tab-title-1912\" class=\"elementor-tab-title\" data-tab=\"2\" role=\"button\" aria-controls=\"elementor-tab-content-1912\" aria-expanded=\"false\">\n\t\t\t\t\t\t\t\t\t\t\t\t\t<span class=\"elementor-accordion-icon elementor-accordion-icon-right\" aria-hidden=\"true\">\n\t\t\t\t\t\t\t\t\t\t\t\t\t\t\t<span class=\"elementor-accordion-icon-closed\"><svg xmlns=\"http:\/\/www.w3.org\/2000\/svg\" xmlns:xlink=\"http:\/\/www.w3.org\/1999\/xlink\" id=\"Layer_1\" viewBox=\"0 0 100 100\" xml:space=\"preserve\"><polygon fill=\"#010101\" points=\"80.2,51.6 51.4,51.6 51.4,22.6 48.9,22.6 48.9,51.6 19.9,51.6 19.9,54.1 48.9,54.1 48.9,83.1   51.4,83.1 51.4,54.1 80.4,54.1 80.4,51.6 \"><\/polygon><\/svg><\/span>\n\t\t\t\t\t\t\t\t<span class=\"elementor-accordion-icon-opened\"><svg xmlns=\"http:\/\/www.w3.org\/2000\/svg\" xmlns:xlink=\"http:\/\/www.w3.org\/1999\/xlink\" id=\"Layer_1\" viewBox=\"0 0 100 100\" xml:space=\"preserve\"><rect fill=\"#010101\" height=\"2.5\" width=\"60\" x=\"21.5\" y=\"51.6\"><\/rect><\/svg><\/span>\n\t\t\t\t\t\t\t\t\t\t\t\t\t\t<\/span>\n\t\t\t\t\t\t\t\t\t\t\t\t<a class=\"elementor-accordion-title\" tabindex=\"0\">Descobreix els amics d&#8217;en Cobi<\/a>\n\t\t\t\t\t<\/h3>\n\t\t\t\t\t<div id=\"elementor-tab-content-1912\" class=\"elementor-tab-content elementor-clearfix\" data-tab=\"2\" role=\"region\" aria-labelledby=\"elementor-tab-title-1912\"><section class=\"moe-section--tab\">\n<div class=\"col-izq\">\n<p>\u00c9s una activitat dinamitzada per l\u2019equip d\u2019educadors del museu en la qual el Cobi \u00e9s el fil conductor. Al llarg de la visita us anireu trobant amics del Cobi, els quals pertanyen a diferents esdeveniments esportius i ajuden a explicar els moments m\u00e9s rellevants de la pr\u00e0ctica esportiva en l\u2019\u00e0mbit internacional.<\/p>\n<p>Es pot complementar amb l\u2019activitat: &#8220;Un estadi, cent hist\u00f2ries&#8221;.<\/p>\n<p><strong class=\"moe-marker\">Amb reserva pr\u00e8via.<\/strong><\/p>\n<\/div>\n<div class=\"col-dcha\">\n<div class=\"box-blue\">\n<ul class=\"moe-list\">\n<li>Adre\u00e7at a: segon cicle d\u2019Educaci\u00f3 Infantil<\/li>\n<li>De 10 a 25 estudiants (a cada grup 25 estudiants)<\/li>\n<li>Preu per estudiant: 5\u20ac<\/li>\n<li>Durada aproximada: 1 hora 45 minuts<\/li>\n<li>De dimarts a divendres<\/li>\n<li>Idiomes: catal\u00e0, castell\u00e0, angl\u00e8s i franc\u00e8s<\/li>\n<\/ul>\n<\/div>\n<\/div>\n<\/section>\n<\/div>\n\t\t\t\t<\/div>\n\t\t\t\t\t\t\t<div class=\"elementor-accordion-item\">\n\t\t\t\t\t<h3 id=\"elementor-tab-title-1913\" class=\"elementor-tab-title\" data-tab=\"3\" role=\"button\" aria-controls=\"elementor-tab-content-1913\" aria-expanded=\"false\">\n\t\t\t\t\t\t\t\t\t\t\t\t\t<span class=\"elementor-accordion-icon elementor-accordion-icon-right\" aria-hidden=\"true\">\n\t\t\t\t\t\t\t\t\t\t\t\t\t\t\t<span class=\"elementor-accordion-icon-closed\"><svg xmlns=\"http:\/\/www.w3.org\/2000\/svg\" xmlns:xlink=\"http:\/\/www.w3.org\/1999\/xlink\" id=\"Layer_1\" viewBox=\"0 0 100 100\" xml:space=\"preserve\"><polygon fill=\"#010101\" points=\"80.2,51.6 51.4,51.6 51.4,22.6 48.9,22.6 48.9,51.6 19.9,51.6 19.9,54.1 48.9,54.1 48.9,83.1   51.4,83.1 51.4,54.1 80.4,54.1 80.4,51.6 \"><\/polygon><\/svg><\/span>\n\t\t\t\t\t\t\t\t<span class=\"elementor-accordion-icon-opened\"><svg xmlns=\"http:\/\/www.w3.org\/2000\/svg\" xmlns:xlink=\"http:\/\/www.w3.org\/1999\/xlink\" id=\"Layer_1\" viewBox=\"0 0 100 100\" xml:space=\"preserve\"><rect fill=\"#010101\" height=\"2.5\" width=\"60\" x=\"21.5\" y=\"51.6\"><\/rect><\/svg><\/span>\n\t\t\t\t\t\t\t\t\t\t\t\t\t\t<\/span>\n\t\t\t\t\t\t\t\t\t\t\t\t<a class=\"elementor-accordion-title\" tabindex=\"0\">Sense Fronteres<\/a>\n\t\t\t\t\t<\/h3>\n\t\t\t\t\t<div id=\"elementor-tab-content-1913\" class=\"elementor-tab-content elementor-clearfix\" data-tab=\"3\" role=\"region\" aria-labelledby=\"elementor-tab-title-1913\"><section class=\"moe-section--tab\">\n<div class=\"col-izq\">\n<p>A qu\u00e8 jugaven els nostres avis i \u00e0vies? Amb la tablet i el tel\u00e8fon? En aquest taller descobrirem els continents que participen als Jocs Ol\u00edmpics i algun joc tradicional de cadascun d\u2019ells. S\u00f3n els infants d\u2019altres cultures realment tan diferents?<br \/>\nUn cop acabat el taller, el grup pot accedir al museu de manera lliure.<\/p>\n<p>Es pot complementar amb l\u2019activitat: \u201cUn estadi, cent hist\u00f2ries\u201d.<\/p>\n<p><strong class=\"moe-marker\">Amb reserva pr\u00e8via<\/strong><br \/>\n<strong><a href=\"https:\/\/youtu.be\/xMU-L27cUpo\">VIDEO<\/a><\/strong><\/p>\n<\/div>\n<div class=\"col-dcha\">\n<div class=\"box-blue\">\n<ul class=\"moe-list\">\n<li>De 10 a 25 estudiants (25 alumnes aprox.)<\/li>\n<li>\u00a0Educaci\u00f3 infantil, cicle inicial i mitj\u00e0 de prim\u00e0ria<\/li>\n<li>\u00a0Preu per grup: 140\u20ac<\/li>\n<li>Durada aproximada: 2 hores 30 minuts<\/li>\n<li>De dimarts a divendres<\/li>\n<li>\u00a0Idiomes: catal\u00e0 i castell\u00e0<\/li>\n<\/ul>\n<\/div>\n<\/div>\n<\/section>\n<\/div>\n\t\t\t\t<\/div>\n\t\t\t\t\t\t\t<div class=\"elementor-accordion-item\">\n\t\t\t\t\t<h3 id=\"elementor-tab-title-1914\" class=\"elementor-tab-title\" data-tab=\"4\" role=\"button\" aria-controls=\"elementor-tab-content-1914\" aria-expanded=\"false\">\n\t\t\t\t\t\t\t\t\t\t\t\t\t<span class=\"elementor-accordion-icon elementor-accordion-icon-right\" aria-hidden=\"true\">\n\t\t\t\t\t\t\t\t\t\t\t\t\t\t\t<span class=\"elementor-accordion-icon-closed\"><svg xmlns=\"http:\/\/www.w3.org\/2000\/svg\" xmlns:xlink=\"http:\/\/www.w3.org\/1999\/xlink\" id=\"Layer_1\" viewBox=\"0 0 100 100\" xml:space=\"preserve\"><polygon fill=\"#010101\" points=\"80.2,51.6 51.4,51.6 51.4,22.6 48.9,22.6 48.9,51.6 19.9,51.6 19.9,54.1 48.9,54.1 48.9,83.1   51.4,83.1 51.4,54.1 80.4,54.1 80.4,51.6 \"><\/polygon><\/svg><\/span>\n\t\t\t\t\t\t\t\t<span class=\"elementor-accordion-icon-opened\"><svg xmlns=\"http:\/\/www.w3.org\/2000\/svg\" xmlns:xlink=\"http:\/\/www.w3.org\/1999\/xlink\" id=\"Layer_1\" viewBox=\"0 0 100 100\" xml:space=\"preserve\"><rect fill=\"#010101\" height=\"2.5\" width=\"60\" x=\"21.5\" y=\"51.6\"><\/rect><\/svg><\/span>\n\t\t\t\t\t\t\t\t\t\t\t\t\t\t<\/span>\n\t\t\t\t\t\t\t\t\t\t\t\t<a class=\"elementor-accordion-title\" tabindex=\"0\">Un Estadi, cent hist\u00f2ries (activitat complement\u00e0ria)<\/a>\n\t\t\t\t\t<\/h3>\n\t\t\t\t\t<div id=\"elementor-tab-content-1914\" class=\"elementor-tab-content elementor-clearfix\" data-tab=\"4\" role=\"region\" aria-labelledby=\"elementor-tab-title-1914\"><section class=\"moe-section--tab\">\n<div class=\"col-izq\">\n<p>Activitat complement\u00e0ria a quasevol visita.<\/p>\n<p>Activitat que consta de dues parts, una amb un conte en el qual descobriran la hist\u00f2ria de l\u2019estadi, i la segona m\u00e9s l\u00fadica, en la qual trobaran al Cobi i la Petra fent diferents esports.<br \/>\nEs du a terme a trav\u00e9s de la descoberta, cooperaci\u00f3, el joc i el pensament cr\u00edtic.<\/p>\n<p class=\"moe-acotacion\">*Important: No accedirem a l\u2019estadi i es du a terme a la porta principal d\u2019aquesta instal\u00b7laci\u00f3.<\/p>\n<p><strong class=\"moe-marker\">Amb reserva pr\u00e8via<\/strong><\/p>\n<\/div>\n<div class=\"col-dcha\">\n<div class=\"box-blue\">\n<ul class=\"moe-list\">\n<li>Adre\u00e7at a: segon cicle d\u2019Educaci\u00f3 Infantil<\/li>\n<li>Preu per grup: 55\u20ac<\/li>\n<li>Durada aproximada: 1 hora<\/li>\n<li>De dimarts a divendres<\/li>\n<li>Idiomes: catal\u00e0, castell\u00e0, angl\u00e8s i franc\u00e8s<\/li>\n<\/ul>\n<\/div>\n<\/div>\n<\/section>\n<\/div>\n\t\t\t\t<\/div>\n\t\t\t\t\t\t\t\t<\/div>\n\t\t\t\t\t\t<\/div>\n\t\t\t\t<\/div>\n\t\t\t\t\t<\/div>\n\t\t<\/div>\n\t\t\t\t\t<\/div>\n\t\t<\/section>\n\t\t\t\t<\/div>\n\t\t\n<\/div>\n\t\t\t\t\t\t\t\t\t<div class=\"elementor-tab-title elementor-tab-mobile-title\" aria-selected=\"false\" data-tab=\"2\" role=\"tab\" tabindex=\"-1\" aria-controls=\"elementor-tab-content-2032\" aria-expanded=\"false\">Prim\u00e0ria<\/div>\n\t\t\t\t\t<div id=\"elementor-tab-content-2032\" class=\"elementor-tab-content elementor-clearfix\" data-tab=\"2\" role=\"tabpanel\" aria-labelledby=\"elementor-tab-title-2032\" tabindex=\"0\" hidden=\"hidden\">\t\t<div data-elementor-type=\"section\" data-elementor-id=\"18074\" class=\"elementor elementor-18074 elementor-5390\" data-elementor-post-type=\"elementor_library\">\n\t\t\t\t\t<section class=\"elementor-section elementor-top-section elementor-element elementor-element-f94c709 moe-acordeon elementor-section-boxed elementor-section-height-default elementor-section-height-default\" data-id=\"f94c709\" data-element_type=\"section\">\n\t\t\t\t\t\t<div class=\"elementor-container elementor-column-gap-no\">\n\t\t\t\t\t<div class=\"elementor-column elementor-col-100 elementor-top-column elementor-element elementor-element-c1f1278\" data-id=\"c1f1278\" data-element_type=\"column\">\n\t\t\t<div class=\"elementor-widget-wrap elementor-element-populated\">\n\t\t\t\t\t\t<div class=\"elementor-element elementor-element-b7125b8 elementor-widget elementor-widget-accordion\" data-id=\"b7125b8\" data-element_type=\"widget\" data-widget_type=\"accordion.default\">\n\t\t\t\t<div class=\"elementor-widget-container\">\n\t\t\t\t\t\t\t<div class=\"elementor-accordion\">\n\t\t\t\t\t\t\t<div class=\"elementor-accordion-item\">\n\t\t\t\t\t<h3 id=\"elementor-tab-title-1911\" class=\"elementor-tab-title\" data-tab=\"1\" role=\"button\" aria-controls=\"elementor-tab-content-1911\" aria-expanded=\"false\">\n\t\t\t\t\t\t\t\t\t\t\t\t\t<span class=\"elementor-accordion-icon elementor-accordion-icon-right\" aria-hidden=\"true\">\n\t\t\t\t\t\t\t\t\t\t\t\t\t\t\t<span class=\"elementor-accordion-icon-closed\"><svg xmlns=\"http:\/\/www.w3.org\/2000\/svg\" xmlns:xlink=\"http:\/\/www.w3.org\/1999\/xlink\" id=\"Layer_1\" viewBox=\"0 0 100 100\" xml:space=\"preserve\"><polygon fill=\"#010101\" points=\"80.2,51.6 51.4,51.6 51.4,22.6 48.9,22.6 48.9,51.6 19.9,51.6 19.9,54.1 48.9,54.1 48.9,83.1   51.4,83.1 51.4,54.1 80.4,54.1 80.4,51.6 \"><\/polygon><\/svg><\/span>\n\t\t\t\t\t\t\t\t<span class=\"elementor-accordion-icon-opened\"><svg xmlns=\"http:\/\/www.w3.org\/2000\/svg\" xmlns:xlink=\"http:\/\/www.w3.org\/1999\/xlink\" id=\"Layer_1\" viewBox=\"0 0 100 100\" xml:space=\"preserve\"><rect fill=\"#010101\" height=\"2.5\" width=\"60\" x=\"21.5\" y=\"51.6\"><\/rect><\/svg><\/span>\n\t\t\t\t\t\t\t\t\t\t\t\t\t\t<\/span>\n\t\t\t\t\t\t\t\t\t\t\t\t<a class=\"elementor-accordion-title\" tabindex=\"0\">Sense L\u00edmits \u2013 Endinsa\u2019t en el m\u00f3n de la discapacitat i l\u2019esport<\/a>\n\t\t\t\t\t<\/h3>\n\t\t\t\t\t<div id=\"elementor-tab-content-1911\" class=\"elementor-tab-content elementor-clearfix\" data-tab=\"1\" role=\"region\" aria-labelledby=\"elementor-tab-title-1911\"><section class=\"moe-section--tab\">\n<div class=\"col-izq\">\n<p>Aquesta visita taller consta d\u2019una part te\u00f2rica on aprendreu qu\u00e8 \u00e9s la discapacitat, quins tipus n\u2019hi ha i veureu alguns dels esdeveniments esportius per a persones amb discapacitat. La part pr\u00e0ctica consisteix a practicar un esport incl\u00f2s al programa paral\u00edmpic: boccia, golbol o volebol asseguts. Un cop acabat el taller, podreu accedir al museu de manera lliure.<\/p>\n<p><strong>Important: A l\u2019hora de fer la reserva, heu d\u2019especificar quin esport voleu practicar.<\/strong><\/p>\n<p><strong><a href=\"https:\/\/youtu.be\/0duzWeZtyW8\">VIDEO<\/a><\/strong><\/p>\n<p>Es pot complementar amb l&#8217;activitat: Prepara\u2019t i\/o &#8220;Un estadi per a la hist\u00f2ria&#8221;<\/p>\n<p>*<strong class=\"moe-marker\">Aquest taller t\u00e9 l&#8217;opci\u00f3 de realitzar-se en el Centre Educatiu<\/strong><\/p>\n<p><strong class=\"moe-marker\">Amb reserva pr\u00e8via<\/strong><\/p>\n<\/div>\n<div class=\"col-dcha\">\n<div class=\"box-blue\">\n<ul class=\"moe-list\">\n<li>De 10 a 25 estudiants (25 alumnes aprox.)<\/li>\n<li>Preu per grup: 140\u20ac<\/li>\n<li>Durada aproximada: 3 hores<\/li>\n<li>De dimarts a divendres<\/li>\n<li>Idiomes: catal\u00e0, castell\u00e0, angl\u00e8s i franc\u00e8s<\/li>\n<\/ul>\n<\/div>\n<\/div>\n<\/section>\n<\/div>\n\t\t\t\t<\/div>\n\t\t\t\t\t\t\t<div class=\"elementor-accordion-item\">\n\t\t\t\t\t<h3 id=\"elementor-tab-title-1912\" class=\"elementor-tab-title\" data-tab=\"2\" role=\"button\" aria-controls=\"elementor-tab-content-1912\" aria-expanded=\"false\">\n\t\t\t\t\t\t\t\t\t\t\t\t\t<span class=\"elementor-accordion-icon elementor-accordion-icon-right\" aria-hidden=\"true\">\n\t\t\t\t\t\t\t\t\t\t\t\t\t\t\t<span class=\"elementor-accordion-icon-closed\"><svg xmlns=\"http:\/\/www.w3.org\/2000\/svg\" xmlns:xlink=\"http:\/\/www.w3.org\/1999\/xlink\" id=\"Layer_1\" viewBox=\"0 0 100 100\" xml:space=\"preserve\"><polygon fill=\"#010101\" points=\"80.2,51.6 51.4,51.6 51.4,22.6 48.9,22.6 48.9,51.6 19.9,51.6 19.9,54.1 48.9,54.1 48.9,83.1   51.4,83.1 51.4,54.1 80.4,54.1 80.4,51.6 \"><\/polygon><\/svg><\/span>\n\t\t\t\t\t\t\t\t<span class=\"elementor-accordion-icon-opened\"><svg xmlns=\"http:\/\/www.w3.org\/2000\/svg\" xmlns:xlink=\"http:\/\/www.w3.org\/1999\/xlink\" id=\"Layer_1\" viewBox=\"0 0 100 100\" xml:space=\"preserve\"><rect fill=\"#010101\" height=\"2.5\" width=\"60\" x=\"21.5\" y=\"51.6\"><\/rect><\/svg><\/span>\n\t\t\t\t\t\t\t\t\t\t\t\t\t\t<\/span>\n\t\t\t\t\t\t\t\t\t\t\t\t<a class=\"elementor-accordion-title\" tabindex=\"0\">Sense G\u00e8nere \u2013 L\u2019esport no t\u00e9 g\u00e8nere<\/a>\n\t\t\t\t\t<\/h3>\n\t\t\t\t\t<div id=\"elementor-tab-content-1912\" class=\"elementor-tab-content elementor-clearfix\" data-tab=\"2\" role=\"region\" aria-labelledby=\"elementor-tab-title-1912\"><section class=\"moe-section--tab\">\n<div class=\"col-izq\">\n<p>Taller amb metodologia <em>Hall Escape<\/em> e en el qual els estudiants descobriran casos reals d\u2019esportistes amb diversitat de g\u00e8nere i la seva lluita per a la normalitzaci\u00f3 en el m\u00f3n de l\u2019esport. En aquest taller se\u2019ls hi demanar\u00e0 un pensament cr\u00edtic per tal de reflexionar sobre la realitat esportiva.<\/p>\n<p>Un cop acabat el taller, podreu accedir al museu de manera lliure.<\/p>\n<p>Es pot complementar amb l\u2019activitat: Prepara\u2019t i\/o &#8220;Un estadi per a la hist\u00f2ria&#8221;.<\/p>\n<p>*<strong class=\"moe-marker\">Aquest taller t\u00e9 l\u2019opci\u00f3 de realitzar-se en el Centre Educatiu<\/strong><\/p>\n<p><strong class=\"moe-marker\">Amb reserva pr\u00e8via<\/strong><\/p>\n<p><strong><a href=\"https:\/\/youtu.be\/mFRjKZ-Z_J0\">VIDEO<\/a><\/strong><\/p>\n<\/div>\n<div class=\"col-dcha\">\n<div class=\"box-blue\">\n<ul class=\"moe-list\">\n<li>De 10 a 25 estudiants (25 alumnes aprox.)<\/li>\n<li>Cicle superior de prim\u00e0ria, ESO i batxillerat<\/li>\n<li>Preu per grup: 140\u20ac<\/li>\n<li>Durada aproximada: 2 hores 30 minuts<\/li>\n<li>De dimarts a divendres<\/li>\n<li>Idiomes: catal\u00e0<\/li>\n<\/ul>\n<\/div>\n<\/div>\n<\/section>\n<p>&nbsp;<\/p>\n<div><\/div>\n<p>&nbsp;<\/p>\n<div><\/div>\n<\/div>\n\t\t\t\t<\/div>\n\t\t\t\t\t\t\t<div class=\"elementor-accordion-item\">\n\t\t\t\t\t<h3 id=\"elementor-tab-title-1913\" class=\"elementor-tab-title\" data-tab=\"3\" role=\"button\" aria-controls=\"elementor-tab-content-1913\" aria-expanded=\"false\">\n\t\t\t\t\t\t\t\t\t\t\t\t\t<span class=\"elementor-accordion-icon elementor-accordion-icon-right\" aria-hidden=\"true\">\n\t\t\t\t\t\t\t\t\t\t\t\t\t\t\t<span class=\"elementor-accordion-icon-closed\"><svg xmlns=\"http:\/\/www.w3.org\/2000\/svg\" xmlns:xlink=\"http:\/\/www.w3.org\/1999\/xlink\" id=\"Layer_1\" viewBox=\"0 0 100 100\" xml:space=\"preserve\"><polygon fill=\"#010101\" points=\"80.2,51.6 51.4,51.6 51.4,22.6 48.9,22.6 48.9,51.6 19.9,51.6 19.9,54.1 48.9,54.1 48.9,83.1   51.4,83.1 51.4,54.1 80.4,54.1 80.4,51.6 \"><\/polygon><\/svg><\/span>\n\t\t\t\t\t\t\t\t<span class=\"elementor-accordion-icon-opened\"><svg xmlns=\"http:\/\/www.w3.org\/2000\/svg\" xmlns:xlink=\"http:\/\/www.w3.org\/1999\/xlink\" id=\"Layer_1\" viewBox=\"0 0 100 100\" xml:space=\"preserve\"><rect fill=\"#010101\" height=\"2.5\" width=\"60\" x=\"21.5\" y=\"51.6\"><\/rect><\/svg><\/span>\n\t\t\t\t\t\t\t\t\t\t\t\t\t\t<\/span>\n\t\t\t\t\t\t\t\t\t\t\t\t<a class=\"elementor-accordion-title\" tabindex=\"0\">Descobrint Barcelona&#8217;92<\/a>\n\t\t\t\t\t<\/h3>\n\t\t\t\t\t<div id=\"elementor-tab-content-1913\" class=\"elementor-tab-content elementor-clearfix\" data-tab=\"3\" role=\"region\" aria-labelledby=\"elementor-tab-title-1913\"><section class=\"moe-section--tab\">\n<div class=\"col-izq\">\n<p>Taller dividit en dues parts: a la primera, descobriran diferents elements que es van utilitzar per als Jocs de Barcelona (mascota ol\u00edmpica i paral\u00edmpica, emblemes, cerim\u00f2nies, voluntariat, etc.) i coneixeran com va canviar la ciutat per acollir els Jocs. A la segona, en funci\u00f3 del nivell educatiu, hauran de crear un cartell o mascota d\u2019uns Jocs en base al que han descobert i a uns par\u00e0metres donats.<br \/>\nAquesta activitat es du a terme a trav\u00e9s de la descoberta, cooperaci\u00f3, el joc i el pensament cr\u00edtic.<\/p>\n<p>Un cop acabat el taller, el grup pot accedir al museu de manera lliure.<\/p>\n<p>Es pot complementar amb l\u2019activitat: &#8220;Un estadi per a la hist\u00f2ria&#8221;.<\/p>\n<p><strong class=\"moe-marker\">Amb reserva pr\u00e8via<\/strong><\/p>\n<p><a href=\"https:\/\/youtu.be\/Fk4rZbp7-bc\"><strong>VIDEO<\/strong><\/a><\/p>\n<\/div>\n<div class=\"col-dcha\">\n<div class=\"box-blue\">\n<ul class=\"moe-list\">\n<li>De 10 a 25 estudiants (25 alumnes aprox.)\n<\/li>\n<li>Preu per grup: 140\u20ac<\/li>\n<li>Durada aproximada: 3 hores<\/li>\n<li>De dimarts a divendres<\/li>\n<li>Idiomes: catal\u00e0 i castell\u00e0<\/li>\n<\/ul>\n<\/div>\n<\/div>\n<\/section>\n<\/div>\n\t\t\t\t<\/div>\n\t\t\t\t\t\t\t<div class=\"elementor-accordion-item\">\n\t\t\t\t\t<h3 id=\"elementor-tab-title-1914\" class=\"elementor-tab-title\" data-tab=\"4\" role=\"button\" aria-controls=\"elementor-tab-content-1914\" aria-expanded=\"false\">\n\t\t\t\t\t\t\t\t\t\t\t\t\t<span class=\"elementor-accordion-icon elementor-accordion-icon-right\" aria-hidden=\"true\">\n\t\t\t\t\t\t\t\t\t\t\t\t\t\t\t<span class=\"elementor-accordion-icon-closed\"><svg xmlns=\"http:\/\/www.w3.org\/2000\/svg\" xmlns:xlink=\"http:\/\/www.w3.org\/1999\/xlink\" id=\"Layer_1\" viewBox=\"0 0 100 100\" xml:space=\"preserve\"><polygon fill=\"#010101\" points=\"80.2,51.6 51.4,51.6 51.4,22.6 48.9,22.6 48.9,51.6 19.9,51.6 19.9,54.1 48.9,54.1 48.9,83.1   51.4,83.1 51.4,54.1 80.4,54.1 80.4,51.6 \"><\/polygon><\/svg><\/span>\n\t\t\t\t\t\t\t\t<span class=\"elementor-accordion-icon-opened\"><svg xmlns=\"http:\/\/www.w3.org\/2000\/svg\" xmlns:xlink=\"http:\/\/www.w3.org\/1999\/xlink\" id=\"Layer_1\" viewBox=\"0 0 100 100\" xml:space=\"preserve\"><rect fill=\"#010101\" height=\"2.5\" width=\"60\" x=\"21.5\" y=\"51.6\"><\/rect><\/svg><\/span>\n\t\t\t\t\t\t\t\t\t\t\t\t\t\t<\/span>\n\t\t\t\t\t\t\t\t\t\t\t\t<a class=\"elementor-accordion-title\" tabindex=\"0\">Sense esport &#8211; ODS<\/a>\n\t\t\t\t\t<\/h3>\n\t\t\t\t\t<div id=\"elementor-tab-content-1914\" class=\"elementor-tab-content elementor-clearfix\" data-tab=\"4\" role=\"region\" aria-labelledby=\"elementor-tab-title-1914\"><section class=\"moe-section--tab\">\n<div class=\"col-izq\">\n<p>\u00bfVoleu treballar els Objectius de Desenvolupament Sostenible a trav\u00e9s de la tem\u00e0tica esportiva? Us proposem aquest taller per reflexionar sobre el paper que juguem en el m\u00f3n i, aix\u00ed, poder millorar les nostres actituds i accions.<br \/>\nAquest taller presenta una din\u00e0mica de descoberta, en el qual pararem a diferents llocs del museu i durem a terme diferents activitats que permetran reflexionar sobre com l\u2019esport i les nostres accions afavoreixen a la sostenibilitat i, tot plegat, de forma transversal.<br \/>\nUn cop acabat el taller, el grup pot accedir al museu de manera lliure.<\/p>\n<p><strong class=\"moe-marker\">Amb reserva pr\u00e8via<\/strong><\/p>\n<p><a href=\"https:\/\/youtu.be\/SxaHCumO-C8\">VIDEO<\/a><\/p>\n<\/div>\n<div class=\"col-dcha\">\n<div class=\"box-blue\">\n<ul class=\"moe-list\">\n<li>De 10 a 25 estudiants (25 alumnes aprox.)\n<\/li>\n<li>Preu per grup: 140\u20ac<\/li>\n<li>Durada aproximada: 2 hores 30 minuts<\/li>\n<li>De dimarts a divendres<\/li>\n<li>Idiomes: catal\u00e0<\/li>\n<\/ul>\n<\/div>\n<\/div>\n<\/section>\n<\/div>\n\t\t\t\t<\/div>\n\t\t\t\t\t\t\t<div class=\"elementor-accordion-item\">\n\t\t\t\t\t<h3 id=\"elementor-tab-title-1915\" class=\"elementor-tab-title\" data-tab=\"5\" role=\"button\" aria-controls=\"elementor-tab-content-1915\" aria-expanded=\"false\">\n\t\t\t\t\t\t\t\t\t\t\t\t\t<span class=\"elementor-accordion-icon elementor-accordion-icon-right\" aria-hidden=\"true\">\n\t\t\t\t\t\t\t\t\t\t\t\t\t\t\t<span class=\"elementor-accordion-icon-closed\"><svg xmlns=\"http:\/\/www.w3.org\/2000\/svg\" xmlns:xlink=\"http:\/\/www.w3.org\/1999\/xlink\" id=\"Layer_1\" viewBox=\"0 0 100 100\" xml:space=\"preserve\"><polygon fill=\"#010101\" points=\"80.2,51.6 51.4,51.6 51.4,22.6 48.9,22.6 48.9,51.6 19.9,51.6 19.9,54.1 48.9,54.1 48.9,83.1   51.4,83.1 51.4,54.1 80.4,54.1 80.4,51.6 \"><\/polygon><\/svg><\/span>\n\t\t\t\t\t\t\t\t<span class=\"elementor-accordion-icon-opened\"><svg xmlns=\"http:\/\/www.w3.org\/2000\/svg\" xmlns:xlink=\"http:\/\/www.w3.org\/1999\/xlink\" id=\"Layer_1\" viewBox=\"0 0 100 100\" xml:space=\"preserve\"><rect fill=\"#010101\" height=\"2.5\" width=\"60\" x=\"21.5\" y=\"51.6\"><\/rect><\/svg><\/span>\n\t\t\t\t\t\t\t\t\t\t\t\t\t\t<\/span>\n\t\t\t\t\t\t\t\t\t\t\t\t<a class=\"elementor-accordion-title\" tabindex=\"0\">Sense Fronteres<\/a>\n\t\t\t\t\t<\/h3>\n\t\t\t\t\t<div id=\"elementor-tab-content-1915\" class=\"elementor-tab-content elementor-clearfix\" data-tab=\"5\" role=\"region\" aria-labelledby=\"elementor-tab-title-1915\"><section class=\"moe-section--tab\">\n<div class=\"col-izq\">\n<p>A qu\u00e8 jugaven els nostres avis i \u00e0vies? Amb la tablet i el tel\u00e8fon? En aquest taller descobrirem els continents que participen als Jocs Ol\u00edmpics i algun joc tradicional de cadascun d\u2019ells. S\u00f3n els infants d\u2019altres cultures realment tan diferents?<br \/>\nUn cop acabat el taller, el grup pot accedir al museu de manera lliure.<\/p>\n<p>Es pot complementar amb l\u2019activitat: \u201cUn estadi per a la hist\u00f2ria\u201d.<\/p>\n<p><strong class=\"moe-marker\">Amb reserva pr\u00e8via.<\/strong><\/p>\n<p><a href=\"https:\/\/youtu.be\/xMU-L27cUpo\"><strong>VIDEO<\/strong><\/a><\/p>\n<\/div>\n<div class=\"col-dcha\">\n<div class=\"box-blue\">\n<ul class=\"moe-list\">\n<li>Grup Classe (25 estudiants aprox)<\/li>\n<li>Educaci\u00f3 infantil, cicle inicial i mitj\u00e0 de prim\u00e0ria<\/li>\n<li>Preu per grup: 140\u20ac<\/li>\n<li>Durada aproximada: 2 hores 30 minuts<\/li>\n<li>De dimarts a divendres<\/li>\n<li>Idiomes: catal\u00e0 i castell\u00e0<\/li>\n<\/ul>\n<\/div>\n<\/div>\n<\/section>\n<\/div>\n\t\t\t\t<\/div>\n\t\t\t\t\t\t\t<div class=\"elementor-accordion-item\">\n\t\t\t\t\t<h3 id=\"elementor-tab-title-1916\" class=\"elementor-tab-title\" data-tab=\"6\" role=\"button\" aria-controls=\"elementor-tab-content-1916\" aria-expanded=\"false\">\n\t\t\t\t\t\t\t\t\t\t\t\t\t<span class=\"elementor-accordion-icon elementor-accordion-icon-right\" aria-hidden=\"true\">\n\t\t\t\t\t\t\t\t\t\t\t\t\t\t\t<span class=\"elementor-accordion-icon-closed\"><svg xmlns=\"http:\/\/www.w3.org\/2000\/svg\" xmlns:xlink=\"http:\/\/www.w3.org\/1999\/xlink\" id=\"Layer_1\" viewBox=\"0 0 100 100\" xml:space=\"preserve\"><polygon fill=\"#010101\" points=\"80.2,51.6 51.4,51.6 51.4,22.6 48.9,22.6 48.9,51.6 19.9,51.6 19.9,54.1 48.9,54.1 48.9,83.1   51.4,83.1 51.4,54.1 80.4,54.1 80.4,51.6 \"><\/polygon><\/svg><\/span>\n\t\t\t\t\t\t\t\t<span class=\"elementor-accordion-icon-opened\"><svg xmlns=\"http:\/\/www.w3.org\/2000\/svg\" xmlns:xlink=\"http:\/\/www.w3.org\/1999\/xlink\" id=\"Layer_1\" viewBox=\"0 0 100 100\" xml:space=\"preserve\"><rect fill=\"#010101\" height=\"2.5\" width=\"60\" x=\"21.5\" y=\"51.6\"><\/rect><\/svg><\/span>\n\t\t\t\t\t\t\t\t\t\t\t\t\t\t<\/span>\n\t\t\t\t\t\t\t\t\t\t\t\t<a class=\"elementor-accordion-title\" tabindex=\"0\">Sessi\u00f3 d\u2019iniciaci\u00f3 a l\u2019olimpisme<\/a>\n\t\t\t\t\t<\/h3>\n\t\t\t\t\t<div id=\"elementor-tab-content-1916\" class=\"elementor-tab-content elementor-clearfix\" data-tab=\"6\" role=\"region\" aria-labelledby=\"elementor-tab-title-1916\"><section class=\"moe-section--tab\">\n<div class=\"col-izq\">\n<p>En aquesta visita podreu con\u00e8ixer els or\u00edgens i l\u2019evoluci\u00f3 dels Jocs Ol\u00edmpics en un auditori, amb una explicaci\u00f3 te\u00f2rica i participativa acompanyada de suport audiovisual. En acabar, podeu visitar el museu de forma lliure.<\/p>\n<p>Es pot complementar amb l\u2019activitat: Prepara\u2019t i\/o &#8220;Un estadi per a la hist\u00f2ria&#8221;.<\/p>\n<p><strong>*T\u00e9 l\u2019opci\u00f3 de realitzar-se en el Centre Educatiu<\/strong><\/p>\n<p><strong class=\"moe-marker\">Amb reserva pr\u00e8via<\/strong><\/p>\n<\/div>\n<div class=\"col-dcha\">\n<div class=\"box-blue\">\n<ul class=\"moe-list\">\n<li>De 10 a 60 estudiants<\/li>\n<li>Preu per estudiant: 5\u20ac<\/li>\n<li>Durada aproximada: 2 hores<\/li>\n<li>De dimarts a divendres<\/li>\n<li>Idiomes: catal\u00e0, castell\u00e0, angl\u00e8s i franc\u00e8s<\/li>\n<\/ul>\n<\/div>\n<\/div>\n<\/section>\n<\/div>\n\t\t\t\t<\/div>\n\t\t\t\t\t\t\t<div class=\"elementor-accordion-item\">\n\t\t\t\t\t<h3 id=\"elementor-tab-title-1917\" class=\"elementor-tab-title\" data-tab=\"7\" role=\"button\" aria-controls=\"elementor-tab-content-1917\" aria-expanded=\"false\">\n\t\t\t\t\t\t\t\t\t\t\t\t\t<span class=\"elementor-accordion-icon elementor-accordion-icon-right\" aria-hidden=\"true\">\n\t\t\t\t\t\t\t\t\t\t\t\t\t\t\t<span class=\"elementor-accordion-icon-closed\"><svg xmlns=\"http:\/\/www.w3.org\/2000\/svg\" xmlns:xlink=\"http:\/\/www.w3.org\/1999\/xlink\" id=\"Layer_1\" viewBox=\"0 0 100 100\" xml:space=\"preserve\"><polygon fill=\"#010101\" points=\"80.2,51.6 51.4,51.6 51.4,22.6 48.9,22.6 48.9,51.6 19.9,51.6 19.9,54.1 48.9,54.1 48.9,83.1   51.4,83.1 51.4,54.1 80.4,54.1 80.4,51.6 \"><\/polygon><\/svg><\/span>\n\t\t\t\t\t\t\t\t<span class=\"elementor-accordion-icon-opened\"><svg xmlns=\"http:\/\/www.w3.org\/2000\/svg\" xmlns:xlink=\"http:\/\/www.w3.org\/1999\/xlink\" id=\"Layer_1\" viewBox=\"0 0 100 100\" xml:space=\"preserve\"><rect fill=\"#010101\" height=\"2.5\" width=\"60\" x=\"21.5\" y=\"51.6\"><\/rect><\/svg><\/span>\n\t\t\t\t\t\t\t\t\t\t\t\t\t\t<\/span>\n\t\t\t\t\t\t\t\t\t\t\t\t<a class=\"elementor-accordion-title\" tabindex=\"0\">Visita guiada al museu<\/a>\n\t\t\t\t\t<\/h3>\n\t\t\t\t\t<div id=\"elementor-tab-content-1917\" class=\"elementor-tab-content elementor-clearfix\" data-tab=\"7\" role=\"region\" aria-labelledby=\"elementor-tab-title-1917\"><section class=\"moe-section--tab\">\n<div class=\"col-izq\">\n<p>En la visita guiada al museu podreu con\u00e8ixer la hist\u00f2ria i l&#8217;evoluci\u00f3 dels Jocs Ol\u00edmpics, a m\u00e9s de la celebraci\u00f3 dels Jocs de Barcelona\u201992 de la m\u00e0 d\u2019un guia.<\/p>\n<p>Es pot complementar amb l\u2019activitat: &#8220;Un estadi per a la hist\u00f2ria&#8221;.<\/p>\n<p><strong class=\"moe-marker\">Amb reserva pr\u00e8via<\/strong><\/p>\n<\/div>\n<div class=\"col-dcha\">\n<div class=\"box-blue\">\n<ul class=\"moe-list\">\n<li>De 10 a 25 estudiants (25 alumnes aprox.)<\/li>\n<li>Preu per estudiant: 5\u20ac<\/li>\n<li>Durada aproximada: 1 hora 45 minuts<\/li>\n<li>De dimarts a divendres<\/li>\n<li>Idiomes: catal\u00e0, castell\u00e0, angl\u00e8s i franc\u00e8s<\/li>\n<\/ul>\n<\/div>\n<\/div>\n<\/section>\n<\/div>\n\t\t\t\t<\/div>\n\t\t\t\t\t\t\t<div class=\"elementor-accordion-item\">\n\t\t\t\t\t<h3 id=\"elementor-tab-title-1918\" class=\"elementor-tab-title\" data-tab=\"8\" role=\"button\" aria-controls=\"elementor-tab-content-1918\" aria-expanded=\"false\">\n\t\t\t\t\t\t\t\t\t\t\t\t\t<span class=\"elementor-accordion-icon elementor-accordion-icon-right\" aria-hidden=\"true\">\n\t\t\t\t\t\t\t\t\t\t\t\t\t\t\t<span class=\"elementor-accordion-icon-closed\"><svg xmlns=\"http:\/\/www.w3.org\/2000\/svg\" xmlns:xlink=\"http:\/\/www.w3.org\/1999\/xlink\" id=\"Layer_1\" viewBox=\"0 0 100 100\" xml:space=\"preserve\"><polygon fill=\"#010101\" points=\"80.2,51.6 51.4,51.6 51.4,22.6 48.9,22.6 48.9,51.6 19.9,51.6 19.9,54.1 48.9,54.1 48.9,83.1   51.4,83.1 51.4,54.1 80.4,54.1 80.4,51.6 \"><\/polygon><\/svg><\/span>\n\t\t\t\t\t\t\t\t<span class=\"elementor-accordion-icon-opened\"><svg xmlns=\"http:\/\/www.w3.org\/2000\/svg\" xmlns:xlink=\"http:\/\/www.w3.org\/1999\/xlink\" id=\"Layer_1\" viewBox=\"0 0 100 100\" xml:space=\"preserve\"><rect fill=\"#010101\" height=\"2.5\" width=\"60\" x=\"21.5\" y=\"51.6\"><\/rect><\/svg><\/span>\n\t\t\t\t\t\t\t\t\t\t\t\t\t\t<\/span>\n\t\t\t\t\t\t\t\t\t\t\t\t<a class=\"elementor-accordion-title\" tabindex=\"0\">Visita lliure al museu<\/a>\n\t\t\t\t\t<\/h3>\n\t\t\t\t\t<div id=\"elementor-tab-content-1918\" class=\"elementor-tab-content elementor-clearfix\" data-tab=\"8\" role=\"region\" aria-labelledby=\"elementor-tab-title-1918\"><section class=\"moe-section--tab\">\n<div class=\"col-izq\">\n<p>Descobriu la hist\u00f2ria i evoluci\u00f3 dels Jocs Ol\u00edmpics, la hist\u00f2ria de la pr\u00e0ctica esportiva a Catalunya i la celebraci\u00f3 dels Jocs de Barcelona\u201992, aix\u00ed com el gran ventall d\u2019esports que es practiquen a tot el m\u00f3n a trav\u00e9s d\u2019objectes, imatges, textos, audiovisuals i pantalles interactives.<\/p>\n<p>Es pot complementar amb l&#8217;activitat: Prepara\u2019t i\/o &#8220;Un estadi per a la hist\u00f2ria&#8221;.<\/p>\n<p><strong class=\"moe-marker\">Amb reserva pr\u00e8via<\/strong><\/p>\n<\/div>\n<div class=\"col-dcha\">\n<div class=\"box-blue\">\n<ul class=\"moe-list\">\n<li>M\u00ednim 10 estudiants (m\u00e9s de 40 estudiants, es fan 2 grups amb un interval de 10 minuts)<\/li>\n<li>Preu per estudiant: 3,30\u20ac<\/li>\n<li>Durada aproximada: 1 hora<\/li>\n<li>De dimarts a diumenge<\/li>\n<\/ul>\n<\/div>\n<\/div>\n<\/section>\n<\/div>\n\t\t\t\t<\/div>\n\t\t\t\t\t\t\t<div class=\"elementor-accordion-item\">\n\t\t\t\t\t<h3 id=\"elementor-tab-title-1919\" class=\"elementor-tab-title\" data-tab=\"9\" role=\"button\" aria-controls=\"elementor-tab-content-1919\" aria-expanded=\"false\">\n\t\t\t\t\t\t\t\t\t\t\t\t\t<span class=\"elementor-accordion-icon elementor-accordion-icon-right\" aria-hidden=\"true\">\n\t\t\t\t\t\t\t\t\t\t\t\t\t\t\t<span class=\"elementor-accordion-icon-closed\"><svg xmlns=\"http:\/\/www.w3.org\/2000\/svg\" xmlns:xlink=\"http:\/\/www.w3.org\/1999\/xlink\" id=\"Layer_1\" viewBox=\"0 0 100 100\" xml:space=\"preserve\"><polygon fill=\"#010101\" points=\"80.2,51.6 51.4,51.6 51.4,22.6 48.9,22.6 48.9,51.6 19.9,51.6 19.9,54.1 48.9,54.1 48.9,83.1   51.4,83.1 51.4,54.1 80.4,54.1 80.4,51.6 \"><\/polygon><\/svg><\/span>\n\t\t\t\t\t\t\t\t<span class=\"elementor-accordion-icon-opened\"><svg xmlns=\"http:\/\/www.w3.org\/2000\/svg\" xmlns:xlink=\"http:\/\/www.w3.org\/1999\/xlink\" id=\"Layer_1\" viewBox=\"0 0 100 100\" xml:space=\"preserve\"><rect fill=\"#010101\" height=\"2.5\" width=\"60\" x=\"21.5\" y=\"51.6\"><\/rect><\/svg><\/span>\n\t\t\t\t\t\t\t\t\t\t\t\t\t\t<\/span>\n\t\t\t\t\t\t\t\t\t\t\t\t<a class=\"elementor-accordion-title\" tabindex=\"0\">Vacances al museu<\/a>\n\t\t\t\t\t<\/h3>\n\t\t\t\t\t<div id=\"elementor-tab-content-1919\" class=\"elementor-tab-content elementor-clearfix\" data-tab=\"9\" role=\"region\" aria-labelledby=\"elementor-tab-title-1919\"><section class=\"moe-section--tab\">\n<div class=\"col-izq\">\n<p>Durant les vacances d\u2019estiu (juny, juliol i setembre), d\u2019hivern (20 de desembre al 5 de gener) i setmana santa, el Museu programa activitats especials, quan els participants als casals podreu veure una sessi\u00f3 de cinema del BCN Sports Film Festival, visitar el museu de manera lliure i prendre un suc de fruita.<\/p>\n<p>Es pot complementar amb l&#8217;activitat: Prepara\u2019t<\/p>\n<p><strong class=\"moe-marker\">Amb reserva pr\u00e8via<\/strong><\/p>\n<\/div>\n<div class=\"col-dcha\">\n<div class=\"box-blue\">\n<ul class=\"moe-list\">\n<li>Grups a partir de 10 estudiants<\/li>\n<li>Preu per estudiant: 4,50\u20ac<\/li>\n<li>Durada aproximada: 1 hora 45 minuts<\/li>\n<li>De dimarts a divendres<\/li>\n<li>Idiomes: subt\u00edtols en catal\u00e0 o castell\u00e0<\/li>\n<\/ul>\n<\/div>\n<\/div>\n<\/section>\n<\/div>\n\t\t\t\t<\/div>\n\t\t\t\t\t\t\t<div class=\"elementor-accordion-item\">\n\t\t\t\t\t<h3 id=\"elementor-tab-title-19110\" class=\"elementor-tab-title\" data-tab=\"10\" role=\"button\" aria-controls=\"elementor-tab-content-19110\" aria-expanded=\"false\">\n\t\t\t\t\t\t\t\t\t\t\t\t\t<span class=\"elementor-accordion-icon elementor-accordion-icon-right\" aria-hidden=\"true\">\n\t\t\t\t\t\t\t\t\t\t\t\t\t\t\t<span class=\"elementor-accordion-icon-closed\"><svg xmlns=\"http:\/\/www.w3.org\/2000\/svg\" xmlns:xlink=\"http:\/\/www.w3.org\/1999\/xlink\" id=\"Layer_1\" viewBox=\"0 0 100 100\" xml:space=\"preserve\"><polygon fill=\"#010101\" points=\"80.2,51.6 51.4,51.6 51.4,22.6 48.9,22.6 48.9,51.6 19.9,51.6 19.9,54.1 48.9,54.1 48.9,83.1   51.4,83.1 51.4,54.1 80.4,54.1 80.4,51.6 \"><\/polygon><\/svg><\/span>\n\t\t\t\t\t\t\t\t<span class=\"elementor-accordion-icon-opened\"><svg xmlns=\"http:\/\/www.w3.org\/2000\/svg\" xmlns:xlink=\"http:\/\/www.w3.org\/1999\/xlink\" id=\"Layer_1\" viewBox=\"0 0 100 100\" xml:space=\"preserve\"><rect fill=\"#010101\" height=\"2.5\" width=\"60\" x=\"21.5\" y=\"51.6\"><\/rect><\/svg><\/span>\n\t\t\t\t\t\t\t\t\t\t\t\t\t\t<\/span>\n\t\t\t\t\t\t\t\t\t\t\t\t<a class=\"elementor-accordion-title\" tabindex=\"0\">Prepara\u2019t<\/a>\n\t\t\t\t\t<\/h3>\n\t\t\t\t\t<div id=\"elementor-tab-content-19110\" class=\"elementor-tab-content elementor-clearfix\" data-tab=\"10\" role=\"region\" aria-labelledby=\"elementor-tab-title-19110\"><section id=\"preparat\" class=\"moe-section--tab\">\n<div class=\"col-izq\">\n<p>\u00c9s una activitat que us permet rec\u00f3rrer el museu cercant les respostes a un conjunt de preguntes que us introdueixen al m\u00f3n de l\u2019olimpisme, la pr\u00e0ctica esportiva, els Jocs Ol\u00edmpics i els Jocs de Barcelona\u201992.<\/p>\n<p><strong>Cada estudiant ha de portar un llapis o un bol\u00edgraf.<\/strong><\/p>\n<p><strong class=\"moe-marker\">Cal sol\u00b7licitar el pdf de l&#8217;activitat Prepara\u2019t quan feu la reserva, el qual us farem arribar per correu electr\u00f2nic.<\/strong><\/p>\n<\/div>\n<div class=\"col-dcha\">\n<div class=\"box-blue\">\n<ul class=\"moe-list\">\n<li>Activitat complement\u00e0ria<\/li>\n<li>Adre\u00e7at a: nivells educatius a partir d\u2019Educaci\u00f3 Prim\u00e0ria fins a 4t de l\u2019ESO<\/li>\n<li>Idiomes: 5 nivells en catal\u00e0, castell\u00e0, angl\u00e8s i franc\u00e8s<\/li>\n<\/ul>\n<\/div>\n<\/div>\n<\/section>\n<\/div>\n\t\t\t\t<\/div>\n\t\t\t\t\t\t\t<div class=\"elementor-accordion-item\">\n\t\t\t\t\t<h3 id=\"elementor-tab-title-19111\" class=\"elementor-tab-title\" data-tab=\"11\" role=\"button\" aria-controls=\"elementor-tab-content-19111\" aria-expanded=\"false\">\n\t\t\t\t\t\t\t\t\t\t\t\t\t<span class=\"elementor-accordion-icon elementor-accordion-icon-right\" aria-hidden=\"true\">\n\t\t\t\t\t\t\t\t\t\t\t\t\t\t\t<span class=\"elementor-accordion-icon-closed\"><svg xmlns=\"http:\/\/www.w3.org\/2000\/svg\" xmlns:xlink=\"http:\/\/www.w3.org\/1999\/xlink\" id=\"Layer_1\" viewBox=\"0 0 100 100\" xml:space=\"preserve\"><polygon fill=\"#010101\" points=\"80.2,51.6 51.4,51.6 51.4,22.6 48.9,22.6 48.9,51.6 19.9,51.6 19.9,54.1 48.9,54.1 48.9,83.1   51.4,83.1 51.4,54.1 80.4,54.1 80.4,51.6 \"><\/polygon><\/svg><\/span>\n\t\t\t\t\t\t\t\t<span class=\"elementor-accordion-icon-opened\"><svg xmlns=\"http:\/\/www.w3.org\/2000\/svg\" xmlns:xlink=\"http:\/\/www.w3.org\/1999\/xlink\" id=\"Layer_1\" viewBox=\"0 0 100 100\" xml:space=\"preserve\"><rect fill=\"#010101\" height=\"2.5\" width=\"60\" x=\"21.5\" y=\"51.6\"><\/rect><\/svg><\/span>\n\t\t\t\t\t\t\t\t\t\t\t\t\t\t<\/span>\n\t\t\t\t\t\t\t\t\t\t\t\t<a class=\"elementor-accordion-title\" tabindex=\"0\">Un estadi per a la hist\u00f2ria<\/a>\n\t\t\t\t\t<\/h3>\n\t\t\t\t\t<div id=\"elementor-tab-content-19111\" class=\"elementor-tab-content elementor-clearfix\" data-tab=\"11\" role=\"region\" aria-labelledby=\"elementor-tab-title-19111\"><section class=\"moe-section--tab\">\n<div class=\"col-izq\">\n<p>Activitat complement\u00e0ria a quasevol visita.<\/p>\n<p>Aquesta activitat consta de dues parts, objectiu de les quals \u00e9s que l\u2019alumnat descobreixi la hist\u00f2ria de l\u2019estadi i el gran ventall d\u2019esdeveniments esportius que ha acollit aquest instal\u00b7laci\u00f3.<br \/>\nEs du a terme a trav\u00e9s de la descoberta, cooperaci\u00f3, el joc i el pensament cr\u00edtic.<\/p>\n<p>Important: No s\u2019accedeix a l\u2019estadi i es du a terme a la porta principal d\u2019aquesta instal\u00b7laci\u00f3.<\/p>\n<p><strong class=\"moe-marker\">Amb reserva pr\u00e8via<\/strong><\/p>\n<\/div>\n<div class=\"col-dcha\">\n<div class=\"box-blue\">\n<ul>\n<li>De 10 a 25 estudiants (25 alumnes aprox.)\n<\/li>\n<li>Preu per grup: 55\u20ac<\/li>\n<li>Durada aproximada: 1 hora<\/li>\n<li>De dimarts a divendres<\/li>\n<li>Idiomes: catal\u00e0, castell\u00e0, angl\u00e8s i franc\u00e8s<\/li>\n<\/ul>\n<\/div>\n<\/div>\n<\/section>\n<\/div>\n\t\t\t\t<\/div>\n\t\t\t\t\t\t\t\t<\/div>\n\t\t\t\t\t\t<\/div>\n\t\t\t\t<\/div>\n\t\t\t\t\t<\/div>\n\t\t<\/div>\n\t\t\t\t\t<\/div>\n\t\t<\/section>\n\t\t\t\t<\/div>\n\t\t\n<p>\u00a0<\/p>\n<\/div>\n\t\t\t\t\t\t\t\t\t<div class=\"elementor-tab-title elementor-tab-mobile-title\" aria-selected=\"false\" data-tab=\"3\" role=\"tab\" tabindex=\"-1\" aria-controls=\"elementor-tab-content-2033\" aria-expanded=\"false\">Secund\u00e0ria<\/div>\n\t\t\t\t\t<div id=\"elementor-tab-content-2033\" class=\"elementor-tab-content elementor-clearfix\" data-tab=\"3\" role=\"tabpanel\" aria-labelledby=\"elementor-tab-title-2033\" tabindex=\"0\" hidden=\"hidden\">\t\t<div data-elementor-type=\"section\" data-elementor-id=\"18076\" class=\"elementor elementor-18076 elementor-5410\" data-elementor-post-type=\"elementor_library\">\n\t\t\t\t\t<section class=\"elementor-section elementor-top-section elementor-element elementor-element-f94c709 moe-acordeon elementor-section-boxed elementor-section-height-default elementor-section-height-default\" data-id=\"f94c709\" data-element_type=\"section\">\n\t\t\t\t\t\t<div class=\"elementor-container elementor-column-gap-no\">\n\t\t\t\t\t<div class=\"elementor-column elementor-col-100 elementor-top-column elementor-element elementor-element-c1f1278\" data-id=\"c1f1278\" data-element_type=\"column\">\n\t\t\t<div class=\"elementor-widget-wrap elementor-element-populated\">\n\t\t\t\t\t\t<div class=\"elementor-element elementor-element-b7125b8 elementor-widget elementor-widget-accordion\" data-id=\"b7125b8\" data-element_type=\"widget\" data-widget_type=\"accordion.default\">\n\t\t\t\t<div class=\"elementor-widget-container\">\n\t\t\t\t\t\t\t<div class=\"elementor-accordion\">\n\t\t\t\t\t\t\t<div class=\"elementor-accordion-item\">\n\t\t\t\t\t<h3 id=\"elementor-tab-title-1911\" class=\"elementor-tab-title\" data-tab=\"1\" role=\"button\" aria-controls=\"elementor-tab-content-1911\" aria-expanded=\"false\">\n\t\t\t\t\t\t\t\t\t\t\t\t\t<span class=\"elementor-accordion-icon elementor-accordion-icon-right\" aria-hidden=\"true\">\n\t\t\t\t\t\t\t\t\t\t\t\t\t\t\t<span class=\"elementor-accordion-icon-closed\"><svg xmlns=\"http:\/\/www.w3.org\/2000\/svg\" xmlns:xlink=\"http:\/\/www.w3.org\/1999\/xlink\" id=\"Layer_1\" viewBox=\"0 0 100 100\" xml:space=\"preserve\"><polygon fill=\"#010101\" points=\"80.2,51.6 51.4,51.6 51.4,22.6 48.9,22.6 48.9,51.6 19.9,51.6 19.9,54.1 48.9,54.1 48.9,83.1   51.4,83.1 51.4,54.1 80.4,54.1 80.4,51.6 \"><\/polygon><\/svg><\/span>\n\t\t\t\t\t\t\t\t<span class=\"elementor-accordion-icon-opened\"><svg xmlns=\"http:\/\/www.w3.org\/2000\/svg\" xmlns:xlink=\"http:\/\/www.w3.org\/1999\/xlink\" id=\"Layer_1\" viewBox=\"0 0 100 100\" xml:space=\"preserve\"><rect fill=\"#010101\" height=\"2.5\" width=\"60\" x=\"21.5\" y=\"51.6\"><\/rect><\/svg><\/span>\n\t\t\t\t\t\t\t\t\t\t\t\t\t\t<\/span>\n\t\t\t\t\t\t\t\t\t\t\t\t<a class=\"elementor-accordion-title\" tabindex=\"0\">Treball de s\u00edntesi \u2013 Olimpisme i esport: educaci\u00f3 ol\u00edmpica<\/a>\n\t\t\t\t\t<\/h3>\n\t\t\t\t\t<div id=\"elementor-tab-content-1911\" class=\"elementor-tab-content elementor-clearfix\" data-tab=\"1\" role=\"region\" aria-labelledby=\"elementor-tab-title-1911\"><section class=\"moe-section--tab\">\n<div class=\"col-izq\">\n<p>Dureu a terme diverses activitats dinamitzades per l\u2019equip d\u2019educadors del museu, amb l\u2019objectiu de desenvolupar les diferents mat\u00e8ries del curr\u00edculum escolar, amb l\u2019esport i l\u2019olimpisme com a tema central.<\/p>\n<p>Tant l\u2019alumnat com el professorat rebreu una s\u00e8rie de materials i documents per poder realitzar el treball de s\u00edntesi. Aquest est\u00e0 adaptat als nivells curriculars de primer o segon cicle de l\u2019ESO.<\/p>\n<p><strong>Cada estudiant ha de portar un llapis o bol\u00edgraf.<\/strong><\/p>\n<p>Es pot complementar amb l\u2019activitat: &#8220;Un estadi per a la hist\u00f2ria&#8221;.<\/p>\n<p><strong class=\"moe-marker\">Amb reserva pr\u00e8via<\/strong><\/p>\n<\/div>\n<div class=\"col-dcha\">\n<div class=\"box-blue\">\n<ul class=\"moe-list\">\n<li>Grups a partir de 10 estudiants<\/li>\n<li>Preu per estudiant: 20\u20ac<\/li>\n<li>Durada aproximada: 3 hores 30 minuts<\/li>\n<li>De dimarts a divendres<\/li>\n<li>Idiomes: catal\u00e0<\/li>\n<\/ul>\n<\/div>\n<\/div>\n<\/section>\n<\/div>\n\t\t\t\t<\/div>\n\t\t\t\t\t\t\t<div class=\"elementor-accordion-item\">\n\t\t\t\t\t<h3 id=\"elementor-tab-title-1912\" class=\"elementor-tab-title\" data-tab=\"2\" role=\"button\" aria-controls=\"elementor-tab-content-1912\" aria-expanded=\"false\">\n\t\t\t\t\t\t\t\t\t\t\t\t\t<span class=\"elementor-accordion-icon elementor-accordion-icon-right\" aria-hidden=\"true\">\n\t\t\t\t\t\t\t\t\t\t\t\t\t\t\t<span class=\"elementor-accordion-icon-closed\"><svg xmlns=\"http:\/\/www.w3.org\/2000\/svg\" xmlns:xlink=\"http:\/\/www.w3.org\/1999\/xlink\" id=\"Layer_1\" viewBox=\"0 0 100 100\" xml:space=\"preserve\"><polygon fill=\"#010101\" points=\"80.2,51.6 51.4,51.6 51.4,22.6 48.9,22.6 48.9,51.6 19.9,51.6 19.9,54.1 48.9,54.1 48.9,83.1   51.4,83.1 51.4,54.1 80.4,54.1 80.4,51.6 \"><\/polygon><\/svg><\/span>\n\t\t\t\t\t\t\t\t<span class=\"elementor-accordion-icon-opened\"><svg xmlns=\"http:\/\/www.w3.org\/2000\/svg\" xmlns:xlink=\"http:\/\/www.w3.org\/1999\/xlink\" id=\"Layer_1\" viewBox=\"0 0 100 100\" xml:space=\"preserve\"><rect fill=\"#010101\" height=\"2.5\" width=\"60\" x=\"21.5\" y=\"51.6\"><\/rect><\/svg><\/span>\n\t\t\t\t\t\t\t\t\t\t\t\t\t\t<\/span>\n\t\t\t\t\t\t\t\t\t\t\t\t<a class=\"elementor-accordion-title\" tabindex=\"0\">Sense L\u00edmits \u2013 Endinsa\u2019t en el m\u00f3n de la discapacitat i l\u2019esport<\/a>\n\t\t\t\t\t<\/h3>\n\t\t\t\t\t<div id=\"elementor-tab-content-1912\" class=\"elementor-tab-content elementor-clearfix\" data-tab=\"2\" role=\"region\" aria-labelledby=\"elementor-tab-title-1912\"><section class=\"moe-section--tab\">\n<div class=\"col-izq\">\n<p>Aquesta visita taller consta d\u2019una part te\u00f2rica on aprendreu qu\u00e8 \u00e9s la discapacitat, quins tipus hi ha i veureu alguns dels esdeveniments esportius per a persones amb discapacitat. La part pr\u00e0ctica consisteix a practicar un esport incl\u00f2s al programa paral\u00edmpic: boccia, golbol o voleibol asseguts.<\/p>\n<p>Un cop acabat el taller, podreu accedir al museu de manera lliure.<\/p>\n<p><strong>Important: A l\u2019hora de fer la reserva, heu d\u2019especificar quin esport voleu practicar.<\/strong><\/p>\n<p>Es pot complementar amb l\u2019activitat: Prepara\u2019t i\/o &#8220;Un estadi per a la hist\u00f2ria&#8221;.<\/p>\n<p>*<strong class=\"moe-marker\">Aquest taller t\u00e9 l&#8217;opci\u00f3 de realitzar-se en el Centre Educatiu<\/strong><\/p>\n<p><strong class=\"moe-marker\">Amb reserva pr\u00e8via<\/strong><\/p>\n<\/div>\n<div class=\"col-dcha\">\n<div class=\"box-blue\">\n<ul class=\"moe-list\">\n<li>De 10 a 25 estudiants (25 estudiants aprox.) <\/li>\n<li>Preu per grup: 140\u20ac<\/li>\n<li>Durada aproximada: 3 hores<\/li>\n<li>De dimarts a divendres<\/li>\n<li>Idiomes: catal\u00e0, castell\u00e0, angl\u00e8s i franc\u00e8s<\/li>\n<\/ul>\n<\/div>\n<\/div>\n<\/section>\n<\/div>\n\t\t\t\t<\/div>\n\t\t\t\t\t\t\t<div class=\"elementor-accordion-item\">\n\t\t\t\t\t<h3 id=\"elementor-tab-title-1913\" class=\"elementor-tab-title\" data-tab=\"3\" role=\"button\" aria-controls=\"elementor-tab-content-1913\" aria-expanded=\"false\">\n\t\t\t\t\t\t\t\t\t\t\t\t\t<span class=\"elementor-accordion-icon elementor-accordion-icon-right\" aria-hidden=\"true\">\n\t\t\t\t\t\t\t\t\t\t\t\t\t\t\t<span class=\"elementor-accordion-icon-closed\"><svg xmlns=\"http:\/\/www.w3.org\/2000\/svg\" xmlns:xlink=\"http:\/\/www.w3.org\/1999\/xlink\" id=\"Layer_1\" viewBox=\"0 0 100 100\" xml:space=\"preserve\"><polygon fill=\"#010101\" points=\"80.2,51.6 51.4,51.6 51.4,22.6 48.9,22.6 48.9,51.6 19.9,51.6 19.9,54.1 48.9,54.1 48.9,83.1   51.4,83.1 51.4,54.1 80.4,54.1 80.4,51.6 \"><\/polygon><\/svg><\/span>\n\t\t\t\t\t\t\t\t<span class=\"elementor-accordion-icon-opened\"><svg xmlns=\"http:\/\/www.w3.org\/2000\/svg\" xmlns:xlink=\"http:\/\/www.w3.org\/1999\/xlink\" id=\"Layer_1\" viewBox=\"0 0 100 100\" xml:space=\"preserve\"><rect fill=\"#010101\" height=\"2.5\" width=\"60\" x=\"21.5\" y=\"51.6\"><\/rect><\/svg><\/span>\n\t\t\t\t\t\t\t\t\t\t\t\t\t\t<\/span>\n\t\t\t\t\t\t\t\t\t\t\t\t<a class=\"elementor-accordion-title\" tabindex=\"0\">Sense G\u00e8nere \u2013 L&#8217;esport no t\u00e9 g\u00e8nere<\/a>\n\t\t\t\t\t<\/h3>\n\t\t\t\t\t<div id=\"elementor-tab-content-1913\" class=\"elementor-tab-content elementor-clearfix\" data-tab=\"3\" role=\"region\" aria-labelledby=\"elementor-tab-title-1913\"><section class=\"moe-section--tab\">\n<div class=\"col-izq\">\n<p>Taller amb metodologia <em>Hall Escape<\/em> en el qual els estudiants descobriran casos reals d\u2019esportistes amb diversitat de g\u00e8nere i la seva lluita per a la normalitzaci\u00f3 en el m\u00f3n de l\u2019esport. En aquest taller se\u2019ls hi demanar\u00e0 un pensament cr\u00edtic per tal de reflexionar sobre la realitat esportiva.<\/p>\n<p>Un cop acabat el taller, podreu accedir al museu de manera lliure.<\/p>\n<p>Es pot complementar amb l\u2019activitat: Prepara\u2019t i\/o &#8220;Un estadi per a la hist\u00f2ria&#8221;.<\/p>\n<p>*<strong class=\"moe-marker\">Aquest taller t\u00e9 l&#8217;opci\u00f3 de realitzar-se en el Centre Educatiu<\/strong><\/p>\n<p><strong class=\"moe-marker\">Amb reserva pr\u00e8via<\/strong><\/p>\n<\/div>\n<div class=\"col-dcha\">\n<div class=\"box-blue\">\n<ul class=\"moe-list\">\n<li>De 10 a 25 estudiants (25 estudiants aprox.) <\/li>\n<li>Cicle superior de prim\u00e0ria, ESO i batxillerat<\/li>\n<li>Preu per grup: 140\u20ac<\/li>\n<li>Durada aproximada: 2 hores 30 minuts<\/li>\n<li>De dimarts a divendres<\/li>\n<li>Idiomes: catal\u00e0<\/li>\n<\/ul>\n<\/div>\n<\/div>\n<\/section>\n<\/div>\n\t\t\t\t<\/div>\n\t\t\t\t\t\t\t<div class=\"elementor-accordion-item\">\n\t\t\t\t\t<h3 id=\"elementor-tab-title-1914\" class=\"elementor-tab-title\" data-tab=\"4\" role=\"button\" aria-controls=\"elementor-tab-content-1914\" aria-expanded=\"false\">\n\t\t\t\t\t\t\t\t\t\t\t\t\t<span class=\"elementor-accordion-icon elementor-accordion-icon-right\" aria-hidden=\"true\">\n\t\t\t\t\t\t\t\t\t\t\t\t\t\t\t<span class=\"elementor-accordion-icon-closed\"><svg xmlns=\"http:\/\/www.w3.org\/2000\/svg\" xmlns:xlink=\"http:\/\/www.w3.org\/1999\/xlink\" id=\"Layer_1\" viewBox=\"0 0 100 100\" xml:space=\"preserve\"><polygon fill=\"#010101\" points=\"80.2,51.6 51.4,51.6 51.4,22.6 48.9,22.6 48.9,51.6 19.9,51.6 19.9,54.1 48.9,54.1 48.9,83.1   51.4,83.1 51.4,54.1 80.4,54.1 80.4,51.6 \"><\/polygon><\/svg><\/span>\n\t\t\t\t\t\t\t\t<span class=\"elementor-accordion-icon-opened\"><svg xmlns=\"http:\/\/www.w3.org\/2000\/svg\" xmlns:xlink=\"http:\/\/www.w3.org\/1999\/xlink\" id=\"Layer_1\" viewBox=\"0 0 100 100\" xml:space=\"preserve\"><rect fill=\"#010101\" height=\"2.5\" width=\"60\" x=\"21.5\" y=\"51.6\"><\/rect><\/svg><\/span>\n\t\t\t\t\t\t\t\t\t\t\t\t\t\t<\/span>\n\t\t\t\t\t\t\t\t\t\t\t\t<a class=\"elementor-accordion-title\" tabindex=\"0\">Descobrint Barcelona&#8217;92<\/a>\n\t\t\t\t\t<\/h3>\n\t\t\t\t\t<div id=\"elementor-tab-content-1914\" class=\"elementor-tab-content elementor-clearfix\" data-tab=\"4\" role=\"region\" aria-labelledby=\"elementor-tab-title-1914\"><section class=\"moe-section--tab\">\n<div class=\"col-izq\">\n<p>Taller dividit en dues parts: a la primera, descobriran diferents elements que es van utilitzar per als Jocs de Barcelona (mascota ol\u00edmpica i paral\u00edmpica, emblemes, cerim\u00f2nies, voluntariat, etc.) i coneixeran com va canviar la ciutat per acollir els Jocs. A la segona, en funci\u00f3 del nivell educatiu, hauran de crear un cartell o mascota d\u2019uns Jocs en base al que han descobert i a uns par\u00e0metres donats.<br \/>\nAquesta activitat es du a terme a trav\u00e9s de la descoberta, cooperaci\u00f3, el joc i el pensament cr\u00edtic.<br \/>\nUn cop acabat el taller, el grup pot accedir al museu de manera lliure.<\/p>\n<p>Es pot complementar amb l\u2019activitat: Prepara\u2019t i\/o &#8220;Un estadi per a la hist\u00f2ria&#8221;.<\/p>\n<p><strong class=\"moe-marker\">Amb reserva pr\u00e8via<\/strong><\/p>\n<\/div>\n<div class=\"col-dcha\">\n<div class=\"box-blue\">\n<ul class=\"moe-list\">\n<li>De 10 a 25 estudiants (25 estudiants aprox.)<\/li>\n<li>Preu per grup: 140\u20ac<\/li>\n<li>Durada aproximada: 3 hores<\/li>\n<li>De dimarts a divendres<\/li>\n<li>Idiomes: catal\u00e0, castell\u00e0 i angl\u00e8s<\/li>\n<\/ul>\n<\/div>\n<\/div>\n<\/section>\n<\/div>\n\t\t\t\t<\/div>\n\t\t\t\t\t\t\t<div class=\"elementor-accordion-item\">\n\t\t\t\t\t<h3 id=\"elementor-tab-title-1915\" class=\"elementor-tab-title\" data-tab=\"5\" role=\"button\" aria-controls=\"elementor-tab-content-1915\" aria-expanded=\"false\">\n\t\t\t\t\t\t\t\t\t\t\t\t\t<span class=\"elementor-accordion-icon elementor-accordion-icon-right\" aria-hidden=\"true\">\n\t\t\t\t\t\t\t\t\t\t\t\t\t\t\t<span class=\"elementor-accordion-icon-closed\"><svg xmlns=\"http:\/\/www.w3.org\/2000\/svg\" xmlns:xlink=\"http:\/\/www.w3.org\/1999\/xlink\" id=\"Layer_1\" viewBox=\"0 0 100 100\" xml:space=\"preserve\"><polygon fill=\"#010101\" points=\"80.2,51.6 51.4,51.6 51.4,22.6 48.9,22.6 48.9,51.6 19.9,51.6 19.9,54.1 48.9,54.1 48.9,83.1   51.4,83.1 51.4,54.1 80.4,54.1 80.4,51.6 \"><\/polygon><\/svg><\/span>\n\t\t\t\t\t\t\t\t<span class=\"elementor-accordion-icon-opened\"><svg xmlns=\"http:\/\/www.w3.org\/2000\/svg\" xmlns:xlink=\"http:\/\/www.w3.org\/1999\/xlink\" id=\"Layer_1\" viewBox=\"0 0 100 100\" xml:space=\"preserve\"><rect fill=\"#010101\" height=\"2.5\" width=\"60\" x=\"21.5\" y=\"51.6\"><\/rect><\/svg><\/span>\n\t\t\t\t\t\t\t\t\t\t\t\t\t\t<\/span>\n\t\t\t\t\t\t\t\t\t\t\t\t<a class=\"elementor-accordion-title\" tabindex=\"0\">Sense Esport- ODS<\/a>\n\t\t\t\t\t<\/h3>\n\t\t\t\t\t<div id=\"elementor-tab-content-1915\" class=\"elementor-tab-content elementor-clearfix\" data-tab=\"5\" role=\"region\" aria-labelledby=\"elementor-tab-title-1915\"><section class=\"moe-section--tab\">\n<div class=\"col-izq\">\n<p>Voleu treballar els Objectius de Desenvolupament Sostenible a trav\u00e9s de la tem\u00e0tica esportiva? Us proposem aquest taller per reflexionar sobre el paper que juguem en el m\u00f3n i, aix\u00ed, poder millorar les nostres actituds i accions.<br \/>\nAquest taller presenta una din\u00e0mica de descoberta, en el qual pararem a diferents llocs del museu i durem a terme diferents activitats que permetran reflexionar sobre com l\u2019esport i les nostres accions afavoreixen a la sostenibilitat i, tot plegat, de forma transversal.<br \/>\nUn cop acabat el taller, el grup pot accedir al museu de manera lliure.<\/p>\n<p><strong class=\"moe-marker\">Activitat amb reserva pr\u00e8via<\/strong><\/p>\n<\/div>\n<div class=\"col-dcha\">\n<div class=\"box-blue\">\n<ul class=\"moe-list\">\n<li>De 10 a 25 estudiants (25 estudiants aprox.)<\/li>\n<li>Preu per grup: 140\u20ac<\/li>\n<li>Durada aproximada:2 hores 30 minuts<\/li>\n<li>De dimarts a divendres<\/li>\n<li>Idiomes: catal\u00e0<\/li>\n<\/ul>\n<\/div>\n<\/div>\n<\/section>\n<\/div>\n\t\t\t\t<\/div>\n\t\t\t\t\t\t\t<div class=\"elementor-accordion-item\">\n\t\t\t\t\t<h3 id=\"elementor-tab-title-1916\" class=\"elementor-tab-title\" data-tab=\"6\" role=\"button\" aria-controls=\"elementor-tab-content-1916\" aria-expanded=\"false\">\n\t\t\t\t\t\t\t\t\t\t\t\t\t<span class=\"elementor-accordion-icon elementor-accordion-icon-right\" aria-hidden=\"true\">\n\t\t\t\t\t\t\t\t\t\t\t\t\t\t\t<span class=\"elementor-accordion-icon-closed\"><svg xmlns=\"http:\/\/www.w3.org\/2000\/svg\" xmlns:xlink=\"http:\/\/www.w3.org\/1999\/xlink\" id=\"Layer_1\" viewBox=\"0 0 100 100\" xml:space=\"preserve\"><polygon fill=\"#010101\" points=\"80.2,51.6 51.4,51.6 51.4,22.6 48.9,22.6 48.9,51.6 19.9,51.6 19.9,54.1 48.9,54.1 48.9,83.1   51.4,83.1 51.4,54.1 80.4,54.1 80.4,51.6 \"><\/polygon><\/svg><\/span>\n\t\t\t\t\t\t\t\t<span class=\"elementor-accordion-icon-opened\"><svg xmlns=\"http:\/\/www.w3.org\/2000\/svg\" xmlns:xlink=\"http:\/\/www.w3.org\/1999\/xlink\" id=\"Layer_1\" viewBox=\"0 0 100 100\" xml:space=\"preserve\"><rect fill=\"#010101\" height=\"2.5\" width=\"60\" x=\"21.5\" y=\"51.6\"><\/rect><\/svg><\/span>\n\t\t\t\t\t\t\t\t\t\t\t\t\t\t<\/span>\n\t\t\t\t\t\t\t\t\t\t\t\t<a class=\"elementor-accordion-title\" tabindex=\"0\">Sessi\u00f3 d\u2019iniciaci\u00f3 a l\u2019olimpisme<\/a>\n\t\t\t\t\t<\/h3>\n\t\t\t\t\t<div id=\"elementor-tab-content-1916\" class=\"elementor-tab-content elementor-clearfix\" data-tab=\"6\" role=\"region\" aria-labelledby=\"elementor-tab-title-1916\"><section class=\"moe-section--tab\">\n<div class=\"col-izq\">\n<p>En aquesta visita podreu con\u00e8ixer els or\u00edgens i l\u2019evoluci\u00f3 dels Jocs Ol\u00edmpics en un auditori, amb una explicaci\u00f3 te\u00f2rica i participativa acompanyada de suport audiovisual. En acabar, podreu visitar el museu de forma lliure.<\/p>\n<p>Es pot complementar amb l\u2019activitat: Prepara\u2019t i\/o &#8220;Un estadi per a la hist\u00f2ria&#8221;.<\/p>\n<p>*<strong class=\"moe-marker\">T\u00e9 l&#8217;opci\u00f3 de realitzar-se en el Centre Educatiu<\/strong><\/p>\n<p><strong class=\"moe-marker\">Amb reserva pr\u00e8via<\/strong><\/p>\n<\/div>\n<div class=\"col-dcha\">\n<div class=\"box-blue\">\n<ul class=\"moe-list\">\n<li>De 10 a 60 estudiants<\/li>\n<li>Preu per estudiant: 5\u20ac<\/li>\n<li>Durada aproximada: 2 hores<\/li>\n<li>De dimarts a divendres<\/li>\n<li>Idiomes: catal\u00e0, castell\u00e0, angl\u00e8s i franc\u00e8s<\/li>\n<\/ul>\n<\/div>\n<\/div>\n<\/section>\n<\/div>\n\t\t\t\t<\/div>\n\t\t\t\t\t\t\t<div class=\"elementor-accordion-item\">\n\t\t\t\t\t<h3 id=\"elementor-tab-title-1917\" class=\"elementor-tab-title\" data-tab=\"7\" role=\"button\" aria-controls=\"elementor-tab-content-1917\" aria-expanded=\"false\">\n\t\t\t\t\t\t\t\t\t\t\t\t\t<span class=\"elementor-accordion-icon elementor-accordion-icon-right\" aria-hidden=\"true\">\n\t\t\t\t\t\t\t\t\t\t\t\t\t\t\t<span class=\"elementor-accordion-icon-closed\"><svg xmlns=\"http:\/\/www.w3.org\/2000\/svg\" xmlns:xlink=\"http:\/\/www.w3.org\/1999\/xlink\" id=\"Layer_1\" viewBox=\"0 0 100 100\" xml:space=\"preserve\"><polygon fill=\"#010101\" points=\"80.2,51.6 51.4,51.6 51.4,22.6 48.9,22.6 48.9,51.6 19.9,51.6 19.9,54.1 48.9,54.1 48.9,83.1   51.4,83.1 51.4,54.1 80.4,54.1 80.4,51.6 \"><\/polygon><\/svg><\/span>\n\t\t\t\t\t\t\t\t<span class=\"elementor-accordion-icon-opened\"><svg xmlns=\"http:\/\/www.w3.org\/2000\/svg\" xmlns:xlink=\"http:\/\/www.w3.org\/1999\/xlink\" id=\"Layer_1\" viewBox=\"0 0 100 100\" xml:space=\"preserve\"><rect fill=\"#010101\" height=\"2.5\" width=\"60\" x=\"21.5\" y=\"51.6\"><\/rect><\/svg><\/span>\n\t\t\t\t\t\t\t\t\t\t\t\t\t\t<\/span>\n\t\t\t\t\t\t\t\t\t\t\t\t<a class=\"elementor-accordion-title\" tabindex=\"0\">Visita lliure al museu<\/a>\n\t\t\t\t\t<\/h3>\n\t\t\t\t\t<div id=\"elementor-tab-content-1917\" class=\"elementor-tab-content elementor-clearfix\" data-tab=\"7\" role=\"region\" aria-labelledby=\"elementor-tab-title-1917\"><section class=\"moe-section--tab\">\n<div class=\"col-izq\">\n<p>Descobriu la hist\u00f2ria i evoluci\u00f3 dels Josc Ol\u00edmpics, la hist\u00f2ria de la pr\u00e0ctica esportiva a Catalunya i la celebraci\u00f3 dels Jocs de Barcelona\u201992, aix\u00ed com el gran ventall d\u2019esports que es practiquen a tot el m\u00f3n a trav\u00e9s d\u2019objectes, imatges, textos, audiovisuals i pantalles interactives.<\/p>\n<p>Es pot complementar amb l\u2019activitat: Prepara\u2019t i\/o &#8220;Un estadi per a la hist\u00f2ria&#8221;.<\/p>\n<p><strong class=\"moe-marker\">Amb reserva pr\u00e8via<\/strong><\/p>\n<\/div>\n<div class=\"col-dcha\">\n<div class=\"box-blue\">\n<ul class=\"moe-list\">\n<li>M\u00ednim 15 estudiants (m\u00e9s de 40 estudiants, es fan 2 grups amb un interval de 10 minuts)<\/li>\n<li>Preu per estudiant: 3,30\u20ac<\/li>\n<li>Durada aproximada: 1 hora<\/li>\n<li>De dimarts a diumenge<\/li>\n<\/ul>\n<\/div>\n<\/div>\n<\/section>\n<\/div>\n\t\t\t\t<\/div>\n\t\t\t\t\t\t\t<div class=\"elementor-accordion-item\">\n\t\t\t\t\t<h3 id=\"elementor-tab-title-1918\" class=\"elementor-tab-title\" data-tab=\"8\" role=\"button\" aria-controls=\"elementor-tab-content-1918\" aria-expanded=\"false\">\n\t\t\t\t\t\t\t\t\t\t\t\t\t<span class=\"elementor-accordion-icon elementor-accordion-icon-right\" aria-hidden=\"true\">\n\t\t\t\t\t\t\t\t\t\t\t\t\t\t\t<span class=\"elementor-accordion-icon-closed\"><svg xmlns=\"http:\/\/www.w3.org\/2000\/svg\" xmlns:xlink=\"http:\/\/www.w3.org\/1999\/xlink\" id=\"Layer_1\" viewBox=\"0 0 100 100\" xml:space=\"preserve\"><polygon fill=\"#010101\" points=\"80.2,51.6 51.4,51.6 51.4,22.6 48.9,22.6 48.9,51.6 19.9,51.6 19.9,54.1 48.9,54.1 48.9,83.1   51.4,83.1 51.4,54.1 80.4,54.1 80.4,51.6 \"><\/polygon><\/svg><\/span>\n\t\t\t\t\t\t\t\t<span class=\"elementor-accordion-icon-opened\"><svg xmlns=\"http:\/\/www.w3.org\/2000\/svg\" xmlns:xlink=\"http:\/\/www.w3.org\/1999\/xlink\" id=\"Layer_1\" viewBox=\"0 0 100 100\" xml:space=\"preserve\"><rect fill=\"#010101\" height=\"2.5\" width=\"60\" x=\"21.5\" y=\"51.6\"><\/rect><\/svg><\/span>\n\t\t\t\t\t\t\t\t\t\t\t\t\t\t<\/span>\n\t\t\t\t\t\t\t\t\t\t\t\t<a class=\"elementor-accordion-title\" tabindex=\"0\">Vacances al museu<\/a>\n\t\t\t\t\t<\/h3>\n\t\t\t\t\t<div id=\"elementor-tab-content-1918\" class=\"elementor-tab-content elementor-clearfix\" data-tab=\"8\" role=\"region\" aria-labelledby=\"elementor-tab-title-1918\"><section class=\"moe-section--tab\">\n<div class=\"col-izq\">\n<p>Durant les vacances d\u2019estiu (juny, juliol i setembre), d\u2019hivern (20 de desembre al 5 de gener) i Setmana Santa, el Museu programa activitats especials, quan els participants als casals podreu veure una sessi\u00f3 de cinema del BCN Sports Film Festival, visitar el museu de manera lliure i prendre un suc de fruita.<\/p>\n<p>Es pot complementar amb l&#8217;activitat: Prepara\u2019t<\/p>\n<p><strong class=\"moe-marker\">Amb reserva pr\u00e8via<\/strong><\/p>\n<\/div>\n<div class=\"col-dcha\">\n<div class=\"box-blue\">\n<ul class=\"moe-list\">\n<li>Grups a partir de 10 estudiants<\/li>\n<li>Preu per estudiant: 4,50\u20ac<\/li>\n<li>Durada aproximada: 1 hora 45 minuts<\/li>\n<li>De dimarts a divendres<\/li>\n<li>Idiomes: subt\u00edtols en catal\u00e0<\/li>\n<\/ul>\n<\/div>\n<\/div>\n<\/section>\n<\/div>\n\t\t\t\t<\/div>\n\t\t\t\t\t\t\t<div class=\"elementor-accordion-item\">\n\t\t\t\t\t<h3 id=\"elementor-tab-title-1919\" class=\"elementor-tab-title\" data-tab=\"9\" role=\"button\" aria-controls=\"elementor-tab-content-1919\" aria-expanded=\"false\">\n\t\t\t\t\t\t\t\t\t\t\t\t\t<span class=\"elementor-accordion-icon elementor-accordion-icon-right\" aria-hidden=\"true\">\n\t\t\t\t\t\t\t\t\t\t\t\t\t\t\t<span class=\"elementor-accordion-icon-closed\"><svg xmlns=\"http:\/\/www.w3.org\/2000\/svg\" xmlns:xlink=\"http:\/\/www.w3.org\/1999\/xlink\" id=\"Layer_1\" viewBox=\"0 0 100 100\" xml:space=\"preserve\"><polygon fill=\"#010101\" points=\"80.2,51.6 51.4,51.6 51.4,22.6 48.9,22.6 48.9,51.6 19.9,51.6 19.9,54.1 48.9,54.1 48.9,83.1   51.4,83.1 51.4,54.1 80.4,54.1 80.4,51.6 \"><\/polygon><\/svg><\/span>\n\t\t\t\t\t\t\t\t<span class=\"elementor-accordion-icon-opened\"><svg xmlns=\"http:\/\/www.w3.org\/2000\/svg\" xmlns:xlink=\"http:\/\/www.w3.org\/1999\/xlink\" id=\"Layer_1\" viewBox=\"0 0 100 100\" xml:space=\"preserve\"><rect fill=\"#010101\" height=\"2.5\" width=\"60\" x=\"21.5\" y=\"51.6\"><\/rect><\/svg><\/span>\n\t\t\t\t\t\t\t\t\t\t\t\t\t\t<\/span>\n\t\t\t\t\t\t\t\t\t\t\t\t<a class=\"elementor-accordion-title\" tabindex=\"0\">Visita guiada al museu<\/a>\n\t\t\t\t\t<\/h3>\n\t\t\t\t\t<div id=\"elementor-tab-content-1919\" class=\"elementor-tab-content elementor-clearfix\" data-tab=\"9\" role=\"region\" aria-labelledby=\"elementor-tab-title-1919\"><section class=\"moe-section--tab\">\n<div class=\"col-izq\">\n<p>En la visita guiada al museu podreu con\u00e8ixer la hist\u00f2ria i evoluci\u00f3 dels Jocs Ol\u00edmpics, a m\u00e9s de la celebraci\u00f3 dels Jocs de Barcelona\u201992 de la m\u00e0 d\u2019un guia.<\/p>\n<p>Es pot complementar amb l\u2019activitat: &#8220;Un estadi per a la hist\u00f2ria&#8221;.<\/p>\n<p><strong class=\"moe-marker\">Amb reserva pr\u00e8via<\/strong><\/p>\n<\/div>\n<div class=\"col-dcha\">\n<div class=\"box-blue\">\n<ul class=\"moe-list\">\n<li>De 15 a 25 estudiants (a cada grup 25 estudiants)<\/li>\n<li>Preu per estudiant: 5\u20ac<\/li>\n<li>Durada aproximada: 1 hora 45 minuts<\/li>\n<li>De dimarts a divendres<\/li>\n<li>Idiomes: catal\u00e0, castell\u00e0, angl\u00e8s i franc\u00e8s<\/li>\n<\/ul>\n<\/div>\n<\/div>\n<\/section>\n<\/div>\n\t\t\t\t<\/div>\n\t\t\t\t\t\t\t<div class=\"elementor-accordion-item\">\n\t\t\t\t\t<h3 id=\"elementor-tab-title-19110\" class=\"elementor-tab-title\" data-tab=\"10\" role=\"button\" aria-controls=\"elementor-tab-content-19110\" aria-expanded=\"false\">\n\t\t\t\t\t\t\t\t\t\t\t\t\t<span class=\"elementor-accordion-icon elementor-accordion-icon-right\" aria-hidden=\"true\">\n\t\t\t\t\t\t\t\t\t\t\t\t\t\t\t<span class=\"elementor-accordion-icon-closed\"><svg xmlns=\"http:\/\/www.w3.org\/2000\/svg\" xmlns:xlink=\"http:\/\/www.w3.org\/1999\/xlink\" id=\"Layer_1\" viewBox=\"0 0 100 100\" xml:space=\"preserve\"><polygon fill=\"#010101\" points=\"80.2,51.6 51.4,51.6 51.4,22.6 48.9,22.6 48.9,51.6 19.9,51.6 19.9,54.1 48.9,54.1 48.9,83.1   51.4,83.1 51.4,54.1 80.4,54.1 80.4,51.6 \"><\/polygon><\/svg><\/span>\n\t\t\t\t\t\t\t\t<span class=\"elementor-accordion-icon-opened\"><svg xmlns=\"http:\/\/www.w3.org\/2000\/svg\" xmlns:xlink=\"http:\/\/www.w3.org\/1999\/xlink\" id=\"Layer_1\" viewBox=\"0 0 100 100\" xml:space=\"preserve\"><rect fill=\"#010101\" height=\"2.5\" width=\"60\" x=\"21.5\" y=\"51.6\"><\/rect><\/svg><\/span>\n\t\t\t\t\t\t\t\t\t\t\t\t\t\t<\/span>\n\t\t\t\t\t\t\t\t\t\t\t\t<a class=\"elementor-accordion-title\" tabindex=\"0\">Prepara\u2019t<\/a>\n\t\t\t\t\t<\/h3>\n\t\t\t\t\t<div id=\"elementor-tab-content-19110\" class=\"elementor-tab-content elementor-clearfix\" data-tab=\"10\" role=\"region\" aria-labelledby=\"elementor-tab-title-19110\"><section class=\"moe-section--tab\">\n<div class=\"col-izq\">\n<p>\u00c9s una activitat que us permet rec\u00f3rrer el museu cercant les respostes a un conjunt de preguntes que us introdueixen al m\u00f3n de l\u2019olimpisme, la pr\u00e0ctica esportiva, els Jocs Ol\u00edmpics i els Jocs de Barcelona\u201992.<\/p>\n<p><strong>Cada estudiant ha de portar un llapis o un bol\u00edgraf.<\/strong><\/p>\n<p><strong class=\"moe-marker\">Cal sol\u00b7licitar el pdf de l&#8217;activitat Prepara\u2019t quan feu la reserva, el qual us farem arribar per correu electr\u00f2nic.<\/strong><\/p>\n<\/div>\n<div class=\"col-dcha\">\n<div class=\"box-blue\">\n<ul class=\"moe-list\">\n<li>Activitat complement\u00e0ria<\/li>\n<li>Adre\u00e7at a: nivells educatius a partir d\u2019Educaci\u00f3 Prim\u00e0ria fins a 4t de l\u2019ESO<\/li>\n<li>Idiomes: 5 nivells en catal\u00e0, castell\u00e0, angl\u00e8s i franc\u00e8s<\/li>\n<\/ul>\n<\/div>\n<\/div>\n<\/section>\n<\/div>\n\t\t\t\t<\/div>\n\t\t\t\t\t\t\t<div class=\"elementor-accordion-item\">\n\t\t\t\t\t<h3 id=\"elementor-tab-title-19111\" class=\"elementor-tab-title\" data-tab=\"11\" role=\"button\" aria-controls=\"elementor-tab-content-19111\" aria-expanded=\"false\">\n\t\t\t\t\t\t\t\t\t\t\t\t\t<span class=\"elementor-accordion-icon elementor-accordion-icon-right\" aria-hidden=\"true\">\n\t\t\t\t\t\t\t\t\t\t\t\t\t\t\t<span class=\"elementor-accordion-icon-closed\"><svg xmlns=\"http:\/\/www.w3.org\/2000\/svg\" xmlns:xlink=\"http:\/\/www.w3.org\/1999\/xlink\" id=\"Layer_1\" viewBox=\"0 0 100 100\" xml:space=\"preserve\"><polygon fill=\"#010101\" points=\"80.2,51.6 51.4,51.6 51.4,22.6 48.9,22.6 48.9,51.6 19.9,51.6 19.9,54.1 48.9,54.1 48.9,83.1   51.4,83.1 51.4,54.1 80.4,54.1 80.4,51.6 \"><\/polygon><\/svg><\/span>\n\t\t\t\t\t\t\t\t<span class=\"elementor-accordion-icon-opened\"><svg xmlns=\"http:\/\/www.w3.org\/2000\/svg\" xmlns:xlink=\"http:\/\/www.w3.org\/1999\/xlink\" id=\"Layer_1\" viewBox=\"0 0 100 100\" xml:space=\"preserve\"><rect fill=\"#010101\" height=\"2.5\" width=\"60\" x=\"21.5\" y=\"51.6\"><\/rect><\/svg><\/span>\n\t\t\t\t\t\t\t\t\t\t\t\t\t\t<\/span>\n\t\t\t\t\t\t\t\t\t\t\t\t<a class=\"elementor-accordion-title\" tabindex=\"0\">Un estadi per a la hist\u00f2ria<\/a>\n\t\t\t\t\t<\/h3>\n\t\t\t\t\t<div id=\"elementor-tab-content-19111\" class=\"elementor-tab-content elementor-clearfix\" data-tab=\"11\" role=\"region\" aria-labelledby=\"elementor-tab-title-19111\"><section class=\"moe-section--tab\">\n<div class=\"col-izq\">\n<p>Activitat complement\u00e0ria a quasevol visita.<\/p>\n<p>Aquesta activitat consta de dues parts, objectiu de les quals \u00e9s que l\u2019alumnat descobreixi la hist\u00f2ria de l\u2019estadi i el gran ventall d\u2019esdeveniments esportius que ha acollit aquest instal\u00b7laci\u00f3.<br \/>\nEs du a terme a trav\u00e9s de la descoberta, cooperaci\u00f3, el joc i el pensament cr\u00edtic.<\/p>\n<p>Important: No s\u2019accedeix a l\u2019estadi i es du a terme a la porta principal d\u2019aquesta instal\u00b7laci\u00f3<\/p>\n<p><strong class=\"moe-marker\">Amb reserva pr\u00e8via<\/strong><\/p>\n<\/div>\n<div class=\"col-dcha\">\n<div class=\"box-blue\">\n<ul class=\"moe-list\">\n<li>Grup classe (25 estudiants aprox.)<\/li>\n<li>Preu per grup: 55\u20ac<\/li>\n<li>Durada aproximada: 1 hora<\/li>\n<li>De dimarts a divendres<\/li>\n<li>Idiomes: catal\u00e0, castell\u00e0, angl\u00e8s i franc\u00e8s<\/li>\n<\/ul>\n<\/div>\n<\/div>\n<\/section>\n<\/div>\n\t\t\t\t<\/div>\n\t\t\t\t\t\t\t\t<\/div>\n\t\t\t\t\t\t<\/div>\n\t\t\t\t<\/div>\n\t\t\t\t\t<\/div>\n\t\t<\/div>\n\t\t\t\t\t<\/div>\n\t\t<\/section>\n\t\t\t\t<\/div>\n\t\t\n<\/div>\n\t\t\t\t\t\t\t\t\t<div class=\"elementor-tab-title elementor-tab-mobile-title\" aria-selected=\"false\" data-tab=\"4\" role=\"tab\" tabindex=\"-1\" aria-controls=\"elementor-tab-content-2034\" aria-expanded=\"false\">Batxillerat i cicles<\/div>\n\t\t\t\t\t<div id=\"elementor-tab-content-2034\" class=\"elementor-tab-content elementor-clearfix\" data-tab=\"4\" role=\"tabpanel\" aria-labelledby=\"elementor-tab-title-2034\" tabindex=\"0\" hidden=\"hidden\">\t\t<div data-elementor-type=\"section\" data-elementor-id=\"18078\" class=\"elementor elementor-18078 elementor-5415\" data-elementor-post-type=\"elementor_library\">\n\t\t\t\t\t<section class=\"elementor-section elementor-top-section elementor-element elementor-element-f94c709 moe-acordeon elementor-section-boxed elementor-section-height-default elementor-section-height-default\" data-id=\"f94c709\" data-element_type=\"section\">\n\t\t\t\t\t\t<div class=\"elementor-container elementor-column-gap-no\">\n\t\t\t\t\t<div class=\"elementor-column elementor-col-100 elementor-top-column elementor-element elementor-element-c1f1278\" data-id=\"c1f1278\" data-element_type=\"column\">\n\t\t\t<div class=\"elementor-widget-wrap elementor-element-populated\">\n\t\t\t\t\t\t<div class=\"elementor-element elementor-element-b7125b8 elementor-widget elementor-widget-accordion\" data-id=\"b7125b8\" data-element_type=\"widget\" data-widget_type=\"accordion.default\">\n\t\t\t\t<div class=\"elementor-widget-container\">\n\t\t\t\t\t\t\t<div class=\"elementor-accordion\">\n\t\t\t\t\t\t\t<div class=\"elementor-accordion-item\">\n\t\t\t\t\t<h3 id=\"elementor-tab-title-1911\" class=\"elementor-tab-title\" data-tab=\"1\" role=\"button\" aria-controls=\"elementor-tab-content-1911\" aria-expanded=\"false\">\n\t\t\t\t\t\t\t\t\t\t\t\t\t<span class=\"elementor-accordion-icon elementor-accordion-icon-right\" aria-hidden=\"true\">\n\t\t\t\t\t\t\t\t\t\t\t\t\t\t\t<span class=\"elementor-accordion-icon-closed\"><svg xmlns=\"http:\/\/www.w3.org\/2000\/svg\" xmlns:xlink=\"http:\/\/www.w3.org\/1999\/xlink\" id=\"Layer_1\" viewBox=\"0 0 100 100\" xml:space=\"preserve\"><polygon fill=\"#010101\" points=\"80.2,51.6 51.4,51.6 51.4,22.6 48.9,22.6 48.9,51.6 19.9,51.6 19.9,54.1 48.9,54.1 48.9,83.1   51.4,83.1 51.4,54.1 80.4,54.1 80.4,51.6 \"><\/polygon><\/svg><\/span>\n\t\t\t\t\t\t\t\t<span class=\"elementor-accordion-icon-opened\"><svg xmlns=\"http:\/\/www.w3.org\/2000\/svg\" xmlns:xlink=\"http:\/\/www.w3.org\/1999\/xlink\" id=\"Layer_1\" viewBox=\"0 0 100 100\" xml:space=\"preserve\"><rect fill=\"#010101\" height=\"2.5\" width=\"60\" x=\"21.5\" y=\"51.6\"><\/rect><\/svg><\/span>\n\t\t\t\t\t\t\t\t\t\t\t\t\t\t<\/span>\n\t\t\t\t\t\t\t\t\t\t\t\t<a class=\"elementor-accordion-title\" tabindex=\"0\">Recorda els Jocs de Barcelona\u201992<\/a>\n\t\t\t\t\t<\/h3>\n\t\t\t\t\t<div id=\"elementor-tab-content-1911\" class=\"elementor-tab-content elementor-clearfix\" data-tab=\"1\" role=\"region\" aria-labelledby=\"elementor-tab-title-1911\"><section class=\"moe-section--tab\">\n<div class=\"col-izq\">\n<p>Reviviu els Jocs de Barcelona\u201992 amb un recorregut per l\u2019Anella Ol\u00edmpica i l\u2019espai Barcelona\u201992 del museu! En aquesta visita es fa menci\u00f3 de tots els elements relacionats amb aquests jocs. Un cop acabat el recorregut, podeu accedir al museu.<\/p>\n<p><strong class=\"moe-marker\">Amb reserva pr\u00e8via<\/strong><\/p>\n<\/div>\n<div class=\"col-dcha\">\n<div class=\"box-blue\">\n<ul class=\"moe-list\">\n<li>De 10 a 20 persones<\/li>\n<li>Preu per estudiant: 5,50\u20ac<\/li>\n<li>Durada aproximada: 2 hores 15 minuts<\/li>\n<li>De dimarts a divendres<\/li>\n<li>Idiomes: catal\u00e0, castell\u00e0, angl\u00e8s i franc\u00e8s<\/li>\n<\/ul>\n<\/div>\n<\/div>\n<\/section>\n<\/div>\n\t\t\t\t<\/div>\n\t\t\t\t\t\t\t<div class=\"elementor-accordion-item\">\n\t\t\t\t\t<h3 id=\"elementor-tab-title-1912\" class=\"elementor-tab-title\" data-tab=\"2\" role=\"button\" aria-controls=\"elementor-tab-content-1912\" aria-expanded=\"false\">\n\t\t\t\t\t\t\t\t\t\t\t\t\t<span class=\"elementor-accordion-icon elementor-accordion-icon-right\" aria-hidden=\"true\">\n\t\t\t\t\t\t\t\t\t\t\t\t\t\t\t<span class=\"elementor-accordion-icon-closed\"><svg xmlns=\"http:\/\/www.w3.org\/2000\/svg\" xmlns:xlink=\"http:\/\/www.w3.org\/1999\/xlink\" id=\"Layer_1\" viewBox=\"0 0 100 100\" xml:space=\"preserve\"><polygon fill=\"#010101\" points=\"80.2,51.6 51.4,51.6 51.4,22.6 48.9,22.6 48.9,51.6 19.9,51.6 19.9,54.1 48.9,54.1 48.9,83.1   51.4,83.1 51.4,54.1 80.4,54.1 80.4,51.6 \"><\/polygon><\/svg><\/span>\n\t\t\t\t\t\t\t\t<span class=\"elementor-accordion-icon-opened\"><svg xmlns=\"http:\/\/www.w3.org\/2000\/svg\" xmlns:xlink=\"http:\/\/www.w3.org\/1999\/xlink\" id=\"Layer_1\" viewBox=\"0 0 100 100\" xml:space=\"preserve\"><rect fill=\"#010101\" height=\"2.5\" width=\"60\" x=\"21.5\" y=\"51.6\"><\/rect><\/svg><\/span>\n\t\t\t\t\t\t\t\t\t\t\t\t\t\t<\/span>\n\t\t\t\t\t\t\t\t\t\t\t\t<a class=\"elementor-accordion-title\" tabindex=\"0\">Sense L\u00edmits \u2013 Endinsa\u2019t en el m\u00f3n de la discapacitat i l\u2019esport<\/a>\n\t\t\t\t\t<\/h3>\n\t\t\t\t\t<div id=\"elementor-tab-content-1912\" class=\"elementor-tab-content elementor-clearfix\" data-tab=\"2\" role=\"region\" aria-labelledby=\"elementor-tab-title-1912\"><section class=\"moe-section--tab\">\n<div class=\"col-izq\">\n<p>Aquesta visita taller consta d\u2019una part te\u00f2rica on aprendreu qu\u00e8 \u00e9s la discapacitat, quins tipus hi ha i veureu alguns dels esdeveniments esportius per a persones amb discapacitat. La part pr\u00e0ctica consisteix a practicar un esport incl\u00f2s al programa paral\u00edmpic: boccia, golbol o voleibol asseguts. Un cop acabat el taller, podreu accedir al museu de manera lliure.<\/p>\n<p><strong>Important: A l\u2019hora de fer la reserva, heu d\u2019especificar quin esport voleu practicar.<\/strong><\/p>\n<p>Es pot complementar amb l&#8217;activitat: Prepara\u2019t i\/o &#8220;Un estadi per a la hist\u00f2ria&#8221;.<\/p>\n<p>*<strong class=\"moe-marker\">Aquest taller t\u00e9 l&#8217;opci\u00f3 de realitzar-se en el Centre Educatiu<\/strong><\/p>\n<p><strong class=\"moe-marker\">Amb reserva pr\u00e8via<\/strong><\/p>\n<\/div>\n<div class=\"col-dcha\">\n<div class=\"box-blue\">\n<ul class=\"moe-list\">\n<li> De 10 a 25 estudiants (25 alumnes aprox.)<\/li>\n<li>Preu per grup: 140\u20ac<\/li>\n<li>Durada aproximada: 3 hores<\/li>\n<li>De dimarts a divendres<\/li>\n<li>Idiomes: catal\u00e0, castell\u00e0, angl\u00e8s i franc\u00e8s<\/li>\n<\/ul>\n<\/div>\n<\/div>\n<\/section>\n<\/div>\n\t\t\t\t<\/div>\n\t\t\t\t\t\t\t<div class=\"elementor-accordion-item\">\n\t\t\t\t\t<h3 id=\"elementor-tab-title-1913\" class=\"elementor-tab-title\" data-tab=\"3\" role=\"button\" aria-controls=\"elementor-tab-content-1913\" aria-expanded=\"false\">\n\t\t\t\t\t\t\t\t\t\t\t\t\t<span class=\"elementor-accordion-icon elementor-accordion-icon-right\" aria-hidden=\"true\">\n\t\t\t\t\t\t\t\t\t\t\t\t\t\t\t<span class=\"elementor-accordion-icon-closed\"><svg xmlns=\"http:\/\/www.w3.org\/2000\/svg\" xmlns:xlink=\"http:\/\/www.w3.org\/1999\/xlink\" id=\"Layer_1\" viewBox=\"0 0 100 100\" xml:space=\"preserve\"><polygon fill=\"#010101\" points=\"80.2,51.6 51.4,51.6 51.4,22.6 48.9,22.6 48.9,51.6 19.9,51.6 19.9,54.1 48.9,54.1 48.9,83.1   51.4,83.1 51.4,54.1 80.4,54.1 80.4,51.6 \"><\/polygon><\/svg><\/span>\n\t\t\t\t\t\t\t\t<span class=\"elementor-accordion-icon-opened\"><svg xmlns=\"http:\/\/www.w3.org\/2000\/svg\" xmlns:xlink=\"http:\/\/www.w3.org\/1999\/xlink\" id=\"Layer_1\" viewBox=\"0 0 100 100\" xml:space=\"preserve\"><rect fill=\"#010101\" height=\"2.5\" width=\"60\" x=\"21.5\" y=\"51.6\"><\/rect><\/svg><\/span>\n\t\t\t\t\t\t\t\t\t\t\t\t\t\t<\/span>\n\t\t\t\t\t\t\t\t\t\t\t\t<a class=\"elementor-accordion-title\" tabindex=\"0\">Sense G\u00e8nere \u2013 L&#8217;esport no t\u00e9 g\u00e8nere<\/a>\n\t\t\t\t\t<\/h3>\n\t\t\t\t\t<div id=\"elementor-tab-content-1913\" class=\"elementor-tab-content elementor-clearfix\" data-tab=\"3\" role=\"region\" aria-labelledby=\"elementor-tab-title-1913\"><section class=\"moe-section--tab\">\n<div class=\"col-izq\">\n<p>Taller amb metodologia Hall Escape en el qual els estudiants descobriran casos reals d\u2019esportistes amb diversitat de g\u00e8nere i la seva lluita per a la normalitzaci\u00f3 en el m\u00f3n de l\u2019esport. En aquest taller se\u2019ls hi demanar\u00e0 un pensament cr\u00edtic per tal de reflexionar sobre la realitat esportiva.<\/p>\n<p>Un cop acabat el taller, el grup pot accedir al museu de manera lliure.<\/p>\n<p>Es pot complementar amb l\u2019activitat: Prepara\u2019t i\/o &#8220;Un estadi per a la hist\u00f2ria&#8221;.<\/p>\n<p>*<strong class=\"moe-marker\">Aquest taller t\u00e9 l&#8217;opci\u00f3 de realitzar-se en el Centre Educatiu<br \/>\n<\/strong><\/p>\n<p><strong class=\"moe-marker\">Amb reserva pr\u00e8via<\/strong><\/p>\n<\/div>\n<div class=\"col-dcha\">\n<div class=\"box-blue\">\n<ul class=\"moe-list\">\n<li>De 10 a 25 estudiants (25 alumnes aprox.)<\/li>\n<li>Cicle superior de prim\u00e0ria, ESO i batxillerat<\/li>\n<li>Preu per grup: 140\u20ac<\/li>\n<li>Durada aproximada: 2 hores 30 minuts<\/li>\n<li>De dimarts a divendres<\/li>\n<li>Idiomes: catal\u00e0<\/li>\n<\/ul>\n<\/div>\n<\/div>\n<\/section>\n<\/div>\n\t\t\t\t<\/div>\n\t\t\t\t\t\t\t<div class=\"elementor-accordion-item\">\n\t\t\t\t\t<h3 id=\"elementor-tab-title-1914\" class=\"elementor-tab-title\" data-tab=\"4\" role=\"button\" aria-controls=\"elementor-tab-content-1914\" aria-expanded=\"false\">\n\t\t\t\t\t\t\t\t\t\t\t\t\t<span class=\"elementor-accordion-icon elementor-accordion-icon-right\" aria-hidden=\"true\">\n\t\t\t\t\t\t\t\t\t\t\t\t\t\t\t<span class=\"elementor-accordion-icon-closed\"><svg xmlns=\"http:\/\/www.w3.org\/2000\/svg\" xmlns:xlink=\"http:\/\/www.w3.org\/1999\/xlink\" id=\"Layer_1\" viewBox=\"0 0 100 100\" xml:space=\"preserve\"><polygon fill=\"#010101\" points=\"80.2,51.6 51.4,51.6 51.4,22.6 48.9,22.6 48.9,51.6 19.9,51.6 19.9,54.1 48.9,54.1 48.9,83.1   51.4,83.1 51.4,54.1 80.4,54.1 80.4,51.6 \"><\/polygon><\/svg><\/span>\n\t\t\t\t\t\t\t\t<span class=\"elementor-accordion-icon-opened\"><svg xmlns=\"http:\/\/www.w3.org\/2000\/svg\" xmlns:xlink=\"http:\/\/www.w3.org\/1999\/xlink\" id=\"Layer_1\" viewBox=\"0 0 100 100\" xml:space=\"preserve\"><rect fill=\"#010101\" height=\"2.5\" width=\"60\" x=\"21.5\" y=\"51.6\"><\/rect><\/svg><\/span>\n\t\t\t\t\t\t\t\t\t\t\t\t\t\t<\/span>\n\t\t\t\t\t\t\t\t\t\t\t\t<a class=\"elementor-accordion-title\" tabindex=\"0\">Sessi\u00f3 d\u2019iniciaci\u00f3 a l\u2019olimpisme<\/a>\n\t\t\t\t\t<\/h3>\n\t\t\t\t\t<div id=\"elementor-tab-content-1914\" class=\"elementor-tab-content elementor-clearfix\" data-tab=\"4\" role=\"region\" aria-labelledby=\"elementor-tab-title-1914\"><section class=\"moe-section--tab\">\n<div class=\"col-izq\">\n<p>En aquesta visita podreu con\u00e8ixer els or\u00edgens i l\u2019evoluci\u00f3 dels Jocs Ol\u00edmpics en un auditori, amb una explicaci\u00f3 te\u00f2rica i participativa acompanyada de suport audiovisual. En acabar, podreu visitar el museu de forma lliure.<\/p>\n<p>Es pot complementar amb l&#8217;activitat: Prepara\u2019t i\/o &#8220;Un estadi per a la hist\u00f2ria&#8221;.<\/p>\n<p>*<strong class=\"moe-marker\"> T\u00e9 l&#8217;opci\u00f3 de realitzar-se en el Centre Educatiu<\/strong><\/p>\n<p><strong class=\"moe-marker\">Amb reserva pr\u00e8via<br \/>\n<\/strong><\/p>\n<\/div>\n<div class=\"col-dcha\">\n<div class=\"box-blue\">\n<ul class=\"moe-list\">\n<li>De 10 a 60 estudiants<\/li>\n<li>Preu per estudiant: 5\u20ac<\/li>\n<li>Durada aproximada: 2 hores<\/li>\n<li>De dimarts a divendres<\/li>\n<li>Idiomes: catal\u00e0, castell\u00e0, angl\u00e8s i franc\u00e8s<\/li>\n<\/ul>\n<\/div>\n<\/div>\n<\/section>\n<\/div>\n\t\t\t\t<\/div>\n\t\t\t\t\t\t\t<div class=\"elementor-accordion-item\">\n\t\t\t\t\t<h3 id=\"elementor-tab-title-1915\" class=\"elementor-tab-title\" data-tab=\"5\" role=\"button\" aria-controls=\"elementor-tab-content-1915\" aria-expanded=\"false\">\n\t\t\t\t\t\t\t\t\t\t\t\t\t<span class=\"elementor-accordion-icon elementor-accordion-icon-right\" aria-hidden=\"true\">\n\t\t\t\t\t\t\t\t\t\t\t\t\t\t\t<span class=\"elementor-accordion-icon-closed\"><svg xmlns=\"http:\/\/www.w3.org\/2000\/svg\" xmlns:xlink=\"http:\/\/www.w3.org\/1999\/xlink\" id=\"Layer_1\" viewBox=\"0 0 100 100\" xml:space=\"preserve\"><polygon fill=\"#010101\" points=\"80.2,51.6 51.4,51.6 51.4,22.6 48.9,22.6 48.9,51.6 19.9,51.6 19.9,54.1 48.9,54.1 48.9,83.1   51.4,83.1 51.4,54.1 80.4,54.1 80.4,51.6 \"><\/polygon><\/svg><\/span>\n\t\t\t\t\t\t\t\t<span class=\"elementor-accordion-icon-opened\"><svg xmlns=\"http:\/\/www.w3.org\/2000\/svg\" xmlns:xlink=\"http:\/\/www.w3.org\/1999\/xlink\" id=\"Layer_1\" viewBox=\"0 0 100 100\" xml:space=\"preserve\"><rect fill=\"#010101\" height=\"2.5\" width=\"60\" x=\"21.5\" y=\"51.6\"><\/rect><\/svg><\/span>\n\t\t\t\t\t\t\t\t\t\t\t\t\t\t<\/span>\n\t\t\t\t\t\t\t\t\t\t\t\t<a class=\"elementor-accordion-title\" tabindex=\"0\">Visita lliure al museu<\/a>\n\t\t\t\t\t<\/h3>\n\t\t\t\t\t<div id=\"elementor-tab-content-1915\" class=\"elementor-tab-content elementor-clearfix\" data-tab=\"5\" role=\"region\" aria-labelledby=\"elementor-tab-title-1915\"><section class=\"moe-section--tab\">\n<div class=\"col-izq\">\n<p>Descobriu la hist\u00f2ria i evoluci\u00f3 dels Jocs Ol\u00edmpics, la hist\u00f2ria de la pr\u00e0ctica esportiva a Catalunya i la celebraci\u00f3 dels Jocs de Barcelona\u201992, aix\u00ed com el gran ventall d\u2019esports que es practiquen a tot el m\u00f3n a trav\u00e9s d\u2019objectes, imatges, textos, audiovisuals i pantalles interactives.<\/p>\n<p>Es pot complementar amb l\u2019activitat: Prepara\u2019t i\/o &#8220;Un estadi per a la hist\u00f2ria&#8221;<\/p>\n<p><strong class=\"moe-marker\">Amb reserva pr\u00e8via<\/strong><\/p>\n<\/div>\n<div class=\"col-dcha\">\n<div class=\"box-blue\">\n<ul class=\"moe-list\">\n<li>M\u00ednim 10 estudiants (m\u00e9s de 40 estudiants, es fan 2 grups amb un interval de 10 minuts)<\/li>\n<li>Preu per estudiant: 3,30\u20ac<\/li>\n<li>Durada aproximada: 1 hora<\/li>\n<li>De dimarts a diumenge<\/li>\n<\/ul>\n<\/div>\n<\/div>\n<\/section>\n<\/div>\n\t\t\t\t<\/div>\n\t\t\t\t\t\t\t<div class=\"elementor-accordion-item\">\n\t\t\t\t\t<h3 id=\"elementor-tab-title-1916\" class=\"elementor-tab-title\" data-tab=\"6\" role=\"button\" aria-controls=\"elementor-tab-content-1916\" aria-expanded=\"false\">\n\t\t\t\t\t\t\t\t\t\t\t\t\t<span class=\"elementor-accordion-icon elementor-accordion-icon-right\" aria-hidden=\"true\">\n\t\t\t\t\t\t\t\t\t\t\t\t\t\t\t<span class=\"elementor-accordion-icon-closed\"><svg xmlns=\"http:\/\/www.w3.org\/2000\/svg\" xmlns:xlink=\"http:\/\/www.w3.org\/1999\/xlink\" id=\"Layer_1\" viewBox=\"0 0 100 100\" xml:space=\"preserve\"><polygon fill=\"#010101\" points=\"80.2,51.6 51.4,51.6 51.4,22.6 48.9,22.6 48.9,51.6 19.9,51.6 19.9,54.1 48.9,54.1 48.9,83.1   51.4,83.1 51.4,54.1 80.4,54.1 80.4,51.6 \"><\/polygon><\/svg><\/span>\n\t\t\t\t\t\t\t\t<span class=\"elementor-accordion-icon-opened\"><svg xmlns=\"http:\/\/www.w3.org\/2000\/svg\" xmlns:xlink=\"http:\/\/www.w3.org\/1999\/xlink\" id=\"Layer_1\" viewBox=\"0 0 100 100\" xml:space=\"preserve\"><rect fill=\"#010101\" height=\"2.5\" width=\"60\" x=\"21.5\" y=\"51.6\"><\/rect><\/svg><\/span>\n\t\t\t\t\t\t\t\t\t\t\t\t\t\t<\/span>\n\t\t\t\t\t\t\t\t\t\t\t\t<a class=\"elementor-accordion-title\" tabindex=\"0\">Visita guiada al museu<\/a>\n\t\t\t\t\t<\/h3>\n\t\t\t\t\t<div id=\"elementor-tab-content-1916\" class=\"elementor-tab-content elementor-clearfix\" data-tab=\"6\" role=\"region\" aria-labelledby=\"elementor-tab-title-1916\"><section class=\"moe-section--tab\">\n<div class=\"col-izq\">\n<p>En la visita guiada al museu podreu con\u00e8ixer la hist\u00f2ria i evoluci\u00f3 dels Jocs Ol\u00edmpics, a m\u00e9s de la celebraci\u00f3 dels Jocs de Barcelona\u201992 de la m\u00e0 d\u2019un guia.<\/p>\n<p>Es pot complementar amb l\u2019activitat: &#8220;Un estadi per a la hist\u00f2ria&#8221;<\/p>\n<p><strong class=\"moe-marker\">Amb reserva pr\u00e8via<\/strong><\/p>\n<\/div>\n<div class=\"col-dcha\">\n<div class=\"box-blue\">\n<ul class=\"moe-list\">\n<li>De 10 a 25 estudiants (a cada grup 25 estudiants)<\/li>\n<li>Preu per estudiant: 5\u20ac<\/li>\n<li>Durada aproximada: 1 hora 45 minuts<\/li>\n<li>De dimarts a divendres<\/li>\n<li>Idiomes: catal\u00e0, castell\u00e0, angl\u00e8s i franc\u00e8s<\/li>\n<\/ul>\n<\/div>\n<\/div>\n<\/section>\n<\/div>\n\t\t\t\t<\/div>\n\t\t\t\t\t\t\t<div class=\"elementor-accordion-item\">\n\t\t\t\t\t<h3 id=\"elementor-tab-title-1917\" class=\"elementor-tab-title\" data-tab=\"7\" role=\"button\" aria-controls=\"elementor-tab-content-1917\" aria-expanded=\"false\">\n\t\t\t\t\t\t\t\t\t\t\t\t\t<span class=\"elementor-accordion-icon elementor-accordion-icon-right\" aria-hidden=\"true\">\n\t\t\t\t\t\t\t\t\t\t\t\t\t\t\t<span class=\"elementor-accordion-icon-closed\"><svg xmlns=\"http:\/\/www.w3.org\/2000\/svg\" xmlns:xlink=\"http:\/\/www.w3.org\/1999\/xlink\" id=\"Layer_1\" viewBox=\"0 0 100 100\" xml:space=\"preserve\"><polygon fill=\"#010101\" points=\"80.2,51.6 51.4,51.6 51.4,22.6 48.9,22.6 48.9,51.6 19.9,51.6 19.9,54.1 48.9,54.1 48.9,83.1   51.4,83.1 51.4,54.1 80.4,54.1 80.4,51.6 \"><\/polygon><\/svg><\/span>\n\t\t\t\t\t\t\t\t<span class=\"elementor-accordion-icon-opened\"><svg xmlns=\"http:\/\/www.w3.org\/2000\/svg\" xmlns:xlink=\"http:\/\/www.w3.org\/1999\/xlink\" id=\"Layer_1\" viewBox=\"0 0 100 100\" xml:space=\"preserve\"><rect fill=\"#010101\" height=\"2.5\" width=\"60\" x=\"21.5\" y=\"51.6\"><\/rect><\/svg><\/span>\n\t\t\t\t\t\t\t\t\t\t\t\t\t\t<\/span>\n\t\t\t\t\t\t\t\t\t\t\t\t<a class=\"elementor-accordion-title\" tabindex=\"0\">Vacances al museu<\/a>\n\t\t\t\t\t<\/h3>\n\t\t\t\t\t<div id=\"elementor-tab-content-1917\" class=\"elementor-tab-content elementor-clearfix\" data-tab=\"7\" role=\"region\" aria-labelledby=\"elementor-tab-title-1917\"><section class=\"moe-section--tab\">\n<div class=\"col-izq\">\n<p>Durant les vacances d\u2019estiu (juny, juliol i setembre), d\u2019hivern (20 de desembre al 5 de gener) i Setmana Santa, el Museu programa activitats especials, quan els participants als casals podreu veure una sessi\u00f3 de cinema del BCN Sports Film Festival, visitar el museu de manera lliure i prendre un suc de fruita.<\/p>\n<p>Es pot complementar amb l&#8217;activitat: Prepara\u2019t<\/p>\n<p><strong class=\"moe-marker\">Amb reserva pr\u00e8via<\/strong><\/p>\n<\/div>\n<div class=\"col-dcha\">\n<div class=\"box-blue\">\n<ul class=\"moe-list\">\n<li>Grups a partir de 10 estudiants<\/li>\n<li>Preu per estudiant: 4,50\u20ac<\/li>\n<li>Durada aproximada: 1 hora 45 minuts<\/li>\n<li>De dimarts a divendres<\/li>\n<li>Idiomes: subt\u00edtols en catal\u00e0 o castell\u00e0<\/li>\n<\/ul>\n<\/div>\n<\/div>\n<\/section>\n<\/div>\n\t\t\t\t<\/div>\n\t\t\t\t\t\t\t<div class=\"elementor-accordion-item\">\n\t\t\t\t\t<h3 id=\"elementor-tab-title-1918\" class=\"elementor-tab-title\" data-tab=\"8\" role=\"button\" aria-controls=\"elementor-tab-content-1918\" aria-expanded=\"false\">\n\t\t\t\t\t\t\t\t\t\t\t\t\t<span class=\"elementor-accordion-icon elementor-accordion-icon-right\" aria-hidden=\"true\">\n\t\t\t\t\t\t\t\t\t\t\t\t\t\t\t<span class=\"elementor-accordion-icon-closed\"><svg xmlns=\"http:\/\/www.w3.org\/2000\/svg\" xmlns:xlink=\"http:\/\/www.w3.org\/1999\/xlink\" id=\"Layer_1\" viewBox=\"0 0 100 100\" xml:space=\"preserve\"><polygon fill=\"#010101\" points=\"80.2,51.6 51.4,51.6 51.4,22.6 48.9,22.6 48.9,51.6 19.9,51.6 19.9,54.1 48.9,54.1 48.9,83.1   51.4,83.1 51.4,54.1 80.4,54.1 80.4,51.6 \"><\/polygon><\/svg><\/span>\n\t\t\t\t\t\t\t\t<span class=\"elementor-accordion-icon-opened\"><svg xmlns=\"http:\/\/www.w3.org\/2000\/svg\" xmlns:xlink=\"http:\/\/www.w3.org\/1999\/xlink\" id=\"Layer_1\" viewBox=\"0 0 100 100\" xml:space=\"preserve\"><rect fill=\"#010101\" height=\"2.5\" width=\"60\" x=\"21.5\" y=\"51.6\"><\/rect><\/svg><\/span>\n\t\t\t\t\t\t\t\t\t\t\t\t\t\t<\/span>\n\t\t\t\t\t\t\t\t\t\t\t\t<a class=\"elementor-accordion-title\" tabindex=\"0\">Un estadi per a la hist\u00f2ria<\/a>\n\t\t\t\t\t<\/h3>\n\t\t\t\t\t<div id=\"elementor-tab-content-1918\" class=\"elementor-tab-content elementor-clearfix\" data-tab=\"8\" role=\"region\" aria-labelledby=\"elementor-tab-title-1918\"><section class=\"moe-section--tab\">\n<div class=\"col-izq\">\n<p>Activitat complement\u00e0ria a quasevol visita.<\/p>\n<p>Aquesta activitat consta de dues parts, objectiu de les quals \u00e9s que l\u2019alumnat descobreixi la hist\u00f2ria de l\u2019estadi i el gran ventall d\u2019esdeveniments esportius que ha acollit aquest instal\u00b7laci\u00f3.<br \/>\nEs du a terme a trav\u00e9s de la descoberta, cooperaci\u00f3, el joc i el pensament cr\u00edtic.<\/p>\n<p>Important: No s\u2019accedeix a l\u2019estadi i es du a terme a la porta principal d\u2019aquesta instal\u00b7laci\u00f3.<\/p>\n<p>&nbsp;<\/p>\n<p><strong class=\"moe-marker\">Amb reserva pr\u00e8via<\/strong><\/p>\n<\/div>\n<div class=\"col-dcha\">\n<div class=\"box-blue\">\n<ul class=\"moe-list\">\n<li>De 10 a 25 estudiants (25 alumnes aprox.)<\/li>\n<li>Preu per grup: 55\u20ac<\/li>\n<li>Durada aproximada: 1 hora<\/li>\n<li>De dimarts a divendres<\/li>\n<li>Idiomes: catal\u00e0, castell\u00e0, angl\u00e8s i franc\u00e8s<\/li>\n<\/ul>\n<\/div>\n<\/div>\n<\/section>\n<\/div>\n\t\t\t\t<\/div>\n\t\t\t\t\t\t\t\t<\/div>\n\t\t\t\t\t\t<\/div>\n\t\t\t\t<\/div>\n\t\t\t\t\t<\/div>\n\t\t<\/div>\n\t\t\t\t\t<\/div>\n\t\t<\/section>\n\t\t\t\t<\/div>\n\t\t\n<\/div>\n\t\t\t\t\t\t\t<\/div>\n\t\t<\/div>\n\t\t\t\t\t\t<\/div>\n\t\t\t\t<\/div>\n\t\t\t\t<div class=\"elementor-element elementor-element-5d0ccca elementor-align-center btn btn--primary elementor-widget elementor-widget-global elementor-global-24525 elementor-global-24514 elementor-widget-button\" data-id=\"5d0ccca\" data-element_type=\"widget\" data-widget_type=\"button.default\">\n\t\t\t\t<div class=\"elementor-widget-container\">\n\t\t\t\t\t\t\t\t\t<div class=\"elementor-button-wrapper\">\n\t\t\t\t\t<a class=\"elementor-button elementor-button-link elementor-size-sm\" href=\"https:\/\/www.museuolimpicbcn.cat\/ca\/reserva-visita-per-escoles\/\">\n\t\t\t\t\t\t<span class=\"elementor-button-content-wrapper\">\n\t\t\t\t\t\t\t\t\t<span class=\"elementor-button-text\">Dona't d'alta<\/span>\n\t\t\t\t\t<\/span>\n\t\t\t\t\t<\/a>\n\t\t\t\t<\/div>\n\t\t\t\t\t\t\t\t<\/div>\n\t\t\t\t<\/div>\n\t\t\t\t<div class=\"elementor-element elementor-element-34a35f5 moe-titulo-seccion__padding-top elementor-widget elementor-widget-heading\" data-id=\"34a35f5\" data-element_type=\"widget\" data-widget_type=\"heading.default\">\n\t\t\t\t<div class=\"elementor-widget-container\">\n\t\t\t\t\t<h2 class=\"elementor-heading-title elementor-size-default\">Projecte educatiu<\/h2>\t\t\t\t<\/div>\n\t\t\t\t<\/div>\n\t\t\t\t<div class=\"elementor-element elementor-element-1c16219 elementor-widget elementor-widget-text-editor\" data-id=\"1c16219\" data-element_type=\"widget\" data-widget_type=\"text-editor.default\">\n\t\t\t\t<div class=\"elementor-widget-container\">\n\t\t\t\t\t\t\t\t\t<p style=\"text-align: left;\">El Museu Ol\u00edmpic i de l&#8217;Esport Joan Antoni Samaranch, gestionat per la Fundaci\u00f3 Barcelona Ol\u00edmpica, \u00e9s una finestra oberta a l&#8217;univers esportiu.<\/p>\n<p style=\"text-align: left;\">El nostre projecte educatiu es basa en metodologies participatives on es treballa a partir del di\u00e0leg, la descoberta, el joc i la reflexi\u00f3 per tal d\u2019oferir una experi\u00e8ncia d\u2019aprenentatge significatiu que connecta la tem\u00e0tica del museu amb els interessos i la realitat de l\u2019alumnat.<\/p>\n<p style=\"text-align: left;\">Actualment, el programa educatiu t\u00e9 com a fil conductor els Objectius de Desenvolupament Sostenible (Agenda 2030).<\/p>\n<p style=\"text-align: left;\">Gr\u00e0cies a la proximitat de l\u2019Anella Ol\u00edmpica, podem oferir activitats relacionades amb el patrimoni que van deixar els diferents esdeveniments que van oc\u00f3rrer a la muntanya de Montju\u00efc.<\/p>\n\t\t\t\t\t\t\t\t<\/div>\n\t\t\t\t<\/div>\n\t\t\t\t<div class=\"elementor-element elementor-element-f8e09bb elementor-widget elementor-widget-text-editor\" data-id=\"f8e09bb\" data-element_type=\"widget\" data-widget_type=\"text-editor.default\">\n\t\t\t\t<div class=\"elementor-widget-container\">\n\t\t\t\t\t\t\t\t\t<p style=\"text-align: left\">Els objectius que persegueix el programa educatiu s\u00f3n:<\/p>\n<p style=\"padding-left: 240px;text-align: left\">\u2022 Divulgar i promoure que l\u2019esport \u00e9s essencial i benefici\u00f3s en totes les facetes de la vida. <br \/>\u2022 Promoure valors de respecte, cooperaci\u00f3, col\u00b7laboraci\u00f3 i empatia envers els altres. <br \/>\u2022 Fomentar la reflexi\u00f3 i el pensament cr\u00edtic.<\/p>\n\t\t\t\t\t\t\t\t<\/div>\n\t\t\t\t<\/div>\n\t\t\t\t<div class=\"elementor-element elementor-element-de60f59 elementor-widget elementor-widget-text-editor\" data-id=\"de60f59\" data-element_type=\"widget\" data-widget_type=\"text-editor.default\">\n\t\t\t\t<div class=\"elementor-widget-container\">\n\t\t\t\t\t\t\t\t\t<p style=\"text-align: left\">Les compet\u00e8ncies que s\u2019hi treballen pertanyen, en gran mesura, als \u00e0mbits d\u2019educaci\u00f3 f\u00edsica i educaci\u00f3 en valors, potenciant les seg\u00fcents compet\u00e8ncies b\u00e0siques: comunicativa, el coneixement i la interacci\u00f3 amb el m\u00f3n f\u00edsic, la social i ciutadana, d\u2019aprendre a aprendre i d\u2019autonomia, iniciativa personal i emprenedoria.\u00a0<\/p>\n<p style=\"text-align: left\"> A continuaci\u00f3 podeu veure el programa d\u2019activitats diferenciat per etapes educatives, des de segon cicle d\u2019educaci\u00f3 infantil fins a universitat i en diferents formats: visites dinamitzades, guiades o tallers.\u00a0 Aquestes es poden dur a terme en el centre educatiu o al Museu.<\/p>\n\t\t\t\t\t\t\t\t<\/div>\n\t\t\t\t<\/div>\n\t\t\t\t<div class=\"elementor-element elementor-element-e846dce elementor-align-center btn btn--border elementor-widget elementor-widget-global elementor-global-27922 elementor-global-27900 elementor-widget-button\" data-id=\"e846dce\" data-element_type=\"widget\" data-widget_type=\"button.default\">\n\t\t\t\t<div class=\"elementor-widget-container\">\n\t\t\t\t\t\t\t\t\t<div class=\"elementor-button-wrapper\">\n\t\t\t\t\t<a class=\"elementor-button elementor-button-link elementor-size-sm\" href=\"https:\/\/www.museuolimpicbcn.cat\/wp-content\/uploads\/sites\/2\/2025\/06\/Oferta-educativa-CAT-25_26.pdf\">\n\t\t\t\t\t\t<span class=\"elementor-button-content-wrapper\">\n\t\t\t\t\t\t\t\t\t<span class=\"elementor-button-text\">DESCARREGA'T EL DOSSIER D'ACTIVITATS<\/span>\n\t\t\t\t\t<\/span>\n\t\t\t\t\t<\/a>\n\t\t\t\t<\/div>\n\t\t\t\t\t\t\t\t<\/div>\n\t\t\t\t<\/div>\n\t\t\t\t\t<\/div>\n\t\t<\/div>\n\t\t\t\t\t<\/div>\n\t\t<\/section>\n\t\t\t\t<section class=\"elementor-section elementor-top-section elementor-element elementor-element-0ba175a moe-bg-grey_regular l-padding moe-50-download l-margin--bottom elementor-section-boxed elementor-section-height-default elementor-section-height-default\" data-id=\"0ba175a\" data-element_type=\"section\" data-settings=\"{&quot;background_background&quot;:&quot;classic&quot;}\">\n\t\t\t\t\t\t<div class=\"elementor-container elementor-column-gap-default\">\n\t\t\t\t\t<div class=\"elementor-column elementor-col-100 elementor-top-column elementor-element elementor-element-21e380e\" data-id=\"21e380e\" data-element_type=\"column\">\n\t\t\t<div class=\"elementor-widget-wrap elementor-element-populated\">\n\t\t\t\t\t\t<div class=\"elementor-element elementor-element-f8f9db0 elementor-widget elementor-widget-text-editor\" data-id=\"f8f9db0\" data-element_type=\"widget\" data-widget_type=\"text-editor.default\">\n\t\t\t\t<div class=\"elementor-widget-container\">\n\t\t\t\t\t\t\t\t\t<h2>Per preparar la visita<\/h2>\n<p>Feu clic en aquests enlla\u00e7os per poder descarregar-vos el material de refer\u00e8ncia i preparar la vostra visita.<\/p>\n\t\t\t\t\t\t\t\t<\/div>\n\t\t\t\t<\/div>\n\t\t\t\t<section class=\"elementor-section elementor-inner-section elementor-element elementor-element-05a42fb elementor-section-boxed elementor-section-height-default elementor-section-height-default\" data-id=\"05a42fb\" data-element_type=\"section\">\n\t\t\t\t\t\t<div class=\"elementor-container elementor-column-gap-default\">\n\t\t\t\t\t<div class=\"elementor-column elementor-col-50 elementor-inner-column elementor-element elementor-element-0da4fc2\" data-id=\"0da4fc2\" data-element_type=\"column\">\n\t\t\t<div class=\"elementor-widget-wrap elementor-element-populated\">\n\t\t\t\t\t\t<div class=\"elementor-element elementor-element-bf88851 elementor-widget elementor-widget-text-editor\" data-id=\"bf88851\" data-element_type=\"widget\" data-widget_type=\"text-editor.default\">\n\t\t\t\t<div class=\"elementor-widget-container\">\n\t\t\t\t\t\t\t\t\t<a class=\"download-button\" href=\"https:\/\/dev.museuolimpicbcn.cat\/wp-content\/uploads\/sites\/2\/2019\/03\/MOE_Els_grans-_temes_olimpics.pdf\">Guia per a professors. Els grans temes ol\u00edmpics<\/a><br><br>8 MB. Format PDF. Catal\u00e0\t\t\t\t\t\t\t\t<\/div>\n\t\t\t\t<\/div>\n\t\t\t\t\t<\/div>\n\t\t<\/div>\n\t\t\t\t<div class=\"elementor-column elementor-col-50 elementor-inner-column elementor-element elementor-element-0e09940\" data-id=\"0e09940\" data-element_type=\"column\">\n\t\t\t<div class=\"elementor-widget-wrap elementor-element-populated\">\n\t\t\t\t\t\t<div class=\"elementor-element elementor-element-3aec410 elementor-widget elementor-widget-text-editor\" data-id=\"3aec410\" data-element_type=\"widget\" data-widget_type=\"text-editor.default\">\n\t\t\t\t<div class=\"elementor-widget-container\">\n\t\t\t\t\t\t\t\t\t<p><a class=\"download-button\" href=\"https:\/\/dev.museuolimpicbcn.cat\/wp-content\/uploads\/sites\/2\/2019\/03\/MOE_Que_en_saps_dels_JJOO.pdf\">Qu\u00e8 en saps dels Jocs Ol\u00edmpics?<\/a><\/p>\n<p>3Mb. Format PDF. Catal\u00e0<\/p>\n\t\t\t\t\t\t\t\t<\/div>\n\t\t\t\t<\/div>\n\t\t\t\t\t<\/div>\n\t\t<\/div>\n\t\t\t\t\t<\/div>\n\t\t<\/section>\n\t\t\t\t\t<\/div>\n\t\t<\/div>\n\t\t\t\t\t<\/div>\n\t\t<\/section>\n\t\t\t\t<section class=\"elementor-section elementor-top-section elementor-element elementor-element-416eab7 elementor-section-full_width l-margin--bottom elementor-section-height-default elementor-section-height-default\" data-id=\"416eab7\" data-element_type=\"section\">\n\t\t\t\t\t\t<div class=\"elementor-container elementor-column-gap-no\">\n\t\t\t\t\t<div class=\"elementor-column elementor-col-100 elementor-top-column elementor-element elementor-element-8129f64\" data-id=\"8129f64\" data-element_type=\"column\">\n\t\t\t<div class=\"elementor-widget-wrap elementor-element-populated\">\n\t\t\t\t\t\t<div class=\"elementor-element elementor-element-dd5f483 elementor-widget elementor-widget-template\" data-id=\"dd5f483\" data-element_type=\"widget\" data-widget_type=\"template.default\">\n\t\t\t\t<div class=\"elementor-widget-container\">\n\t\t\t\t\t\t\t<div class=\"elementor-template\">\n\t\t\t\t\t<div data-elementor-type=\"page\" data-elementor-id=\"5137\" class=\"elementor elementor-5137 elementor-5128\" data-elementor-post-type=\"elementor_library\">\n\t\t\t\t\t\t<section class=\"elementor-section elementor-top-section elementor-element elementor-element-4d7bac2 elementor-section-boxed elementor-section-height-default elementor-section-height-default\" data-id=\"4d7bac2\" data-element_type=\"section\">\n\t\t\t\t\t\t<div class=\"elementor-container elementor-column-gap-default\">\n\t\t\t\t\t<div class=\"elementor-column elementor-col-100 elementor-top-column elementor-element elementor-element-1faf72c\" data-id=\"1faf72c\" data-element_type=\"column\">\n\t\t\t<div class=\"elementor-widget-wrap elementor-element-populated\">\n\t\t\t\t\t\t<div class=\"elementor-element elementor-element-d0b67fe moe-titulo-seccion__padding-top elementor-widget elementor-widget-text-editor\" data-id=\"d0b67fe\" data-element_type=\"widget\" data-widget_type=\"text-editor.default\">\n\t\t\t\t<div class=\"elementor-widget-container\">\n\t\t\t\t\t\t\t\t\t<h2>Com arribar-hi<\/h2>\n<p>Ens trobem a la muntanya de Montju\u00efc, al costat de l\u2019Estadi Ol\u00edmpic.<\/p>\n\t\t\t\t\t\t\t\t<\/div>\n\t\t\t\t<\/div>\n\t\t\t\t<div class=\"elementor-element elementor-element-45bf2b6 moe-bg-cream elementor-widget elementor-widget-text-editor\" data-id=\"45bf2b6\" data-element_type=\"widget\" data-widget_type=\"text-editor.default\">\n\t\t\t\t<div class=\"elementor-widget-container\">\n\t\t\t\t\t\t\t\t\t<p>Avinguda de l&#8217;Estadi, 60, Barcelona<\/p>\n<p><a class=\"lnk\" href=\"https:\/\/goo.gl\/maps\/RXJ2GBGaY352\" target=\"_blank\" rel=\"noopener\">MOSTRA A GOOGLE MAPS<\/a><\/p>\n\t\t\t\t\t\t\t\t<\/div>\n\t\t\t\t<\/div>\n\t\t\t\t\t<\/div>\n\t\t<\/div>\n\t\t\t\t\t<\/div>\n\t\t<\/section>\n\t\t\t\t<section class=\"elementor-section elementor-top-section elementor-element elementor-element-43cdc45 elementor-section-full_width moe-g-maps-como-llegar elementor-section-height-default elementor-section-height-default\" data-id=\"43cdc45\" data-element_type=\"section\">\n\t\t\t\t\t\t<div class=\"elementor-container elementor-column-gap-no\">\n\t\t\t\t\t<div class=\"elementor-column elementor-col-100 elementor-top-column elementor-element elementor-element-80266fb\" data-id=\"80266fb\" data-element_type=\"column\">\n\t\t\t<div class=\"elementor-widget-wrap elementor-element-populated\">\n\t\t\t\t\t\t<div class=\"elementor-element elementor-element-d431e81 elementor-widget elementor-widget-google_maps\" data-id=\"d431e81\" data-element_type=\"widget\" data-widget_type=\"google_maps.default\">\n\t\t\t\t<div class=\"elementor-widget-container\">\n\t\t\t\t\t\t\t<div class=\"elementor-custom-embed\">\n\t\t\t<iframe loading=\"lazy\"\n\t\t\t\t\tsrc=\"https:\/\/maps.google.com\/maps?q=avinguda%20de%20l%27estadi%2060%20barcelona&#038;t=m&#038;z=17&#038;output=embed&#038;iwloc=near\"\n\t\t\t\t\ttitle=\"avinguda de l&#039;estadi 60 barcelona\"\n\t\t\t\t\taria-label=\"avinguda de l&#039;estadi 60 barcelona\"\n\t\t\t><\/iframe>\n\t\t<\/div>\n\t\t\t\t\t\t<\/div>\n\t\t\t\t<\/div>\n\t\t\t\t<div class=\"elementor-element elementor-element-c602538 elementor-widget elementor-widget-text-editor\" data-id=\"c602538\" data-element_type=\"widget\" data-widget_type=\"text-editor.default\">\n\t\t\t\t<div class=\"elementor-widget-container\">\n\t\t\t\t\t\t\t\t\t<p><em><strong>Metro<\/strong><\/em><\/p>\n<p><strong><img decoding=\"async\" class=\"alignnone size-full wp-image-233\" src=\"https:\/\/www.museuolimpicbcn.cat\/wp-content\/uploads\/sites\/2\/2018\/12\/ico_L1-1.png\" alt=\"\" width=\"24\" height=\"24\" \/><img decoding=\"async\" class=\"alignnone size-full wp-image-236\" src=\"https:\/\/www.museuolimpicbcn.cat\/wp-content\/uploads\/sites\/2\/2018\/12\/ico_L3-1.png\" alt=\"\" width=\"24\" height=\"24\" \/><\/strong><strong>Parada Pl. Espanya<\/strong><\/p>\n<hr \/>\n<p><em><strong>Bus<br \/>\n<\/strong><\/em><strong>L\u00ednies 55, 150<\/strong> a 400m del museu<\/p>\n<hr \/>\n<p><em><strong>Bus tur\u00edstic<br \/>\n<\/strong><\/em><strong>Ruta Vermella <\/strong>a 25m del museu<\/p>\n<hr \/>\n<p><em><strong>Bus tur\u00edstic Montju\u00efc<br \/>\n<\/strong><\/em><strong>Parada 5 <\/strong>a 120m del museu<\/p>\n<hr \/>\n<p><em><strong>Funicular de Montju\u00efc<br \/>\n<\/strong><\/em><\/p>\n<p><a class=\"lnk\" href=\"https:\/\/www.tmb.cat\" target=\"_blank\" rel=\"noopener\">M\u00c9S INFORMACI\u00d3 A TMB<\/a><\/p>\n\t\t\t\t\t\t\t\t<\/div>\n\t\t\t\t<\/div>\n\t\t\t\t\t<\/div>\n\t\t<\/div>\n\t\t\t\t\t<\/div>\n\t\t<\/section>\n\t\t\t\t<\/div>\n\t\t\t\t<\/div>\n\t\t\t\t\t\t<\/div>\n\t\t\t\t<\/div>\n\t\t\t\t\t<\/div>\n\t\t<\/div>\n\t\t\t\t\t<\/div>\n\t\t<\/section>\n\t\t\t\t<section class=\"elementor-section elementor-top-section elementor-element elementor-element-bb45f8b elementor-section-full_width elementor-section-height-default elementor-section-height-default\" data-id=\"bb45f8b\" data-element_type=\"section\">\n\t\t\t\t\t\t<div class=\"elementor-container elementor-column-gap-default\">\n\t\t\t\t\t<div class=\"elementor-column elementor-col-100 elementor-top-column elementor-element elementor-element-793ab5e\" data-id=\"793ab5e\" data-element_type=\"column\">\n\t\t\t<div class=\"elementor-widget-wrap elementor-element-populated\">\n\t\t\t\t\t\t<div class=\"elementor-element elementor-element-65a0cd4 elementor-widget elementor-widget-template\" data-id=\"65a0cd4\" data-element_type=\"widget\" data-widget_type=\"template.default\">\n\t\t\t\t<div class=\"elementor-widget-container\">\n\t\t\t\t\t\t\t<div class=\"elementor-template\">\n\t\t\t\t\t<div data-elementor-type=\"section\" data-elementor-id=\"16073\" class=\"elementor elementor-16073 elementor-16069\" data-elementor-post-type=\"elementor_library\">\n\t\t\t\t\t<section class=\"elementor-section elementor-top-section elementor-element elementor-element-8e2af1c moe-bg--consejos l-margin--bottom elementor-section-boxed elementor-section-height-default elementor-section-height-default\" data-id=\"8e2af1c\" data-element_type=\"section\">\n\t\t\t\t\t\t<div class=\"elementor-container elementor-column-gap-default\">\n\t\t\t\t\t<div class=\"elementor-column elementor-col-100 elementor-top-column elementor-element elementor-element-1a93de7\" data-id=\"1a93de7\" data-element_type=\"column\">\n\t\t\t<div class=\"elementor-widget-wrap elementor-element-populated\">\n\t\t\t\t\t\t<div class=\"elementor-element elementor-element-2d3eeca moe-titulo-seccion__padding-top elementor-widget elementor-widget-text-editor\" data-id=\"2d3eeca\" data-element_type=\"widget\" data-widget_type=\"text-editor.default\">\n\t\t\t\t<div class=\"elementor-widget-container\">\n\t\t\t\t\t\t\t\t\t<h2>Consells i bones pr\u00e0ctiques<\/h2>\n<p>A continuaci\u00f3 us detallem una s\u00e8rie de recomanacions perqu\u00e8 gaudiu de la vostra visita.<\/p>\n\t\t\t\t\t\t\t\t<\/div>\n\t\t\t\t<\/div>\n\t\t\t\t<section class=\"elementor-section elementor-inner-section elementor-element elementor-element-340b820 moe-33-border l-gutter elementor-section-boxed elementor-section-height-default elementor-section-height-default\" data-id=\"340b820\" data-element_type=\"section\">\n\t\t\t\t\t\t<div class=\"elementor-container elementor-column-gap-default\">\n\t\t\t\t\t<div class=\"elementor-column elementor-col-33 elementor-inner-column elementor-element elementor-element-6b9012e\" data-id=\"6b9012e\" data-element_type=\"column\">\n\t\t\t<div class=\"elementor-widget-wrap elementor-element-populated\">\n\t\t\t\t\t\t<div class=\"elementor-element elementor-element-a62dabf elementor-widget elementor-widget-text-editor\" data-id=\"a62dabf\" data-element_type=\"widget\" data-widget_type=\"text-editor.default\">\n\t\t\t\t<div class=\"elementor-widget-container\">\n\t\t\t\t\t\t\t\t\t<h3 class=\"h4\">Puntualitat<\/h3>\n<p>Arribeu 10 minuts abans de l\u2019hora de la visita, ja que si l\u2019activitat comen\u00e7a tard, \u00e9s possible que s\u2019escurci.<\/p>\n\t\t\t\t\t\t\t\t<\/div>\n\t\t\t\t<\/div>\n\t\t\t\t\t<\/div>\n\t\t<\/div>\n\t\t\t\t<div class=\"elementor-column elementor-col-33 elementor-inner-column elementor-element elementor-element-a0c576d\" data-id=\"a0c576d\" data-element_type=\"column\">\n\t\t\t<div class=\"elementor-widget-wrap elementor-element-populated\">\n\t\t\t\t\t\t<div class=\"elementor-element elementor-element-1734502 elementor-widget elementor-widget-text-editor\" data-id=\"1734502\" data-element_type=\"widget\" data-widget_type=\"text-editor.default\">\n\t\t\t\t<div class=\"elementor-widget-container\">\n\t\t\t\t\t\t\t\t\t<h3 class=\"h4\">Punt de trobada<\/h3>\n<p>En qualsevol tipus de visita, el punt de trobada \u00e9s la recepci\u00f3 del museu. Nom\u00e9s haur\u00e0 d\u2019entrar el responsable del grup i despr\u00e9s comen\u00e7areu la visita.<\/p>\n\t\t\t\t\t\t\t\t<\/div>\n\t\t\t\t<\/div>\n\t\t\t\t\t<\/div>\n\t\t<\/div>\n\t\t\t\t<div class=\"elementor-column elementor-col-33 elementor-inner-column elementor-element elementor-element-0648916\" data-id=\"0648916\" data-element_type=\"column\">\n\t\t\t<div class=\"elementor-widget-wrap elementor-element-populated\">\n\t\t\t\t\t\t<div class=\"elementor-element elementor-element-07cf062 elementor-widget elementor-widget-text-editor\" data-id=\"07cf062\" data-element_type=\"widget\" data-widget_type=\"text-editor.default\">\n\t\t\t\t<div class=\"elementor-widget-container\">\n\t\t\t\t\t\t\t\t\t<h3 class=\"h4\">Consignes<\/h3>\n<p>\u00c9s necessari deixar motxilles i equipatge a les consignes que faciliti l\u2019equip de recepci\u00f3 del museu.<\/p>\n\t\t\t\t\t\t\t\t<\/div>\n\t\t\t\t<\/div>\n\t\t\t\t\t<\/div>\n\t\t<\/div>\n\t\t\t\t\t<\/div>\n\t\t<\/section>\n\t\t\t\t<section class=\"elementor-section elementor-inner-section elementor-element elementor-element-fa4637f moe-33-border l-gutter elementor-section-boxed elementor-section-height-default elementor-section-height-default\" data-id=\"fa4637f\" data-element_type=\"section\">\n\t\t\t\t\t\t<div class=\"elementor-container elementor-column-gap-default\">\n\t\t\t\t\t<div class=\"elementor-column elementor-col-33 elementor-inner-column elementor-element elementor-element-dc3a2e4\" data-id=\"dc3a2e4\" data-element_type=\"column\">\n\t\t\t<div class=\"elementor-widget-wrap elementor-element-populated\">\n\t\t\t\t\t\t<div class=\"elementor-element elementor-element-ad7a211 elementor-widget elementor-widget-text-editor\" data-id=\"ad7a211\" data-element_type=\"widget\" data-widget_type=\"text-editor.default\">\n\t\t\t\t<div class=\"elementor-widget-container\">\n\t\t\t\t\t\t\t\t\t<h3 class=\"h4\">Wi-Fi<\/h3>\n<p>El museu compta amb Wi-Fi a totes les sales.<\/p>\n\t\t\t\t\t\t\t\t<\/div>\n\t\t\t\t<\/div>\n\t\t\t\t\t<\/div>\n\t\t<\/div>\n\t\t\t\t<div class=\"elementor-column elementor-col-33 elementor-inner-column elementor-element elementor-element-2ee24eb\" data-id=\"2ee24eb\" data-element_type=\"column\">\n\t\t\t<div class=\"elementor-widget-wrap elementor-element-populated\">\n\t\t\t\t\t\t<div class=\"elementor-element elementor-element-e6bb6ec elementor-widget elementor-widget-text-editor\" data-id=\"e6bb6ec\" data-element_type=\"widget\" data-widget_type=\"text-editor.default\">\n\t\t\t\t<div class=\"elementor-widget-container\">\n\t\t\t\t\t\t\t\t\t<h3 class=\"h4\">Begudes i menjar<\/h3>\n<p>No es permet entrar amb begudes o menjar.<\/p>\n\t\t\t\t\t\t\t\t<\/div>\n\t\t\t\t<\/div>\n\t\t\t\t\t<\/div>\n\t\t<\/div>\n\t\t\t\t<div class=\"elementor-column elementor-col-33 elementor-inner-column elementor-element elementor-element-f7cc087\" data-id=\"f7cc087\" data-element_type=\"column\">\n\t\t\t<div class=\"elementor-widget-wrap elementor-element-populated\">\n\t\t\t\t\t\t<div class=\"elementor-element elementor-element-b7d36f4 elementor-widget elementor-widget-text-editor\" data-id=\"b7d36f4\" data-element_type=\"widget\" data-widget_type=\"text-editor.default\">\n\t\t\t\t<div class=\"elementor-widget-container\">\n\t\t\t\t\t\t\t\t\t<h3 class=\"h4\">Professorat<\/h3>\n<p>Haureu de vetllar per la seguretat i el control del grup al llarg de la visita.<\/p>\n\t\t\t\t\t\t\t\t<\/div>\n\t\t\t\t<\/div>\n\t\t\t\t\t<\/div>\n\t\t<\/div>\n\t\t\t\t\t<\/div>\n\t\t<\/section>\n\t\t\t\t<section class=\"elementor-section elementor-inner-section elementor-element elementor-element-8aca239 moe-33-border l-gutter elementor-section-boxed elementor-section-height-default elementor-section-height-default\" data-id=\"8aca239\" data-element_type=\"section\">\n\t\t\t\t\t\t<div class=\"elementor-container elementor-column-gap-default\">\n\t\t\t\t\t<div class=\"elementor-column elementor-col-33 elementor-inner-column elementor-element elementor-element-1defee4\" data-id=\"1defee4\" data-element_type=\"column\">\n\t\t\t<div class=\"elementor-widget-wrap elementor-element-populated\">\n\t\t\t\t\t\t<div class=\"elementor-element elementor-element-356c334 elementor-widget elementor-widget-text-editor\" data-id=\"356c334\" data-element_type=\"widget\" data-widget_type=\"text-editor.default\">\n\t\t\t\t<div class=\"elementor-widget-container\">\n\t\t\t\t\t\t\t\t\t<h3 class=\"h4\">Comportament<\/h3>\n<p>No es permet c\u00f3rrer, fer soroll o tocar el material exposat al museu.<\/p>\n\t\t\t\t\t\t\t\t<\/div>\n\t\t\t\t<\/div>\n\t\t\t\t\t<\/div>\n\t\t<\/div>\n\t\t\t\t<div class=\"elementor-column elementor-col-33 elementor-inner-column elementor-element elementor-element-1921546\" data-id=\"1921546\" data-element_type=\"column\">\n\t\t\t<div class=\"elementor-widget-wrap elementor-element-populated\">\n\t\t\t\t\t\t<div class=\"elementor-element elementor-element-1acef26 elementor-widget elementor-widget-text-editor\" data-id=\"1acef26\" data-element_type=\"widget\" data-widget_type=\"text-editor.default\">\n\t\t\t\t<div class=\"elementor-widget-container\">\n\t\t\t\t\t\t\t\t\t<h3 class=\"h4\">Necessitats especials<\/h3>\n<p>En el cas que hi hagi algun alumne amb necessitats especials, ens ho haureu de comunicar amb antelaci\u00f3.<\/p>\n\t\t\t\t\t\t\t\t<\/div>\n\t\t\t\t<\/div>\n\t\t\t\t\t<\/div>\n\t\t<\/div>\n\t\t\t\t<div class=\"elementor-column elementor-col-33 elementor-inner-column elementor-element elementor-element-1eb3983\" data-id=\"1eb3983\" data-element_type=\"column\">\n\t\t\t<div class=\"elementor-widget-wrap elementor-element-populated\">\n\t\t\t\t\t\t<div class=\"elementor-element elementor-element-33adfc6 elementor-widget elementor-widget-text-editor\" data-id=\"33adfc6\" data-element_type=\"widget\" data-widget_type=\"text-editor.default\">\n\t\t\t\t<div class=\"elementor-widget-container\">\n\t\t\t\t\t\t\t\t\t<h3 class=\"h4\">Acc\u00e9s amb animals<\/h3>\n<p>No es permet accedir amb animals al museu, excepte els gossos pigall.<\/p>\n\t\t\t\t\t\t\t\t<\/div>\n\t\t\t\t<\/div>\n\t\t\t\t\t<\/div>\n\t\t<\/div>\n\t\t\t\t\t<\/div>\n\t\t<\/section>\n\t\t\t\t<section class=\"elementor-section elementor-inner-section elementor-element elementor-element-bba7d32 moe-33-border l-gutter elementor-section-boxed elementor-section-height-default elementor-section-height-default\" data-id=\"bba7d32\" data-element_type=\"section\">\n\t\t\t\t\t\t<div class=\"elementor-container elementor-column-gap-default\">\n\t\t\t\t\t<div class=\"elementor-column elementor-col-33 elementor-inner-column elementor-element elementor-element-d2c07eb\" data-id=\"d2c07eb\" data-element_type=\"column\">\n\t\t\t<div class=\"elementor-widget-wrap elementor-element-populated\">\n\t\t\t\t\t\t<div class=\"elementor-element elementor-element-ed1d250 elementor-widget elementor-widget-text-editor\" data-id=\"ed1d250\" data-element_type=\"widget\" data-widget_type=\"text-editor.default\">\n\t\t\t\t<div class=\"elementor-widget-container\">\n\t\t\t\t\t\t\t\t\t<h3 class=\"h4\">Accessibilitat<\/h3>\n<p>El museu \u00e9s totalment accessible i disposa de cadira de rodes per als visitants que ho requereixin.<\/p>\n\t\t\t\t\t\t\t\t<\/div>\n\t\t\t\t<\/div>\n\t\t\t\t\t<\/div>\n\t\t<\/div>\n\t\t\t\t<div class=\"elementor-column elementor-col-33 elementor-inner-column elementor-element elementor-element-ae6f932\" data-id=\"ae6f932\" data-element_type=\"column\">\n\t\t\t<div class=\"elementor-widget-wrap elementor-element-populated\">\n\t\t\t\t\t\t<div class=\"elementor-element elementor-element-2bbee0d elementor-widget elementor-widget-text-editor\" data-id=\"2bbee0d\" data-element_type=\"widget\" data-widget_type=\"text-editor.default\">\n\t\t\t\t<div class=\"elementor-widget-container\">\n\t\t\t\t\t\t\t\t\t<h3 class=\"h4\">Fotografies<\/h3>\n<p>Es permet l\u2019\u00fas de c\u00e0meres a les sales del museu.<\/p>\n\t\t\t\t\t\t\t\t<\/div>\n\t\t\t\t<\/div>\n\t\t\t\t\t<\/div>\n\t\t<\/div>\n\t\t\t\t<div class=\"elementor-column elementor-col-33 elementor-inner-column elementor-element elementor-element-005f490\" data-id=\"005f490\" data-element_type=\"column\">\n\t\t\t<div class=\"elementor-widget-wrap elementor-element-populated\">\n\t\t\t\t\t\t<div class=\"elementor-element elementor-element-5e6ad0e elementor-widget elementor-widget-text-editor\" data-id=\"5e6ad0e\" data-element_type=\"widget\" data-widget_type=\"text-editor.default\">\n\t\t\t\t<div class=\"elementor-widget-container\">\n\t\t\t\t\t\t\t\t\t<h3 class=\"h4\">Autocars<\/h3>\n<p>Els autocars tenen zones d\u2019estacionament al Passeig Ol\u00edmpic, 16.<\/p>\n\t\t\t\t\t\t\t\t<\/div>\n\t\t\t\t<\/div>\n\t\t\t\t\t<\/div>\n\t\t<\/div>\n\t\t\t\t\t<\/div>\n\t\t<\/section>\n\t\t\t\t\t<\/div>\n\t\t<\/div>\n\t\t\t\t\t<\/div>\n\t\t<\/section>\n\t\t\t\t<\/div>\n\t\t\t\t<\/div>\n\t\t\t\t\t\t<\/div>\n\t\t\t\t<\/div>\n\t\t\t\t\t<\/div>\n\t\t<\/div>\n\t\t\t\t\t<\/div>\n\t\t<\/section>\n\t\t\t\t<section class=\"elementor-section elementor-top-section elementor-element elementor-element-ff5688c elementor-section-full_width elementor-section-height-default elementor-section-height-default\" data-id=\"ff5688c\" data-element_type=\"section\">\n\t\t\t\t\t\t<div class=\"elementor-container elementor-column-gap-no\">\n\t\t\t\t\t<div class=\"elementor-column elementor-col-100 elementor-top-column elementor-element elementor-element-da862dc\" data-id=\"da862dc\" data-element_type=\"column\">\n\t\t\t<div class=\"elementor-widget-wrap elementor-element-populated\">\n\t\t\t\t\t\t<div class=\"elementor-element elementor-element-e6c4c18 elementor-widget elementor-widget-template\" data-id=\"e6c4c18\" data-element_type=\"widget\" data-widget_type=\"template.default\">\n\t\t\t\t<div class=\"elementor-widget-container\">\n\t\t\t\t\t\t\t<div class=\"elementor-template\">\n\t\t\t\t\t<div data-elementor-type=\"section\" data-elementor-id=\"15992\" class=\"elementor elementor-15992 elementor-738\" data-elementor-post-type=\"elementor_library\">\n\t\t\t\t\t<section class=\"elementor-section elementor-top-section elementor-element elementor-element-dee07e5 elementor-section-full_width moe-ven moe-bg-green l-padding inv elementor-section-height-default elementor-section-height-default\" data-id=\"dee07e5\" data-element_type=\"section\" data-settings=\"{&quot;background_background&quot;:&quot;classic&quot;}\">\n\t\t\t\t\t\t<div class=\"elementor-container elementor-column-gap-no\">\n\t\t\t\t\t<div class=\"elementor-column elementor-col-100 elementor-top-column elementor-element elementor-element-2b6f7418\" data-id=\"2b6f7418\" data-element_type=\"column\">\n\t\t\t<div class=\"elementor-widget-wrap elementor-element-populated\">\n\t\t\t\t\t\t<div class=\"elementor-element elementor-element-52451c67 elementor-widget elementor-widget-heading\" data-id=\"52451c67\" data-element_type=\"widget\" data-widget_type=\"heading.default\">\n\t\t\t\t<div class=\"elementor-widget-container\">\n\t\t\t\t\t<h2 class=\"elementor-heading-title elementor-size-default\">Veniu al museu<\/h2>\t\t\t\t<\/div>\n\t\t\t\t<\/div>\n\t\t\t\t<section class=\"elementor-section elementor-inner-section elementor-element elementor-element-f7219c1 elementor-section-boxed elementor-section-height-default elementor-section-height-default\" data-id=\"f7219c1\" data-element_type=\"section\">\n\t\t\t\t\t\t<div class=\"elementor-container elementor-column-gap-default\">\n\t\t\t\t\t<div class=\"elementor-column elementor-col-100 elementor-inner-column elementor-element elementor-element-3b7d3b5c\" data-id=\"3b7d3b5c\" data-element_type=\"column\">\n\t\t\t<div class=\"elementor-widget-wrap elementor-element-populated\">\n\t\t\t\t\t\t<div class=\"elementor-element elementor-element-221b28b7 elementor-widget elementor-widget-text-editor\" data-id=\"221b28b7\" data-element_type=\"widget\" data-widget_type=\"text-editor.default\">\n\t\t\t\t<div class=\"elementor-widget-container\">\n\t\t\t\t\t\t\t\t\t<p>Us esperem amb un munt de propostes educatives relacionades amb l&#8217;esport.<\/p>\n\t\t\t\t\t\t\t\t<\/div>\n\t\t\t\t<\/div>\n\t\t\t\t\t<\/div>\n\t\t<\/div>\n\t\t\t\t\t<\/div>\n\t\t<\/section>\n\t\t\t\t<div class=\"elementor-element elementor-element-32c9b62 elementor-align-center btn btn--border elementor-widget elementor-widget-button\" data-id=\"32c9b62\" data-element_type=\"widget\" data-widget_type=\"button.default\">\n\t\t\t\t<div class=\"elementor-widget-container\">\n\t\t\t\t\t\t\t\t\t<div class=\"elementor-button-wrapper\">\n\t\t\t\t\t<a class=\"elementor-button elementor-button-link elementor-size-sm\" href=\"https:\/\/www.museuolimpicbcn.cat\/ca\/reserva-visita-per-escoles\/\">\n\t\t\t\t\t\t<span class=\"elementor-button-content-wrapper\">\n\t\t\t\t\t\t\t\t\t<span class=\"elementor-button-text\">RESERVA UNA VISITA AL MUSEU<\/span>\n\t\t\t\t\t<\/span>\n\t\t\t\t\t<\/a>\n\t\t\t\t<\/div>\n\t\t\t\t\t\t\t\t<\/div>\n\t\t\t\t<\/div>\n\t\t\t\t<section class=\"elementor-section elementor-inner-section elementor-element elementor-element-c9612b9 elementor-section-boxed elementor-section-height-default elementor-section-height-default\" data-id=\"c9612b9\" data-element_type=\"section\">\n\t\t\t\t\t\t<div class=\"elementor-container elementor-column-gap-default\">\n\t\t\t\t\t<div class=\"elementor-column elementor-col-100 elementor-inner-column elementor-element elementor-element-5390f68\" data-id=\"5390f68\" data-element_type=\"column\">\n\t\t\t<div class=\"elementor-widget-wrap elementor-element-populated\">\n\t\t\t\t\t\t<div class=\"elementor-element elementor-element-84615c3 elementor-widget elementor-widget-text-editor\" data-id=\"84615c3\" data-element_type=\"widget\" data-widget_type=\"text-editor.default\">\n\t\t\t\t<div class=\"elementor-widget-container\">\n\t\t\t\t\t\t\t\t\t<p>Tingueu en compte que <strong>les reserves s\u00f3n obligat\u00f2ries<\/strong> per a tots els grups escolars que visitin el museu.<\/p>\n\t\t\t\t\t\t\t\t<\/div>\n\t\t\t\t<\/div>\n\t\t\t\t\t<\/div>\n\t\t<\/div>\n\t\t\t\t\t<\/div>\n\t\t<\/section>\n\t\t\t\t\t<\/div>\n\t\t<\/div>\n\t\t\t\t\t<\/div>\n\t\t<\/section>\n\t\t\t\t<\/div>\n\t\t\t\t<\/div>\n\t\t\t\t\t\t<\/div>\n\t\t\t\t<\/div>\n\t\t\t\t\t<\/div>\n\t\t<\/div>\n\t\t\t\t\t<\/div>\n\t\t<\/section>\n\t\t\t\t<\/div>\n\t\t","protected":false},"excerpt":{"rendered":"<p>Escoles L&#8217;esport \u00e9s l&#8217;instrument perfecte per a l&#8217;educaci\u00f3 en valors. L&#8217;oferta educativa que oferim al Museu Ol\u00edmpic engloba des de l&#8217;educaci\u00f3 infantil fins a graus universitaris. PetraJavier Mariscal. 1992 Us convidem a sol\u00b7licitar una visita guiada, dirigida per educadors\/es i personal del museu, o una visita lliure que us permetr\u00e0 conduir als\/a les alumnes a [&hellip;]<\/p>\n","protected":false},"author":4,"featured_media":0,"parent":0,"menu_order":0,"comment_status":"closed","ping_status":"closed","template":"","meta":{"_acf_changed":false,"_price":"","_stock":"","_tribe_ticket_header":"","_tribe_default_ticket_provider":"Tribe__Tickets_Plus__Commerce__WooCommerce__Main","_tribe_ticket_capacity":"0","_ticket_start_date":"","_ticket_end_date":"","_tribe_ticket_show_description":"","_tribe_ticket_show_not_going":false,"_tribe_ticket_use_global_stock":"","_tribe_ticket_global_stock_level":"","_global_stock_mode":"","_global_stock_cap":"","_tribe_rsvp_for_event":"","_tribe_ticket_going_count":"","_tribe_ticket_not_going_count":"","_tribe_tickets_list":"[]","_tribe_ticket_has_attendee_info_fields":false,"footnotes":"","_tec_slr_enabled":"","_tec_slr_layout":""},"class_list":["post-5252","page","type-page","status-publish","hentry"],"acf":[],"yoast_head":"<!-- This site is optimized with the Yoast SEO plugin v23.7 - https:\/\/yoast.com\/wordpress\/plugins\/seo\/ -->\n<title>Escoles - Museu Ol\u00edmpic i de l&#039;Esport<\/title>\n<meta name=\"robots\" content=\"index, follow, max-snippet:-1, max-image-preview:large, max-video-preview:-1\" \/>\n<link rel=\"canonical\" href=\"https:\/\/www.museuolimpicbcn.cat\/es\/escuelas\/\" \/>\n<meta property=\"og:locale\" content=\"ca_ES\" \/>\n<meta property=\"og:type\" content=\"article\" \/>\n<meta property=\"og:title\" content=\"Escoles - Museu Ol\u00edmpic i de l&#039;Esport\" \/>\n<meta property=\"og:description\" content=\"Escoles L&#8217;esport \u00e9s l&#8217;instrument perfecte per a l&#8217;educaci\u00f3 en valors. L&#8217;oferta educativa que oferim al Museu Ol\u00edmpic engloba des de l&#8217;educaci\u00f3 infantil fins a graus universitaris. PetraJavier Mariscal. 1992 Us convidem a sol\u00b7licitar una visita guiada, dirigida per educadors\/es i personal del museu, o una visita lliure que us permetr\u00e0 conduir als\/a les alumnes a [&hellip;]\" \/>\n<meta property=\"og:url\" content=\"https:\/\/www.museuolimpicbcn.cat\/es\/escuelas\/\" \/>\n<meta property=\"og:site_name\" content=\"Museu Ol\u00edmpic i de l&#039;Esport\" \/>\n<meta property=\"article:modified_time\" content=\"2026-03-24T16:28:31+00:00\" \/>\n<meta property=\"og:image\" content=\"https:\/\/www.museuolimpicbcn.cat\/wp-content\/uploads\/sites\/2\/2019\/04\/header_img_petra.jpg\" \/>\n<meta name=\"twitter:card\" content=\"summary_large_image\" \/>\n<meta name=\"twitter:label1\" content=\"Temps estimat de lectura\" \/>\n\t<meta name=\"twitter:data1\" content=\"42 minuts\" \/>\n<script type=\"application\/ld+json\" class=\"yoast-schema-graph\">{\"@context\":\"https:\/\/schema.org\",\"@graph\":[{\"@type\":\"WebPage\",\"@id\":\"https:\/\/www.museuolimpicbcn.cat\/es\/escuelas\/\",\"url\":\"https:\/\/www.museuolimpicbcn.cat\/es\/escuelas\/\",\"name\":\"Escoles - Museu Ol\u00edmpic i de l&#039;Esport\",\"isPartOf\":{\"@id\":\"https:\/\/www.museuolimpicbcn.cat\/ca\/#website\"},\"primaryImageOfPage\":{\"@id\":\"https:\/\/www.museuolimpicbcn.cat\/es\/escuelas\/#primaryimage\"},\"image\":{\"@id\":\"https:\/\/www.museuolimpicbcn.cat\/es\/escuelas\/#primaryimage\"},\"thumbnailUrl\":\"https:\/\/www.museuolimpicbcn.cat\/wp-content\/uploads\/sites\/2\/2019\/04\/header_img_petra.jpg\",\"datePublished\":\"2025-06-04T16:13:43+00:00\",\"dateModified\":\"2026-03-24T16:28:31+00:00\",\"breadcrumb\":{\"@id\":\"https:\/\/www.museuolimpicbcn.cat\/es\/escuelas\/#breadcrumb\"},\"inLanguage\":\"ca\",\"potentialAction\":[{\"@type\":\"ReadAction\",\"target\":[\"https:\/\/www.museuolimpicbcn.cat\/es\/escuelas\/\"]}]},{\"@type\":\"ImageObject\",\"inLanguage\":\"ca\",\"@id\":\"https:\/\/www.museuolimpicbcn.cat\/es\/escuelas\/#primaryimage\",\"url\":\"https:\/\/www.museuolimpicbcn.cat\/wp-content\/uploads\/sites\/2\/2019\/04\/header_img_petra.jpg\",\"contentUrl\":\"https:\/\/www.museuolimpicbcn.cat\/wp-content\/uploads\/sites\/2\/2019\/04\/header_img_petra.jpg\"},{\"@type\":\"BreadcrumbList\",\"@id\":\"https:\/\/www.museuolimpicbcn.cat\/es\/escuelas\/#breadcrumb\",\"itemListElement\":[{\"@type\":\"ListItem\",\"position\":1,\"name\":\"Inici\",\"item\":\"https:\/\/www.museuolimpicbcn.cat\/es\/\"},{\"@type\":\"ListItem\",\"position\":2,\"name\":\"Escoles\"}]},{\"@type\":\"WebSite\",\"@id\":\"https:\/\/www.museuolimpicbcn.cat\/ca\/#website\",\"url\":\"https:\/\/www.museuolimpicbcn.cat\/ca\/\",\"name\":\"Museu Ol\u00edmpic i de l&#039;Esport\",\"description\":\"Altre lloc Web del Museu Ol\u00edmpic i de l&#039;Esport llocs\",\"publisher\":{\"@id\":\"https:\/\/www.museuolimpicbcn.cat\/ca\/#organization\"},\"potentialAction\":[{\"@type\":\"SearchAction\",\"target\":{\"@type\":\"EntryPoint\",\"urlTemplate\":\"https:\/\/www.museuolimpicbcn.cat\/ca\/?s={search_term_string}\"},\"query-input\":{\"@type\":\"PropertyValueSpecification\",\"valueRequired\":true,\"valueName\":\"search_term_string\"}}],\"inLanguage\":\"ca\"},{\"@type\":\"Organization\",\"@id\":\"https:\/\/www.museuolimpicbcn.cat\/ca\/#organization\",\"name\":\"Museu Ol\u00edmpic i de l&#039;Esport\",\"url\":\"https:\/\/www.museuolimpicbcn.cat\/ca\/\",\"logo\":{\"@type\":\"ImageObject\",\"inLanguage\":\"ca\",\"@id\":\"https:\/\/www.museuolimpicbcn.cat\/ca\/#\/schema\/logo\/image\/\",\"url\":\"https:\/\/www.museuolimpicbcn.cat\/wp-content\/uploads\/sites\/2\/2018\/12\/logo-moe-header.svg\",\"contentUrl\":\"https:\/\/www.museuolimpicbcn.cat\/wp-content\/uploads\/sites\/2\/2018\/12\/logo-moe-header.svg\",\"caption\":\"Museu Ol\u00edmpic i de l&#039;Esport\"},\"image\":{\"@id\":\"https:\/\/www.museuolimpicbcn.cat\/ca\/#\/schema\/logo\/image\/\"}}]}<\/script>\n<!-- \/ Yoast SEO plugin. -->","yoast_head_json":{"title":"Escoles - Museu Ol\u00edmpic i de l&#039;Esport","robots":{"index":"index","follow":"follow","max-snippet":"max-snippet:-1","max-image-preview":"max-image-preview:large","max-video-preview":"max-video-preview:-1"},"canonical":"https:\/\/www.museuolimpicbcn.cat\/es\/escuelas\/","og_locale":"ca_ES","og_type":"article","og_title":"Escoles - Museu Ol\u00edmpic i de l&#039;Esport","og_description":"Escoles L&#8217;esport \u00e9s l&#8217;instrument perfecte per a l&#8217;educaci\u00f3 en valors. L&#8217;oferta educativa que oferim al Museu Ol\u00edmpic engloba des de l&#8217;educaci\u00f3 infantil fins a graus universitaris. PetraJavier Mariscal. 1992 Us convidem a sol\u00b7licitar una visita guiada, dirigida per educadors\/es i personal del museu, o una visita lliure que us permetr\u00e0 conduir als\/a les alumnes a [&hellip;]","og_url":"https:\/\/www.museuolimpicbcn.cat\/es\/escuelas\/","og_site_name":"Museu Ol\u00edmpic i de l&#039;Esport","article_modified_time":"2026-03-24T16:28:31+00:00","og_image":[{"url":"https:\/\/www.museuolimpicbcn.cat\/wp-content\/uploads\/sites\/2\/2019\/04\/header_img_petra.jpg"}],"twitter_card":"summary_large_image","twitter_misc":{"Temps estimat de lectura":"42 minuts"},"schema":{"@context":"https:\/\/schema.org","@graph":[{"@type":"WebPage","@id":"https:\/\/www.museuolimpicbcn.cat\/es\/escuelas\/","url":"https:\/\/www.museuolimpicbcn.cat\/es\/escuelas\/","name":"Escoles - Museu Ol\u00edmpic i de l&#039;Esport","isPartOf":{"@id":"https:\/\/www.museuolimpicbcn.cat\/ca\/#website"},"primaryImageOfPage":{"@id":"https:\/\/www.museuolimpicbcn.cat\/es\/escuelas\/#primaryimage"},"image":{"@id":"https:\/\/www.museuolimpicbcn.cat\/es\/escuelas\/#primaryimage"},"thumbnailUrl":"https:\/\/www.museuolimpicbcn.cat\/wp-content\/uploads\/sites\/2\/2019\/04\/header_img_petra.jpg","datePublished":"2025-06-04T16:13:43+00:00","dateModified":"2026-03-24T16:28:31+00:00","breadcrumb":{"@id":"https:\/\/www.museuolimpicbcn.cat\/es\/escuelas\/#breadcrumb"},"inLanguage":"ca","potentialAction":[{"@type":"ReadAction","target":["https:\/\/www.museuolimpicbcn.cat\/es\/escuelas\/"]}]},{"@type":"ImageObject","inLanguage":"ca","@id":"https:\/\/www.museuolimpicbcn.cat\/es\/escuelas\/#primaryimage","url":"https:\/\/www.museuolimpicbcn.cat\/wp-content\/uploads\/sites\/2\/2019\/04\/header_img_petra.jpg","contentUrl":"https:\/\/www.museuolimpicbcn.cat\/wp-content\/uploads\/sites\/2\/2019\/04\/header_img_petra.jpg"},{"@type":"BreadcrumbList","@id":"https:\/\/www.museuolimpicbcn.cat\/es\/escuelas\/#breadcrumb","itemListElement":[{"@type":"ListItem","position":1,"name":"Inici","item":"https:\/\/www.museuolimpicbcn.cat\/es\/"},{"@type":"ListItem","position":2,"name":"Escoles"}]},{"@type":"WebSite","@id":"https:\/\/www.museuolimpicbcn.cat\/ca\/#website","url":"https:\/\/www.museuolimpicbcn.cat\/ca\/","name":"Museu Ol\u00edmpic i de l&#039;Esport","description":"Altre lloc Web del Museu Ol\u00edmpic i de l&#039;Esport llocs","publisher":{"@id":"https:\/\/www.museuolimpicbcn.cat\/ca\/#organization"},"potentialAction":[{"@type":"SearchAction","target":{"@type":"EntryPoint","urlTemplate":"https:\/\/www.museuolimpicbcn.cat\/ca\/?s={search_term_string}"},"query-input":{"@type":"PropertyValueSpecification","valueRequired":true,"valueName":"search_term_string"}}],"inLanguage":"ca"},{"@type":"Organization","@id":"https:\/\/www.museuolimpicbcn.cat\/ca\/#organization","name":"Museu Ol\u00edmpic i de l&#039;Esport","url":"https:\/\/www.museuolimpicbcn.cat\/ca\/","logo":{"@type":"ImageObject","inLanguage":"ca","@id":"https:\/\/www.museuolimpicbcn.cat\/ca\/#\/schema\/logo\/image\/","url":"https:\/\/www.museuolimpicbcn.cat\/wp-content\/uploads\/sites\/2\/2018\/12\/logo-moe-header.svg","contentUrl":"https:\/\/www.museuolimpicbcn.cat\/wp-content\/uploads\/sites\/2\/2018\/12\/logo-moe-header.svg","caption":"Museu Ol\u00edmpic i de l&#039;Esport"},"image":{"@id":"https:\/\/www.museuolimpicbcn.cat\/ca\/#\/schema\/logo\/image\/"}}]}},"ticketed":false,"_links":{"self":[{"href":"https:\/\/www.museuolimpicbcn.cat\/ca\/wp-json\/wp\/v2\/pages\/5252"}],"collection":[{"href":"https:\/\/www.museuolimpicbcn.cat\/ca\/wp-json\/wp\/v2\/pages"}],"about":[{"href":"https:\/\/www.museuolimpicbcn.cat\/ca\/wp-json\/wp\/v2\/types\/page"}],"author":[{"embeddable":true,"href":"https:\/\/www.museuolimpicbcn.cat\/ca\/wp-json\/wp\/v2\/users\/4"}],"replies":[{"embeddable":true,"href":"https:\/\/www.museuolimpicbcn.cat\/ca\/wp-json\/wp\/v2\/comments?post=5252"}],"version-history":[{"count":169,"href":"https:\/\/www.museuolimpicbcn.cat\/ca\/wp-json\/wp\/v2\/pages\/5252\/revisions"}],"predecessor-version":[{"id":49039,"href":"https:\/\/www.museuolimpicbcn.cat\/ca\/wp-json\/wp\/v2\/pages\/5252\/revisions\/49039"}],"wp:attachment":[{"href":"https:\/\/www.museuolimpicbcn.cat\/ca\/wp-json\/wp\/v2\/media?parent=5252"}],"curies":[{"name":"wp","href":"https:\/\/api.w.org\/{rel}","templated":true}]}}