{"version":"1.0","provider_name":"Museu Ol\u00edmpic i de l&#039;Esport","provider_url":"https:\/\/www.museuolimpicbcn.cat\/en\/","author_name":"useradmin","author_url":"https:\/\/www.museuolimpicbcn.cat\/en\/author\/useradmin\/","title":"Exhibition: L'Esport es il\u00b7lusi\u00f3 - Museu Ol\u00edmpic i de l&#039;Esport","type":"rich","width":600,"height":338,"html":"<blockquote class=\"wp-embedded-content\" data-secret=\"sd0l3G50GU\"><a href=\"https:\/\/www.museuolimpicbcn.cat\/en\/exhibitions\/exhibition-lesport-es-il%c2%b7lusio\/\">Exhibition: L&#8217;Esport es il\u00b7lusi\u00f3<\/a><\/blockquote><iframe sandbox=\"allow-scripts\" security=\"restricted\" src=\"https:\/\/www.museuolimpicbcn.cat\/en\/exhibitions\/exhibition-lesport-es-il%c2%b7lusio\/embed\/#?secret=sd0l3G50GU\" width=\"600\" height=\"338\" title=\"&#8220;Exhibition: L&#8217;Esport es il\u00b7lusi\u00f3&#8221; &#8212; Museu Ol\u00edmpic i de l&#039;Esport\" data-secret=\"sd0l3G50GU\" frameborder=\"0\" marginwidth=\"0\" marginheight=\"0\" scrolling=\"no\" class=\"wp-embedded-content\"><\/iframe><script type=\"text\/javascript\">\n\/* <![CDATA[ *\/\n\/*! This file is auto-generated *\/\n!function(d,l){\"use strict\";l.querySelector&&d.addEventListener&&\"undefined\"!=typeof URL&&(d.wp=d.wp||{},d.wp.receiveEmbedMessage||(d.wp.receiveEmbedMessage=function(e){var t=e.data;if((t||t.secret||t.message||t.value)&&!\/[^a-zA-Z0-9]\/.test(t.secret)){for(var s,r,n,a=l.querySelectorAll('iframe[data-secret=\"'+t.secret+'\"]'),o=l.querySelectorAll('blockquote[data-secret=\"'+t.secret+'\"]'),c=new RegExp(\"^https?:$\",\"i\"),i=0;i<o.length;i++)o[i].style.display=\"none\";for(i=0;i<a.length;i++)s=a[i],e.source===s.contentWindow&&(s.removeAttribute(\"style\"),\"height\"===t.message?(1e3<(r=parseInt(t.value,10))?r=1e3:~~r<200&&(r=200),s.height=r):\"link\"===t.message&&(r=new URL(s.getAttribute(\"src\")),n=new URL(t.value),c.test(n.protocol))&&n.host===r.host&&l.activeElement===s&&(d.top.location.href=t.value))}},d.addEventListener(\"message\",d.wp.receiveEmbedMessage,!1),l.addEventListener(\"DOMContentLoaded\",function(){for(var e,t,s=l.querySelectorAll(\"iframe.wp-embedded-content\"),r=0;r<s.length;r++)(t=(e=s[r]).getAttribute(\"data-secret\"))||(t=Math.random().toString(36).substring(2,12),e.src+=\"#?secret=\"+t,e.setAttribute(\"data-secret\",t)),e.contentWindow.postMessage({message:\"ready\",secret:t},\"*\")},!1)))}(window,document);\n\/* ]]> *\/\n<\/script>\n","description":"From 2 September to 31 October, the exhibition room at the Joan Antoni Samaranch Museu Ol\u00edmpic i de l'Esport (Olympics and Sports Museum) will host Gabriela Mihailescu\u2019s photography exhibit 'L'Esport es il\u00b7lusi\u00f3'. The inaugural ceremony will feature the presence of Maribel Mart\u00ednez de Murgu\u00eda, Barcelona '92 Olympic champion with the field hockey team, who will offer a conference at the end of the exhibition."}