{"id":22913,"date":"2019-09-19T16:30:58","date_gmt":"2019-09-19T14:30:58","guid":{"rendered":"https:\/\/www.museuolimpicbcn.cat\/?page_id=22913"},"modified":"2024-05-13T09:37:08","modified_gmt":"2024-05-13T07:37:08","slug":"agenda","status":"publish","type":"page","link":"https:\/\/www.museuolimpicbcn.cat\/en\/agenda\/","title":{"rendered":"Agenda"},"content":{"rendered":"\t\t<div data-elementor-type=\"wp-post\" data-elementor-id=\"22913\" class=\"elementor elementor-22913 elementor-22911\" data-elementor-post-type=\"page\">\n\t\t\t\t\t\t<section class=\"elementor-section elementor-top-section elementor-element elementor-element-407735e5 l-padding--top moe-header--agenda elementor-section-boxed elementor-section-height-default elementor-section-height-default\" data-id=\"407735e5\" data-element_type=\"section\">\n\t\t\t\t\t\t<div class=\"elementor-container elementor-column-gap-default\">\n\t\t\t\t\t<div class=\"elementor-column elementor-col-100 elementor-top-column elementor-element elementor-element-577f10b8\" data-id=\"577f10b8\" data-element_type=\"column\">\n\t\t\t<div class=\"elementor-widget-wrap elementor-element-populated\">\n\t\t\t\t\t\t<div class=\"elementor-element elementor-element-eeb4f14 elementor-widget elementor-widget-breadcrumbs\" data-id=\"eeb4f14\" data-element_type=\"widget\" data-widget_type=\"breadcrumbs.default\">\n\t\t\t\t<div class=\"elementor-widget-container\">\n\t\t\t\t\t<ol class=\"moe-breadcrumbs\" itemscope itemtype=\"https:\/\/schema.org\/BreadcrumbList\"><li itemprop=\"itemListElement\" itemscope itemtype=\"https:\/\/schema.org\/ListItem\"><a href=\"\/en\/\" title=\"Home\"><span itemprop=\"name\">Home<\/span><\/a><meta itemprop=\"position\" content=\"1\" \/><\/li><\/ol>\t\t\t\t<\/div>\n\t\t\t\t<\/div>\n\t\t\t\t<div class=\"elementor-element elementor-element-5efa4019 elementor-widget elementor-widget-text-editor\" data-id=\"5efa4019\" data-element_type=\"widget\" data-widget_type=\"text-editor.default\">\n\t\t\t\t<div class=\"elementor-widget-container\">\n\t\t\t\t\t\t\t\t\t<h1>Agenda<\/h1>\n\t\t\t\t\t\t\t\t<\/div>\n\t\t\t\t<\/div>\n\t\t\t\t\t<\/div>\n\t\t<\/div>\n\t\t\t\t\t<\/div>\n\t\t<\/section>\n\t\t\t\t<section class=\"elementor-section elementor-top-section elementor-element elementor-element-b08310a l-padding--bottom moe-bg-grey_regular elementor-section-boxed elementor-section-height-default elementor-section-height-default\" data-id=\"b08310a\" data-element_type=\"section\">\n\t\t\t\t\t\t<div class=\"elementor-container elementor-column-gap-default\">\n\t\t\t\t\t<div class=\"elementor-column elementor-col-100 elementor-top-column elementor-element elementor-element-1024fd2\" data-id=\"1024fd2\" data-element_type=\"column\">\n\t\t\t<div class=\"elementor-widget-wrap elementor-element-populated\">\n\t\t\t\t\t\t<div class=\"elementor-element elementor-element-2929cbc elementor-widget elementor-widget-shortcode\" data-id=\"2929cbc\" data-element_type=\"widget\" data-widget_type=\"shortcode.default\">\n\t\t\t\t<div class=\"elementor-widget-container\">\n\t\t\t\t\t\t\t<div class=\"elementor-shortcode\">  <div class=\"cpt-grid cpt-grid--event\" >\n          \n                  <div class=\"cpt-grid-item cpt-grid-item--event\">\n  <div class=\"cpt-grid-item__inside\">\n    <div class=\"cpt-grid-item__schedule\">\n            <span class=\"moe-date start\">\n        <span class=\"date\"><span class=\"day\">06<\/span><span class=\"month\">May-26<\/span><\/span>        <span class=\"time\">18:00<\/span>      <\/span>\n                  <span class=\"moe-date end\">\n                <span class=\"time\">19:00<\/span>      <\/span>\n          <\/div><!-- \/.cpt-grid-item__schedule -->\n    <div class=\"cpt-grid-item__content\">\n      <h3><a href=\"https:\/\/www.museuolimpicbcn.cat\/en\/agenda\/the-fundacio-barcelona-olimpica-presents-the-book-espais-esportius-que-han-fet-historia-a-barcelona\/\">THE FUNDACI\u00d3 BARCELONA OL\u00cdMPICA PRESENTS THE BOOK \u00abEspais esportius que han fet hist\u00f2ria a Barcelona\u00bb<\/a><\/h3>\n            <div class=\"cpt-grid-item__meta\">\n        <span class=\"location\">Biblioteca Bon Pastor (Carrer de l'Estadella, 64, Barcelona)<\/span>        <span class=\"promoter\">Organised by: La Fundaci\u00f3 Barcelona Ol\u00edmpica, en colaboraci\u00f3n con la Biblioteca Bon Pastor \u2013 Josefina Castellv\u00ed y el Centre d'Estudis \u2013 Arxiu Vilabes\u00f2s Bar\u00f3 de Viver - Bon Pastor<\/span>      <\/div><!-- \/.cpt-grid-item__meta -->\n                  <div class=\"cpt-grid-item__description\">\n        <p>The Fundaci\u00f3 Barcelona Ol\u00edmpica (FBO), in collaboration with the Biblioteca Bon Pastor \u2013 Josefina Castellv\u00ed and the Centre d&#8217;Estudis \u2013 Arxiu Vilabes\u00f2s Bar\u00f3 de Viver &#8211; Bon Pastor, will present on 6 May the book \u00abEspais esportius que han fet hist\u00f2ria a Barcelona\u00bb (Sporting Spaces that Made History in Barcelona) \u2014 a landmark publication that [&hellip;]<\/p>\n      <\/div><!-- \/.cpt-grid-item__description -->\n          <\/div><!-- \/.cpt-grid-item__content -->\n  <\/div><!-- \/.cpt-grid-item__inside -->\n<\/div><!-- \/.cpt-grid-item -->                  <div class=\"cpt-grid-item cpt-grid-item--event\">\n  <div class=\"cpt-grid-item__inside\">\n    <div class=\"cpt-grid-item__schedule\">\n            <span class=\"moe-date start\">\n        <span class=\"date\"><span class=\"day\">10<\/span><span class=\"month\">May-26<\/span><\/span>        <span class=\"time\">11:30<\/span>      <\/span>\n                  <span class=\"moe-date end\">\n                <span class=\"time\">13:00<\/span>      <\/span>\n          <\/div><!-- \/.cpt-grid-item__schedule -->\n    <div class=\"cpt-grid-item__content\">\n      <h3><a href=\"https:\/\/www.museuolimpicbcn.cat\/en\/agenda\/get-caught-by-the-barcelona92-games-3\/\">Get caught by the Barcelona&#8217;92 Games<\/a><\/h3>\n            <div class=\"cpt-grid-item__meta\">\n        <span class=\"location\">Museu Ol\u00edmpic i de l'Esport JA Samaranch<\/span>        <span class=\"promoter\">Organised by: Fundaci\u00f3 Barcelona Ol\u00edmpica<\/span>      <\/div><!-- \/.cpt-grid-item__meta -->\n                  <div class=\"cpt-grid-item__description\">\n        <p>GET CAUGHT BY THE BARCELONA\u201992 GAMES Do you want to know what happened that summer of &#8217;92? The Barcelona \u201992 Olympics changed the city and its neighbors. Do you want to know how that summer of 1992 came about? In commemoration of the 30th anniversary of the 1992 Barcelona Olympic and Paralympic Games, the Museu [&hellip;]<\/p>\n      <\/div><!-- \/.cpt-grid-item__description -->\n          <\/div><!-- \/.cpt-grid-item__content -->\n  <\/div><!-- \/.cpt-grid-item__inside -->\n<\/div><!-- \/.cpt-grid-item -->        \n                \n            <\/div><!-- .cpt-grid -->\n<\/div>\n\t\t\t\t\t\t<\/div>\n\t\t\t\t<\/div>\n\t\t\t\t<div class=\"elementor-element elementor-element-6ca48b2 elementor-widget elementor-widget-text-editor\" data-id=\"6ca48b2\" data-element_type=\"widget\" data-widget_type=\"text-editor.default\">\n\t\t\t\t<div class=\"elementor-widget-container\">\n\t\t\t\t\t\t\t\t\t<p><a href=\"https:\/\/www.museuolimpicbcn.cat\/en\/agenda-archive\/\" class=\"lnk\">View agenda archive<\/a><\/p>\n\t\t\t\t\t\t\t\t<\/div>\n\t\t\t\t<\/div>\n\t\t\t\t\t<\/div>\n\t\t<\/div>\n\t\t\t\t\t<\/div>\n\t\t<\/section>\n\t\t\t\t<\/div>\n\t\t","protected":false},"excerpt":{"rendered":"<p>Agenda View agenda archive<\/p>\n","protected":false},"author":2,"featured_media":0,"parent":0,"menu_order":0,"comment_status":"closed","ping_status":"closed","template":"","meta":{"_acf_changed":false,"_price":"","_stock":"","_tribe_ticket_header":"","_tribe_default_ticket_provider":"","_tribe_ticket_capacity":"0","_ticket_start_date":"","_ticket_end_date":"","_tribe_ticket_show_description":"","_tribe_ticket_show_not_going":false,"_tribe_ticket_use_global_stock":"","_tribe_ticket_global_stock_level":"","_global_stock_mode":"","_global_stock_cap":"","_tribe_rsvp_for_event":"","_tribe_ticket_going_count":"","_tribe_ticket_not_going_count":"","_tribe_tickets_list":"[]","_tribe_ticket_has_attendee_info_fields":false,"footnotes":"","_tec_slr_enabled":"","_tec_slr_layout":""},"class_list":["post-22913","page","type-page","status-publish","hentry"],"acf":[],"yoast_head":"<!-- This site is optimized with the Yoast SEO plugin v23.7 - https:\/\/yoast.com\/wordpress\/plugins\/seo\/ -->\n<title>Agenda - Museu Ol\u00edmpic i de l&#039;Esport<\/title>\n<meta name=\"robots\" content=\"index, follow, max-snippet:-1, max-image-preview:large, max-video-preview:-1\" \/>\n<link rel=\"canonical\" href=\"https:\/\/www.museuolimpicbcn.cat\/es\/agenda\/\" \/>\n<meta property=\"og:locale\" content=\"en_US\" \/>\n<meta property=\"og:type\" content=\"article\" \/>\n<meta property=\"og:title\" content=\"Agenda - Museu Ol\u00edmpic i de l&#039;Esport\" \/>\n<meta property=\"og:description\" content=\"Agenda View agenda archive\" \/>\n<meta property=\"og:url\" content=\"https:\/\/www.museuolimpicbcn.cat\/es\/agenda\/\" \/>\n<meta property=\"og:site_name\" content=\"Museu Ol\u00edmpic i de l&#039;Esport\" \/>\n<meta property=\"article:modified_time\" content=\"2024-05-13T07:37:08+00:00\" \/>\n<meta name=\"twitter:card\" content=\"summary_large_image\" \/>\n<script type=\"application\/ld+json\" class=\"yoast-schema-graph\">{\"@context\":\"https:\/\/schema.org\",\"@graph\":[{\"@type\":\"WebPage\",\"@id\":\"https:\/\/www.museuolimpicbcn.cat\/es\/agenda\/\",\"url\":\"https:\/\/www.museuolimpicbcn.cat\/es\/agenda\/\",\"name\":\"Agenda - Museu Ol\u00edmpic i de l&#039;Esport\",\"isPartOf\":{\"@id\":\"https:\/\/www.museuolimpicbcn.cat\/ca\/#website\"},\"datePublished\":\"2019-09-19T14:30:58+00:00\",\"dateModified\":\"2024-05-13T07:37:08+00:00\",\"breadcrumb\":{\"@id\":\"https:\/\/www.museuolimpicbcn.cat\/es\/agenda\/#breadcrumb\"},\"inLanguage\":\"en-US\",\"potentialAction\":[{\"@type\":\"ReadAction\",\"target\":[\"https:\/\/www.museuolimpicbcn.cat\/es\/agenda\/\"]}]},{\"@type\":\"BreadcrumbList\",\"@id\":\"https:\/\/www.museuolimpicbcn.cat\/es\/agenda\/#breadcrumb\",\"itemListElement\":[{\"@type\":\"ListItem\",\"position\":1,\"name\":\"Home\",\"item\":\"https:\/\/www.museuolimpicbcn.cat\/es\/\"},{\"@type\":\"ListItem\",\"position\":2,\"name\":\"Agenda\"}]},{\"@type\":\"WebSite\",\"@id\":\"https:\/\/www.museuolimpicbcn.cat\/ca\/#website\",\"url\":\"https:\/\/www.museuolimpicbcn.cat\/ca\/\",\"name\":\"Museu Ol\u00edmpic i de l&#039;Esport\",\"description\":\"Altre lloc Web del Museu Ol\u00edmpic i de l&#039;Esport llocs\",\"publisher\":{\"@id\":\"https:\/\/www.museuolimpicbcn.cat\/ca\/#organization\"},\"potentialAction\":[{\"@type\":\"SearchAction\",\"target\":{\"@type\":\"EntryPoint\",\"urlTemplate\":\"https:\/\/www.museuolimpicbcn.cat\/ca\/?s={search_term_string}\"},\"query-input\":{\"@type\":\"PropertyValueSpecification\",\"valueRequired\":true,\"valueName\":\"search_term_string\"}}],\"inLanguage\":\"en-US\"},{\"@type\":\"Organization\",\"@id\":\"https:\/\/www.museuolimpicbcn.cat\/ca\/#organization\",\"name\":\"Museu Ol\u00edmpic i de l&#039;Esport\",\"url\":\"https:\/\/www.museuolimpicbcn.cat\/ca\/\",\"logo\":{\"@type\":\"ImageObject\",\"inLanguage\":\"en-US\",\"@id\":\"https:\/\/www.museuolimpicbcn.cat\/ca\/#\/schema\/logo\/image\/\",\"url\":\"https:\/\/www.museuolimpicbcn.cat\/wp-content\/uploads\/sites\/2\/2018\/12\/logo-moe-header.svg\",\"contentUrl\":\"https:\/\/www.museuolimpicbcn.cat\/wp-content\/uploads\/sites\/2\/2018\/12\/logo-moe-header.svg\",\"caption\":\"Museu Ol\u00edmpic i de l&#039;Esport\"},\"image\":{\"@id\":\"https:\/\/www.museuolimpicbcn.cat\/ca\/#\/schema\/logo\/image\/\"}}]}<\/script>\n<!-- \/ Yoast SEO plugin. -->","yoast_head_json":{"title":"Agenda - Museu Ol\u00edmpic i de l&#039;Esport","robots":{"index":"index","follow":"follow","max-snippet":"max-snippet:-1","max-image-preview":"max-image-preview:large","max-video-preview":"max-video-preview:-1"},"canonical":"https:\/\/www.museuolimpicbcn.cat\/es\/agenda\/","og_locale":"en_US","og_type":"article","og_title":"Agenda - Museu Ol\u00edmpic i de l&#039;Esport","og_description":"Agenda View agenda archive","og_url":"https:\/\/www.museuolimpicbcn.cat\/es\/agenda\/","og_site_name":"Museu Ol\u00edmpic i de l&#039;Esport","article_modified_time":"2024-05-13T07:37:08+00:00","twitter_card":"summary_large_image","schema":{"@context":"https:\/\/schema.org","@graph":[{"@type":"WebPage","@id":"https:\/\/www.museuolimpicbcn.cat\/es\/agenda\/","url":"https:\/\/www.museuolimpicbcn.cat\/es\/agenda\/","name":"Agenda - Museu Ol\u00edmpic i de l&#039;Esport","isPartOf":{"@id":"https:\/\/www.museuolimpicbcn.cat\/ca\/#website"},"datePublished":"2019-09-19T14:30:58+00:00","dateModified":"2024-05-13T07:37:08+00:00","breadcrumb":{"@id":"https:\/\/www.museuolimpicbcn.cat\/es\/agenda\/#breadcrumb"},"inLanguage":"en-US","potentialAction":[{"@type":"ReadAction","target":["https:\/\/www.museuolimpicbcn.cat\/es\/agenda\/"]}]},{"@type":"BreadcrumbList","@id":"https:\/\/www.museuolimpicbcn.cat\/es\/agenda\/#breadcrumb","itemListElement":[{"@type":"ListItem","position":1,"name":"Home","item":"https:\/\/www.museuolimpicbcn.cat\/es\/"},{"@type":"ListItem","position":2,"name":"Agenda"}]},{"@type":"WebSite","@id":"https:\/\/www.museuolimpicbcn.cat\/ca\/#website","url":"https:\/\/www.museuolimpicbcn.cat\/ca\/","name":"Museu Ol\u00edmpic i de l&#039;Esport","description":"Altre lloc Web del Museu Ol\u00edmpic i de l&#039;Esport llocs","publisher":{"@id":"https:\/\/www.museuolimpicbcn.cat\/ca\/#organization"},"potentialAction":[{"@type":"SearchAction","target":{"@type":"EntryPoint","urlTemplate":"https:\/\/www.museuolimpicbcn.cat\/ca\/?s={search_term_string}"},"query-input":{"@type":"PropertyValueSpecification","valueRequired":true,"valueName":"search_term_string"}}],"inLanguage":"en-US"},{"@type":"Organization","@id":"https:\/\/www.museuolimpicbcn.cat\/ca\/#organization","name":"Museu Ol\u00edmpic i de l&#039;Esport","url":"https:\/\/www.museuolimpicbcn.cat\/ca\/","logo":{"@type":"ImageObject","inLanguage":"en-US","@id":"https:\/\/www.museuolimpicbcn.cat\/ca\/#\/schema\/logo\/image\/","url":"https:\/\/www.museuolimpicbcn.cat\/wp-content\/uploads\/sites\/2\/2018\/12\/logo-moe-header.svg","contentUrl":"https:\/\/www.museuolimpicbcn.cat\/wp-content\/uploads\/sites\/2\/2018\/12\/logo-moe-header.svg","caption":"Museu Ol\u00edmpic i de l&#039;Esport"},"image":{"@id":"https:\/\/www.museuolimpicbcn.cat\/ca\/#\/schema\/logo\/image\/"}}]}},"ticketed":false,"_links":{"self":[{"href":"https:\/\/www.museuolimpicbcn.cat\/en\/wp-json\/wp\/v2\/pages\/22913"}],"collection":[{"href":"https:\/\/www.museuolimpicbcn.cat\/en\/wp-json\/wp\/v2\/pages"}],"about":[{"href":"https:\/\/www.museuolimpicbcn.cat\/en\/wp-json\/wp\/v2\/types\/page"}],"author":[{"embeddable":true,"href":"https:\/\/www.museuolimpicbcn.cat\/en\/wp-json\/wp\/v2\/users\/2"}],"replies":[{"embeddable":true,"href":"https:\/\/www.museuolimpicbcn.cat\/en\/wp-json\/wp\/v2\/comments?post=22913"}],"version-history":[{"count":5,"href":"https:\/\/www.museuolimpicbcn.cat\/en\/wp-json\/wp\/v2\/pages\/22913\/revisions"}],"predecessor-version":[{"id":41022,"href":"https:\/\/www.museuolimpicbcn.cat\/en\/wp-json\/wp\/v2\/pages\/22913\/revisions\/41022"}],"wp:attachment":[{"href":"https:\/\/www.museuolimpicbcn.cat\/en\/wp-json\/wp\/v2\/media?parent=22913"}],"curies":[{"name":"wp","href":"https:\/\/api.w.org\/{rel}","templated":true}]}}