{"version":"1.0","provider_name":"Museu Ol\u00edmpic i de l&#039;Esport Joan Antoni Samaranch. Barcelona","provider_url":"https:\/\/www.museuolimpicbcn.cat\/es\/","author_name":"Ibone","author_url":"https:\/\/www.museuolimpicbcn.cat\/es\/author\/fbolimpica\/","title":"Presentaci\u00f3n del libro \"Regresar a Marat\u00f3n\" - Museu Ol\u00edmpic i de l&#039;Esport Joan Antoni Samaranch. Barcelona","type":"rich","width":600,"height":338,"html":"<blockquote class=\"wp-embedded-content\" data-secret=\"gIlwtfqLWq\"><a href=\"https:\/\/www.museuolimpicbcn.cat\/es\/agenda\/presentacion-del-libro-regresar-a-maraton\/\">Presentaci\u00f3n del libro &#8220;Regresar a Marat\u00f3n&#8221;<\/a><\/blockquote><iframe sandbox=\"allow-scripts\" security=\"restricted\" src=\"https:\/\/www.museuolimpicbcn.cat\/es\/agenda\/presentacion-del-libro-regresar-a-maraton\/embed\/#?secret=gIlwtfqLWq\" width=\"600\" height=\"338\" title=\"\u00abPresentaci\u00f3n del libro &#8220;Regresar a Marat\u00f3n&#8221;\u00bb \u2014 Museu Ol\u00edmpic i de l&#039;Esport Joan Antoni Samaranch. Barcelona\" data-secret=\"gIlwtfqLWq\" frameborder=\"0\" marginwidth=\"0\" marginheight=\"0\" scrolling=\"no\" class=\"wp-embedded-content\"><\/iframe><script type=\"text\/javascript\">\n\/* <![CDATA[ *\/\n\/*! This file is auto-generated *\/\n!function(d,l){\"use strict\";l.querySelector&&d.addEventListener&&\"undefined\"!=typeof URL&&(d.wp=d.wp||{},d.wp.receiveEmbedMessage||(d.wp.receiveEmbedMessage=function(e){var t=e.data;if((t||t.secret||t.message||t.value)&&!\/[^a-zA-Z0-9]\/.test(t.secret)){for(var s,r,n,a=l.querySelectorAll('iframe[data-secret=\"'+t.secret+'\"]'),o=l.querySelectorAll('blockquote[data-secret=\"'+t.secret+'\"]'),c=new RegExp(\"^https?:$\",\"i\"),i=0;i<o.length;i++)o[i].style.display=\"none\";for(i=0;i<a.length;i++)s=a[i],e.source===s.contentWindow&&(s.removeAttribute(\"style\"),\"height\"===t.message?(1e3<(r=parseInt(t.value,10))?r=1e3:~~r<200&&(r=200),s.height=r):\"link\"===t.message&&(r=new URL(s.getAttribute(\"src\")),n=new URL(t.value),c.test(n.protocol))&&n.host===r.host&&l.activeElement===s&&(d.top.location.href=t.value))}},d.addEventListener(\"message\",d.wp.receiveEmbedMessage,!1),l.addEventListener(\"DOMContentLoaded\",function(){for(var e,t,s=l.querySelectorAll(\"iframe.wp-embedded-content\"),r=0;r<s.length;r++)(t=(e=s[r]).getAttribute(\"data-secret\"))||(t=Math.random().toString(36).substring(2,12),e.src+=\"#?secret=\"+t,e.setAttribute(\"data-secret\",t)),e.contentWindow.postMessage({message:\"ready\",secret:t},\"*\")},!1)))}(window,document);\n\/* ]]> *\/\n<\/script>\n","thumbnail_url":"https:\/\/www.museuolimpicbcn.cat\/wp-content\/uploads\/sites\/2\/2019\/09\/5d3b12780de694e0023494be-regresar-a-maraton-miguel-calvo-1.jpg","thumbnail_width":1160,"thumbnail_height":674,"description":"&#8220;Regresar a Marat\u00f3n&#8221;: una invitaci\u00f3n a viajar por Grecia en busca del esp\u00edritu que late detr\u00e1s de las carreras de larga distancia y del origen del marat\u00f3n, est\u00e1 cargado de an\u00e9cdotas descritas con todos los recursos necesarios que dan al lector una amplia visi\u00f3n de lo que es un libro de viajes, una narrativa hist\u00f3rica, [&hellip;]"}