{"version":"1.0","provider_name":"Museu Ol\u00edmpic i de l&#039;Esport Joan Antoni Samaranch. Barcelona","provider_url":"https:\/\/www.museuolimpicbcn.cat\/es\/","author_name":"luisfer","author_url":"https:\/\/www.museuolimpicbcn.cat\/es\/author\/luisfer\/","title":"Ba\u00f1ador Dal\u00ed - Paola Tirados - Museu Ol\u00edmpic i de l&#039;Esport Joan Antoni Samaranch. Barcelona","type":"rich","width":600,"height":338,"html":"<blockquote class=\"wp-embedded-content\" data-secret=\"FGm6ww1YK7\"><a href=\"https:\/\/www.museuolimpicbcn.cat\/es\/coleccion-permanente\/banador-dali-paola-tirados\/\">Ba\u00f1ador Dal\u00ed &#8211; Paola Tirados<\/a><\/blockquote><iframe sandbox=\"allow-scripts\" security=\"restricted\" src=\"https:\/\/www.museuolimpicbcn.cat\/es\/coleccion-permanente\/banador-dali-paola-tirados\/embed\/#?secret=FGm6ww1YK7\" width=\"600\" height=\"338\" title=\"\u00abBa\u00f1ador Dal\u00ed &#8211; Paola Tirados\u00bb \u2014 Museu Ol\u00edmpic i de l&#039;Esport Joan Antoni Samaranch. Barcelona\" data-secret=\"FGm6ww1YK7\" frameborder=\"0\" marginwidth=\"0\" marginheight=\"0\" scrolling=\"no\" class=\"wp-embedded-content\"><\/iframe><script type=\"text\/javascript\">\n\/* <![CDATA[ *\/\n\/*! This file is auto-generated *\/\n!function(d,l){\"use strict\";l.querySelector&&d.addEventListener&&\"undefined\"!=typeof URL&&(d.wp=d.wp||{},d.wp.receiveEmbedMessage||(d.wp.receiveEmbedMessage=function(e){var t=e.data;if((t||t.secret||t.message||t.value)&&!\/[^a-zA-Z0-9]\/.test(t.secret)){for(var s,r,n,a=l.querySelectorAll('iframe[data-secret=\"'+t.secret+'\"]'),o=l.querySelectorAll('blockquote[data-secret=\"'+t.secret+'\"]'),c=new RegExp(\"^https?:$\",\"i\"),i=0;i<o.length;i++)o[i].style.display=\"none\";for(i=0;i<a.length;i++)s=a[i],e.source===s.contentWindow&&(s.removeAttribute(\"style\"),\"height\"===t.message?(1e3<(r=parseInt(t.value,10))?r=1e3:~~r<200&&(r=200),s.height=r):\"link\"===t.message&&(r=new URL(s.getAttribute(\"src\")),n=new URL(t.value),c.test(n.protocol))&&n.host===r.host&&l.activeElement===s&&(d.top.location.href=t.value))}},d.addEventListener(\"message\",d.wp.receiveEmbedMessage,!1),l.addEventListener(\"DOMContentLoaded\",function(){for(var e,t,s=l.querySelectorAll(\"iframe.wp-embedded-content\"),r=0;r<s.length;r++)(t=(e=s[r]).getAttribute(\"data-secret\"))||(t=Math.random().toString(36).substring(2,12),e.src+=\"#?secret=\"+t,e.setAttribute(\"data-secret\",t)),e.contentWindow.postMessage({message:\"ready\",secret:t},\"*\")},!1)))}(window,document);\n\/* ]]> *\/\n<\/script>\n","description":"Ba\u00f1ador de la nadadora de nataci\u00f3n sincronizada Paola Tirados. Este modelo fue usado por el equipo espa\u00f1ol de nataci\u00f3n sincronizada en los Juegos Ol\u00edmpicos de Atenas de 2004 donde acabaron en cuarto lugar (diploma ol\u00edmpico). El dise\u00f1o del ba\u00f1ador rend\u00eda \u00a0homenaje a Salvador Dal\u00ed en el a\u00f1o del centenario de su nacimiento."}