{"version":"1.0","provider_name":"Museu Ol\u00edmpic i de l&#039;Esport Joan Antoni Samaranch. Barcelona","provider_url":"https:\/\/www.museuolimpicbcn.cat\/es\/","author_name":"useradmin","author_url":"https:\/\/www.museuolimpicbcn.cat\/es\/author\/useradmin\/","title":"El Deporte es Ilusi\u00f3n - Museu Ol\u00edmpic i de l&#039;Esport Joan Antoni Samaranch. Barcelona","type":"rich","width":600,"height":338,"html":"<blockquote class=\"wp-embedded-content\" data-secret=\"DY3rRYdMg9\"><a href=\"https:\/\/www.museuolimpicbcn.cat\/es\/el-deporte-es-ilusion\/\">El Deporte es Ilusi\u00f3n<\/a><\/blockquote><iframe sandbox=\"allow-scripts\" security=\"restricted\" src=\"https:\/\/www.museuolimpicbcn.cat\/es\/el-deporte-es-ilusion\/embed\/#?secret=DY3rRYdMg9\" width=\"600\" height=\"338\" title=\"\u00abEl Deporte es Ilusi\u00f3n\u00bb \u2014 Museu Ol\u00edmpic i de l&#039;Esport Joan Antoni Samaranch. Barcelona\" data-secret=\"DY3rRYdMg9\" frameborder=\"0\" marginwidth=\"0\" marginheight=\"0\" scrolling=\"no\" class=\"wp-embedded-content\"><\/iframe><script type=\"text\/javascript\">\n\/* <![CDATA[ *\/\n\/*! This file is auto-generated *\/\n!function(d,l){\"use strict\";l.querySelector&&d.addEventListener&&\"undefined\"!=typeof URL&&(d.wp=d.wp||{},d.wp.receiveEmbedMessage||(d.wp.receiveEmbedMessage=function(e){var t=e.data;if((t||t.secret||t.message||t.value)&&!\/[^a-zA-Z0-9]\/.test(t.secret)){for(var s,r,n,a=l.querySelectorAll('iframe[data-secret=\"'+t.secret+'\"]'),o=l.querySelectorAll('blockquote[data-secret=\"'+t.secret+'\"]'),c=new RegExp(\"^https?:$\",\"i\"),i=0;i<o.length;i++)o[i].style.display=\"none\";for(i=0;i<a.length;i++)s=a[i],e.source===s.contentWindow&&(s.removeAttribute(\"style\"),\"height\"===t.message?(1e3<(r=parseInt(t.value,10))?r=1e3:~~r<200&&(r=200),s.height=r):\"link\"===t.message&&(r=new URL(s.getAttribute(\"src\")),n=new URL(t.value),c.test(n.protocol))&&n.host===r.host&&l.activeElement===s&&(d.top.location.href=t.value))}},d.addEventListener(\"message\",d.wp.receiveEmbedMessage,!1),l.addEventListener(\"DOMContentLoaded\",function(){for(var e,t,s=l.querySelectorAll(\"iframe.wp-embedded-content\"),r=0;r<s.length;r++)(t=(e=s[r]).getAttribute(\"data-secret\"))||(t=Math.random().toString(36).substring(2,12),e.src+=\"#?secret=\"+t,e.setAttribute(\"data-secret\",t)),e.contentWindow.postMessage({message:\"ready\",secret:t},\"*\")},!1)))}(window,document);\n\/* ]]> *\/\n<\/script>\n","description":"La sala de exposiciones del Museu Ol\u00edmpic i de l\u2019Esport Joan Antoni Samaranch acoger\u00e1, del 2 de septiembre al 31 de octubre, la exposici\u00f3n fotogr\u00e1fica, de Gabriela Mihailescu, 'L'Esport \u00e9s Il\u00b7lusi\u00f3'. El acto de inauguraci\u00f3n contar\u00e1 con la presencia de Maribel Mart\u00ednez de Murgu\u00eda, campeona ol\u00edmpica en Barcelona'92 con la selecci\u00f3n de hoquei hierba, ofrecer\u00e1 una conferencia af\u00edn a la exposici\u00f3n."}