{"version":"1.0","provider_name":"Museu Ol\u00edmpic i de l&#039;Esport Joan Antoni Samaranch. Barcelona","provider_url":"https:\/\/www.museuolimpicbcn.cat\/es\/","author_name":"useradmin","author_url":"https:\/\/www.museuolimpicbcn.cat\/es\/author\/useradmin\/","title":"AQUELL ESTIU DEL \u201892 (Exposici\u00f3n en Viladecans) - Museu Ol\u00edmpic i de l&#039;Esport Joan Antoni Samaranch. Barcelona","type":"rich","width":600,"height":338,"html":"<blockquote class=\"wp-embedded-content\" data-secret=\"KV7POd33i4\"><a href=\"https:\/\/www.museuolimpicbcn.cat\/es\/exposiciones\/aquell-estiu-del-92-exposicion-en-viladecans\/\">AQUELL ESTIU DEL \u201892 (Exposici\u00f3n en Viladecans)<\/a><\/blockquote><iframe sandbox=\"allow-scripts\" security=\"restricted\" src=\"https:\/\/www.museuolimpicbcn.cat\/es\/exposiciones\/aquell-estiu-del-92-exposicion-en-viladecans\/embed\/#?secret=KV7POd33i4\" width=\"600\" height=\"338\" title=\"\u00abAQUELL ESTIU DEL \u201892 (Exposici\u00f3n en Viladecans)\u00bb \u2014 Museu Ol\u00edmpic i de l&#039;Esport Joan Antoni Samaranch. Barcelona\" data-secret=\"KV7POd33i4\" frameborder=\"0\" marginwidth=\"0\" marginheight=\"0\" scrolling=\"no\" class=\"wp-embedded-content\"><\/iframe><script type=\"text\/javascript\">\n\/* <![CDATA[ *\/\n\/*! This file is auto-generated *\/\n!function(d,l){\"use strict\";l.querySelector&&d.addEventListener&&\"undefined\"!=typeof URL&&(d.wp=d.wp||{},d.wp.receiveEmbedMessage||(d.wp.receiveEmbedMessage=function(e){var t=e.data;if((t||t.secret||t.message||t.value)&&!\/[^a-zA-Z0-9]\/.test(t.secret)){for(var s,r,n,a=l.querySelectorAll('iframe[data-secret=\"'+t.secret+'\"]'),o=l.querySelectorAll('blockquote[data-secret=\"'+t.secret+'\"]'),c=new RegExp(\"^https?:$\",\"i\"),i=0;i<o.length;i++)o[i].style.display=\"none\";for(i=0;i<a.length;i++)s=a[i],e.source===s.contentWindow&&(s.removeAttribute(\"style\"),\"height\"===t.message?(1e3<(r=parseInt(t.value,10))?r=1e3:~~r<200&&(r=200),s.height=r):\"link\"===t.message&&(r=new URL(s.getAttribute(\"src\")),n=new URL(t.value),c.test(n.protocol))&&n.host===r.host&&l.activeElement===s&&(d.top.location.href=t.value))}},d.addEventListener(\"message\",d.wp.receiveEmbedMessage,!1),l.addEventListener(\"DOMContentLoaded\",function(){for(var e,t,s=l.querySelectorAll(\"iframe.wp-embedded-content\"),r=0;r<s.length;r++)(t=(e=s[r]).getAttribute(\"data-secret\"))||(t=Math.random().toString(36).substring(2,12),e.src+=\"#?secret=\"+t,e.setAttribute(\"data-secret\",t)),e.contentWindow.postMessage({message:\"ready\",secret:t},\"*\")},!1)))}(window,document);\n\/* ]]> *\/\n<\/script>\n","description":"Con el motivo del 25 aniversario del evento deportivo m\u00e1s importante de la historia de la ciudad, la Fundaci\u00f3 Barcelona Ol\u00edmpica presenta Aquell Estiu del \u201992 (Aquel verano del \u201992), un espacio din\u00e1mico conmemorativo de los Juegos Ol\u00edmpicos y Paral\u00edmpicos de Barcelona\u201992."}