{"version":"1.0","provider_name":"Museu Ol\u00edmpic i de l&#039;Esport Joan Antoni Samaranch. Barcelona","provider_url":"https:\/\/www.museuolimpicbcn.cat\/es\/","author_name":"Ibone","author_url":"https:\/\/www.museuolimpicbcn.cat\/es\/author\/fbolimpica\/","title":"Laia Palau en el Museu Ol\u00edmpic - Museu Ol\u00edmpic i de l&#039;Esport Joan Antoni Samaranch. Barcelona","type":"rich","width":600,"height":338,"html":"<blockquote class=\"wp-embedded-content\" data-secret=\"wLGWQXlXRW\"><a href=\"https:\/\/www.museuolimpicbcn.cat\/es\/laia-palau-en-el-museu-olimpic\/\">Laia Palau en el Museu Ol\u00edmpic<\/a><\/blockquote><iframe sandbox=\"allow-scripts\" security=\"restricted\" src=\"https:\/\/www.museuolimpicbcn.cat\/es\/laia-palau-en-el-museu-olimpic\/embed\/#?secret=wLGWQXlXRW\" width=\"600\" height=\"338\" title=\"\u00abLaia Palau en el Museu Ol\u00edmpic\u00bb \u2014 Museu Ol\u00edmpic i de l&#039;Esport Joan Antoni Samaranch. Barcelona\" data-secret=\"wLGWQXlXRW\" frameborder=\"0\" marginwidth=\"0\" marginheight=\"0\" scrolling=\"no\" class=\"wp-embedded-content\"><\/iframe><script type=\"text\/javascript\">\n\/* <![CDATA[ *\/\n\/*! This file is auto-generated *\/\n!function(d,l){\"use strict\";l.querySelector&&d.addEventListener&&\"undefined\"!=typeof URL&&(d.wp=d.wp||{},d.wp.receiveEmbedMessage||(d.wp.receiveEmbedMessage=function(e){var t=e.data;if((t||t.secret||t.message||t.value)&&!\/[^a-zA-Z0-9]\/.test(t.secret)){for(var s,r,n,a=l.querySelectorAll('iframe[data-secret=\"'+t.secret+'\"]'),o=l.querySelectorAll('blockquote[data-secret=\"'+t.secret+'\"]'),c=new RegExp(\"^https?:$\",\"i\"),i=0;i<o.length;i++)o[i].style.display=\"none\";for(i=0;i<a.length;i++)s=a[i],e.source===s.contentWindow&&(s.removeAttribute(\"style\"),\"height\"===t.message?(1e3<(r=parseInt(t.value,10))?r=1e3:~~r<200&&(r=200),s.height=r):\"link\"===t.message&&(r=new URL(s.getAttribute(\"src\")),n=new URL(t.value),c.test(n.protocol))&&n.host===r.host&&l.activeElement===s&&(d.top.location.href=t.value))}},d.addEventListener(\"message\",d.wp.receiveEmbedMessage,!1),l.addEventListener(\"DOMContentLoaded\",function(){for(var e,t,s=l.querySelectorAll(\"iframe.wp-embedded-content\"),r=0;r<s.length;r++)(t=(e=s[r]).getAttribute(\"data-secret\"))||(t=Math.random().toString(36).substring(2,12),e.src+=\"#?secret=\"+t,e.setAttribute(\"data-secret\",t)),e.contentWindow.postMessage({message:\"ready\",secret:t},\"*\")},!1)))}(window,document);\n\/* ]]> *\/\n<\/script>\n","thumbnail_url":"https:\/\/www.museuolimpicbcn.cat\/wp-content\/uploads\/sites\/2\/2020\/09\/Palau-01-1.jpg","thumbnail_width":1600,"thumbnail_height":1200,"description":"David Escud\u00e9, presidente de la Fundaci\u00f3 Barcelona Ol\u00edmpica y regidor de deportes del Ayuntamiento de Barcelona ha recibido a Laia Palau, la jugadora de b\u00e1squet que m\u00e1s veces ha sido internacional con la Selecci\u00f3n Espa\u00f1ola. Palau nos ha dejado un bonito recuerdo en el Museu Ol\u00edmpic. Desde que debutase el 16 de agosto del 2002 [&hellip;]"}