{"id":1067,"date":"2018-12-18T10:52:29","date_gmt":"2018-12-18T09:52:29","guid":{"rendered":"https:\/\/dev.museuolimpicbcn.cat\/?page_id=1067"},"modified":"2019-09-19T16:12:51","modified_gmt":"2019-09-19T14:12:51","slug":"historico-de-agenda","status":"publish","type":"page","link":"https:\/\/www.museuolimpicbcn.cat\/es\/historico-de-agenda\/","title":{"rendered":"Hist\u00f3rico de agenda"},"content":{"rendered":"\t\t<div data-elementor-type=\"wp-post\" data-elementor-id=\"1067\" class=\"elementor elementor-1067\" data-elementor-post-type=\"page\">\n\t\t\t\t\t\t<section class=\"elementor-section elementor-top-section elementor-element elementor-element-407735e5 l-padding--top moe-header--agenda elementor-section-boxed elementor-section-height-default elementor-section-height-default\" data-id=\"407735e5\" data-element_type=\"section\">\n\t\t\t\t\t\t<div class=\"elementor-container elementor-column-gap-default\">\n\t\t\t\t\t<div class=\"elementor-column elementor-col-100 elementor-top-column elementor-element elementor-element-577f10b8\" data-id=\"577f10b8\" data-element_type=\"column\">\n\t\t\t<div class=\"elementor-widget-wrap elementor-element-populated\">\n\t\t\t\t\t\t<div class=\"elementor-element elementor-element-eeb4f14 elementor-widget elementor-widget-breadcrumbs\" data-id=\"eeb4f14\" data-element_type=\"widget\" data-widget_type=\"breadcrumbs.default\">\n\t\t\t\t<div class=\"elementor-widget-container\">\n\t\t\t\t\t<ol class=\"moe-breadcrumbs\" itemscope itemtype=\"https:\/\/schema.org\/BreadcrumbList\"><li itemprop=\"itemListElement\" itemscope itemtype=\"https:\/\/schema.org\/ListItem\"><a href=\"\/es\/\" title=\"Inicio\"><span itemprop=\"name\">Inicio<\/span><\/a><meta itemprop=\"position\" content=\"1\" \/><\/li><\/ol>\t\t\t\t<\/div>\n\t\t\t\t<\/div>\n\t\t\t\t<div class=\"elementor-element elementor-element-5efa4019 elementor-widget elementor-widget-text-editor\" data-id=\"5efa4019\" data-element_type=\"widget\" data-widget_type=\"text-editor.default\">\n\t\t\t\t<div class=\"elementor-widget-container\">\n\t\t\t\t\t\t\t\t\t<h1>Hist\u00f3rico de agenda<\/h1>\t\t\t\t\t\t\t\t<\/div>\n\t\t\t\t<\/div>\n\t\t\t\t<div class=\"elementor-element elementor-element-8d2419f elementor-widget elementor-widget-shortcode\" data-id=\"8d2419f\" data-element_type=\"widget\" data-widget_type=\"shortcode.default\">\n\t\t\t\t<div class=\"elementor-widget-container\">\n\t\t\t\t\t\t\t<div class=\"elementor-shortcode\">\n<div id=\"ajax-filters-search\" class=\"ajax-filter-search\" data-target=\".cpt-grid\" data-posts-per-page=\"5\">\n  <form method=\"get\" autocomplete=\"off\">\n    <input type=\"hidden\" id=\"search-post-type\" value=\"event\" \/>\n    <input type=\"hidden\" id=\"wpml_lang\" value=\"es\" \/>\n    <div class=\"form-group form-group--select\">\n      <label for=\"search-year\" class=\"sr-only\">A\u00f1o<\/label>\n      <select class=\"form-control\" name=\"search-year\" id=\"search-year\">\n        <option placeholder>Todos los a\u00f1os<\/option>\n        <option value=\"2026\">A\u00f1o 2026<\/option><option value=\"2025\">A\u00f1o 2025<\/option><option value=\"2024\">A\u00f1o 2024<\/option><option value=\"2023\">A\u00f1o 2023<\/option><option value=\"2022\">A\u00f1o 2022<\/option><option value=\"2021\">A\u00f1o 2021<\/option><option value=\"2020\">A\u00f1o 2020<\/option><option value=\"2019\">A\u00f1o 2019<\/option><option value=\"2018\">A\u00f1o 2018<\/option><option value=\"2017\">A\u00f1o 2017<\/option><option value=\"2016\">A\u00f1o 2016<\/option>      <\/select>\n    <\/div>\n    <div class=\"form-group form-group--text\">\n      <label for=\"search-text\" class=\"sr-only\"><\/label>\n      <input class=\"form-control\" name=\"search-text\" id=\"search-text\" type=\"text\" \/>\n    <\/div>\n    <button type=\"reset\">\n      <svg class=\"icon icon-cancel\"><use xlink:href=\"#icon-cancel\"><\/use><\/svg>\n      <span class=\"sr-only\">Reiniciar<\/span>\n    <\/button>\n    <button type=\"submit\">\n      <svg class=\"icon icon-search\"><use xlink:href=\"#icon-search\"><\/use><\/svg>\n      <span class=\"sr-only\">Buscar<\/span>\n    <\/button>\n  <\/form>\n<\/div><!-- .ajax-filter-search -->\n\n<script type=\"text\/javascript\">\n    var ajax_url = \"https:\/\/www.museuolimpicbcn.cat\/wp-admin\/admin-ajax.php\";\n<\/script>\n\n<\/div>\n\t\t\t\t\t\t<\/div>\n\t\t\t\t<\/div>\n\t\t\t\t\t<\/div>\n\t\t<\/div>\n\t\t\t\t\t<\/div>\n\t\t<\/section>\n\t\t\t\t<section class=\"elementor-section elementor-top-section elementor-element elementor-element-b08310a l-padding--bottom moe-bg-grey_regular elementor-section-boxed elementor-section-height-default elementor-section-height-default\" data-id=\"b08310a\" data-element_type=\"section\">\n\t\t\t\t\t\t<div class=\"elementor-container elementor-column-gap-default\">\n\t\t\t\t\t<div class=\"elementor-column elementor-col-100 elementor-top-column elementor-element elementor-element-1024fd2\" data-id=\"1024fd2\" data-element_type=\"column\">\n\t\t\t<div class=\"elementor-widget-wrap elementor-element-populated\">\n\t\t\t\t\t\t<div class=\"elementor-element elementor-element-2929cbc elementor-widget elementor-widget-shortcode\" data-id=\"2929cbc\" data-element_type=\"widget\" data-widget_type=\"shortcode.default\">\n\t\t\t\t<div class=\"elementor-widget-container\">\n\t\t\t\t\t\t\t<div class=\"elementor-shortcode\">  <div class=\"cpt-grid cpt-grid--event\" >\n          \n                  <div class=\"cpt-grid-item cpt-grid-item--event\">\n  <div class=\"cpt-grid-item__inside\">\n    <div class=\"cpt-grid-item__schedule\">\n            <span class=\"moe-date start\">\n        <span class=\"date\"><span class=\"day\">14<\/span><span class=\"month\">May-26<\/span><\/span>        <span class=\"time\">18:00<\/span>      <\/span>\n                  <span class=\"moe-date end\">\n        <span class=\"date\"><span class=\"day\">14<\/span><span class=\"month\">Abr-26<\/span><\/span>        <span class=\"time\">20:00<\/span>      <\/span>\n          <\/div><!-- \/.cpt-grid-item__schedule -->\n    <div class=\"cpt-grid-item__content\">\n      <h3><a href=\"https:\/\/www.museuolimpicbcn.cat\/es\/agenda\/club-de-lectura-literatura-y-deporte-de-que-parlo-quan-parlo-de-correr-de-haruki-murakami-con-la-presencia-de-miquel-pucurull-atleta-y-corredor-de-maratones\/\">Club de Lectura: Literatura y deporte &#8220;De qu\u00e8 parlo quan parlo de c\u00f3rrer&#8221;, de Haruki Murakami. con la presencia de Miquel Pucurull, atleta y corredor de maratones.<\/a><\/h3>\n            <div class=\"cpt-grid-item__meta\">\n        <span class=\"location\">Museu Ol\u00edmpic i de l'Esport JA Samaranch<\/span>        <span class=\"promoter\">Organiza: La Biblioteca Les Corts \u2013 Miquel Llongueras y la Fundaci\u00f3 Barcelona Ol\u00edmpica<\/span>      <\/div><!-- \/.cpt-grid-item__meta -->\n                  <div class=\"cpt-grid-item__description\">\n        <p>La Biblioteca Les Corts \u2013 Miquel Llongueras, especializada en deportes, y la Fundaci\u00f3 Barcelona Ol\u00edmpica unen fuerzas para crear un club de lectura \u00fanico: cuatro sesiones llenas de historias que inspiran, emocionan y ense\u00f1an a superar l\u00edmites. Leeremos biograf\u00edas, ensayos y novelas que tienen el deporte como eje vertebrador. Este club es mucho m\u00e1s que [&hellip;]<\/p>\n      <\/div><!-- \/.cpt-grid-item__description -->\n          <\/div><!-- \/.cpt-grid-item__content -->\n  <\/div><!-- \/.cpt-grid-item__inside -->\n<\/div><!-- \/.cpt-grid-item -->                  <div class=\"cpt-grid-item cpt-grid-item--event\">\n  <div class=\"cpt-grid-item__inside\">\n    <div class=\"cpt-grid-item__schedule\">\n            <span class=\"moe-date start\">\n        <span class=\"date\"><span class=\"day\">10<\/span><span class=\"month\">May-26<\/span><\/span>        <span class=\"time\">11:30<\/span>      <\/span>\n                  <span class=\"moe-date end\">\n                <span class=\"time\">13:00<\/span>      <\/span>\n          <\/div><!-- \/.cpt-grid-item__schedule -->\n    <div class=\"cpt-grid-item__content\">\n      <h3><a href=\"https:\/\/www.museuolimpicbcn.cat\/es\/agenda\/taller-familiar-dejate-atrapar-por-los-juegos-de-barcelona92-3\/\">Taller Familiar: D\u00e9jate atrapar por los Juegos de Barcelona\u201992<\/a><\/h3>\n            <div class=\"cpt-grid-item__meta\">\n        <span class=\"location\">Museu Ol\u00edmpic i de l'Esport JA Samaranch<\/span>        <span class=\"promoter\">Organiza: Fundaci\u00f3 Barcelona Ol\u00edmpica<\/span>      <\/div><!-- \/.cpt-grid-item__meta -->\n                  <div class=\"cpt-grid-item__description\">\n        <p>D\u00c9JATE ATRAPAR POR LOS JUEGOS DE BARCELONA\u201992 \u00bfQuer\u00e9is saber qu\u00e9 pas\u00f3 aquel verano del 92? Las Olimpiadas de Barcelona\u201992 cambi\u00f3 la Ciudad y sus vecinos. \u00bfQuer\u00e9is saber c\u00f3mo lleg\u00f3 aquel verano del 92? En conmemoraci\u00f3n del 30 aniversario de los Juegos Ol\u00edmpicos y Paral\u00edmpicos de Barcelona 1992, el Museu Ol\u00edmpic ha querido recordar c\u00f3mo cambi\u00f3 [&hellip;]<\/p>\n      <\/div><!-- \/.cpt-grid-item__description -->\n          <\/div><!-- \/.cpt-grid-item__content -->\n  <\/div><!-- \/.cpt-grid-item__inside -->\n<\/div><!-- \/.cpt-grid-item -->                  <div class=\"cpt-grid-item cpt-grid-item--event\">\n  <div class=\"cpt-grid-item__inside\">\n    <div class=\"cpt-grid-item__schedule\">\n            <span class=\"moe-date start\">\n        <span class=\"date\"><span class=\"day\">06<\/span><span class=\"month\">May-26<\/span><\/span>        <span class=\"time\">18:00<\/span>      <\/span>\n                  <span class=\"moe-date end\">\n                <span class=\"time\">19:00<\/span>      <\/span>\n          <\/div><!-- \/.cpt-grid-item__schedule -->\n    <div class=\"cpt-grid-item__content\">\n      <h3><a href=\"https:\/\/www.museuolimpicbcn.cat\/es\/agenda\/presentacion-del-libro-espacios-deportivos-que-han-hecho-historia-en-barcelona\/\">Presentaci\u00f3n del libro: Espacios deportivos que han hecho historia en Barcelona<\/a><\/h3>\n            <div class=\"cpt-grid-item__meta\">\n        <span class=\"location\">Biblioteca Bon Pastor (Carrer de l'Estadella, 64, Barcelona)<\/span>        <span class=\"promoter\">Organiza: La Fundaci\u00f3 Barcelona Ol\u00edmpica, en colaboraci\u00f3n con la Biblioteca Bon Pastor \u2013 Josefina Castellv\u00ed y el Centre d'Estudis \u2013 Arxiu Vilabes\u00f2s Bar\u00f3 de Viver - Bon Pastor<\/span>      <\/div><!-- \/.cpt-grid-item__meta -->\n                  <div class=\"cpt-grid-item__description\">\n        <p>La Fundaci\u00f3 Barcelona Ol\u00edmpica, en colaboraci\u00f3n con la Biblioteca Bon Pastor \u2013 Josefina Castellv\u00ed y el Centre d&#8217;Estudis \u2013 Arxiu Vilabes\u00f2s Bar\u00f3 de Viver &#8211; Bon Pastor, presenta el pr\u00f3ximo 6 de mayo el libro \u00abEspais esportius que han fet hist\u00f2ria a Barcelona\u00bb, una obra de referencia que recupera la memoria hist\u00f3rica de los espacios [&hellip;]<\/p>\n      <\/div><!-- \/.cpt-grid-item__description -->\n          <\/div><!-- \/.cpt-grid-item__content -->\n  <\/div><!-- \/.cpt-grid-item__inside -->\n<\/div><!-- \/.cpt-grid-item -->                  <div class=\"cpt-grid-item cpt-grid-item--event\">\n  <div class=\"cpt-grid-item__inside\">\n    <div class=\"cpt-grid-item__schedule\">\n            <span class=\"moe-date start\">\n        <span class=\"date\"><span class=\"day\">26<\/span><span class=\"month\">Abr-26<\/span><\/span>        <span class=\"time\">11:30<\/span>      <\/span>\n                  <span class=\"moe-date end\">\n                <span class=\"time\">13:00<\/span>      <\/span>\n          <\/div><!-- \/.cpt-grid-item__schedule -->\n    <div class=\"cpt-grid-item__content\">\n      <h3><a href=\"https:\/\/www.museuolimpicbcn.cat\/es\/agenda\/taller-familiar-dejate-atrapar-por-los-juegos-de-barcelona92-2\/\">Taller Familiar: D\u00e9jate atrapar por los Juegos de Barcelona\u201992<\/a><\/h3>\n            <div class=\"cpt-grid-item__meta\">\n        <span class=\"location\">Museu Ol\u00edmpic i de l'Esport JA Samaranch<\/span>        <span class=\"promoter\">Organiza: Fundaci\u00f3 Barcelona Ol\u00edmpica<\/span>      <\/div><!-- \/.cpt-grid-item__meta -->\n                  <div class=\"cpt-grid-item__description\">\n        <p>D\u00c9JATE ATRAPAR POR LOS JUEGOS DE BARCELONA\u201992 \u00bfQuer\u00e9is saber qu\u00e9 pas\u00f3 aquel verano del 92? Las Olimpiadas de Barcelona\u201992 cambi\u00f3 la Ciudad y sus vecinos. \u00bfQuer\u00e9is saber c\u00f3mo lleg\u00f3 aquel verano del 92? En conmemoraci\u00f3n del 30 aniversario de los Juegos Ol\u00edmpicos y Paral\u00edmpicos de Barcelona 1992, el Museu Ol\u00edmpic ha querido recordar c\u00f3mo cambi\u00f3 [&hellip;]<\/p>\n      <\/div><!-- \/.cpt-grid-item__description -->\n          <\/div><!-- \/.cpt-grid-item__content -->\n  <\/div><!-- \/.cpt-grid-item__inside -->\n<\/div><!-- \/.cpt-grid-item -->                  <div class=\"cpt-grid-item cpt-grid-item--event\">\n  <div class=\"cpt-grid-item__inside\">\n    <div class=\"cpt-grid-item__schedule\">\n            <span class=\"moe-date start\">\n        <span class=\"date\"><span class=\"day\">23<\/span><span class=\"month\">Abr-26<\/span><\/span>        <span class=\"time\">10:00<\/span>      <\/span>\n                  <span class=\"moe-date end\">\n                <span class=\"time\">19:00<\/span>      <\/span>\n          <\/div><!-- \/.cpt-grid-item__schedule -->\n    <div class=\"cpt-grid-item__content\">\n      <h3><a href=\"https:\/\/www.museuolimpicbcn.cat\/es\/agenda\/49375\/\">Celebra Sant Jordi regalando un libro con cada entrada<\/a><\/h3>\n            <div class=\"cpt-grid-item__meta\">\n        <span class=\"location\">Museu Ol\u00edmpici i de l'Esport JA Samaranch<\/span>        <span class=\"promoter\">Organiza: Fundaci\u00f3 Barcelona Ol\u00edmpica<\/span>      <\/div><!-- \/.cpt-grid-item__meta -->\n                  <div class=\"cpt-grid-item__description\">\n        <p>El Museu Ol\u00edmpic i de l&#8217;Esport de Barcelona celebra Sant Jordi regalando un libro con cada entrada Con motivo de la Diada de Sant Jordi, el Museu Ol\u00edmpic i de l&#8217;Esport de Barcelona se suma a la tradici\u00f3n del libro y la rosa de una manera muy especial: todos los visitantes que accedan al museo [&hellip;]<\/p>\n      <\/div><!-- \/.cpt-grid-item__description -->\n          <\/div><!-- \/.cpt-grid-item__content -->\n  <\/div><!-- \/.cpt-grid-item__inside -->\n<\/div><!-- \/.cpt-grid-item -->        \n                \n            <\/div><!-- .cpt-grid -->\n<\/div>\n\t\t\t\t\t\t<\/div>\n\t\t\t\t<\/div>\n\t\t\t\t\t<\/div>\n\t\t<\/div>\n\t\t\t\t\t<\/div>\n\t\t<\/section>\n\t\t\t\t<\/div>\n\t\t","protected":false},"excerpt":{"rendered":"<p>Hist\u00f3rico de agenda<\/p>\n","protected":false},"author":4,"featured_media":0,"parent":0,"menu_order":0,"comment_status":"closed","ping_status":"closed","template":"","meta":{"_acf_changed":false,"_price":"","_stock":"","_tribe_ticket_header":"","_tribe_default_ticket_provider":"","_tribe_ticket_capacity":"0","_ticket_start_date":"","_ticket_end_date":"","_tribe_ticket_show_description":"","_tribe_ticket_show_not_going":false,"_tribe_ticket_use_global_stock":"","_tribe_ticket_global_stock_level":"","_global_stock_mode":"","_global_stock_cap":"","_tribe_rsvp_for_event":"","_tribe_ticket_going_count":"","_tribe_ticket_not_going_count":"","_tribe_tickets_list":"[]","_tribe_ticket_has_attendee_info_fields":false,"footnotes":"","_tec_slr_enabled":"","_tec_slr_layout":""},"class_list":["post-1067","page","type-page","status-publish","hentry"],"acf":[],"yoast_head":"<!-- This site is optimized with the Yoast SEO plugin v23.7 - https:\/\/yoast.com\/wordpress\/plugins\/seo\/ -->\n<title>Hist\u00f3rico de agenda - Museu Ol\u00edmpic i de l&#039;Esport Joan Antoni Samaranch. Barcelona<\/title>\n<meta name=\"robots\" content=\"index, follow, max-snippet:-1, max-image-preview:large, max-video-preview:-1\" \/>\n<link rel=\"canonical\" href=\"https:\/\/www.museuolimpicbcn.cat\/es\/historico-de-agenda\/\" \/>\n<meta property=\"og:locale\" content=\"es_ES\" \/>\n<meta property=\"og:type\" content=\"article\" \/>\n<meta property=\"og:title\" content=\"Hist\u00f3rico de agenda - Museu Ol\u00edmpic i de l&#039;Esport Joan Antoni Samaranch. Barcelona\" \/>\n<meta property=\"og:description\" content=\"Hist\u00f3rico de agenda\" \/>\n<meta property=\"og:url\" content=\"https:\/\/www.museuolimpicbcn.cat\/es\/historico-de-agenda\/\" \/>\n<meta property=\"og:site_name\" content=\"Museu Ol\u00edmpic i de l&#039;Esport Joan Antoni Samaranch. Barcelona\" \/>\n<meta property=\"article:modified_time\" content=\"2019-09-19T14:12:51+00:00\" \/>\n<meta name=\"twitter:card\" content=\"summary_large_image\" \/>\n<script type=\"application\/ld+json\" class=\"yoast-schema-graph\">{\"@context\":\"https:\/\/schema.org\",\"@graph\":[{\"@type\":\"WebPage\",\"@id\":\"https:\/\/www.museuolimpicbcn.cat\/es\/historico-de-agenda\/\",\"url\":\"https:\/\/www.museuolimpicbcn.cat\/es\/historico-de-agenda\/\",\"name\":\"Hist\u00f3rico de agenda - Museu Ol\u00edmpic i de l&#039;Esport Joan Antoni Samaranch. Barcelona\",\"isPartOf\":{\"@id\":\"https:\/\/www.museuolimpicbcn.cat\/ca\/#website\"},\"datePublished\":\"2018-12-18T09:52:29+00:00\",\"dateModified\":\"2019-09-19T14:12:51+00:00\",\"breadcrumb\":{\"@id\":\"https:\/\/www.museuolimpicbcn.cat\/es\/historico-de-agenda\/#breadcrumb\"},\"inLanguage\":\"es\",\"potentialAction\":[{\"@type\":\"ReadAction\",\"target\":[\"https:\/\/www.museuolimpicbcn.cat\/es\/historico-de-agenda\/\"]}]},{\"@type\":\"BreadcrumbList\",\"@id\":\"https:\/\/www.museuolimpicbcn.cat\/es\/historico-de-agenda\/#breadcrumb\",\"itemListElement\":[{\"@type\":\"ListItem\",\"position\":1,\"name\":\"Inici\",\"item\":\"https:\/\/www.museuolimpicbcn.cat\/es\/\"},{\"@type\":\"ListItem\",\"position\":2,\"name\":\"Hist\u00f3rico de agenda\"}]},{\"@type\":\"WebSite\",\"@id\":\"https:\/\/www.museuolimpicbcn.cat\/ca\/#website\",\"url\":\"https:\/\/www.museuolimpicbcn.cat\/ca\/\",\"name\":\"Museu Ol\u00edmpic i de l&#039;Esport Joan Antoni Samaranch. Barcelona\",\"description\":\"Altre lloc Web del Museu Ol\u00edmpic i de l&#039;Esport llocs\",\"publisher\":{\"@id\":\"https:\/\/www.museuolimpicbcn.cat\/ca\/#organization\"},\"potentialAction\":[{\"@type\":\"SearchAction\",\"target\":{\"@type\":\"EntryPoint\",\"urlTemplate\":\"https:\/\/www.museuolimpicbcn.cat\/ca\/?s={search_term_string}\"},\"query-input\":{\"@type\":\"PropertyValueSpecification\",\"valueRequired\":true,\"valueName\":\"search_term_string\"}}],\"inLanguage\":\"es\"},{\"@type\":\"Organization\",\"@id\":\"https:\/\/www.museuolimpicbcn.cat\/ca\/#organization\",\"name\":\"Museu Ol\u00edmpic i de l&#039;Esport Joan Antoni Samaranch. Barcelona\",\"url\":\"https:\/\/www.museuolimpicbcn.cat\/ca\/\",\"logo\":{\"@type\":\"ImageObject\",\"inLanguage\":\"es\",\"@id\":\"https:\/\/www.museuolimpicbcn.cat\/ca\/#\/schema\/logo\/image\/\",\"url\":\"https:\/\/www.museuolimpicbcn.cat\/wp-content\/uploads\/sites\/2\/2018\/12\/logo-moe-header.svg\",\"contentUrl\":\"https:\/\/www.museuolimpicbcn.cat\/wp-content\/uploads\/sites\/2\/2018\/12\/logo-moe-header.svg\",\"caption\":\"Museu Ol\u00edmpic i de l&#039;Esport Joan Antoni Samaranch. Barcelona\"},\"image\":{\"@id\":\"https:\/\/www.museuolimpicbcn.cat\/ca\/#\/schema\/logo\/image\/\"}}]}<\/script>\n<!-- \/ Yoast SEO plugin. -->","yoast_head_json":{"title":"Hist\u00f3rico de agenda - Museu Ol\u00edmpic i de l&#039;Esport Joan Antoni Samaranch. Barcelona","robots":{"index":"index","follow":"follow","max-snippet":"max-snippet:-1","max-image-preview":"max-image-preview:large","max-video-preview":"max-video-preview:-1"},"canonical":"https:\/\/www.museuolimpicbcn.cat\/es\/historico-de-agenda\/","og_locale":"es_ES","og_type":"article","og_title":"Hist\u00f3rico de agenda - Museu Ol\u00edmpic i de l&#039;Esport Joan Antoni Samaranch. Barcelona","og_description":"Hist\u00f3rico de agenda","og_url":"https:\/\/www.museuolimpicbcn.cat\/es\/historico-de-agenda\/","og_site_name":"Museu Ol\u00edmpic i de l&#039;Esport Joan Antoni Samaranch. Barcelona","article_modified_time":"2019-09-19T14:12:51+00:00","twitter_card":"summary_large_image","schema":{"@context":"https:\/\/schema.org","@graph":[{"@type":"WebPage","@id":"https:\/\/www.museuolimpicbcn.cat\/es\/historico-de-agenda\/","url":"https:\/\/www.museuolimpicbcn.cat\/es\/historico-de-agenda\/","name":"Hist\u00f3rico de agenda - Museu Ol\u00edmpic i de l&#039;Esport Joan Antoni Samaranch. Barcelona","isPartOf":{"@id":"https:\/\/www.museuolimpicbcn.cat\/ca\/#website"},"datePublished":"2018-12-18T09:52:29+00:00","dateModified":"2019-09-19T14:12:51+00:00","breadcrumb":{"@id":"https:\/\/www.museuolimpicbcn.cat\/es\/historico-de-agenda\/#breadcrumb"},"inLanguage":"es","potentialAction":[{"@type":"ReadAction","target":["https:\/\/www.museuolimpicbcn.cat\/es\/historico-de-agenda\/"]}]},{"@type":"BreadcrumbList","@id":"https:\/\/www.museuolimpicbcn.cat\/es\/historico-de-agenda\/#breadcrumb","itemListElement":[{"@type":"ListItem","position":1,"name":"Inici","item":"https:\/\/www.museuolimpicbcn.cat\/es\/"},{"@type":"ListItem","position":2,"name":"Hist\u00f3rico de agenda"}]},{"@type":"WebSite","@id":"https:\/\/www.museuolimpicbcn.cat\/ca\/#website","url":"https:\/\/www.museuolimpicbcn.cat\/ca\/","name":"Museu Ol\u00edmpic i de l&#039;Esport Joan Antoni Samaranch. Barcelona","description":"Altre lloc Web del Museu Ol\u00edmpic i de l&#039;Esport llocs","publisher":{"@id":"https:\/\/www.museuolimpicbcn.cat\/ca\/#organization"},"potentialAction":[{"@type":"SearchAction","target":{"@type":"EntryPoint","urlTemplate":"https:\/\/www.museuolimpicbcn.cat\/ca\/?s={search_term_string}"},"query-input":{"@type":"PropertyValueSpecification","valueRequired":true,"valueName":"search_term_string"}}],"inLanguage":"es"},{"@type":"Organization","@id":"https:\/\/www.museuolimpicbcn.cat\/ca\/#organization","name":"Museu Ol\u00edmpic i de l&#039;Esport Joan Antoni Samaranch. Barcelona","url":"https:\/\/www.museuolimpicbcn.cat\/ca\/","logo":{"@type":"ImageObject","inLanguage":"es","@id":"https:\/\/www.museuolimpicbcn.cat\/ca\/#\/schema\/logo\/image\/","url":"https:\/\/www.museuolimpicbcn.cat\/wp-content\/uploads\/sites\/2\/2018\/12\/logo-moe-header.svg","contentUrl":"https:\/\/www.museuolimpicbcn.cat\/wp-content\/uploads\/sites\/2\/2018\/12\/logo-moe-header.svg","caption":"Museu Ol\u00edmpic i de l&#039;Esport Joan Antoni Samaranch. Barcelona"},"image":{"@id":"https:\/\/www.museuolimpicbcn.cat\/ca\/#\/schema\/logo\/image\/"}}]}},"ticketed":false,"_links":{"self":[{"href":"https:\/\/www.museuolimpicbcn.cat\/es\/wp-json\/wp\/v2\/pages\/1067"}],"collection":[{"href":"https:\/\/www.museuolimpicbcn.cat\/es\/wp-json\/wp\/v2\/pages"}],"about":[{"href":"https:\/\/www.museuolimpicbcn.cat\/es\/wp-json\/wp\/v2\/types\/page"}],"author":[{"embeddable":true,"href":"https:\/\/www.museuolimpicbcn.cat\/es\/wp-json\/wp\/v2\/users\/4"}],"replies":[{"embeddable":true,"href":"https:\/\/www.museuolimpicbcn.cat\/es\/wp-json\/wp\/v2\/comments?post=1067"}],"version-history":[{"count":32,"href":"https:\/\/www.museuolimpicbcn.cat\/es\/wp-json\/wp\/v2\/pages\/1067\/revisions"}],"predecessor-version":[{"id":22926,"href":"https:\/\/www.museuolimpicbcn.cat\/es\/wp-json\/wp\/v2\/pages\/1067\/revisions\/22926"}],"wp:attachment":[{"href":"https:\/\/www.museuolimpicbcn.cat\/es\/wp-json\/wp\/v2\/media?parent=1067"}],"curies":[{"name":"wp","href":"https:\/\/api.w.org\/{rel}","templated":true}]}}