{"id":16676,"date":"2019-03-21T12:13:00","date_gmt":"2019-03-21T11:13:00","guid":{"rendered":"https:\/\/dev.museuolimpicbcn.cat\/?page_id=16676"},"modified":"2019-07-09T12:58:25","modified_gmt":"2019-07-09T10:58:25","slug":"fondos","status":"publish","type":"page","link":"https:\/\/www.museuolimpicbcn.cat\/es\/fondos\/","title":{"rendered":"Fondos"},"content":{"rendered":"\t\t<div data-elementor-type=\"wp-post\" data-elementor-id=\"16676\" class=\"elementor elementor-16676\" data-elementor-post-type=\"page\">\n\t\t\t\t\t\t<section class=\"elementor-section elementor-top-section elementor-element elementor-element-0332ecc moe-heading-30 elementor-section-boxed elementor-section-height-default elementor-section-height-default\" data-id=\"0332ecc\" data-element_type=\"section\">\n\t\t\t\t\t\t<div class=\"elementor-container elementor-column-gap-default\">\n\t\t\t\t\t<div class=\"elementor-column elementor-col-50 elementor-top-column elementor-element elementor-element-9a12e7e\" data-id=\"9a12e7e\" data-element_type=\"column\">\n\t\t\t<div class=\"elementor-widget-wrap elementor-element-populated\">\n\t\t\t\t\t\t<section class=\"elementor-section elementor-inner-section elementor-element elementor-element-04c523a elementor-section-boxed elementor-section-height-default elementor-section-height-default\" data-id=\"04c523a\" data-element_type=\"section\">\n\t\t\t\t\t\t<div class=\"elementor-container elementor-column-gap-default\">\n\t\t\t\t\t<div class=\"elementor-column elementor-col-100 elementor-inner-column elementor-element elementor-element-6f6f662\" data-id=\"6f6f662\" data-element_type=\"column\">\n\t\t\t<div class=\"elementor-widget-wrap elementor-element-populated\">\n\t\t\t\t\t\t<div class=\"elementor-element elementor-element-35faf73e elementor-widget elementor-widget-breadcrumbs\" data-id=\"35faf73e\" data-element_type=\"widget\" data-widget_type=\"breadcrumbs.default\">\n\t\t\t\t<div class=\"elementor-widget-container\">\n\t\t\t\t\t<ol class=\"moe-breadcrumbs\" itemscope itemtype=\"https:\/\/schema.org\/BreadcrumbList\"><li itemprop=\"itemListElement\" itemscope itemtype=\"https:\/\/schema.org\/ListItem\"><a href=\"\/es\/\" title=\"Inicio\"><span itemprop=\"name\">Inicio<\/span><\/a><meta itemprop=\"position\" content=\"1\" \/><\/li><\/ol>\t\t\t\t<\/div>\n\t\t\t\t<\/div>\n\t\t\t\t<div class=\"elementor-element elementor-element-402267f elementor-widget elementor-widget-heading\" data-id=\"402267f\" data-element_type=\"widget\" data-widget_type=\"heading.default\">\n\t\t\t\t<div class=\"elementor-widget-container\">\n\t\t\t\t\t<h1 class=\"elementor-heading-title elementor-size-default\">Fondos<\/h1>\t\t\t\t<\/div>\n\t\t\t\t<\/div>\n\t\t\t\t\t<\/div>\n\t\t<\/div>\n\t\t\t\t\t<\/div>\n\t\t<\/section>\n\t\t\t\t<div class=\"elementor-element elementor-element-7f1fada elementor-widget elementor-widget-text-editor\" data-id=\"7f1fada\" data-element_type=\"widget\" data-widget_type=\"text-editor.default\">\n\t\t\t\t<div class=\"elementor-widget-container\">\n\t\t\t\t\t\t\t\t\t<p>Objectos, documentos, publicaciones, dosieres y material audiovisual\u00a0 vinculados al mundo del deporte y\/o a la ciudad de Barcelona<\/p>\t\t\t\t\t\t\t\t<\/div>\n\t\t\t\t<\/div>\n\t\t\t\t\t<\/div>\n\t\t<\/div>\n\t\t\t\t<div class=\"elementor-column elementor-col-50 elementor-top-column elementor-element elementor-element-3aef240\" data-id=\"3aef240\" data-element_type=\"column\">\n\t\t\t<div class=\"elementor-widget-wrap elementor-element-populated\">\n\t\t\t\t\t\t<section class=\"elementor-section elementor-inner-section elementor-element elementor-element-0b33218 elementor-section-boxed elementor-section-height-default elementor-section-height-default\" data-id=\"0b33218\" data-element_type=\"section\">\n\t\t\t\t\t\t<div class=\"elementor-container elementor-column-gap-default\">\n\t\t\t\t\t<div class=\"elementor-column elementor-col-100 elementor-inner-column elementor-element elementor-element-d4daaa3\" data-id=\"d4daaa3\" data-element_type=\"column\">\n\t\t\t<div class=\"elementor-widget-wrap elementor-element-populated\">\n\t\t\t\t\t\t<div class=\"elementor-element elementor-element-085345e moe-figcaption elementor-widget elementor-widget-text-editor\" data-id=\"085345e\" data-element_type=\"widget\" data-widget_type=\"text-editor.default\">\n\t\t\t\t<div class=\"elementor-widget-container\">\n\t\t\t\t\t\t\t\t\t<p><strong>Guantes boxeo antiguos<\/strong><br \/>A\u00f1os 50<\/p>\t\t\t\t\t\t\t\t<\/div>\n\t\t\t\t<\/div>\n\t\t\t\t<div class=\"elementor-element elementor-element-4386feb elementor-widget elementor-widget-image\" data-id=\"4386feb\" data-element_type=\"widget\" data-widget_type=\"image.default\">\n\t\t\t\t<div class=\"elementor-widget-container\">\n\t\t\t\t\t\t\t\t\t\t\t\t<figure class=\"wp-caption\">\n\t\t\t\t\t\t\t\t\t\t<img fetchpriority=\"high\" decoding=\"async\" width=\"480\" height=\"291\" src=\"https:\/\/www.museuolimpicbcn.cat\/wp-content\/uploads\/sites\/2\/2019\/04\/header_img_guantes-2.jpg\" class=\"attachment-large size-large wp-image-17589\" alt=\"\" srcset=\"https:\/\/www.museuolimpicbcn.cat\/wp-content\/uploads\/sites\/2\/2019\/04\/header_img_guantes-2.jpg 480w, https:\/\/www.museuolimpicbcn.cat\/wp-content\/uploads\/sites\/2\/2019\/04\/header_img_guantes-2-300x182.jpg 300w\" sizes=\"(max-width: 480px) 100vw, 480px\" \/>\t\t\t\t\t\t\t\t\t\t\t<figcaption class=\"widget-image-caption wp-caption-text\"><\/figcaption>\n\t\t\t\t\t\t\t\t\t\t<\/figure>\n\t\t\t\t\t\t\t\t\t<\/div>\n\t\t\t\t<\/div>\n\t\t\t\t\t<\/div>\n\t\t<\/div>\n\t\t\t\t\t<\/div>\n\t\t<\/section>\n\t\t\t\t\t<\/div>\n\t\t<\/div>\n\t\t\t\t\t<\/div>\n\t\t<\/section>\n\t\t\t\t<section class=\"elementor-section elementor-top-section elementor-element elementor-element-632b6bee l-padding--bottom elementor-section-boxed elementor-section-height-default elementor-section-height-default\" data-id=\"632b6bee\" data-element_type=\"section\" data-settings=\"{&quot;background_background&quot;:&quot;classic&quot;}\">\n\t\t\t\t\t\t<div class=\"elementor-container elementor-column-gap-default\">\n\t\t\t\t\t<div class=\"elementor-column elementor-col-100 elementor-top-column elementor-element elementor-element-5da4fb6c\" data-id=\"5da4fb6c\" data-element_type=\"column\">\n\t\t\t<div class=\"elementor-widget-wrap elementor-element-populated\">\n\t\t\t\t\t\t<div class=\"elementor-element elementor-element-c71e444 elementor-widget elementor-widget-spacer\" data-id=\"c71e444\" data-element_type=\"widget\" data-widget_type=\"spacer.default\">\n\t\t\t\t<div class=\"elementor-widget-container\">\n\t\t\t\t\t\t\t<div class=\"elementor-spacer\">\n\t\t\t<div class=\"elementor-spacer-inner\"><\/div>\n\t\t<\/div>\n\t\t\t\t\t\t<\/div>\n\t\t\t\t<\/div>\n\t\t\t\t<div class=\"elementor-element elementor-element-fa3cf09 elementor-widget elementor-widget-text-editor\" data-id=\"fa3cf09\" data-element_type=\"widget\" data-widget_type=\"text-editor.default\">\n\t\t\t\t<div class=\"elementor-widget-container\">\n\t\t\t\t\t\t\t\t\t<p class=\"intro\">El Museo Ol\u00edmpico cuenta con diversos fondos gestionados por la Fundaci\u00f3n Barcelona Ol\u00edmpica. La gesti\u00f3n de estos fondos tiene como objeto ponerlos a disposici\u00f3n del usuario con la finalidad de promover y apoyar proyectos de investigaci\u00f3n, debates, grupos de discusi\u00f3n, publicaciones y actividades en general.<\/p><p>Los libros y documentos solo se podr\u00e1n consultar en las instalaciones del Centro de Estudios Ol\u00edmpicos Juan Antonio Samaranch.<\/p>\t\t\t\t\t\t\t\t<\/div>\n\t\t\t\t<\/div>\n\t\t\t\t<div class=\"elementor-element elementor-element-381c250 elementor-widget elementor-widget-shortcode\" data-id=\"381c250\" data-element_type=\"widget\" data-widget_type=\"shortcode.default\">\n\t\t\t\t<div class=\"elementor-widget-container\">\n\t\t\t\t\t\t\t<div class=\"elementor-shortcode\">  <div class=\"cpt-grid cpt-grid--doccol\" >\n          \n                  <div class=\"cpt-grid-item cpt-grid-item--doccol\">\n  <div class=\"cpt-grid-item__inside\">\n    <div class=\"cpt-grid-item__content\">\n      <h3><a href=\"https:\/\/www.museuolimpicbcn.cat\/es\/fondos\/enric-truno\/\">Enric Tru\u00f1\u00f3<\/a><\/h3>\n            <div class=\"cpt-grid-item__excerpt\">\n        <p>Enric Tru\u00f1\u00f3 fue regidor de Deportes del Ayuntamiento de Barcelona entre 1981 y 1995 y, por tanto, m\u00e1ximo responsable municipal del \u00e1mbito deportivo durante la organizaci\u00f3n de Barcelona&#8217;92.<\/p>\n      <\/div><!-- \/.cpt-grid-item__excerpt -->\n            <a href=\"https:\/\/www.museuolimpicbcn.cat\/es\/fondos\/enric-truno\/\" class=\"b-arrow b-arrow--border b-arrow--right\">Enric Tru\u00f1\u00f3<\/a>\n    <\/div><!-- \/.cpt-grid-item__content -->\n  <\/div><!-- \/.cpt-grid-item__inside -->\n<\/div><!-- \/.cpt-grid-item -->                  <div class=\"cpt-grid-item cpt-grid-item--doccol\">\n  <div class=\"cpt-grid-item__inside\">\n    <div class=\"cpt-grid-item__content\">\n      <h3><a href=\"https:\/\/www.museuolimpicbcn.cat\/es\/fondos\/fondo-rctb-1899\/\">RCTB-1899<\/a><\/h3>\n            <div class=\"cpt-grid-item__excerpt\">\n        <p>Su fondo bibliogr\u00e1fico, de objectos y documental, es un tesoro que contiene m\u00e1s de un siglo de historia de este deporte emblem\u00e1tico.<\/p>\n      <\/div><!-- \/.cpt-grid-item__excerpt -->\n            <a href=\"https:\/\/www.museuolimpicbcn.cat\/es\/fondos\/fondo-rctb-1899\/\" class=\"b-arrow b-arrow--border b-arrow--right\">RCTB-1899<\/a>\n    <\/div><!-- \/.cpt-grid-item__content -->\n  <\/div><!-- \/.cpt-grid-item__inside -->\n<\/div><!-- \/.cpt-grid-item -->                  <div class=\"cpt-grid-item cpt-grid-item--doccol\">\n  <div class=\"cpt-grid-item__inside\">\n    <div class=\"cpt-grid-item__content\">\n      <h3><a href=\"https:\/\/www.museuolimpicbcn.cat\/es\/fondos\/fondo-pedro-hernandez\/\">Pedro Hern\u00e1ndez<\/a><\/h3>\n            <div class=\"cpt-grid-item__excerpt\">\n        <p>Colecci\u00f3n privada de Pedro Hern\u00e1ndez que durante su trayectoria profesional como miembro del equipo de la Federaci\u00f3n Espa\u00f1ola de Tenis ha recopilado objetos y documentos con un gran valor hist\u00f3rico en el mundo del tenis.<\/p>\n      <\/div><!-- \/.cpt-grid-item__excerpt -->\n            <a href=\"https:\/\/www.museuolimpicbcn.cat\/es\/fondos\/fondo-pedro-hernandez\/\" class=\"b-arrow b-arrow--border b-arrow--right\">Pedro Hern\u00e1ndez<\/a>\n    <\/div><!-- \/.cpt-grid-item__content -->\n  <\/div><!-- \/.cpt-grid-item__inside -->\n<\/div><!-- \/.cpt-grid-item -->                  <div class=\"cpt-grid-item cpt-grid-item--doccol\">\n  <div class=\"cpt-grid-item__inside\">\n    <div class=\"cpt-grid-item__content\">\n      <h3><a href=\"https:\/\/www.museuolimpicbcn.cat\/es\/fondos\/fondo-ruben-peris\/\">Rub\u00e9n Peris<\/a><\/h3>\n            <div class=\"cpt-grid-item__excerpt\">\n        <p>Rub\u00e9n Peris fue el responsable de la competici\u00f3n de ciclismo de Barcelona&#8217;92. Despu\u00e9s, ha colaborado con el equipo espa\u00f1ol que ha competido en mundiales y Juegos Ol\u00edmpicos. <\/p>\n      <\/div><!-- \/.cpt-grid-item__excerpt -->\n            <a href=\"https:\/\/www.museuolimpicbcn.cat\/es\/fondos\/fondo-ruben-peris\/\" class=\"b-arrow b-arrow--border b-arrow--right\">Rub\u00e9n Peris<\/a>\n    <\/div><!-- \/.cpt-grid-item__content -->\n  <\/div><!-- \/.cpt-grid-item__inside -->\n<\/div><!-- \/.cpt-grid-item -->                  <div class=\"cpt-grid-item cpt-grid-item--doccol\">\n  <div class=\"cpt-grid-item__inside\">\n    <div class=\"cpt-grid-item__content\">\n      <h3><a href=\"https:\/\/www.museuolimpicbcn.cat\/es\/fondos\/fondo-jordi-alcover\/\">Jordi Alcover<\/a><\/h3>\n            <div class=\"cpt-grid-item__excerpt\">\n        <p>Jugador, \u00e1rbitro y directivo de hockey sobre hierba es familia pol\u00edtica del legendario dirigente deportivo Pau Negre.<\/p>\n      <\/div><!-- \/.cpt-grid-item__excerpt -->\n            <a href=\"https:\/\/www.museuolimpicbcn.cat\/es\/fondos\/fondo-jordi-alcover\/\" class=\"b-arrow b-arrow--border b-arrow--right\">Jordi Alcover<\/a>\n    <\/div><!-- \/.cpt-grid-item__content -->\n  <\/div><!-- \/.cpt-grid-item__inside -->\n<\/div><!-- \/.cpt-grid-item -->                  <div class=\"cpt-grid-item cpt-grid-item--doccol\">\n  <div class=\"cpt-grid-item__inside\">\n    <div class=\"cpt-grid-item__content\">\n      <h3><a href=\"https:\/\/www.museuolimpicbcn.cat\/es\/fondos\/fondo-lluis-melendez\/\">Llu\u00eds Mel\u00e9ndez<\/a><\/h3>\n            <div class=\"cpt-grid-item__excerpt\">\n        <p>Llu\u00eds Mel\u00e9ndez Garde\u00f1as fue el impulsor de la marcha atl\u00e9tica en el Estado espa\u00f1ol. Particip\u00f3 en los Juegos Ol\u00edmpicos de Amberes de 1920.<\/p>\n      <\/div><!-- \/.cpt-grid-item__excerpt -->\n            <a href=\"https:\/\/www.museuolimpicbcn.cat\/es\/fondos\/fondo-lluis-melendez\/\" class=\"b-arrow b-arrow--border b-arrow--right\">Llu\u00eds Mel\u00e9ndez<\/a>\n    <\/div><!-- \/.cpt-grid-item__content -->\n  <\/div><!-- \/.cpt-grid-item__inside -->\n<\/div><!-- \/.cpt-grid-item -->                  <div class=\"cpt-grid-item cpt-grid-item--doccol\">\n  <div class=\"cpt-grid-item__inside\">\n    <div class=\"cpt-grid-item__content\">\n      <h3><a href=\"https:\/\/www.museuolimpicbcn.cat\/es\/fondos\/fondo-barcelona-92\/\">Barcelona&#8217;92<\/a><\/h3>\n            <div class=\"cpt-grid-item__excerpt\">\n        <p>El fondo de Barcelona&#8217;92 contempla toda la documentaci\u00f3n relativa la candidatura, desarrollo y clausura de los Juegos Ol\u00edmpicos de Barcelona.<\/p>\n      <\/div><!-- \/.cpt-grid-item__excerpt -->\n            <a href=\"https:\/\/www.museuolimpicbcn.cat\/es\/fondos\/fondo-barcelona-92\/\" class=\"b-arrow b-arrow--border b-arrow--right\">Barcelona&#8217;92<\/a>\n    <\/div><!-- \/.cpt-grid-item__content -->\n  <\/div><!-- \/.cpt-grid-item__inside -->\n<\/div><!-- \/.cpt-grid-item -->                  <div class=\"cpt-grid-item cpt-grid-item--doccol\">\n  <div class=\"cpt-grid-item__inside\">\n    <div class=\"cpt-grid-item__content\">\n      <h3><a href=\"https:\/\/www.museuolimpicbcn.cat\/es\/fondos\/fondo-joan-antoni-samaranch\/\">J.A. Samaranch<\/a><\/h3>\n            <div class=\"cpt-grid-item__excerpt\">\n        <p>El enriquecedor fondo patrimonial y documental, donado por su familia a la Fundaci\u00f3n Barcelona Ol\u00edmpica, recoge su trayectoria como dirigente del deporte.<\/p>\n      <\/div><!-- \/.cpt-grid-item__excerpt -->\n            <a href=\"https:\/\/www.museuolimpicbcn.cat\/es\/fondos\/fondo-joan-antoni-samaranch\/\" class=\"b-arrow b-arrow--border b-arrow--right\">J.A. Samaranch<\/a>\n    <\/div><!-- \/.cpt-grid-item__content -->\n  <\/div><!-- \/.cpt-grid-item__inside -->\n<\/div><!-- \/.cpt-grid-item -->                  <div class=\"cpt-grid-item cpt-grid-item--doccol\">\n  <div class=\"cpt-grid-item__inside\">\n    <div class=\"cpt-grid-item__content\">\n      <h3><a href=\"https:\/\/www.museuolimpicbcn.cat\/es\/fondos\/fondo-javier-del-arco\/\">Javier del Arco<\/a><\/h3>\n            <div class=\"cpt-grid-item__excerpt\">\n        <p>Javier del Arco supo convertir su pasi\u00f3n en su profesi\u00f3n y con el tiempo se convertir\u00eda en uno de los m\u00e1ximos referentes del periodismo del motor en nuestro pa\u00eds.<\/p>\n      <\/div><!-- \/.cpt-grid-item__excerpt -->\n            <a href=\"https:\/\/www.museuolimpicbcn.cat\/es\/fondos\/fondo-javier-del-arco\/\" class=\"b-arrow b-arrow--border b-arrow--right\">Javier del Arco<\/a>\n    <\/div><!-- \/.cpt-grid-item__content -->\n  <\/div><!-- \/.cpt-grid-item__inside -->\n<\/div><!-- \/.cpt-grid-item -->                  <div class=\"cpt-grid-item cpt-grid-item--doccol\">\n  <div class=\"cpt-grid-item__inside\">\n    <div class=\"cpt-grid-item__content\">\n      <h3><a href=\"https:\/\/www.museuolimpicbcn.cat\/es\/fondos\/fondo-real-federacion-espanola-de-deportes-de-invierno\/\">Real Federaci\u00f3n Espa\u00f1ola de Deportes de Invierno<\/a><\/h3>\n            <div class=\"cpt-grid-item__excerpt\">\n        <p>Cesi\u00f3n del fondo hist\u00f3rico fotogr\u00e1fico, audiovisual y de hemeroteca de la R.F.E. de Deportes de Invierno que datan desde los inicios del esqu\u00ed en Espa\u00f1a en los a\u00f1os 40 hasta la d\u00e9cada de los 90.<\/p>\n      <\/div><!-- \/.cpt-grid-item__excerpt -->\n            <a href=\"https:\/\/www.museuolimpicbcn.cat\/es\/fondos\/fondo-real-federacion-espanola-de-deportes-de-invierno\/\" class=\"b-arrow b-arrow--border b-arrow--right\">Real Federaci\u00f3n Espa\u00f1ola de Deportes de Invierno<\/a>\n    <\/div><!-- \/.cpt-grid-item__content -->\n  <\/div><!-- \/.cpt-grid-item__inside -->\n<\/div><!-- \/.cpt-grid-item -->                  <div class=\"cpt-grid-item cpt-grid-item--doccol\">\n  <div class=\"cpt-grid-item__inside\">\n    <div class=\"cpt-grid-item__content\">\n      <h3><a href=\"https:\/\/www.museuolimpicbcn.cat\/es\/fondos\/fondo-reial-moto-club-de-catalunya\/\">Reial Moto Club de Catalunya<\/a><\/h3>\n            <div class=\"cpt-grid-item__excerpt\">\n        <p>El RMCC fue uno de los pioneros, principales impulsores y puntales del motociclismo y del automovilismo en Catalu\u00f1a. <\/p>\n      <\/div><!-- \/.cpt-grid-item__excerpt -->\n            <a href=\"https:\/\/www.museuolimpicbcn.cat\/es\/fondos\/fondo-reial-moto-club-de-catalunya\/\" class=\"b-arrow b-arrow--border b-arrow--right\">Reial Moto Club de Catalunya<\/a>\n    <\/div><!-- \/.cpt-grid-item__content -->\n  <\/div><!-- \/.cpt-grid-item__inside -->\n<\/div><!-- \/.cpt-grid-item -->        \n                \t\t<div data-elementor-type=\"section\" data-elementor-id=\"17024\" class=\"elementor elementor-17024\" data-elementor-post-type=\"elementor_library\">\n\t\t\t\t\t<section class=\"elementor-section elementor-inner-section elementor-element elementor-element-28abfb3 moe-bg-blue_regular moe-contact elementor-section-boxed elementor-section-height-default elementor-section-height-default\" data-id=\"28abfb3\" data-element_type=\"section\">\n\t\t\t\t\t\t<div class=\"elementor-container elementor-column-gap-default\">\n\t\t\t\t\t<div class=\"elementor-column elementor-col-100 elementor-inner-column elementor-element elementor-element-b4b072e\" data-id=\"b4b072e\" data-element_type=\"column\">\n\t\t\t<div class=\"elementor-widget-wrap elementor-element-populated\">\n\t\t\t\t\t\t<div class=\"elementor-element elementor-element-9543dd9 elementor-widget elementor-widget-text-editor\" data-id=\"9543dd9\" data-element_type=\"widget\" data-widget_type=\"text-editor.default\">\n\t\t\t\t<div class=\"elementor-widget-container\">\n\t\t\t\t\t\t\t\t\t<h4>Para consultar el fondo<\/h4><p>Ponte en contacto con nosotros para m\u00e1s detalles.<\/p>\t\t\t\t\t\t\t\t<\/div>\n\t\t\t\t<\/div>\n\t\t\t\t<div class=\"elementor-element elementor-element-a8d89b3 btn btn--border elementor-align-center elementor-widget elementor-widget-button\" data-id=\"a8d89b3\" data-element_type=\"widget\" data-widget_type=\"button.default\">\n\t\t\t\t<div class=\"elementor-widget-container\">\n\t\t\t\t\t\t\t\t\t<div class=\"elementor-button-wrapper\">\n\t\t\t\t\t<a class=\"elementor-button elementor-button-link elementor-size-sm\" href=\"#\">\n\t\t\t\t\t\t<span class=\"elementor-button-content-wrapper\">\n\t\t\t\t\t\t\t\t\t<span class=\"elementor-button-text\">Contactar<\/span>\n\t\t\t\t\t<\/span>\n\t\t\t\t\t<\/a>\n\t\t\t\t<\/div>\n\t\t\t\t\t\t\t\t<\/div>\n\t\t\t\t<\/div>\n\t\t\t\t\t<\/div>\n\t\t<\/div>\n\t\t\t\t\t<\/div>\n\t\t<\/section>\n\t\t\t\t<\/div>\n\t\t\n            <\/div><!-- .cpt-grid -->\n<\/div>\n\t\t\t\t\t\t<\/div>\n\t\t\t\t<\/div>\n\t\t\t\t\t<\/div>\n\t\t<\/div>\n\t\t\t\t\t<\/div>\n\t\t<\/section>\n\t\t\t\t<section class=\"elementor-section elementor-top-section elementor-element elementor-element-4efb695 elementor-section-full_width elementor-section-height-default elementor-section-height-default\" data-id=\"4efb695\" data-element_type=\"section\">\n\t\t\t\t\t\t<div class=\"elementor-container elementor-column-gap-no\">\n\t\t\t\t\t<div class=\"elementor-column elementor-col-100 elementor-top-column elementor-element elementor-element-970cf8b\" data-id=\"970cf8b\" data-element_type=\"column\">\n\t\t\t<div class=\"elementor-widget-wrap elementor-element-populated\">\n\t\t\t\t\t\t<div class=\"elementor-element elementor-element-6c20316 elementor-widget elementor-widget-template\" data-id=\"6c20316\" data-element_type=\"widget\" data-widget_type=\"template.default\">\n\t\t\t\t<div class=\"elementor-widget-container\">\n\t\t\t\t\t\t\t<div class=\"elementor-template\">\n\t\t\t\t\t<div data-elementor-type=\"section\" data-elementor-id=\"16685\" class=\"elementor elementor-16685\" data-elementor-post-type=\"elementor_library\">\n\t\t\t\t\t<section class=\"elementor-section elementor-top-section elementor-element elementor-element-2d13e8b0 elementor-section-full_width  moe-bg l-padding  moe-bg--fondo elementor-section-height-default elementor-section-height-default\" data-id=\"2d13e8b0\" data-element_type=\"section\" data-settings=\"{&quot;background_background&quot;:&quot;classic&quot;}\">\n\t\t\t\t\t\t<div class=\"elementor-container elementor-column-gap-no\">\n\t\t\t\t\t<div class=\"elementor-column elementor-col-100 elementor-top-column elementor-element elementor-element-d14aad6\" data-id=\"d14aad6\" data-element_type=\"column\" data-settings=\"{&quot;background_background&quot;:&quot;classic&quot;}\">\n\t\t\t<div class=\"elementor-widget-wrap elementor-element-populated\">\n\t\t\t\t\t\t<div class=\"elementor-element elementor-element-79b1994a elementor-widget elementor-widget-heading\" data-id=\"79b1994a\" data-element_type=\"widget\" data-widget_type=\"heading.default\">\n\t\t\t\t<div class=\"elementor-widget-container\">\n\t\t\t\t\t<h2 class=\"elementor-heading-title elementor-size-default\">Para consultar o utilizar el fondo<\/h2>\t\t\t\t<\/div>\n\t\t\t\t<\/div>\n\t\t\t\t<div class=\"elementor-element elementor-element-7d9080d8 elementor-align-center btn btn--inv elementor-widget elementor-widget-button\" data-id=\"7d9080d8\" data-element_type=\"widget\" data-widget_type=\"button.default\">\n\t\t\t\t<div class=\"elementor-widget-container\">\n\t\t\t\t\t\t\t\t\t<div class=\"elementor-button-wrapper\">\n\t\t\t\t\t<a class=\"elementor-button elementor-button-link elementor-size-sm\" href=\"\/es\/contacto#formulario-contacto\">\n\t\t\t\t\t\t<span class=\"elementor-button-content-wrapper\">\n\t\t\t\t\t\t\t\t\t<span class=\"elementor-button-text\">Contacta con nosotros<\/span>\n\t\t\t\t\t<\/span>\n\t\t\t\t\t<\/a>\n\t\t\t\t<\/div>\n\t\t\t\t\t\t\t\t<\/div>\n\t\t\t\t<\/div>\n\t\t\t\t\t<\/div>\n\t\t<\/div>\n\t\t\t\t\t<\/div>\n\t\t<\/section>\n\t\t\t\t<\/div>\n\t\t\t\t<\/div>\n\t\t\t\t\t\t<\/div>\n\t\t\t\t<\/div>\n\t\t\t\t\t<\/div>\n\t\t<\/div>\n\t\t\t\t\t<\/div>\n\t\t<\/section>\n\t\t\t\t<\/div>\n\t\t","protected":false},"excerpt":{"rendered":"<p>Fondos Objectos, documentos, publicaciones, dosieres y material audiovisual\u00a0 vinculados al mundo del deporte y\/o a la ciudad de Barcelona Guantes boxeo antiguosA\u00f1os 50 El Museo Ol\u00edmpico cuenta con diversos fondos gestionados por la Fundaci\u00f3n Barcelona Ol\u00edmpica. La gesti\u00f3n de estos fondos tiene como objeto ponerlos a disposici\u00f3n del usuario con la finalidad de promover y [&hellip;]<\/p>\n","protected":false},"author":3,"featured_media":0,"parent":0,"menu_order":0,"comment_status":"closed","ping_status":"closed","template":"","meta":{"_acf_changed":false,"_price":"","_stock":"","_tribe_ticket_header":"","_tribe_default_ticket_provider":"","_tribe_ticket_capacity":"0","_ticket_start_date":"","_ticket_end_date":"","_tribe_ticket_show_description":"","_tribe_ticket_show_not_going":false,"_tribe_ticket_use_global_stock":"","_tribe_ticket_global_stock_level":"","_global_stock_mode":"","_global_stock_cap":"","_tribe_rsvp_for_event":"","_tribe_ticket_going_count":"","_tribe_ticket_not_going_count":"","_tribe_tickets_list":"[]","_tribe_ticket_has_attendee_info_fields":false,"footnotes":"","_tec_slr_enabled":"","_tec_slr_layout":""},"class_list":["post-16676","page","type-page","status-publish","hentry"],"acf":[],"yoast_head":"<!-- This site is optimized with the Yoast SEO plugin v23.7 - https:\/\/yoast.com\/wordpress\/plugins\/seo\/ -->\n<title>Fondos - Museu Ol\u00edmpic i de l&#039;Esport Joan Antoni Samaranch. Barcelona<\/title>\n<meta name=\"robots\" content=\"index, follow, max-snippet:-1, max-image-preview:large, max-video-preview:-1\" \/>\n<link rel=\"canonical\" href=\"https:\/\/www.museuolimpicbcn.cat\/es\/fondos\/\" \/>\n<meta property=\"og:locale\" content=\"es_ES\" \/>\n<meta property=\"og:type\" content=\"article\" \/>\n<meta property=\"og:title\" content=\"Fondos - Museu Ol\u00edmpic i de l&#039;Esport Joan Antoni Samaranch. Barcelona\" \/>\n<meta property=\"og:description\" content=\"Fondos Objectos, documentos, publicaciones, dosieres y material audiovisual\u00a0 vinculados al mundo del deporte y\/o a la ciudad de Barcelona Guantes boxeo antiguosA\u00f1os 50 El Museo Ol\u00edmpico cuenta con diversos fondos gestionados por la Fundaci\u00f3n Barcelona Ol\u00edmpica. La gesti\u00f3n de estos fondos tiene como objeto ponerlos a disposici\u00f3n del usuario con la finalidad de promover y [&hellip;]\" \/>\n<meta property=\"og:url\" content=\"https:\/\/www.museuolimpicbcn.cat\/es\/fondos\/\" \/>\n<meta property=\"og:site_name\" content=\"Museu Ol\u00edmpic i de l&#039;Esport Joan Antoni Samaranch. Barcelona\" \/>\n<meta property=\"article:modified_time\" content=\"2019-07-09T10:58:25+00:00\" \/>\n<meta property=\"og:image\" content=\"https:\/\/dev.museuolimpicbcn.cat\/wp-content\/uploads\/sites\/2\/2019\/04\/header_img_guantes-2.jpg\" \/>\n<meta name=\"twitter:card\" content=\"summary_large_image\" \/>\n<meta name=\"twitter:label1\" content=\"Tiempo de lectura\" \/>\n\t<meta name=\"twitter:data1\" content=\"1 minuto\" \/>\n<script type=\"application\/ld+json\" class=\"yoast-schema-graph\">{\"@context\":\"https:\/\/schema.org\",\"@graph\":[{\"@type\":\"WebPage\",\"@id\":\"https:\/\/www.museuolimpicbcn.cat\/es\/fondos\/\",\"url\":\"https:\/\/www.museuolimpicbcn.cat\/es\/fondos\/\",\"name\":\"Fondos - Museu Ol\u00edmpic i de l&#039;Esport Joan Antoni Samaranch. Barcelona\",\"isPartOf\":{\"@id\":\"https:\/\/www.museuolimpicbcn.cat\/ca\/#website\"},\"primaryImageOfPage\":{\"@id\":\"https:\/\/www.museuolimpicbcn.cat\/es\/fondos\/#primaryimage\"},\"image\":{\"@id\":\"https:\/\/www.museuolimpicbcn.cat\/es\/fondos\/#primaryimage\"},\"thumbnailUrl\":\"https:\/\/dev.museuolimpicbcn.cat\/wp-content\/uploads\/sites\/2\/2019\/04\/header_img_guantes-2.jpg\",\"datePublished\":\"2019-03-21T11:13:00+00:00\",\"dateModified\":\"2019-07-09T10:58:25+00:00\",\"breadcrumb\":{\"@id\":\"https:\/\/www.museuolimpicbcn.cat\/es\/fondos\/#breadcrumb\"},\"inLanguage\":\"es\",\"potentialAction\":[{\"@type\":\"ReadAction\",\"target\":[\"https:\/\/www.museuolimpicbcn.cat\/es\/fondos\/\"]}]},{\"@type\":\"ImageObject\",\"inLanguage\":\"es\",\"@id\":\"https:\/\/www.museuolimpicbcn.cat\/es\/fondos\/#primaryimage\",\"url\":\"https:\/\/dev.museuolimpicbcn.cat\/wp-content\/uploads\/sites\/2\/2019\/04\/header_img_guantes-2.jpg\",\"contentUrl\":\"https:\/\/dev.museuolimpicbcn.cat\/wp-content\/uploads\/sites\/2\/2019\/04\/header_img_guantes-2.jpg\"},{\"@type\":\"BreadcrumbList\",\"@id\":\"https:\/\/www.museuolimpicbcn.cat\/es\/fondos\/#breadcrumb\",\"itemListElement\":[{\"@type\":\"ListItem\",\"position\":1,\"name\":\"Inici\",\"item\":\"https:\/\/www.museuolimpicbcn.cat\/es\/\"},{\"@type\":\"ListItem\",\"position\":2,\"name\":\"Fondos\"}]},{\"@type\":\"WebSite\",\"@id\":\"https:\/\/www.museuolimpicbcn.cat\/ca\/#website\",\"url\":\"https:\/\/www.museuolimpicbcn.cat\/ca\/\",\"name\":\"Museu Ol\u00edmpic i de l&#039;Esport Joan Antoni Samaranch. Barcelona\",\"description\":\"Altre lloc Web del Museu Ol\u00edmpic i de l&#039;Esport llocs\",\"publisher\":{\"@id\":\"https:\/\/www.museuolimpicbcn.cat\/ca\/#organization\"},\"potentialAction\":[{\"@type\":\"SearchAction\",\"target\":{\"@type\":\"EntryPoint\",\"urlTemplate\":\"https:\/\/www.museuolimpicbcn.cat\/ca\/?s={search_term_string}\"},\"query-input\":{\"@type\":\"PropertyValueSpecification\",\"valueRequired\":true,\"valueName\":\"search_term_string\"}}],\"inLanguage\":\"es\"},{\"@type\":\"Organization\",\"@id\":\"https:\/\/www.museuolimpicbcn.cat\/ca\/#organization\",\"name\":\"Museu Ol\u00edmpic i de l&#039;Esport Joan Antoni Samaranch. Barcelona\",\"url\":\"https:\/\/www.museuolimpicbcn.cat\/ca\/\",\"logo\":{\"@type\":\"ImageObject\",\"inLanguage\":\"es\",\"@id\":\"https:\/\/www.museuolimpicbcn.cat\/ca\/#\/schema\/logo\/image\/\",\"url\":\"https:\/\/www.museuolimpicbcn.cat\/wp-content\/uploads\/sites\/2\/2018\/12\/logo-moe-header.svg\",\"contentUrl\":\"https:\/\/www.museuolimpicbcn.cat\/wp-content\/uploads\/sites\/2\/2018\/12\/logo-moe-header.svg\",\"caption\":\"Museu Ol\u00edmpic i de l&#039;Esport Joan Antoni Samaranch. Barcelona\"},\"image\":{\"@id\":\"https:\/\/www.museuolimpicbcn.cat\/ca\/#\/schema\/logo\/image\/\"}}]}<\/script>\n<!-- \/ Yoast SEO plugin. -->","yoast_head_json":{"title":"Fondos - Museu Ol\u00edmpic i de l&#039;Esport Joan Antoni Samaranch. Barcelona","robots":{"index":"index","follow":"follow","max-snippet":"max-snippet:-1","max-image-preview":"max-image-preview:large","max-video-preview":"max-video-preview:-1"},"canonical":"https:\/\/www.museuolimpicbcn.cat\/es\/fondos\/","og_locale":"es_ES","og_type":"article","og_title":"Fondos - Museu Ol\u00edmpic i de l&#039;Esport Joan Antoni Samaranch. Barcelona","og_description":"Fondos Objectos, documentos, publicaciones, dosieres y material audiovisual\u00a0 vinculados al mundo del deporte y\/o a la ciudad de Barcelona Guantes boxeo antiguosA\u00f1os 50 El Museo Ol\u00edmpico cuenta con diversos fondos gestionados por la Fundaci\u00f3n Barcelona Ol\u00edmpica. La gesti\u00f3n de estos fondos tiene como objeto ponerlos a disposici\u00f3n del usuario con la finalidad de promover y [&hellip;]","og_url":"https:\/\/www.museuolimpicbcn.cat\/es\/fondos\/","og_site_name":"Museu Ol\u00edmpic i de l&#039;Esport Joan Antoni Samaranch. Barcelona","article_modified_time":"2019-07-09T10:58:25+00:00","og_image":[{"url":"https:\/\/dev.museuolimpicbcn.cat\/wp-content\/uploads\/sites\/2\/2019\/04\/header_img_guantes-2.jpg"}],"twitter_card":"summary_large_image","twitter_misc":{"Tiempo de lectura":"1 minuto"},"schema":{"@context":"https:\/\/schema.org","@graph":[{"@type":"WebPage","@id":"https:\/\/www.museuolimpicbcn.cat\/es\/fondos\/","url":"https:\/\/www.museuolimpicbcn.cat\/es\/fondos\/","name":"Fondos - Museu Ol\u00edmpic i de l&#039;Esport Joan Antoni Samaranch. Barcelona","isPartOf":{"@id":"https:\/\/www.museuolimpicbcn.cat\/ca\/#website"},"primaryImageOfPage":{"@id":"https:\/\/www.museuolimpicbcn.cat\/es\/fondos\/#primaryimage"},"image":{"@id":"https:\/\/www.museuolimpicbcn.cat\/es\/fondos\/#primaryimage"},"thumbnailUrl":"https:\/\/dev.museuolimpicbcn.cat\/wp-content\/uploads\/sites\/2\/2019\/04\/header_img_guantes-2.jpg","datePublished":"2019-03-21T11:13:00+00:00","dateModified":"2019-07-09T10:58:25+00:00","breadcrumb":{"@id":"https:\/\/www.museuolimpicbcn.cat\/es\/fondos\/#breadcrumb"},"inLanguage":"es","potentialAction":[{"@type":"ReadAction","target":["https:\/\/www.museuolimpicbcn.cat\/es\/fondos\/"]}]},{"@type":"ImageObject","inLanguage":"es","@id":"https:\/\/www.museuolimpicbcn.cat\/es\/fondos\/#primaryimage","url":"https:\/\/dev.museuolimpicbcn.cat\/wp-content\/uploads\/sites\/2\/2019\/04\/header_img_guantes-2.jpg","contentUrl":"https:\/\/dev.museuolimpicbcn.cat\/wp-content\/uploads\/sites\/2\/2019\/04\/header_img_guantes-2.jpg"},{"@type":"BreadcrumbList","@id":"https:\/\/www.museuolimpicbcn.cat\/es\/fondos\/#breadcrumb","itemListElement":[{"@type":"ListItem","position":1,"name":"Inici","item":"https:\/\/www.museuolimpicbcn.cat\/es\/"},{"@type":"ListItem","position":2,"name":"Fondos"}]},{"@type":"WebSite","@id":"https:\/\/www.museuolimpicbcn.cat\/ca\/#website","url":"https:\/\/www.museuolimpicbcn.cat\/ca\/","name":"Museu Ol\u00edmpic i de l&#039;Esport Joan Antoni Samaranch. Barcelona","description":"Altre lloc Web del Museu Ol\u00edmpic i de l&#039;Esport llocs","publisher":{"@id":"https:\/\/www.museuolimpicbcn.cat\/ca\/#organization"},"potentialAction":[{"@type":"SearchAction","target":{"@type":"EntryPoint","urlTemplate":"https:\/\/www.museuolimpicbcn.cat\/ca\/?s={search_term_string}"},"query-input":{"@type":"PropertyValueSpecification","valueRequired":true,"valueName":"search_term_string"}}],"inLanguage":"es"},{"@type":"Organization","@id":"https:\/\/www.museuolimpicbcn.cat\/ca\/#organization","name":"Museu Ol\u00edmpic i de l&#039;Esport Joan Antoni Samaranch. Barcelona","url":"https:\/\/www.museuolimpicbcn.cat\/ca\/","logo":{"@type":"ImageObject","inLanguage":"es","@id":"https:\/\/www.museuolimpicbcn.cat\/ca\/#\/schema\/logo\/image\/","url":"https:\/\/www.museuolimpicbcn.cat\/wp-content\/uploads\/sites\/2\/2018\/12\/logo-moe-header.svg","contentUrl":"https:\/\/www.museuolimpicbcn.cat\/wp-content\/uploads\/sites\/2\/2018\/12\/logo-moe-header.svg","caption":"Museu Ol\u00edmpic i de l&#039;Esport Joan Antoni Samaranch. Barcelona"},"image":{"@id":"https:\/\/www.museuolimpicbcn.cat\/ca\/#\/schema\/logo\/image\/"}}]}},"ticketed":false,"_links":{"self":[{"href":"https:\/\/www.museuolimpicbcn.cat\/es\/wp-json\/wp\/v2\/pages\/16676"}],"collection":[{"href":"https:\/\/www.museuolimpicbcn.cat\/es\/wp-json\/wp\/v2\/pages"}],"about":[{"href":"https:\/\/www.museuolimpicbcn.cat\/es\/wp-json\/wp\/v2\/types\/page"}],"author":[{"embeddable":true,"href":"https:\/\/www.museuolimpicbcn.cat\/es\/wp-json\/wp\/v2\/users\/3"}],"replies":[{"embeddable":true,"href":"https:\/\/www.museuolimpicbcn.cat\/es\/wp-json\/wp\/v2\/comments?post=16676"}],"version-history":[{"count":20,"href":"https:\/\/www.museuolimpicbcn.cat\/es\/wp-json\/wp\/v2\/pages\/16676\/revisions"}],"predecessor-version":[{"id":20138,"href":"https:\/\/www.museuolimpicbcn.cat\/es\/wp-json\/wp\/v2\/pages\/16676\/revisions\/20138"}],"wp:attachment":[{"href":"https:\/\/www.museuolimpicbcn.cat\/es\/wp-json\/wp\/v2\/media?parent=16676"}],"curies":[{"name":"wp","href":"https:\/\/api.w.org\/{rel}","templated":true}]}}