{"id":17010,"date":"2019-03-27T22:40:49","date_gmt":"2019-03-27T21:40:49","guid":{"rendered":"https:\/\/dev.museuolimpicbcn.cat\/?page_id=17010"},"modified":"2021-04-12T13:23:04","modified_gmt":"2021-04-12T11:23:04","slug":"coleccion-permanente","status":"publish","type":"page","link":"https:\/\/www.museuolimpicbcn.cat\/es\/coleccion-permanente\/","title":{"rendered":"Colecci\u00f3n permanente"},"content":{"rendered":"\t\t<div data-elementor-type=\"wp-post\" data-elementor-id=\"17010\" class=\"elementor elementor-17010\" data-elementor-post-type=\"page\">\n\t\t\t\t\t\t<section class=\"elementor-section elementor-top-section elementor-element elementor-element-329d8c2 moe-heading-30 elementor-section-boxed elementor-section-height-default elementor-section-height-default\" data-id=\"329d8c2\" data-element_type=\"section\">\n\t\t\t\t\t\t<div class=\"elementor-container elementor-column-gap-no\">\n\t\t\t\t\t<div class=\"elementor-column elementor-col-50 elementor-top-column elementor-element elementor-element-4374686\" data-id=\"4374686\" data-element_type=\"column\">\n\t\t\t<div class=\"elementor-widget-wrap elementor-element-populated\">\n\t\t\t\t\t\t<section class=\"elementor-section elementor-inner-section elementor-element elementor-element-0afa9af elementor-section-boxed elementor-section-height-default elementor-section-height-default\" data-id=\"0afa9af\" data-element_type=\"section\">\n\t\t\t\t\t\t<div class=\"elementor-container elementor-column-gap-no\">\n\t\t\t\t\t<div class=\"elementor-column elementor-col-100 elementor-inner-column elementor-element elementor-element-e5f9655\" data-id=\"e5f9655\" data-element_type=\"column\">\n\t\t\t<div class=\"elementor-widget-wrap elementor-element-populated\">\n\t\t\t\t\t\t<div class=\"elementor-element elementor-element-d791947 elementor-widget elementor-widget-breadcrumbs\" data-id=\"d791947\" data-element_type=\"widget\" data-widget_type=\"breadcrumbs.default\">\n\t\t\t\t<div class=\"elementor-widget-container\">\n\t\t\t\t\t<ol class=\"moe-breadcrumbs\" itemscope itemtype=\"https:\/\/schema.org\/BreadcrumbList\"><li itemprop=\"itemListElement\" itemscope itemtype=\"https:\/\/schema.org\/ListItem\"><a href=\"\/es\/\" title=\"Inicio\"><span itemprop=\"name\">Inicio<\/span><\/a><meta itemprop=\"position\" content=\"1\" \/><\/li><\/ol>\t\t\t\t<\/div>\n\t\t\t\t<\/div>\n\t\t\t\t<div class=\"elementor-element elementor-element-d99affd elementor-widget elementor-widget-heading\" data-id=\"d99affd\" data-element_type=\"widget\" data-widget_type=\"heading.default\">\n\t\t\t\t<div class=\"elementor-widget-container\">\n\t\t\t\t\t<h1 class=\"elementor-heading-title elementor-size-default\">Colecci\u00f3n permanente<\/h1>\t\t\t\t<\/div>\n\t\t\t\t<\/div>\n\t\t\t\t\t<\/div>\n\t\t<\/div>\n\t\t\t\t\t<\/div>\n\t\t<\/section>\n\t\t\t\t<div class=\"elementor-element elementor-element-d7955db elementor-widget elementor-widget-text-editor\" data-id=\"d7955db\" data-element_type=\"widget\" data-widget_type=\"text-editor.default\">\n\t\t\t\t<div class=\"elementor-widget-container\">\n\t\t\t\t\t\t\t\t\t<p>M\u00e1s de 5.000 piezas expuestas de los deportistas y eventos deportivos que forman parte de la historia del deporte mundial.&nbsp; Destacamos aquellas piezas exclusivas de los Juegos Ol\u00edmpicos de Barcelona \u201992 pertenecientes a la Fundaci\u00f3 Barcelona Ol\u00edmpica.<\/p>\t\t\t\t\t\t\t\t<\/div>\n\t\t\t\t<\/div>\n\t\t\t\t\t<\/div>\n\t\t<\/div>\n\t\t\t\t<div class=\"elementor-column elementor-col-50 elementor-top-column elementor-element elementor-element-cf747d8\" data-id=\"cf747d8\" data-element_type=\"column\">\n\t\t\t<div class=\"elementor-widget-wrap elementor-element-populated\">\n\t\t\t\t\t\t<section class=\"elementor-section elementor-inner-section elementor-element elementor-element-508ad69 elementor-section-boxed elementor-section-height-default elementor-section-height-default\" data-id=\"508ad69\" data-element_type=\"section\">\n\t\t\t\t\t\t<div class=\"elementor-container elementor-column-gap-default\">\n\t\t\t\t\t<div class=\"elementor-column elementor-col-100 elementor-inner-column elementor-element elementor-element-bf7de24\" data-id=\"bf7de24\" data-element_type=\"column\">\n\t\t\t<div class=\"elementor-widget-wrap elementor-element-populated\">\n\t\t\t\t\t\t\t<\/div>\n\t\t<\/div>\n\t\t\t\t\t<\/div>\n\t\t<\/section>\n\t\t\t\t\t<\/div>\n\t\t<\/div>\n\t\t\t\t\t<\/div>\n\t\t<\/section>\n\t\t\t\t<section class=\"elementor-section elementor-top-section elementor-element elementor-element-10113ba l-padding elementor-section-boxed elementor-section-height-default elementor-section-height-default\" data-id=\"10113ba\" data-element_type=\"section\">\n\t\t\t\t\t\t<div class=\"elementor-container elementor-column-gap-default\">\n\t\t\t\t\t<div class=\"elementor-column elementor-col-100 elementor-top-column elementor-element elementor-element-849e6f6\" data-id=\"849e6f6\" data-element_type=\"column\">\n\t\t\t<div class=\"elementor-widget-wrap elementor-element-populated\">\n\t\t\t\t\t\t<div class=\"elementor-element elementor-element-8484709 elementor-widget elementor-widget-heading\" data-id=\"8484709\" data-element_type=\"widget\" data-widget_type=\"heading.default\">\n\t\t\t\t<div class=\"elementor-widget-container\">\n\t\t\t\t\t<h3 class=\"elementor-heading-title elementor-size-default\">Piezas destacadas de la colecci\u00f3n<\/h3>\t\t\t\t<\/div>\n\t\t\t\t<\/div>\n\t\t\t\t<div class=\"elementor-element elementor-element-1dbb2dc elementor-widget elementor-widget-shortcode\" data-id=\"1dbb2dc\" data-element_type=\"widget\" data-widget_type=\"shortcode.default\">\n\t\t\t\t<div class=\"elementor-widget-container\">\n\t\t\t\t\t\t\t<div class=\"elementor-shortcode\">  <div class=\"cpt-grid cpt-grid--collection\"  data-layout=\"masonry\">\n          \n                  <a href=\"https:\/\/www.museuolimpicbcn.cat\/es\/coleccion-permanente\/esquis-blanca-fernandez-ochoa\/\" class=\"cpt-grid-item cpt-grid-item--collection\">\n  <div class=\"cpt-grid-item__inside\">\n        <div class=\"cpt-grid-item__pic\">\n      <img fetchpriority=\"high\" decoding=\"async\" width=\"4016\" height=\"6016\" src=\"https:\/\/www.museuolimpicbcn.cat\/wp-content\/uploads\/sites\/2\/2019\/03\/Museu-Olimpic-Barcelona-_esquis_Blanca_Fdez.jpg\" class=\"attachment-full size-full\" alt=\"Museu Olimpic Barcelona Esquis Blanca Fdez\" srcset=\"https:\/\/www.museuolimpicbcn.cat\/wp-content\/uploads\/sites\/2\/2019\/03\/Museu-Olimpic-Barcelona-_esquis_Blanca_Fdez.jpg 4016w, https:\/\/www.museuolimpicbcn.cat\/wp-content\/uploads\/sites\/2\/2019\/03\/Museu-Olimpic-Barcelona-_esquis_Blanca_Fdez-200x300.jpg 200w, https:\/\/www.museuolimpicbcn.cat\/wp-content\/uploads\/sites\/2\/2019\/03\/Museu-Olimpic-Barcelona-_esquis_Blanca_Fdez-768x1150.jpg 768w, https:\/\/www.museuolimpicbcn.cat\/wp-content\/uploads\/sites\/2\/2019\/03\/Museu-Olimpic-Barcelona-_esquis_Blanca_Fdez-684x1024.jpg 684w, https:\/\/www.museuolimpicbcn.cat\/wp-content\/uploads\/sites\/2\/2019\/03\/Museu-Olimpic-Barcelona-_esquis_Blanca_Fdez-1320x1977.jpg 1320w\" sizes=\"(max-width: 4016px) 100vw, 4016px\" \/>    <\/div><!-- \/.cpt-grid-item__pic -->\n        <div class=\"cpt-grid-item__content\">\n      <h3>Esqu\u00eds Blanca Fern\u00e1ndez Ochoa<\/h3>\n          <\/div><!-- \/.cpt-grid-item__content -->\n  <\/div><!-- \/.cpt-grid-item__inside -->\n<\/a><!-- \/.cpt-grid-item -->                  <a href=\"https:\/\/www.museuolimpicbcn.cat\/es\/coleccion-permanente\/sabatilles-carolina-marin\/\" class=\"cpt-grid-item cpt-grid-item--collection\">\n  <div class=\"cpt-grid-item__inside\">\n        <div class=\"cpt-grid-item__pic\">\n      <img decoding=\"async\" width=\"4496\" height=\"3001\" src=\"https:\/\/www.museuolimpicbcn.cat\/wp-content\/uploads\/sites\/2\/2019\/03\/Museu-Olimpic-Barcelona-_Carolina_Marin.jpg\" class=\"attachment-full size-full\" alt=\"Museu Olimpic Barcelona Carolina Marin\" srcset=\"https:\/\/www.museuolimpicbcn.cat\/wp-content\/uploads\/sites\/2\/2019\/03\/Museu-Olimpic-Barcelona-_Carolina_Marin.jpg 4496w, https:\/\/www.museuolimpicbcn.cat\/wp-content\/uploads\/sites\/2\/2019\/03\/Museu-Olimpic-Barcelona-_Carolina_Marin-300x200.jpg 300w, https:\/\/www.museuolimpicbcn.cat\/wp-content\/uploads\/sites\/2\/2019\/03\/Museu-Olimpic-Barcelona-_Carolina_Marin-768x513.jpg 768w, https:\/\/www.museuolimpicbcn.cat\/wp-content\/uploads\/sites\/2\/2019\/03\/Museu-Olimpic-Barcelona-_Carolina_Marin-1024x684.jpg 1024w, https:\/\/www.museuolimpicbcn.cat\/wp-content\/uploads\/sites\/2\/2019\/03\/Museu-Olimpic-Barcelona-_Carolina_Marin-1320x881.jpg 1320w\" sizes=\"(max-width: 4496px) 100vw, 4496px\" \/>    <\/div><!-- \/.cpt-grid-item__pic -->\n        <div class=\"cpt-grid-item__content\">\n      <h3>Zapatillas Carolina Mar\u00edn<\/h3>\n          <\/div><!-- \/.cpt-grid-item__content -->\n  <\/div><!-- \/.cpt-grid-item__inside -->\n<\/a><!-- \/.cpt-grid-item -->                  <a href=\"https:\/\/www.museuolimpicbcn.cat\/es\/coleccion-permanente\/mono-marc-marquez\/\" class=\"cpt-grid-item cpt-grid-item--collection\">\n  <div class=\"cpt-grid-item__inside\">\n        <div class=\"cpt-grid-item__pic\">\n      <img decoding=\"async\" width=\"2500\" height=\"3745\" src=\"https:\/\/www.museuolimpicbcn.cat\/wp-content\/uploads\/sites\/2\/2019\/03\/Museu-Olimpic-Barcelona-granota-Marc_Marquez.jpg\" class=\"attachment-full size-full\" alt=\"Museu Olimpic Barcelona Granota Marc Marquez\" srcset=\"https:\/\/www.museuolimpicbcn.cat\/wp-content\/uploads\/sites\/2\/2019\/03\/Museu-Olimpic-Barcelona-granota-Marc_Marquez.jpg 2500w, https:\/\/www.museuolimpicbcn.cat\/wp-content\/uploads\/sites\/2\/2019\/03\/Museu-Olimpic-Barcelona-granota-Marc_Marquez-200x300.jpg 200w, https:\/\/www.museuolimpicbcn.cat\/wp-content\/uploads\/sites\/2\/2019\/03\/Museu-Olimpic-Barcelona-granota-Marc_Marquez-768x1150.jpg 768w, https:\/\/www.museuolimpicbcn.cat\/wp-content\/uploads\/sites\/2\/2019\/03\/Museu-Olimpic-Barcelona-granota-Marc_Marquez-684x1024.jpg 684w, https:\/\/www.museuolimpicbcn.cat\/wp-content\/uploads\/sites\/2\/2019\/03\/Museu-Olimpic-Barcelona-granota-Marc_Marquez-1320x1977.jpg 1320w\" sizes=\"(max-width: 2500px) 100vw, 2500px\" \/>    <\/div><!-- \/.cpt-grid-item__pic -->\n        <div class=\"cpt-grid-item__content\">\n      <h3>Mono Marc M\u00e1rquez<\/h3>\n          <\/div><!-- \/.cpt-grid-item__content -->\n  <\/div><!-- \/.cpt-grid-item__inside -->\n<\/a><!-- \/.cpt-grid-item -->                  <a href=\"https:\/\/www.museuolimpicbcn.cat\/es\/coleccion-permanente\/cartell-olimpiada-popular-1936\/\" class=\"cpt-grid-item cpt-grid-item--collection\">\n  <div class=\"cpt-grid-item__inside\">\n        <div class=\"cpt-grid-item__pic\">\n      <img loading=\"lazy\" decoding=\"async\" width=\"3000\" height=\"2003\" src=\"https:\/\/www.museuolimpicbcn.cat\/wp-content\/uploads\/sites\/2\/2019\/01\/Museu-Olimpic-Barcelona-olimpiada-popular_1936.jpg\" class=\"attachment-full size-full\" alt=\"Museu Olimpic Barcelona - Olimpiada Popular 1936\" srcset=\"https:\/\/www.museuolimpicbcn.cat\/wp-content\/uploads\/sites\/2\/2019\/01\/Museu-Olimpic-Barcelona-olimpiada-popular_1936.jpg 3000w, https:\/\/www.museuolimpicbcn.cat\/wp-content\/uploads\/sites\/2\/2019\/01\/Museu-Olimpic-Barcelona-olimpiada-popular_1936-300x200.jpg 300w, https:\/\/www.museuolimpicbcn.cat\/wp-content\/uploads\/sites\/2\/2019\/01\/Museu-Olimpic-Barcelona-olimpiada-popular_1936-768x513.jpg 768w, https:\/\/www.museuolimpicbcn.cat\/wp-content\/uploads\/sites\/2\/2019\/01\/Museu-Olimpic-Barcelona-olimpiada-popular_1936-1024x684.jpg 1024w, https:\/\/www.museuolimpicbcn.cat\/wp-content\/uploads\/sites\/2\/2019\/01\/Museu-Olimpic-Barcelona-olimpiada-popular_1936-1320x881.jpg 1320w\" sizes=\"(max-width: 3000px) 100vw, 3000px\" \/>    <\/div><!-- \/.cpt-grid-item__pic -->\n        <div class=\"cpt-grid-item__content\">\n      <h3>Cartel Olimpiada Popular 1936<\/h3>\n          <\/div><!-- \/.cpt-grid-item__content -->\n  <\/div><!-- \/.cpt-grid-item__inside -->\n<\/a><!-- \/.cpt-grid-item -->                  <a href=\"https:\/\/www.museuolimpicbcn.cat\/es\/coleccion-permanente\/caixa-candidatura-caixa-magica\/\" class=\"cpt-grid-item cpt-grid-item--collection\">\n  <div class=\"cpt-grid-item__inside\">\n        <div class=\"cpt-grid-item__pic\">\n      <img loading=\"lazy\" decoding=\"async\" width=\"6016\" height=\"4016\" src=\"https:\/\/www.museuolimpicbcn.cat\/wp-content\/uploads\/sites\/2\/2019\/03\/Museu-Olimpic-Barcelona-caixa_candidatura_Barcelona_92_02.jpg\" class=\"attachment-full size-full\" alt=\"Museu Olimpic Barcelona Caixa Candidatura Barcelona 92 02\" srcset=\"https:\/\/www.museuolimpicbcn.cat\/wp-content\/uploads\/sites\/2\/2019\/03\/Museu-Olimpic-Barcelona-caixa_candidatura_Barcelona_92_02.jpg 6016w, https:\/\/www.museuolimpicbcn.cat\/wp-content\/uploads\/sites\/2\/2019\/03\/Museu-Olimpic-Barcelona-caixa_candidatura_Barcelona_92_02-300x200.jpg 300w, https:\/\/www.museuolimpicbcn.cat\/wp-content\/uploads\/sites\/2\/2019\/03\/Museu-Olimpic-Barcelona-caixa_candidatura_Barcelona_92_02-768x513.jpg 768w, https:\/\/www.museuolimpicbcn.cat\/wp-content\/uploads\/sites\/2\/2019\/03\/Museu-Olimpic-Barcelona-caixa_candidatura_Barcelona_92_02-1024x684.jpg 1024w, https:\/\/www.museuolimpicbcn.cat\/wp-content\/uploads\/sites\/2\/2019\/03\/Museu-Olimpic-Barcelona-caixa_candidatura_Barcelona_92_02-1320x881.jpg 1320w\" sizes=\"(max-width: 6016px) 100vw, 6016px\" \/>    <\/div><!-- \/.cpt-grid-item__pic -->\n        <div class=\"cpt-grid-item__content\">\n      <h3>Caja Candidatura \u201cCaja M\u00e1gica\u201d<\/h3>\n          <\/div><!-- \/.cpt-grid-item__content -->\n  <\/div><!-- \/.cpt-grid-item__inside -->\n<\/a><!-- \/.cpt-grid-item -->                  <a href=\"https:\/\/www.museuolimpicbcn.cat\/es\/coleccion-permanente\/trofeu-castanya-samaranch\/\" class=\"cpt-grid-item cpt-grid-item--collection\">\n  <div class=\"cpt-grid-item__inside\">\n        <div class=\"cpt-grid-item__pic\">\n      <img loading=\"lazy\" decoding=\"async\" width=\"3000\" height=\"2003\" src=\"https:\/\/www.museuolimpicbcn.cat\/wp-content\/uploads\/sites\/2\/2019\/03\/Museu-Olimpic-Barcelona-trofeu-Casta\u00f1a.jpg\" class=\"attachment-full size-full\" alt=\"Museu Olimpic Barcelona Trofeu Casta\u00f1a\" srcset=\"https:\/\/www.museuolimpicbcn.cat\/wp-content\/uploads\/sites\/2\/2019\/03\/Museu-Olimpic-Barcelona-trofeu-Casta\u00f1a.jpg 3000w, https:\/\/www.museuolimpicbcn.cat\/wp-content\/uploads\/sites\/2\/2019\/03\/Museu-Olimpic-Barcelona-trofeu-Casta\u00f1a-300x200.jpg 300w, https:\/\/www.museuolimpicbcn.cat\/wp-content\/uploads\/sites\/2\/2019\/03\/Museu-Olimpic-Barcelona-trofeu-Casta\u00f1a-768x513.jpg 768w, https:\/\/www.museuolimpicbcn.cat\/wp-content\/uploads\/sites\/2\/2019\/03\/Museu-Olimpic-Barcelona-trofeu-Casta\u00f1a-1024x684.jpg 1024w, https:\/\/www.museuolimpicbcn.cat\/wp-content\/uploads\/sites\/2\/2019\/03\/Museu-Olimpic-Barcelona-trofeu-Casta\u00f1a-1320x881.jpg 1320w\" sizes=\"(max-width: 3000px) 100vw, 3000px\" \/>    <\/div><!-- \/.cpt-grid-item__pic -->\n        <div class=\"cpt-grid-item__content\">\n      <h3>Trofeo Casta\u00f1a Samaranch<\/h3>\n          <\/div><!-- \/.cpt-grid-item__content -->\n  <\/div><!-- \/.cpt-grid-item__inside -->\n<\/a><!-- \/.cpt-grid-item -->                  <a href=\"https:\/\/www.museuolimpicbcn.cat\/es\/coleccion-permanente\/escultura-el-campio\/\" class=\"cpt-grid-item cpt-grid-item--collection\">\n  <div class=\"cpt-grid-item__inside\">\n        <div class=\"cpt-grid-item__pic\">\n      <img loading=\"lazy\" decoding=\"async\" width=\"2003\" height=\"3000\" src=\"https:\/\/www.museuolimpicbcn.cat\/wp-content\/uploads\/sites\/2\/2019\/03\/Museu-Olimpic-Barcelona-el-campio.jpg\" class=\"attachment-full size-full\" alt=\"Museu Olimpic Barcelona El Campio\" srcset=\"https:\/\/www.museuolimpicbcn.cat\/wp-content\/uploads\/sites\/2\/2019\/03\/Museu-Olimpic-Barcelona-el-campio.jpg 2003w, https:\/\/www.museuolimpicbcn.cat\/wp-content\/uploads\/sites\/2\/2019\/03\/Museu-Olimpic-Barcelona-el-campio-200x300.jpg 200w, https:\/\/www.museuolimpicbcn.cat\/wp-content\/uploads\/sites\/2\/2019\/03\/Museu-Olimpic-Barcelona-el-campio-768x1150.jpg 768w, https:\/\/www.museuolimpicbcn.cat\/wp-content\/uploads\/sites\/2\/2019\/03\/Museu-Olimpic-Barcelona-el-campio-684x1024.jpg 684w, https:\/\/www.museuolimpicbcn.cat\/wp-content\/uploads\/sites\/2\/2019\/03\/Museu-Olimpic-Barcelona-el-campio-1320x1977.jpg 1320w\" sizes=\"(max-width: 2003px) 100vw, 2003px\" \/>    <\/div><!-- \/.cpt-grid-item__pic -->\n        <div class=\"cpt-grid-item__content\">\n      <h3>Escultura &#8220;El Campe\u00f3n&#8221;<\/h3>\n            <div class=\"cpt-grid-item__meta\">\n        <span class=\"author\">Lluci\u00e0 Osl\u00e9.<\/span>                      <\/div><!-- \/.cpt-grid-item__meta -->\n          <\/div><!-- \/.cpt-grid-item__content -->\n  <\/div><!-- \/.cpt-grid-item__inside -->\n<\/a><!-- \/.cpt-grid-item -->                  <a href=\"https:\/\/www.museuolimpicbcn.cat\/es\/coleccion-permanente\/petra-de-resina\/\" class=\"cpt-grid-item cpt-grid-item--collection\">\n  <div class=\"cpt-grid-item__inside\">\n        <div class=\"cpt-grid-item__pic\">\n      <img loading=\"lazy\" decoding=\"async\" width=\"3000\" height=\"2003\" src=\"https:\/\/www.museuolimpicbcn.cat\/wp-content\/uploads\/sites\/2\/2019\/03\/Museu-Olimpic-Barcelona-_petra.jpg\" class=\"attachment-full size-full\" alt=\"Museu Olimpic Barcelona Petra\" srcset=\"https:\/\/www.museuolimpicbcn.cat\/wp-content\/uploads\/sites\/2\/2019\/03\/Museu-Olimpic-Barcelona-_petra.jpg 3000w, https:\/\/www.museuolimpicbcn.cat\/wp-content\/uploads\/sites\/2\/2019\/03\/Museu-Olimpic-Barcelona-_petra-300x200.jpg 300w, https:\/\/www.museuolimpicbcn.cat\/wp-content\/uploads\/sites\/2\/2019\/03\/Museu-Olimpic-Barcelona-_petra-768x513.jpg 768w, https:\/\/www.museuolimpicbcn.cat\/wp-content\/uploads\/sites\/2\/2019\/03\/Museu-Olimpic-Barcelona-_petra-1024x684.jpg 1024w, https:\/\/www.museuolimpicbcn.cat\/wp-content\/uploads\/sites\/2\/2019\/03\/Museu-Olimpic-Barcelona-_petra-1320x881.jpg 1320w\" sizes=\"(max-width: 3000px) 100vw, 3000px\" \/>    <\/div><!-- \/.cpt-grid-item__pic -->\n        <div class=\"cpt-grid-item__content\">\n      <h3>Petra de resina<\/h3>\n          <\/div><!-- \/.cpt-grid-item__content -->\n  <\/div><!-- \/.cpt-grid-item__inside -->\n<\/a><!-- \/.cpt-grid-item -->                  <a href=\"https:\/\/www.museuolimpicbcn.cat\/es\/coleccion-permanente\/copa-macaya\/\" class=\"cpt-grid-item cpt-grid-item--collection\">\n  <div class=\"cpt-grid-item__inside\">\n        <div class=\"cpt-grid-item__pic\">\n      <img loading=\"lazy\" decoding=\"async\" width=\"2002\" height=\"3000\" src=\"https:\/\/www.museuolimpicbcn.cat\/wp-content\/uploads\/sites\/2\/2019\/03\/Museu-Olimpic-Barcelona-copa-Macaya.jpg\" class=\"attachment-full size-full\" alt=\"Museu Olimpic Barcelona Copa Macaya\" srcset=\"https:\/\/www.museuolimpicbcn.cat\/wp-content\/uploads\/sites\/2\/2019\/03\/Museu-Olimpic-Barcelona-copa-Macaya.jpg 2002w, https:\/\/www.museuolimpicbcn.cat\/wp-content\/uploads\/sites\/2\/2019\/03\/Museu-Olimpic-Barcelona-copa-Macaya-200x300.jpg 200w, https:\/\/www.museuolimpicbcn.cat\/wp-content\/uploads\/sites\/2\/2019\/03\/Museu-Olimpic-Barcelona-copa-Macaya-768x1151.jpg 768w, https:\/\/www.museuolimpicbcn.cat\/wp-content\/uploads\/sites\/2\/2019\/03\/Museu-Olimpic-Barcelona-copa-Macaya-683x1024.jpg 683w, https:\/\/www.museuolimpicbcn.cat\/wp-content\/uploads\/sites\/2\/2019\/03\/Museu-Olimpic-Barcelona-copa-Macaya-1320x1978.jpg 1320w\" sizes=\"(max-width: 2002px) 100vw, 2002px\" \/>    <\/div><!-- \/.cpt-grid-item__pic -->\n        <div class=\"cpt-grid-item__content\">\n      <h3>Copa Macaya<\/h3>\n          <\/div><!-- \/.cpt-grid-item__content -->\n  <\/div><!-- \/.cpt-grid-item__inside -->\n<\/a><!-- \/.cpt-grid-item -->                  <a href=\"https:\/\/www.museuolimpicbcn.cat\/es\/coleccion-permanente\/banador-dali-paola-tirados\/\" class=\"cpt-grid-item cpt-grid-item--collection\">\n  <div class=\"cpt-grid-item__inside\">\n        <div class=\"cpt-grid-item__pic\">\n      <img loading=\"lazy\" decoding=\"async\" width=\"3262\" height=\"4887\" src=\"https:\/\/www.museuolimpicbcn.cat\/wp-content\/uploads\/sites\/2\/2019\/03\/Museu-Olimpic-Barcelona-_banyador_Paula_Tirado.jpg\" class=\"attachment-full size-full\" alt=\"Museu Olimpic Barcelona Banyador Paula Tirado\" srcset=\"https:\/\/www.museuolimpicbcn.cat\/wp-content\/uploads\/sites\/2\/2019\/03\/Museu-Olimpic-Barcelona-_banyador_Paula_Tirado.jpg 3262w, https:\/\/www.museuolimpicbcn.cat\/wp-content\/uploads\/sites\/2\/2019\/03\/Museu-Olimpic-Barcelona-_banyador_Paula_Tirado-200x300.jpg 200w, https:\/\/www.museuolimpicbcn.cat\/wp-content\/uploads\/sites\/2\/2019\/03\/Museu-Olimpic-Barcelona-_banyador_Paula_Tirado-768x1151.jpg 768w, https:\/\/www.museuolimpicbcn.cat\/wp-content\/uploads\/sites\/2\/2019\/03\/Museu-Olimpic-Barcelona-_banyador_Paula_Tirado-684x1024.jpg 684w, https:\/\/www.museuolimpicbcn.cat\/wp-content\/uploads\/sites\/2\/2019\/03\/Museu-Olimpic-Barcelona-_banyador_Paula_Tirado-1320x1978.jpg 1320w\" sizes=\"(max-width: 3262px) 100vw, 3262px\" \/>    <\/div><!-- \/.cpt-grid-item__pic -->\n        <div class=\"cpt-grid-item__content\">\n      <h3>Ba\u00f1ador Dal\u00ed &#8211; Paola Tirados<\/h3>\n          <\/div><!-- \/.cpt-grid-item__content -->\n  <\/div><!-- \/.cpt-grid-item__inside -->\n<\/a><!-- \/.cpt-grid-item -->        \n        <div class=\"cpt-grid-sizer\"><\/div>        \n            <\/div><!-- .cpt-grid -->\n<\/div>\n\t\t\t\t\t\t<\/div>\n\t\t\t\t<\/div>\n\t\t\t\t\t<\/div>\n\t\t<\/div>\n\t\t\t\t\t<\/div>\n\t\t<\/section>\n\t\t\t\t<\/div>\n\t\t","protected":false},"excerpt":{"rendered":"<p>Colecci\u00f3n permanente M\u00e1s de 5.000 piezas expuestas de los deportistas y eventos deportivos que forman parte de la historia del deporte mundial.&nbsp; Destacamos aquellas piezas exclusivas de los Juegos Ol\u00edmpicos de Barcelona \u201992 pertenecientes a la Fundaci\u00f3 Barcelona Ol\u00edmpica. Piezas destacadas de la colecci\u00f3n<\/p>\n","protected":false},"author":2,"featured_media":0,"parent":0,"menu_order":0,"comment_status":"closed","ping_status":"closed","template":"","meta":{"_acf_changed":false,"_price":"","_stock":"","_tribe_ticket_header":"","_tribe_default_ticket_provider":"","_tribe_ticket_capacity":"0","_ticket_start_date":"","_ticket_end_date":"","_tribe_ticket_show_description":"","_tribe_ticket_show_not_going":false,"_tribe_ticket_use_global_stock":"","_tribe_ticket_global_stock_level":"","_global_stock_mode":"","_global_stock_cap":"","_tribe_rsvp_for_event":"","_tribe_ticket_going_count":"","_tribe_ticket_not_going_count":"","_tribe_tickets_list":"[]","_tribe_ticket_has_attendee_info_fields":false,"footnotes":"","_tec_slr_enabled":"","_tec_slr_layout":""},"class_list":["post-17010","page","type-page","status-publish","hentry"],"acf":[],"yoast_head":"<!-- This site is optimized with the Yoast SEO plugin v23.7 - https:\/\/yoast.com\/wordpress\/plugins\/seo\/ -->\n<title>Colecci\u00f3n permanente - Museu Ol\u00edmpic i de l&#039;Esport Joan Antoni Samaranch. Barcelona<\/title>\n<meta name=\"robots\" content=\"index, follow, max-snippet:-1, max-image-preview:large, max-video-preview:-1\" \/>\n<link rel=\"canonical\" href=\"https:\/\/www.museuolimpicbcn.cat\/es\/coleccion-permanente\/\" \/>\n<meta property=\"og:locale\" content=\"es_ES\" \/>\n<meta property=\"og:type\" content=\"article\" \/>\n<meta property=\"og:title\" content=\"Colecci\u00f3n permanente - Museu Ol\u00edmpic i de l&#039;Esport Joan Antoni Samaranch. Barcelona\" \/>\n<meta property=\"og:description\" content=\"Colecci\u00f3n permanente M\u00e1s de 5.000 piezas expuestas de los deportistas y eventos deportivos que forman parte de la historia del deporte mundial.&nbsp; Destacamos aquellas piezas exclusivas de los Juegos Ol\u00edmpicos de Barcelona \u201992 pertenecientes a la Fundaci\u00f3 Barcelona Ol\u00edmpica. Piezas destacadas de la colecci\u00f3n\" \/>\n<meta property=\"og:url\" content=\"https:\/\/www.museuolimpicbcn.cat\/es\/coleccion-permanente\/\" \/>\n<meta property=\"og:site_name\" content=\"Museu Ol\u00edmpic i de l&#039;Esport Joan Antoni Samaranch. Barcelona\" \/>\n<meta property=\"article:modified_time\" content=\"2021-04-12T11:23:04+00:00\" \/>\n<meta name=\"twitter:card\" content=\"summary_large_image\" \/>\n<meta name=\"twitter:label1\" content=\"Tiempo de lectura\" \/>\n\t<meta name=\"twitter:data1\" content=\"3 minutos\" \/>\n<script type=\"application\/ld+json\" class=\"yoast-schema-graph\">{\"@context\":\"https:\/\/schema.org\",\"@graph\":[{\"@type\":\"WebPage\",\"@id\":\"https:\/\/www.museuolimpicbcn.cat\/es\/coleccion-permanente\/\",\"url\":\"https:\/\/www.museuolimpicbcn.cat\/es\/coleccion-permanente\/\",\"name\":\"Colecci\u00f3n permanente - Museu Ol\u00edmpic i de l&#039;Esport Joan Antoni Samaranch. Barcelona\",\"isPartOf\":{\"@id\":\"https:\/\/www.museuolimpicbcn.cat\/ca\/#website\"},\"datePublished\":\"2019-03-27T21:40:49+00:00\",\"dateModified\":\"2021-04-12T11:23:04+00:00\",\"breadcrumb\":{\"@id\":\"https:\/\/www.museuolimpicbcn.cat\/es\/coleccion-permanente\/#breadcrumb\"},\"inLanguage\":\"es\",\"potentialAction\":[{\"@type\":\"ReadAction\",\"target\":[\"https:\/\/www.museuolimpicbcn.cat\/es\/coleccion-permanente\/\"]}]},{\"@type\":\"BreadcrumbList\",\"@id\":\"https:\/\/www.museuolimpicbcn.cat\/es\/coleccion-permanente\/#breadcrumb\",\"itemListElement\":[{\"@type\":\"ListItem\",\"position\":1,\"name\":\"Inici\",\"item\":\"https:\/\/www.museuolimpicbcn.cat\/es\/\"},{\"@type\":\"ListItem\",\"position\":2,\"name\":\"Colecci\u00f3n permanente\"}]},{\"@type\":\"WebSite\",\"@id\":\"https:\/\/www.museuolimpicbcn.cat\/ca\/#website\",\"url\":\"https:\/\/www.museuolimpicbcn.cat\/ca\/\",\"name\":\"Museu Ol\u00edmpic i de l&#039;Esport Joan Antoni Samaranch. Barcelona\",\"description\":\"Altre lloc Web del Museu Ol\u00edmpic i de l&#039;Esport llocs\",\"publisher\":{\"@id\":\"https:\/\/www.museuolimpicbcn.cat\/ca\/#organization\"},\"potentialAction\":[{\"@type\":\"SearchAction\",\"target\":{\"@type\":\"EntryPoint\",\"urlTemplate\":\"https:\/\/www.museuolimpicbcn.cat\/ca\/?s={search_term_string}\"},\"query-input\":{\"@type\":\"PropertyValueSpecification\",\"valueRequired\":true,\"valueName\":\"search_term_string\"}}],\"inLanguage\":\"es\"},{\"@type\":\"Organization\",\"@id\":\"https:\/\/www.museuolimpicbcn.cat\/ca\/#organization\",\"name\":\"Museu Ol\u00edmpic i de l&#039;Esport Joan Antoni Samaranch. Barcelona\",\"url\":\"https:\/\/www.museuolimpicbcn.cat\/ca\/\",\"logo\":{\"@type\":\"ImageObject\",\"inLanguage\":\"es\",\"@id\":\"https:\/\/www.museuolimpicbcn.cat\/ca\/#\/schema\/logo\/image\/\",\"url\":\"https:\/\/www.museuolimpicbcn.cat\/wp-content\/uploads\/sites\/2\/2018\/12\/logo-moe-header.svg\",\"contentUrl\":\"https:\/\/www.museuolimpicbcn.cat\/wp-content\/uploads\/sites\/2\/2018\/12\/logo-moe-header.svg\",\"caption\":\"Museu Ol\u00edmpic i de l&#039;Esport Joan Antoni Samaranch. Barcelona\"},\"image\":{\"@id\":\"https:\/\/www.museuolimpicbcn.cat\/ca\/#\/schema\/logo\/image\/\"}}]}<\/script>\n<!-- \/ Yoast SEO plugin. -->","yoast_head_json":{"title":"Colecci\u00f3n permanente - Museu Ol\u00edmpic i de l&#039;Esport Joan Antoni Samaranch. Barcelona","robots":{"index":"index","follow":"follow","max-snippet":"max-snippet:-1","max-image-preview":"max-image-preview:large","max-video-preview":"max-video-preview:-1"},"canonical":"https:\/\/www.museuolimpicbcn.cat\/es\/coleccion-permanente\/","og_locale":"es_ES","og_type":"article","og_title":"Colecci\u00f3n permanente - Museu Ol\u00edmpic i de l&#039;Esport Joan Antoni Samaranch. Barcelona","og_description":"Colecci\u00f3n permanente M\u00e1s de 5.000 piezas expuestas de los deportistas y eventos deportivos que forman parte de la historia del deporte mundial.&nbsp; Destacamos aquellas piezas exclusivas de los Juegos Ol\u00edmpicos de Barcelona \u201992 pertenecientes a la Fundaci\u00f3 Barcelona Ol\u00edmpica. Piezas destacadas de la colecci\u00f3n","og_url":"https:\/\/www.museuolimpicbcn.cat\/es\/coleccion-permanente\/","og_site_name":"Museu Ol\u00edmpic i de l&#039;Esport Joan Antoni Samaranch. Barcelona","article_modified_time":"2021-04-12T11:23:04+00:00","twitter_card":"summary_large_image","twitter_misc":{"Tiempo de lectura":"3 minutos"},"schema":{"@context":"https:\/\/schema.org","@graph":[{"@type":"WebPage","@id":"https:\/\/www.museuolimpicbcn.cat\/es\/coleccion-permanente\/","url":"https:\/\/www.museuolimpicbcn.cat\/es\/coleccion-permanente\/","name":"Colecci\u00f3n permanente - Museu Ol\u00edmpic i de l&#039;Esport Joan Antoni Samaranch. Barcelona","isPartOf":{"@id":"https:\/\/www.museuolimpicbcn.cat\/ca\/#website"},"datePublished":"2019-03-27T21:40:49+00:00","dateModified":"2021-04-12T11:23:04+00:00","breadcrumb":{"@id":"https:\/\/www.museuolimpicbcn.cat\/es\/coleccion-permanente\/#breadcrumb"},"inLanguage":"es","potentialAction":[{"@type":"ReadAction","target":["https:\/\/www.museuolimpicbcn.cat\/es\/coleccion-permanente\/"]}]},{"@type":"BreadcrumbList","@id":"https:\/\/www.museuolimpicbcn.cat\/es\/coleccion-permanente\/#breadcrumb","itemListElement":[{"@type":"ListItem","position":1,"name":"Inici","item":"https:\/\/www.museuolimpicbcn.cat\/es\/"},{"@type":"ListItem","position":2,"name":"Colecci\u00f3n permanente"}]},{"@type":"WebSite","@id":"https:\/\/www.museuolimpicbcn.cat\/ca\/#website","url":"https:\/\/www.museuolimpicbcn.cat\/ca\/","name":"Museu Ol\u00edmpic i de l&#039;Esport Joan Antoni Samaranch. Barcelona","description":"Altre lloc Web del Museu Ol\u00edmpic i de l&#039;Esport llocs","publisher":{"@id":"https:\/\/www.museuolimpicbcn.cat\/ca\/#organization"},"potentialAction":[{"@type":"SearchAction","target":{"@type":"EntryPoint","urlTemplate":"https:\/\/www.museuolimpicbcn.cat\/ca\/?s={search_term_string}"},"query-input":{"@type":"PropertyValueSpecification","valueRequired":true,"valueName":"search_term_string"}}],"inLanguage":"es"},{"@type":"Organization","@id":"https:\/\/www.museuolimpicbcn.cat\/ca\/#organization","name":"Museu Ol\u00edmpic i de l&#039;Esport Joan Antoni Samaranch. Barcelona","url":"https:\/\/www.museuolimpicbcn.cat\/ca\/","logo":{"@type":"ImageObject","inLanguage":"es","@id":"https:\/\/www.museuolimpicbcn.cat\/ca\/#\/schema\/logo\/image\/","url":"https:\/\/www.museuolimpicbcn.cat\/wp-content\/uploads\/sites\/2\/2018\/12\/logo-moe-header.svg","contentUrl":"https:\/\/www.museuolimpicbcn.cat\/wp-content\/uploads\/sites\/2\/2018\/12\/logo-moe-header.svg","caption":"Museu Ol\u00edmpic i de l&#039;Esport Joan Antoni Samaranch. Barcelona"},"image":{"@id":"https:\/\/www.museuolimpicbcn.cat\/ca\/#\/schema\/logo\/image\/"}}]}},"ticketed":false,"_links":{"self":[{"href":"https:\/\/www.museuolimpicbcn.cat\/es\/wp-json\/wp\/v2\/pages\/17010"}],"collection":[{"href":"https:\/\/www.museuolimpicbcn.cat\/es\/wp-json\/wp\/v2\/pages"}],"about":[{"href":"https:\/\/www.museuolimpicbcn.cat\/es\/wp-json\/wp\/v2\/types\/page"}],"author":[{"embeddable":true,"href":"https:\/\/www.museuolimpicbcn.cat\/es\/wp-json\/wp\/v2\/users\/2"}],"replies":[{"embeddable":true,"href":"https:\/\/www.museuolimpicbcn.cat\/es\/wp-json\/wp\/v2\/comments?post=17010"}],"version-history":[{"count":18,"href":"https:\/\/www.museuolimpicbcn.cat\/es\/wp-json\/wp\/v2\/pages\/17010\/revisions"}],"predecessor-version":[{"id":27509,"href":"https:\/\/www.museuolimpicbcn.cat\/es\/wp-json\/wp\/v2\/pages\/17010\/revisions\/27509"}],"wp:attachment":[{"href":"https:\/\/www.museuolimpicbcn.cat\/es\/wp-json\/wp\/v2\/media?parent=17010"}],"curies":[{"name":"wp","href":"https:\/\/api.w.org\/{rel}","templated":true}]}}