{"id":17627,"date":"2019-04-08T13:07:33","date_gmt":"2019-04-08T11:07:33","guid":{"rendered":"https:\/\/dev.museuolimpicbcn.cat\/?page_id=17627"},"modified":"2019-07-09T16:47:10","modified_gmt":"2019-07-09T14:47:10","slug":"exposiciones","status":"publish","type":"page","link":"https:\/\/www.museuolimpicbcn.cat\/es\/exposiciones\/","title":{"rendered":"Exposiciones"},"content":{"rendered":"\t\t<div data-elementor-type=\"wp-post\" data-elementor-id=\"17627\" class=\"elementor elementor-17627\" data-elementor-post-type=\"page\">\n\t\t\t\t\t\t<section class=\"elementor-section elementor-top-section elementor-element elementor-element-504def0e moe-heading-30 elementor-section-boxed elementor-section-height-default elementor-section-height-default\" data-id=\"504def0e\" data-element_type=\"section\">\n\t\t\t\t\t\t<div class=\"elementor-container elementor-column-gap-default\">\n\t\t\t\t\t<div class=\"elementor-column elementor-col-50 elementor-top-column elementor-element elementor-element-1c202282\" data-id=\"1c202282\" data-element_type=\"column\">\n\t\t\t<div class=\"elementor-widget-wrap elementor-element-populated\">\n\t\t\t\t\t\t<div class=\"elementor-element elementor-element-6d55183 elementor-widget elementor-widget-breadcrumbs\" data-id=\"6d55183\" data-element_type=\"widget\" data-widget_type=\"breadcrumbs.default\">\n\t\t\t\t<div class=\"elementor-widget-container\">\n\t\t\t\t\t<ol class=\"moe-breadcrumbs\" itemscope itemtype=\"https:\/\/schema.org\/BreadcrumbList\"><li itemprop=\"itemListElement\" itemscope itemtype=\"https:\/\/schema.org\/ListItem\"><a href=\"\/es\/\" title=\"Inicio\"><span itemprop=\"name\">Inicio<\/span><\/a><meta itemprop=\"position\" content=\"1\" \/><\/li><\/ol>\t\t\t\t<\/div>\n\t\t\t\t<\/div>\n\t\t\t\t<section class=\"elementor-section elementor-inner-section elementor-element elementor-element-2fb174a7 elementor-section-boxed elementor-section-height-default elementor-section-height-default\" data-id=\"2fb174a7\" data-element_type=\"section\">\n\t\t\t\t\t\t<div class=\"elementor-container elementor-column-gap-default\">\n\t\t\t\t\t<div class=\"elementor-column elementor-col-100 elementor-inner-column elementor-element elementor-element-edc2c9c\" data-id=\"edc2c9c\" data-element_type=\"column\">\n\t\t\t<div class=\"elementor-widget-wrap elementor-element-populated\">\n\t\t\t\t\t\t<div class=\"elementor-element elementor-element-2c9fbb14 elementor-widget elementor-widget-heading\" data-id=\"2c9fbb14\" data-element_type=\"widget\" data-widget_type=\"heading.default\">\n\t\t\t\t<div class=\"elementor-widget-container\">\n\t\t\t\t\t<h1 class=\"elementor-heading-title elementor-size-default\">Exposiciones<\/h1>\t\t\t\t<\/div>\n\t\t\t\t<\/div>\n\t\t\t\t\t<\/div>\n\t\t<\/div>\n\t\t\t\t\t<\/div>\n\t\t<\/section>\n\t\t\t\t<div class=\"elementor-element elementor-element-1bc91186 elementor-widget elementor-widget-text-editor\" data-id=\"1bc91186\" data-element_type=\"widget\" data-widget_type=\"text-editor.default\">\n\t\t\t\t<div class=\"elementor-widget-container\">\n\t\t\t\t\t\t\t\t\t<p>M\u00e1s all\u00e1 de la exposici\u00f3n permanente, el Museo Ol\u00edmpico muestra anualmente una serie de exposiciones temporales vinculadas con el mundo del deporte. Olimpismo, entidades deportivas destacadas, arte y fotograf\u00eda son algunas de las tem\u00e1ticas que puedes encontrar en este espacio tan singular.\u00a0<\/p>\t\t\t\t\t\t\t\t<\/div>\n\t\t\t\t<\/div>\n\t\t\t\t\t<\/div>\n\t\t<\/div>\n\t\t\t\t<div class=\"elementor-column elementor-col-50 elementor-top-column elementor-element elementor-element-5022ef9b\" data-id=\"5022ef9b\" data-element_type=\"column\">\n\t\t\t<div class=\"elementor-widget-wrap elementor-element-populated\">\n\t\t\t\t\t\t<section class=\"elementor-section elementor-inner-section elementor-element elementor-element-572fff2e elementor-section-boxed elementor-section-height-default elementor-section-height-default\" data-id=\"572fff2e\" data-element_type=\"section\">\n\t\t\t\t\t\t<div class=\"elementor-container elementor-column-gap-default\">\n\t\t\t\t\t<div class=\"elementor-column elementor-col-100 elementor-inner-column elementor-element elementor-element-3fd075b5\" data-id=\"3fd075b5\" data-element_type=\"column\">\n\t\t\t<div class=\"elementor-widget-wrap elementor-element-populated\">\n\t\t\t\t\t\t<div class=\"elementor-element elementor-element-28e6e4a2 moe-figcaption elementor-widget elementor-widget-text-editor\" data-id=\"28e6e4a2\" data-element_type=\"widget\" data-widget_type=\"text-editor.default\">\n\t\t\t\t<div class=\"elementor-widget-container\">\n\t\t\t\t\t\t\t\t\t<p><strong>Juego de anillas de Joaqu\u00edn Blume<\/strong><br \/>A\u00f1os 50<\/p>\t\t\t\t\t\t\t\t<\/div>\n\t\t\t\t<\/div>\n\t\t\t\t<div class=\"elementor-element elementor-element-56a85e64 elementor-widget elementor-widget-image\" data-id=\"56a85e64\" data-element_type=\"widget\" data-widget_type=\"image.default\">\n\t\t\t\t<div class=\"elementor-widget-container\">\n\t\t\t\t\t\t\t\t\t\t\t\t<figure class=\"wp-caption\">\n\t\t\t\t\t\t\t\t\t\t<img fetchpriority=\"high\" decoding=\"async\" width=\"480\" height=\"291\" src=\"https:\/\/www.museuolimpicbcn.cat\/wp-content\/uploads\/sites\/2\/2019\/04\/header_img_anillas-1.jpg\" class=\"attachment-large size-large wp-image-17611\" alt=\"\" srcset=\"https:\/\/www.museuolimpicbcn.cat\/wp-content\/uploads\/sites\/2\/2019\/04\/header_img_anillas-1.jpg 480w, https:\/\/www.museuolimpicbcn.cat\/wp-content\/uploads\/sites\/2\/2019\/04\/header_img_anillas-1-300x182.jpg 300w\" sizes=\"(max-width: 480px) 100vw, 480px\" \/>\t\t\t\t\t\t\t\t\t\t\t<figcaption class=\"widget-image-caption wp-caption-text\"><\/figcaption>\n\t\t\t\t\t\t\t\t\t\t<\/figure>\n\t\t\t\t\t\t\t\t\t<\/div>\n\t\t\t\t<\/div>\n\t\t\t\t\t<\/div>\n\t\t<\/div>\n\t\t\t\t\t<\/div>\n\t\t<\/section>\n\t\t\t\t\t<\/div>\n\t\t<\/div>\n\t\t\t\t\t<\/div>\n\t\t<\/section>\n\t\t\t\t<section class=\"elementor-section elementor-top-section elementor-element elementor-element-e458abc l-padding elementor-section-boxed elementor-section-height-default elementor-section-height-default\" data-id=\"e458abc\" data-element_type=\"section\">\n\t\t\t\t\t\t<div class=\"elementor-container elementor-column-gap-default\">\n\t\t\t\t\t<div class=\"elementor-column elementor-col-100 elementor-top-column elementor-element elementor-element-eab2e95\" data-id=\"eab2e95\" data-element_type=\"column\">\n\t\t\t<div class=\"elementor-widget-wrap elementor-element-populated\">\n\t\t\t\t\t\t<div class=\"elementor-element elementor-element-ae6f28c elementor-widget elementor-widget-shortcode\" data-id=\"ae6f28c\" data-element_type=\"widget\" data-widget_type=\"shortcode.default\">\n\t\t\t\t<div class=\"elementor-widget-container\">\n\t\t\t\t\t\t\t<div class=\"elementor-shortcode\"><div class=\"elementor-element elementor-element-exhibitions-list elementor-widget elementor-widget-toggle\" data-element_type=\"widget\" data-id=\"exhibitions-list\" data-widget_type=\"toggle.default\">\n\t<div class=\"elementor-widget-container\">\n    <div class=\"elementor-toggle\" role=\"tablist\">\n                              <div class=\"elementor-toggle-item\">\n          <h4 aria-controls=\"elementor-tab-content-2026\" class=\"elementor-tab-title elementor-active\" data-tab=\"0\" id=\"elementor-tab-title-2026\" role=\"tab\">\n            <a href=\"\">2026<\/a>\n          <\/h4><!-- \/.elementor-tab-title -->\n          <div aria-labelledby=\"elementor-tab-title-2026\" class=\"elementor-tab-content elementor-clearfix elementor-active\" data-tab=\"0\" id=\"elementor-tab-content-2026\" role=\"tabpanel\" style=\"display: block;\">\n            <div class=\"cpt-grid cpt-grid--exhibition\">\n                              \n<a href=\"https:\/\/www.museuolimpicbcn.cat\/es\/exposiciones\/its-your-vibe-juegos-olimpicos-de-invierno-de-milano-cortina-2026\/\" class=\"cpt-grid-item cpt-grid-item--exhibition\">\n  <div class=\"cpt-grid-item__inside\">\n        <div class=\"cpt-grid-item__pic\">\n      <img decoding=\"async\" width=\"1200\" height=\"1201\" src=\"https:\/\/www.museuolimpicbcn.cat\/wp-content\/uploads\/sites\/2\/2026\/03\/1200x1200_BMICO26temp_MOE_.png\" class=\"attachment-full size-full\" alt=\"\" srcset=\"https:\/\/www.museuolimpicbcn.cat\/wp-content\/uploads\/sites\/2\/2026\/03\/1200x1200_BMICO26temp_MOE_.png 1200w, https:\/\/www.museuolimpicbcn.cat\/wp-content\/uploads\/sites\/2\/2026\/03\/1200x1200_BMICO26temp_MOE_-300x300.png 300w, https:\/\/www.museuolimpicbcn.cat\/wp-content\/uploads\/sites\/2\/2026\/03\/1200x1200_BMICO26temp_MOE_-1024x1024.png 1024w, https:\/\/www.museuolimpicbcn.cat\/wp-content\/uploads\/sites\/2\/2026\/03\/1200x1200_BMICO26temp_MOE_-150x150.png 150w, https:\/\/www.museuolimpicbcn.cat\/wp-content\/uploads\/sites\/2\/2026\/03\/1200x1200_BMICO26temp_MOE_-768x769.png 768w, https:\/\/www.museuolimpicbcn.cat\/wp-content\/uploads\/sites\/2\/2026\/03\/1200x1200_BMICO26temp_MOE_-600x601.png 600w, https:\/\/www.museuolimpicbcn.cat\/wp-content\/uploads\/sites\/2\/2026\/03\/1200x1200_BMICO26temp_MOE_-100x100.png 100w\" sizes=\"(max-width: 1200px) 100vw, 1200px\" \/>    <\/div><!-- \/.cpt-grid-item__pic -->\n        <div class=\"cpt-grid-item__content\">\n            <h3>It&#8217;s your vibe. Juegos Ol\u00edmpicos de Invierno de Milano Cortina 2026<\/h3>\n            <div class=\"cpt-grid-item__meta\">\n        <span class=\"startDate\">Del 24\/03\/2026<\/span>        <span class=\"endDate\"> al 04\/10\/2026<\/span>      <\/div><!-- \/.cpt-grid-item__meta -->\n          <\/div><!-- \/.cpt-grid-item__content -->\n  <\/div><!-- \/.cpt-grid-item__inside -->\n<\/a><!-- \/.cpt-grid-item -->\n                              \n<a href=\"https:\/\/www.museuolimpicbcn.cat\/es\/exposiciones\/barcelona-i-el-tour-un-bon-tandem\/\" class=\"cpt-grid-item cpt-grid-item--exhibition\">\n  <div class=\"cpt-grid-item__inside\">\n        <div class=\"cpt-grid-item__pic\">\n      <img decoding=\"async\" width=\"400\" height=\"400\" src=\"https:\/\/www.museuolimpicbcn.cat\/wp-content\/uploads\/sites\/2\/2026\/02\/Foto-WEb.jpg\" class=\"attachment-full size-full\" alt=\"\" srcset=\"https:\/\/www.museuolimpicbcn.cat\/wp-content\/uploads\/sites\/2\/2026\/02\/Foto-WEb.jpg 400w, https:\/\/www.museuolimpicbcn.cat\/wp-content\/uploads\/sites\/2\/2026\/02\/Foto-WEb-300x300.jpg 300w, https:\/\/www.museuolimpicbcn.cat\/wp-content\/uploads\/sites\/2\/2026\/02\/Foto-WEb-150x150.jpg 150w, https:\/\/www.museuolimpicbcn.cat\/wp-content\/uploads\/sites\/2\/2026\/02\/Foto-WEb-100x100.jpg 100w\" sizes=\"(max-width: 400px) 100vw, 400px\" \/>    <\/div><!-- \/.cpt-grid-item__pic -->\n        <div class=\"cpt-grid-item__content\">\n              <span class=\"label label--travelling\">\n          <span>Exposici\u00f3n itinerante<\/span>\n          <span>Deporte en im\u00e1genes. Planta -2<\/span>        <\/span>\n            <h3>Barcelona i el Tour, un bon t\u00e0ndem.<\/h3>\n            <div class=\"cpt-grid-item__meta\">\n        <span class=\"startDate\">Del 03\/02\/2026<\/span>        <span class=\"endDate\"> al 10\/03\/2026<\/span>      <\/div><!-- \/.cpt-grid-item__meta -->\n          <\/div><!-- \/.cpt-grid-item__content -->\n  <\/div><!-- \/.cpt-grid-item__inside -->\n<\/a><!-- \/.cpt-grid-item -->\n                                  <\/div><!-- .cpt-grid -->\n          <\/div><!-- \/.elementor-tab-content -->\n        <\/div><!-- \/.elementor-toggle-item -->\n                <div class=\"elementor-toggle-item\">\n          <h4 aria-controls=\"elementor-tab-content-2025\" class=\"elementor-tab-title\" data-tab=\"2\" id=\"elementor-tab-title-2025\" role=\"tab\">\n            <a href=\"\">2025<\/a>\n          <\/h4><!-- \/.elementor-tab-title -->\n          <div aria-labelledby=\"elementor-tab-title-2025\" class=\"elementor-tab-content elementor-clearfix elementor-active\" data-tab=\"2\" id=\"elementor-tab-content-2025\" role=\"tabpanel\" >\n            <div class=\"cpt-grid cpt-grid--exhibition\">\n                              \n<a href=\"https:\/\/www.museuolimpicbcn.cat\/es\/exposiciones\/club-centenario-ce-jupiter\/\" class=\"cpt-grid-item cpt-grid-item--exhibition\">\n  <div class=\"cpt-grid-item__inside\">\n        <div class=\"cpt-grid-item__pic\">\n      <img loading=\"lazy\" decoding=\"async\" width=\"401\" height=\"400\" src=\"https:\/\/www.museuolimpicbcn.cat\/wp-content\/uploads\/sites\/2\/2025\/10\/MOE_400x400_cejupiter-A.png\" class=\"attachment-full size-full\" alt=\"\" srcset=\"https:\/\/www.museuolimpicbcn.cat\/wp-content\/uploads\/sites\/2\/2025\/10\/MOE_400x400_cejupiter-A.png 401w, https:\/\/www.museuolimpicbcn.cat\/wp-content\/uploads\/sites\/2\/2025\/10\/MOE_400x400_cejupiter-A-300x300.png 300w, https:\/\/www.museuolimpicbcn.cat\/wp-content\/uploads\/sites\/2\/2025\/10\/MOE_400x400_cejupiter-A-150x150.png 150w, https:\/\/www.museuolimpicbcn.cat\/wp-content\/uploads\/sites\/2\/2025\/10\/MOE_400x400_cejupiter-A-100x100.png 100w\" sizes=\"(max-width: 401px) 100vw, 401px\" \/>    <\/div><!-- \/.cpt-grid-item__pic -->\n        <div class=\"cpt-grid-item__content\">\n            <h3>CLUB CENTENARIO: CE J\u00daPITER<\/h3>\n            <div class=\"cpt-grid-item__meta\">\n        <span class=\"startDate\">Del 25\/11\/2025<\/span>        <span class=\"endDate\"> al 07\/06\/2026<\/span>      <\/div><!-- \/.cpt-grid-item__meta -->\n          <\/div><!-- \/.cpt-grid-item__content -->\n  <\/div><!-- \/.cpt-grid-item__inside -->\n<\/a><!-- \/.cpt-grid-item -->\n                              \n<a href=\"https:\/\/www.museuolimpicbcn.cat\/es\/exposiciones\/valores-y-emociones-del-concurso-fotografico-del-coplefc\/\" class=\"cpt-grid-item cpt-grid-item--exhibition\">\n  <div class=\"cpt-grid-item__inside\">\n        <div class=\"cpt-grid-item__pic\">\n      <img loading=\"lazy\" decoding=\"async\" width=\"1200\" height=\"1201\" src=\"https:\/\/www.museuolimpicbcn.cat\/wp-content\/uploads\/sites\/2\/2025\/06\/valorsemocions_1200x1200_B.png\" class=\"attachment-full size-full\" alt=\"\" srcset=\"https:\/\/www.museuolimpicbcn.cat\/wp-content\/uploads\/sites\/2\/2025\/06\/valorsemocions_1200x1200_B.png 1200w, https:\/\/www.museuolimpicbcn.cat\/wp-content\/uploads\/sites\/2\/2025\/06\/valorsemocions_1200x1200_B-300x300.png 300w, https:\/\/www.museuolimpicbcn.cat\/wp-content\/uploads\/sites\/2\/2025\/06\/valorsemocions_1200x1200_B-1024x1024.png 1024w, https:\/\/www.museuolimpicbcn.cat\/wp-content\/uploads\/sites\/2\/2025\/06\/valorsemocions_1200x1200_B-150x150.png 150w, https:\/\/www.museuolimpicbcn.cat\/wp-content\/uploads\/sites\/2\/2025\/06\/valorsemocions_1200x1200_B-768x769.png 768w, https:\/\/www.museuolimpicbcn.cat\/wp-content\/uploads\/sites\/2\/2025\/06\/valorsemocions_1200x1200_B-600x601.png 600w, https:\/\/www.museuolimpicbcn.cat\/wp-content\/uploads\/sites\/2\/2025\/06\/valorsemocions_1200x1200_B-100x100.png 100w\" sizes=\"(max-width: 1200px) 100vw, 1200px\" \/>    <\/div><!-- \/.cpt-grid-item__pic -->\n        <div class=\"cpt-grid-item__content\">\n            <h3>&#8220;Valores y emociones&#8221; Concurso Fotogr\u00e1fico COPLEFC<\/h3>\n            <div class=\"cpt-grid-item__meta\">\n        <span class=\"startDate\">Del 02\/07\/2025<\/span>        <span class=\"endDate\"> al 25\/01\/2026<\/span>      <\/div><!-- \/.cpt-grid-item__meta -->\n          <\/div><!-- \/.cpt-grid-item__content -->\n  <\/div><!-- \/.cpt-grid-item__inside -->\n<\/a><!-- \/.cpt-grid-item -->\n                              \n<a href=\"https:\/\/www.museuolimpicbcn.cat\/es\/exposiciones\/xii-del-premio-internacional-de-arte-sobre-papel-fundacion-barcelona-olimpica\/\" class=\"cpt-grid-item cpt-grid-item--exhibition\">\n  <div class=\"cpt-grid-item__inside\">\n        <div class=\"cpt-grid-item__pic\">\n      <img loading=\"lazy\" decoding=\"async\" width=\"400\" height=\"400\" src=\"https:\/\/www.museuolimpicbcn.cat\/wp-content\/uploads\/sites\/2\/2025\/02\/ASP25_bannerwebMOE-A.png\" class=\"attachment-full size-full\" alt=\"\" srcset=\"https:\/\/www.museuolimpicbcn.cat\/wp-content\/uploads\/sites\/2\/2025\/02\/ASP25_bannerwebMOE-A.png 400w, https:\/\/www.museuolimpicbcn.cat\/wp-content\/uploads\/sites\/2\/2025\/02\/ASP25_bannerwebMOE-A-300x300.png 300w, https:\/\/www.museuolimpicbcn.cat\/wp-content\/uploads\/sites\/2\/2025\/02\/ASP25_bannerwebMOE-A-150x150.png 150w, https:\/\/www.museuolimpicbcn.cat\/wp-content\/uploads\/sites\/2\/2025\/02\/ASP25_bannerwebMOE-A-100x100.png 100w\" sizes=\"(max-width: 400px) 100vw, 400px\" \/>    <\/div><!-- \/.cpt-grid-item__pic -->\n        <div class=\"cpt-grid-item__content\">\n            <h3>XII Premio Internacional de Arte sobre papel Fundaci\u00f3n Barcelona Ol\u00edmpica<\/h3>\n            <div class=\"cpt-grid-item__meta\">\n        <span class=\"startDate\">Del 17\/03\/2025<\/span>        <span class=\"endDate\"> al 09\/11\/2025<\/span>      <\/div><!-- \/.cpt-grid-item__meta -->\n          <\/div><!-- \/.cpt-grid-item__content -->\n  <\/div><!-- \/.cpt-grid-item__inside -->\n<\/a><!-- \/.cpt-grid-item -->\n                                  <\/div><!-- .cpt-grid -->\n          <\/div><!-- \/.elementor-tab-content -->\n        <\/div><!-- \/.elementor-toggle-item -->\n                <div class=\"elementor-toggle-item\">\n          <h4 aria-controls=\"elementor-tab-content-2024\" class=\"elementor-tab-title\" data-tab=\"5\" id=\"elementor-tab-title-2024\" role=\"tab\">\n            <a href=\"\">2024<\/a>\n          <\/h4><!-- \/.elementor-tab-title -->\n          <div aria-labelledby=\"elementor-tab-title-2024\" class=\"elementor-tab-content elementor-clearfix elementor-active\" data-tab=\"5\" id=\"elementor-tab-content-2024\" role=\"tabpanel\" >\n            <div class=\"cpt-grid cpt-grid--exhibition\">\n                              \n<a href=\"https:\/\/www.museuolimpicbcn.cat\/es\/exposiciones\/francisco-godia\/\" class=\"cpt-grid-item cpt-grid-item--exhibition\">\n  <div class=\"cpt-grid-item__inside\">\n        <div class=\"cpt-grid-item__pic\">\n      <img loading=\"lazy\" decoding=\"async\" width=\"534\" height=\"534\" src=\"https:\/\/www.museuolimpicbcn.cat\/wp-content\/uploads\/sites\/2\/2024\/11\/MOE_400x400_A-expotemGODIA.png\" class=\"attachment-full size-full\" alt=\"\" srcset=\"https:\/\/www.museuolimpicbcn.cat\/wp-content\/uploads\/sites\/2\/2024\/11\/MOE_400x400_A-expotemGODIA.png 534w, https:\/\/www.museuolimpicbcn.cat\/wp-content\/uploads\/sites\/2\/2024\/11\/MOE_400x400_A-expotemGODIA-300x300.png 300w, https:\/\/www.museuolimpicbcn.cat\/wp-content\/uploads\/sites\/2\/2024\/11\/MOE_400x400_A-expotemGODIA-150x150.png 150w, https:\/\/www.museuolimpicbcn.cat\/wp-content\/uploads\/sites\/2\/2024\/11\/MOE_400x400_A-expotemGODIA-100x100.png 100w\" sizes=\"(max-width: 534px) 100vw, 534px\" \/>    <\/div><!-- \/.cpt-grid-item__pic -->\n        <div class=\"cpt-grid-item__content\">\n            <h3>Francisco Godia Sales, un gentleman driver<\/h3>\n            <div class=\"cpt-grid-item__meta\">\n        <span class=\"startDate\">Del 13\/11\/2024<\/span>        <span class=\"endDate\"> al 01\/07\/2025<\/span>      <\/div><!-- \/.cpt-grid-item__meta -->\n          <\/div><!-- \/.cpt-grid-item__content -->\n  <\/div><!-- \/.cpt-grid-item__inside -->\n<\/a><!-- \/.cpt-grid-item -->\n                              \n<a href=\"https:\/\/www.museuolimpicbcn.cat\/es\/exposiciones\/paris-2024-games-wide-open\/\" class=\"cpt-grid-item cpt-grid-item--exhibition\">\n  <div class=\"cpt-grid-item__inside\">\n        <div class=\"cpt-grid-item__pic\">\n      <img loading=\"lazy\" decoding=\"async\" width=\"834\" height=\"834\" src=\"https:\/\/www.museuolimpicbcn.cat\/wp-content\/uploads\/sites\/2\/2024\/04\/webMOE-paris2024-v2_MOE_400x400_PARIS2024_A.png\" class=\"attachment-full size-full\" alt=\"\" srcset=\"https:\/\/www.museuolimpicbcn.cat\/wp-content\/uploads\/sites\/2\/2024\/04\/webMOE-paris2024-v2_MOE_400x400_PARIS2024_A.png 834w, https:\/\/www.museuolimpicbcn.cat\/wp-content\/uploads\/sites\/2\/2024\/04\/webMOE-paris2024-v2_MOE_400x400_PARIS2024_A-300x300.png 300w, https:\/\/www.museuolimpicbcn.cat\/wp-content\/uploads\/sites\/2\/2024\/04\/webMOE-paris2024-v2_MOE_400x400_PARIS2024_A-150x150.png 150w, https:\/\/www.museuolimpicbcn.cat\/wp-content\/uploads\/sites\/2\/2024\/04\/webMOE-paris2024-v2_MOE_400x400_PARIS2024_A-768x768.png 768w, https:\/\/www.museuolimpicbcn.cat\/wp-content\/uploads\/sites\/2\/2024\/04\/webMOE-paris2024-v2_MOE_400x400_PARIS2024_A-600x600.png 600w, https:\/\/www.museuolimpicbcn.cat\/wp-content\/uploads\/sites\/2\/2024\/04\/webMOE-paris2024-v2_MOE_400x400_PARIS2024_A-100x100.png 100w\" sizes=\"(max-width: 834px) 100vw, 834px\" \/>    <\/div><!-- \/.cpt-grid-item__pic -->\n        <div class=\"cpt-grid-item__content\">\n            <h3>Par\u00eds 2024. Games Wide Open<\/h3>\n            <div class=\"cpt-grid-item__meta\">\n        <span class=\"startDate\">Del 14\/05\/2024<\/span>        <span class=\"endDate\"> al 09\/03\/2025<\/span>      <\/div><!-- \/.cpt-grid-item__meta -->\n          <\/div><!-- \/.cpt-grid-item__content -->\n  <\/div><!-- \/.cpt-grid-item__inside -->\n<\/a><!-- \/.cpt-grid-item -->\n                                  <\/div><!-- .cpt-grid -->\n          <\/div><!-- \/.elementor-tab-content -->\n        <\/div><!-- \/.elementor-toggle-item -->\n                <div class=\"elementor-toggle-item\">\n          <h4 aria-controls=\"elementor-tab-content-2023\" class=\"elementor-tab-title\" data-tab=\"7\" id=\"elementor-tab-title-2023\" role=\"tab\">\n            <a href=\"\">2023<\/a>\n          <\/h4><!-- \/.elementor-tab-title -->\n          <div aria-labelledby=\"elementor-tab-title-2023\" class=\"elementor-tab-content elementor-clearfix elementor-active\" data-tab=\"7\" id=\"elementor-tab-content-2023\" role=\"tabpanel\" >\n            <div class=\"cpt-grid cpt-grid--exhibition\">\n                              \n<a href=\"https:\/\/www.museuolimpicbcn.cat\/es\/exposiciones\/club-centenario-u-at-dhorta\/\" class=\"cpt-grid-item cpt-grid-item--exhibition\">\n  <div class=\"cpt-grid-item__inside\">\n        <div class=\"cpt-grid-item__pic\">\n      <img loading=\"lazy\" decoding=\"async\" width=\"401\" height=\"400\" src=\"https:\/\/www.museuolimpicbcn.cat\/wp-content\/uploads\/sites\/2\/2023\/06\/MOE_400x400_A.png\" class=\"attachment-full size-full\" alt=\"\" srcset=\"https:\/\/www.museuolimpicbcn.cat\/wp-content\/uploads\/sites\/2\/2023\/06\/MOE_400x400_A.png 401w, https:\/\/www.museuolimpicbcn.cat\/wp-content\/uploads\/sites\/2\/2023\/06\/MOE_400x400_A-300x300.png 300w, https:\/\/www.museuolimpicbcn.cat\/wp-content\/uploads\/sites\/2\/2023\/06\/MOE_400x400_A-150x150.png 150w, https:\/\/www.museuolimpicbcn.cat\/wp-content\/uploads\/sites\/2\/2023\/06\/MOE_400x400_A-100x100.png 100w\" sizes=\"(max-width: 401px) 100vw, 401px\" \/>    <\/div><!-- \/.cpt-grid-item__pic -->\n        <div class=\"cpt-grid-item__content\">\n            <h3>Club Centenario: U.AT. D\u2019HORTA<\/h3>\n            <div class=\"cpt-grid-item__meta\">\n        <span class=\"startDate\">Del 11\/07\/2023<\/span>        <span class=\"endDate\"> al 22\/04\/2024<\/span>      <\/div><!-- \/.cpt-grid-item__meta -->\n          <\/div><!-- \/.cpt-grid-item__content -->\n  <\/div><!-- \/.cpt-grid-item__inside -->\n<\/a><!-- \/.cpt-grid-item -->\n                              \n<a href=\"https:\/\/www.museuolimpicbcn.cat\/es\/exposiciones\/fotosport-2014-%c2%b7-xxvii-bienal-internacional-de-fotografia-del-deporte\/\" class=\"cpt-grid-item cpt-grid-item--exhibition\">\n  <div class=\"cpt-grid-item__inside\">\n        <div class=\"cpt-grid-item__pic\">\n      <img loading=\"lazy\" decoding=\"async\" width=\"400\" height=\"400\" src=\"https:\/\/www.museuolimpicbcn.cat\/wp-content\/uploads\/sites\/2\/2023\/06\/espai-2_webMOE-fotosport2023_MOE_400x400_A.png\" class=\"attachment-full size-full\" alt=\"\" srcset=\"https:\/\/www.museuolimpicbcn.cat\/wp-content\/uploads\/sites\/2\/2023\/06\/espai-2_webMOE-fotosport2023_MOE_400x400_A.png 400w, https:\/\/www.museuolimpicbcn.cat\/wp-content\/uploads\/sites\/2\/2023\/06\/espai-2_webMOE-fotosport2023_MOE_400x400_A-300x300.png 300w, https:\/\/www.museuolimpicbcn.cat\/wp-content\/uploads\/sites\/2\/2023\/06\/espai-2_webMOE-fotosport2023_MOE_400x400_A-150x150.png 150w, https:\/\/www.museuolimpicbcn.cat\/wp-content\/uploads\/sites\/2\/2023\/06\/espai-2_webMOE-fotosport2023_MOE_400x400_A-100x100.png 100w\" sizes=\"(max-width: 400px) 100vw, 400px\" \/>    <\/div><!-- \/.cpt-grid-item__pic -->\n        <div class=\"cpt-grid-item__content\">\n            <h3>FOTOSPORT 2022 \u00b7 XXVII Bienal Internacional de Fotograf\u00eda del Deporte<\/h3>\n            <div class=\"cpt-grid-item__meta\">\n        <span class=\"startDate\">Del 07\/06\/2023<\/span>        <span class=\"endDate\"> al 06\/06\/2025<\/span>      <\/div><!-- \/.cpt-grid-item__meta -->\n          <\/div><!-- \/.cpt-grid-item__content -->\n  <\/div><!-- \/.cpt-grid-item__inside -->\n<\/a><!-- \/.cpt-grid-item -->\n                              \n<a href=\"https:\/\/www.museuolimpicbcn.cat\/es\/exposiciones\/juntos-por-un-futuro-compartido\/\" class=\"cpt-grid-item cpt-grid-item--exhibition\">\n  <div class=\"cpt-grid-item__inside\">\n        <div class=\"cpt-grid-item__pic\">\n      <img loading=\"lazy\" decoding=\"async\" width=\"400\" height=\"400\" src=\"https:\/\/www.museuolimpicbcn.cat\/wp-content\/uploads\/sites\/2\/2023\/06\/espai-2_webMOE-juntsperbeijing22_MOE_400x400_A.png\" class=\"attachment-full size-full\" alt=\"\" srcset=\"https:\/\/www.museuolimpicbcn.cat\/wp-content\/uploads\/sites\/2\/2023\/06\/espai-2_webMOE-juntsperbeijing22_MOE_400x400_A.png 400w, https:\/\/www.museuolimpicbcn.cat\/wp-content\/uploads\/sites\/2\/2023\/06\/espai-2_webMOE-juntsperbeijing22_MOE_400x400_A-300x300.png 300w, https:\/\/www.museuolimpicbcn.cat\/wp-content\/uploads\/sites\/2\/2023\/06\/espai-2_webMOE-juntsperbeijing22_MOE_400x400_A-150x150.png 150w, https:\/\/www.museuolimpicbcn.cat\/wp-content\/uploads\/sites\/2\/2023\/06\/espai-2_webMOE-juntsperbeijing22_MOE_400x400_A-100x100.png 100w\" sizes=\"(max-width: 400px) 100vw, 400px\" \/>    <\/div><!-- \/.cpt-grid-item__pic -->\n        <div class=\"cpt-grid-item__content\">\n            <h3>Juntos por un futuro compartido<\/h3>\n            <div class=\"cpt-grid-item__meta\">\n        <span class=\"startDate\">Del 06\/06\/2023<\/span>        <span class=\"endDate\"> al 28\/01\/2024<\/span>      <\/div><!-- \/.cpt-grid-item__meta -->\n          <\/div><!-- \/.cpt-grid-item__content -->\n  <\/div><!-- \/.cpt-grid-item__inside -->\n<\/a><!-- \/.cpt-grid-item -->\n                              \n<a href=\"https:\/\/www.museuolimpicbcn.cat\/es\/exposiciones\/x-del-premio-internacional-de-arte-sobre-papel-fundacion-barcelona-olimpica\/\" class=\"cpt-grid-item cpt-grid-item--exhibition\">\n  <div class=\"cpt-grid-item__inside\">\n        <div class=\"cpt-grid-item__pic\">\n      <img loading=\"lazy\" decoding=\"async\" width=\"401\" height=\"401\" src=\"https:\/\/www.museuolimpicbcn.cat\/wp-content\/uploads\/sites\/2\/2023\/01\/ASP23_bannerwebMOE-A.png\" class=\"attachment-full size-full\" alt=\"\" srcset=\"https:\/\/www.museuolimpicbcn.cat\/wp-content\/uploads\/sites\/2\/2023\/01\/ASP23_bannerwebMOE-A.png 401w, https:\/\/www.museuolimpicbcn.cat\/wp-content\/uploads\/sites\/2\/2023\/01\/ASP23_bannerwebMOE-A-300x300.png 300w, https:\/\/www.museuolimpicbcn.cat\/wp-content\/uploads\/sites\/2\/2023\/01\/ASP23_bannerwebMOE-A-150x150.png 150w, https:\/\/www.museuolimpicbcn.cat\/wp-content\/uploads\/sites\/2\/2023\/01\/ASP23_bannerwebMOE-A-100x100.png 100w\" sizes=\"(max-width: 401px) 100vw, 401px\" \/>    <\/div><!-- \/.cpt-grid-item__pic -->\n        <div class=\"cpt-grid-item__content\">\n            <h3>XI del Premio Internacional de Arte sobre papel Fundaci\u00f3n Barcelona Ol\u00edmpica<\/h3>\n            <div class=\"cpt-grid-item__meta\">\n        <span class=\"startDate\">Del 23\/01\/2023<\/span>        <span class=\"endDate\"> al 02\/07\/2023<\/span>      <\/div><!-- \/.cpt-grid-item__meta -->\n          <\/div><!-- \/.cpt-grid-item__content -->\n  <\/div><!-- \/.cpt-grid-item__inside -->\n<\/a><!-- \/.cpt-grid-item -->\n                                  <\/div><!-- .cpt-grid -->\n          <\/div><!-- \/.elementor-tab-content -->\n        <\/div><!-- \/.elementor-toggle-item -->\n                <div class=\"elementor-toggle-item\">\n          <h4 aria-controls=\"elementor-tab-content-2022\" class=\"elementor-tab-title\" data-tab=\"11\" id=\"elementor-tab-title-2022\" role=\"tab\">\n            <a href=\"\">2022<\/a>\n          <\/h4><!-- \/.elementor-tab-title -->\n          <div aria-labelledby=\"elementor-tab-title-2022\" class=\"elementor-tab-content elementor-clearfix elementor-active\" data-tab=\"11\" id=\"elementor-tab-content-2022\" role=\"tabpanel\" >\n            <div class=\"cpt-grid cpt-grid--exhibition\">\n                              \n<a href=\"https:\/\/www.museuolimpicbcn.cat\/es\/exposiciones\/buscando-el-instante-decisivo\/\" class=\"cpt-grid-item cpt-grid-item--exhibition\">\n  <div class=\"cpt-grid-item__inside\">\n        <div class=\"cpt-grid-item__pic\">\n      <img loading=\"lazy\" decoding=\"async\" width=\"401\" height=\"400\" src=\"https:\/\/www.museuolimpicbcn.cat\/wp-content\/uploads\/sites\/2\/2022\/10\/MOE_400x400_A.png\" class=\"attachment-full size-full\" alt=\"\" srcset=\"https:\/\/www.museuolimpicbcn.cat\/wp-content\/uploads\/sites\/2\/2022\/10\/MOE_400x400_A.png 401w, https:\/\/www.museuolimpicbcn.cat\/wp-content\/uploads\/sites\/2\/2022\/10\/MOE_400x400_A-300x300.png 300w, https:\/\/www.museuolimpicbcn.cat\/wp-content\/uploads\/sites\/2\/2022\/10\/MOE_400x400_A-150x150.png 150w, https:\/\/www.museuolimpicbcn.cat\/wp-content\/uploads\/sites\/2\/2022\/10\/MOE_400x400_A-100x100.png 100w\" sizes=\"(max-width: 401px) 100vw, 401px\" \/>    <\/div><!-- \/.cpt-grid-item__pic -->\n        <div class=\"cpt-grid-item__content\">\n              <span class=\"label label--travelling\">\n          <span>Exposici\u00f3n itinerante<\/span>\n          <span>-2 Museu ol\u00edmpic i de l'Esport JA Samaranch<\/span>        <\/span>\n            <h3>Buscando el instante decisivo<\/h3>\n            <div class=\"cpt-grid-item__meta\">\n        <span class=\"startDate\">Del 01\/11\/2022<\/span>        <span class=\"endDate\"> al 02\/06\/2023<\/span>      <\/div><!-- \/.cpt-grid-item__meta -->\n          <\/div><!-- \/.cpt-grid-item__content -->\n  <\/div><!-- \/.cpt-grid-item__inside -->\n<\/a><!-- \/.cpt-grid-item -->\n                              \n<a href=\"https:\/\/www.museuolimpicbcn.cat\/es\/exposiciones\/olimpiada-cultural-un-estallido-artistico-para-barcelona\/\" class=\"cpt-grid-item cpt-grid-item--exhibition\">\n  <div class=\"cpt-grid-item__inside\">\n        <div class=\"cpt-grid-item__pic\">\n      <img loading=\"lazy\" decoding=\"async\" width=\"401\" height=\"400\" src=\"https:\/\/www.museuolimpicbcn.cat\/wp-content\/uploads\/sites\/2\/2022\/06\/OCSA_MOE_400x400_A.png\" class=\"attachment-full size-full\" alt=\"\" srcset=\"https:\/\/www.museuolimpicbcn.cat\/wp-content\/uploads\/sites\/2\/2022\/06\/OCSA_MOE_400x400_A.png 401w, https:\/\/www.museuolimpicbcn.cat\/wp-content\/uploads\/sites\/2\/2022\/06\/OCSA_MOE_400x400_A-300x300.png 300w, https:\/\/www.museuolimpicbcn.cat\/wp-content\/uploads\/sites\/2\/2022\/06\/OCSA_MOE_400x400_A-150x150.png 150w, https:\/\/www.museuolimpicbcn.cat\/wp-content\/uploads\/sites\/2\/2022\/06\/OCSA_MOE_400x400_A-100x100.png 100w\" sizes=\"(max-width: 401px) 100vw, 401px\" \/>    <\/div><!-- \/.cpt-grid-item__pic -->\n        <div class=\"cpt-grid-item__content\">\n            <h3>Olimpiada Cultural. Un estallido art\u00edstico para Barcelona.<\/h3>\n            <div class=\"cpt-grid-item__meta\">\n        <span class=\"startDate\">Del 12\/07\/2022<\/span>        <span class=\"endDate\"> al 15\/01\/2023<\/span>      <\/div><!-- \/.cpt-grid-item__meta -->\n          <\/div><!-- \/.cpt-grid-item__content -->\n  <\/div><!-- \/.cpt-grid-item__inside -->\n<\/a><!-- \/.cpt-grid-item -->\n                              \n<a href=\"https:\/\/www.museuolimpicbcn.cat\/es\/exposiciones\/beijing-2022-juntos-por-un-futuro-compartido\/\" class=\"cpt-grid-item cpt-grid-item--exhibition\">\n  <div class=\"cpt-grid-item__inside\">\n        <div class=\"cpt-grid-item__pic\">\n      <img loading=\"lazy\" decoding=\"async\" width=\"401\" height=\"400\" src=\"https:\/\/www.museuolimpicbcn.cat\/wp-content\/uploads\/sites\/2\/2021\/11\/PEK22_MOE_400x400_A.png\" class=\"attachment-full size-full\" alt=\"\" srcset=\"https:\/\/www.museuolimpicbcn.cat\/wp-content\/uploads\/sites\/2\/2021\/11\/PEK22_MOE_400x400_A.png 401w, https:\/\/www.museuolimpicbcn.cat\/wp-content\/uploads\/sites\/2\/2021\/11\/PEK22_MOE_400x400_A-300x300.png 300w, https:\/\/www.museuolimpicbcn.cat\/wp-content\/uploads\/sites\/2\/2021\/11\/PEK22_MOE_400x400_A-150x150.png 150w, https:\/\/www.museuolimpicbcn.cat\/wp-content\/uploads\/sites\/2\/2021\/11\/PEK22_MOE_400x400_A-100x100.png 100w\" sizes=\"(max-width: 401px) 100vw, 401px\" \/>    <\/div><!-- \/.cpt-grid-item__pic -->\n        <div class=\"cpt-grid-item__content\">\n            <h3>Beijing 2022. Juntos por un futuro compartido<\/h3>\n            <div class=\"cpt-grid-item__meta\">\n        <span class=\"startDate\">Del 25\/01\/2022<\/span>        <span class=\"endDate\"> al 10\/07\/2022<\/span>      <\/div><!-- \/.cpt-grid-item__meta -->\n          <\/div><!-- \/.cpt-grid-item__content -->\n  <\/div><!-- \/.cpt-grid-item__inside -->\n<\/a><!-- \/.cpt-grid-item -->\n                                  <\/div><!-- .cpt-grid -->\n          <\/div><!-- \/.elementor-tab-content -->\n        <\/div><!-- \/.elementor-toggle-item -->\n                <div class=\"elementor-toggle-item\">\n          <h4 aria-controls=\"elementor-tab-content-2021\" class=\"elementor-tab-title\" data-tab=\"14\" id=\"elementor-tab-title-2021\" role=\"tab\">\n            <a href=\"\">2021<\/a>\n          <\/h4><!-- \/.elementor-tab-title -->\n          <div aria-labelledby=\"elementor-tab-title-2021\" class=\"elementor-tab-content elementor-clearfix elementor-active\" data-tab=\"14\" id=\"elementor-tab-content-2021\" role=\"tabpanel\" >\n            <div class=\"cpt-grid cpt-grid--exhibition\">\n                              \n<a href=\"https:\/\/www.museuolimpicbcn.cat\/es\/exposiciones\/el-deporte-en-imagenes-la-historia-de-los-deportes-de-nieve-en-espana\/\" class=\"cpt-grid-item cpt-grid-item--exhibition\">\n  <div class=\"cpt-grid-item__inside\">\n        <div class=\"cpt-grid-item__pic\">\n      <img loading=\"lazy\" decoding=\"async\" width=\"2560\" height=\"1635\" src=\"https:\/\/www.museuolimpicbcn.cat\/wp-content\/uploads\/sites\/2\/2021\/11\/HISTORIA-NIEVE-ESP-Musue-Oli\u0301mpic_26-scaled.jpg\" class=\"attachment-full size-full\" alt=\"\" srcset=\"https:\/\/www.museuolimpicbcn.cat\/wp-content\/uploads\/sites\/2\/2021\/11\/HISTORIA-NIEVE-ESP-Musue-Oli\u0301mpic_26-scaled.jpg 2560w, https:\/\/www.museuolimpicbcn.cat\/wp-content\/uploads\/sites\/2\/2021\/11\/HISTORIA-NIEVE-ESP-Musue-Oli\u0301mpic_26-300x192.jpg 300w, https:\/\/www.museuolimpicbcn.cat\/wp-content\/uploads\/sites\/2\/2021\/11\/HISTORIA-NIEVE-ESP-Musue-Oli\u0301mpic_26-1024x654.jpg 1024w, https:\/\/www.museuolimpicbcn.cat\/wp-content\/uploads\/sites\/2\/2021\/11\/HISTORIA-NIEVE-ESP-Musue-Oli\u0301mpic_26-768x490.jpg 768w, https:\/\/www.museuolimpicbcn.cat\/wp-content\/uploads\/sites\/2\/2021\/11\/HISTORIA-NIEVE-ESP-Musue-Oli\u0301mpic_26-1536x981.jpg 1536w, https:\/\/www.museuolimpicbcn.cat\/wp-content\/uploads\/sites\/2\/2021\/11\/HISTORIA-NIEVE-ESP-Musue-Oli\u0301mpic_26-2048x1308.jpg 2048w, https:\/\/www.museuolimpicbcn.cat\/wp-content\/uploads\/sites\/2\/2021\/11\/HISTORIA-NIEVE-ESP-Musue-Oli\u0301mpic_26-1320x843.jpg 1320w, https:\/\/www.museuolimpicbcn.cat\/wp-content\/uploads\/sites\/2\/2021\/11\/HISTORIA-NIEVE-ESP-Musue-Oli\u0301mpic_26-600x383.jpg 600w\" sizes=\"(max-width: 2560px) 100vw, 2560px\" \/>    <\/div><!-- \/.cpt-grid-item__pic -->\n        <div class=\"cpt-grid-item__content\">\n            <h3>El deporte en im\u00e1genes:  &#8220;La historia de los deportes de nieve en Espa\u00f1a\u201d<\/h3>\n            <div class=\"cpt-grid-item__meta\">\n        <span class=\"startDate\">Del 09\/11\/2021<\/span>        <span class=\"endDate\"> al 30\/12\/2022<\/span>      <\/div><!-- \/.cpt-grid-item__meta -->\n          <\/div><!-- \/.cpt-grid-item__content -->\n  <\/div><!-- \/.cpt-grid-item__inside -->\n<\/a><!-- \/.cpt-grid-item -->\n                              \n<a href=\"https:\/\/www.museuolimpicbcn.cat\/es\/exposiciones\/tokio-2020-el-deporte-como-herramienta-para-cambiar-el-mundo\/\" class=\"cpt-grid-item cpt-grid-item--exhibition\">\n  <div class=\"cpt-grid-item__inside\">\n        <div class=\"cpt-grid-item__pic\">\n      <img loading=\"lazy\" decoding=\"async\" width=\"401\" height=\"400\" src=\"https:\/\/www.museuolimpicbcn.cat\/wp-content\/uploads\/sites\/2\/2021\/04\/TOKYO2020_moeweb_400x400.png\" class=\"attachment-full size-full\" alt=\"\" srcset=\"https:\/\/www.museuolimpicbcn.cat\/wp-content\/uploads\/sites\/2\/2021\/04\/TOKYO2020_moeweb_400x400.png 401w, https:\/\/www.museuolimpicbcn.cat\/wp-content\/uploads\/sites\/2\/2021\/04\/TOKYO2020_moeweb_400x400-300x300.png 300w, https:\/\/www.museuolimpicbcn.cat\/wp-content\/uploads\/sites\/2\/2021\/04\/TOKYO2020_moeweb_400x400-150x150.png 150w, https:\/\/www.museuolimpicbcn.cat\/wp-content\/uploads\/sites\/2\/2021\/04\/TOKYO2020_moeweb_400x400-100x100.png 100w\" sizes=\"(max-width: 401px) 100vw, 401px\" \/>    <\/div><!-- \/.cpt-grid-item__pic -->\n        <div class=\"cpt-grid-item__content\">\n            <h3>TOKIO 2020. El deporte como herramienta para cambiar el mundo<\/h3>\n            <div class=\"cpt-grid-item__meta\">\n        <span class=\"startDate\">Del 01\/06\/2021<\/span>        <span class=\"endDate\"> al 16\/01\/2022<\/span>      <\/div><!-- \/.cpt-grid-item__meta -->\n          <\/div><!-- \/.cpt-grid-item__content -->\n  <\/div><!-- \/.cpt-grid-item__inside -->\n<\/a><!-- \/.cpt-grid-item -->\n                              \n<a href=\"https:\/\/www.museuolimpicbcn.cat\/es\/exposiciones\/arte-sobre-papel-premio-internacional-fbo\/\" class=\"cpt-grid-item cpt-grid-item--exhibition\">\n  <div class=\"cpt-grid-item__inside\">\n        <div class=\"cpt-grid-item__pic\">\n      <img loading=\"lazy\" decoding=\"async\" width=\"400\" height=\"400\" src=\"https:\/\/www.museuolimpicbcn.cat\/wp-content\/uploads\/sites\/2\/2021\/01\/ASP21_bannerwebMOE-A.png\" class=\"attachment-full size-full\" alt=\"\" srcset=\"https:\/\/www.museuolimpicbcn.cat\/wp-content\/uploads\/sites\/2\/2021\/01\/ASP21_bannerwebMOE-A.png 400w, https:\/\/www.museuolimpicbcn.cat\/wp-content\/uploads\/sites\/2\/2021\/01\/ASP21_bannerwebMOE-A-150x150.png 150w, https:\/\/www.museuolimpicbcn.cat\/wp-content\/uploads\/sites\/2\/2021\/01\/ASP21_bannerwebMOE-A-300x300.png 300w, https:\/\/www.museuolimpicbcn.cat\/wp-content\/uploads\/sites\/2\/2021\/01\/ASP21_bannerwebMOE-A-100x100.png 100w\" sizes=\"(max-width: 400px) 100vw, 400px\" \/>    <\/div><!-- \/.cpt-grid-item__pic -->\n        <div class=\"cpt-grid-item__content\">\n            <h3>Arte sobre papel. Premio internacional FBO<\/h3>\n            <div class=\"cpt-grid-item__meta\">\n        <span class=\"startDate\">Del 02\/02\/2021<\/span>        <span class=\"endDate\"> al 30\/05\/2021<\/span>      <\/div><!-- \/.cpt-grid-item__meta -->\n          <\/div><!-- \/.cpt-grid-item__content -->\n  <\/div><!-- \/.cpt-grid-item__inside -->\n<\/a><!-- \/.cpt-grid-item -->\n                              \n<a href=\"https:\/\/www.museuolimpicbcn.cat\/es\/exposiciones\/olimpiada-en-el-corazon-del-juvenil\/\" class=\"cpt-grid-item cpt-grid-item--exhibition\">\n  <div class=\"cpt-grid-item__inside\">\n        <div class=\"cpt-grid-item__pic\">\n      <img loading=\"lazy\" decoding=\"async\" width=\"1070\" height=\"626\" src=\"https:\/\/www.museuolimpicbcn.cat\/wp-content\/uploads\/sites\/2\/2021\/01\/CREATIVIDAD-1.png\" class=\"attachment-full size-full\" alt=\"\" srcset=\"https:\/\/www.museuolimpicbcn.cat\/wp-content\/uploads\/sites\/2\/2021\/01\/CREATIVIDAD-1.png 1070w, https:\/\/www.museuolimpicbcn.cat\/wp-content\/uploads\/sites\/2\/2021\/01\/CREATIVIDAD-1-300x176.png 300w, https:\/\/www.museuolimpicbcn.cat\/wp-content\/uploads\/sites\/2\/2021\/01\/CREATIVIDAD-1-768x449.png 768w, https:\/\/www.museuolimpicbcn.cat\/wp-content\/uploads\/sites\/2\/2021\/01\/CREATIVIDAD-1-1024x599.png 1024w, https:\/\/www.museuolimpicbcn.cat\/wp-content\/uploads\/sites\/2\/2021\/01\/CREATIVIDAD-1-600x351.png 600w\" sizes=\"(max-width: 1070px) 100vw, 1070px\" \/>    <\/div><!-- \/.cpt-grid-item__pic -->\n        <div class=\"cpt-grid-item__content\">\n            <h3>Olimpiada en el Coraz\u00f3n del Juvenil<\/h3>\n            <div class=\"cpt-grid-item__meta\">\n        <span class=\"startDate\">Del 01\/02\/2021<\/span>        <span class=\"endDate\"> al 30\/05\/2021<\/span>      <\/div><!-- \/.cpt-grid-item__meta -->\n          <\/div><!-- \/.cpt-grid-item__content -->\n  <\/div><!-- \/.cpt-grid-item__inside -->\n<\/a><!-- \/.cpt-grid-item -->\n                                  <\/div><!-- .cpt-grid -->\n          <\/div><!-- \/.elementor-tab-content -->\n        <\/div><!-- \/.elementor-toggle-item -->\n                <div class=\"elementor-toggle-item\">\n          <h4 aria-controls=\"elementor-tab-content-2020\" class=\"elementor-tab-title\" data-tab=\"18\" id=\"elementor-tab-title-2020\" role=\"tab\">\n            <a href=\"\">2020<\/a>\n          <\/h4><!-- \/.elementor-tab-title -->\n          <div aria-labelledby=\"elementor-tab-title-2020\" class=\"elementor-tab-content elementor-clearfix elementor-active\" data-tab=\"18\" id=\"elementor-tab-content-2020\" role=\"tabpanel\" >\n            <div class=\"cpt-grid cpt-grid--exhibition\">\n                              \n<a href=\"https:\/\/www.museuolimpicbcn.cat\/es\/exposiciones\/junior_fc\/\" class=\"cpt-grid-item cpt-grid-item--exhibition\">\n  <div class=\"cpt-grid-item__inside\">\n        <div class=\"cpt-grid-item__pic\">\n      <img loading=\"lazy\" decoding=\"async\" width=\"401\" height=\"400\" src=\"https:\/\/www.museuolimpicbcn.cat\/wp-content\/uploads\/sites\/2\/2020\/05\/expoJFC-400x400.jpg\" class=\"attachment-full size-full\" alt=\"\" srcset=\"https:\/\/www.museuolimpicbcn.cat\/wp-content\/uploads\/sites\/2\/2020\/05\/expoJFC-400x400.jpg 401w, https:\/\/www.museuolimpicbcn.cat\/wp-content\/uploads\/sites\/2\/2020\/05\/expoJFC-400x400-150x150.jpg 150w, https:\/\/www.museuolimpicbcn.cat\/wp-content\/uploads\/sites\/2\/2020\/05\/expoJFC-400x400-300x300.jpg 300w, https:\/\/www.museuolimpicbcn.cat\/wp-content\/uploads\/sites\/2\/2020\/05\/expoJFC-400x400-100x100.jpg 100w\" sizes=\"(max-width: 401px) 100vw, 401px\" \/>    <\/div><!-- \/.cpt-grid-item__pic -->\n        <div class=\"cpt-grid-item__content\">\n            <h3>EL CLUB: JUNIOR FC<\/h3>\n            <div class=\"cpt-grid-item__meta\">\n        <span class=\"startDate\">Del 09\/06\/2020<\/span>        <span class=\"endDate\"> al 24\/01\/2021<\/span>      <\/div><!-- \/.cpt-grid-item__meta -->\n          <\/div><!-- \/.cpt-grid-item__content -->\n  <\/div><!-- \/.cpt-grid-item__inside -->\n<\/a><!-- \/.cpt-grid-item -->\n                                  <\/div><!-- .cpt-grid -->\n          <\/div><!-- \/.elementor-tab-content -->\n        <\/div><!-- \/.elementor-toggle-item -->\n                <div class=\"elementor-toggle-item\">\n          <h4 aria-controls=\"elementor-tab-content-2019\" class=\"elementor-tab-title\" data-tab=\"19\" id=\"elementor-tab-title-2019\" role=\"tab\">\n            <a href=\"\">2019<\/a>\n          <\/h4><!-- \/.elementor-tab-title -->\n          <div aria-labelledby=\"elementor-tab-title-2019\" class=\"elementor-tab-content elementor-clearfix elementor-active\" data-tab=\"19\" id=\"elementor-tab-content-2019\" role=\"tabpanel\" >\n            <div class=\"cpt-grid cpt-grid--exhibition\">\n                              \n<a href=\"https:\/\/www.museuolimpicbcn.cat\/es\/exposiciones\/olimpicos\/\" class=\"cpt-grid-item cpt-grid-item--exhibition\">\n  <div class=\"cpt-grid-item__inside\">\n        <div class=\"cpt-grid-item__pic\">\n      <img loading=\"lazy\" decoding=\"async\" width=\"400\" height=\"400\" src=\"https:\/\/www.museuolimpicbcn.cat\/wp-content\/uploads\/sites\/2\/2019\/12\/expo_olimpics-webMOE-04.png\" class=\"attachment-full size-full\" alt=\"\" srcset=\"https:\/\/www.museuolimpicbcn.cat\/wp-content\/uploads\/sites\/2\/2019\/12\/expo_olimpics-webMOE-04.png 400w, https:\/\/www.museuolimpicbcn.cat\/wp-content\/uploads\/sites\/2\/2019\/12\/expo_olimpics-webMOE-04-150x150.png 150w, https:\/\/www.museuolimpicbcn.cat\/wp-content\/uploads\/sites\/2\/2019\/12\/expo_olimpics-webMOE-04-300x300.png 300w, https:\/\/www.museuolimpicbcn.cat\/wp-content\/uploads\/sites\/2\/2019\/12\/expo_olimpics-webMOE-04-100x100.png 100w\" sizes=\"(max-width: 400px) 100vw, 400px\" \/>    <\/div><!-- \/.cpt-grid-item__pic -->\n        <div class=\"cpt-grid-item__content\">\n            <h3>Ol\u00edmpicos<\/h3>\n            <div class=\"cpt-grid-item__meta\">\n        <span class=\"startDate\">Del 17\/12\/2019<\/span>        <span class=\"endDate\"> al 07\/06\/2020<\/span>      <\/div><!-- \/.cpt-grid-item__meta -->\n          <\/div><!-- \/.cpt-grid-item__content -->\n  <\/div><!-- \/.cpt-grid-item__inside -->\n<\/a><!-- \/.cpt-grid-item -->\n                              \n<a href=\"https:\/\/www.museuolimpicbcn.cat\/es\/exposiciones\/tu-y-yo-somos-amigas-dialogos-entre-dos-ciudades-olimpicas\/\" class=\"cpt-grid-item cpt-grid-item--exhibition\">\n  <div class=\"cpt-grid-item__inside\">\n        <div class=\"cpt-grid-item__pic\">\n      <img loading=\"lazy\" decoding=\"async\" width=\"1190\" height=\"421\" src=\"https:\/\/www.museuolimpicbcn.cat\/wp-content\/uploads\/sites\/2\/2019\/10\/Web-MOE1190x420px.jpg\" class=\"attachment-full size-full\" alt=\"\" srcset=\"https:\/\/www.museuolimpicbcn.cat\/wp-content\/uploads\/sites\/2\/2019\/10\/Web-MOE1190x420px.jpg 1190w, https:\/\/www.museuolimpicbcn.cat\/wp-content\/uploads\/sites\/2\/2019\/10\/Web-MOE1190x420px-300x106.jpg 300w, https:\/\/www.museuolimpicbcn.cat\/wp-content\/uploads\/sites\/2\/2019\/10\/Web-MOE1190x420px-768x272.jpg 768w, https:\/\/www.museuolimpicbcn.cat\/wp-content\/uploads\/sites\/2\/2019\/10\/Web-MOE1190x420px-1024x362.jpg 1024w, https:\/\/www.museuolimpicbcn.cat\/wp-content\/uploads\/sites\/2\/2019\/10\/Web-MOE1190x420px-600x212.jpg 600w\" sizes=\"(max-width: 1190px) 100vw, 1190px\" \/>    <\/div><!-- \/.cpt-grid-item__pic -->\n        <div class=\"cpt-grid-item__content\">\n            <h3>T\u00fa y yo somos amigas: di\u00e1logos entre dos ciudades ol\u00edmpicas<\/h3>\n            <div class=\"cpt-grid-item__meta\">\n        <span class=\"startDate\">Del 22\/10\/2019<\/span>        <span class=\"endDate\"> al 15\/12\/2019<\/span>      <\/div><!-- \/.cpt-grid-item__meta -->\n          <\/div><!-- \/.cpt-grid-item__content -->\n  <\/div><!-- \/.cpt-grid-item__inside -->\n<\/a><!-- \/.cpt-grid-item -->\n                              \n<a href=\"https:\/\/www.museuolimpicbcn.cat\/es\/exposiciones\/esportclick\/\" class=\"cpt-grid-item cpt-grid-item--exhibition\">\n  <div class=\"cpt-grid-item__inside\">\n        <div class=\"cpt-grid-item__pic\">\n      <img loading=\"lazy\" decoding=\"async\" width=\"400\" height=\"400\" src=\"https:\/\/www.museuolimpicbcn.cat\/wp-content\/uploads\/sites\/2\/2019\/07\/webnova_moe_400x400px-1.png\" class=\"attachment-full size-full\" alt=\"\" srcset=\"https:\/\/www.museuolimpicbcn.cat\/wp-content\/uploads\/sites\/2\/2019\/07\/webnova_moe_400x400px-1.png 400w, https:\/\/www.museuolimpicbcn.cat\/wp-content\/uploads\/sites\/2\/2019\/07\/webnova_moe_400x400px-1-150x150.png 150w, https:\/\/www.museuolimpicbcn.cat\/wp-content\/uploads\/sites\/2\/2019\/07\/webnova_moe_400x400px-1-300x300.png 300w, https:\/\/www.museuolimpicbcn.cat\/wp-content\/uploads\/sites\/2\/2019\/07\/webnova_moe_400x400px-1-100x100.png 100w\" sizes=\"(max-width: 400px) 100vw, 400px\" \/>    <\/div><!-- \/.cpt-grid-item__pic -->\n        <div class=\"cpt-grid-item__content\">\n            <h3>#Esportclick<\/h3>\n            <div class=\"cpt-grid-item__meta\">\n        <span class=\"startDate\">Del 14\/07\/2019<\/span>        <span class=\"endDate\"> al 19\/10\/2019<\/span>      <\/div><!-- \/.cpt-grid-item__meta -->\n          <\/div><!-- \/.cpt-grid-item__content -->\n  <\/div><!-- \/.cpt-grid-item__inside -->\n<\/a><!-- \/.cpt-grid-item -->\n                              \n<a href=\"https:\/\/www.museuolimpicbcn.cat\/es\/exposiciones\/club-centenario-futbol-club-martinenc\/\" class=\"cpt-grid-item cpt-grid-item--exhibition\">\n  <div class=\"cpt-grid-item__inside\">\n        <div class=\"cpt-grid-item__pic\">\n      <img loading=\"lazy\" decoding=\"async\" width=\"400\" height=\"400\" src=\"https:\/\/www.museuolimpicbcn.cat\/wp-content\/uploads\/sites\/2\/2019\/04\/Expo-Art-sobre-paper-2019-thumb.jpg\" class=\"attachment-full size-full\" alt=\"Expo Art Sobre Paper 2019 Thumb\" srcset=\"https:\/\/www.museuolimpicbcn.cat\/wp-content\/uploads\/sites\/2\/2019\/04\/Expo-Art-sobre-paper-2019-thumb.jpg 400w, https:\/\/www.museuolimpicbcn.cat\/wp-content\/uploads\/sites\/2\/2019\/04\/Expo-Art-sobre-paper-2019-thumb-150x150.jpg 150w, https:\/\/www.museuolimpicbcn.cat\/wp-content\/uploads\/sites\/2\/2019\/04\/Expo-Art-sobre-paper-2019-thumb-300x300.jpg 300w, https:\/\/www.museuolimpicbcn.cat\/wp-content\/uploads\/sites\/2\/2019\/04\/Expo-Art-sobre-paper-2019-thumb-100x100.jpg 100w\" sizes=\"(max-width: 400px) 100vw, 400px\" \/>    <\/div><!-- \/.cpt-grid-item__pic -->\n        <div class=\"cpt-grid-item__content\">\n            <h3>Club Centenario: F\u00fatbol Club Martinenc<\/h3>\n            <div class=\"cpt-grid-item__meta\">\n        <span class=\"startDate\">Del 30\/04\/2019<\/span>        <span class=\"endDate\"> al 23\/06\/2019<\/span>      <\/div><!-- \/.cpt-grid-item__meta -->\n          <\/div><!-- \/.cpt-grid-item__content -->\n  <\/div><!-- \/.cpt-grid-item__inside -->\n<\/a><!-- \/.cpt-grid-item -->\n                              \n<a href=\"https:\/\/www.museuolimpicbcn.cat\/es\/exposiciones\/art-sobre-paper-2019\/\" class=\"cpt-grid-item cpt-grid-item--exhibition\">\n  <div class=\"cpt-grid-item__inside\">\n        <div class=\"cpt-grid-item__pic\">\n      <img loading=\"lazy\" decoding=\"async\" width=\"400\" height=\"400\" src=\"https:\/\/www.museuolimpicbcn.cat\/wp-content\/uploads\/sites\/2\/2019\/04\/Expo-Art-sobre-paper-2019.jpg\" class=\"attachment-full size-full\" alt=\"Expo Art Sobre Paper 2019 thumbnail\" srcset=\"https:\/\/www.museuolimpicbcn.cat\/wp-content\/uploads\/sites\/2\/2019\/04\/Expo-Art-sobre-paper-2019.jpg 400w, https:\/\/www.museuolimpicbcn.cat\/wp-content\/uploads\/sites\/2\/2019\/04\/Expo-Art-sobre-paper-2019-150x150.jpg 150w, https:\/\/www.museuolimpicbcn.cat\/wp-content\/uploads\/sites\/2\/2019\/04\/Expo-Art-sobre-paper-2019-300x300.jpg 300w, https:\/\/www.museuolimpicbcn.cat\/wp-content\/uploads\/sites\/2\/2019\/04\/Expo-Art-sobre-paper-2019-100x100.jpg 100w\" sizes=\"(max-width: 400px) 100vw, 400px\" \/>    <\/div><!-- \/.cpt-grid-item__pic -->\n        <div class=\"cpt-grid-item__content\">\n            <h3>Premio Internacional Fundaci\u00f3n Ol\u00edmpica de Barcelona Arte sobre Papel IX Edici\u00f3n<\/h3>\n            <div class=\"cpt-grid-item__meta\">\n        <span class=\"startDate\">Del 12\/03\/2019<\/span>        <span class=\"endDate\"> al 28\/04\/2019<\/span>      <\/div><!-- \/.cpt-grid-item__meta -->\n          <\/div><!-- \/.cpt-grid-item__content -->\n  <\/div><!-- \/.cpt-grid-item__inside -->\n<\/a><!-- \/.cpt-grid-item -->\n                                  <\/div><!-- .cpt-grid -->\n          <\/div><!-- \/.elementor-tab-content -->\n        <\/div><!-- \/.elementor-toggle-item -->\n                <div class=\"elementor-toggle-item\">\n          <h4 aria-controls=\"elementor-tab-content-2018\" class=\"elementor-tab-title\" data-tab=\"24\" id=\"elementor-tab-title-2018\" role=\"tab\">\n            <a href=\"\">2018<\/a>\n          <\/h4><!-- \/.elementor-tab-title -->\n          <div aria-labelledby=\"elementor-tab-title-2018\" class=\"elementor-tab-content elementor-clearfix elementor-active\" data-tab=\"24\" id=\"elementor-tab-content-2018\" role=\"tabpanel\" >\n            <div class=\"cpt-grid cpt-grid--exhibition\">\n                              \n<a href=\"https:\/\/www.museuolimpicbcn.cat\/es\/exposiciones\/ahora-hace-40-anos-el-inicio-de-la-politica-deportiva-en-barcelona\/\" class=\"cpt-grid-item cpt-grid-item--exhibition\">\n  <div class=\"cpt-grid-item__inside\">\n        <div class=\"cpt-grid-item__content\">\n            <h3>Ahora hace 40 a\u00f1os. El inicio de la pol\u00edtica deportiva en Barcelona<\/h3>\n            <div class=\"cpt-grid-item__meta\">\n        <span class=\"startDate\">Del 11\/12\/2018<\/span>        <span class=\"endDate\"> al 03\/03\/2019<\/span>      <\/div><!-- \/.cpt-grid-item__meta -->\n          <\/div><!-- \/.cpt-grid-item__content -->\n  <\/div><!-- \/.cpt-grid-item__inside -->\n<\/a><!-- \/.cpt-grid-item -->\n                              \n<a href=\"https:\/\/www.museuolimpicbcn.cat\/es\/exposiciones\/club-centenario-club-natacio-barcelona\/\" class=\"cpt-grid-item cpt-grid-item--exhibition\">\n  <div class=\"cpt-grid-item__inside\">\n        <div class=\"cpt-grid-item__content\">\n            <h3>Club centenario: Club Nataci\u00f3 Barcelona<\/h3>\n            <div class=\"cpt-grid-item__meta\">\n        <span class=\"startDate\">Del 18\/09\/2018<\/span>        <span class=\"endDate\"> al 02\/12\/2018<\/span>      <\/div><!-- \/.cpt-grid-item__meta -->\n          <\/div><!-- \/.cpt-grid-item__content -->\n  <\/div><!-- \/.cpt-grid-item__inside -->\n<\/a><!-- \/.cpt-grid-item -->\n                              \n<a href=\"https:\/\/www.museuolimpicbcn.cat\/es\/exposiciones\/esportclick-especial-juegos-olimpicos-de-invierno\/\" class=\"cpt-grid-item cpt-grid-item--exhibition\">\n  <div class=\"cpt-grid-item__inside\">\n        <div class=\"cpt-grid-item__content\">\n            <h3>ESPORTCLICK: Especial Juegos Ol\u00edmpicos de Invierno<\/h3>\n            <div class=\"cpt-grid-item__meta\">\n        <span class=\"startDate\">Del 08\/07\/2018<\/span>        <span class=\"endDate\"> al 07\/10\/2018<\/span>      <\/div><!-- \/.cpt-grid-item__meta -->\n          <\/div><!-- \/.cpt-grid-item__content -->\n  <\/div><!-- \/.cpt-grid-item__inside -->\n<\/a><!-- \/.cpt-grid-item -->\n                              \n<a href=\"https:\/\/www.museuolimpicbcn.cat\/es\/exposiciones\/club-centenario\/\" class=\"cpt-grid-item cpt-grid-item--exhibition\">\n  <div class=\"cpt-grid-item__inside\">\n        <div class=\"cpt-grid-item__content\">\n            <h3>Club Centenario: Real Club de Polo de Barcelona<\/h3>\n            <div class=\"cpt-grid-item__meta\">\n        <span class=\"startDate\">Del 05\/06\/2018<\/span>        <span class=\"endDate\"> al 16\/09\/2018<\/span>      <\/div><!-- \/.cpt-grid-item__meta -->\n          <\/div><!-- \/.cpt-grid-item__content -->\n  <\/div><!-- \/.cpt-grid-item__inside -->\n<\/a><!-- \/.cpt-grid-item -->\n                              \n<a href=\"https:\/\/www.museuolimpicbcn.cat\/es\/exposiciones\/ciudad-de-nieve-y-hielo-beijing\/\" class=\"cpt-grid-item cpt-grid-item--exhibition\">\n  <div class=\"cpt-grid-item__inside\">\n        <div class=\"cpt-grid-item__content\">\n            <h3>Ciudad de nieve y hielo. Beijing<\/h3>\n            <div class=\"cpt-grid-item__meta\">\n        <span class=\"startDate\">Del 27\/02\/2018<\/span>        <span class=\"endDate\"> al 03\/06\/2018<\/span>      <\/div><!-- \/.cpt-grid-item__meta -->\n          <\/div><!-- \/.cpt-grid-item__content -->\n  <\/div><!-- \/.cpt-grid-item__inside -->\n<\/a><!-- \/.cpt-grid-item -->\n                                  <\/div><!-- .cpt-grid -->\n          <\/div><!-- \/.elementor-tab-content -->\n        <\/div><!-- \/.elementor-toggle-item -->\n                <div class=\"elementor-toggle-item\">\n          <h4 aria-controls=\"elementor-tab-content-2017\" class=\"elementor-tab-title\" data-tab=\"29\" id=\"elementor-tab-title-2017\" role=\"tab\">\n            <a href=\"\">2017<\/a>\n          <\/h4><!-- \/.elementor-tab-title -->\n          <div aria-labelledby=\"elementor-tab-title-2017\" class=\"elementor-tab-content elementor-clearfix elementor-active\" data-tab=\"29\" id=\"elementor-tab-content-2017\" role=\"tabpanel\" >\n            <div class=\"cpt-grid cpt-grid--exhibition\">\n                              \n<a href=\"https:\/\/www.museuolimpicbcn.cat\/es\/exposiciones\/aquell-estiu-del-92-exposicion-en-viladecans\/\" class=\"cpt-grid-item cpt-grid-item--exhibition\">\n  <div class=\"cpt-grid-item__inside\">\n        <div class=\"cpt-grid-item__content\">\n            <h3>AQUELL ESTIU DEL \u201892 (Exposici\u00f3n en Viladecans)<\/h3>\n            <div class=\"cpt-grid-item__meta\">\n        <span class=\"startDate\">Del 16\/10\/2017<\/span>        <span class=\"endDate\"> al 29\/12\/2017<\/span>      <\/div><!-- \/.cpt-grid-item__meta -->\n          <\/div><!-- \/.cpt-grid-item__content -->\n  <\/div><!-- \/.cpt-grid-item__inside -->\n<\/a><!-- \/.cpt-grid-item -->\n                              \n<a href=\"https:\/\/www.museuolimpicbcn.cat\/es\/exposiciones\/esportclick-especial-25-anos-de-barcelona-1992\/\" class=\"cpt-grid-item cpt-grid-item--exhibition\">\n  <div class=\"cpt-grid-item__inside\">\n        <div class=\"cpt-grid-item__content\">\n            <h3>ESPORTCLICK: Especial 25 a\u00f1os de Barcelona 1992<\/h3>\n            <div class=\"cpt-grid-item__meta\">\n        <span class=\"startDate\">Del 18\/07\/2017<\/span>        <span class=\"endDate\"> al 01\/10\/2017<\/span>      <\/div><!-- \/.cpt-grid-item__meta -->\n          <\/div><!-- \/.cpt-grid-item__content -->\n  <\/div><!-- \/.cpt-grid-item__inside -->\n<\/a><!-- \/.cpt-grid-item -->\n                              \n<a href=\"https:\/\/www.museuolimpicbcn.cat\/es\/exposiciones\/aquell-estiu-del-92-2\/\" class=\"cpt-grid-item cpt-grid-item--exhibition\">\n  <div class=\"cpt-grid-item__inside\">\n        <div class=\"cpt-grid-item__content\">\n            <h3>AQUELL ESTIU DEL \u201892<\/h3>\n            <div class=\"cpt-grid-item__meta\">\n        <span class=\"startDate\">Del 25\/04\/2017<\/span>        <span class=\"endDate\"> al 01\/10\/2017<\/span>      <\/div><!-- \/.cpt-grid-item__meta -->\n          <\/div><!-- \/.cpt-grid-item__content -->\n  <\/div><!-- \/.cpt-grid-item__inside -->\n<\/a><!-- \/.cpt-grid-item -->\n                                  <\/div><!-- .cpt-grid -->\n          <\/div><!-- \/.elementor-tab-content -->\n        <\/div><!-- \/.elementor-toggle-item -->\n                <div class=\"elementor-toggle-item\">\n          <h4 aria-controls=\"elementor-tab-content-2016\" class=\"elementor-tab-title\" data-tab=\"32\" id=\"elementor-tab-title-2016\" role=\"tab\">\n            <a href=\"\">2016<\/a>\n          <\/h4><!-- \/.elementor-tab-title -->\n          <div aria-labelledby=\"elementor-tab-title-2016\" class=\"elementor-tab-content elementor-clearfix elementor-active\" data-tab=\"32\" id=\"elementor-tab-content-2016\" role=\"tabpanel\" >\n            <div class=\"cpt-grid cpt-grid--exhibition\">\n                              \n<a href=\"https:\/\/www.museuolimpicbcn.cat\/es\/exposiciones\/javier-del-arco-maestro-del-motor\/\" class=\"cpt-grid-item cpt-grid-item--exhibition\">\n  <div class=\"cpt-grid-item__inside\">\n        <div class=\"cpt-grid-item__content\">\n            <h3>Javier del Arco, maestro del motor<\/h3>\n            <div class=\"cpt-grid-item__meta\">\n        <span class=\"startDate\">Del 20\/12\/2016<\/span>        <span class=\"endDate\"> al 24\/04\/2017<\/span>      <\/div><!-- \/.cpt-grid-item__meta -->\n          <\/div><!-- \/.cpt-grid-item__content -->\n  <\/div><!-- \/.cpt-grid-item__inside -->\n<\/a><!-- \/.cpt-grid-item -->\n                              \n<a href=\"https:\/\/www.museuolimpicbcn.cat\/es\/exposiciones\/vii-premio-internacional-fundacio-barcelona-olimpica-%c2%b7-arte-sobre-papel\/\" class=\"cpt-grid-item cpt-grid-item--exhibition\">\n  <div class=\"cpt-grid-item__inside\">\n        <div class=\"cpt-grid-item__content\">\n            <h3>VII Premio Internacional Fundaci\u00f3 Barcelona Ol\u00edmpica \u00b7 Arte sobre Papel<\/h3>\n            <div class=\"cpt-grid-item__meta\">\n        <span class=\"startDate\">Del 26\/09\/2016<\/span>        <span class=\"endDate\"> al 18\/12\/2016<\/span>      <\/div><!-- \/.cpt-grid-item__meta -->\n          <\/div><!-- \/.cpt-grid-item__content -->\n  <\/div><!-- \/.cpt-grid-item__inside -->\n<\/a><!-- \/.cpt-grid-item -->\n                              \n<a href=\"https:\/\/www.museuolimpicbcn.cat\/es\/exposiciones\/los-clicks-deportistas-se-concentran-en-el-museu-olimpic-i-de-lesport\/\" class=\"cpt-grid-item cpt-grid-item--exhibition\">\n  <div class=\"cpt-grid-item__inside\">\n        <div class=\"cpt-grid-item__content\">\n            <h3>Los Clicks deportistas se concentran en el Museu Ol\u00edmpic i de l\u2019Esport<\/h3>\n            <div class=\"cpt-grid-item__meta\">\n        <span class=\"startDate\">Del 12\/07\/2016<\/span>        <span class=\"endDate\"> al 02\/10\/2016<\/span>      <\/div><!-- \/.cpt-grid-item__meta -->\n          <\/div><!-- \/.cpt-grid-item__content -->\n  <\/div><!-- \/.cpt-grid-item__inside -->\n<\/a><!-- \/.cpt-grid-item -->\n                              \n<a href=\"https:\/\/www.museuolimpicbcn.cat\/es\/exposiciones\/3-2-1-rio-2\/\" class=\"cpt-grid-item cpt-grid-item--exhibition\">\n  <div class=\"cpt-grid-item__inside\">\n        <div class=\"cpt-grid-item__content\">\n            <h3>3, 2, 1&#8230; RIO<\/h3>\n            <div class=\"cpt-grid-item__meta\">\n        <span class=\"startDate\">Del 03\/05\/2016<\/span>        <span class=\"endDate\"> al 26\/09\/2016<\/span>      <\/div><!-- \/.cpt-grid-item__meta -->\n          <\/div><!-- \/.cpt-grid-item__content -->\n  <\/div><!-- \/.cpt-grid-item__inside -->\n<\/a><!-- \/.cpt-grid-item -->\n                              \n<a href=\"https:\/\/www.museuolimpicbcn.cat\/es\/exposiciones\/josep-maria-co-i-de-triola-retratos-del-deporte-de-una-epoca\/\" class=\"cpt-grid-item cpt-grid-item--exhibition\">\n  <div class=\"cpt-grid-item__inside\">\n        <div class=\"cpt-grid-item__content\">\n            <h3>Josep Maria Co i de Triola, Retratos del deporte de una \u00e9poca<\/h3>\n            <div class=\"cpt-grid-item__meta\">\n        <span class=\"startDate\">Del 16\/02\/2016<\/span>        <span class=\"endDate\"> al 01\/05\/2016<\/span>      <\/div><!-- \/.cpt-grid-item__meta -->\n          <\/div><!-- \/.cpt-grid-item__content -->\n  <\/div><!-- \/.cpt-grid-item__inside -->\n<\/a><!-- \/.cpt-grid-item -->\n                                  <\/div><!-- .cpt-grid -->\n          <\/div><!-- \/.elementor-tab-content -->\n        <\/div><!-- \/.elementor-toggle-item -->\n                <div class=\"elementor-toggle-item\">\n          <h4 aria-controls=\"elementor-tab-content-2015\" class=\"elementor-tab-title\" data-tab=\"37\" id=\"elementor-tab-title-2015\" role=\"tab\">\n            <a href=\"\">2015<\/a>\n          <\/h4><!-- \/.elementor-tab-title -->\n          <div aria-labelledby=\"elementor-tab-title-2015\" class=\"elementor-tab-content elementor-clearfix elementor-active\" data-tab=\"37\" id=\"elementor-tab-content-2015\" role=\"tabpanel\" >\n            <div class=\"cpt-grid cpt-grid--exhibition\">\n                              \n<a href=\"https:\/\/www.museuolimpicbcn.cat\/es\/exposiciones\/xxiii-bienal-internacional-de-fotografia-del-deporte-fotosport-2014\/\" class=\"cpt-grid-item cpt-grid-item--exhibition\">\n  <div class=\"cpt-grid-item__inside\">\n        <div class=\"cpt-grid-item__content\">\n            <h3>XXIII Bienal Internacional de Fotograf\u00eda del Deporte: FOTOSPORT 2014<\/h3>\n            <div class=\"cpt-grid-item__meta\">\n        <span class=\"startDate\">Del 16\/12\/2015<\/span>        <span class=\"endDate\"> al 14\/02\/2016<\/span>      <\/div><!-- \/.cpt-grid-item__meta -->\n          <\/div><!-- \/.cpt-grid-item__content -->\n  <\/div><!-- \/.cpt-grid-item__inside -->\n<\/a><!-- \/.cpt-grid-item -->\n                              \n<a href=\"https:\/\/www.museuolimpicbcn.cat\/es\/exposiciones\/100-1915-2015-anos-de-la-federacio-catalana-de-atletismo\/\" class=\"cpt-grid-item cpt-grid-item--exhibition\">\n  <div class=\"cpt-grid-item__inside\">\n        <div class=\"cpt-grid-item__content\">\n            <h3>100 (1915-2015) a\u00f1os de la Federaci\u00f3 catalana de atletismo<\/h3>\n            <div class=\"cpt-grid-item__meta\">\n        <span class=\"startDate\">Del 04\/11\/2015<\/span>        <span class=\"endDate\"> al 15\/11\/2015<\/span>      <\/div><!-- \/.cpt-grid-item__meta -->\n          <\/div><!-- \/.cpt-grid-item__content -->\n  <\/div><!-- \/.cpt-grid-item__inside -->\n<\/a><!-- \/.cpt-grid-item -->\n                              \n<a href=\"https:\/\/www.museuolimpicbcn.cat\/es\/exposiciones\/v-concuros-internacional-de-humor-grafico-deportivo\/\" class=\"cpt-grid-item cpt-grid-item--exhibition\">\n  <div class=\"cpt-grid-item__inside\">\n        <div class=\"cpt-grid-item__content\">\n            <h3>V Concuros Internacional de Humor Gr\u00e1fico Deportivo<\/h3>\n            <div class=\"cpt-grid-item__meta\">\n        <span class=\"startDate\">Del 01\/10\/2015<\/span>        <span class=\"endDate\"> al 01\/11\/2015<\/span>      <\/div><!-- \/.cpt-grid-item__meta -->\n          <\/div><!-- \/.cpt-grid-item__content -->\n  <\/div><!-- \/.cpt-grid-item__inside -->\n<\/a><!-- \/.cpt-grid-item -->\n                              \n<a href=\"https:\/\/www.museuolimpicbcn.cat\/es\/exposiciones\/vi-premio-internacional-fundacio-barcelona-olimpica-%c2%b7-arte-sobre-papel\/\" class=\"cpt-grid-item cpt-grid-item--exhibition\">\n  <div class=\"cpt-grid-item__inside\">\n        <div class=\"cpt-grid-item__content\">\n            <h3>VI Premio Internacional Fundaci\u00f3 Barcelona Ol\u00edmpica \u00b7 Arte sobre papel<\/h3>\n            <div class=\"cpt-grid-item__meta\">\n        <span class=\"startDate\">Del 28\/07\/2015<\/span>        <span class=\"endDate\"> al 27\/09\/2015<\/span>      <\/div><!-- \/.cpt-grid-item__meta -->\n          <\/div><!-- \/.cpt-grid-item__content -->\n  <\/div><!-- \/.cpt-grid-item__inside -->\n<\/a><!-- \/.cpt-grid-item -->\n                              \n<a href=\"https:\/\/www.museuolimpicbcn.cat\/es\/exposiciones\/summits-of-my-life-by-kilian-jornet-2\/\" class=\"cpt-grid-item cpt-grid-item--exhibition\">\n  <div class=\"cpt-grid-item__inside\">\n        <div class=\"cpt-grid-item__content\">\n            <h3>&#8216;Summits of my life by Kilian Jornet&#8217;<\/h3>\n            <div class=\"cpt-grid-item__meta\">\n        <span class=\"startDate\">Del 29\/04\/2015<\/span>        <span class=\"endDate\"> al 26\/07\/2015<\/span>      <\/div><!-- \/.cpt-grid-item__meta -->\n          <\/div><!-- \/.cpt-grid-item__content -->\n  <\/div><!-- \/.cpt-grid-item__inside -->\n<\/a><!-- \/.cpt-grid-item -->\n                              \n<a href=\"https:\/\/www.museuolimpicbcn.cat\/es\/exposiciones\/calcio-storico-cuando-el-honor-esta-en-juego\/\" class=\"cpt-grid-item cpt-grid-item--exhibition\">\n  <div class=\"cpt-grid-item__inside\">\n        <div class=\"cpt-grid-item__content\">\n            <h3>CALCIO STORICO Cuando el honor est\u00e1 en juego<\/h3>\n            <div class=\"cpt-grid-item__meta\">\n        <span class=\"startDate\">Del 17\/02\/2015<\/span>        <span class=\"endDate\"> al 26\/04\/2015<\/span>      <\/div><!-- \/.cpt-grid-item__meta -->\n          <\/div><!-- \/.cpt-grid-item__content -->\n  <\/div><!-- \/.cpt-grid-item__inside -->\n<\/a><!-- \/.cpt-grid-item -->\n                                  <\/div><!-- .cpt-grid -->\n          <\/div><!-- \/.elementor-tab-content -->\n        <\/div><!-- \/.elementor-toggle-item -->\n                <div class=\"elementor-toggle-item\">\n          <h4 aria-controls=\"elementor-tab-content-2014\" class=\"elementor-tab-title\" data-tab=\"43\" id=\"elementor-tab-title-2014\" role=\"tab\">\n            <a href=\"\">2014<\/a>\n          <\/h4><!-- \/.elementor-tab-title -->\n          <div aria-labelledby=\"elementor-tab-title-2014\" class=\"elementor-tab-content elementor-clearfix elementor-active\" data-tab=\"43\" id=\"elementor-tab-content-2014\" role=\"tabpanel\" >\n            <div class=\"cpt-grid cpt-grid--exhibition\">\n                              \n<a href=\"https:\/\/www.museuolimpicbcn.cat\/es\/exposiciones\/tras-los-pasos-de-artur-osona-el-montseny-de-los-primeros-excursionistas-y-turistas\/\" class=\"cpt-grid-item cpt-grid-item--exhibition\">\n  <div class=\"cpt-grid-item__inside\">\n        <div class=\"cpt-grid-item__content\">\n            <h3>Tras los pasos de Artur Osona. El Montseny de los primeros excursionistas y turistas<\/h3>\n            <div class=\"cpt-grid-item__meta\">\n        <span class=\"startDate\">Del 11\/11\/2014<\/span>        <span class=\"endDate\"> al 15\/02\/2015<\/span>      <\/div><!-- \/.cpt-grid-item__meta -->\n          <\/div><!-- \/.cpt-grid-item__content -->\n  <\/div><!-- \/.cpt-grid-item__inside -->\n<\/a><!-- \/.cpt-grid-item -->\n                              \n<a href=\"https:\/\/www.museuolimpicbcn.cat\/es\/exposiciones\/premi-internacional-fundacio-barcelona-olimpica-art-sobre-paper-2\/\" class=\"cpt-grid-item cpt-grid-item--exhibition\">\n  <div class=\"cpt-grid-item__inside\">\n        <div class=\"cpt-grid-item__content\">\n            <h3>Premi Internacional Fundaci\u00f3 Barcelona Ol\u00edmpica: Art Sobre Paper<\/h3>\n            <div class=\"cpt-grid-item__meta\">\n        <span class=\"startDate\">Del 01\/09\/2014<\/span>        <span class=\"endDate\"> al 10\/11\/2014<\/span>      <\/div><!-- \/.cpt-grid-item__meta -->\n          <\/div><!-- \/.cpt-grid-item__content -->\n  <\/div><!-- \/.cpt-grid-item__inside -->\n<\/a><!-- \/.cpt-grid-item -->\n                              \n<a href=\"https:\/\/www.museuolimpicbcn.cat\/es\/exposiciones\/spain-2014-fiba-basketball-world-cup-construyendo-un-sueno\/\" class=\"cpt-grid-item cpt-grid-item--exhibition\">\n  <div class=\"cpt-grid-item__inside\">\n        <div class=\"cpt-grid-item__content\">\n            <h3>SPAIN 2014 FIBA BASKETBALL WORLD CUP Construyendo un sue\u00f1o<\/h3>\n            <div class=\"cpt-grid-item__meta\">\n        <span class=\"startDate\">Del 30\/07\/2014<\/span>        <span class=\"endDate\"> al 14\/09\/2014<\/span>      <\/div><!-- \/.cpt-grid-item__meta -->\n          <\/div><!-- \/.cpt-grid-item__content -->\n  <\/div><!-- \/.cpt-grid-item__inside -->\n<\/a><!-- \/.cpt-grid-item -->\n                              \n<a href=\"https:\/\/www.museuolimpicbcn.cat\/es\/exposiciones\/barcelona-capital-del-waterpolo-2\/\" class=\"cpt-grid-item cpt-grid-item--exhibition\">\n  <div class=\"cpt-grid-item__inside\">\n        <div class=\"cpt-grid-item__content\">\n            <h3>Barcelona, capital del waterpolo<\/h3>\n            <div class=\"cpt-grid-item__meta\">\n        <span class=\"startDate\">Del 27\/05\/2014<\/span>        <span class=\"endDate\"> al 28\/07\/2014<\/span>      <\/div><!-- \/.cpt-grid-item__meta -->\n          <\/div><!-- \/.cpt-grid-item__content -->\n  <\/div><!-- \/.cpt-grid-item__inside -->\n<\/a><!-- \/.cpt-grid-item -->\n                              \n<a href=\"https:\/\/www.museuolimpicbcn.cat\/es\/exposiciones\/mirada-por-avelino-pi\/\" class=\"cpt-grid-item cpt-grid-item--exhibition\">\n  <div class=\"cpt-grid-item__inside\">\n        <div class=\"cpt-grid-item__content\">\n            <h3>Mirada por Avelino Pi<\/h3>\n            <div class=\"cpt-grid-item__meta\">\n        <span class=\"startDate\">Del 08\/04\/2014<\/span>        <span class=\"endDate\"> al 23\/05\/2014<\/span>      <\/div><!-- \/.cpt-grid-item__meta -->\n          <\/div><!-- \/.cpt-grid-item__content -->\n  <\/div><!-- \/.cpt-grid-item__inside -->\n<\/a><!-- \/.cpt-grid-item -->\n                              \n<a href=\"https:\/\/www.museuolimpicbcn.cat\/es\/exposiciones\/recuerdos-de-miquel-poblet\/\" class=\"cpt-grid-item cpt-grid-item--exhibition\">\n  <div class=\"cpt-grid-item__inside\">\n        <div class=\"cpt-grid-item__content\">\n            <h3>Recuerdos de Miquel Poblet<\/h3>\n            <div class=\"cpt-grid-item__meta\">\n        <span class=\"startDate\">Del 20\/03\/2014<\/span>        <span class=\"endDate\"> al 04\/04\/2014<\/span>      <\/div><!-- \/.cpt-grid-item__meta -->\n          <\/div><!-- \/.cpt-grid-item__content -->\n  <\/div><!-- \/.cpt-grid-item__inside -->\n<\/a><!-- \/.cpt-grid-item -->\n                              \n<a href=\"https:\/\/www.museuolimpicbcn.cat\/es\/exposiciones\/merletti-y-el-deporte-en-el-primer-tercio-de-siglo-xx\/\" class=\"cpt-grid-item cpt-grid-item--exhibition\">\n  <div class=\"cpt-grid-item__inside\">\n        <div class=\"cpt-grid-item__content\">\n            <h3>Merletti y el deporte en el primer tercio de siglo XX<\/h3>\n            <div class=\"cpt-grid-item__meta\">\n        <span class=\"startDate\">Del 25\/02\/2014<\/span>        <span class=\"endDate\"> al 16\/03\/2014<\/span>      <\/div><!-- \/.cpt-grid-item__meta -->\n          <\/div><!-- \/.cpt-grid-item__content -->\n  <\/div><!-- \/.cpt-grid-item__inside -->\n<\/a><!-- \/.cpt-grid-item -->\n                              \n<a href=\"https:\/\/www.museuolimpicbcn.cat\/es\/exposiciones\/el-tenis-y-los-juegos-olimpicos\/\" class=\"cpt-grid-item cpt-grid-item--exhibition\">\n  <div class=\"cpt-grid-item__inside\">\n        <div class=\"cpt-grid-item__content\">\n            <h3>El tenis y los Juegos Ol\u00edmpicos<\/h3>\n            <div class=\"cpt-grid-item__meta\">\n        <span class=\"startDate\">Del 09\/01\/2014<\/span>        <span class=\"endDate\"> al 30\/04\/2014<\/span>      <\/div><!-- \/.cpt-grid-item__meta -->\n          <\/div><!-- \/.cpt-grid-item__content -->\n  <\/div><!-- \/.cpt-grid-item__inside -->\n<\/a><!-- \/.cpt-grid-item -->\n                                  <\/div><!-- .cpt-grid -->\n          <\/div><!-- \/.elementor-tab-content -->\n        <\/div><!-- \/.elementor-toggle-item -->\n                <div class=\"elementor-toggle-item\">\n          <h4 aria-controls=\"elementor-tab-content-2013\" class=\"elementor-tab-title\" data-tab=\"51\" id=\"elementor-tab-title-2013\" role=\"tab\">\n            <a href=\"\">2013<\/a>\n          <\/h4><!-- \/.elementor-tab-title -->\n          <div aria-labelledby=\"elementor-tab-title-2013\" class=\"elementor-tab-content elementor-clearfix elementor-active\" data-tab=\"51\" id=\"elementor-tab-content-2013\" role=\"tabpanel\" >\n            <div class=\"cpt-grid cpt-grid--exhibition\">\n                              \n<a href=\"https:\/\/www.museuolimpicbcn.cat\/es\/exposiciones\/fotosport-2012-xxii-bienal-internacional-de-fotografia-del-deporte\/\" class=\"cpt-grid-item cpt-grid-item--exhibition\">\n  <div class=\"cpt-grid-item__inside\">\n        <div class=\"cpt-grid-item__content\">\n            <h3>FOTOSPORT 2012: XXII Bienal Internacional de Fotograf\u00eda del Deporte<\/h3>\n            <div class=\"cpt-grid-item__meta\">\n        <span class=\"startDate\">Del 03\/12\/2013<\/span>        <span class=\"endDate\"> al 23\/02\/2014<\/span>      <\/div><!-- \/.cpt-grid-item__meta -->\n          <\/div><!-- \/.cpt-grid-item__content -->\n  <\/div><!-- \/.cpt-grid-item__inside -->\n<\/a><!-- \/.cpt-grid-item -->\n                              \n<a href=\"https:\/\/www.museuolimpicbcn.cat\/es\/exposiciones\/rememorar-la-gloria-seleccio-de-fotografies-de-wanquan-sha-de-lestadi-niu-docell-2\/\" class=\"cpt-grid-item cpt-grid-item--exhibition\">\n  <div class=\"cpt-grid-item__inside\">\n        <div class=\"cpt-grid-item__content\">\n            <h3>\u201cRememorar la gl\u00f2ria\u201d  Selecci\u00f3 de fotografies de Wanquan Sha de l\u2019estadi Niu d\u2019Ocell<\/h3>\n            <div class=\"cpt-grid-item__meta\">\n        <span class=\"startDate\">Del 21\/11\/2013<\/span>        <span class=\"endDate\"> al 30\/11\/2013<\/span>      <\/div><!-- \/.cpt-grid-item__meta -->\n          <\/div><!-- \/.cpt-grid-item__content -->\n  <\/div><!-- \/.cpt-grid-item__inside -->\n<\/a><!-- \/.cpt-grid-item -->\n                              \n<a href=\"https:\/\/www.museuolimpicbcn.cat\/es\/exposiciones\/iv-premio-internacional-fundacio-barcelona-olimpica-%c2%b7-arte-sobre-papel\/\" class=\"cpt-grid-item cpt-grid-item--exhibition\">\n  <div class=\"cpt-grid-item__inside\">\n        <div class=\"cpt-grid-item__content\">\n            <h3>IV Premio Internacional Fundaci\u00f3 Barcelona Ol\u00edmpica \u00b7 Arte sobre papel<\/h3>\n            <div class=\"cpt-grid-item__meta\">\n        <span class=\"startDate\">Del 12\/09\/2013<\/span>        <span class=\"endDate\"> al 10\/11\/2013<\/span>      <\/div><!-- \/.cpt-grid-item__meta -->\n          <\/div><!-- \/.cpt-grid-item__content -->\n  <\/div><!-- \/.cpt-grid-item__inside -->\n<\/a><!-- \/.cpt-grid-item -->\n                              \n<a href=\"https:\/\/www.museuolimpicbcn.cat\/es\/exposiciones\/los-banadores-de-los-exitos-de-la-sincro-espanola\/\" class=\"cpt-grid-item cpt-grid-item--exhibition\">\n  <div class=\"cpt-grid-item__inside\">\n        <div class=\"cpt-grid-item__content\">\n            <h3>Los ba\u00f1adores de los \u00e9xitos de la sincro espa\u00f1ola<\/h3>\n            <div class=\"cpt-grid-item__meta\">\n        <span class=\"startDate\">Del 18\/06\/2013<\/span>        <span class=\"endDate\"> al 09\/09\/2013<\/span>      <\/div><!-- \/.cpt-grid-item__meta -->\n          <\/div><!-- \/.cpt-grid-item__content -->\n  <\/div><!-- \/.cpt-grid-item__inside -->\n<\/a><!-- \/.cpt-grid-item -->\n                              \n<a href=\"https:\/\/www.museuolimpicbcn.cat\/es\/exposiciones\/lesport-i-la-ciutat-2\/\" class=\"cpt-grid-item cpt-grid-item--exhibition\">\n  <div class=\"cpt-grid-item__inside\">\n        <div class=\"cpt-grid-item__content\">\n            <h3>L\u2019esport i la ciutat<\/h3>\n            <div class=\"cpt-grid-item__meta\">\n        <span class=\"startDate\">Del 09\/04\/2013<\/span>        <span class=\"endDate\"> al 16\/06\/2013<\/span>      <\/div><!-- \/.cpt-grid-item__meta -->\n          <\/div><!-- \/.cpt-grid-item__content -->\n  <\/div><!-- \/.cpt-grid-item__inside -->\n<\/a><!-- \/.cpt-grid-item -->\n                              \n<a href=\"https:\/\/www.museuolimpicbcn.cat\/es\/exposiciones\/100-years-of-basketball-in-catalonia\/\" class=\"cpt-grid-item cpt-grid-item--exhibition\">\n  <div class=\"cpt-grid-item__inside\">\n        <div class=\"cpt-grid-item__content\">\n            <h3>100 Years of basketball in Catalonia<\/h3>\n            <div class=\"cpt-grid-item__meta\">\n        <span class=\"startDate\">Del 15\/01\/2013<\/span>        <span class=\"endDate\"> al 31\/03\/2013<\/span>      <\/div><!-- \/.cpt-grid-item__meta -->\n          <\/div><!-- \/.cpt-grid-item__content -->\n  <\/div><!-- \/.cpt-grid-item__inside -->\n<\/a><!-- \/.cpt-grid-item -->\n                                  <\/div><!-- .cpt-grid -->\n          <\/div><!-- \/.elementor-tab-content -->\n        <\/div><!-- \/.elementor-toggle-item -->\n                <div class=\"elementor-toggle-item\">\n          <h4 aria-controls=\"elementor-tab-content-2012\" class=\"elementor-tab-title\" data-tab=\"57\" id=\"elementor-tab-title-2012\" role=\"tab\">\n            <a href=\"\">2012<\/a>\n          <\/h4><!-- \/.elementor-tab-title -->\n          <div aria-labelledby=\"elementor-tab-title-2012\" class=\"elementor-tab-content elementor-clearfix elementor-active\" data-tab=\"57\" id=\"elementor-tab-content-2012\" role=\"tabpanel\" >\n            <div class=\"cpt-grid cpt-grid--exhibition\">\n                              \n<a href=\"https:\/\/www.museuolimpicbcn.cat\/es\/exposiciones\/intermon-oxfam-trailwalker\/\" class=\"cpt-grid-item cpt-grid-item--exhibition\">\n  <div class=\"cpt-grid-item__inside\">\n        <div class=\"cpt-grid-item__content\">\n            <h3>Interm\u00f3n Oxfam Trailwalker<\/h3>\n            <div class=\"cpt-grid-item__meta\">\n        <span class=\"startDate\">Del 05\/12\/2012<\/span>        <span class=\"endDate\"> al 31\/12\/2012<\/span>      <\/div><!-- \/.cpt-grid-item__meta -->\n          <\/div><!-- \/.cpt-grid-item__content -->\n  <\/div><!-- \/.cpt-grid-item__inside -->\n<\/a><!-- \/.cpt-grid-item -->\n                              \n<a href=\"https:\/\/www.museuolimpicbcn.cat\/es\/exposiciones\/exposicion-temporal-de-las-obras-finalistas-y-ganadoras-del-iii-premio-internacional-de-acuarela-y-otras-tecnicas-sobre-papel-tematica-deportiva\/\" class=\"cpt-grid-item cpt-grid-item--exhibition\">\n  <div class=\"cpt-grid-item__inside\">\n        <div class=\"cpt-grid-item__content\">\n            <h3>Exposici\u00f3n temporal de las obras finalistas y ganadoras del III Premio Internacional de Acuarela y otras T\u00e9cnicas sobre papel. Tem\u00e1tica deportiva<\/h3>\n            <div class=\"cpt-grid-item__meta\">\n        <span class=\"startDate\">Del 05\/10\/2012<\/span>        <span class=\"endDate\"> al 30\/11\/2012<\/span>      <\/div><!-- \/.cpt-grid-item__meta -->\n          <\/div><!-- \/.cpt-grid-item__content -->\n  <\/div><!-- \/.cpt-grid-item__inside -->\n<\/a><!-- \/.cpt-grid-item -->\n                              \n<a href=\"https:\/\/www.museuolimpicbcn.cat\/es\/exposiciones\/cobi-ahora-que-tengo-20-anos\/\" class=\"cpt-grid-item cpt-grid-item--exhibition\">\n  <div class=\"cpt-grid-item__inside\">\n        <div class=\"cpt-grid-item__content\">\n            <h3>COBI. Ahora que tengo 20 a\u00f1os<\/h3>\n            <div class=\"cpt-grid-item__meta\">\n        <span class=\"startDate\">Del 24\/05\/2012<\/span>        <span class=\"endDate\"> al 30\/09\/2012<\/span>      <\/div><!-- \/.cpt-grid-item__meta -->\n          <\/div><!-- \/.cpt-grid-item__content -->\n  <\/div><!-- \/.cpt-grid-item__inside -->\n<\/a><!-- \/.cpt-grid-item -->\n                              \n<a href=\"https:\/\/www.museuolimpicbcn.cat\/es\/exposiciones\/barcelona-los-juegos-del-mediterraneos-1955\/\" class=\"cpt-grid-item cpt-grid-item--exhibition\">\n  <div class=\"cpt-grid-item__inside\">\n        <div class=\"cpt-grid-item__content\">\n            <h3>Barcelona  los Juegos del Mediterraneos 1955<\/h3>\n            <div class=\"cpt-grid-item__meta\">\n        <span class=\"startDate\">Del 09\/02\/2012<\/span>        <span class=\"endDate\"> al 29\/04\/2012<\/span>      <\/div><!-- \/.cpt-grid-item__meta -->\n          <\/div><!-- \/.cpt-grid-item__content -->\n  <\/div><!-- \/.cpt-grid-item__inside -->\n<\/a><!-- \/.cpt-grid-item -->\n                                  <\/div><!-- .cpt-grid -->\n          <\/div><!-- \/.elementor-tab-content -->\n        <\/div><!-- \/.elementor-toggle-item -->\n                <div class=\"elementor-toggle-item\">\n          <h4 aria-controls=\"elementor-tab-content-2011\" class=\"elementor-tab-title\" data-tab=\"61\" id=\"elementor-tab-title-2011\" role=\"tab\">\n            <a href=\"\">2011<\/a>\n          <\/h4><!-- \/.elementor-tab-title -->\n          <div aria-labelledby=\"elementor-tab-title-2011\" class=\"elementor-tab-content elementor-clearfix elementor-active\" data-tab=\"61\" id=\"elementor-tab-content-2011\" role=\"tabpanel\" >\n            <div class=\"cpt-grid cpt-grid--exhibition\">\n                              \n<a href=\"https:\/\/www.museuolimpicbcn.cat\/es\/exposiciones\/la-luz-que-captura-el-deporte\/\" class=\"cpt-grid-item cpt-grid-item--exhibition\">\n  <div class=\"cpt-grid-item__inside\">\n        <div class=\"cpt-grid-item__content\">\n            <h3>La luz que captura el deporte<\/h3>\n            <div class=\"cpt-grid-item__meta\">\n        <span class=\"startDate\">Del 15\/11\/2011<\/span>        <span class=\"endDate\"> al 10\/01\/2012<\/span>      <\/div><!-- \/.cpt-grid-item__meta -->\n          <\/div><!-- \/.cpt-grid-item__content -->\n  <\/div><!-- \/.cpt-grid-item__inside -->\n<\/a><!-- \/.cpt-grid-item -->\n                              \n<a href=\"https:\/\/www.museuolimpicbcn.cat\/es\/exposiciones\/la\/\" class=\"cpt-grid-item cpt-grid-item--exhibition\">\n  <div class=\"cpt-grid-item__inside\">\n        <div class=\"cpt-grid-item__content\">\n            <h3>La &#8220;Volta&#8221; de nuestra memoria<\/h3>\n            <div class=\"cpt-grid-item__meta\">\n        <span class=\"startDate\">Del 27\/09\/2011<\/span>        <span class=\"endDate\"> al 15\/11\/2011<\/span>      <\/div><!-- \/.cpt-grid-item__meta -->\n          <\/div><!-- \/.cpt-grid-item__content -->\n  <\/div><!-- \/.cpt-grid-item__inside -->\n<\/a><!-- \/.cpt-grid-item -->\n                              \n<a href=\"https:\/\/www.museuolimpicbcn.cat\/es\/exposiciones\/exposicion-temporal-de-las-obras-finalistas-y-ganadoras-del-ii-premio-internacional-de-acuarela-y-otras-tecnicas-sobre-papel-tematica-deportiva\/\" class=\"cpt-grid-item cpt-grid-item--exhibition\">\n  <div class=\"cpt-grid-item__inside\">\n        <div class=\"cpt-grid-item__content\">\n            <h3>Exposici\u00f3n temporal de las obras finalistas y ganadoras del II Premio Internacional de Acuarela y otras T\u00e9cnicas sobre papel. Tem\u00e1tica deportiva<\/h3>\n            <div class=\"cpt-grid-item__meta\">\n        <span class=\"startDate\">Del 11\/06\/2011<\/span>        <span class=\"endDate\"> al 26\/09\/2011<\/span>      <\/div><!-- \/.cpt-grid-item__meta -->\n          <\/div><!-- \/.cpt-grid-item__content -->\n  <\/div><!-- \/.cpt-grid-item__inside -->\n<\/a><!-- \/.cpt-grid-item -->\n                              \n<a href=\"https:\/\/www.museuolimpicbcn.cat\/es\/exposiciones\/godo-mucho-mas-que-tenis\/\" class=\"cpt-grid-item cpt-grid-item--exhibition\">\n  <div class=\"cpt-grid-item__inside\">\n        <div class=\"cpt-grid-item__content\">\n            <h3>God\u00f3: mucho m\u00e1s que tenis<\/h3>\n            <div class=\"cpt-grid-item__meta\">\n        <span class=\"startDate\">Del 15\/03\/2011<\/span>        <span class=\"endDate\"> al 12\/06\/2011<\/span>      <\/div><!-- \/.cpt-grid-item__meta -->\n          <\/div><!-- \/.cpt-grid-item__content -->\n  <\/div><!-- \/.cpt-grid-item__inside -->\n<\/a><!-- \/.cpt-grid-item -->\n                              \n<a href=\"https:\/\/www.museuolimpicbcn.cat\/es\/exposiciones\/xxi-bienal-internacional-de-fotografia-del-deporte-fotosport-2010\/\" class=\"cpt-grid-item cpt-grid-item--exhibition\">\n  <div class=\"cpt-grid-item__inside\">\n        <div class=\"cpt-grid-item__content\">\n            <h3>XXI BIENAL INTERNACIONAL  DE FOTOGRAFIA DEL DEPORTE FOTOSPORT 2010<\/h3>\n            <div class=\"cpt-grid-item__meta\">\n        <span class=\"startDate\">Del 11\/01\/2011<\/span>        <span class=\"endDate\"> al 13\/03\/2011<\/span>      <\/div><!-- \/.cpt-grid-item__meta -->\n          <\/div><!-- \/.cpt-grid-item__content -->\n  <\/div><!-- \/.cpt-grid-item__inside -->\n<\/a><!-- \/.cpt-grid-item -->\n                                  <\/div><!-- .cpt-grid -->\n          <\/div><!-- \/.elementor-tab-content -->\n        <\/div><!-- \/.elementor-toggle-item -->\n                <div class=\"elementor-toggle-item\">\n          <h4 aria-controls=\"elementor-tab-content-2010\" class=\"elementor-tab-title\" data-tab=\"66\" id=\"elementor-tab-title-2010\" role=\"tab\">\n            <a href=\"\">2010<\/a>\n          <\/h4><!-- \/.elementor-tab-title -->\n          <div aria-labelledby=\"elementor-tab-title-2010\" class=\"elementor-tab-content elementor-clearfix elementor-active\" data-tab=\"66\" id=\"elementor-tab-content-2010\" role=\"tabpanel\" >\n            <div class=\"cpt-grid cpt-grid--exhibition\">\n                              \n<a href=\"https:\/\/www.museuolimpicbcn.cat\/es\/exposiciones\/vias-verdes\/\" class=\"cpt-grid-item cpt-grid-item--exhibition\">\n  <div class=\"cpt-grid-item__inside\">\n        <div class=\"cpt-grid-item__content\">\n            <h3>V\u00edas Verdes<\/h3>\n            <div class=\"cpt-grid-item__meta\">\n        <span class=\"startDate\">Del 02\/11\/2010<\/span>        <span class=\"endDate\"> al 10\/01\/2011<\/span>      <\/div><!-- \/.cpt-grid-item__meta -->\n          <\/div><!-- \/.cpt-grid-item__content -->\n  <\/div><!-- \/.cpt-grid-item__inside -->\n<\/a><!-- \/.cpt-grid-item -->\n                              \n<a href=\"https:\/\/www.museuolimpicbcn.cat\/es\/exposiciones\/el-deporte-es-ilusion\/\" class=\"cpt-grid-item cpt-grid-item--exhibition\">\n  <div class=\"cpt-grid-item__inside\">\n        <div class=\"cpt-grid-item__content\">\n            <h3>El Deporte es Ilusi\u00f3n<\/h3>\n            <div class=\"cpt-grid-item__meta\">\n        <span class=\"startDate\">Del 02\/09\/2010<\/span>        <span class=\"endDate\"> al 31\/10\/2010<\/span>      <\/div><!-- \/.cpt-grid-item__meta -->\n          <\/div><!-- \/.cpt-grid-item__content -->\n  <\/div><!-- \/.cpt-grid-item__inside -->\n<\/a><!-- \/.cpt-grid-item -->\n                              \n<a href=\"https:\/\/www.museuolimpicbcn.cat\/es\/exposiciones\/i-premio-internacional-de-acuarela-deportiva\/\" class=\"cpt-grid-item cpt-grid-item--exhibition\">\n  <div class=\"cpt-grid-item__inside\">\n        <div class=\"cpt-grid-item__content\">\n            <h3>I Premio Internacional de Acuarela Deportiva<\/h3>\n            <div class=\"cpt-grid-item__meta\">\n        <span class=\"startDate\">Del 29\/06\/2010<\/span>        <span class=\"endDate\"> al 01\/09\/2010<\/span>      <\/div><!-- \/.cpt-grid-item__meta -->\n          <\/div><!-- \/.cpt-grid-item__content -->\n  <\/div><!-- \/.cpt-grid-item__inside -->\n<\/a><!-- \/.cpt-grid-item -->\n                              \n<a href=\"https:\/\/www.museuolimpicbcn.cat\/es\/exposiciones\/los-origenes-del-baseball-en-espana\/\" class=\"cpt-grid-item cpt-grid-item--exhibition\">\n  <div class=\"cpt-grid-item__inside\">\n        <div class=\"cpt-grid-item__content\">\n            <h3>Los or\u00edgenes del Baseball en Espa\u00f1a<\/h3>\n            <div class=\"cpt-grid-item__meta\">\n        <span class=\"startDate\">Del 30\/03\/2010<\/span>        <span class=\"endDate\"> al 28\/06\/2010<\/span>      <\/div><!-- \/.cpt-grid-item__meta -->\n          <\/div><!-- \/.cpt-grid-item__content -->\n  <\/div><!-- \/.cpt-grid-item__inside -->\n<\/a><!-- \/.cpt-grid-item -->\n                              \n<a href=\"https:\/\/www.museuolimpicbcn.cat\/es\/exposiciones\/pasion-por-el-futbol\/\" class=\"cpt-grid-item cpt-grid-item--exhibition\">\n  <div class=\"cpt-grid-item__inside\">\n        <div class=\"cpt-grid-item__content\">\n            <h3>Pasi\u00f3n por el f\u00fatbol<\/h3>\n            <div class=\"cpt-grid-item__meta\">\n        <span class=\"startDate\">Del 04\/02\/2010<\/span>        <span class=\"endDate\"> al 30\/03\/2010<\/span>      <\/div><!-- \/.cpt-grid-item__meta -->\n          <\/div><!-- \/.cpt-grid-item__content -->\n  <\/div><!-- \/.cpt-grid-item__inside -->\n<\/a><!-- \/.cpt-grid-item -->\n                                  <\/div><!-- .cpt-grid -->\n          <\/div><!-- \/.elementor-tab-content -->\n        <\/div><!-- \/.elementor-toggle-item -->\n                <div class=\"elementor-toggle-item\">\n          <h4 aria-controls=\"elementor-tab-content-2009\" class=\"elementor-tab-title\" data-tab=\"71\" id=\"elementor-tab-title-2009\" role=\"tab\">\n            <a href=\"\">2009<\/a>\n          <\/h4><!-- \/.elementor-tab-title -->\n          <div aria-labelledby=\"elementor-tab-title-2009\" class=\"elementor-tab-content elementor-clearfix elementor-active\" data-tab=\"71\" id=\"elementor-tab-content-2009\" role=\"tabpanel\" >\n            <div class=\"cpt-grid cpt-grid--exhibition\">\n                              \n<a href=\"https:\/\/www.museuolimpicbcn.cat\/es\/exposiciones\/la-ciudad-del-deporte-barcelona-1979-2009\/\" class=\"cpt-grid-item cpt-grid-item--exhibition\">\n  <div class=\"cpt-grid-item__inside\">\n        <div class=\"cpt-grid-item__content\">\n            <h3>La ciudad del deporte: barcelona 1979 &#8211; 2009<\/h3>\n            <div class=\"cpt-grid-item__meta\">\n        <span class=\"startDate\">Del 08\/10\/2009<\/span>        <span class=\"endDate\"> al 01\/10\/2010<\/span>      <\/div><!-- \/.cpt-grid-item__meta -->\n          <\/div><!-- \/.cpt-grid-item__content -->\n  <\/div><!-- \/.cpt-grid-item__inside -->\n<\/a><!-- \/.cpt-grid-item -->\n                              \n<a href=\"https:\/\/www.museuolimpicbcn.cat\/es\/exposiciones\/todos-ganamos-el-deporte-adaptado-a-la-diversidad\/\" class=\"cpt-grid-item cpt-grid-item--exhibition\">\n  <div class=\"cpt-grid-item__inside\">\n        <div class=\"cpt-grid-item__content\">\n            <h3>Todos ganamos. El deporte adaptado a la diversidad<\/h3>\n            <div class=\"cpt-grid-item__meta\">\n        <span class=\"startDate\">Del 06\/10\/2009<\/span>        <span class=\"endDate\"> al 30\/09\/2009<\/span>      <\/div><!-- \/.cpt-grid-item__meta -->\n          <\/div><!-- \/.cpt-grid-item__content -->\n  <\/div><!-- \/.cpt-grid-item__inside -->\n<\/a><!-- \/.cpt-grid-item -->\n                              \n<a href=\"https:\/\/www.museuolimpicbcn.cat\/es\/exposiciones\/exposicio-dels-50-anys-de-competicions-europees-de-basquet-a-barcelona-2\/\" class=\"cpt-grid-item cpt-grid-item--exhibition\">\n  <div class=\"cpt-grid-item__inside\">\n        <div class=\"cpt-grid-item__content\">\n            <h3>Exposici\u00f3n de los 50 a\u00f1os de Competiciones Europeas de Baloncesto en Barcelona<\/h3>\n            <div class=\"cpt-grid-item__meta\">\n        <span class=\"startDate\">Del 19\/01\/2009<\/span>        <span class=\"endDate\"> al 20\/02\/2009<\/span>      <\/div><!-- \/.cpt-grid-item__meta -->\n          <\/div><!-- \/.cpt-grid-item__content -->\n  <\/div><!-- \/.cpt-grid-item__inside -->\n<\/a><!-- \/.cpt-grid-item -->\n         <\/div><!-- \/.elementor-toggle -->\n  <\/div><!-- \/.elementor-widget-container -->\n<\/div><!-- \/.elementor-element -->\n<\/div>\n\t\t\t\t\t\t<\/div>\n\t\t\t\t<\/div>\n\t\t\t\t\t<\/div>\n\t\t<\/div>\n\t\t\t\t\t<\/div>\n\t\t<\/section>\n\t\t\t\t<section class=\"elementor-section elementor-top-section elementor-element elementor-element-5f741335 elementor-section-full_width moe-bg-red inv moe-bg l-padding elementor-section-height-default elementor-section-height-default\" data-id=\"5f741335\" data-element_type=\"section\" data-settings=\"{&quot;background_background&quot;:&quot;classic&quot;}\">\n\t\t\t\t\t\t<div class=\"elementor-container elementor-column-gap-no\">\n\t\t\t\t\t<div class=\"elementor-column elementor-col-100 elementor-top-column elementor-element elementor-element-16ca0640\" data-id=\"16ca0640\" data-element_type=\"column\" data-settings=\"{&quot;background_background&quot;:&quot;classic&quot;}\">\n\t\t\t<div class=\"elementor-widget-wrap elementor-element-populated\">\n\t\t\t\t\t\t<div class=\"elementor-element elementor-element-4cea9ede elementor-widget elementor-widget-heading\" data-id=\"4cea9ede\" data-element_type=\"widget\" data-widget_type=\"heading.default\">\n\t\t\t\t<div class=\"elementor-widget-container\">\n\t\t\t\t\t<h2 class=\"elementor-heading-title elementor-size-default\">No te pierdas nuestras exposiciones<\/h2>\t\t\t\t<\/div>\n\t\t\t\t<\/div>\n\t\t\t\t<section class=\"elementor-section elementor-inner-section elementor-element elementor-element-2b8e2e8f elementor-section-boxed elementor-section-height-default elementor-section-height-default\" data-id=\"2b8e2e8f\" data-element_type=\"section\">\n\t\t\t\t\t\t<div class=\"elementor-container elementor-column-gap-default\">\n\t\t\t\t\t<div class=\"elementor-column elementor-col-100 elementor-inner-column elementor-element elementor-element-35ce52e7\" data-id=\"35ce52e7\" data-element_type=\"column\">\n\t\t\t<div class=\"elementor-widget-wrap elementor-element-populated\">\n\t\t\t\t\t\t<div class=\"elementor-element elementor-element-38ee5843 elementor-widget elementor-widget-text-editor\" data-id=\"38ee5843\" data-element_type=\"widget\" data-widget_type=\"text-editor.default\">\n\t\t\t\t<div class=\"elementor-widget-container\">\n\t\t\t\t\t\t\t\t\t<p>Recibir\u00e1s noticias sobre la colecci\u00f3n, exposiciones, eventos y mucho m\u00e1s.<\/p>\t\t\t\t\t\t\t\t<\/div>\n\t\t\t\t<\/div>\n\t\t\t\t\t<\/div>\n\t\t<\/div>\n\t\t\t\t\t<\/div>\n\t\t<\/section>\n\t\t\t\t<div class=\"elementor-element elementor-element-71de6fd elementor-align-center btn btn--inv elementor-widget elementor-widget-button\" data-id=\"71de6fd\" data-element_type=\"widget\" data-widget_type=\"button.default\">\n\t\t\t\t<div class=\"elementor-widget-container\">\n\t\t\t\t\t\t\t\t\t<div class=\"elementor-button-wrapper\">\n\t\t\t\t\t<a class=\"elementor-button elementor-button-link elementor-size-sm\" href=\"\/es\/contacto\/#formulario-contacto\">\n\t\t\t\t\t\t<span class=\"elementor-button-content-wrapper\">\n\t\t\t\t\t\t\t\t\t<span class=\"elementor-button-text\">Quiero suscribirme<\/span>\n\t\t\t\t\t<\/span>\n\t\t\t\t\t<\/a>\n\t\t\t\t<\/div>\n\t\t\t\t\t\t\t\t<\/div>\n\t\t\t\t<\/div>\n\t\t\t\t\t<\/div>\n\t\t<\/div>\n\t\t\t\t\t<\/div>\n\t\t<\/section>\n\t\t\t\t<\/div>\n\t\t","protected":false},"excerpt":{"rendered":"<p>Exposiciones M\u00e1s all\u00e1 de la exposici\u00f3n permanente, el Museo Ol\u00edmpico muestra anualmente una serie de exposiciones temporales vinculadas con el mundo del deporte. Olimpismo, entidades deportivas destacadas, arte y fotograf\u00eda son algunas de las tem\u00e1ticas que puedes encontrar en este espacio tan singular.\u00a0 Juego de anillas de Joaqu\u00edn BlumeA\u00f1os 50 No te pierdas nuestras exposiciones [&hellip;]<\/p>\n","protected":false},"author":6,"featured_media":0,"parent":0,"menu_order":0,"comment_status":"closed","ping_status":"closed","template":"","meta":{"_acf_changed":false,"_price":"","_stock":"","_tribe_ticket_header":"","_tribe_default_ticket_provider":"","_tribe_ticket_capacity":"0","_ticket_start_date":"","_ticket_end_date":"","_tribe_ticket_show_description":"","_tribe_ticket_show_not_going":false,"_tribe_ticket_use_global_stock":"","_tribe_ticket_global_stock_level":"","_global_stock_mode":"","_global_stock_cap":"","_tribe_rsvp_for_event":"","_tribe_ticket_going_count":"","_tribe_ticket_not_going_count":"","_tribe_tickets_list":"[]","_tribe_ticket_has_attendee_info_fields":false,"footnotes":"","_tec_slr_enabled":"","_tec_slr_layout":""},"class_list":["post-17627","page","type-page","status-publish","hentry"],"acf":[],"yoast_head":"<!-- This site is optimized with the Yoast SEO plugin v23.7 - https:\/\/yoast.com\/wordpress\/plugins\/seo\/ -->\n<title>Exposiciones - Museu Ol\u00edmpic i de l&#039;Esport Joan Antoni Samaranch. Barcelona<\/title>\n<meta name=\"robots\" content=\"index, follow, max-snippet:-1, max-image-preview:large, max-video-preview:-1\" \/>\n<link rel=\"canonical\" href=\"https:\/\/www.museuolimpicbcn.cat\/es\/exposiciones\/\" \/>\n<meta property=\"og:locale\" content=\"es_ES\" \/>\n<meta property=\"og:type\" content=\"article\" \/>\n<meta property=\"og:title\" content=\"Exposiciones - Museu Ol\u00edmpic i de l&#039;Esport Joan Antoni Samaranch. Barcelona\" \/>\n<meta property=\"og:description\" content=\"Exposiciones M\u00e1s all\u00e1 de la exposici\u00f3n permanente, el Museo Ol\u00edmpico muestra anualmente una serie de exposiciones temporales vinculadas con el mundo del deporte. Olimpismo, entidades deportivas destacadas, arte y fotograf\u00eda son algunas de las tem\u00e1ticas que puedes encontrar en este espacio tan singular.\u00a0 Juego de anillas de Joaqu\u00edn BlumeA\u00f1os 50 No te pierdas nuestras exposiciones [&hellip;]\" \/>\n<meta property=\"og:url\" content=\"https:\/\/www.museuolimpicbcn.cat\/es\/exposiciones\/\" \/>\n<meta property=\"og:site_name\" content=\"Museu Ol\u00edmpic i de l&#039;Esport Joan Antoni Samaranch. Barcelona\" \/>\n<meta property=\"article:modified_time\" content=\"2019-07-09T14:47:10+00:00\" \/>\n<meta property=\"og:image\" content=\"https:\/\/dev.museuolimpicbcn.cat\/wp-content\/uploads\/sites\/2\/2019\/04\/header_img_anillas-1.jpg\" \/>\n<meta name=\"twitter:card\" content=\"summary_large_image\" \/>\n<script type=\"application\/ld+json\" class=\"yoast-schema-graph\">{\"@context\":\"https:\/\/schema.org\",\"@graph\":[{\"@type\":\"WebPage\",\"@id\":\"https:\/\/www.museuolimpicbcn.cat\/es\/exposiciones\/\",\"url\":\"https:\/\/www.museuolimpicbcn.cat\/es\/exposiciones\/\",\"name\":\"Exposiciones - Museu Ol\u00edmpic i de l&#039;Esport Joan Antoni Samaranch. Barcelona\",\"isPartOf\":{\"@id\":\"https:\/\/www.museuolimpicbcn.cat\/ca\/#website\"},\"primaryImageOfPage\":{\"@id\":\"https:\/\/www.museuolimpicbcn.cat\/es\/exposiciones\/#primaryimage\"},\"image\":{\"@id\":\"https:\/\/www.museuolimpicbcn.cat\/es\/exposiciones\/#primaryimage\"},\"thumbnailUrl\":\"https:\/\/dev.museuolimpicbcn.cat\/wp-content\/uploads\/sites\/2\/2019\/04\/header_img_anillas-1.jpg\",\"datePublished\":\"2019-04-08T11:07:33+00:00\",\"dateModified\":\"2019-07-09T14:47:10+00:00\",\"breadcrumb\":{\"@id\":\"https:\/\/www.museuolimpicbcn.cat\/es\/exposiciones\/#breadcrumb\"},\"inLanguage\":\"es\",\"potentialAction\":[{\"@type\":\"ReadAction\",\"target\":[\"https:\/\/www.museuolimpicbcn.cat\/es\/exposiciones\/\"]}]},{\"@type\":\"ImageObject\",\"inLanguage\":\"es\",\"@id\":\"https:\/\/www.museuolimpicbcn.cat\/es\/exposiciones\/#primaryimage\",\"url\":\"https:\/\/dev.museuolimpicbcn.cat\/wp-content\/uploads\/sites\/2\/2019\/04\/header_img_anillas-1.jpg\",\"contentUrl\":\"https:\/\/dev.museuolimpicbcn.cat\/wp-content\/uploads\/sites\/2\/2019\/04\/header_img_anillas-1.jpg\"},{\"@type\":\"BreadcrumbList\",\"@id\":\"https:\/\/www.museuolimpicbcn.cat\/es\/exposiciones\/#breadcrumb\",\"itemListElement\":[{\"@type\":\"ListItem\",\"position\":1,\"name\":\"Inici\",\"item\":\"https:\/\/www.museuolimpicbcn.cat\/es\/\"},{\"@type\":\"ListItem\",\"position\":2,\"name\":\"Exposiciones\"}]},{\"@type\":\"WebSite\",\"@id\":\"https:\/\/www.museuolimpicbcn.cat\/ca\/#website\",\"url\":\"https:\/\/www.museuolimpicbcn.cat\/ca\/\",\"name\":\"Museu Ol\u00edmpic i de l&#039;Esport Joan Antoni Samaranch. Barcelona\",\"description\":\"Altre lloc Web del Museu Ol\u00edmpic i de l&#039;Esport llocs\",\"publisher\":{\"@id\":\"https:\/\/www.museuolimpicbcn.cat\/ca\/#organization\"},\"potentialAction\":[{\"@type\":\"SearchAction\",\"target\":{\"@type\":\"EntryPoint\",\"urlTemplate\":\"https:\/\/www.museuolimpicbcn.cat\/ca\/?s={search_term_string}\"},\"query-input\":{\"@type\":\"PropertyValueSpecification\",\"valueRequired\":true,\"valueName\":\"search_term_string\"}}],\"inLanguage\":\"es\"},{\"@type\":\"Organization\",\"@id\":\"https:\/\/www.museuolimpicbcn.cat\/ca\/#organization\",\"name\":\"Museu Ol\u00edmpic i de l&#039;Esport Joan Antoni Samaranch. Barcelona\",\"url\":\"https:\/\/www.museuolimpicbcn.cat\/ca\/\",\"logo\":{\"@type\":\"ImageObject\",\"inLanguage\":\"es\",\"@id\":\"https:\/\/www.museuolimpicbcn.cat\/ca\/#\/schema\/logo\/image\/\",\"url\":\"https:\/\/www.museuolimpicbcn.cat\/wp-content\/uploads\/sites\/2\/2018\/12\/logo-moe-header.svg\",\"contentUrl\":\"https:\/\/www.museuolimpicbcn.cat\/wp-content\/uploads\/sites\/2\/2018\/12\/logo-moe-header.svg\",\"caption\":\"Museu Ol\u00edmpic i de l&#039;Esport Joan Antoni Samaranch. Barcelona\"},\"image\":{\"@id\":\"https:\/\/www.museuolimpicbcn.cat\/ca\/#\/schema\/logo\/image\/\"}}]}<\/script>\n<!-- \/ Yoast SEO plugin. -->","yoast_head_json":{"title":"Exposiciones - Museu Ol\u00edmpic i de l&#039;Esport Joan Antoni Samaranch. Barcelona","robots":{"index":"index","follow":"follow","max-snippet":"max-snippet:-1","max-image-preview":"max-image-preview:large","max-video-preview":"max-video-preview:-1"},"canonical":"https:\/\/www.museuolimpicbcn.cat\/es\/exposiciones\/","og_locale":"es_ES","og_type":"article","og_title":"Exposiciones - Museu Ol\u00edmpic i de l&#039;Esport Joan Antoni Samaranch. Barcelona","og_description":"Exposiciones M\u00e1s all\u00e1 de la exposici\u00f3n permanente, el Museo Ol\u00edmpico muestra anualmente una serie de exposiciones temporales vinculadas con el mundo del deporte. Olimpismo, entidades deportivas destacadas, arte y fotograf\u00eda son algunas de las tem\u00e1ticas que puedes encontrar en este espacio tan singular.\u00a0 Juego de anillas de Joaqu\u00edn BlumeA\u00f1os 50 No te pierdas nuestras exposiciones [&hellip;]","og_url":"https:\/\/www.museuolimpicbcn.cat\/es\/exposiciones\/","og_site_name":"Museu Ol\u00edmpic i de l&#039;Esport Joan Antoni Samaranch. Barcelona","article_modified_time":"2019-07-09T14:47:10+00:00","og_image":[{"url":"https:\/\/dev.museuolimpicbcn.cat\/wp-content\/uploads\/sites\/2\/2019\/04\/header_img_anillas-1.jpg"}],"twitter_card":"summary_large_image","schema":{"@context":"https:\/\/schema.org","@graph":[{"@type":"WebPage","@id":"https:\/\/www.museuolimpicbcn.cat\/es\/exposiciones\/","url":"https:\/\/www.museuolimpicbcn.cat\/es\/exposiciones\/","name":"Exposiciones - Museu Ol\u00edmpic i de l&#039;Esport Joan Antoni Samaranch. Barcelona","isPartOf":{"@id":"https:\/\/www.museuolimpicbcn.cat\/ca\/#website"},"primaryImageOfPage":{"@id":"https:\/\/www.museuolimpicbcn.cat\/es\/exposiciones\/#primaryimage"},"image":{"@id":"https:\/\/www.museuolimpicbcn.cat\/es\/exposiciones\/#primaryimage"},"thumbnailUrl":"https:\/\/dev.museuolimpicbcn.cat\/wp-content\/uploads\/sites\/2\/2019\/04\/header_img_anillas-1.jpg","datePublished":"2019-04-08T11:07:33+00:00","dateModified":"2019-07-09T14:47:10+00:00","breadcrumb":{"@id":"https:\/\/www.museuolimpicbcn.cat\/es\/exposiciones\/#breadcrumb"},"inLanguage":"es","potentialAction":[{"@type":"ReadAction","target":["https:\/\/www.museuolimpicbcn.cat\/es\/exposiciones\/"]}]},{"@type":"ImageObject","inLanguage":"es","@id":"https:\/\/www.museuolimpicbcn.cat\/es\/exposiciones\/#primaryimage","url":"https:\/\/dev.museuolimpicbcn.cat\/wp-content\/uploads\/sites\/2\/2019\/04\/header_img_anillas-1.jpg","contentUrl":"https:\/\/dev.museuolimpicbcn.cat\/wp-content\/uploads\/sites\/2\/2019\/04\/header_img_anillas-1.jpg"},{"@type":"BreadcrumbList","@id":"https:\/\/www.museuolimpicbcn.cat\/es\/exposiciones\/#breadcrumb","itemListElement":[{"@type":"ListItem","position":1,"name":"Inici","item":"https:\/\/www.museuolimpicbcn.cat\/es\/"},{"@type":"ListItem","position":2,"name":"Exposiciones"}]},{"@type":"WebSite","@id":"https:\/\/www.museuolimpicbcn.cat\/ca\/#website","url":"https:\/\/www.museuolimpicbcn.cat\/ca\/","name":"Museu Ol\u00edmpic i de l&#039;Esport Joan Antoni Samaranch. Barcelona","description":"Altre lloc Web del Museu Ol\u00edmpic i de l&#039;Esport llocs","publisher":{"@id":"https:\/\/www.museuolimpicbcn.cat\/ca\/#organization"},"potentialAction":[{"@type":"SearchAction","target":{"@type":"EntryPoint","urlTemplate":"https:\/\/www.museuolimpicbcn.cat\/ca\/?s={search_term_string}"},"query-input":{"@type":"PropertyValueSpecification","valueRequired":true,"valueName":"search_term_string"}}],"inLanguage":"es"},{"@type":"Organization","@id":"https:\/\/www.museuolimpicbcn.cat\/ca\/#organization","name":"Museu Ol\u00edmpic i de l&#039;Esport Joan Antoni Samaranch. Barcelona","url":"https:\/\/www.museuolimpicbcn.cat\/ca\/","logo":{"@type":"ImageObject","inLanguage":"es","@id":"https:\/\/www.museuolimpicbcn.cat\/ca\/#\/schema\/logo\/image\/","url":"https:\/\/www.museuolimpicbcn.cat\/wp-content\/uploads\/sites\/2\/2018\/12\/logo-moe-header.svg","contentUrl":"https:\/\/www.museuolimpicbcn.cat\/wp-content\/uploads\/sites\/2\/2018\/12\/logo-moe-header.svg","caption":"Museu Ol\u00edmpic i de l&#039;Esport Joan Antoni Samaranch. Barcelona"},"image":{"@id":"https:\/\/www.museuolimpicbcn.cat\/ca\/#\/schema\/logo\/image\/"}}]}},"ticketed":false,"_links":{"self":[{"href":"https:\/\/www.museuolimpicbcn.cat\/es\/wp-json\/wp\/v2\/pages\/17627"}],"collection":[{"href":"https:\/\/www.museuolimpicbcn.cat\/es\/wp-json\/wp\/v2\/pages"}],"about":[{"href":"https:\/\/www.museuolimpicbcn.cat\/es\/wp-json\/wp\/v2\/types\/page"}],"author":[{"embeddable":true,"href":"https:\/\/www.museuolimpicbcn.cat\/es\/wp-json\/wp\/v2\/users\/6"}],"replies":[{"embeddable":true,"href":"https:\/\/www.museuolimpicbcn.cat\/es\/wp-json\/wp\/v2\/comments?post=17627"}],"version-history":[{"count":16,"href":"https:\/\/www.museuolimpicbcn.cat\/es\/wp-json\/wp\/v2\/pages\/17627\/revisions"}],"predecessor-version":[{"id":37371,"href":"https:\/\/www.museuolimpicbcn.cat\/es\/wp-json\/wp\/v2\/pages\/17627\/revisions\/37371"}],"wp:attachment":[{"href":"https:\/\/www.museuolimpicbcn.cat\/es\/wp-json\/wp\/v2\/media?parent=17627"}],"curies":[{"name":"wp","href":"https:\/\/api.w.org\/{rel}","templated":true}]}}